{"id":15129,"date":"2025-11-10T12:50:17","date_gmt":"2025-11-10T12:50:17","guid":{"rendered":"https:\/\/loulecriativo.pt\/residencias-criativas\/metal-summer-school-in-loule\/"},"modified":"2025-12-30T12:55:18","modified_gmt":"2025-12-30T12:55:18","slug":"metal-summer-school-in-loule","status":"publish","type":"lc_event","link":"https:\/\/loulecriativo.pt\/en\/residencias-criativas\/metal-summer-school-in-loule\/","title":{"rendered":"Metal Summer School in Loul\u00e9"},"content":{"rendered":"\t\t<div data-elementor-type=\"wp-post\" data-elementor-id=\"15129\" class=\"elementor elementor-15129 elementor-11539\" data-elementor-post-type=\"lc_event\">\n\t\t\t\t<div class=\"elementor-element elementor-element-2024bec e-con-full e-flex e-con e-parent\" data-id=\"2024bec\" data-element_type=\"container\" data-settings=\"{&quot;jet_parallax_layout_list&quot;:[]}\">\n\t\t<div class=\"elementor-element elementor-element-096b3d3 e-flex e-con-boxed e-con e-child\" data-id=\"096b3d3\" data-element_type=\"container\" data-settings=\"{&quot;jet_parallax_layout_list&quot;:[]}\">\n\t\t\t\t\t<div class=\"e-con-inner\">\n\t\t\t\t<div class=\"elementor-element elementor-element-f99e82b elementor-widget elementor-widget-dng_breadcrumbs\" data-id=\"f99e82b\" data-element_type=\"widget\" data-widget_type=\"dng_breadcrumbs.default\">\n\t\t\t\t<div class=\"elementor-widget-container\">\n\t\t\t\t\t    <div data-dng-c-breadcrumbs class=\"dng-c-breadcrumbs flex items-center justify-start gap-xxs\">\n      \n        <a\n     class=\"whitespace-nowrap overflow-ellipsis overflow-hidden text-body-2 item !text-inherit text-[var(--dng-text-color), var(--wp--preset--color--brown))]\" \n      href=\"https:\/\/loulecriativo.pt\/en\/\" \n        >\n    Home\n<\/a>\n        <svg class=\"separator\" width=\"6\" height=\"10\" viewBox=\"0 0 6 10\" fill=\"none\" xmlns=\"http:\/\/www.w3.org\/2000\/svg\">\n          <path d=\"M6.00005 5L1.00005 10L0.300049 9.3L4.60005 5L0.300049 0.7L1.00005 0L6.00005 5Z\" fill=\"var(--dng-text-color, var(--wp--preset--color--brown))\"\/>\n        <\/svg>\n        <a\n     class=\"whitespace-nowrap overflow-ellipsis overflow-hidden text-body-2 item !text-inherit text-[var(--dng-text-color), var(--wp--preset--color--brown))]\" \n      href=\"https:\/\/loulecriativo.pt\/pt\/residencias-criativas\/\" \n        >\n    Creative Residencies\n<\/a>\n        <svg class=\"separator\" width=\"6\" height=\"10\" viewBox=\"0 0 6 10\" fill=\"none\" xmlns=\"http:\/\/www.w3.org\/2000\/svg\">\n          <path d=\"M6.00005 5L1.00005 10L0.300049 9.3L4.60005 5L0.300049 0.7L1.00005 0L6.00005 5Z\" fill=\"var(--dng-text-color, var(--wp--preset--color--brown))\"\/>\n        <\/svg>\n          <div class=\"current-page text-body-2 whitespace-nowrap overflow-ellipsis overflow-hidden\">\n      Metal Summer School in Loul\u00e9    <\/div>\n          <\/div>\n    \t\t\t\t<\/div>\n\t\t\t\t<\/div>\n\t\t\t\t\t<\/div>\n\t\t\t\t<\/div>\n\t\t\t\t<div class=\"elementor-element elementor-element-c213c62 elementor-widget elementor-widget-dng_activity_banner\" data-id=\"c213c62\" data-element_type=\"widget\" data-widget_type=\"dng_activity_banner.default\">\n\t\t\t\t<div class=\"elementor-widget-container\">\n\t\t\t\t\t    <div data-dng-c-activity-banner class=\"dng-c-activity-banner\">\n      <div class=\"container\">\n        <div class=\"pre-title\" data-pretitle>\n    CREATIVE RESIDENCY        <\/div>\n        <h1 class=\"title\" data-title>\n    Metal Summer School in Loul\u00e9        <\/h1>\n        \n            <div class=\"post-title text-body-1\">\n      July 2021        <\/div>\n                \n        <div class=\"thumbnail\" data-thumbnail>\n    <img decoding=\"async\"  class=\"\" src=\"https:\/\/loulecriativo.pt\/wp-content\/uploads\/2025\/11\/Summer-School-2021-Metal-in-Portugal_Jorge-Graca\u00a9Michelangelo-Foundation_2223601-1-1920x1080.jpg\" alt=\"\">        <\/div>\n      <\/div>\n    <\/div>\n    \t\t\t\t<\/div>\n\t\t\t\t<\/div>\n\t\t\t\t<\/div>\n\t\t<div class=\"elementor-element elementor-element-2bbfccf e-flex e-con-boxed e-con e-parent\" data-id=\"2bbfccf\" data-element_type=\"container\" data-settings=\"{&quot;jet_parallax_layout_list&quot;:[],&quot;background_background&quot;:&quot;classic&quot;}\">\n\t\t\t\t\t<div class=\"e-con-inner\">\n\t\t\t\t<div class=\"elementor-element elementor-element-6ed451a elementor-widget elementor-widget-text-editor\" data-id=\"6ed451a\" data-element_type=\"widget\" data-widget_type=\"text-editor.default\">\n\t\t\t\t<div class=\"elementor-widget-container\">\n\t\t\t\t\t\t\t\t\t<h2>About the Metal Summer School in Loul\u00e9<\/h2>\t\t\t\t\t\t\t\t<\/div>\n\t\t\t\t<\/div>\n\t\t\t\t<div class=\"elementor-element elementor-element-90e4e7a elementor-widget elementor-widget-text-editor\" data-id=\"90e4e7a\" data-element_type=\"widget\" data-widget_type=\"text-editor.default\">\n\t\t\t\t<div class=\"elementor-widget-container\">\n\t\t\t\t\t\t\t\t\t<p>Metal is not the most sustainable material, but if it is respected and used correctly, it can last for several generations.<br><br data-start=\"211\" data-end=\"214\">How can design address this challenge? What we value today, will it continue to be valued in 100 or 1000 years? How can excellent know-how contribute to this value?  <\/p><p>This intensive course was organized by Passa ao Futuro in partnership with the Michelangelo Foundation, Loul\u00e9 Criativo and the Ricardo do Esp\u00edrito Santo Silva Foundation. 10 students were selected to work with 6 artisans. 2 days in Lisbon to experience 3 techniques of casting, metallurgy and tin. 3 days in Loul\u00e9 dedicated to chiselling, filigree and boilermaking. The first week was training and in the second each student was dedicated to a technique.    <\/p><p>The final challenge posed to the group was the creation of a set of tables that is a stimulus to interaction. A collection of emotional objects that connect people, with a playful facet that touches human consciousness and perception. The longevity of these objects is thus achieved by the instigation of human relationships, which leads to them gaining a place in memory and being passed on from generation to generation as true treasures.  <\/p>\t\t\t\t\t\t\t\t<\/div>\n\t\t\t\t<\/div>\n\t\t\t\t\t<\/div>\n\t\t\t\t<\/div>\n\t\t<div class=\"elementor-element elementor-element-adc342e e-con-full e-flex e-con e-parent\" data-id=\"adc342e\" data-element_type=\"container\" data-settings=\"{&quot;jet_parallax_layout_list&quot;:[],&quot;background_background&quot;:&quot;classic&quot;}\">\n\t\t\t\t<div class=\"elementor-element elementor-element-1adeaa8 elementor-widget elementor-widget-dng_slideshow\" data-id=\"1adeaa8\" data-element_type=\"widget\" data-widget_type=\"dng_slideshow.default\">\n\t\t\t\t<div class=\"elementor-widget-container\">\n\t\t\t\t\t<div data-dng-c-slideshow class=\"dng-c-slideshow h-full\">\n      <div class=\"swiper h-full\">\n        <div class=\"swiper-wrapper h-full\">\n            <div class=\"swiper-slide h-full overflow-hidden w-auto aspect-[16\/8]\">\n      <img decoding=\"async\"  class=\"w-full !h-full object-cover object-center\" src=\"https:\/\/loulecriativo.pt\/wp-content\/uploads\/2025\/05\/Summer-School-2021-Metal-in-Portugal_Jorge-Graca\u00a9Michelangelo-Foundation_2224196-scaled.jpg\" alt=\"\">          <\/div>\n                  <div class=\"swiper-slide h-full overflow-hidden w-auto aspect-[16\/8]\">\n      <img decoding=\"async\"  class=\"w-full !h-full object-cover object-center\" src=\"https:\/\/loulecriativo.pt\/wp-content\/uploads\/2025\/05\/Summer-School-2021-Metal-in-Portugal_Jorge-Graca\u00a9Michelangelo-Foundation_2224197-scaled.jpg\" alt=\"\">          <\/div>\n                  <div class=\"swiper-slide h-full overflow-hidden w-auto aspect-[16\/8]\">\n      <img decoding=\"async\"  class=\"w-full !h-full object-cover object-center\" src=\"https:\/\/loulecriativo.pt\/wp-content\/uploads\/2025\/05\/Summer-School-2021-Metal-in-Portugal_Jorge-Graca\u00a9Michelangelo-Foundation_2224180-scaled.jpg\" alt=\"\">          <\/div>\n                  <div class=\"swiper-slide h-full overflow-hidden w-auto aspect-[16\/8]\">\n      <img decoding=\"async\"  class=\"w-full !h-full object-cover object-center\" src=\"https:\/\/loulecriativo.pt\/wp-content\/uploads\/2025\/05\/Summer-School-2021-Metal-in-Portugal_Jorge-Graca\u00a9Michelangelo-Foundation_2221597-scaled.jpg\" alt=\"\">          <\/div>\n                  <div class=\"swiper-slide h-full overflow-hidden w-auto aspect-[16\/8]\">\n      <img decoding=\"async\"  class=\"w-full !h-full object-cover object-center\" src=\"https:\/\/loulecriativo.pt\/wp-content\/uploads\/2025\/05\/Summer-School-2021-Metal-in-Portugal_Jorge-Graca\u00a9Michelangelo-Foundation_2221595-scaled.jpg\" alt=\"\">          <\/div>\n                  <div class=\"swiper-slide h-full overflow-hidden w-auto aspect-[16\/8]\">\n      <img decoding=\"async\"  class=\"w-full !h-full object-cover object-center\" src=\"https:\/\/loulecriativo.pt\/wp-content\/uploads\/2025\/05\/Summer-School-2021-Metal-in-Portugal_Jorge-Graca\u00a9Michelangelo-Foundation_2223609-scaled.jpg\" alt=\"\">          <\/div>\n                  <div class=\"swiper-slide h-full overflow-hidden w-auto aspect-[16\/8]\">\n      <img decoding=\"async\"  class=\"w-full !h-full object-cover object-center\" src=\"https:\/\/loulecriativo.pt\/wp-content\/uploads\/2025\/11\/Summer-School-2021-Metal-in-Portugal_Jorge-Graca\u00a9Michelangelo-Foundation_2214915.jpg\" alt=\"\">          <\/div>\n                  <div class=\"swiper-slide h-full overflow-hidden w-auto aspect-[16\/8]\">\n      <img decoding=\"async\"  class=\"w-full !h-full object-cover object-center\" src=\"https:\/\/loulecriativo.pt\/wp-content\/uploads\/2025\/11\/Summer-School-2021-Metal-in-Portugal_Jorge-Graca\u00a9Michelangelo-Foundation_2215699.jpg\" alt=\"\">          <\/div>\n                  <div class=\"swiper-slide h-full overflow-hidden w-auto aspect-[16\/8]\">\n      <img decoding=\"async\"  class=\"w-full !h-full object-cover object-center\" src=\"https:\/\/loulecriativo.pt\/wp-content\/uploads\/2025\/11\/Summer-School-2021-Metal-in-Portugal_Jorge-Graca\u00a9Michelangelo-Foundation_2216832.jpg\" alt=\"\">          <\/div>\n                  <div class=\"swiper-slide h-full overflow-hidden w-auto aspect-[16\/8]\">\n      <img decoding=\"async\"  class=\"w-full !h-full object-cover object-center\" src=\"https:\/\/loulecriativo.pt\/wp-content\/uploads\/2025\/11\/Summer-School-2021-Metal-in-Portugal_Jorge-Graca\u00a9Michelangelo-Foundation_2221592.jpg\" alt=\"\">          <\/div>\n                  <\/div>\n                  <div class=\"swiper-pagination\"><\/div>\n                      <\/div>\n    <\/div>\n    \t\t\t\t<\/div>\n\t\t\t\t<\/div>\n\t\t\t\t<div class=\"elementor-element elementor-element-50fa43c elementor-widget elementor-widget-video\" data-id=\"50fa43c\" data-element_type=\"widget\" data-settings=\"{&quot;video_type&quot;:&quot;hosted&quot;,&quot;controls&quot;:&quot;yes&quot;}\" data-widget_type=\"video.default\">\n\t\t\t\t<div class=\"elementor-widget-container\">\n\t\t\t\t\t\t\t<div class=\"e-hosted-video elementor-wrapper elementor-open-inline\">\n\t\t\t\t\t<video class=\"elementor-video\" src=\"https:\/\/loulecriativo.pt\/wp-content\/uploads\/2025\/05\/Summer-School-2021-Metal-in-Loule_Framed-Films\u00a9Michelangelo-Foundation_22323_LegendasENG.mp4\" controls=\"\" preload=\"metadata\" controlsList=\"nodownload\"><\/video>\n\t\t\t\t<\/div>\n\t\t\t\t\t\t<\/div>\n\t\t\t\t<\/div>\n\t\t\t\t<\/div>\n\t\t<div class=\"elementor-element elementor-element-1527ed3 e-con-full e-flex e-con e-parent\" data-id=\"1527ed3\" data-element_type=\"container\" data-settings=\"{&quot;jet_parallax_layout_list&quot;:[]}\">\n\t\t\t\t<div class=\"elementor-element elementor-element-71f4834 elementor-widget elementor-widget-dng_square_showcase\" data-id=\"71f4834\" data-element_type=\"widget\" data-widget_type=\"dng_square_showcase.default\">\n\t\t\t\t<div class=\"elementor-widget-container\">\n\t\t\t\t\t<div data-dng-c-square-showcase \n        class=\"dng-c-square-showcase flex flex-col md:flex-row w-screen \">\n      <div class=\"w-full md:w-1\/2 order-2 md:order-2\"><div class=\"dng-wrapper\">\n        <div class=\"dng-content\">\n      <h2 class=\"dng-title mb-xs\">Candle, 2021<\/h2>\n      \n            <p class=\"dng-subtitle mb-md uppercase\">Hammered copper, chiseled brass, silver filigree on brass&quot;<\/p>\n      \n            <div class=\"dng-description text-body-1 mb-sm gap-xs\">\n      <p>The Candle is the centerpiece of this metallic collection from Mesa Falar. Designed to create different environments at the table through the manipulation of curved pieces, these, together with the candle, allow an open interaction with light, shadow and reflections, all composed by the users. In a delicate way, this project navigated the techniques practiced during the summer school: filigree, hammered copper and chiselling, pushing the boundaries within these arts.  <\/p><p> <\/p><p><strong>Artisans: <\/strong><strong>Beatriz Canha \u2022 Maria da Concei\u00e7\u00e3o da Silva <\/strong><strong>Moreira \u2022 Analide do Carmo \u2022 J\u00fcrgen Cramer \u2022 Luis Filipe Moreira da Silva<\/strong><\/p><p><strong>Students: Bartosz Brylewski \u2022 Francesca Calicchia \u2022 Ana Margarida Lapa \u2022 Hiago Teixeira<\/strong><\/p>        <\/div>\n          \n        <\/div>\n    <\/div>\n      <\/div>\n      <div class=\"dng-media w-full md:w-1\/2 order-1 md:order-1\"><div class=\"dng-wrapper\" data-dng-c-slideshow>\n        <div class=\"swiper w-full\">\n      <div class=\"swiper-wrapper\">\n              <div class=\"swiper-slide aspect-square object-cover w-full h-full\">\n      <img decoding=\"async\"  class=\"w-full h-full object-cover\" src=\"https:\/\/loulecriativo.pt\/wp-content\/uploads\/2025\/05\/Summer-School-2021-Metal-in-Portugal_Jorge-Graca\u00a9Michelangelo-Foundation_2223627-scaled.jpg\" alt=\"\" playsinline=\"\"  muted=\"\"  loop=\"\"  data-play-on-slide=\"\" >          <\/div>\n                  <div class=\"swiper-slide aspect-square object-cover w-full h-full\">\n      <img decoding=\"async\"  class=\"w-full h-full object-cover\" src=\"https:\/\/loulecriativo.pt\/wp-content\/uploads\/2025\/05\/Summer-School-2021-Metal-in-Portugal_Jorge-Graca\u00a9Michelangelo-Foundation_2223626-scaled.jpg\" alt=\"\" playsinline=\"\"  muted=\"\"  loop=\"\"  data-play-on-slide=\"\" >          <\/div>\n              <\/div>\n      <div class=\"swiper-pagination\"><\/div>\n    <\/div>\n    <\/div>\n      <\/div>\n    <\/div>\n    \t\t\t\t<\/div>\n\t\t\t\t<\/div>\n\t\t\t\t<div class=\"elementor-element elementor-element-36640a3 elementor-widget elementor-widget-dng_square_showcase\" data-id=\"36640a3\" data-element_type=\"widget\" data-widget_type=\"dng_square_showcase.default\">\n\t\t\t\t<div class=\"elementor-widget-container\">\n\t\t\t\t\t<div data-dng-c-square-showcase \n        class=\"dng-c-square-showcase dng-c-square-showcase--clear flex flex-col md:flex-row w-screen \">\n      <div class=\"w-full md:w-1\/2 order-2 md:order-1\"><div class=\"dng-wrapper\">\n        <div class=\"dng-content\">\n      <h2 class=\"dng-title mb-xs\">Senses, 2021<\/h2>\n      \n            <p class=\"dng-subtitle mb-md uppercase\">Hammered copper, chiseled brass and brass filigree<\/p>\n      \n            <div class=\"dng-description text-body-1 mb-sm gap-xs\">\n      <p>Do you remember your last meeting? How was the communication? \"Senses\" is a set of five different wands, not only for eating, but mainly for small seductions. Each wand is for a different sense \u2013 sight, hearing, touch, smell and taste. These tools are a good conversation starter or a fun way to start a game.    <\/p><p>Sometimes, words are not necessary to communicate. He hears the sound of the small bell inside one of the wand's flowers and smiles. Offer the wand to your date partner or touch it to their ear and laugh. See the world through a lace lens and discover the beauty and magic that surrounds it. Let the miracles happen.    <\/p><p> <\/p><p><strong>Artisans: Beatriz Canha, Maria da Concei\u00e7\u00e3o da Silva Moreira, <\/strong><strong>Analide do Carmo<\/strong><\/p><p><strong>Student: Liva Graubina<\/strong><\/p>        <\/div>\n          \n        <\/div>\n    <\/div>\n      <\/div>\n      <div class=\"dng-media w-full md:w-1\/2 order-1 md:order-2\"><div class=\"dng-wrapper\" data-dng-c-slideshow>\n        <div class=\"swiper w-full\">\n      <div class=\"swiper-wrapper\">\n              <div class=\"swiper-slide aspect-square object-cover w-full h-full\">\n      <img decoding=\"async\"  class=\"w-full h-full object-cover\" src=\"https:\/\/loulecriativo.pt\/wp-content\/uploads\/2025\/05\/Senses_Liva-Graubina-Student_Jorge-Graca\u00a9Michelangelo-Foundation_2223616-scaled.jpg\" alt=\"\" playsinline=\"\"  muted=\"\"  loop=\"\"  data-play-on-slide=\"\" >          <\/div>\n                  <div class=\"swiper-slide aspect-square object-cover w-full h-full\">\n      <img decoding=\"async\"  class=\"w-full h-full object-cover\" src=\"https:\/\/loulecriativo.pt\/wp-content\/uploads\/2025\/05\/Summer-School-2021-Metal-in-Portugal_Jorge-Graca\u00a9Michelangelo-Foundation_2224382-scaled.jpg\" alt=\"\" playsinline=\"\"  muted=\"\"  loop=\"\"  data-play-on-slide=\"\" >          <\/div>\n              <\/div>\n      <div class=\"swiper-pagination\"><\/div>\n    <\/div>\n    <\/div>\n      <\/div>\n    <\/div>\n    \t\t\t\t<\/div>\n\t\t\t\t<\/div>\n\t\t\t\t<div class=\"elementor-element elementor-element-55fafbd elementor-widget elementor-widget-dng_square_showcase\" data-id=\"55fafbd\" data-element_type=\"widget\" data-widget_type=\"dng_square_showcase.default\">\n\t\t\t\t<div class=\"elementor-widget-container\">\n\t\t\t\t\t<div data-dng-c-square-showcase \n        class=\"dng-c-square-showcase flex flex-col md:flex-row w-screen \">\n      <div class=\"w-full md:w-1\/2 order-2 md:order-2\"><div class=\"dng-wrapper\">\n        <div class=\"dng-content\">\n      <h2 class=\"dng-title mb-xs\">One kiss, 2021<\/h2>\n      \n            <p class=\"dng-subtitle mb-md uppercase\">Forged copper, brass, silver filigree<\/p>\n      \n            <div class=\"dng-description text-body-1 mb-sm gap-xs\">\n      <p>How do we create space for genuine connection? In a world that increasingly pushes us towards individuality, while constantly normalizing us, to the point of becoming even more oblivious to our natural rhythms, The Kiss proposes an ordinary act of resistance. An act that invites us to develop and cultivate greater awareness \u2014 of ourselves, of the other. An act that forces us to question and critically review what is presented to us as truth. The Kiss can only be activated through coordinated and concerted actions, being a gentle reminder of the importance of interdependence. One participates in a captivating performance and finds one's unity (a sense of completeness) next to the other.     <\/p><p> <\/p><p><strong>Artisans: Maria da Concei\u00e7\u00e3o da Silva Moreira, Analide do Carmo<\/strong><\/p><p><strong>Students: Sylvia Bert\u00e9, Gabin Verboud<\/strong><\/p>        <\/div>\n          \n        <\/div>\n    <\/div>\n      <\/div>\n      <div class=\"dng-media w-full md:w-1\/2 order-1 md:order-1\"><div class=\"dng-wrapper\" data-dng-c-slideshow>\n        <div class=\"swiper w-full\">\n      <div class=\"swiper-wrapper\">\n              <div class=\"swiper-slide aspect-square object-cover w-full h-full\">\n      <img decoding=\"async\"  class=\"w-full h-full object-cover\" src=\"https:\/\/loulecriativo.pt\/wp-content\/uploads\/2025\/05\/O-Beijo_Silvia-BerteGabin-Verboud-Students_Jorge-Graca\u00a9Michelangelo-Foundation_2224312-scaled.jpg\" alt=\"\" playsinline=\"\"  muted=\"\"  loop=\"\"  data-play-on-slide=\"\" >          <\/div>\n                  <div class=\"swiper-slide aspect-square object-cover w-full h-full\">\n      <img decoding=\"async\"  class=\"w-full h-full object-cover\" src=\"https:\/\/loulecriativo.pt\/wp-content\/uploads\/2025\/05\/O-Beijo_Silvia-BerteGabin-Verboud-Students_Jorge-Graca\u00a9Michelangelo-Foundation_2224309-scaled.jpg\" alt=\"\" playsinline=\"\"  muted=\"\"  loop=\"\"  data-play-on-slide=\"\" >          <\/div>\n                  <div class=\"swiper-slide aspect-square object-cover w-full h-full\">\n      <img decoding=\"async\"  class=\"w-full h-full object-cover\" src=\"https:\/\/loulecriativo.pt\/wp-content\/uploads\/2025\/05\/Summer-School-2021-Metal-in-Portugal_Jorge-Graca\u00a9Michelangelo-Foundation_2224354-scaled.jpg\" alt=\"\" playsinline=\"\"  muted=\"\"  loop=\"\"  data-play-on-slide=\"\" >          <\/div>\n              <\/div>\n      <div class=\"swiper-pagination\"><\/div>\n    <\/div>\n    <\/div>\n      <\/div>\n    <\/div>\n    \t\t\t\t<\/div>\n\t\t\t\t<\/div>\n\t\t\t\t<div class=\"elementor-element elementor-element-94998ae elementor-widget elementor-widget-dng_square_showcase\" data-id=\"94998ae\" data-element_type=\"widget\" data-widget_type=\"dng_square_showcase.default\">\n\t\t\t\t<div class=\"elementor-widget-container\">\n\t\t\t\t\t<div data-dng-c-square-showcase \n        class=\"dng-c-square-showcase dng-c-square-showcase--clear flex flex-col md:flex-row w-screen \">\n      <div class=\"w-full md:w-1\/2 order-2 md:order-1\"><div class=\"dng-wrapper\">\n        <div class=\"dng-content\">\n      <h2 class=\"dng-title mb-xs\">Radost, 2021<\/h2>\n      \n            <p class=\"dng-subtitle mb-md uppercase\">Hammered and chiseled copper, silver filigree<\/p>\n      \n            <div class=\"dng-description text-body-1 mb-sm gap-xs\">\n      <p>This object is a combination and intersection of different techniques, materials and their properties, different contrasts, emotions, interpretations and challenges. It is the result of exploration and playing with the properties of copper, pushing it to the limit without fear of potential destruction. The design works with the perception of different contrasts: simple and complex, rough and smooth, rough and delicate, tough and fragile, solid and perforated, along with texture gradients as transitions, combining three different techniques: hammering, chiseling and filigree. The main shape of the cup represents Silvia's emotional flow as she worked the copper, a fusion of emotion with material. For the final touch of the design, the defects that appeared during the hammering were repaired in a reinterpretation of the Japanese Kintsugi technique, where, instead of using lacquer sprinkled or mixed with gold dust, silver filigree delicately repairs the copper.      <\/p><p> <\/p><p><strong>Artisans: Beatriz Canha, Maria da Concei\u00e7\u00e3o da Silva Moreira, Analide do Carmo, Luis Filipe Moreira da Silva<\/strong><\/p><p><strong>Student: Silvia G\u00e1lov\u00e1<\/strong><\/p>        <\/div>\n          \n        <\/div>\n    <\/div>\n      <\/div>\n      <div class=\"dng-media w-full md:w-1\/2 order-1 md:order-2\"><div class=\"dng-wrapper\" data-dng-c-slideshow>\n        <div class=\"swiper w-full\">\n      <div class=\"swiper-wrapper\">\n              <div class=\"swiper-slide aspect-square object-cover w-full h-full\">\n      <img decoding=\"async\"  class=\"w-full h-full object-cover\" src=\"https:\/\/loulecriativo.pt\/wp-content\/uploads\/2025\/05\/Radost_Silvia-Galova-Student_Jorge-Graca\u00a9Michelangelo-Foundation_2224335-scaled.jpg\" alt=\"\" playsinline=\"\"  muted=\"\"  loop=\"\"  data-play-on-slide=\"\" >          <\/div>\n                  <div class=\"swiper-slide aspect-square object-cover w-full h-full\">\n      <img decoding=\"async\"  class=\"w-full h-full object-cover\" src=\"https:\/\/loulecriativo.pt\/wp-content\/uploads\/2025\/05\/Summer-School-2021-Metal-in-Portugal_Jorge-Graca\u00a9Michelangelo-Foundation_2224353-scaled.jpg\" alt=\"\" playsinline=\"\"  muted=\"\"  loop=\"\"  data-play-on-slide=\"\" >          <\/div>\n              <\/div>\n      <div class=\"swiper-pagination\"><\/div>\n    <\/div>\n    <\/div>\n      <\/div>\n    <\/div>\n    \t\t\t\t<\/div>\n\t\t\t\t<\/div>\n\t\t\t\t<div class=\"elementor-element elementor-element-1c6a1f2 elementor-widget elementor-widget-dng_square_showcase\" data-id=\"1c6a1f2\" data-element_type=\"widget\" data-widget_type=\"dng_square_showcase.default\">\n\t\t\t\t<div class=\"elementor-widget-container\">\n\t\t\t\t\t<div data-dng-c-square-showcase \n        class=\"dng-c-square-showcase flex flex-col md:flex-row w-screen \">\n      <div class=\"w-full md:w-1\/2 order-2 md:order-2\"><div class=\"dng-wrapper\">\n        <div class=\"dng-content\">\n      <h2 class=\"dng-title mb-xs\">Jim, 2021<\/h2>\n      \n            <p class=\"dng-subtitle mb-md uppercase\">Hammered and chiseled copper, brass<\/p>\n      \n            <div class=\"dng-description text-body-1 mb-sm gap-xs\">\n      <p>In the center of the table, JIM nobly waits for the smallest crumb to fall into his refuge. From the outer walls of this burrow emerge some amuse-bouches or the consequences of an alchemy still unknown. <\/p><p>The organic aspect is no longer in question, but we still have to define its nature. Is it bark or skin growing from these bullous textures, and are those leaves or tongues defining through gesture and fantasy? <\/p><p>The set can be disassembled in this way, allowing guests to grab and keep leaves\/tongues with them.<\/p><p> <\/p><p><strong>Artisans: Beatriz Canha, Analide do Carmo, Jos\u00e9 Luis<\/strong><\/p><p><strong>Student: Pierre Giraud<\/strong><\/p>        <\/div>\n          \n        <\/div>\n    <\/div>\n      <\/div>\n      <div class=\"dng-media w-full md:w-1\/2 order-1 md:order-1\"><div class=\"dng-wrapper\" data-dng-c-slideshow>\n        <div class=\"swiper w-full\">\n      <div class=\"swiper-wrapper\">\n              <div class=\"swiper-slide aspect-square object-cover w-full h-full\">\n      <img decoding=\"async\"  class=\"w-full h-full object-cover\" src=\"https:\/\/loulecriativo.pt\/wp-content\/uploads\/2025\/05\/Jim_Pierre-Giraud-Student_Jorge-Graca\u00a9Michelangelo-Foundation_2223606-scaled.jpg\" alt=\"\" playsinline=\"\"  muted=\"\"  loop=\"\"  data-play-on-slide=\"\" >          <\/div>\n                  <div class=\"swiper-slide aspect-square object-cover w-full h-full\">\n      <img decoding=\"async\"  class=\"w-full h-full object-cover\" src=\"https:\/\/loulecriativo.pt\/wp-content\/uploads\/2025\/05\/Summer-School-2021-Metal-in-Portugal_Jorge-Graca\u00a9Michelangelo-Foundation_2224376-scaled.jpg\" alt=\"\" playsinline=\"\"  muted=\"\"  loop=\"\"  data-play-on-slide=\"\" >          <\/div>\n              <\/div>\n      <div class=\"swiper-pagination\"><\/div>\n    <\/div>\n    <\/div>\n      <\/div>\n    <\/div>\n    \t\t\t\t<\/div>\n\t\t\t\t<\/div>\n\t\t\t\t<div class=\"elementor-element elementor-element-d2e39a2 elementor-widget elementor-widget-dng_square_showcase\" data-id=\"d2e39a2\" data-element_type=\"widget\" data-widget_type=\"dng_square_showcase.default\">\n\t\t\t\t<div class=\"elementor-widget-container\">\n\t\t\t\t\t<div data-dng-c-square-showcase \n        class=\"dng-c-square-showcase dng-c-square-showcase--clear flex flex-col md:flex-row w-screen \">\n      <div class=\"w-full md:w-1\/2 order-2 md:order-1\"><div class=\"dng-wrapper\">\n        <div class=\"dng-content\">\n      <h2 class=\"dng-title mb-xs\">Yarost&#039;, 2021<\/h2>\n      \n            <p class=\"dng-subtitle mb-md uppercase\">Hammered and chiseled copper<\/p>\n      \n            <div class=\"dng-description text-body-1 mb-sm gap-xs\">\n      <p>The concept of this piece originates in the basic chiselling tool, which combines a wooden pedestal, half of a spherical natural stone, covered with a special putty to fix the object to be chiseled. Petya's fascination came at first glance upon entering the chiseling studio: she felt the soul and magic of craftsmanship, without any contemporary tools or equipment. She considers this piece a memorial in honor of this artisanal work, in honor of all those who continue to practice this valuable and respectful art over the centuries, with the general idea of preserving traditions and passing them on. Petya wants us to feel all the hardships, obstacles, wisdom, and knowledge that accompanied the whole adventure. The chiselling set cannot be functional without all its components; would be unbalanced, like everything around us. As always, the solution is hidden in a minimalist and simple gesture.       <\/p><p> <\/p><p><strong>Artisans: Beatriz Canha, Analide do Carmo, J\u00fcrgen Cramer<\/strong><\/p><p><strong>Student: Petya Taneva<\/strong><\/p>        <\/div>\n          \n        <\/div>\n    <\/div>\n      <\/div>\n      <div class=\"dng-media w-full md:w-1\/2 order-1 md:order-2\"><div class=\"dng-wrapper\" data-dng-c-slideshow>\n        <div class=\"swiper w-full\">\n      <div class=\"swiper-wrapper\">\n              <div class=\"swiper-slide aspect-square object-cover w-full h-full\">\n      <img decoding=\"async\"  class=\"w-full h-full object-cover\" src=\"https:\/\/loulecriativo.pt\/wp-content\/uploads\/2025\/05\/Summer-School-2021-Metal-in-Portugal_Jorge-Graca\u00a9Michelangelo-Foundation_2223619-scaled.jpg\" alt=\"\" playsinline=\"\"  muted=\"\"  loop=\"\"  data-play-on-slide=\"\" >          <\/div>\n                  <div class=\"swiper-slide aspect-square object-cover w-full h-full\">\n      <img decoding=\"async\"  class=\"w-full h-full object-cover\" src=\"https:\/\/loulecriativo.pt\/wp-content\/uploads\/2025\/05\/Summer-School-2021-Metal-in-Portugal_Jorge-Graca\u00a9Michelangelo-Foundation_2224373-scaled.jpg\" alt=\"\" playsinline=\"\"  muted=\"\"  loop=\"\"  data-play-on-slide=\"\" >          <\/div>\n              <\/div>\n      <div class=\"swiper-pagination\"><\/div>\n    <\/div>\n    <\/div>\n      <\/div>\n    <\/div>\n    \t\t\t\t<\/div>\n\t\t\t\t<\/div>\n\t\t\t\t<\/div>\n\t\t<div class=\"elementor-element elementor-element-96c1b17 e-grid e-con-boxed e-con e-child\" data-id=\"96c1b17\" data-element_type=\"container\" data-settings=\"{&quot;jet_parallax_layout_list&quot;:[]}\">\n\t\t\t\t\t<div class=\"e-con-inner\">\n\t\t<div class=\"elementor-element elementor-element-8cf0a52 e-con-full e-flex e-con e-child\" data-id=\"8cf0a52\" data-element_type=\"container\" data-settings=\"{&quot;jet_parallax_layout_list&quot;:[]}\">\n\t\t\t\t<div class=\"elementor-element elementor-element-4336eeb elementor-widget elementor-widget-heading\" data-id=\"4336eeb\" data-element_type=\"widget\" data-widget_type=\"heading.default\">\n\t\t\t\t<div class=\"elementor-widget-container\">\n\t\t\t\t\t<h2 class=\"elementor-heading-title elementor-size-default\">Artisans<\/h2>\t\t\t\t<\/div>\n\t\t\t\t<\/div>\n\t\t\t\t<div class=\"elementor-element elementor-element-80b3609 elementor-widget__width-initial elementor-widget elementor-widget-text-editor\" data-id=\"80b3609\" data-element_type=\"widget\" data-widget_type=\"text-editor.default\">\n\t\t\t\t<div class=\"elementor-widget-container\">\n\t\t\t\t\t\t\t\t\t<p>Beatriz Canha \u2013 Chiselling<br>Ivo Ferreira \u2013 Tinwork<br>Analide do Carmo \u2013 Coppersmithing<br>J\u00fcrgen Cramer \u2013 Coppersmithing<br>Concei\u00e7\u00e3o Neves \u2013 Filigree<\/p>\t\t\t\t\t\t\t\t<\/div>\n\t\t\t\t<\/div>\n\t\t\t\t<\/div>\n\t\t<div class=\"elementor-element elementor-element-44ca410 e-con-full e-flex e-con e-child\" data-id=\"44ca410\" data-element_type=\"container\" data-settings=\"{&quot;jet_parallax_layout_list&quot;:[]}\">\n\t\t\t\t<div class=\"elementor-element elementor-element-f7596e7 elementor-widget elementor-widget-heading\" data-id=\"f7596e7\" data-element_type=\"widget\" data-widget_type=\"heading.default\">\n\t\t\t\t<div class=\"elementor-widget-container\">\n\t\t\t\t\t<h2 class=\"elementor-heading-title elementor-size-default\">Students<\/h2>\t\t\t\t<\/div>\n\t\t\t\t<\/div>\n\t\t\t\t<div class=\"elementor-element elementor-element-3c54291 elementor-widget__width-initial elementor-widget elementor-widget-text-editor\" data-id=\"3c54291\" data-element_type=\"widget\" data-widget_type=\"text-editor.default\">\n\t\t\t\t<div class=\"elementor-widget-container\">\n\t\t\t\t\t\t\t\t\t<p>Ana Margarida Lapa, Portugal<br>Bartosz Brylewski, Poland<br>Francesca Calicchia, Italy\u2028<br>Gabin Verboud, Belgium<br>Hiago Teixeira, Brazil\u2028<br>Liva Graubina, Latvia\u2028<br>Pierre Giraud, France\u2028<br>Petya Taneva, Bulgaria\u2028<br>Silvia G\u00e1lov\u00e1, Slovakia\u2028<br>Sylvia Bert\u00e9, Spain<\/p>\t\t\t\t\t\t\t\t<\/div>\n\t\t\t\t<\/div>\n\t\t\t\t<\/div>\n\t\t<div class=\"elementor-element elementor-element-ace669b e-con-full e-flex e-con e-child\" data-id=\"ace669b\" data-element_type=\"container\" data-settings=\"{&quot;jet_parallax_layout_list&quot;:[]}\">\n\t\t\t\t<div class=\"elementor-element elementor-element-398387b elementor-widget elementor-widget-heading\" data-id=\"398387b\" data-element_type=\"widget\" data-widget_type=\"heading.default\">\n\t\t\t\t<div class=\"elementor-widget-container\">\n\t\t\t\t\t<h2 class=\"elementor-heading-title elementor-size-default\">Partners<\/h2>\t\t\t\t<\/div>\n\t\t\t\t<\/div>\n\t\t\t\t<div class=\"elementor-element elementor-element-365b1f4 elementor-widget__width-initial elementor-widget elementor-widget-text-editor\" data-id=\"365b1f4\" data-element_type=\"widget\" data-widget_type=\"text-editor.default\">\n\t\t\t\t<div class=\"elementor-widget-container\">\n\t\t\t\t\t\t\t\t\t<p>The Michelangelo Foundation for Creativity and Craftsmanship<br>C\u00e2mara Municipal de Loul\u00e9\u2028<br>FRESS \u2013 Funda\u00e7\u00e3o Ricardo do Esp\u00edrito Santo Silva\u2028<br>Passa Ao Futuro<\/p>\t\t\t\t\t\t\t\t<\/div>\n\t\t\t\t<\/div>\n\t\t\t\t<\/div>\n\t\t<div class=\"elementor-element elementor-element-4f7373e e-con-full e-flex e-con e-child\" data-id=\"4f7373e\" data-element_type=\"container\" data-settings=\"{&quot;jet_parallax_layout_list&quot;:[]}\">\n\t\t\t\t<div class=\"elementor-element elementor-element-7fa3ff7 elementor-widget elementor-widget-heading\" data-id=\"7fa3ff7\" data-element_type=\"widget\" data-widget_type=\"heading.default\">\n\t\t\t\t<div class=\"elementor-widget-container\">\n\t\t\t\t\t<h2 class=\"elementor-heading-title elementor-size-default\">Host<\/h2>\t\t\t\t<\/div>\n\t\t\t\t<\/div>\n\t\t\t\t<div class=\"elementor-element elementor-element-74090e8 elementor-widget__width-initial elementor-widget elementor-widget-text-editor\" data-id=\"74090e8\" data-element_type=\"widget\" data-widget_type=\"text-editor.default\">\n\t\t\t\t<div class=\"elementor-widget-container\">\n\t\t\t\t\t\t\t\t\t<p>Loul\u00e9 Criativo<\/p>\t\t\t\t\t\t\t\t<\/div>\n\t\t\t\t<\/div>\n\t\t\t\t<\/div>\n\t\t<div class=\"elementor-element elementor-element-fc379ca e-con-full e-flex e-con e-child\" data-id=\"fc379ca\" data-element_type=\"container\" data-settings=\"{&quot;jet_parallax_layout_list&quot;:[]}\">\n\t\t\t\t<div class=\"elementor-element elementor-element-98a2737 elementor-widget elementor-widget-heading\" data-id=\"98a2737\" data-element_type=\"widget\" data-widget_type=\"heading.default\">\n\t\t\t\t<div class=\"elementor-widget-container\">\n\t\t\t\t\t<h2 class=\"elementor-heading-title elementor-size-default\">Design Mentors<\/h2>\t\t\t\t<\/div>\n\t\t\t\t<\/div>\n\t\t\t\t<div class=\"elementor-element elementor-element-cb1e075 elementor-widget__width-initial elementor-widget elementor-widget-text-editor\" data-id=\"cb1e075\" data-element_type=\"widget\" data-widget_type=\"text-editor.default\">\n\t\t\t\t<div class=\"elementor-widget-container\">\n\t\t\t\t\t\t\t\t\t<p>Fatima Durkee &#8211; Passa Ao Futuro<br>Henrique Ralheta &#8211; Loul\u00e9 Criativo<br><br><\/p>\t\t\t\t\t\t\t\t<\/div>\n\t\t\t\t<\/div>\n\t\t\t\t<\/div>\n\t\t<div class=\"elementor-element elementor-element-e71879d e-con-full e-flex e-con e-child\" data-id=\"e71879d\" data-element_type=\"container\" data-settings=\"{&quot;jet_parallax_layout_list&quot;:[]}\">\n\t\t\t\t<div class=\"elementor-element elementor-element-6947ae9 elementor-widget elementor-widget-heading\" data-id=\"6947ae9\" data-element_type=\"widget\" data-widget_type=\"heading.default\">\n\t\t\t\t<div class=\"elementor-widget-container\">\n\t\t\t\t\t<h2 class=\"elementor-heading-title elementor-size-default\">Guest Speaker<\/h2>\t\t\t\t<\/div>\n\t\t\t\t<\/div>\n\t\t\t\t<div class=\"elementor-element elementor-element-9f5c462 elementor-widget__width-initial elementor-widget elementor-widget-text-editor\" data-id=\"9f5c462\" data-element_type=\"widget\" data-widget_type=\"text-editor.default\">\n\t\t\t\t<div class=\"elementor-widget-container\">\n\t\t\t\t\t\t\t\t\t<p>Sam Baron, designer<\/p>\t\t\t\t\t\t\t\t<\/div>\n\t\t\t\t<\/div>\n\t\t\t\t<\/div>\n\t\t<div class=\"elementor-element elementor-element-5032b1b e-con-full e-flex e-con e-child\" data-id=\"5032b1b\" data-element_type=\"container\" data-settings=\"{&quot;jet_parallax_layout_list&quot;:[]}\">\n\t\t\t\t<div class=\"elementor-element elementor-element-48d14b2 elementor-widget elementor-widget-heading\" data-id=\"48d14b2\" data-element_type=\"widget\" data-widget_type=\"heading.default\">\n\t\t\t\t<div class=\"elementor-widget-container\">\n\t\t\t\t\t<h2 class=\"elementor-heading-title elementor-size-default\">Texts<\/h2>\t\t\t\t<\/div>\n\t\t\t\t<\/div>\n\t\t\t\t<div class=\"elementor-element elementor-element-c381d1b elementor-widget__width-initial elementor-widget elementor-widget-text-editor\" data-id=\"c381d1b\" data-element_type=\"widget\" data-widget_type=\"text-editor.default\">\n\t\t\t\t<div class=\"elementor-widget-container\">\n\t\t\t\t\t\t\t\t\t<p>Move on to the Future<\/p>\t\t\t\t\t\t\t\t<\/div>\n\t\t\t\t<\/div>\n\t\t\t\t<\/div>\n\t\t<div class=\"elementor-element elementor-element-efcc073 e-con-full e-flex e-con e-child\" data-id=\"efcc073\" data-element_type=\"container\" data-settings=\"{&quot;jet_parallax_layout_list&quot;:[]}\">\n\t\t\t\t<div class=\"elementor-element elementor-element-9241039 elementor-widget elementor-widget-heading\" data-id=\"9241039\" data-element_type=\"widget\" data-widget_type=\"heading.default\">\n\t\t\t\t<div class=\"elementor-widget-container\">\n\t\t\t\t\t<h2 class=\"elementor-heading-title elementor-size-default\">Organization:  <\/h2>\t\t\t\t<\/div>\n\t\t\t\t<\/div>\n\t\t\t\t<div class=\"elementor-element elementor-element-5c3a8e4 elementor-widget__width-initial elementor-widget elementor-widget-text-editor\" data-id=\"5c3a8e4\" data-element_type=\"widget\" data-widget_type=\"text-editor.default\">\n\t\t\t\t<div class=\"elementor-widget-container\">\n\t\t\t\t\t\t\t\t\t<p>Move on to the Future<\/p>\t\t\t\t\t\t\t\t<\/div>\n\t\t\t\t<\/div>\n\t\t\t\t<\/div>\n\t\t<div class=\"elementor-element elementor-element-b536b6d e-con-full e-flex e-con e-child\" data-id=\"b536b6d\" data-element_type=\"container\" data-settings=\"{&quot;jet_parallax_layout_list&quot;:[]}\">\n\t\t\t\t<div class=\"elementor-element elementor-element-56b9c0c elementor-widget elementor-widget-heading\" data-id=\"56b9c0c\" data-element_type=\"widget\" data-widget_type=\"heading.default\">\n\t\t\t\t<div class=\"elementor-widget-container\">\n\t\t\t\t\t<h2 class=\"elementor-heading-title elementor-size-default\">Photography:  <\/h2>\t\t\t\t<\/div>\n\t\t\t\t<\/div>\n\t\t\t\t<div class=\"elementor-element elementor-element-e95eb41 elementor-widget__width-initial elementor-widget elementor-widget-text-editor\" data-id=\"e95eb41\" data-element_type=\"widget\" data-widget_type=\"text-editor.default\">\n\t\t\t\t<div class=\"elementor-widget-container\">\n\t\t\t\t\t\t\t\t\t<p>\u00a9Jorge Gra\u00e7a \u00a9Michelangelo Foundation<\/p>\t\t\t\t\t\t\t\t<\/div>\n\t\t\t\t<\/div>\n\t\t\t\t<\/div>\n\t\t\t\t\t<\/div>\n\t\t\t\t<\/div>\n\t\t\t\t<\/div>\n\t\t","protected":false},"excerpt":{"rendered":"<p>Home Creative Residencies CREATIVE RESIDENCY Metal Summer School in Loul\u00e9 July 2021 About the Metal Summer School in Loul\u00e9 Metal is not the most sustainable material, but if it is respected and used correctly, it can last for several generations.How can design address this challenge? What we value today, will it continue to be valued [&hellip;]<\/p>\n","protected":false},"featured_media":13992,"template":"","meta":{"_acf_changed":false},"class_list":["post-15129","lc_event","type-lc_event","status-publish","has-post-thumbnail","hentry"],"acf":[],"yoast_head":"<!-- This site is optimized with the Yoast SEO Premium plugin v25.9 (Yoast SEO v26.5) - https:\/\/yoast.com\/wordpress\/plugins\/seo\/ -->\n<title>Metal Summer School in Loul\u00e9 - Loul\u00e9 Criativo<\/title>\n<meta name=\"robots\" content=\"index, follow, max-snippet:-1, max-image-preview:large, max-video-preview:-1\" \/>\n<link rel=\"canonical\" href=\"https:\/\/loulecriativo.pt\/en\/residencias-criativas\/metal-summer-school-in-loule\/\" \/>\n<meta property=\"og:locale\" content=\"en_US\" \/>\n<meta property=\"og:type\" content=\"article\" \/>\n<meta property=\"og:title\" content=\"Metal Summer School in Loul\u00e9\" \/>\n<meta property=\"og:description\" content=\"Home Creative Residencies CREATIVE RESIDENCY Metal Summer School in Loul\u00e9 July 2021 About the Metal Summer School in Loul\u00e9 Metal is not the most sustainable material, but if it is respected and used correctly, it can last for several generations.How can design address this challenge? What we value today, will it continue to be valued [&hellip;]\" \/>\n<meta property=\"og:url\" content=\"https:\/\/loulecriativo.pt\/en\/residencias-criativas\/metal-summer-school-in-loule\/\" \/>\n<meta property=\"og:site_name\" content=\"Loul\u00e9 Criativo\" \/>\n<meta property=\"article:modified_time\" content=\"2025-12-30T12:55:18+00:00\" \/>\n<meta property=\"og:image\" content=\"https:\/\/loulecriativo.pt\/wp-content\/uploads\/2025\/11\/Summer-School-2021-Metal-in-Portugal_Jorge-Graca\u00a9Michelangelo-Foundation_2223601-1-scaled-e1764674234321.jpg\" \/>\n\t<meta property=\"og:image:width\" content=\"2560\" \/>\n\t<meta property=\"og:image:height\" content=\"1707\" \/>\n\t<meta property=\"og:image:type\" content=\"image\/jpeg\" \/>\n<meta name=\"twitter:card\" content=\"summary_large_image\" \/>\n<meta name=\"twitter:label1\" content=\"Est. reading time\" \/>\n\t<meta name=\"twitter:data1\" content=\"6 minutes\" \/>\n<script type=\"application\/ld+json\" class=\"yoast-schema-graph\">{\"@context\":\"https:\/\/schema.org\",\"@graph\":[{\"@type\":\"WebPage\",\"@id\":\"https:\/\/loulecriativo.pt\/en\/residencias-criativas\/metal-summer-school-in-loule\/\",\"url\":\"https:\/\/loulecriativo.pt\/en\/residencias-criativas\/metal-summer-school-in-loule\/\",\"name\":\"Metal Summer School in Loul\u00e9 - Loul\u00e9 Criativo\",\"isPartOf\":{\"@id\":\"https:\/\/loulecriativo.pt\/en\/#website\"},\"primaryImageOfPage\":{\"@id\":\"https:\/\/loulecriativo.pt\/en\/residencias-criativas\/metal-summer-school-in-loule\/#primaryimage\"},\"image\":{\"@id\":\"https:\/\/loulecriativo.pt\/en\/residencias-criativas\/metal-summer-school-in-loule\/#primaryimage\"},\"thumbnailUrl\":\"https:\/\/loulecriativo.pt\/wp-content\/uploads\/2025\/11\/Summer-School-2021-Metal-in-Portugal_Jorge-Graca\u00a9Michelangelo-Foundation_2223601-1-scaled-e1764674234321.jpg\",\"datePublished\":\"2025-11-10T12:50:17+00:00\",\"dateModified\":\"2025-12-30T12:55:18+00:00\",\"breadcrumb\":{\"@id\":\"https:\/\/loulecriativo.pt\/en\/residencias-criativas\/metal-summer-school-in-loule\/#breadcrumb\"},\"inLanguage\":\"en-US\",\"potentialAction\":[{\"@type\":\"ReadAction\",\"target\":[\"https:\/\/loulecriativo.pt\/en\/residencias-criativas\/metal-summer-school-in-loule\/\"]}]},{\"@type\":\"ImageObject\",\"inLanguage\":\"en-US\",\"@id\":\"https:\/\/loulecriativo.pt\/en\/residencias-criativas\/metal-summer-school-in-loule\/#primaryimage\",\"url\":\"https:\/\/loulecriativo.pt\/wp-content\/uploads\/2025\/11\/Summer-School-2021-Metal-in-Portugal_Jorge-Graca\u00a9Michelangelo-Foundation_2223601-1-scaled-e1764674234321.jpg\",\"contentUrl\":\"https:\/\/loulecriativo.pt\/wp-content\/uploads\/2025\/11\/Summer-School-2021-Metal-in-Portugal_Jorge-Graca\u00a9Michelangelo-Foundation_2223601-1-scaled-e1764674234321.jpg\",\"width\":2560,\"height\":1707},{\"@type\":\"BreadcrumbList\",\"@id\":\"https:\/\/loulecriativo.pt\/en\/residencias-criativas\/metal-summer-school-in-loule\/#breadcrumb\",\"itemListElement\":[{\"@type\":\"ListItem\",\"position\":1,\"name\":\"Home\",\"item\":\"https:\/\/loulecriativo.pt\/en\/\"},{\"@type\":\"ListItem\",\"position\":2,\"name\":\"Metal Summer School in Loul\u00e9\"}]},{\"@type\":\"WebSite\",\"@id\":\"https:\/\/loulecriativo.pt\/en\/#website\",\"url\":\"https:\/\/loulecriativo.pt\/en\/\",\"name\":\"Loul\u00e9 Criativo\",\"description\":\"\",\"potentialAction\":[{\"@type\":\"SearchAction\",\"target\":{\"@type\":\"EntryPoint\",\"urlTemplate\":\"https:\/\/loulecriativo.pt\/en\/?s={search_term_string}\"},\"query-input\":{\"@type\":\"PropertyValueSpecification\",\"valueRequired\":true,\"valueName\":\"search_term_string\"}}],\"inLanguage\":\"en-US\"}]}<\/script>\n<!-- \/ Yoast SEO Premium plugin. -->","yoast_head_json":{"title":"Metal Summer School in Loul\u00e9 - Loul\u00e9 Criativo","robots":{"index":"index","follow":"follow","max-snippet":"max-snippet:-1","max-image-preview":"max-image-preview:large","max-video-preview":"max-video-preview:-1"},"canonical":"https:\/\/loulecriativo.pt\/en\/residencias-criativas\/metal-summer-school-in-loule\/","og_locale":"en_US","og_type":"article","og_title":"Metal Summer School in Loul\u00e9","og_description":"Home Creative Residencies CREATIVE RESIDENCY Metal Summer School in Loul\u00e9 July 2021 About the Metal Summer School in Loul\u00e9 Metal is not the most sustainable material, but if it is respected and used correctly, it can last for several generations.How can design address this challenge? What we value today, will it continue to be valued [&hellip;]","og_url":"https:\/\/loulecriativo.pt\/en\/residencias-criativas\/metal-summer-school-in-loule\/","og_site_name":"Loul\u00e9 Criativo","article_modified_time":"2025-12-30T12:55:18+00:00","og_image":[{"width":2560,"height":1707,"url":"https:\/\/loulecriativo.pt\/wp-content\/uploads\/2025\/11\/Summer-School-2021-Metal-in-Portugal_Jorge-Graca\u00a9Michelangelo-Foundation_2223601-1-scaled-e1764674234321.jpg","type":"image\/jpeg"}],"twitter_card":"summary_large_image","twitter_misc":{"Est. reading time":"6 minutes"},"schema":{"@context":"https:\/\/schema.org","@graph":[{"@type":"WebPage","@id":"https:\/\/loulecriativo.pt\/en\/residencias-criativas\/metal-summer-school-in-loule\/","url":"https:\/\/loulecriativo.pt\/en\/residencias-criativas\/metal-summer-school-in-loule\/","name":"Metal Summer School in Loul\u00e9 - Loul\u00e9 Criativo","isPartOf":{"@id":"https:\/\/loulecriativo.pt\/en\/#website"},"primaryImageOfPage":{"@id":"https:\/\/loulecriativo.pt\/en\/residencias-criativas\/metal-summer-school-in-loule\/#primaryimage"},"image":{"@id":"https:\/\/loulecriativo.pt\/en\/residencias-criativas\/metal-summer-school-in-loule\/#primaryimage"},"thumbnailUrl":"https:\/\/loulecriativo.pt\/wp-content\/uploads\/2025\/11\/Summer-School-2021-Metal-in-Portugal_Jorge-Graca\u00a9Michelangelo-Foundation_2223601-1-scaled-e1764674234321.jpg","datePublished":"2025-11-10T12:50:17+00:00","dateModified":"2025-12-30T12:55:18+00:00","breadcrumb":{"@id":"https:\/\/loulecriativo.pt\/en\/residencias-criativas\/metal-summer-school-in-loule\/#breadcrumb"},"inLanguage":"en-US","potentialAction":[{"@type":"ReadAction","target":["https:\/\/loulecriativo.pt\/en\/residencias-criativas\/metal-summer-school-in-loule\/"]}]},{"@type":"ImageObject","inLanguage":"en-US","@id":"https:\/\/loulecriativo.pt\/en\/residencias-criativas\/metal-summer-school-in-loule\/#primaryimage","url":"https:\/\/loulecriativo.pt\/wp-content\/uploads\/2025\/11\/Summer-School-2021-Metal-in-Portugal_Jorge-Graca\u00a9Michelangelo-Foundation_2223601-1-scaled-e1764674234321.jpg","contentUrl":"https:\/\/loulecriativo.pt\/wp-content\/uploads\/2025\/11\/Summer-School-2021-Metal-in-Portugal_Jorge-Graca\u00a9Michelangelo-Foundation_2223601-1-scaled-e1764674234321.jpg","width":2560,"height":1707},{"@type":"BreadcrumbList","@id":"https:\/\/loulecriativo.pt\/en\/residencias-criativas\/metal-summer-school-in-loule\/#breadcrumb","itemListElement":[{"@type":"ListItem","position":1,"name":"Home","item":"https:\/\/loulecriativo.pt\/en\/"},{"@type":"ListItem","position":2,"name":"Metal Summer School in Loul\u00e9"}]},{"@type":"WebSite","@id":"https:\/\/loulecriativo.pt\/en\/#website","url":"https:\/\/loulecriativo.pt\/en\/","name":"Loul\u00e9 Criativo","description":"","potentialAction":[{"@type":"SearchAction","target":{"@type":"EntryPoint","urlTemplate":"https:\/\/loulecriativo.pt\/en\/?s={search_term_string}"},"query-input":{"@type":"PropertyValueSpecification","valueRequired":true,"valueName":"search_term_string"}}],"inLanguage":"en-US"}]}},"_links":{"self":[{"href":"https:\/\/loulecriativo.pt\/en\/wp-json\/wp\/v2\/lc_event\/15129","targetHints":{"allow":["GET"]}}],"collection":[{"href":"https:\/\/loulecriativo.pt\/en\/wp-json\/wp\/v2\/lc_event"}],"about":[{"href":"https:\/\/loulecriativo.pt\/en\/wp-json\/wp\/v2\/types\/lc_event"}],"version-history":[{"count":3,"href":"https:\/\/loulecriativo.pt\/en\/wp-json\/wp\/v2\/lc_event\/15129\/revisions"}],"predecessor-version":[{"id":15240,"href":"https:\/\/loulecriativo.pt\/en\/wp-json\/wp\/v2\/lc_event\/15129\/revisions\/15240"}],"wp:featuredmedia":[{"embeddable":true,"href":"https:\/\/loulecriativo.pt\/en\/wp-json\/wp\/v2\/media\/13992"}],"wp:attachment":[{"href":"https:\/\/loulecriativo.pt\/en\/wp-json\/wp\/v2\/media?parent=15129"}],"curies":[{"name":"wp","href":"https:\/\/api.w.org\/{rel}","templated":true}]}}