{"id":15137,"date":"2025-11-26T11:46:58","date_gmt":"2025-11-26T11:46:58","guid":{"rendered":"https:\/\/loulecriativo.pt\/residencias-criativas\/made-in-summer-school\/"},"modified":"2025-12-30T12:55:17","modified_gmt":"2025-12-30T12:55:17","slug":"made-in-summer-school","status":"publish","type":"lc_event","link":"https:\/\/loulecriativo.pt\/en\/residencias-criativas\/made-in-summer-school\/","title":{"rendered":"MADE IN Summer School"},"content":{"rendered":"\t\t<div data-elementor-type=\"wp-post\" data-elementor-id=\"15137\" class=\"elementor elementor-15137 elementor-12983\" data-elementor-post-type=\"lc_event\">\n\t\t\t\t<div class=\"elementor-element elementor-element-2024bec e-con-full e-flex e-con e-parent\" data-id=\"2024bec\" data-element_type=\"container\" data-settings=\"{&quot;jet_parallax_layout_list&quot;:[]}\">\n\t\t<div class=\"elementor-element elementor-element-096b3d3 e-flex e-con-boxed e-con e-child\" data-id=\"096b3d3\" data-element_type=\"container\" data-settings=\"{&quot;jet_parallax_layout_list&quot;:[]}\">\n\t\t\t\t\t<div class=\"e-con-inner\">\n\t\t\t\t<div class=\"elementor-element elementor-element-f99e82b elementor-widget elementor-widget-dng_breadcrumbs\" data-id=\"f99e82b\" data-element_type=\"widget\" data-widget_type=\"dng_breadcrumbs.default\">\n\t\t\t\t<div class=\"elementor-widget-container\">\n\t\t\t\t\t    <div data-dng-c-breadcrumbs class=\"dng-c-breadcrumbs flex items-center justify-start gap-xxs\">\n      \n        <a\n     class=\"whitespace-nowrap overflow-ellipsis overflow-hidden text-body-2 item !text-inherit text-[var(--dng-text-color), var(--wp--preset--color--brown))]\" \n      href=\"https:\/\/loulecriativo.pt\/en\/\" \n        >\n    Home\n<\/a>\n        <svg class=\"separator\" width=\"6\" height=\"10\" viewBox=\"0 0 6 10\" fill=\"none\" xmlns=\"http:\/\/www.w3.org\/2000\/svg\">\n          <path d=\"M6.00005 5L1.00005 10L0.300049 9.3L4.60005 5L0.300049 0.7L1.00005 0L6.00005 5Z\" fill=\"var(--dng-text-color, var(--wp--preset--color--brown))\"\/>\n        <\/svg>\n        <a\n     class=\"whitespace-nowrap overflow-ellipsis overflow-hidden text-body-2 item !text-inherit text-[var(--dng-text-color), var(--wp--preset--color--brown))]\" \n      href=\"https:\/\/loulecriativo.pt\/pt\/residencias-criativas\/\" \n        >\n    Creative Residencies\n<\/a>\n        <svg class=\"separator\" width=\"6\" height=\"10\" viewBox=\"0 0 6 10\" fill=\"none\" xmlns=\"http:\/\/www.w3.org\/2000\/svg\">\n          <path d=\"M6.00005 5L1.00005 10L0.300049 9.3L4.60005 5L0.300049 0.7L1.00005 0L6.00005 5Z\" fill=\"var(--dng-text-color, var(--wp--preset--color--brown))\"\/>\n        <\/svg>\n          <div class=\"current-page text-body-2 whitespace-nowrap overflow-ellipsis overflow-hidden\">\n      MADE IN Summer School    <\/div>\n          <\/div>\n    \t\t\t\t<\/div>\n\t\t\t\t<\/div>\n\t\t\t\t\t<\/div>\n\t\t\t\t<\/div>\n\t\t\t\t<div class=\"elementor-element elementor-element-c213c62 elementor-widget elementor-widget-dng_activity_banner\" data-id=\"c213c62\" data-element_type=\"widget\" data-widget_type=\"dng_activity_banner.default\">\n\t\t\t\t<div class=\"elementor-widget-container\">\n\t\t\t\t\t    <div data-dng-c-activity-banner class=\"dng-c-activity-banner\">\n      <div class=\"container\">\n        <div class=\"pre-title\" data-pretitle>\n    CREATIVE RESIDENCY        <\/div>\n        <h1 class=\"title\" data-title>\n    MADE IN Summer School        <\/h1>\n        \n            <div class=\"post-title text-body-1\">\n      July - August 2024        <\/div>\n                \n        <div class=\"thumbnail\" data-thumbnail>\n    <img decoding=\"async\"  class=\"\" src=\"https:\/\/loulecriativo.pt\/wp-content\/uploads\/2025\/11\/PT_Summer-School_Hands-On-Workshops\u00a9Ines-Silva-Sa_004-1920x1080.jpg\" alt=\"\">        <\/div>\n      <\/div>\n    <\/div>\n    \t\t\t\t<\/div>\n\t\t\t\t<\/div>\n\t\t\t\t<\/div>\n\t\t<div class=\"elementor-element elementor-element-2bbfccf e-flex e-con-boxed e-con e-parent\" data-id=\"2bbfccf\" data-element_type=\"container\" data-settings=\"{&quot;jet_parallax_layout_list&quot;:[],&quot;background_background&quot;:&quot;classic&quot;}\">\n\t\t\t\t\t<div class=\"e-con-inner\">\n\t\t\t\t<div class=\"elementor-element elementor-element-6ed451a elementor-widget elementor-widget-text-editor\" data-id=\"6ed451a\" data-element_type=\"widget\" data-widget_type=\"text-editor.default\">\n\t\t\t\t<div class=\"elementor-widget-container\">\n\t\t\t\t\t\t\t\t\t<p>Creative duos face the challenge of rethinking traditional techniques<\/p>\t\t\t\t\t\t\t\t<\/div>\n\t\t\t\t<\/div>\n\t\t\t\t<div class=\"elementor-element elementor-element-90e4e7a elementor-widget elementor-widget-text-editor\" data-id=\"90e4e7a\" data-element_type=\"widget\" data-widget_type=\"text-editor.default\">\n\t\t\t\t<div class=\"elementor-widget-container\">\n\t\t\t\t\t\t\t\t\t<p>This summer school dedicated to the theme <strong>&#8220;Design with Vegetable Fibers&#8221;,<\/strong> was organized by Passa ao Futuro in partnership with Loul\u00e9 Criativo within the scope of the European project Made In &#8211; Platform for Contemporary Arts &amp; Crafts and Design.<\/p><p>Through an open-call, ten students (Portuguese and foreign) were selected who, for two weeks, learned and collaborated with five artisans specialized in different techniques and raw materials.<\/p><p>Organized in pairs, the students worked with a craftsman and, together, faced the challenge of rethinking the use of traditional basketry techniques, applying them to contemporary utilitarian pieces. As a result of the variety of techniques and fibers available, the final products were quite diverse, but they all have something in common: they were designed and produced taking into account the concepts of sustainable design: <em>Cradle to Cradle<\/em> and Circular Economy. They are made with non-toxic natural materials making them biodegradable and when complemented with other components, they can be easily separated to be recycled, reused or repaired.  <\/p>\t\t\t\t\t\t\t\t<\/div>\n\t\t\t\t<\/div>\n\t\t\t\t<div class=\"elementor-element elementor-element-50fa43c elementor-widget elementor-widget-video\" data-id=\"50fa43c\" data-element_type=\"widget\" data-settings=\"{&quot;video_type&quot;:&quot;vimeo&quot;}\" data-widget_type=\"video.default\">\n\t\t\t\t<div class=\"elementor-widget-container\">\n\t\t\t\t\t\t\t<div class=\"elementor-wrapper elementor-open-inline\">\n\t\t\t<iframe class=\"elementor-video-iframe\" allowfullscreen allow=\"clipboard-write\" title=\"vimeo Video Player\" src=\"https:\/\/player.vimeo.com\/video\/1037735536?color&amp;autopause=0&amp;loop=0&amp;muted=0&amp;title=1&amp;portrait=1&amp;byline=1#t=\"><\/iframe>\t\t<\/div>\n\t\t\t\t\t\t<\/div>\n\t\t\t\t<\/div>\n\t\t\t\t<div class=\"elementor-element elementor-element-1d54f04 elementor-widget elementor-widget-text-editor\" data-id=\"1d54f04\" data-element_type=\"widget\" data-widget_type=\"text-editor.default\">\n\t\t\t\t<div class=\"elementor-widget-container\">\n\t\t\t\t\t\t\t\t\t<p>The Process<\/p>\t\t\t\t\t\t\t\t<\/div>\n\t\t\t\t<\/div>\n\t\t\t\t<div class=\"elementor-element elementor-element-3dd6bbc elementor-widget elementor-widget-dng_original_slideshow\" data-id=\"3dd6bbc\" data-element_type=\"widget\" data-widget_type=\"dng_original_slideshow.default\">\n\t\t\t\t<div class=\"elementor-widget-container\">\n\t\t\t\t\t<div data-dng-c-slideshow class=\"dng-c-slideshow h-full\">\n      <div class=\"swiper h-full\">\n        <div class=\"swiper-wrapper h-full\">\n            <div class=\"swiper-slide h-full overflow-hidden w-auto aspect-[16\/8]\">\n      <img decoding=\"async\"  class=\"w-full !h-full object-cover object-center\" src=\"https:\/\/loulecriativo.pt\/wp-content\/uploads\/2025\/11\/PT_Summer-School_Proccess-and-Design-Development-in-Duos\u00a9Ines-Silva-Sa_1-1920x1080.jpg\" alt=\"\">          <\/div>\n                  <div class=\"swiper-slide h-full overflow-hidden w-auto aspect-[16\/8]\">\n      <img decoding=\"async\"  class=\"w-full !h-full object-cover object-center\" src=\"https:\/\/loulecriativo.pt\/wp-content\/uploads\/2025\/11\/PT_Summer-School_Proccess-and-Design-Development-in-Duos\u00a9Ines-Silva-Sa_20-1920x1080.jpg\" alt=\"\">          <\/div>\n                  <div class=\"swiper-slide h-full overflow-hidden w-auto aspect-[16\/8]\">\n      <img decoding=\"async\"  class=\"w-full !h-full object-cover object-center\" src=\"https:\/\/loulecriativo.pt\/wp-content\/uploads\/2025\/11\/PT_Summer-School_Proccess-and-Design-Development-in-Duos\u00a9Ines-Silva-Sa_26-1920x1080.jpg\" alt=\"\">          <\/div>\n                  <div class=\"swiper-slide h-full overflow-hidden w-auto aspect-[16\/8]\">\n      <img decoding=\"async\"  class=\"w-full !h-full object-cover object-center\" src=\"https:\/\/loulecriativo.pt\/wp-content\/uploads\/2025\/11\/PT_Summer-School_Proccess-and-Design-Development-in-Duos\u00a9Ines-Silva-Sa_64-1920x1080.jpg\" alt=\"\">          <\/div>\n                  <div class=\"swiper-slide h-full overflow-hidden w-auto aspect-[16\/8]\">\n      <img decoding=\"async\"  class=\"w-full !h-full object-cover object-center\" src=\"https:\/\/loulecriativo.pt\/wp-content\/uploads\/2025\/11\/PT_Summer-School_Hands-On-Workshops\u00a9Ines-Silva-Sa_008-1920x1080.jpg\" alt=\"\">          <\/div>\n                  <div class=\"swiper-slide h-full overflow-hidden w-auto aspect-[16\/8]\">\n      <img decoding=\"async\"  class=\"w-full !h-full object-cover object-center\" src=\"https:\/\/loulecriativo.pt\/wp-content\/uploads\/2025\/11\/PT_Summer-School_Proccess-and-Design-Development-in-Duos\u00a9Ines-Silva-Sa_59-1920x1080.jpg\" alt=\"\">          <\/div>\n                  <div class=\"swiper-slide h-full overflow-hidden w-auto aspect-[16\/8]\">\n      <img decoding=\"async\"  class=\"w-full !h-full object-cover object-center\" src=\"https:\/\/loulecriativo.pt\/wp-content\/uploads\/2025\/11\/PT_Summer-School_Hands-On-Workshops\u00a9Ines-Silva-Sa_004-1920x1080.jpg\" alt=\"\">          <\/div>\n                  <div class=\"swiper-slide h-full overflow-hidden w-auto aspect-[16\/8]\">\n      <img decoding=\"async\"  class=\"w-full !h-full object-cover object-center\" src=\"https:\/\/loulecriativo.pt\/wp-content\/uploads\/2025\/11\/PT_Summer-School_Proccess-and-Design-Development-in-Duos\u00a9Ines-Silva-Sa_54-1920x1080.jpg\" alt=\"\">          <\/div>\n                  <\/div>\n                  <div class=\"swiper-pagination\"><\/div>\n                      <\/div>\n    <\/div>\n    \t\t\t\t<\/div>\n\t\t\t\t<\/div>\n\t\t\t\t<div class=\"elementor-element elementor-element-a4ba74d elementor-widget elementor-widget-text-editor\" data-id=\"a4ba74d\" data-element_type=\"widget\" data-widget_type=\"text-editor.default\">\n\t\t\t\t<div class=\"elementor-widget-container\">\n\t\t\t\t\t\t\t\t\t<p>Exhibition<\/p>\t\t\t\t\t\t\t\t<\/div>\n\t\t\t\t<\/div>\n\t\t\t\t<div class=\"elementor-element elementor-element-5f37c80 elementor-widget elementor-widget-dng_original_slideshow\" data-id=\"5f37c80\" data-element_type=\"widget\" data-widget_type=\"dng_original_slideshow.default\">\n\t\t\t\t<div class=\"elementor-widget-container\">\n\t\t\t\t\t<div data-dng-c-slideshow class=\"dng-c-slideshow h-full\">\n      <div class=\"swiper h-full\">\n        <div class=\"swiper-wrapper h-full\">\n            <div class=\"swiper-slide h-full overflow-hidden w-auto aspect-[16\/8]\">\n      <img decoding=\"async\"  class=\"w-full !h-full object-cover object-center\" src=\"https:\/\/loulecriativo.pt\/wp-content\/uploads\/2025\/11\/4.jpg\" alt=\"\">          <\/div>\n                  <div class=\"swiper-slide h-full overflow-hidden w-auto aspect-[16\/8]\">\n      <img decoding=\"async\"  class=\"w-full !h-full object-cover object-center\" src=\"https:\/\/loulecriativo.pt\/wp-content\/uploads\/2025\/11\/3-1.jpg\" alt=\"\">          <\/div>\n                  <div class=\"swiper-slide h-full overflow-hidden w-auto aspect-[16\/8]\">\n      <img decoding=\"async\"  class=\"w-full !h-full object-cover object-center\" src=\"https:\/\/loulecriativo.pt\/wp-content\/uploads\/2025\/11\/2-1.jpg\" alt=\"\">          <\/div>\n                  <div class=\"swiper-slide h-full overflow-hidden w-auto aspect-[16\/8]\">\n      <img decoding=\"async\"  class=\"w-full !h-full object-cover object-center\" src=\"https:\/\/loulecriativo.pt\/wp-content\/uploads\/2025\/11\/1-1.jpg\" alt=\"\">          <\/div>\n                  <\/div>\n                  <div class=\"swiper-pagination\"><\/div>\n                      <\/div>\n    <\/div>\n    \t\t\t\t<\/div>\n\t\t\t\t<\/div>\n\t\t\t\t\t<\/div>\n\t\t\t\t<\/div>\n\t\t<div class=\"elementor-element elementor-element-1527ed3 e-con-full e-flex e-con e-parent\" data-id=\"1527ed3\" data-element_type=\"container\" data-settings=\"{&quot;jet_parallax_layout_list&quot;:[]}\">\n\t\t\t\t<div class=\"elementor-element elementor-element-0efb85b elementor-widget elementor-widget-dng_square_showcase\" data-id=\"0efb85b\" data-element_type=\"widget\" data-widget_type=\"dng_square_showcase.default\">\n\t\t\t\t<div class=\"elementor-widget-container\">\n\t\t\t\t\t<div data-dng-c-square-showcase \n        class=\"dng-c-square-showcase flex flex-col md:flex-row w-screen \">\n      <div class=\"w-full md:w-1\/2 order-2 md:order-2\"><div class=\"dng-wrapper\">\n        <div class=\"dng-content\">\n      <h2 class=\"dng-title mb-xs\">HELIA<\/h2>\n      \n            <p class=\"dng-subtitle mb-md uppercase\">Table and ceiling lamp<\/p>\n      \n            <div class=\"dng-description text-body-1 mb-sm gap-xs\">\n      <p>Alicia Knight &amp; Sara Cherry - Students<br>&amp; S\u00f3nia Mendez - Artisan Palma<\/p>        <\/div>\n                  <div class=\"dng-sec-description\">\n      <p>Atrav\u00e9s da t\u00e9cnica tradicional da malha de palma, normalmente aplicada a pe\u00e7as de revolu\u00e7\u00e3o, este projeto explora a liga\u00e7\u00e3o de diferentes formas e a plasticidade desta t\u00e9cnica. Esta explora\u00e7\u00e3o resulta na cole\u00e7\u00e3o H\u00c9LIA, que consiste em dois candeeiros: um de mesa e um de teto. Ambos s\u00e3o uma fus\u00e3o de ideias e personalidades, refletida em tr\u00eas lados, tr\u00eas perspectivas e tr\u00eas pares de m\u00e3os. A forma geom\u00e9trica e industrial encontra-se com a t\u00e9cnica artesanal, org\u00e2nica e manual, e os candeeiros sintetizam esses contrastes.<\/p>        <\/div>\n      \n        <\/div>\n    <\/div>\n      <\/div>\n      <div class=\"dng-media w-full md:w-1\/2 order-1 md:order-1\"><div class=\"dng-wrapper\" data-dng-c-slideshow>\n        <div class=\"swiper w-full\">\n      <div class=\"swiper-wrapper\">\n              <div class=\"swiper-slide aspect-square object-cover w-full h-full\">\n      <img decoding=\"async\"  class=\"w-full h-full object-cover\" src=\"https:\/\/loulecriativo.pt\/wp-content\/uploads\/2025\/11\/PT_Summer-School_Product\u00a9Ines-Silva-Sa_053-scaled-e1764167904489.jpg\" alt=\"\" playsinline=\"\"  muted=\"\"  loop=\"\"  data-play-on-slide=\"\" >          <\/div>\n                  <div class=\"swiper-slide aspect-square object-cover w-full h-full\">\n      <img decoding=\"async\"  class=\"w-full h-full object-cover\" src=\"https:\/\/loulecriativo.pt\/wp-content\/uploads\/2025\/11\/PT_Summer-School_Product\u00a9Ines-Silva-Sa_055-scaled-e1764167981589.jpg\" alt=\"\" playsinline=\"\"  muted=\"\"  loop=\"\"  data-play-on-slide=\"\" >          <\/div>\n                  <div class=\"swiper-slide aspect-square object-cover w-full h-full\">\n      <img decoding=\"async\"  class=\"w-full h-full object-cover\" src=\"https:\/\/loulecriativo.pt\/wp-content\/uploads\/2025\/11\/PT_Summer-School_Product\u00a9Ines-Silva-Sa_078-scaled-e1764168056476.jpg\" alt=\"\" playsinline=\"\"  muted=\"\"  loop=\"\"  data-play-on-slide=\"\" >          <\/div>\n                  <div class=\"swiper-slide aspect-square object-cover w-full h-full\">\n      <img decoding=\"async\"  class=\"w-full h-full object-cover\" src=\"https:\/\/loulecriativo.pt\/wp-content\/uploads\/2025\/11\/PT_Summer-School_Team-photos\u00a9Ines-Silva-Sa_004-scaled-e1764168106245.jpg\" alt=\"\" playsinline=\"\"  muted=\"\"  loop=\"\"  data-play-on-slide=\"\" >          <\/div>\n                  <div class=\"swiper-slide aspect-square object-cover w-full h-full\">\n      <img decoding=\"async\"  class=\"w-full h-full object-cover\" src=\"https:\/\/loulecriativo.pt\/wp-content\/uploads\/2025\/11\/PT_Summer-School_Proccess-and-Design-Development-in-Duos\u00a9Ines-Silva-Sa_40-scaled-e1764168156968.jpg\" alt=\"\" playsinline=\"\"  muted=\"\"  loop=\"\"  data-play-on-slide=\"\" >          <\/div>\n                  <div class=\"swiper-slide aspect-square object-cover w-full h-full\">\n      <img decoding=\"async\"  class=\"w-full h-full object-cover\" src=\"https:\/\/loulecriativo.pt\/wp-content\/uploads\/2025\/11\/PT_Summer-School_Proccess-and-Design-Development-in-Duos\u00a9Ines-Silva-Sa_45-scaled-e1764168200888.jpg\" alt=\"\" playsinline=\"\"  muted=\"\"  loop=\"\"  data-play-on-slide=\"\" >          <\/div>\n              <\/div>\n      <div class=\"swiper-pagination\"><\/div>\n    <\/div>\n    <\/div>\n      <\/div>\n    <\/div>\n    \t\t\t\t<\/div>\n\t\t\t\t<\/div>\n\t\t\t\t<div class=\"elementor-element elementor-element-36640a3 elementor-widget elementor-widget-dng_square_showcase\" data-id=\"36640a3\" data-element_type=\"widget\" data-widget_type=\"dng_square_showcase.default\">\n\t\t\t\t<div class=\"elementor-widget-container\">\n\t\t\t\t\t<div data-dng-c-square-showcase \n        class=\"dng-c-square-showcase dng-c-square-showcase--clear flex flex-col md:flex-row w-screen \">\n      <div class=\"w-full md:w-1\/2 order-2 md:order-1\"><div class=\"dng-wrapper\">\n        <div class=\"dng-content\">\n      <h2 class=\"dng-title mb-xs\">VOIDS<\/h2>\n      \n            <p class=\"dng-subtitle mb-md uppercase\">Jugs<\/p>\n      \n            <div class=\"dng-description text-body-1 mb-sm gap-xs\">\n      <p>Helena Silva &amp; Laure Julien - Students<br>&amp; Ol\u00edmpia Cabrita - Artisan Palma e Cana<\/p>        <\/div>\n                  <div class=\"dng-sec-description\">\n      <p>O jarro \u00e9 uma pe\u00e7a intemporal da cozinha tradicional portuguesa.\u00a0<br \/>Este projeto \u00e9 uma pesquisa sobre a po\u00e9tica do entrela\u00e7ar da palma e a cana do Algarve combinadas com a t\u00e9cnica japonesa de termoforma\u00e7\u00e3o do bambu, oferecendo transpar\u00eancia, flexibilidade e leveza. A constru\u00e7\u00e3o parcial da malha em palma de cada jarro faz refer\u00eancia \u00e0s fissuras de uma antiga pe\u00e7a cer\u00e2mica reconstitu\u00edda, encontrada nos Banhos Isl\u00e2micos de Loul\u00e9, enquanto as arestas queimadas da cana enfatizam graficamente a forma e a contraforma dos dois jarros, que em equil\u00edbrio se sustentam um ao outro.\u00a0<\/p>        <\/div>\n      \n        <\/div>\n    <\/div>\n      <\/div>\n      <div class=\"dng-media w-full md:w-1\/2 order-1 md:order-2\"><div class=\"dng-wrapper\" data-dng-c-slideshow>\n        <div class=\"swiper w-full\">\n      <div class=\"swiper-wrapper\">\n              <div class=\"swiper-slide aspect-square object-cover w-full h-full\">\n      <img decoding=\"async\"  class=\"w-full h-full object-cover\" src=\"https:\/\/loulecriativo.pt\/wp-content\/uploads\/2025\/11\/PT_Summer-School_Product\u00a9Ines-Silva-Sa_016-scaled-e1764168318460.jpg\" alt=\"\" playsinline=\"\"  muted=\"\"  loop=\"\"  data-play-on-slide=\"\" >          <\/div>\n                  <div class=\"swiper-slide aspect-square object-cover w-full h-full\">\n      <img decoding=\"async\"  class=\"w-full h-full object-cover\" src=\"https:\/\/loulecriativo.pt\/wp-content\/uploads\/2025\/11\/PT_Summer-School_Product\u00a9Ines-Silva-Sa_020-scaled-e1764168371846.jpg\" alt=\"\" playsinline=\"\"  muted=\"\"  loop=\"\"  data-play-on-slide=\"\" >          <\/div>\n                  <div class=\"swiper-slide aspect-square object-cover w-full h-full\">\n      <img decoding=\"async\"  class=\"w-full h-full object-cover\" src=\"https:\/\/loulecriativo.pt\/wp-content\/uploads\/2025\/11\/PT_Summer-School_Team-photos\u00a9Ines-Silva-Sa_016-scaled-e1764168456335.jpg\" alt=\"\" playsinline=\"\"  muted=\"\"  loop=\"\"  data-play-on-slide=\"\" >          <\/div>\n                  <div class=\"swiper-slide aspect-square object-cover w-full h-full\">\n      <img decoding=\"async\"  class=\"w-full h-full object-cover\" src=\"https:\/\/loulecriativo.pt\/wp-content\/uploads\/2025\/11\/PT_Summer-School_Proccess-and-Design-Development-in-Duos\u00a9Ines-Silva-Sa_28-scaled-e1764168549758.jpg\" alt=\"\" playsinline=\"\"  muted=\"\"  loop=\"\"  data-play-on-slide=\"\" >          <\/div>\n                  <div class=\"swiper-slide aspect-square object-cover w-full h-full\">\n      <img decoding=\"async\"  class=\"w-full h-full object-cover\" src=\"https:\/\/loulecriativo.pt\/wp-content\/uploads\/2025\/11\/PT_Summer-School_Proccess-and-Design-Development-in-Duos\u00a9Ines-Silva-Sa_48-scaled-e1764168591769.jpg\" alt=\"\" playsinline=\"\"  muted=\"\"  loop=\"\"  data-play-on-slide=\"\" >          <\/div>\n              <\/div>\n      <div class=\"swiper-pagination\"><\/div>\n    <\/div>\n    <\/div>\n      <\/div>\n    <\/div>\n    \t\t\t\t<\/div>\n\t\t\t\t<\/div>\n\t\t\t\t<div class=\"elementor-element elementor-element-55fafbd elementor-widget elementor-widget-dng_square_showcase\" data-id=\"55fafbd\" data-element_type=\"widget\" data-widget_type=\"dng_square_showcase.default\">\n\t\t\t\t<div class=\"elementor-widget-container\">\n\t\t\t\t\t<div data-dng-c-square-showcase \n        class=\"dng-c-square-showcase flex flex-col md:flex-row w-screen \">\n      <div class=\"w-full md:w-1\/2 order-2 md:order-2\"><div class=\"dng-wrapper\">\n        <div class=\"dng-content\">\n      <h2 class=\"dng-title mb-xs\">PLET<\/h2>\n      \n            <p class=\"dng-subtitle mb-md uppercase\">Desk divider panel<\/p>\n      \n            <div class=\"dng-description text-body-1 mb-sm gap-xs\">\n      <p>Lara Selmanovi\u0107 &amp; Tiago Correia - Students<br>&amp; Nuno Henriques - Artisan Junco<\/p>        <\/div>\n                  <div class=\"dng-sec-description\">\n      <p><em>Plet<\/em> \u00e9 uma divis\u00f3ria de espa\u00e7o que desafia a t\u00e9cnica da cestaria tradicional de junco conferindo-lhe um car\u00e1cter de utiliza\u00e7\u00e3o diferente. Com um toque l\u00fadico proporcionado pelo uso da cor que atravessa o painel de junco, este \u00e9 preenchido com res\u00edduos de plantas, dando-lhe assim propriedades ac\u00fasticas. <em>Plet<\/em> permite criar um espa\u00e7o de trabalho privado, mas convidativo. Este sistema pode crescer e adaptar-se \u00e0s necessidades do espa\u00e7o, adicionando m\u00f3dulos. O painel, montado numa estrutura de madeira garante-lhe estabilidade. Esta estrutura tem entradas embutidas para que possam ser adicionados ganchos, permitindo assim que o m\u00f3dulo seja suspenso.<\/p>        <\/div>\n      \n        <\/div>\n    <\/div>\n      <\/div>\n      <div class=\"dng-media w-full md:w-1\/2 order-1 md:order-1\"><div class=\"dng-wrapper\" data-dng-c-slideshow>\n        <div class=\"swiper w-full\">\n      <div class=\"swiper-wrapper\">\n              <div class=\"swiper-slide aspect-square object-cover w-full h-full\">\n      <img decoding=\"async\"  class=\"w-full h-full object-cover\" src=\"https:\/\/loulecriativo.pt\/wp-content\/uploads\/2025\/11\/PT_Summer-School_Product\u00a9Ines-Silva-Sa_001-scaled-e1764168685299.jpg\" alt=\"\" playsinline=\"\"  muted=\"\"  loop=\"\"  data-play-on-slide=\"\" >          <\/div>\n                  <div class=\"swiper-slide aspect-square object-cover w-full h-full\">\n      <img decoding=\"async\"  class=\"w-full h-full object-cover\" src=\"https:\/\/loulecriativo.pt\/wp-content\/uploads\/2025\/11\/PT_Summer-School_Product\u00a9Ines-Silva-Sa_022-scaled-e1764168984123.jpg\" alt=\"\" playsinline=\"\"  muted=\"\"  loop=\"\"  data-play-on-slide=\"\" >          <\/div>\n                  <div class=\"swiper-slide aspect-square object-cover w-full h-full\">\n      <img decoding=\"async\"  class=\"w-full h-full object-cover\" src=\"https:\/\/loulecriativo.pt\/wp-content\/uploads\/2025\/11\/PT_Summer-School_Product\u00a9Ines-Silva-Sa_095-1-scaled-e1764169276621.jpg\" alt=\"\" playsinline=\"\"  muted=\"\"  loop=\"\"  data-play-on-slide=\"\" >          <\/div>\n                  <div class=\"swiper-slide aspect-square object-cover w-full h-full\">\n      <img decoding=\"async\"  class=\"w-full h-full object-cover\" src=\"https:\/\/loulecriativo.pt\/wp-content\/uploads\/2025\/11\/PT_Summer-School_Team-photos\u00a9Ines-Silva-Sa_003-scaled-e1764169370147.jpg\" alt=\"\" playsinline=\"\"  muted=\"\"  loop=\"\"  data-play-on-slide=\"\" >          <\/div>\n                  <div class=\"swiper-slide aspect-square object-cover w-full h-full\">\n      <img decoding=\"async\"  class=\"w-full h-full object-cover\" src=\"https:\/\/loulecriativo.pt\/wp-content\/uploads\/2025\/11\/PT_Summer-School_Proccess-and-Design-Development-in-Duos\u00a9Ines-Silva-Sa_39-scaled-e1764169434300.jpg\" alt=\"\" playsinline=\"\"  muted=\"\"  loop=\"\"  data-play-on-slide=\"\" >          <\/div>\n                  <div class=\"swiper-slide aspect-square object-cover w-full h-full\">\n      <img decoding=\"async\"  class=\"w-full h-full object-cover\" src=\"https:\/\/loulecriativo.pt\/wp-content\/uploads\/2025\/11\/PT_Summer-School_Proccess-and-Design-Development-in-Duos\u00a9Ines-Silva-Sa_50-scaled-e1764169505588.jpg\" alt=\"\" playsinline=\"\"  muted=\"\"  loop=\"\"  data-play-on-slide=\"\" >          <\/div>\n              <\/div>\n      <div class=\"swiper-pagination\"><\/div>\n    <\/div>\n    <\/div>\n      <\/div>\n    <\/div>\n    \t\t\t\t<\/div>\n\t\t\t\t<\/div>\n\t\t\t\t<div class=\"elementor-element elementor-element-f648ef6 elementor-widget elementor-widget-dng_square_showcase\" data-id=\"f648ef6\" data-element_type=\"widget\" data-widget_type=\"dng_square_showcase.default\">\n\t\t\t\t<div class=\"elementor-widget-container\">\n\t\t\t\t\t<div data-dng-c-square-showcase \n        class=\"dng-c-square-showcase dng-c-square-showcase--clear flex flex-col md:flex-row w-screen \">\n      <div class=\"w-full md:w-1\/2 order-2 md:order-1\"><div class=\"dng-wrapper\">\n        <div class=\"dng-content\">\n      <h2 class=\"dng-title mb-xs\">HANDLINE<\/h2>\n      \n            <p class=\"dng-subtitle mb-md uppercase\">Tray, bowl and basket<\/p>\n      \n            <div class=\"dng-description text-body-1 mb-sm gap-xs\">\n      <p>Hana Tav\u010dar &amp; Jo\u00e3o Barrulas - Students<br>&amp; Isabel Martins - Baracejo Artisan<\/p>        <\/div>\n                  <div class=\"dng-sec-description\">\n      <p>Hand<em>line<\/em> \u00e9 uma cole\u00e7\u00e3o de produtos utilit\u00e1rios para o dia a dia produzida em baracejo, uma planta aut\u00f3ctone da Serra da Malcata, Portugal, onde \u00e9 colhida \u00e0 m\u00e3o. A cole\u00e7\u00e3o utiliza a t\u00e9cnica tradicional da cestaria em espiral cosida e divide-se em tr\u00eas tipologias: um tabuleiro, uma ta\u00e7a e um cesto. Hand<em>line<\/em> apresenta um contraste din\u00e2mico entre a cor, presente na linha de algod\u00e3o que envolve as pegas, e a tonalidade natural do bracejo.<\/p>        <\/div>\n      \n        <\/div>\n    <\/div>\n      <\/div>\n      <div class=\"dng-media w-full md:w-1\/2 order-1 md:order-2\"><div class=\"dng-wrapper\" data-dng-c-slideshow>\n        <div class=\"swiper w-full\">\n      <div class=\"swiper-wrapper\">\n              <div class=\"swiper-slide aspect-square object-cover w-full h-full\">\n      <img decoding=\"async\"  class=\"w-full h-full object-cover\" src=\"https:\/\/loulecriativo.pt\/wp-content\/uploads\/2025\/11\/PT_Summer-School_Product\u00a9Ines-Silva-Sa_069-scaled-e1764169958690.jpg\" alt=\"\" playsinline=\"\"  muted=\"\"  loop=\"\"  data-play-on-slide=\"\" >          <\/div>\n                  <div class=\"swiper-slide aspect-square object-cover w-full h-full\">\n      <img decoding=\"async\"  class=\"w-full h-full object-cover\" src=\"https:\/\/loulecriativo.pt\/wp-content\/uploads\/2025\/11\/PT_Summer-School_Product\u00a9Ines-Silva-Sa_071-scaled-e1764170015736.jpg\" alt=\"\" playsinline=\"\"  muted=\"\"  loop=\"\"  data-play-on-slide=\"\" >          <\/div>\n                  <div class=\"swiper-slide aspect-square object-cover w-full h-full\">\n      <img decoding=\"async\"  class=\"w-full h-full object-cover\" src=\"https:\/\/loulecriativo.pt\/wp-content\/uploads\/2025\/11\/PT_Summer-School_Product\u00a9Ines-Silva-Sa_089-scaled-e1764170061160.jpg\" alt=\"\" playsinline=\"\"  muted=\"\"  loop=\"\"  data-play-on-slide=\"\" >          <\/div>\n                  <div class=\"swiper-slide aspect-square object-cover w-full h-full\">\n      <img decoding=\"async\"  class=\"w-full h-full object-cover\" src=\"https:\/\/loulecriativo.pt\/wp-content\/uploads\/2025\/11\/PT_Summer-School_Proccess-and-Design-Development-in-Duos\u00a9Ines-Silva-Sa_22-scaled-e1764170112450.jpg\" alt=\"\" playsinline=\"\"  muted=\"\"  loop=\"\"  data-play-on-slide=\"\" >          <\/div>\n                  <div class=\"swiper-slide aspect-square object-cover w-full h-full\">\n      <img decoding=\"async\"  class=\"w-full h-full object-cover\" src=\"https:\/\/loulecriativo.pt\/wp-content\/uploads\/2025\/11\/PT_Summer-School_Team-photos\u00a9Ines-Silva-Sa_008-scaled-e1764170174525.jpg\" alt=\"\" playsinline=\"\"  muted=\"\"  loop=\"\"  data-play-on-slide=\"\" >          <\/div>\n                  <div class=\"swiper-slide aspect-square object-cover w-full h-full\">\n      <img decoding=\"async\"  class=\"w-full h-full object-cover\" src=\"https:\/\/loulecriativo.pt\/wp-content\/uploads\/2025\/11\/PT_Summer-School_Proccess-and-Design-Development-in-Duos\u00a9Ines-Silva-Sa_23-scaled-e1764170219760.jpg\" alt=\"\" playsinline=\"\"  muted=\"\"  loop=\"\"  data-play-on-slide=\"\" >          <\/div>\n              <\/div>\n      <div class=\"swiper-pagination\"><\/div>\n    <\/div>\n    <\/div>\n      <\/div>\n    <\/div>\n    \t\t\t\t<\/div>\n\t\t\t\t<\/div>\n\t\t\t\t<div class=\"elementor-element elementor-element-21e71be elementor-widget elementor-widget-dng_square_showcase\" data-id=\"21e71be\" data-element_type=\"widget\" data-widget_type=\"dng_square_showcase.default\">\n\t\t\t\t<div class=\"elementor-widget-container\">\n\t\t\t\t\t<div data-dng-c-square-showcase \n        class=\"dng-c-square-showcase flex flex-col md:flex-row w-screen \">\n      <div class=\"w-full md:w-1\/2 order-2 md:order-2\"><div class=\"dng-wrapper\">\n        <div class=\"dng-content\">\n      <h2 class=\"dng-title mb-xs\">ISI BRUSHES<\/h2>\n      \n            <p class=\"dng-subtitle mb-md uppercase\">Brooms<\/p>\n      \n            <div class=\"dng-description text-body-1 mb-sm gap-xs\">\n      <p>Calvin Middel &amp; Rufus Seagrim - Students<br>&amp; Isidoro Ramos - Esparto Artisan<\/p>        <\/div>\n                  <div class=\"dng-sec-description\">\n      <p><em>Isi brushes<\/em> s\u00e3o uma s\u00e9rie de escovas dom\u00e9sticas que exploram a constru\u00e7\u00e3o da escova de mesa tradicional em esparto e brinca com a propor\u00e7\u00e3o e a escala. Usando os p\u00ealos da escova e o cabo entran\u00e7ado como elementos gr\u00e1ficos, cada escova adquire um car\u00e1cter pr\u00f3prio: um av\u00f4, uma crian\u00e7a ou um animal de estima\u00e7\u00e3o.<\/p>        <\/div>\n      \n        <\/div>\n    <\/div>\n      <\/div>\n      <div class=\"dng-media w-full md:w-1\/2 order-1 md:order-1\"><div class=\"dng-wrapper\" data-dng-c-slideshow>\n        <div class=\"swiper w-full\">\n      <div class=\"swiper-wrapper\">\n              <div class=\"swiper-slide aspect-square object-cover w-full h-full\">\n      <img decoding=\"async\"  class=\"w-full h-full object-cover\" src=\"https:\/\/loulecriativo.pt\/wp-content\/uploads\/2025\/11\/PT_Summer-School_Product\u00a9Ines-Silva-Sa_026-scaled-e1764170549114.jpg\" alt=\"\" playsinline=\"\"  muted=\"\"  loop=\"\"  data-play-on-slide=\"\" >          <\/div>\n                  <div class=\"swiper-slide aspect-square object-cover w-full h-full\">\n      <img decoding=\"async\"  class=\"w-full h-full object-cover\" src=\"https:\/\/loulecriativo.pt\/wp-content\/uploads\/2025\/11\/PT_Summer-School_Team-photos\u00a9Ines-Silva-Sa_014-scaled-e1764170587690.jpg\" alt=\"\" playsinline=\"\"  muted=\"\"  loop=\"\"  data-play-on-slide=\"\" >          <\/div>\n                  <div class=\"swiper-slide aspect-square object-cover w-full h-full\">\n      <img decoding=\"async\"  class=\"w-full h-full object-cover\" src=\"https:\/\/loulecriativo.pt\/wp-content\/uploads\/2025\/11\/PT_Summer-School_Proccess-and-Design-Development-in-Duos\u00a9Ines-Silva-Sa_24-scaled-e1764170630702.jpg\" alt=\"\" playsinline=\"\"  muted=\"\"  loop=\"\"  data-play-on-slide=\"\" >          <\/div>\n                  <div class=\"swiper-slide aspect-square object-cover w-full h-full\">\n      <img decoding=\"async\"  class=\"w-full h-full object-cover\" src=\"https:\/\/loulecriativo.pt\/wp-content\/uploads\/2025\/11\/PT_Summer-School_Product\u00a9Ines-Silva-Sa_043-scaled-e1764170671221.jpg\" alt=\"\" playsinline=\"\"  muted=\"\"  loop=\"\"  data-play-on-slide=\"\" >          <\/div>\n                  <div class=\"swiper-slide aspect-square object-cover w-full h-full\">\n      <img decoding=\"async\"  class=\"w-full h-full object-cover\" src=\"https:\/\/loulecriativo.pt\/wp-content\/uploads\/2025\/11\/PT_Summer-School_Product\u00a9Ines-Silva-Sa_049-scaled-e1764170711936.jpg\" alt=\"\" playsinline=\"\"  muted=\"\"  loop=\"\"  data-play-on-slide=\"\" >          <\/div>\n                  <div class=\"swiper-slide aspect-square object-cover w-full h-full\">\n      <img decoding=\"async\"  class=\"w-full h-full object-cover\" src=\"https:\/\/loulecriativo.pt\/wp-content\/uploads\/2025\/11\/PT_Summer-School_Product\u00a9Ines-Silva-Sa_106-scaled-e1764170765860.jpg\" alt=\"\" playsinline=\"\"  muted=\"\"  loop=\"\"  data-play-on-slide=\"\" >          <\/div>\n              <\/div>\n      <div class=\"swiper-pagination\"><\/div>\n    <\/div>\n    <\/div>\n      <\/div>\n    <\/div>\n    \t\t\t\t<\/div>\n\t\t\t\t<\/div>\n\t\t\t\t<\/div>\n\t\t<div class=\"elementor-element elementor-element-96c1b17 e-grid e-con-boxed e-con e-child\" data-id=\"96c1b17\" data-element_type=\"container\" data-settings=\"{&quot;jet_parallax_layout_list&quot;:[]}\">\n\t\t\t\t\t<div class=\"e-con-inner\">\n\t\t<div class=\"elementor-element elementor-element-8f4a9d6 e-con-full e-flex e-con e-child\" data-id=\"8f4a9d6\" data-element_type=\"container\" data-settings=\"{&quot;jet_parallax_layout_list&quot;:[]}\">\n\t\t\t\t<div class=\"elementor-element elementor-element-b3fe054 elementor-widget elementor-widget-heading\" data-id=\"b3fe054\" data-element_type=\"widget\" data-widget_type=\"heading.default\">\n\t\t\t\t<div class=\"elementor-widget-container\">\n\t\t\t\t\t<h2 class=\"elementor-heading-title elementor-size-default\">Dates<\/h2>\t\t\t\t<\/div>\n\t\t\t\t<\/div>\n\t\t\t\t<div class=\"elementor-element elementor-element-aff1e12 elementor-widget__width-initial elementor-widget elementor-widget-text-editor\" data-id=\"aff1e12\" data-element_type=\"widget\" data-widget_type=\"text-editor.default\">\n\t\t\t\t<div class=\"elementor-widget-container\">\n\t\t\t\t\t\t\t\t\t<p>July and August 2024<\/p>\t\t\t\t\t\t\t\t<\/div>\n\t\t\t\t<\/div>\n\t\t\t\t<\/div>\n\t\t<div class=\"elementor-element elementor-element-2af8976 e-con-full e-flex e-con e-child\" data-id=\"2af8976\" data-element_type=\"container\" data-settings=\"{&quot;jet_parallax_layout_list&quot;:[]}\">\n\t\t\t\t<div class=\"elementor-element elementor-element-193c6e0 elementor-widget elementor-widget-heading\" data-id=\"193c6e0\" data-element_type=\"widget\" data-widget_type=\"heading.default\">\n\t\t\t\t<div class=\"elementor-widget-container\">\n\t\t\t\t\t<h2 class=\"elementor-heading-title elementor-size-default\">Location<\/h2>\t\t\t\t<\/div>\n\t\t\t\t<\/div>\n\t\t\t\t<div class=\"elementor-element elementor-element-75c6028 elementor-widget__width-initial elementor-widget elementor-widget-text-editor\" data-id=\"75c6028\" data-element_type=\"widget\" data-widget_type=\"text-editor.default\">\n\t\t\t\t<div class=\"elementor-widget-container\">\n\t\t\t\t\t\t\t\t\t<p>Loul\u00e9 &#8211; Gama Lobo Palace<\/p>\t\t\t\t\t\t\t\t<\/div>\n\t\t\t\t<\/div>\n\t\t\t\t<\/div>\n\t\t<div class=\"elementor-element elementor-element-25d6c6e e-con-full e-flex e-con e-child\" data-id=\"25d6c6e\" data-element_type=\"container\" data-settings=\"{&quot;jet_parallax_layout_list&quot;:[]}\">\n\t\t\t\t<div class=\"elementor-element elementor-element-326ad14 elementor-widget elementor-widget-heading\" data-id=\"326ad14\" data-element_type=\"widget\" data-widget_type=\"heading.default\">\n\t\t\t\t<div class=\"elementor-widget-container\">\n\t\t\t\t\t<h2 class=\"elementor-heading-title elementor-size-default\">Participants<\/h2>\t\t\t\t<\/div>\n\t\t\t\t<\/div>\n\t\t\t\t<div class=\"elementor-element elementor-element-a45ae16 elementor-widget__width-initial elementor-widget elementor-widget-text-editor\" data-id=\"a45ae16\" data-element_type=\"widget\" data-widget_type=\"text-editor.default\">\n\t\t\t\t<div class=\"elementor-widget-container\">\n\t\t\t\t\t\t\t\t\t<p><strong>Students<\/strong><br>Alicia Knight &amp; Sara Cherry <br>Helena Silva &amp; Laure Julien<br>Lara Selmanovi\u0107 &amp; Tiago Correia<br>Hana Tav\u010dar &amp; Jo\u00e3o Barrulas<br>Calvin Middel &amp; Rufus Seagrim  <\/p><p><strong>Artisans<\/strong><br>S\u00f3nia Mendez &#8211; Artisan Palma<br>Ol\u00edmpia Cabrita &#8211; Artisan Palm and Cane<br>Nuno Henriques &#8211; Artisan Junco<br>Isabel Martins &#8211; Baracejo Artisan <br>Isidoro Ramos &#8211; Esparto Artisan<\/p>\t\t\t\t\t\t\t\t<\/div>\n\t\t\t\t<\/div>\n\t\t\t\t<\/div>\n\t\t<div class=\"elementor-element elementor-element-44ca410 e-con-full e-flex e-con e-child\" data-id=\"44ca410\" data-element_type=\"container\" data-settings=\"{&quot;jet_parallax_layout_list&quot;:[]}\">\n\t\t\t\t<div class=\"elementor-element elementor-element-f7596e7 elementor-widget elementor-widget-heading\" data-id=\"f7596e7\" data-element_type=\"widget\" data-widget_type=\"heading.default\">\n\t\t\t\t<div class=\"elementor-widget-container\">\n\t\t\t\t\t<h2 class=\"elementor-heading-title elementor-size-default\">Organization<\/h2>\t\t\t\t<\/div>\n\t\t\t\t<\/div>\n\t\t\t\t<div class=\"elementor-element elementor-element-3c54291 elementor-widget__width-initial elementor-widget elementor-widget-text-editor\" data-id=\"3c54291\" data-element_type=\"widget\" data-widget_type=\"text-editor.default\">\n\t\t\t\t<div class=\"elementor-widget-container\">\n\t\t\t\t\t\t\t\t\t<p>Future Pass<br>Under the MADE in Platform for Crafts and Contemporary Design with co-funding from the Creative Europe Programme of the European Union.<\/p>\t\t\t\t\t\t\t\t<\/div>\n\t\t\t\t<\/div>\n\t\t\t\t<\/div>\n\t\t<div class=\"elementor-element elementor-element-d20c508 e-con-full e-flex e-con e-child\" data-id=\"d20c508\" data-element_type=\"container\" data-settings=\"{&quot;jet_parallax_layout_list&quot;:[]}\">\n\t\t\t\t<div class=\"elementor-element elementor-element-b0aea83 elementor-widget elementor-widget-heading\" data-id=\"b0aea83\" data-element_type=\"widget\" data-widget_type=\"heading.default\">\n\t\t\t\t<div class=\"elementor-widget-container\">\n\t\t\t\t\t<h2 class=\"elementor-heading-title elementor-size-default\">Support<\/h2>\t\t\t\t<\/div>\n\t\t\t\t<\/div>\n\t\t\t\t<div class=\"elementor-element elementor-element-367a324 elementor-widget__width-initial elementor-widget elementor-widget-text-editor\" data-id=\"367a324\" data-element_type=\"widget\" data-widget_type=\"text-editor.default\">\n\t\t\t\t<div class=\"elementor-widget-container\">\n\t\t\t\t\t\t\t\t\t<p>De La Espada<br>Company of Cultures<br>Spur<\/p>\t\t\t\t\t\t\t\t<\/div>\n\t\t\t\t<\/div>\n\t\t\t\t<\/div>\n\t\t<div class=\"elementor-element elementor-element-5b5bba7 e-con-full e-flex e-con e-child\" data-id=\"5b5bba7\" data-element_type=\"container\" data-settings=\"{&quot;jet_parallax_layout_list&quot;:[]}\">\n\t\t\t\t<div class=\"elementor-element elementor-element-6a8a399 elementor-widget elementor-widget-heading\" data-id=\"6a8a399\" data-element_type=\"widget\" data-widget_type=\"heading.default\">\n\t\t\t\t<div class=\"elementor-widget-container\">\n\t\t\t\t\t<h2 class=\"elementor-heading-title elementor-size-default\">Partnership<\/h2>\t\t\t\t<\/div>\n\t\t\t\t<\/div>\n\t\t\t\t<div class=\"elementor-element elementor-element-b1b7710 elementor-widget__width-initial elementor-widget elementor-widget-text-editor\" data-id=\"b1b7710\" data-element_type=\"widget\" data-widget_type=\"text-editor.default\">\n\t\t\t\t<div class=\"elementor-widget-container\">\n\t\t\t\t\t\t\t\t\t<p>Loul\u00e9 Criativo | Loul\u00e9 City Council  <\/p>\t\t\t\t\t\t\t\t<\/div>\n\t\t\t\t<\/div>\n\t\t\t\t<\/div>\n\t\t<div class=\"elementor-element elementor-element-f841df3 e-con-full e-flex e-con e-child\" data-id=\"f841df3\" data-element_type=\"container\" data-settings=\"{&quot;jet_parallax_layout_list&quot;:[]}\">\n\t\t\t\t<div class=\"elementor-element elementor-element-b804605 elementor-widget elementor-widget-heading\" data-id=\"b804605\" data-element_type=\"widget\" data-widget_type=\"heading.default\">\n\t\t\t\t<div class=\"elementor-widget-container\">\n\t\t\t\t\t<h2 class=\"elementor-heading-title elementor-size-default\">Photographs &amp; Video<\/h2>\t\t\t\t<\/div>\n\t\t\t\t<\/div>\n\t\t\t\t<div class=\"elementor-element elementor-element-c13f710 elementor-widget__width-initial elementor-widget elementor-widget-text-editor\" data-id=\"c13f710\" data-element_type=\"widget\" data-widget_type=\"text-editor.default\">\n\t\t\t\t<div class=\"elementor-widget-container\">\n\t\t\t\t\t\t\t\t\t<p>Move on to the Future <br>\u00a9In\u00eas Silva S\u00e1<\/p>\t\t\t\t\t\t\t\t<\/div>\n\t\t\t\t<\/div>\n\t\t\t\t<\/div>\n\t\t\t\t\t<\/div>\n\t\t\t\t<\/div>\n\t\t\t\t<\/div>\n\t\t","protected":false},"excerpt":{"rendered":"<p>Home Creative Residencies CREATIVE RESIDENCY MADE IN Summer School July &#8211; August 2024 Creative duos face the challenge of rethinking traditional techniques This summer school dedicated to the theme &#8220;Design with Vegetable Fibers&#8221;, was organized by Passa ao Futuro in partnership with Loul\u00e9 Criativo within the scope of the European project Made In &#8211; Platform [&hellip;]<\/p>\n","protected":false},"featured_media":12985,"template":"","meta":{"_acf_changed":false},"class_list":["post-15137","lc_event","type-lc_event","status-publish","has-post-thumbnail","hentry"],"acf":[],"yoast_head":"<!-- This site is optimized with the Yoast SEO Premium plugin v25.9 (Yoast SEO v26.5) - https:\/\/yoast.com\/wordpress\/plugins\/seo\/ -->\n<title>MADE IN Summer School - Loul\u00e9 Criativo<\/title>\n<meta name=\"robots\" content=\"index, follow, max-snippet:-1, max-image-preview:large, max-video-preview:-1\" \/>\n<link rel=\"canonical\" href=\"https:\/\/loulecriativo.pt\/en\/residencias-criativas\/made-in-summer-school\/\" \/>\n<meta property=\"og:locale\" content=\"en_US\" \/>\n<meta property=\"og:type\" content=\"article\" \/>\n<meta property=\"og:title\" content=\"MADE IN Summer School\" \/>\n<meta property=\"og:description\" content=\"Home Creative Residencies CREATIVE RESIDENCY MADE IN Summer School July &#8211; August 2024 Creative duos face the challenge of rethinking traditional techniques This summer school dedicated to the theme &#8220;Design with Vegetable Fibers&#8221;, was organized by Passa ao Futuro in partnership with Loul\u00e9 Criativo within the scope of the European project Made In &#8211; Platform [&hellip;]\" \/>\n<meta property=\"og:url\" content=\"https:\/\/loulecriativo.pt\/en\/residencias-criativas\/made-in-summer-school\/\" \/>\n<meta property=\"og:site_name\" content=\"Loul\u00e9 Criativo\" \/>\n<meta property=\"article:modified_time\" content=\"2025-12-30T12:55:17+00:00\" \/>\n<meta property=\"og:image\" content=\"https:\/\/loulecriativo.pt\/wp-content\/uploads\/2025\/11\/PT_Summer-School_Hands-On-Workshops\u00a9Ines-Silva-Sa_004.jpg\" \/>\n\t<meta property=\"og:image:width\" content=\"1920\" \/>\n\t<meta property=\"og:image:height\" content=\"1277\" \/>\n\t<meta property=\"og:image:type\" content=\"image\/jpeg\" \/>\n<meta name=\"twitter:card\" content=\"summary_large_image\" \/>\n<meta name=\"twitter:label1\" content=\"Est. reading time\" \/>\n\t<meta name=\"twitter:data1\" content=\"4 minutes\" \/>\n<script type=\"application\/ld+json\" class=\"yoast-schema-graph\">{\"@context\":\"https:\/\/schema.org\",\"@graph\":[{\"@type\":\"WebPage\",\"@id\":\"https:\/\/loulecriativo.pt\/en\/residencias-criativas\/made-in-summer-school\/\",\"url\":\"https:\/\/loulecriativo.pt\/en\/residencias-criativas\/made-in-summer-school\/\",\"name\":\"MADE IN Summer School - Loul\u00e9 Criativo\",\"isPartOf\":{\"@id\":\"https:\/\/loulecriativo.pt\/en\/#website\"},\"primaryImageOfPage\":{\"@id\":\"https:\/\/loulecriativo.pt\/en\/residencias-criativas\/made-in-summer-school\/#primaryimage\"},\"image\":{\"@id\":\"https:\/\/loulecriativo.pt\/en\/residencias-criativas\/made-in-summer-school\/#primaryimage\"},\"thumbnailUrl\":\"https:\/\/loulecriativo.pt\/wp-content\/uploads\/2025\/11\/PT_Summer-School_Hands-On-Workshops\u00a9Ines-Silva-Sa_004.jpg\",\"datePublished\":\"2025-11-26T11:46:58+00:00\",\"dateModified\":\"2025-12-30T12:55:17+00:00\",\"breadcrumb\":{\"@id\":\"https:\/\/loulecriativo.pt\/en\/residencias-criativas\/made-in-summer-school\/#breadcrumb\"},\"inLanguage\":\"en-US\",\"potentialAction\":[{\"@type\":\"ReadAction\",\"target\":[\"https:\/\/loulecriativo.pt\/en\/residencias-criativas\/made-in-summer-school\/\"]}]},{\"@type\":\"ImageObject\",\"inLanguage\":\"en-US\",\"@id\":\"https:\/\/loulecriativo.pt\/en\/residencias-criativas\/made-in-summer-school\/#primaryimage\",\"url\":\"https:\/\/loulecriativo.pt\/wp-content\/uploads\/2025\/11\/PT_Summer-School_Hands-On-Workshops\u00a9Ines-Silva-Sa_004.jpg\",\"contentUrl\":\"https:\/\/loulecriativo.pt\/wp-content\/uploads\/2025\/11\/PT_Summer-School_Hands-On-Workshops\u00a9Ines-Silva-Sa_004.jpg\",\"width\":1920,\"height\":1277},{\"@type\":\"BreadcrumbList\",\"@id\":\"https:\/\/loulecriativo.pt\/en\/residencias-criativas\/made-in-summer-school\/#breadcrumb\",\"itemListElement\":[{\"@type\":\"ListItem\",\"position\":1,\"name\":\"Home\",\"item\":\"https:\/\/loulecriativo.pt\/en\/\"},{\"@type\":\"ListItem\",\"position\":2,\"name\":\"MADE IN Summer School\"}]},{\"@type\":\"WebSite\",\"@id\":\"https:\/\/loulecriativo.pt\/en\/#website\",\"url\":\"https:\/\/loulecriativo.pt\/en\/\",\"name\":\"Loul\u00e9 Criativo\",\"description\":\"\",\"potentialAction\":[{\"@type\":\"SearchAction\",\"target\":{\"@type\":\"EntryPoint\",\"urlTemplate\":\"https:\/\/loulecriativo.pt\/en\/?s={search_term_string}\"},\"query-input\":{\"@type\":\"PropertyValueSpecification\",\"valueRequired\":true,\"valueName\":\"search_term_string\"}}],\"inLanguage\":\"en-US\"}]}<\/script>\n<!-- \/ Yoast SEO Premium plugin. -->","yoast_head_json":{"title":"MADE IN Summer School - Loul\u00e9 Criativo","robots":{"index":"index","follow":"follow","max-snippet":"max-snippet:-1","max-image-preview":"max-image-preview:large","max-video-preview":"max-video-preview:-1"},"canonical":"https:\/\/loulecriativo.pt\/en\/residencias-criativas\/made-in-summer-school\/","og_locale":"en_US","og_type":"article","og_title":"MADE IN Summer School","og_description":"Home Creative Residencies CREATIVE RESIDENCY MADE IN Summer School July &#8211; August 2024 Creative duos face the challenge of rethinking traditional techniques This summer school dedicated to the theme &#8220;Design with Vegetable Fibers&#8221;, was organized by Passa ao Futuro in partnership with Loul\u00e9 Criativo within the scope of the European project Made In &#8211; Platform [&hellip;]","og_url":"https:\/\/loulecriativo.pt\/en\/residencias-criativas\/made-in-summer-school\/","og_site_name":"Loul\u00e9 Criativo","article_modified_time":"2025-12-30T12:55:17+00:00","og_image":[{"width":1920,"height":1277,"url":"https:\/\/loulecriativo.pt\/wp-content\/uploads\/2025\/11\/PT_Summer-School_Hands-On-Workshops\u00a9Ines-Silva-Sa_004.jpg","type":"image\/jpeg"}],"twitter_card":"summary_large_image","twitter_misc":{"Est. reading time":"4 minutes"},"schema":{"@context":"https:\/\/schema.org","@graph":[{"@type":"WebPage","@id":"https:\/\/loulecriativo.pt\/en\/residencias-criativas\/made-in-summer-school\/","url":"https:\/\/loulecriativo.pt\/en\/residencias-criativas\/made-in-summer-school\/","name":"MADE IN Summer School - Loul\u00e9 Criativo","isPartOf":{"@id":"https:\/\/loulecriativo.pt\/en\/#website"},"primaryImageOfPage":{"@id":"https:\/\/loulecriativo.pt\/en\/residencias-criativas\/made-in-summer-school\/#primaryimage"},"image":{"@id":"https:\/\/loulecriativo.pt\/en\/residencias-criativas\/made-in-summer-school\/#primaryimage"},"thumbnailUrl":"https:\/\/loulecriativo.pt\/wp-content\/uploads\/2025\/11\/PT_Summer-School_Hands-On-Workshops\u00a9Ines-Silva-Sa_004.jpg","datePublished":"2025-11-26T11:46:58+00:00","dateModified":"2025-12-30T12:55:17+00:00","breadcrumb":{"@id":"https:\/\/loulecriativo.pt\/en\/residencias-criativas\/made-in-summer-school\/#breadcrumb"},"inLanguage":"en-US","potentialAction":[{"@type":"ReadAction","target":["https:\/\/loulecriativo.pt\/en\/residencias-criativas\/made-in-summer-school\/"]}]},{"@type":"ImageObject","inLanguage":"en-US","@id":"https:\/\/loulecriativo.pt\/en\/residencias-criativas\/made-in-summer-school\/#primaryimage","url":"https:\/\/loulecriativo.pt\/wp-content\/uploads\/2025\/11\/PT_Summer-School_Hands-On-Workshops\u00a9Ines-Silva-Sa_004.jpg","contentUrl":"https:\/\/loulecriativo.pt\/wp-content\/uploads\/2025\/11\/PT_Summer-School_Hands-On-Workshops\u00a9Ines-Silva-Sa_004.jpg","width":1920,"height":1277},{"@type":"BreadcrumbList","@id":"https:\/\/loulecriativo.pt\/en\/residencias-criativas\/made-in-summer-school\/#breadcrumb","itemListElement":[{"@type":"ListItem","position":1,"name":"Home","item":"https:\/\/loulecriativo.pt\/en\/"},{"@type":"ListItem","position":2,"name":"MADE IN Summer School"}]},{"@type":"WebSite","@id":"https:\/\/loulecriativo.pt\/en\/#website","url":"https:\/\/loulecriativo.pt\/en\/","name":"Loul\u00e9 Criativo","description":"","potentialAction":[{"@type":"SearchAction","target":{"@type":"EntryPoint","urlTemplate":"https:\/\/loulecriativo.pt\/en\/?s={search_term_string}"},"query-input":{"@type":"PropertyValueSpecification","valueRequired":true,"valueName":"search_term_string"}}],"inLanguage":"en-US"}]}},"_links":{"self":[{"href":"https:\/\/loulecriativo.pt\/en\/wp-json\/wp\/v2\/lc_event\/15137","targetHints":{"allow":["GET"]}}],"collection":[{"href":"https:\/\/loulecriativo.pt\/en\/wp-json\/wp\/v2\/lc_event"}],"about":[{"href":"https:\/\/loulecriativo.pt\/en\/wp-json\/wp\/v2\/types\/lc_event"}],"version-history":[{"count":3,"href":"https:\/\/loulecriativo.pt\/en\/wp-json\/wp\/v2\/lc_event\/15137\/revisions"}],"predecessor-version":[{"id":15235,"href":"https:\/\/loulecriativo.pt\/en\/wp-json\/wp\/v2\/lc_event\/15137\/revisions\/15235"}],"wp:featuredmedia":[{"embeddable":true,"href":"https:\/\/loulecriativo.pt\/en\/wp-json\/wp\/v2\/media\/12985"}],"wp:attachment":[{"href":"https:\/\/loulecriativo.pt\/en\/wp-json\/wp\/v2\/media?parent=15137"}],"curies":[{"name":"wp","href":"https:\/\/api.w.org\/{rel}","templated":true}]}}