{"id":15139,"date":"2025-11-26T15:59:47","date_gmt":"2025-11-26T15:59:47","guid":{"rendered":"https:\/\/loulecriativo.pt\/residencias-criativas\/dialogues-between-artisans-and-designers-of-loule\/"},"modified":"2025-12-30T12:55:17","modified_gmt":"2025-12-30T12:55:17","slug":"dialogues-between-artisans-and-designers-of-loule","status":"publish","type":"lc_event","link":"https:\/\/loulecriativo.pt\/en\/residencias-criativas\/dialogues-between-artisans-and-designers-of-loule\/","title":{"rendered":"Dialogues between Artisans and Designers of Loul\u00e9"},"content":{"rendered":"\t\t<div data-elementor-type=\"wp-post\" data-elementor-id=\"15139\" class=\"elementor elementor-15139 elementor-13201\" data-elementor-post-type=\"lc_event\">\n\t\t\t\t<div class=\"elementor-element elementor-element-2024bec e-con-full e-flex e-con e-parent\" data-id=\"2024bec\" data-element_type=\"container\" data-settings=\"{&quot;jet_parallax_layout_list&quot;:[]}\">\n\t\t<div class=\"elementor-element elementor-element-096b3d3 e-flex e-con-boxed e-con e-child\" data-id=\"096b3d3\" data-element_type=\"container\" data-settings=\"{&quot;jet_parallax_layout_list&quot;:[]}\">\n\t\t\t\t\t<div class=\"e-con-inner\">\n\t\t\t\t<div class=\"elementor-element elementor-element-f99e82b elementor-widget elementor-widget-dng_breadcrumbs\" data-id=\"f99e82b\" data-element_type=\"widget\" data-widget_type=\"dng_breadcrumbs.default\">\n\t\t\t\t<div class=\"elementor-widget-container\">\n\t\t\t\t\t    <div data-dng-c-breadcrumbs class=\"dng-c-breadcrumbs flex items-center justify-start gap-xxs\">\n      \n        <a\n     class=\"whitespace-nowrap overflow-ellipsis overflow-hidden text-body-2 item !text-inherit text-[var(--dng-text-color), var(--wp--preset--color--brown))]\" \n      href=\"https:\/\/loulecriativo.pt\/en\/\" \n        >\n    Home\n<\/a>\n        <svg class=\"separator\" width=\"6\" height=\"10\" viewBox=\"0 0 6 10\" fill=\"none\" xmlns=\"http:\/\/www.w3.org\/2000\/svg\">\n          <path d=\"M6.00005 5L1.00005 10L0.300049 9.3L4.60005 5L0.300049 0.7L1.00005 0L6.00005 5Z\" fill=\"var(--dng-text-color, var(--wp--preset--color--brown))\"\/>\n        <\/svg>\n        <a\n     class=\"whitespace-nowrap overflow-ellipsis overflow-hidden text-body-2 item !text-inherit text-[var(--dng-text-color), var(--wp--preset--color--brown))]\" \n      href=\"https:\/\/loulecriativo.pt\/pt\/residencias-criativas\/\" \n        >\n    Creative Residencies\n<\/a>\n        <svg class=\"separator\" width=\"6\" height=\"10\" viewBox=\"0 0 6 10\" fill=\"none\" xmlns=\"http:\/\/www.w3.org\/2000\/svg\">\n          <path d=\"M6.00005 5L1.00005 10L0.300049 9.3L4.60005 5L0.300049 0.7L1.00005 0L6.00005 5Z\" fill=\"var(--dng-text-color, var(--wp--preset--color--brown))\"\/>\n        <\/svg>\n          <div class=\"current-page text-body-2 whitespace-nowrap overflow-ellipsis overflow-hidden\">\n      Dialogues between Artisans and Designers of Loul\u00e9    <\/div>\n          <\/div>\n    \t\t\t\t<\/div>\n\t\t\t\t<\/div>\n\t\t\t\t\t<\/div>\n\t\t\t\t<\/div>\n\t\t\t\t<div class=\"elementor-element elementor-element-c213c62 elementor-widget elementor-widget-dng_activity_banner\" data-id=\"c213c62\" data-element_type=\"widget\" data-widget_type=\"dng_activity_banner.default\">\n\t\t\t\t<div class=\"elementor-widget-container\">\n\t\t\t\t\t    <div data-dng-c-activity-banner class=\"dng-c-activity-banner\">\n      <div class=\"container\">\n        <div class=\"pre-title\" data-pretitle>\n    CREATIVE RESIDENCY        <\/div>\n        <h1 class=\"title\" data-title>\n    Dialogues between Artisans and Designers        <\/h1>\n        \n            <div class=\"post-title text-body-1\">\n      November 2023        <\/div>\n                \n        <div class=\"thumbnail\" data-thumbnail>\n    <img decoding=\"async\"  class=\"\" src=\"https:\/\/loulecriativo.pt\/wp-content\/uploads\/2025\/11\/550A3181-1920x1080.jpg\" alt=\"\">        <\/div>\n      <\/div>\n    <\/div>\n    \t\t\t\t<\/div>\n\t\t\t\t<\/div>\n\t\t\t\t<\/div>\n\t\t<div class=\"elementor-element elementor-element-2bbfccf e-flex e-con-boxed e-con e-parent\" data-id=\"2bbfccf\" data-element_type=\"container\" data-settings=\"{&quot;jet_parallax_layout_list&quot;:[],&quot;background_background&quot;:&quot;classic&quot;}\">\n\t\t\t\t\t<div class=\"e-con-inner\">\n\t\t\t\t<div class=\"elementor-element elementor-element-6ed451a elementor-widget elementor-widget-text-editor\" data-id=\"6ed451a\" data-element_type=\"widget\" data-widget_type=\"text-editor.default\">\n\t\t\t\t<div class=\"elementor-widget-container\">\n\t\t\t\t\t\t\t\t\t<p>New methodologies and approaches of the &#8220;Designers de Loul\u00e9&#8221; residency<\/p>\t\t\t\t\t\t\t\t<\/div>\n\t\t\t\t<\/div>\n\t\t\t\t<div class=\"elementor-element elementor-element-90e4e7a elementor-widget elementor-widget-text-editor\" data-id=\"90e4e7a\" data-element_type=\"widget\" data-widget_type=\"text-editor.default\">\n\t\t\t\t<div class=\"elementor-widget-container\">\n\t\t\t\t\t\t\t\t\t<p>Created as a second edition of the Designers de Loul\u00e9 residency, it aimed to create conditions for the commercial launch and design of new pieces. In view of the experience acquired over the years by all the actors involved, methodologies and approaches have been fine-tuned with a view to a more effective training of artisans. A greater horizontality of the partnership relationship was worked on, through a greater integration of artisans in the processes of reflection in research, so that during the creation everyone would have the same level of information.  <\/p><p>The creation of mono-material products was sought so that the producer would be self-sufficient or, if there were several techniques, the integration of materials in which the different stakeholders would be able to articulate themselves was considered, due to geographical proximity or because there was already a synergy relationship.<\/p>\t\t\t\t\t\t\t\t<\/div>\n\t\t\t\t<\/div>\n\t\t\t\t<div class=\"elementor-element elementor-element-3dd6bbc elementor-widget elementor-widget-dng_original_slideshow\" data-id=\"3dd6bbc\" data-element_type=\"widget\" data-widget_type=\"dng_original_slideshow.default\">\n\t\t\t\t<div class=\"elementor-widget-container\">\n\t\t\t\t\t<div data-dng-c-slideshow class=\"dng-c-slideshow h-full\">\n      <div class=\"swiper h-full\">\n        <div class=\"swiper-wrapper h-full\">\n            <div class=\"swiper-slide h-full overflow-hidden w-auto aspect-[16\/8]\">\n      <img decoding=\"async\"  class=\"w-full !h-full object-cover object-center\" src=\"https:\/\/loulecriativo.pt\/wp-content\/uploads\/2025\/11\/550A6180-1920x1080.jpg\" alt=\"\">          <\/div>\n                  <div class=\"swiper-slide h-full overflow-hidden w-auto aspect-[16\/8]\">\n      <img decoding=\"async\"  class=\"w-full !h-full object-cover object-center\" src=\"https:\/\/loulecriativo.pt\/wp-content\/uploads\/2025\/11\/550A6327-1920x1080.jpg\" alt=\"\">          <\/div>\n                  <div class=\"swiper-slide h-full overflow-hidden w-auto aspect-[16\/8]\">\n      <img decoding=\"async\"  class=\"w-full !h-full object-cover object-center\" src=\"https:\/\/loulecriativo.pt\/wp-content\/uploads\/2025\/11\/550A4978-1920x1080.jpg\" alt=\"\">          <\/div>\n                  <div class=\"swiper-slide h-full overflow-hidden w-auto aspect-[16\/8]\">\n      <img decoding=\"async\"  class=\"w-full !h-full object-cover object-center\" src=\"https:\/\/loulecriativo.pt\/wp-content\/uploads\/2025\/11\/550A4406-1920x1080.jpg\" alt=\"\">          <\/div>\n                  <div class=\"swiper-slide h-full overflow-hidden w-auto aspect-[16\/8]\">\n      <img decoding=\"async\"  class=\"w-full !h-full object-cover object-center\" src=\"https:\/\/loulecriativo.pt\/wp-content\/uploads\/2025\/11\/550A2996-1920x1080.jpg\" alt=\"\">          <\/div>\n                  <div class=\"swiper-slide h-full overflow-hidden w-auto aspect-[16\/8]\">\n      <img decoding=\"async\"  class=\"w-full !h-full object-cover object-center\" src=\"https:\/\/loulecriativo.pt\/wp-content\/uploads\/2025\/11\/550A3414-1920x1080.jpg\" alt=\"\">          <\/div>\n                  <div class=\"swiper-slide h-full overflow-hidden w-auto aspect-[16\/8]\">\n      <img decoding=\"async\"  class=\"w-full !h-full object-cover object-center\" src=\"https:\/\/loulecriativo.pt\/wp-content\/uploads\/2025\/11\/550A3828-1920x1080.jpg\" alt=\"\">          <\/div>\n                  <div class=\"swiper-slide h-full overflow-hidden w-auto aspect-[16\/8]\">\n      <img decoding=\"async\"  class=\"w-full !h-full object-cover object-center\" src=\"https:\/\/loulecriativo.pt\/wp-content\/uploads\/2025\/11\/550A6463-1920x1080.jpg\" alt=\"\">          <\/div>\n                  <div class=\"swiper-slide h-full overflow-hidden w-auto aspect-[16\/8]\">\n      <img decoding=\"async\"  class=\"w-full !h-full object-cover object-center\" src=\"https:\/\/loulecriativo.pt\/wp-content\/uploads\/2025\/11\/550A4707-1920x1080.jpg\" alt=\"\">          <\/div>\n                  <\/div>\n                  <div class=\"swiper-pagination\"><\/div>\n                      <\/div>\n    <\/div>\n    \t\t\t\t<\/div>\n\t\t\t\t<\/div>\n\t\t\t\t\t<\/div>\n\t\t\t\t<\/div>\n\t\t<div class=\"elementor-element elementor-element-1527ed3 e-con-full e-flex e-con e-parent\" data-id=\"1527ed3\" data-element_type=\"container\" data-settings=\"{&quot;jet_parallax_layout_list&quot;:[]}\">\n\t\t\t\t<div class=\"elementor-element elementor-element-0efb85b elementor-widget elementor-widget-dng_square_showcase\" data-id=\"0efb85b\" data-element_type=\"widget\" data-widget_type=\"dng_square_showcase.default\">\n\t\t\t\t<div class=\"elementor-widget-container\">\n\t\t\t\t\t<div data-dng-c-square-showcase \n        class=\"dng-c-square-showcase flex flex-col md:flex-row w-screen \">\n      <div class=\"w-full md:w-1\/2 order-2 md:order-2\"><div class=\"dng-wrapper\">\n        <div class=\"dng-content\">\n      <h2 class=\"dng-title mb-xs\">BROOMS AND ESPARTO BRUSHES<\/h2>\n      \n    \n            <div class=\"dng-description text-body-1 mb-sm gap-xs\">\n      <p>ESPARTO materials<br>esparto work ISIDORO RAMOS<br>design VANESSA DOMINGUES<\/p>        <\/div>\n                  <div class=\"dng-sec-description\">\n      <p>Resgatando a habilidade de trabalhar com esparto, este conjunto de produtos explora detalhes e t\u00e9cnicas tradicionais, aplicando-os para enaltecer objetos de uso di\u00e1rio. O conjunto inclui uma vassoura de ch\u00e3o, duas vassouras de m\u00e3o, uma escova e uma escova para cogumelos.<\/p>        <\/div>\n      \n        <\/div>\n    <\/div>\n      <\/div>\n      <div class=\"dng-media w-full md:w-1\/2 order-1 md:order-1\"><div class=\"dng-wrapper\" data-dng-c-slideshow>\n        <div class=\"swiper w-full\">\n      <div class=\"swiper-wrapper\">\n              <div class=\"swiper-slide aspect-square object-cover w-full h-full\">\n      <img decoding=\"async\"  class=\"w-full h-full object-cover\" src=\"https:\/\/loulecriativo.pt\/wp-content\/uploads\/2025\/11\/550A0651-scaled-e1764242747994.jpg\" alt=\"\" playsinline=\"\"  muted=\"\"  loop=\"\"  data-play-on-slide=\"\" >          <\/div>\n                  <div class=\"swiper-slide aspect-square object-cover w-full h-full\">\n      <img decoding=\"async\"  class=\"w-full h-full object-cover\" src=\"https:\/\/loulecriativo.pt\/wp-content\/uploads\/2025\/11\/PT_Residency02_Palma_JoanaxSonia_62.jpg\" alt=\"\" playsinline=\"\"  muted=\"\"  loop=\"\"  data-play-on-slide=\"\" >          <\/div>\n                  <div class=\"swiper-slide aspect-square object-cover w-full h-full\">\n      <img decoding=\"async\"  class=\"w-full h-full object-cover\" src=\"https:\/\/loulecriativo.pt\/wp-content\/uploads\/2025\/11\/PT_Residency03_Palm_Product_JoanaSonia-19.jpg\" alt=\"\" playsinline=\"\"  muted=\"\"  loop=\"\"  data-play-on-slide=\"\" >          <\/div>\n              <\/div>\n      <div class=\"swiper-pagination\"><\/div>\n    <\/div>\n    <\/div>\n      <\/div>\n    <\/div>\n    \t\t\t\t<\/div>\n\t\t\t\t<\/div>\n\t\t\t\t<div class=\"elementor-element elementor-element-36640a3 elementor-widget elementor-widget-dng_square_showcase\" data-id=\"36640a3\" data-element_type=\"widget\" data-widget_type=\"dng_square_showcase.default\">\n\t\t\t\t<div class=\"elementor-widget-container\">\n\t\t\t\t\t<div data-dng-c-square-showcase \n        class=\"dng-c-square-showcase dng-c-square-showcase--clear flex flex-col md:flex-row w-screen \">\n      <div class=\"w-full md:w-1\/2 order-2 md:order-1\"><div class=\"dng-wrapper\">\n        <div class=\"dng-content\">\n      <h2 class=\"dng-title mb-xs\">OLLA LONGA<\/h2>\n      \n    \n                <div class=\"dng-sec-description\">\n      <p>Para iniciar as sess\u00f5es de trabalho, ped\u00edamos aos artes\u00e3os para nos trazerem problem\u00e1ticas que os preocupam e projetos que lhes interessava trabalhar. O Ricardo Lopes trouxe-nos uma Olla que arrancou do seu quintal, onde tinha testado este sistema de rega ancestral muito usado em zonas \u00e1ridas. Decidimos imediatamente que este seria um projeto obrigat\u00f3rio dado o contexto planet\u00e1rio e da seca que assola a regi\u00e3o do Algarve em particular.<\/p>        <\/div>\n      \n        <\/div>\n    <\/div>\n      <\/div>\n      <div class=\"dng-media w-full md:w-1\/2 order-1 md:order-2\"><div class=\"dng-wrapper\" data-dng-c-slideshow>\n        <div class=\"swiper w-full\">\n      <div class=\"swiper-wrapper\">\n              <div class=\"swiper-slide aspect-square object-cover w-full h-full\">\n      <img decoding=\"async\"  class=\"w-full h-full object-cover\" src=\"https:\/\/loulecriativo.pt\/wp-content\/uploads\/2025\/11\/550A3924-scaled-e1764242860180.jpg\" alt=\"\" playsinline=\"\"  muted=\"\"  loop=\"\"  data-play-on-slide=\"\" >          <\/div>\n              <\/div>\n      <div class=\"swiper-pagination\"><\/div>\n    <\/div>\n    <\/div>\n      <\/div>\n    <\/div>\n    \t\t\t\t<\/div>\n\t\t\t\t<\/div>\n\t\t\t\t<div class=\"elementor-element elementor-element-55fafbd elementor-widget elementor-widget-dng_square_showcase\" data-id=\"55fafbd\" data-element_type=\"widget\" data-widget_type=\"dng_square_showcase.default\">\n\t\t\t\t<div class=\"elementor-widget-container\">\n\t\t\t\t\t<div data-dng-c-square-showcase \n        class=\"dng-c-square-showcase flex flex-col md:flex-row w-screen \">\n      <div class=\"w-full md:w-1\/2 order-2 md:order-2\"><div class=\"dng-wrapper\">\n        <div class=\"dng-content\">\n      <h2 class=\"dng-title mb-xs\">OLLA LONGA<\/h2>\n      \n    \n            <div class=\"dng-description text-body-1 mb-sm gap-xs\">\n      <p>Materials RED CLAY<br>pottery RICARDO LOPES<br>design HENRIQUE RALHETA, HUGO DA SILVA AND VANESSA DOMINGUES<\/p>        <\/div>\n                  <div class=\"dng-sec-description\">\n      <p>As Ollas s\u00e3o potes de barro n\u00e3o vidrado que, pela microporosidade deste material, ao serem enterradas na terra, permitem \u00e0s ra\u00edzes das plantas puxar a \u00e1gua conforme as suas necessidades, numa muito eficiente utiliza\u00e7\u00e3o deste recurso esca\u00e7o.<br \/>Este modelo foi pensado para hortas dom\u00e9sticas de m\u00e9dia dimens\u00e3o, plantadas em linha, abrangendo cada Olla uma \u00e1rea de 90 x 60cm.<\/p>        <\/div>\n      \n        <\/div>\n    <\/div>\n      <\/div>\n      <div class=\"dng-media w-full md:w-1\/2 order-1 md:order-1\"><div class=\"dng-wrapper\" data-dng-c-slideshow>\n        <div class=\"swiper w-full\">\n      <div class=\"swiper-wrapper\">\n              <div class=\"swiper-slide aspect-square object-cover w-full h-full\">\n      <img decoding=\"async\"  class=\"w-full h-full object-cover\" src=\"https:\/\/loulecriativo.pt\/wp-content\/uploads\/2025\/11\/550A9880-scaled.jpg\" alt=\"\" playsinline=\"\"  muted=\"\"  loop=\"\"  data-play-on-slide=\"\" >          <\/div>\n              <\/div>\n      <div class=\"swiper-pagination\"><\/div>\n    <\/div>\n    <\/div>\n      <\/div>\n    <\/div>\n    \t\t\t\t<\/div>\n\t\t\t\t<\/div>\n\t\t\t\t<div class=\"elementor-element elementor-element-30bc5b9 elementor-widget elementor-widget-dng_square_showcase\" data-id=\"30bc5b9\" data-element_type=\"widget\" data-widget_type=\"dng_square_showcase.default\">\n\t\t\t\t<div class=\"elementor-widget-container\">\n\t\t\t\t\t<div data-dng-c-square-showcase \n        class=\"dng-c-square-showcase dng-c-square-showcase--clear flex flex-col md:flex-row w-screen \">\n      <div class=\"w-full md:w-1\/2 order-2 md:order-1\"><div class=\"dng-wrapper\">\n        <div class=\"dng-content\">\n      <h2 class=\"dng-title mb-xs\">POTS STORAGE<\/h2>\n      \n    \n            <div class=\"dng-description text-body-1 mb-sm gap-xs\">\n      <p>Materials RED CLAY<br>pottery RICARDO LOPES<br>design HENRIQUE RALHETA<\/p>        <\/div>\n                  <div class=\"dng-sec-description\">\n      <p>Partindo do funcionamento das Ollas (em que as ra\u00edzes puxam a \u00e1gua atrav\u00e9s do barro n\u00e3o vidrado, conforme as suas necessidades) foi criado este modelo de vaso, com dep\u00f3sito de \u00e1guas nas suas paredes. Esta alternativa \u00e0 rega, permite uma utiliza\u00e7\u00e3o racional da \u00e1gua e intervalos de rega muito maiores.<\/p>        <\/div>\n      \n        <\/div>\n    <\/div>\n      <\/div>\n      <div class=\"dng-media w-full md:w-1\/2 order-1 md:order-2\"><div class=\"dng-wrapper\" data-dng-c-slideshow>\n        <div class=\"swiper w-full\">\n      <div class=\"swiper-wrapper\">\n              <div class=\"swiper-slide aspect-square object-cover w-full h-full\">\n      <img decoding=\"async\"  class=\"w-full h-full object-cover\" src=\"https:\/\/loulecriativo.pt\/wp-content\/uploads\/2025\/11\/550A1182-scaled.jpg\" alt=\"\" playsinline=\"\"  muted=\"\"  loop=\"\"  data-play-on-slide=\"\" >          <\/div>\n                  <div class=\"swiper-slide aspect-square object-cover w-full h-full\">\n      <img decoding=\"async\"  class=\"w-full h-full object-cover\" src=\"https:\/\/loulecriativo.pt\/wp-content\/uploads\/2025\/11\/550A9801-scaled-e1764243254627.jpg\" alt=\"\" playsinline=\"\"  muted=\"\"  loop=\"\"  data-play-on-slide=\"\" >          <\/div>\n              <\/div>\n      <div class=\"swiper-pagination\"><\/div>\n    <\/div>\n    <\/div>\n      <\/div>\n    <\/div>\n    \t\t\t\t<\/div>\n\t\t\t\t<\/div>\n\t\t\t\t<div class=\"elementor-element elementor-element-8334645 elementor-widget elementor-widget-dng_square_showcase\" data-id=\"8334645\" data-element_type=\"widget\" data-widget_type=\"dng_square_showcase.default\">\n\t\t\t\t<div class=\"elementor-widget-container\">\n\t\t\t\t\t<div data-dng-c-square-showcase \n        class=\"dng-c-square-showcase flex flex-col md:flex-row w-screen \">\n      <div class=\"w-full md:w-1\/2 order-2 md:order-2\"><div class=\"dng-wrapper\">\n        <div class=\"dng-content\">\n      <h2 class=\"dng-title mb-xs\">VEGETABLE BOXES<\/h2>\n      \n    \n            <div class=\"dng-description text-body-1 mb-sm gap-xs\">\n      <p>Materials CLAY<br>pottery RICARDO LOPES<br>design VANESSA DOMINGUES<\/p>        <\/div>\n                  <div class=\"dng-sec-description\">\n      <p>Partindo das propriedades de regula\u00e7\u00e3o de temperatura e humidade naturais ao barro, foi criado um sistema de caixas para arruma\u00e7\u00e3o de legumes, que ajudar\u00e3o a prolongar a longevidade e frescura dos mesmos.<\/p>        <\/div>\n      \n        <\/div>\n    <\/div>\n      <\/div>\n      <div class=\"dng-media w-full md:w-1\/2 order-1 md:order-1\"><div class=\"dng-wrapper\" data-dng-c-slideshow>\n        <div class=\"swiper w-full\">\n      <div class=\"swiper-wrapper\">\n              <div class=\"swiper-slide aspect-square object-cover w-full h-full\">\n      <img decoding=\"async\"  class=\"w-full h-full object-cover\" src=\"https:\/\/loulecriativo.pt\/wp-content\/uploads\/2025\/11\/550A9974-scaled-e1764243343584.jpg\" alt=\"\" playsinline=\"\"  muted=\"\"  loop=\"\"  data-play-on-slide=\"\" >          <\/div>\n              <\/div>\n      <div class=\"swiper-pagination\"><\/div>\n    <\/div>\n    <\/div>\n      <\/div>\n    <\/div>\n    \t\t\t\t<\/div>\n\t\t\t\t<\/div>\n\t\t\t\t<div class=\"elementor-element elementor-element-fee0004 elementor-widget elementor-widget-dng_square_showcase\" data-id=\"fee0004\" data-element_type=\"widget\" data-widget_type=\"dng_square_showcase.default\">\n\t\t\t\t<div class=\"elementor-widget-container\">\n\t\t\t\t\t<div data-dng-c-square-showcase \n        class=\"dng-c-square-showcase dng-c-square-showcase--clear flex flex-col md:flex-row w-screen \">\n      <div class=\"w-full md:w-1\/2 order-2 md:order-1\"><div class=\"dng-wrapper\">\n        <div class=\"dng-content\">\n      <h2 class=\"dng-title mb-xs\">BREAD BOX<\/h2>\n      \n    \n            <div class=\"dng-description text-body-1 mb-sm gap-xs\">\n      <p>Materials CLAY  PINE<br>pottery RICARDO LOPES<br>woodworking WESLEY SACARDI<br>design VANESSA DOMINGUES<\/p>        <\/div>\n                  <div class=\"dng-sec-description\">\n      <p>Partindo das propriedades de regula\u00e7\u00e3o de temperatura e humidade naturais ao barro, foi concebida uma caixa para guardar p\u00e3o que ajuda a preservar a sua frescura durante mais tempo. A tampa em madeira foi pensada para servir de t\u00e1bua de corte.<\/p>        <\/div>\n      \n        <\/div>\n    <\/div>\n      <\/div>\n      <div class=\"dng-media w-full md:w-1\/2 order-1 md:order-2\"><div class=\"dng-wrapper\" data-dng-c-slideshow>\n        <div class=\"swiper w-full\">\n      <div class=\"swiper-wrapper\">\n              <div class=\"swiper-slide aspect-square object-cover w-full h-full\">\n      <img decoding=\"async\"  class=\"w-full h-full object-cover\" src=\"https:\/\/loulecriativo.pt\/wp-content\/uploads\/2025\/11\/550A0791-scaled-e1764243453253.jpg\" alt=\"\" playsinline=\"\"  muted=\"\"  loop=\"\"  data-play-on-slide=\"\" >          <\/div>\n              <\/div>\n      <div class=\"swiper-pagination\"><\/div>\n    <\/div>\n    <\/div>\n      <\/div>\n    <\/div>\n    \t\t\t\t<\/div>\n\t\t\t\t<\/div>\n\t\t\t\t<div class=\"elementor-element elementor-element-f2a5260 elementor-widget elementor-widget-dng_square_showcase\" data-id=\"f2a5260\" data-element_type=\"widget\" data-widget_type=\"dng_square_showcase.default\">\n\t\t\t\t<div class=\"elementor-widget-container\">\n\t\t\t\t\t<div data-dng-c-square-showcase \n        class=\"dng-c-square-showcase flex flex-col md:flex-row w-screen \">\n      <div class=\"w-full md:w-1\/2 order-2 md:order-2\"><div class=\"dng-wrapper\">\n        <div class=\"dng-content\">\n      <h2 class=\"dng-title mb-xs\">BIG-HEADED POTS<\/h2>\n      \n    \n            <div class=\"dng-description text-body-1 mb-sm gap-xs\">\n      <p>materials BODIES IN CLAY OR COPPER, PALM COVERS<br>work in palm S\u00d3NIA MENDEZ<br>boiler shop NUNO PALMA<br>pottery RICARDO LOPES<br>design HENRIQUE RALHETA<\/p>        <\/div>\n                  <div class=\"dng-sec-description\">\n      <p>A partir de reminisc\u00eancias do centen\u00e1rio entrudo louletano, potes de silhuetas tradicionais mascaram-se com tampas desconcertantes. As tampas s\u00e3o aqui uma manifesta\u00e7\u00e3o de liberdade criativa provando que a express\u00e3o das t\u00e9cnicas tradicionais pode levar-nos a novos universos.<\/p>        <\/div>\n      \n        <\/div>\n    <\/div>\n      <\/div>\n      <div class=\"dng-media w-full md:w-1\/2 order-1 md:order-1\"><div class=\"dng-wrapper\" data-dng-c-slideshow>\n        <div class=\"swiper w-full\">\n      <div class=\"swiper-wrapper\">\n              <div class=\"swiper-slide aspect-square object-cover w-full h-full\">\n      <img decoding=\"async\"  class=\"w-full h-full object-cover\" src=\"https:\/\/loulecriativo.pt\/wp-content\/uploads\/2025\/11\/550A0428-scaled-e1764243531829.jpg\" alt=\"\" playsinline=\"\"  muted=\"\"  loop=\"\"  data-play-on-slide=\"\" >          <\/div>\n              <\/div>\n      <div class=\"swiper-pagination\"><\/div>\n    <\/div>\n    <\/div>\n      <\/div>\n    <\/div>\n    \t\t\t\t<\/div>\n\t\t\t\t<\/div>\n\t\t\t\t<div class=\"elementor-element elementor-element-138a5d0 elementor-widget elementor-widget-dng_square_showcase\" data-id=\"138a5d0\" data-element_type=\"widget\" data-widget_type=\"dng_square_showcase.default\">\n\t\t\t\t<div class=\"elementor-widget-container\">\n\t\t\t\t\t<div data-dng-c-square-showcase \n        class=\"dng-c-square-showcase dng-c-square-showcase--clear flex flex-col md:flex-row w-screen \">\n      <div class=\"w-full md:w-1\/2 order-2 md:order-1\"><div class=\"dng-wrapper\">\n        <div class=\"dng-content\">\n      <h2 class=\"dng-title mb-xs\">BOTTLE<\/h2>\n      \n    \n            <div class=\"dng-description text-body-1 mb-sm gap-xs\">\n      <p>Materials CLAY<br>pottery RICARDO LOPES<br>design HUGO DA SILVA<\/p>        <\/div>\n                  <div class=\"dng-sec-description\">\n      <p>Inspirados pelo esplendor dos Banhos Isl\u00e2micos em Loul\u00e9, onde uma riqueza de pe\u00e7as fragmentadas revela um processo meticuloso de reconstru\u00e7\u00e3o, sentimos o \u00edmpeto de refletir sobre a reprodu\u00e7\u00e3o dessa mescla de formas. No entanto, ao serem moldadas na roda do oleiro, tudo se transforma e se une de maneira surpreendente. As m\u00e3os de mestre do Ricardo captam a forma em cada pe\u00e7a, mas o resultado \u00e9 \u00fanico e irrepet\u00edvel.<\/p>        <\/div>\n      \n        <\/div>\n    <\/div>\n      <\/div>\n      <div class=\"dng-media w-full md:w-1\/2 order-1 md:order-2\"><div class=\"dng-wrapper\" data-dng-c-slideshow>\n        <div class=\"swiper w-full\">\n      <div class=\"swiper-wrapper\">\n              <div class=\"swiper-slide aspect-square object-cover w-full h-full\">\n      <img decoding=\"async\"  class=\"w-full h-full object-cover\" src=\"https:\/\/loulecriativo.pt\/wp-content\/uploads\/2025\/11\/550A0583-scaled.jpg\" alt=\"\" playsinline=\"\"  muted=\"\"  loop=\"\"  data-play-on-slide=\"\" >          <\/div>\n              <\/div>\n      <div class=\"swiper-pagination\"><\/div>\n    <\/div>\n    <\/div>\n      <\/div>\n    <\/div>\n    \t\t\t\t<\/div>\n\t\t\t\t<\/div>\n\t\t\t\t<div class=\"elementor-element elementor-element-6a512f1 elementor-widget elementor-widget-dng_square_showcase\" data-id=\"6a512f1\" data-element_type=\"widget\" data-widget_type=\"dng_square_showcase.default\">\n\t\t\t\t<div class=\"elementor-widget-container\">\n\t\t\t\t\t<div data-dng-c-square-showcase \n        class=\"dng-c-square-showcase flex flex-col md:flex-row w-screen \">\n      <div class=\"w-full md:w-1\/2 order-2 md:order-2\"><div class=\"dng-wrapper\">\n        <div class=\"dng-content\">\n      <h2 class=\"dng-title mb-xs\">ABANICOS<\/h2>\n      \n    \n            <div class=\"dng-description text-body-1 mb-sm gap-xs\">\n      <p>materials PALM AND OLIVE WOOD (from pruning)<br>work in palm S\u00d3NIA MENDEZ<br>cabinetmaker WESLEY SACARDI<br>design HENRIQUE RALHETA<\/p>        <\/div>\n                  <div class=\"dng-sec-description\">\n      <p>Os abanicos s\u00e3o uma das pe\u00e7as mais emblem\u00e1ticas da produ\u00e7\u00e3o em palma. Usados ainda hoje para avivar as brasas do lume, continuam a ser produzidos pelas artes\u00e3s da casa da empreita. Geralmente, para o cabo, \u00e9 usada uma cana ou um ramo de aloendro presa com um prego dobrado.<\/p><p>O que propomos aqui \u00e9 uma pequena atualiza\u00e7\u00e3o com a cria\u00e7\u00e3o de um cabo mais robusto em que a fixa\u00e7\u00e3o \u00e9 uma costura em palma, sem a introdu\u00e7\u00e3o de elementos n\u00e3o naturais.<\/p>        <\/div>\n      \n        <\/div>\n    <\/div>\n      <\/div>\n      <div class=\"dng-media w-full md:w-1\/2 order-1 md:order-1\"><div class=\"dng-wrapper\" data-dng-c-slideshow>\n        <div class=\"swiper w-full\">\n      <div class=\"swiper-wrapper\">\n              <div class=\"swiper-slide aspect-square object-cover w-full h-full\">\n      <img decoding=\"async\"  class=\"w-full h-full object-cover\" src=\"https:\/\/loulecriativo.pt\/wp-content\/uploads\/2025\/11\/550A0110-scaled-e1764243731134.jpg\" alt=\"\" playsinline=\"\"  muted=\"\"  loop=\"\"  data-play-on-slide=\"\" >          <\/div>\n              <\/div>\n      <div class=\"swiper-pagination\"><\/div>\n    <\/div>\n    <\/div>\n      <\/div>\n    <\/div>\n    \t\t\t\t<\/div>\n\t\t\t\t<\/div>\n\t\t\t\t<div class=\"elementor-element elementor-element-d126544 elementor-widget elementor-widget-dng_square_showcase\" data-id=\"d126544\" data-element_type=\"widget\" data-widget_type=\"dng_square_showcase.default\">\n\t\t\t\t<div class=\"elementor-widget-container\">\n\t\t\t\t\t<div data-dng-c-square-showcase \n        class=\"dng-c-square-showcase dng-c-square-showcase--clear flex flex-col md:flex-row w-screen \">\n      <div class=\"w-full md:w-1\/2 order-2 md:order-1\"><div class=\"dng-wrapper\">\n        <div class=\"dng-content\">\n      <h2 class=\"dng-title mb-xs\">PALM BRUSHES<\/h2>\n      \n    \n            <div class=\"dng-description text-body-1 mb-sm gap-xs\">\n      <p>Materials PALM AND OLIVE WOOD<br>work in palm S\u00d3NIA MENDEZ<br>woodworking WESLEY SACARDI<br>design HENRIQUE RALHETA<\/p>        <\/div>\n                  <div class=\"dng-sec-description\">\n      <p>Utilit\u00e1rias escovas que juntam a bela madeira de oliveira proveniente de podas locais com a tradicional palma que foi aqui ripada at\u00e9 ficar com finos e resistentes fios. O entrela\u00e7ar dos dois materiais gera singulares padr\u00f5es gr\u00e1ficos.<\/p>        <\/div>\n      \n        <\/div>\n    <\/div>\n      <\/div>\n      <div class=\"dng-media w-full md:w-1\/2 order-1 md:order-2\"><div class=\"dng-wrapper\" data-dng-c-slideshow>\n        <div class=\"swiper w-full\">\n      <div class=\"swiper-wrapper\">\n              <div class=\"swiper-slide aspect-square object-cover w-full h-full\">\n      <img decoding=\"async\"  class=\"w-full h-full object-cover\" src=\"https:\/\/loulecriativo.pt\/wp-content\/uploads\/2025\/11\/550A0575-scaled-e1764243815427.jpg\" alt=\"\" playsinline=\"\"  muted=\"\"  loop=\"\"  data-play-on-slide=\"\" >          <\/div>\n              <\/div>\n      <div class=\"swiper-pagination\"><\/div>\n    <\/div>\n    <\/div>\n      <\/div>\n    <\/div>\n    \t\t\t\t<\/div>\n\t\t\t\t<\/div>\n\t\t\t\t<div class=\"elementor-element elementor-element-067a911 elementor-widget elementor-widget-dng_square_showcase\" data-id=\"067a911\" data-element_type=\"widget\" data-widget_type=\"dng_square_showcase.default\">\n\t\t\t\t<div class=\"elementor-widget-container\">\n\t\t\t\t\t<div data-dng-c-square-showcase \n        class=\"dng-c-square-showcase flex flex-col md:flex-row w-screen \">\n      <div class=\"w-full md:w-1\/2 order-2 md:order-2\"><div class=\"dng-wrapper\">\n        <div class=\"dng-content\">\n      <h2 class=\"dng-title mb-xs\">FIREWOOD RUG<\/h2>\n      \n    \n            <div class=\"dng-description text-body-1 mb-sm gap-xs\">\n      <p>ESPARTO materials<br>esparto work ISIDORO RAMOS<br>design VANESSA DOMINGUES<\/p>        <\/div>\n                  <div class=\"dng-sec-description\">\n      <p>Inspirado na robustez do esparto e na sua utiliza\u00e7\u00e3o para cestos resistentes e dur\u00e1veis, este tapete para transportar lenha foi criado para reimaginar a aplica\u00e7\u00e3o pr\u00e1tica deste material, com um design mais simples e enfatizando a praticidade de uso.<\/p>        <\/div>\n      \n        <\/div>\n    <\/div>\n      <\/div>\n      <div class=\"dng-media w-full md:w-1\/2 order-1 md:order-1\"><div class=\"dng-wrapper\" data-dng-c-slideshow>\n        <div class=\"swiper w-full\">\n      <div class=\"swiper-wrapper\">\n              <div class=\"swiper-slide aspect-square object-cover w-full h-full\">\n      <img decoding=\"async\"  class=\"w-full h-full object-cover\" src=\"https:\/\/loulecriativo.pt\/wp-content\/uploads\/2025\/11\/550A0188-scaled-e1764243903216.jpg\" alt=\"\" playsinline=\"\"  muted=\"\"  loop=\"\"  data-play-on-slide=\"\" >          <\/div>\n              <\/div>\n      <div class=\"swiper-pagination\"><\/div>\n    <\/div>\n    <\/div>\n      <\/div>\n    <\/div>\n    \t\t\t\t<\/div>\n\t\t\t\t<\/div>\n\t\t\t\t<div class=\"elementor-element elementor-element-4254a4a elementor-widget elementor-widget-dng_square_showcase\" data-id=\"4254a4a\" data-element_type=\"widget\" data-widget_type=\"dng_square_showcase.default\">\n\t\t\t\t<div class=\"elementor-widget-container\">\n\t\t\t\t\t<div data-dng-c-square-showcase \n        class=\"dng-c-square-showcase dng-c-square-showcase--clear flex flex-col md:flex-row w-screen \">\n      <div class=\"w-full md:w-1\/2 order-2 md:order-1\"><div class=\"dng-wrapper\">\n        <div class=\"dng-content\">\n      <h2 class=\"dng-title mb-xs\">MICRO-ENTERPRISE JEWELLERY BOX<\/h2>\n      \n    \n            <div class=\"dng-description text-body-1 mb-sm gap-xs\">\n      <p>PALM materials<br>SONIA MENDEZ<br>design HUGO DA SILVA<\/p>        <\/div>\n                  <div class=\"dng-sec-description\">\n      <p>Al\u00e9m dos trabalhos em palma mais conhecidos, encontramos em museus pe\u00e7as que exibem um minucioso, cuidadoso e delicado uso de uma palma ainda mais fina do que o habitual. Esse foi o desafio que apresent\u00e1mos \u00e0 Sonia Mendez, cuja habilidade nos permitiu criar formas inspiradas nas influ\u00eancias \u00e1rabes das chamin\u00e9s algarvias. Essas formas foram simplificadas para destacar a per\u00edcia e a min\u00facia do trabalho.<\/p>        <\/div>\n      \n        <\/div>\n    <\/div>\n      <\/div>\n      <div class=\"dng-media w-full md:w-1\/2 order-1 md:order-2\"><div class=\"dng-wrapper\" data-dng-c-slideshow>\n        <div class=\"swiper w-full\">\n      <div class=\"swiper-wrapper\">\n              <div class=\"swiper-slide aspect-square object-cover w-full h-full\">\n      <img decoding=\"async\"  class=\"w-full h-full object-cover\" src=\"https:\/\/loulecriativo.pt\/wp-content\/uploads\/2025\/11\/550A0263-scaled-e1764243992633.jpg\" alt=\"\" playsinline=\"\"  muted=\"\"  loop=\"\"  data-play-on-slide=\"\" >          <\/div>\n              <\/div>\n      <div class=\"swiper-pagination\"><\/div>\n    <\/div>\n    <\/div>\n      <\/div>\n    <\/div>\n    \t\t\t\t<\/div>\n\t\t\t\t<\/div>\n\t\t\t\t<div class=\"elementor-element elementor-element-85ed376 elementor-widget elementor-widget-dng_square_showcase\" data-id=\"85ed376\" data-element_type=\"widget\" data-widget_type=\"dng_square_showcase.default\">\n\t\t\t\t<div class=\"elementor-widget-container\">\n\t\t\t\t\t<div data-dng-c-square-showcase \n        class=\"dng-c-square-showcase flex flex-col md:flex-row w-screen \">\n      <div class=\"w-full md:w-1\/2 order-2 md:order-2\"><div class=\"dng-wrapper\">\n        <div class=\"dng-content\">\n      <h2 class=\"dng-title mb-xs\">JEWELRY BOX<\/h2>\n      \n    \n            <div class=\"dng-description text-body-1 mb-sm gap-xs\">\n      <p>Materials COPPER<br>JORGE D\u00d3RIA boiler shop<br>design VANESSA DOMINGUES<\/p>        <\/div>\n                  <div class=\"dng-sec-description\">\n      <p>Honrando a hist\u00f3rica arte de trabalhar o cobre, t\u00edpica de Loul\u00e9, foi desenhado uma pequena caixa guarda joias. A sua forma \u00e9 inspirada nas cl\u00e1ssicas cataplanas e recupera as t\u00e9cnicas de produ\u00e7\u00e3o artesanais de forma minuciosa e delicada a cada martelada que a molda.<\/p>        <\/div>\n      \n        <\/div>\n    <\/div>\n      <\/div>\n      <div class=\"dng-media w-full md:w-1\/2 order-1 md:order-1\"><div class=\"dng-wrapper\" data-dng-c-slideshow>\n        <div class=\"swiper w-full\">\n      <div class=\"swiper-wrapper\">\n              <div class=\"swiper-slide aspect-square object-cover w-full h-full\">\n      <img decoding=\"async\"  class=\"w-full h-full object-cover\" src=\"https:\/\/loulecriativo.pt\/wp-content\/uploads\/2025\/11\/550A0297-scaled-e1764244150139.jpg\" alt=\"\" playsinline=\"\"  muted=\"\"  loop=\"\"  data-play-on-slide=\"\" >          <\/div>\n              <\/div>\n      <div class=\"swiper-pagination\"><\/div>\n    <\/div>\n    <\/div>\n      <\/div>\n    <\/div>\n    \t\t\t\t<\/div>\n\t\t\t\t<\/div>\n\t\t\t\t<div class=\"elementor-element elementor-element-9407d51 elementor-widget elementor-widget-dng_square_showcase\" data-id=\"9407d51\" data-element_type=\"widget\" data-widget_type=\"dng_square_showcase.default\">\n\t\t\t\t<div class=\"elementor-widget-container\">\n\t\t\t\t\t<div data-dng-c-square-showcase \n        class=\"dng-c-square-showcase dng-c-square-showcase--clear flex flex-col md:flex-row w-screen \">\n      <div class=\"w-full md:w-1\/2 order-2 md:order-1\"><div class=\"dng-wrapper\">\n        <div class=\"dng-content\">\n      <h2 class=\"dng-title mb-xs\">SPROUTED BOWLS<\/h2>\n      \n    \n            <div class=\"dng-description text-body-1 mb-sm gap-xs\">\n      <p>Materials COPPER<br>boiler shop ANALIDE CARMO<br>design HUGO DA SILVA<\/p>        <\/div>\n                  <div class=\"dng-sec-description\">\n      <p>As ta\u00e7as surgiram da busca por criar pe\u00e7as com formas org\u00e2nicas, mantendo ao m\u00ednimo poss\u00edvel o desperd\u00edcio de chapa de cobre. Durante o processo de planifica\u00e7\u00e3o, as formas emergem como bolhas que se encaixam e se deformam entre si harmoniosamente. \u00c0 medida que adquirem volume, surgem ondula\u00e7\u00f5es \u00fanicas e cada pe\u00e7a cresce de forma distinta.<\/p>        <\/div>\n      \n        <\/div>\n    <\/div>\n      <\/div>\n      <div class=\"dng-media w-full md:w-1\/2 order-1 md:order-2\"><div class=\"dng-wrapper\" data-dng-c-slideshow>\n        <div class=\"swiper w-full\">\n      <div class=\"swiper-wrapper\">\n              <div class=\"swiper-slide aspect-square object-cover w-full h-full\">\n      <img decoding=\"async\"  class=\"w-full h-full object-cover\" src=\"https:\/\/loulecriativo.pt\/wp-content\/uploads\/2025\/11\/550A0870-scaled-e1764244229216.jpg\" alt=\"\" playsinline=\"\"  muted=\"\"  loop=\"\"  data-play-on-slide=\"\" >          <\/div>\n              <\/div>\n      <div class=\"swiper-pagination\"><\/div>\n    <\/div>\n    <\/div>\n      <\/div>\n    <\/div>\n    \t\t\t\t<\/div>\n\t\t\t\t<\/div>\n\t\t\t\t<div class=\"elementor-element elementor-element-99bc83e elementor-widget elementor-widget-dng_square_showcase\" data-id=\"99bc83e\" data-element_type=\"widget\" data-widget_type=\"dng_square_showcase.default\">\n\t\t\t\t<div class=\"elementor-widget-container\">\n\t\t\t\t\t<div data-dng-c-square-showcase \n        class=\"dng-c-square-showcase flex flex-col md:flex-row w-screen \">\n      <div class=\"w-full md:w-1\/2 order-2 md:order-2\"><div class=\"dng-wrapper\">\n        <div class=\"dng-content\">\n      <h2 class=\"dng-title mb-xs\">MESH SHELF<\/h2>\n      \n    \n            <div class=\"dng-description text-body-1 mb-sm gap-xs\">\n      <p>materials PALM, CANA<br>work in palm OLIMPIA CABRITA<br>design HENRIQUE RALHETA<\/p>        <\/div>\n                  <div class=\"dng-sec-description\">\n      <p>A malha de palma com alma em cana, \u00e9 uma bel\u00edssima t\u00e9cnica tradicional que merece ser potenciada. Foi muito usada em acess\u00f3rios como malas, cestas, cedoiras e tabuleiros. Nesta cole\u00e7\u00e3o de produtos testou-se o potencial do material em tr\u00eas vertentes: resist\u00eancia, linguagem geom\u00e9tricas e escala, aproximando-se de mobili\u00e1rio e desafiando a versatilidade que a t\u00e9cnica oferece.<\/p>        <\/div>\n      \n        <\/div>\n    <\/div>\n      <\/div>\n      <div class=\"dng-media w-full md:w-1\/2 order-1 md:order-1\"><div class=\"dng-wrapper\" data-dng-c-slideshow>\n        <div class=\"swiper w-full\">\n      <div class=\"swiper-wrapper\">\n              <div class=\"swiper-slide aspect-square object-cover w-full h-full\">\n      <img decoding=\"async\"  class=\"w-full h-full object-cover\" src=\"https:\/\/loulecriativo.pt\/wp-content\/uploads\/2025\/11\/550A0941-scaled-e1764245711116.jpg\" alt=\"\" playsinline=\"\"  muted=\"\"  loop=\"\"  data-play-on-slide=\"\" >          <\/div>\n              <\/div>\n      <div class=\"swiper-pagination\"><\/div>\n    <\/div>\n    <\/div>\n      <\/div>\n    <\/div>\n    \t\t\t\t<\/div>\n\t\t\t\t<\/div>\n\t\t\t\t<div class=\"elementor-element elementor-element-2561955 elementor-widget elementor-widget-dng_square_showcase\" data-id=\"2561955\" data-element_type=\"widget\" data-widget_type=\"dng_square_showcase.default\">\n\t\t\t\t<div class=\"elementor-widget-container\">\n\t\t\t\t\t<div data-dng-c-square-showcase \n        class=\"dng-c-square-showcase dng-c-square-showcase--clear flex flex-col md:flex-row w-screen \">\n      <div class=\"w-full md:w-1\/2 order-2 md:order-1\"><div class=\"dng-wrapper\">\n        <div class=\"dng-content\">\n      <h2 class=\"dng-title mb-xs\">SHELF WITH POCKET<\/h2>\n      \n    \n            <div class=\"dng-description text-body-1 mb-sm gap-xs\">\n      <p>materials PALM, CANA<br>work in palm OLIMPIA CABRITA<br>design HUGO DA SILVA<\/p>        <\/div>\n                  <div class=\"dng-sec-description\">\n      <p>A malha de palma com alma em cana, \u00e9 uma bel\u00edssima t\u00e9cnica tradicional que merece ser potenciada. Foi muito usada em acess\u00f3rios como malas, cestas, cedoiras e tabuleiros. Nesta cole\u00e7\u00e3o de produtos testou-se o potencial do material em tr\u00eas vertentes: resist\u00eancia, linguagem geom\u00e9tricas e escala, aproximando-se de mobili\u00e1rio e desafiando a versatilidade que a t\u00e9cnica oferece.<\/p>        <\/div>\n      \n        <\/div>\n    <\/div>\n      <\/div>\n      <div class=\"dng-media w-full md:w-1\/2 order-1 md:order-2\"><div class=\"dng-wrapper\" data-dng-c-slideshow>\n        <div class=\"swiper w-full\">\n      <div class=\"swiper-wrapper\">\n              <div class=\"swiper-slide aspect-square object-cover w-full h-full\">\n      <img decoding=\"async\"  class=\"w-full h-full object-cover\" src=\"https:\/\/loulecriativo.pt\/wp-content\/uploads\/2025\/11\/550A0979-scaled-e1764245784429.jpg\" alt=\"\" playsinline=\"\"  muted=\"\"  loop=\"\"  data-play-on-slide=\"\" >          <\/div>\n              <\/div>\n      <div class=\"swiper-pagination\"><\/div>\n    <\/div>\n    <\/div>\n      <\/div>\n    <\/div>\n    \t\t\t\t<\/div>\n\t\t\t\t<\/div>\n\t\t\t\t<div class=\"elementor-element elementor-element-1d6147e elementor-widget elementor-widget-dng_square_showcase\" data-id=\"1d6147e\" data-element_type=\"widget\" data-widget_type=\"dng_square_showcase.default\">\n\t\t\t\t<div class=\"elementor-widget-container\">\n\t\t\t\t\t<div data-dng-c-square-showcase \n        class=\"dng-c-square-showcase flex flex-col md:flex-row w-screen \">\n      <div class=\"w-full md:w-1\/2 order-2 md:order-2\"><div class=\"dng-wrapper\">\n        <div class=\"dng-content\">\n      <h2 class=\"dng-title mb-xs\">BEDSIDE TABLE<\/h2>\n      \n    \n            <div class=\"dng-description text-body-1 mb-sm gap-xs\">\n      <p>BEDSIDE TABLE<br>materials PALM, CANA<br>work in palm OLIMPIA CABRITA<br>design VANESSA DOMINGUES<\/p>        <\/div>\n                  <div class=\"dng-sec-description\">\n      <p>A malha de palma com alma em cana, \u00e9 uma bel\u00edssima t\u00e9cnica tradicional que merece ser potenciada. Foi muito usada em acess\u00f3rios como malas, cestas, cedoiras e tabuleiros. Nesta cole\u00e7\u00e3o de produtos testou-se o potencial do material em tr\u00eas vertentes: resist\u00eancia, linguagem geom\u00e9tricas e escala, aproximando-se de mobili\u00e1rio e desafiando a versatilidade que a t\u00e9cnica oferece.<\/p>        <\/div>\n      \n        <\/div>\n    <\/div>\n      <\/div>\n      <div class=\"dng-media w-full md:w-1\/2 order-1 md:order-1\"><div class=\"dng-wrapper\" data-dng-c-slideshow>\n        <div class=\"swiper w-full\">\n      <div class=\"swiper-wrapper\">\n              <div class=\"swiper-slide aspect-square object-cover w-full h-full\">\n      <img decoding=\"async\"  class=\"w-full h-full object-cover\" src=\"https:\/\/loulecriativo.pt\/wp-content\/uploads\/2025\/11\/550A0988-scaled-e1764245888871.jpg\" alt=\"\" playsinline=\"\"  muted=\"\"  loop=\"\"  data-play-on-slide=\"\" >          <\/div>\n              <\/div>\n      <div class=\"swiper-pagination\"><\/div>\n    <\/div>\n    <\/div>\n      <\/div>\n    <\/div>\n    \t\t\t\t<\/div>\n\t\t\t\t<\/div>\n\t\t\t\t<div class=\"elementor-element elementor-element-2e8677e elementor-widget elementor-widget-dng_square_showcase\" data-id=\"2e8677e\" data-element_type=\"widget\" data-widget_type=\"dng_square_showcase.default\">\n\t\t\t\t<div class=\"elementor-widget-container\">\n\t\t\t\t\t<div data-dng-c-square-showcase \n        class=\"dng-c-square-showcase dng-c-square-showcase--clear flex flex-col md:flex-row w-screen \">\n      <div class=\"w-full md:w-1\/2 order-2 md:order-1\"><div class=\"dng-wrapper\">\n        <div class=\"dng-content\">\n      <h2 class=\"dng-title mb-xs\">ROLLER BENCH<\/h2>\n      \n    \n            <div class=\"dng-description text-body-1 mb-sm gap-xs\">\n      <p>Materials ESPARTO AND WOOD<br>esparto work ISIDORO RAMOS<br>woodworking WESLEY SACARDI<br>design HENRIQUE RALHETA<\/p>        <\/div>\n                  <div class=\"dng-sec-description\">\n      <p>Nesta pe\u00e7a recuperam-se as rodilhas de assento, usadas em diferentes pontos do pa\u00eds, sobre bancos, cadeiras ou diretamente no ch\u00e3o. Noutras escalas serviam para assentar c\u00e2ntaros ou panelas. Aqui integramos numa estrutura fixa e passa a ser um banco. Mas porque n\u00e3o esquece a sua hist\u00f3ria, chama-se banco Rodilho.<\/p>        <\/div>\n      \n        <\/div>\n    <\/div>\n      <\/div>\n      <div class=\"dng-media w-full md:w-1\/2 order-1 md:order-2\"><div class=\"dng-wrapper\" data-dng-c-slideshow>\n        <div class=\"swiper w-full\">\n      <div class=\"swiper-wrapper\">\n              <div class=\"swiper-slide aspect-square object-cover w-full h-full\">\n      <img decoding=\"async\"  class=\"w-full h-full object-cover\" src=\"https:\/\/loulecriativo.pt\/wp-content\/uploads\/2025\/11\/550A0703-scaled-e1764245999689.jpg\" alt=\"\" playsinline=\"\"  muted=\"\"  loop=\"\"  data-play-on-slide=\"\" >          <\/div>\n              <\/div>\n      <div class=\"swiper-pagination\"><\/div>\n    <\/div>\n    <\/div>\n      <\/div>\n    <\/div>\n    \t\t\t\t<\/div>\n\t\t\t\t<\/div>\n\t\t\t\t<div class=\"elementor-element elementor-element-56983f3 elementor-widget elementor-widget-dng_square_showcase\" data-id=\"56983f3\" data-element_type=\"widget\" data-widget_type=\"dng_square_showcase.default\">\n\t\t\t\t<div class=\"elementor-widget-container\">\n\t\t\t\t\t<div data-dng-c-square-showcase \n        class=\"dng-c-square-showcase flex flex-col md:flex-row w-screen \">\n      <div class=\"w-full md:w-1\/2 order-2 md:order-2\"><div class=\"dng-wrapper\">\n        <div class=\"dng-content\">\n      <h2 class=\"dng-title mb-xs\">FABRIC<\/h2>\n      \n    \n            <div class=\"dng-description text-body-1 mb-sm gap-xs\">\n      <p>Materials PORTUGUESE WOOL, NATURAL DYEING<br>WITH CISTUS, POMEGRANATE PEELS, LICHENS AND EUCALYPTUS LEAVES<br>weaving SUSANA MENDEZ<br>design HUGO DA SILVA<\/p>        <\/div>\n                  <div class=\"dng-sec-description\">\n      <p>Num processo conjunto de investiga\u00e7\u00e3o de padr\u00f5es dos antigos alforges tecidos e o padr\u00e3o em diamante das mantas alentejanas, surgiu um tecido singular e assim\u00e9trico. Cada fase de tecelagem dedicado a cada padr\u00e3o reflete-se no resultado final, ora mais denso e uniforme, ora mais espa\u00e7ado e simples, permitindo a passagem da luz. Os tingimentos s\u00e3o feitos manualmente, utilizando materiais naturais encontrados no barrocal e na serra Algarvia.<\/p>        <\/div>\n      \n        <\/div>\n    <\/div>\n      <\/div>\n      <div class=\"dng-media w-full md:w-1\/2 order-1 md:order-1\"><div class=\"dng-wrapper\" data-dng-c-slideshow>\n        <div class=\"swiper w-full\">\n      <div class=\"swiper-wrapper\">\n              <div class=\"swiper-slide aspect-square object-cover w-full h-full\">\n      <img decoding=\"async\"  class=\"w-full h-full object-cover\" src=\"https:\/\/loulecriativo.pt\/wp-content\/uploads\/2025\/11\/550A0932-scaled-e1764246126868.jpg\" alt=\"\" playsinline=\"\"  muted=\"\"  loop=\"\"  data-play-on-slide=\"\" >          <\/div>\n              <\/div>\n      <div class=\"swiper-pagination\"><\/div>\n    <\/div>\n    <\/div>\n      <\/div>\n    <\/div>\n    \t\t\t\t<\/div>\n\t\t\t\t<\/div>\n\t\t\t\t<div class=\"elementor-element elementor-element-34ee81e elementor-widget elementor-widget-dng_square_showcase\" data-id=\"34ee81e\" data-element_type=\"widget\" data-widget_type=\"dng_square_showcase.default\">\n\t\t\t\t<div class=\"elementor-widget-container\">\n\t\t\t\t\t<div data-dng-c-square-showcase \n        class=\"dng-c-square-showcase dng-c-square-showcase--clear flex flex-col md:flex-row w-screen \">\n      <div class=\"w-full md:w-1\/2 order-2 md:order-1\"><div class=\"dng-wrapper\">\n        <div class=\"dng-content\">\n      <h2 class=\"dng-title mb-xs\">ASK PROCESS<\/h2>\n      \n    \n            <div class=\"dng-description text-body-1 mb-sm gap-xs\">\n      <p>Materials COPPER AND OLIVE WOOD<br>boiler shop NUNO PALMA<br>woodworking WESLEY SACARDI<\/p>        <\/div>\n                  <div class=\"dng-sec-description\">\n      <p>Moldar uma pe\u00e7a em cobre passa por diferentes fases em que o material vai assumindo diferentes cores e texturas, apaixonantes para quem assiste ao trabalho dos caldeireiros.<br \/>Nesta pe\u00e7a propomos a vis\u00e3o de todo o processo, numa cronologia do trabalho que revela:<br \/>1. o corte,<br \/>2. a queima que amolece,<br \/>3. a martelada que molda e enrijece,<br \/>4. o areado de limpeza,<br \/>5. a martelada de acabamento,<br \/>6. o polimento final.<\/p><p>A pe\u00e7a de parede tem uma natureza mais decorativa; a de mesa \u00e9 mais utilit\u00e1ria mas o que se procura nas duas \u00e9 a valoriza\u00e7\u00e3o deste saber fazer.<\/p>        <\/div>\n      \n        <\/div>\n    <\/div>\n      <\/div>\n      <div class=\"dng-media w-full md:w-1\/2 order-1 md:order-2\"><div class=\"dng-wrapper\" data-dng-c-slideshow>\n        <div class=\"swiper w-full\">\n      <div class=\"swiper-wrapper\">\n              <div class=\"swiper-slide aspect-square object-cover w-full h-full\">\n      <img decoding=\"async\"  class=\"w-full h-full object-cover\" src=\"https:\/\/loulecriativo.pt\/wp-content\/uploads\/2025\/11\/Design-sem-nome-1.jpg\" alt=\"\" playsinline=\"\"  muted=\"\"  loop=\"\"  data-play-on-slide=\"\" >          <\/div>\n              <\/div>\n      <div class=\"swiper-pagination\"><\/div>\n    <\/div>\n    <\/div>\n      <\/div>\n    <\/div>\n    \t\t\t\t<\/div>\n\t\t\t\t<\/div>\n\t\t\t\t<div class=\"elementor-element elementor-element-152b05a elementor-widget elementor-widget-dng_square_showcase\" data-id=\"152b05a\" data-element_type=\"widget\" data-widget_type=\"dng_square_showcase.default\">\n\t\t\t\t<div class=\"elementor-widget-container\">\n\t\t\t\t\t<div data-dng-c-square-showcase \n        class=\"dng-c-square-showcase flex flex-col md:flex-row w-screen \">\n      <div class=\"w-full md:w-1\/2 order-2 md:order-2\"><div class=\"dng-wrapper\">\n        <div class=\"dng-content\">\n      <h2 class=\"dng-title mb-xs\">SEED BOWLS<\/h2>\n      \n    \n            <div class=\"dng-description text-body-1 mb-sm gap-xs\">\n      <p>Materials COPPER<br>boiler shop JURGEN CRAMER<br>design HUGO DA SILVA<\/p>        <\/div>\n                  <div class=\"dng-sec-description\">\n      <p>A arte do trabalho em cobre surge do martelar da chapa, que a molda em formas e volumes distintos. Inicialmente, question\u00e1vamos como atribuir valor, volume e peso visual a uma chapa plana de cobre. Essa indaga\u00e7\u00e3o levou-nos a criar uma pe\u00e7a dupla, onde o vazio interior \u00e9 percebido como volume. A combina\u00e7\u00e3o com texturas decorativas que o Jurgen desenvolveu d\u00e3o vida \u00e0 pe\u00e7a, assemelhando-se a sementes prestes a germinar.<\/p>        <\/div>\n      \n        <\/div>\n    <\/div>\n      <\/div>\n      <div class=\"dng-media w-full md:w-1\/2 order-1 md:order-1\"><div class=\"dng-wrapper\" data-dng-c-slideshow>\n        <div class=\"swiper w-full\">\n      <div class=\"swiper-wrapper\">\n              <div class=\"swiper-slide aspect-square object-cover w-full h-full\">\n      <img decoding=\"async\"  class=\"w-full h-full object-cover\" src=\"https:\/\/loulecriativo.pt\/wp-content\/uploads\/2025\/11\/550A9932-scaled-e1764246603203.jpg\" alt=\"\" playsinline=\"\"  muted=\"\"  loop=\"\"  data-play-on-slide=\"\" >          <\/div>\n              <\/div>\n      <div class=\"swiper-pagination\"><\/div>\n    <\/div>\n    <\/div>\n      <\/div>\n    <\/div>\n    \t\t\t\t<\/div>\n\t\t\t\t<\/div>\n\t\t\t\t<div class=\"elementor-element elementor-element-985274d elementor-widget elementor-widget-dng_square_showcase\" data-id=\"985274d\" data-element_type=\"widget\" data-widget_type=\"dng_square_showcase.default\">\n\t\t\t\t<div class=\"elementor-widget-container\">\n\t\t\t\t\t<div data-dng-c-square-showcase \n        class=\"dng-c-square-showcase dng-c-square-showcase--clear flex flex-col md:flex-row w-screen \">\n      <div class=\"w-full md:w-1\/2 order-2 md:order-1\"><div class=\"dng-wrapper\">\n        <div class=\"dng-content\">\n      <h2 class=\"dng-title mb-xs\">CEILING LAMP<\/h2>\n      \n    \n            <div class=\"dng-description text-body-1 mb-sm gap-xs\">\n      <p>Materials COPPER<br>boiler shop JURGEN CRAMER<br>design VANESSA DOMINGUES<\/p>        <\/div>\n                  <div class=\"dng-sec-description\">\n      <p>Este candeeiro explora a flexibilidade do cobre enaltecendo a simples chapa cheia de hist\u00f3ria na arte de trabalhar o cobre. A superf\u00edcie polida ajuda a refletir a luz em v\u00e1rias dire\u00e7\u00f5es acompanhando a forma da pe\u00e7a.<\/p>        <\/div>\n      \n        <\/div>\n    <\/div>\n      <\/div>\n      <div class=\"dng-media w-full md:w-1\/2 order-1 md:order-2\"><div class=\"dng-wrapper\" data-dng-c-slideshow>\n        <div class=\"swiper w-full\">\n      <div class=\"swiper-wrapper\">\n              <div class=\"swiper-slide aspect-square object-cover w-full h-full\">\n      <img decoding=\"async\"  class=\"w-full h-full object-cover\" src=\"https:\/\/loulecriativo.pt\/wp-content\/uploads\/2025\/11\/550A1015-scaled-e1764246954126.jpg\" alt=\"\" playsinline=\"\"  muted=\"\"  loop=\"\"  data-play-on-slide=\"\" >          <\/div>\n              <\/div>\n      <div class=\"swiper-pagination\"><\/div>\n    <\/div>\n    <\/div>\n      <\/div>\n    <\/div>\n    \t\t\t\t<\/div>\n\t\t\t\t<\/div>\n\t\t\t\t<div class=\"elementor-element elementor-element-af2b889 elementor-widget elementor-widget-dng_square_showcase\" data-id=\"af2b889\" data-element_type=\"widget\" data-widget_type=\"dng_square_showcase.default\">\n\t\t\t\t<div class=\"elementor-widget-container\">\n\t\t\t\t\t<div data-dng-c-square-showcase \n        class=\"dng-c-square-showcase flex flex-col md:flex-row w-screen \">\n      <div class=\"w-full md:w-1\/2 order-2 md:order-2\"><div class=\"dng-wrapper\">\n        <div class=\"dng-content\">\n      <h2 class=\"dng-title mb-xs\">ROCHA DOS SOIDOS RUG<\/h2>\n      \n    \n            <div class=\"dng-description text-body-1 mb-sm gap-xs\">\n      <p>ESPARTO materials<br>esparto work MARIA JOS\u00c9 RAMOS<br>design HUGO DA SILVA<\/p>        <\/div>\n                  <div class=\"dng-sec-description\">\n      <p>A Maria Jos\u00e9 Ramos \u00e9 uma das artes\u00e3s que mant\u00e9m a arte do<br \/>esparto viva nas Aldeia das Sarnadas. Sempre que sai de casa, contempla a Rocha dos Soidos - uma imponente forma\u00e7\u00e3o rochosa onde a vegeta\u00e7\u00e3o teima em crescer, criando um jogo de texturas que, nesta representa\u00e7\u00e3o, convidou \u00e0 mistura de diversas t\u00e9cnicas do trabalho em esparto.<\/p>        <\/div>\n      \n        <\/div>\n    <\/div>\n      <\/div>\n      <div class=\"dng-media w-full md:w-1\/2 order-1 md:order-1\"><div class=\"dng-wrapper\" data-dng-c-slideshow>\n        <div class=\"swiper w-full\">\n      <div class=\"swiper-wrapper\">\n              <div class=\"swiper-slide aspect-square object-cover w-full h-full\">\n      <img decoding=\"async\"  class=\"w-full h-full object-cover\" src=\"https:\/\/loulecriativo.pt\/wp-content\/uploads\/2025\/11\/550A9782-scaled.jpg\" alt=\"\" playsinline=\"\"  muted=\"\"  loop=\"\"  data-play-on-slide=\"\" >          <\/div>\n              <\/div>\n      <div class=\"swiper-pagination\"><\/div>\n    <\/div>\n    <\/div>\n      <\/div>\n    <\/div>\n    \t\t\t\t<\/div>\n\t\t\t\t<\/div>\n\t\t\t\t<div class=\"elementor-element elementor-element-089140a elementor-widget elementor-widget-dng_square_showcase\" data-id=\"089140a\" data-element_type=\"widget\" data-widget_type=\"dng_square_showcase.default\">\n\t\t\t\t<div class=\"elementor-widget-container\">\n\t\t\t\t\t<div data-dng-c-square-showcase \n        class=\"dng-c-square-showcase dng-c-square-showcase--clear flex flex-col md:flex-row w-screen \">\n      <div class=\"w-full md:w-1\/2 order-2 md:order-1\"><div class=\"dng-wrapper\">\n        <div class=\"dng-content\">\n      <h2 class=\"dng-title mb-xs\">FRUIT BOWL VALE DAS SARNADAS<\/h2>\n      \n    \n            <div class=\"dng-description text-body-1 mb-sm gap-xs\">\n      <p>ESPARTO materials<br>esparto work MARIA JOS\u00c9 RAMOS<br>design HENRIQUE RALHETA<\/p>        <\/div>\n                  <div class=\"dng-sec-description\">\n      <p>O artesanato \u00e9 por princ\u00edpio intimamente ligado ao territ\u00f3rio. Os lugares marcam as pessoas e marcam as suas pr\u00e1ticas. A aldeia das Sarnadas foi um importante polo de produ\u00e7\u00e3o do trabalho em esparto. Recentemente foi l\u00e1 montada a s\u00e9tima oficina do Loul\u00e9 Criativo e o saber adormecido renasceu com grande fulgor. Esta pe\u00e7a representa o vale onde esta aldeia cresceu e os serros que a envolvem. A Divis\u00e3o de Sistemas de Informa\u00e7\u00e3o Geogr\u00e1fica do Munic\u00edpio de Loul\u00e9 preparou-nos uma aplica\u00e7\u00e3o de acesso \u00e0s altimetrias do concelho. A partir da topografia da zona das Sarnadas, pudemos reproduzir artesanalmente os relevos daquele lugar e descobrir-lhes possibilidades de utiliza\u00e7\u00e3o.<\/p>        <\/div>\n      \n        <\/div>\n    <\/div>\n      <\/div>\n      <div class=\"dng-media w-full md:w-1\/2 order-1 md:order-2\"><div class=\"dng-wrapper\" data-dng-c-slideshow>\n        <div class=\"swiper w-full\">\n      <div class=\"swiper-wrapper\">\n              <div class=\"swiper-slide aspect-square object-cover w-full h-full\">\n      <img decoding=\"async\"  class=\"w-full h-full object-cover\" src=\"https:\/\/loulecriativo.pt\/wp-content\/uploads\/2025\/11\/1-3.jpg\" alt=\"\" playsinline=\"\"  muted=\"\"  loop=\"\"  data-play-on-slide=\"\" >          <\/div>\n              <\/div>\n      <div class=\"swiper-pagination\"><\/div>\n    <\/div>\n    <\/div>\n      <\/div>\n    <\/div>\n    \t\t\t\t<\/div>\n\t\t\t\t<\/div>\n\t\t\t\t<\/div>\n\t\t<div class=\"elementor-element elementor-element-96c1b17 e-grid e-con-boxed e-con e-child\" data-id=\"96c1b17\" data-element_type=\"container\" data-settings=\"{&quot;jet_parallax_layout_list&quot;:[]}\">\n\t\t\t\t\t<div class=\"e-con-inner\">\n\t\t<div class=\"elementor-element elementor-element-8f4a9d6 e-con-full e-flex e-con e-child\" data-id=\"8f4a9d6\" data-element_type=\"container\" data-settings=\"{&quot;jet_parallax_layout_list&quot;:[]}\">\n\t\t\t\t<div class=\"elementor-element elementor-element-b3fe054 elementor-widget elementor-widget-heading\" data-id=\"b3fe054\" data-element_type=\"widget\" data-widget_type=\"heading.default\">\n\t\t\t\t<div class=\"elementor-widget-container\">\n\t\t\t\t\t<h2 class=\"elementor-heading-title elementor-size-default\">Dates<\/h2>\t\t\t\t<\/div>\n\t\t\t\t<\/div>\n\t\t\t\t<div class=\"elementor-element elementor-element-aff1e12 elementor-widget__width-initial elementor-widget elementor-widget-text-editor\" data-id=\"aff1e12\" data-element_type=\"widget\" data-widget_type=\"text-editor.default\">\n\t\t\t\t<div class=\"elementor-widget-container\">\n\t\t\t\t\t\t\t\t\t<p>November 2023<\/p>\t\t\t\t\t\t\t\t<\/div>\n\t\t\t\t<\/div>\n\t\t\t\t<\/div>\n\t\t<div class=\"elementor-element elementor-element-2af8976 e-con-full e-flex e-con e-child\" data-id=\"2af8976\" data-element_type=\"container\" data-settings=\"{&quot;jet_parallax_layout_list&quot;:[]}\">\n\t\t\t\t<div class=\"elementor-element elementor-element-193c6e0 elementor-widget elementor-widget-heading\" data-id=\"193c6e0\" data-element_type=\"widget\" data-widget_type=\"heading.default\">\n\t\t\t\t<div class=\"elementor-widget-container\">\n\t\t\t\t\t<h2 class=\"elementor-heading-title elementor-size-default\">Location<\/h2>\t\t\t\t<\/div>\n\t\t\t\t<\/div>\n\t\t\t\t<div class=\"elementor-element elementor-element-75c6028 elementor-widget__width-initial elementor-widget elementor-widget-text-editor\" data-id=\"75c6028\" data-element_type=\"widget\" data-widget_type=\"text-editor.default\">\n\t\t\t\t<div class=\"elementor-widget-container\">\n\t\t\t\t\t\t\t\t\t<p>Gama Lobo Palace \u2013 Loul\u00e9<br>Loul\u00e9 Criativo workshop network \u2013 Loul\u00e9 and Sarnadas<\/p>\t\t\t\t\t\t\t\t<\/div>\n\t\t\t\t<\/div>\n\t\t\t\t<\/div>\n\t\t<div class=\"elementor-element elementor-element-25d6c6e e-con-full e-flex e-con e-child\" data-id=\"25d6c6e\" data-element_type=\"container\" data-settings=\"{&quot;jet_parallax_layout_list&quot;:[]}\">\n\t\t\t\t<div class=\"elementor-element elementor-element-326ad14 elementor-widget elementor-widget-heading\" data-id=\"326ad14\" data-element_type=\"widget\" data-widget_type=\"heading.default\">\n\t\t\t\t<div class=\"elementor-widget-container\">\n\t\t\t\t\t<h2 class=\"elementor-heading-title elementor-size-default\">Participants<\/h2>\t\t\t\t<\/div>\n\t\t\t\t<\/div>\n\t\t\t\t<div class=\"elementor-element elementor-element-a45ae16 elementor-widget__width-initial elementor-widget elementor-widget-text-editor\" data-id=\"a45ae16\" data-element_type=\"widget\" data-widget_type=\"text-editor.default\">\n\t\t\t\t<div class=\"elementor-widget-container\">\n\t\t\t\t\t\t\t\t\t<p><strong>Artisans:<br><\/strong>Analide Carmo (boilermaking)<br>Isidoro Ramos (esparto)<br>Jorge D\u00f3ria (boiler shop)<br>Jurgen Cramer (boilermaker)<br>Maria Jos\u00e9 Ramos (esparto)<br>Nuno Palma (boilermaking)<br>Olimpia Cabrita (palm mesh)<br>Ricardo Lopes (pottery)<br>S\u00f3nia Mendez (contractor)<br>Susana Mendez (textiles)<br>Wesley Sacardi (woodworking)<br><br><\/p><p><strong>Designers<\/strong>:<br>Vanessa Domingues<br>Henrique Ralheta<br>Hugo da Silva<\/p>\t\t\t\t\t\t\t\t<\/div>\n\t\t\t\t<\/div>\n\t\t\t\t<\/div>\n\t\t<div class=\"elementor-element elementor-element-44ca410 e-con-full e-flex e-con e-child\" data-id=\"44ca410\" data-element_type=\"container\" data-settings=\"{&quot;jet_parallax_layout_list&quot;:[]}\">\n\t\t\t\t<div class=\"elementor-element elementor-element-f7596e7 elementor-widget elementor-widget-heading\" data-id=\"f7596e7\" data-element_type=\"widget\" data-widget_type=\"heading.default\">\n\t\t\t\t<div class=\"elementor-widget-container\">\n\t\t\t\t\t<h2 class=\"elementor-heading-title elementor-size-default\">Organization<\/h2>\t\t\t\t<\/div>\n\t\t\t\t<\/div>\n\t\t\t\t<div class=\"elementor-element elementor-element-3c54291 elementor-widget__width-initial elementor-widget elementor-widget-text-editor\" data-id=\"3c54291\" data-element_type=\"widget\" data-widget_type=\"text-editor.default\">\n\t\t\t\t<div class=\"elementor-widget-container\">\n\t\t\t\t\t\t\t\t\t<p>Loul\u00e9 Criativo \u2013 Loul\u00e9 City Council<\/p>\t\t\t\t\t\t\t\t<\/div>\n\t\t\t\t<\/div>\n\t\t\t\t<\/div>\n\t\t<div class=\"elementor-element elementor-element-d20c508 e-con-full e-flex e-con e-child\" data-id=\"d20c508\" data-element_type=\"container\" data-settings=\"{&quot;jet_parallax_layout_list&quot;:[]}\">\n\t\t\t\t<div class=\"elementor-element elementor-element-b0aea83 elementor-widget elementor-widget-heading\" data-id=\"b0aea83\" data-element_type=\"widget\" data-widget_type=\"heading.default\">\n\t\t\t\t<div class=\"elementor-widget-container\">\n\t\t\t\t\t<h2 class=\"elementor-heading-title elementor-size-default\">Photography<\/h2>\t\t\t\t<\/div>\n\t\t\t\t<\/div>\n\t\t\t\t<div class=\"elementor-element elementor-element-367a324 elementor-widget__width-initial elementor-widget elementor-widget-text-editor\" data-id=\"367a324\" data-element_type=\"widget\" data-widget_type=\"text-editor.default\">\n\t\t\t\t<div class=\"elementor-widget-container\">\n\t\t\t\t\t\t\t\t\t<p>Jorge Gra\u00e7a<\/p>\t\t\t\t\t\t\t\t<\/div>\n\t\t\t\t<\/div>\n\t\t\t\t<\/div>\n\t\t\t\t\t<\/div>\n\t\t\t\t<\/div>\n\t\t\t\t<\/div>\n\t\t","protected":false},"excerpt":{"rendered":"<p>Home Creative Residencies CREATIVE RESIDENCY Dialogues between Artisans and Designers November 2023 New methodologies and approaches of the &#8220;Designers de Loul\u00e9&#8221; residency Created as a second edition of the Designers de Loul\u00e9 residency, it aimed to create conditions for the commercial launch and design of new pieces. In view of the experience acquired over the [&hellip;]<\/p>\n","protected":false},"featured_media":13203,"template":"","meta":{"_acf_changed":false},"class_list":["post-15139","lc_event","type-lc_event","status-publish","has-post-thumbnail","hentry"],"acf":[],"yoast_head":"<!-- This site is optimized with the Yoast SEO Premium plugin v25.9 (Yoast SEO v26.5) - https:\/\/yoast.com\/wordpress\/plugins\/seo\/ -->\n<title>Dialogues between Artisans and Designers of Loul\u00e9 - Loul\u00e9 Criativo<\/title>\n<meta name=\"robots\" content=\"index, follow, max-snippet:-1, max-image-preview:large, max-video-preview:-1\" \/>\n<link rel=\"canonical\" href=\"https:\/\/loulecriativo.pt\/en\/residencias-criativas\/dialogues-between-artisans-and-designers-of-loule\/\" \/>\n<meta property=\"og:locale\" content=\"en_US\" \/>\n<meta property=\"og:type\" content=\"article\" \/>\n<meta property=\"og:title\" content=\"Dialogues between Artisans and Designers of Loul\u00e9\" \/>\n<meta property=\"og:description\" content=\"Home Creative Residencies CREATIVE RESIDENCY Dialogues between Artisans and Designers November 2023 New methodologies and approaches of the &#8220;Designers de Loul\u00e9&#8221; residency Created as a second edition of the Designers de Loul\u00e9 residency, it aimed to create conditions for the commercial launch and design of new pieces. In view of the experience acquired over the [&hellip;]\" \/>\n<meta property=\"og:url\" content=\"https:\/\/loulecriativo.pt\/en\/residencias-criativas\/dialogues-between-artisans-and-designers-of-loule\/\" \/>\n<meta property=\"og:site_name\" content=\"Loul\u00e9 Criativo\" \/>\n<meta property=\"article:modified_time\" content=\"2025-12-30T12:55:17+00:00\" \/>\n<meta property=\"og:image\" content=\"https:\/\/loulecriativo.pt\/wp-content\/uploads\/2025\/11\/550A3181-scaled.jpg\" \/>\n\t<meta property=\"og:image:width\" content=\"2560\" \/>\n\t<meta property=\"og:image:height\" content=\"1708\" \/>\n\t<meta property=\"og:image:type\" content=\"image\/jpeg\" \/>\n<meta name=\"twitter:card\" content=\"summary_large_image\" \/>\n<meta name=\"twitter:label1\" content=\"Est. reading time\" \/>\n\t<meta name=\"twitter:data1\" content=\"10 minutes\" \/>\n<script type=\"application\/ld+json\" class=\"yoast-schema-graph\">{\"@context\":\"https:\/\/schema.org\",\"@graph\":[{\"@type\":\"WebPage\",\"@id\":\"https:\/\/loulecriativo.pt\/en\/residencias-criativas\/dialogues-between-artisans-and-designers-of-loule\/\",\"url\":\"https:\/\/loulecriativo.pt\/en\/residencias-criativas\/dialogues-between-artisans-and-designers-of-loule\/\",\"name\":\"Dialogues between Artisans and Designers of Loul\u00e9 - Loul\u00e9 Criativo\",\"isPartOf\":{\"@id\":\"https:\/\/loulecriativo.pt\/en\/#website\"},\"primaryImageOfPage\":{\"@id\":\"https:\/\/loulecriativo.pt\/en\/residencias-criativas\/dialogues-between-artisans-and-designers-of-loule\/#primaryimage\"},\"image\":{\"@id\":\"https:\/\/loulecriativo.pt\/en\/residencias-criativas\/dialogues-between-artisans-and-designers-of-loule\/#primaryimage\"},\"thumbnailUrl\":\"https:\/\/loulecriativo.pt\/wp-content\/uploads\/2025\/11\/550A3181-scaled.jpg\",\"datePublished\":\"2025-11-26T15:59:47+00:00\",\"dateModified\":\"2025-12-30T12:55:17+00:00\",\"breadcrumb\":{\"@id\":\"https:\/\/loulecriativo.pt\/en\/residencias-criativas\/dialogues-between-artisans-and-designers-of-loule\/#breadcrumb\"},\"inLanguage\":\"en-US\",\"potentialAction\":[{\"@type\":\"ReadAction\",\"target\":[\"https:\/\/loulecriativo.pt\/en\/residencias-criativas\/dialogues-between-artisans-and-designers-of-loule\/\"]}]},{\"@type\":\"ImageObject\",\"inLanguage\":\"en-US\",\"@id\":\"https:\/\/loulecriativo.pt\/en\/residencias-criativas\/dialogues-between-artisans-and-designers-of-loule\/#primaryimage\",\"url\":\"https:\/\/loulecriativo.pt\/wp-content\/uploads\/2025\/11\/550A3181-scaled.jpg\",\"contentUrl\":\"https:\/\/loulecriativo.pt\/wp-content\/uploads\/2025\/11\/550A3181-scaled.jpg\",\"width\":2560,\"height\":1708},{\"@type\":\"BreadcrumbList\",\"@id\":\"https:\/\/loulecriativo.pt\/en\/residencias-criativas\/dialogues-between-artisans-and-designers-of-loule\/#breadcrumb\",\"itemListElement\":[{\"@type\":\"ListItem\",\"position\":1,\"name\":\"Home\",\"item\":\"https:\/\/loulecriativo.pt\/en\/\"},{\"@type\":\"ListItem\",\"position\":2,\"name\":\"Dialogues between Artisans and Designers of Loul\u00e9\"}]},{\"@type\":\"WebSite\",\"@id\":\"https:\/\/loulecriativo.pt\/en\/#website\",\"url\":\"https:\/\/loulecriativo.pt\/en\/\",\"name\":\"Loul\u00e9 Criativo\",\"description\":\"\",\"potentialAction\":[{\"@type\":\"SearchAction\",\"target\":{\"@type\":\"EntryPoint\",\"urlTemplate\":\"https:\/\/loulecriativo.pt\/en\/?s={search_term_string}\"},\"query-input\":{\"@type\":\"PropertyValueSpecification\",\"valueRequired\":true,\"valueName\":\"search_term_string\"}}],\"inLanguage\":\"en-US\"}]}<\/script>\n<!-- \/ Yoast SEO Premium plugin. -->","yoast_head_json":{"title":"Dialogues between Artisans and Designers of Loul\u00e9 - Loul\u00e9 Criativo","robots":{"index":"index","follow":"follow","max-snippet":"max-snippet:-1","max-image-preview":"max-image-preview:large","max-video-preview":"max-video-preview:-1"},"canonical":"https:\/\/loulecriativo.pt\/en\/residencias-criativas\/dialogues-between-artisans-and-designers-of-loule\/","og_locale":"en_US","og_type":"article","og_title":"Dialogues between Artisans and Designers of Loul\u00e9","og_description":"Home Creative Residencies CREATIVE RESIDENCY Dialogues between Artisans and Designers November 2023 New methodologies and approaches of the &#8220;Designers de Loul\u00e9&#8221; residency Created as a second edition of the Designers de Loul\u00e9 residency, it aimed to create conditions for the commercial launch and design of new pieces. In view of the experience acquired over the [&hellip;]","og_url":"https:\/\/loulecriativo.pt\/en\/residencias-criativas\/dialogues-between-artisans-and-designers-of-loule\/","og_site_name":"Loul\u00e9 Criativo","article_modified_time":"2025-12-30T12:55:17+00:00","og_image":[{"width":2560,"height":1708,"url":"https:\/\/loulecriativo.pt\/wp-content\/uploads\/2025\/11\/550A3181-scaled.jpg","type":"image\/jpeg"}],"twitter_card":"summary_large_image","twitter_misc":{"Est. reading time":"10 minutes"},"schema":{"@context":"https:\/\/schema.org","@graph":[{"@type":"WebPage","@id":"https:\/\/loulecriativo.pt\/en\/residencias-criativas\/dialogues-between-artisans-and-designers-of-loule\/","url":"https:\/\/loulecriativo.pt\/en\/residencias-criativas\/dialogues-between-artisans-and-designers-of-loule\/","name":"Dialogues between Artisans and Designers of Loul\u00e9 - Loul\u00e9 Criativo","isPartOf":{"@id":"https:\/\/loulecriativo.pt\/en\/#website"},"primaryImageOfPage":{"@id":"https:\/\/loulecriativo.pt\/en\/residencias-criativas\/dialogues-between-artisans-and-designers-of-loule\/#primaryimage"},"image":{"@id":"https:\/\/loulecriativo.pt\/en\/residencias-criativas\/dialogues-between-artisans-and-designers-of-loule\/#primaryimage"},"thumbnailUrl":"https:\/\/loulecriativo.pt\/wp-content\/uploads\/2025\/11\/550A3181-scaled.jpg","datePublished":"2025-11-26T15:59:47+00:00","dateModified":"2025-12-30T12:55:17+00:00","breadcrumb":{"@id":"https:\/\/loulecriativo.pt\/en\/residencias-criativas\/dialogues-between-artisans-and-designers-of-loule\/#breadcrumb"},"inLanguage":"en-US","potentialAction":[{"@type":"ReadAction","target":["https:\/\/loulecriativo.pt\/en\/residencias-criativas\/dialogues-between-artisans-and-designers-of-loule\/"]}]},{"@type":"ImageObject","inLanguage":"en-US","@id":"https:\/\/loulecriativo.pt\/en\/residencias-criativas\/dialogues-between-artisans-and-designers-of-loule\/#primaryimage","url":"https:\/\/loulecriativo.pt\/wp-content\/uploads\/2025\/11\/550A3181-scaled.jpg","contentUrl":"https:\/\/loulecriativo.pt\/wp-content\/uploads\/2025\/11\/550A3181-scaled.jpg","width":2560,"height":1708},{"@type":"BreadcrumbList","@id":"https:\/\/loulecriativo.pt\/en\/residencias-criativas\/dialogues-between-artisans-and-designers-of-loule\/#breadcrumb","itemListElement":[{"@type":"ListItem","position":1,"name":"Home","item":"https:\/\/loulecriativo.pt\/en\/"},{"@type":"ListItem","position":2,"name":"Dialogues between Artisans and Designers of Loul\u00e9"}]},{"@type":"WebSite","@id":"https:\/\/loulecriativo.pt\/en\/#website","url":"https:\/\/loulecriativo.pt\/en\/","name":"Loul\u00e9 Criativo","description":"","potentialAction":[{"@type":"SearchAction","target":{"@type":"EntryPoint","urlTemplate":"https:\/\/loulecriativo.pt\/en\/?s={search_term_string}"},"query-input":{"@type":"PropertyValueSpecification","valueRequired":true,"valueName":"search_term_string"}}],"inLanguage":"en-US"}]}},"_links":{"self":[{"href":"https:\/\/loulecriativo.pt\/en\/wp-json\/wp\/v2\/lc_event\/15139","targetHints":{"allow":["GET"]}}],"collection":[{"href":"https:\/\/loulecriativo.pt\/en\/wp-json\/wp\/v2\/lc_event"}],"about":[{"href":"https:\/\/loulecriativo.pt\/en\/wp-json\/wp\/v2\/types\/lc_event"}],"version-history":[{"count":3,"href":"https:\/\/loulecriativo.pt\/en\/wp-json\/wp\/v2\/lc_event\/15139\/revisions"}],"predecessor-version":[{"id":15239,"href":"https:\/\/loulecriativo.pt\/en\/wp-json\/wp\/v2\/lc_event\/15139\/revisions\/15239"}],"wp:featuredmedia":[{"embeddable":true,"href":"https:\/\/loulecriativo.pt\/en\/wp-json\/wp\/v2\/media\/13203"}],"wp:attachment":[{"href":"https:\/\/loulecriativo.pt\/en\/wp-json\/wp\/v2\/media?parent=15139"}],"curies":[{"name":"wp","href":"https:\/\/api.w.org\/{rel}","templated":true}]}}