{"id":8005,"date":"2025-09-19T14:14:28","date_gmt":"2025-09-19T14:14:28","guid":{"rendered":"https:\/\/loulecriativo.pt\/residencia-criativa\/designers-of-loule\/"},"modified":"2025-12-30T12:49:10","modified_gmt":"2025-12-30T12:49:10","slug":"designers-of-loule","status":"publish","type":"lc_event","link":"https:\/\/loulecriativo.pt\/en\/residencias-criativas\/designers-of-loule\/","title":{"rendered":"Designers of Loul\u00e9"},"content":{"rendered":"\t\t<div data-elementor-type=\"wp-post\" data-elementor-id=\"8005\" class=\"elementor elementor-8005 elementor-6899\" data-elementor-post-type=\"lc_event\">\n\t\t\t\t<div class=\"elementor-element elementor-element-2024bec e-con-full e-flex e-con e-parent\" data-id=\"2024bec\" data-element_type=\"container\" data-settings=\"{&quot;jet_parallax_layout_list&quot;:[]}\">\n\t\t<div class=\"elementor-element elementor-element-096b3d3 e-flex e-con-boxed e-con e-child\" data-id=\"096b3d3\" data-element_type=\"container\" data-settings=\"{&quot;jet_parallax_layout_list&quot;:[]}\">\n\t\t\t\t\t<div class=\"e-con-inner\">\n\t\t\t\t<div class=\"elementor-element elementor-element-f99e82b elementor-widget elementor-widget-dng_breadcrumbs\" data-id=\"f99e82b\" data-element_type=\"widget\" data-widget_type=\"dng_breadcrumbs.default\">\n\t\t\t\t<div class=\"elementor-widget-container\">\n\t\t\t\t\t    <div data-dng-c-breadcrumbs class=\"dng-c-breadcrumbs flex items-center justify-start gap-xxs\">\n      \n        <a\n     class=\"whitespace-nowrap overflow-ellipsis overflow-hidden text-body-2 item !text-inherit text-[var(--dng-text-color), var(--wp--preset--color--brown))]\" \n      href=\"https:\/\/loulecriativo.pt\/en\/\" \n        >\n    Home\n<\/a>\n        <svg class=\"separator\" width=\"6\" height=\"10\" viewBox=\"0 0 6 10\" fill=\"none\" xmlns=\"http:\/\/www.w3.org\/2000\/svg\">\n          <path d=\"M6.00005 5L1.00005 10L0.300049 9.3L4.60005 5L0.300049 0.7L1.00005 0L6.00005 5Z\" fill=\"var(--dng-text-color, var(--wp--preset--color--brown))\"\/>\n        <\/svg>\n        <a\n     class=\"whitespace-nowrap overflow-ellipsis overflow-hidden text-body-2 item !text-inherit text-[var(--dng-text-color), var(--wp--preset--color--brown))]\" \n      href=\"https:\/\/loulecriativo.pt\/pt\/residencias-criativas\/\" \n        >\n    Creative Residencies\n<\/a>\n        <svg class=\"separator\" width=\"6\" height=\"10\" viewBox=\"0 0 6 10\" fill=\"none\" xmlns=\"http:\/\/www.w3.org\/2000\/svg\">\n          <path d=\"M6.00005 5L1.00005 10L0.300049 9.3L4.60005 5L0.300049 0.7L1.00005 0L6.00005 5Z\" fill=\"var(--dng-text-color, var(--wp--preset--color--brown))\"\/>\n        <\/svg>\n          <div class=\"current-page text-body-2 whitespace-nowrap overflow-ellipsis overflow-hidden\">\n      Designers of Loul\u00e9    <\/div>\n          <\/div>\n    \t\t\t\t<\/div>\n\t\t\t\t<\/div>\n\t\t\t\t\t<\/div>\n\t\t\t\t<\/div>\n\t\t\t\t<div class=\"elementor-element elementor-element-c213c62 elementor-widget elementor-widget-dng_activity_banner\" data-id=\"c213c62\" data-element_type=\"widget\" data-widget_type=\"dng_activity_banner.default\">\n\t\t\t\t<div class=\"elementor-widget-container\">\n\t\t\t\t\t    <div data-dng-c-activity-banner class=\"dng-c-activity-banner\">\n      <div class=\"container\">\n        <div class=\"pre-title\" data-pretitle>\n    CREATIVE RESIDENCY        <\/div>\n        <h1 class=\"title\" data-title>\n    Designers of Loul\u00e9        <\/h1>\n        \n            <div class=\"post-title text-body-1\">\n      September 2016        <\/div>\n                \n        <div class=\"thumbnail\" data-thumbnail>\n    <img decoding=\"async\"  class=\"\" src=\"https:\/\/loulecriativo.pt\/wp-content\/uploads\/2025\/09\/IMG_4350-1920x1080.jpg\" alt=\"\">        <\/div>\n      <\/div>\n    <\/div>\n    \t\t\t\t<\/div>\n\t\t\t\t<\/div>\n\t\t\t\t<\/div>\n\t\t<div class=\"elementor-element elementor-element-2bbfccf e-flex e-con-boxed e-con e-parent\" data-id=\"2bbfccf\" data-element_type=\"container\" data-settings=\"{&quot;jet_parallax_layout_list&quot;:[],&quot;background_background&quot;:&quot;classic&quot;}\">\n\t\t\t\t\t<div class=\"e-con-inner\">\n\t\t\t\t<div class=\"elementor-element elementor-element-6ed451a elementor-widget elementor-widget-text-editor\" data-id=\"6ed451a\" data-element_type=\"widget\" data-widget_type=\"text-editor.default\">\n\t\t\t\t<div class=\"elementor-widget-container\">\n\t\t\t\t\t\t\t\t\t<p class=\"MsoNormal\" style=\"text-align: justify;\">Creative Residency \u201cDesigners of Loul\u00e9\u201d promotes dialogue with traditional knowledge.<\/p>\t\t\t\t\t\t\t\t<\/div>\n\t\t\t\t<\/div>\n\t\t\t\t<div class=\"elementor-element elementor-element-90e4e7a elementor-widget elementor-widget-text-editor\" data-id=\"90e4e7a\" data-element_type=\"widget\" data-widget_type=\"text-editor.default\">\n\t\t\t\t<div class=\"elementor-widget-container\">\n\t\t\t\t\t\t\t\t\t<p>Three designers born in Loul\u00e9 return with a fresh perspective on their roots, fostering encounters with artisans and bringing together the worlds of tradition and innovation to create products with a Louletan soul. This was the challenge set by the \u201cDesigners of Loul\u00e9\u201d Residency, which took place from 10 to 24 September as part of the \u201cLoul\u00e9 Criativo\u201d initiative. <\/p><p style=\"text-align: justify;\">In line with the work the municipality of Loul\u00e9 has been carrying out to value its heritage, arts, and crafts, the residency emerges as an opportunity to foster dialogue between traditional knowledge and a more conceptual, contemporary way of thinking about it. The land and its traditions became a laboratory for creation, reflection, and exchange, developed in close collaboration with the local community. <\/p><p style=\"text-align: justify;\">The nine products resulting from the residency subsequently entered a development phase and were exhibited from December onwards. The aim was for these products to enhance and energise the municipality\u2019s artisanal production, projecting it to a new level with greater opportunities for its continuity. <\/p><p style=\"margin-bottom: 0cm; text-align: justify;\">The residency involved nine artisans working in metalwork, joinery, basketry, leatherwork, woodworking, wool, pottery, a traditional confectionery production unit, and three product designers originally from Loul\u00e9 who have developed their careers elsewhere in Portugal and abroad. <\/p>\t\t\t\t\t\t\t\t<\/div>\n\t\t\t\t<\/div>\n\t\t\t\t\t<\/div>\n\t\t\t\t<\/div>\n\t\t<div class=\"elementor-element elementor-element-adc342e e-flex e-con-boxed e-con e-parent\" data-id=\"adc342e\" data-element_type=\"container\" data-settings=\"{&quot;jet_parallax_layout_list&quot;:[],&quot;background_background&quot;:&quot;classic&quot;}\">\n\t\t\t\t\t<div class=\"e-con-inner\">\n\t\t\t\t<div class=\"elementor-element elementor-element-1adeaa8 elementor-widget elementor-widget-dng_slideshow\" data-id=\"1adeaa8\" data-element_type=\"widget\" data-widget_type=\"dng_slideshow.default\">\n\t\t\t\t<div class=\"elementor-widget-container\">\n\t\t\t\t\t<div data-dng-c-slideshow class=\"dng-c-slideshow h-full\">\n      <div class=\"swiper h-full\">\n        <div class=\"swiper-wrapper h-full\">\n            <div class=\"swiper-slide h-full overflow-hidden w-auto aspect-[16\/8]\">\n      <img decoding=\"async\"  class=\"w-full !h-full object-cover object-center\" src=\"https:\/\/loulecriativo.pt\/wp-content\/uploads\/2025\/09\/IMG_3298-scaled.jpg\" alt=\"\">          <\/div>\n                  <div class=\"swiper-slide h-full overflow-hidden w-auto aspect-[16\/8]\">\n      <img decoding=\"async\"  class=\"w-full !h-full object-cover object-center\" src=\"https:\/\/loulecriativo.pt\/wp-content\/uploads\/2025\/09\/IMG_1950-scaled.jpg\" alt=\"\">          <\/div>\n                  <div class=\"swiper-slide h-full overflow-hidden w-auto aspect-[16\/8]\">\n      <img decoding=\"async\"  class=\"w-full !h-full object-cover object-center\" src=\"https:\/\/loulecriativo.pt\/wp-content\/uploads\/2025\/09\/IMG_9808-scaled.jpg\" alt=\"\">          <\/div>\n                  <div class=\"swiper-slide h-full overflow-hidden w-auto aspect-[16\/8]\">\n      <img decoding=\"async\"  class=\"w-full !h-full object-cover object-center\" src=\"https:\/\/loulecriativo.pt\/wp-content\/uploads\/2025\/09\/IMG_2799-scaled.jpg\" alt=\"\">          <\/div>\n                  <div class=\"swiper-slide h-full overflow-hidden w-auto aspect-[16\/8]\">\n      <img decoding=\"async\"  class=\"w-full !h-full object-cover object-center\" src=\"https:\/\/loulecriativo.pt\/wp-content\/uploads\/2025\/09\/IMG_3381-scaled.jpg\" alt=\"\">          <\/div>\n                  <div class=\"swiper-slide h-full overflow-hidden w-auto aspect-[16\/8]\">\n      <img decoding=\"async\"  class=\"w-full !h-full object-cover object-center\" src=\"https:\/\/loulecriativo.pt\/wp-content\/uploads\/2025\/09\/IMG_0218-scaled.jpg\" alt=\"\">          <\/div>\n                  <div class=\"swiper-slide h-full overflow-hidden w-auto aspect-[16\/8]\">\n      <img decoding=\"async\"  class=\"w-full !h-full object-cover object-center\" src=\"https:\/\/loulecriativo.pt\/wp-content\/uploads\/2025\/09\/IMG_1037-scaled.jpg\" alt=\"\">          <\/div>\n                  <div class=\"swiper-slide h-full overflow-hidden w-auto aspect-[16\/8]\">\n      <img decoding=\"async\"  class=\"w-full !h-full object-cover object-center\" src=\"https:\/\/loulecriativo.pt\/wp-content\/uploads\/2025\/09\/IMG_1316-scaled.jpg\" alt=\"\">          <\/div>\n                  <div class=\"swiper-slide h-full overflow-hidden w-auto aspect-[16\/8]\">\n      <img decoding=\"async\"  class=\"w-full !h-full object-cover object-center\" src=\"https:\/\/loulecriativo.pt\/wp-content\/uploads\/2025\/09\/IMG_0795-scaled.jpg\" alt=\"\">          <\/div>\n                  <div class=\"swiper-slide h-full overflow-hidden w-auto aspect-[16\/8]\">\n      <img decoding=\"async\"  class=\"w-full !h-full object-cover object-center\" src=\"https:\/\/loulecriativo.pt\/wp-content\/uploads\/2025\/09\/IMG_2265-scaled.jpg\" alt=\"\">          <\/div>\n                  <div class=\"swiper-slide h-full overflow-hidden w-auto aspect-[16\/8]\">\n      <img decoding=\"async\"  class=\"w-full !h-full object-cover object-center\" src=\"https:\/\/loulecriativo.pt\/wp-content\/uploads\/2025\/09\/IMG_4282-scaled.jpg\" alt=\"\">          <\/div>\n                  <div class=\"swiper-slide h-full overflow-hidden w-auto aspect-[16\/8]\">\n      <img decoding=\"async\"  class=\"w-full !h-full object-cover object-center\" src=\"https:\/\/loulecriativo.pt\/wp-content\/uploads\/2025\/09\/IMG_4309-scaled.jpg\" alt=\"\">          <\/div>\n                  <div class=\"swiper-slide h-full overflow-hidden w-auto aspect-[16\/8]\">\n      <img decoding=\"async\"  class=\"w-full !h-full object-cover object-center\" src=\"https:\/\/loulecriativo.pt\/wp-content\/uploads\/2025\/09\/IMG_4265-scaled.jpg\" alt=\"\">          <\/div>\n                  <div class=\"swiper-slide h-full overflow-hidden w-auto aspect-[16\/8]\">\n      <img decoding=\"async\"  class=\"w-full !h-full object-cover object-center\" src=\"https:\/\/loulecriativo.pt\/wp-content\/uploads\/2025\/09\/IMG_4294-scaled.jpg\" alt=\"\">          <\/div>\n                  <\/div>\n                  <div class=\"swiper-pagination\"><\/div>\n                      <\/div>\n    <\/div>\n    \t\t\t\t<\/div>\n\t\t\t\t<\/div>\n\t\t\t\t<div class=\"elementor-element elementor-element-50fa43c elementor-widget elementor-widget-video\" data-id=\"50fa43c\" data-element_type=\"widget\" data-settings=\"{&quot;youtube_url&quot;:&quot;https:\\\/\\\/youtu.be\\\/pA_ZH3x5TMw?si=x_DQm6y54R4yJOpc&quot;,&quot;video_type&quot;:&quot;youtube&quot;,&quot;controls&quot;:&quot;yes&quot;}\" data-widget_type=\"video.default\">\n\t\t\t\t<div class=\"elementor-widget-container\">\n\t\t\t\t\t\t\t<div class=\"elementor-wrapper elementor-open-inline\">\n\t\t\t<div class=\"elementor-video\"><\/div>\t\t<\/div>\n\t\t\t\t\t\t<\/div>\n\t\t\t\t<\/div>\n\t\t\t\t\t<\/div>\n\t\t\t\t<\/div>\n\t\t<div class=\"elementor-element elementor-element-1527ed3 e-con-full e-flex e-con e-parent\" data-id=\"1527ed3\" data-element_type=\"container\" data-settings=\"{&quot;jet_parallax_layout_list&quot;:[]}\">\n\t\t\t\t<div class=\"elementor-element elementor-element-71f4834 elementor-widget elementor-widget-dng_square_showcase\" data-id=\"71f4834\" data-element_type=\"widget\" data-widget_type=\"dng_square_showcase.default\">\n\t\t\t\t<div class=\"elementor-widget-container\">\n\t\t\t\t\t<div data-dng-c-square-showcase \n        class=\"dng-c-square-showcase dng-c-square-showcase--clear flex flex-col md:flex-row w-screen \">\n      <div class=\"w-full md:w-1\/2 order-2 md:order-1\"><div class=\"dng-wrapper\">\n        <div class=\"dng-content\">\n      <h2 class=\"dng-title mb-xs\">ARTISANS<\/h2>\n      \n    \n            <div class=\"dng-description text-body-1 mb-sm gap-xs\">\n      <p>Analide Carmo and Francisco Dias (coppersmiths)<br>Cremilde Sousa (ropework artisan)<br>F\u00e1brica da Am\u00eandoa (regional confectionery)<br>Fernando Henriques (woodworker)<br>Fernando Zuninga (leatherworker)<br>Henrique Ralheta (designer)<br>Hugo Silva (designer)<br>Jos\u00e9 Amendoeira (basketmaker)<br>Manoli Ortiz de La Torre (wool artisan)<br>Marco Cristovam (blacksmith)<br>Odete Rocha (ropework artisan)<br>Pedro Piedade (potter)<\/p>        <\/div>\n          \n        <\/div>\n    <\/div>\n      <\/div>\n      <div class=\"dng-media w-full md:w-1\/2 order-1 md:order-2\"><div class=\"dng-wrapper\" data-dng-c-slideshow>\n        <div class=\"swiper w-full\">\n      <div class=\"swiper-wrapper\">\n              <div class=\"swiper-slide aspect-square object-cover w-full h-full\">\n      <img decoding=\"async\"  class=\"w-full h-full object-cover\" src=\"https:\/\/loulecriativo.pt\/wp-content\/uploads\/2025\/09\/IMG_3399-scaled-e1758543064477.jpg\" alt=\"\" playsinline=\"\"  muted=\"\"  loop=\"\"  data-play-on-slide=\"\" >          <\/div>\n                  <div class=\"swiper-slide aspect-square object-cover w-full h-full\">\n      <img decoding=\"async\"  class=\"w-full h-full object-cover\" src=\"https:\/\/loulecriativo.pt\/wp-content\/uploads\/2025\/09\/IMG_3255-scaled-e1758543108509.jpg\" alt=\"\" playsinline=\"\"  muted=\"\"  loop=\"\"  data-play-on-slide=\"\" >          <\/div>\n                  <div class=\"swiper-slide aspect-square object-cover w-full h-full\">\n      <img decoding=\"async\"  class=\"w-full h-full object-cover\" src=\"https:\/\/loulecriativo.pt\/wp-content\/uploads\/2025\/09\/IMG_9938-scaled-e1758542842824.jpg\" alt=\"\" playsinline=\"\"  muted=\"\"  loop=\"\"  data-play-on-slide=\"\" >          <\/div>\n                  <div class=\"swiper-slide aspect-square object-cover w-full h-full\">\n      <img decoding=\"async\"  class=\"w-full h-full object-cover\" src=\"https:\/\/loulecriativo.pt\/wp-content\/uploads\/2025\/09\/IMG_2383-scaled-e1758543146526.jpg\" alt=\"\" playsinline=\"\"  muted=\"\"  loop=\"\"  data-play-on-slide=\"\" >          <\/div>\n                  <div class=\"swiper-slide aspect-square object-cover w-full h-full\">\n      <img decoding=\"async\"  class=\"w-full h-full object-cover\" src=\"https:\/\/loulecriativo.pt\/wp-content\/uploads\/2025\/09\/IMG_1316-1-scaled-e1758543181703.jpg\" alt=\"\" playsinline=\"\"  muted=\"\"  loop=\"\"  data-play-on-slide=\"\" >          <\/div>\n                  <div class=\"swiper-slide aspect-square object-cover w-full h-full\">\n      <img decoding=\"async\"  class=\"w-full h-full object-cover\" src=\"https:\/\/loulecriativo.pt\/wp-content\/uploads\/2025\/09\/IMG_0485-scaled-e1758543364138.jpg\" alt=\"\" playsinline=\"\"  muted=\"\"  loop=\"\"  data-play-on-slide=\"\" >          <\/div>\n                  <div class=\"swiper-slide aspect-square object-cover w-full h-full\">\n      <img decoding=\"async\"  class=\"w-full h-full object-cover\" src=\"https:\/\/loulecriativo.pt\/wp-content\/uploads\/2025\/09\/IMG_0265-scaled-e1758543394171.jpg\" alt=\"\" playsinline=\"\"  muted=\"\"  loop=\"\"  data-play-on-slide=\"\" >          <\/div>\n                  <div class=\"swiper-slide aspect-square object-cover w-full h-full\">\n      <img decoding=\"async\"  class=\"w-full h-full object-cover\" src=\"https:\/\/loulecriativo.pt\/wp-content\/uploads\/2025\/09\/IMG_1036-scaled-e1758543303901.jpg\" alt=\"\" playsinline=\"\"  muted=\"\"  loop=\"\"  data-play-on-slide=\"\" >          <\/div>\n                  <div class=\"swiper-slide aspect-square object-cover w-full h-full\">\n      <img decoding=\"async\"  class=\"w-full h-full object-cover\" src=\"https:\/\/loulecriativo.pt\/wp-content\/uploads\/2025\/09\/IMG_2586-scaled-e1758542897154.jpg\" alt=\"\" playsinline=\"\"  muted=\"\"  loop=\"\"  data-play-on-slide=\"\" >          <\/div>\n                  <div class=\"swiper-slide aspect-square object-cover w-full h-full\">\n      <img decoding=\"async\"  class=\"w-full h-full object-cover\" src=\"https:\/\/loulecriativo.pt\/wp-content\/uploads\/2025\/09\/IMG_1817-scaled-e1758543447474.jpg\" alt=\"\" playsinline=\"\"  muted=\"\"  loop=\"\"  data-play-on-slide=\"\" >          <\/div>\n              <\/div>\n      <div class=\"swiper-pagination\"><\/div>\n    <\/div>\n    <\/div>\n      <\/div>\n    <\/div>\n    \t\t\t\t<\/div>\n\t\t\t\t<\/div>\n\t\t\t\t<div class=\"elementor-element elementor-element-0efb85b elementor-widget elementor-widget-dng_square_showcase\" data-id=\"0efb85b\" data-element_type=\"widget\" data-widget_type=\"dng_square_showcase.default\">\n\t\t\t\t<div class=\"elementor-widget-container\">\n\t\t\t\t\t<div data-dng-c-square-showcase \n        class=\"dng-c-square-showcase flex flex-col md:flex-row w-screen \">\n      <div class=\"w-full md:w-1\/2 order-2 md:order-2\"><div class=\"dng-wrapper\">\n        <div class=\"dng-content\">\n      <h2 class=\"dng-title mb-xs\">WORK BY THE HOUR<\/h2>\n      \n            <p class=\"dng-subtitle mb-md uppercase\">For the sake of manufactured labor<\/p>\n      \n            <div class=\"dng-description text-body-1 mb-sm gap-xs\">\n      <p>Because product design seeks to be economically consistent and a vehicle for social justice, a line of pieces is created here that puts into perspective the undervaluation of artisanal labor. Based on the observation of the technique, in which, before shaping the objects, a long braid is constructed, measured in fathoms, and these fathoms are exchanged for hours of labor. The products are then sold by the hour, in a clear call to attention to the undervaluation of this art.  <\/p><p>How much should a product that requires 10 hours of specialized work, full of history and identity, cost? <\/p>        <\/div>\n          \n        <\/div>\n    <\/div>\n      <\/div>\n      <div class=\"dng-media w-full md:w-1\/2 order-1 md:order-1\"><div class=\"dng-wrapper\" data-dng-c-slideshow>\n        <div class=\"swiper w-full\">\n      <div class=\"swiper-wrapper\">\n              <div class=\"swiper-slide aspect-square object-cover w-full h-full\">\n      <img decoding=\"async\"  class=\"w-full h-full object-cover\" src=\"https:\/\/loulecriativo.pt\/wp-content\/uploads\/2025\/09\/MG_8469-scaled.jpg\" alt=\"\" playsinline=\"\"  muted=\"\"  loop=\"\"  data-play-on-slide=\"\" >          <\/div>\n              <\/div>\n      <div class=\"swiper-pagination\"><\/div>\n    <\/div>\n    <\/div>\n      <\/div>\n    <\/div>\n    \t\t\t\t<\/div>\n\t\t\t\t<\/div>\n\t\t\t\t<div class=\"elementor-element elementor-element-36640a3 elementor-widget elementor-widget-dng_square_showcase\" data-id=\"36640a3\" data-element_type=\"widget\" data-widget_type=\"dng_square_showcase.default\">\n\t\t\t\t<div class=\"elementor-widget-container\">\n\t\t\t\t\t<div data-dng-c-square-showcase \n        class=\"dng-c-square-showcase dng-c-square-showcase--clear flex flex-col md:flex-row w-screen \">\n      <div class=\"w-full md:w-1\/2 order-2 md:order-1\"><div class=\"dng-wrapper\">\n        <div class=\"dng-content\">\n      <h2 class=\"dng-title mb-xs\">&quot;TA\u00c7AS DE EMPREITA&quot; PER HOUR <\/h2>\n      \n            <p class=\"dng-subtitle mb-md uppercase\">2-Hour Bowl\/5-Hour Bowl <\/p>\n      \n            <div class=\"dng-description text-body-1 mb-sm gap-xs\">\n      <p>A simple roll of palm oil, through a unique process of joining the turns, allows each person to shape the cup, more or less concave, more or less sculptural. The different diameters translate into hours of work for the contractor. <br><br><\/p><p><strong>Materials: palm<\/strong><br><strong>Henrique Ralheta (design) <\/strong><br><strong>Odete Dias (contractor) <\/strong><br><strong>J\u00falia Laur\u00eancia (knitter)<\/strong><\/p>        <\/div>\n          \n        <\/div>\n    <\/div>\n      <\/div>\n      <div class=\"dng-media w-full md:w-1\/2 order-1 md:order-2\"><div class=\"dng-wrapper\" data-dng-c-slideshow>\n        <div class=\"swiper w-full\">\n      <div class=\"swiper-wrapper\">\n              <div class=\"swiper-slide aspect-square object-cover w-full h-full\">\n      <img decoding=\"async\"  class=\"w-full h-full object-cover\" src=\"https:\/\/loulecriativo.pt\/wp-content\/uploads\/2025\/09\/MG_8458-scaled.jpg\" alt=\"\" playsinline=\"\"  muted=\"\"  loop=\"\"  data-play-on-slide=\"\" >          <\/div>\n              <\/div>\n      <div class=\"swiper-pagination\"><\/div>\n    <\/div>\n    <\/div>\n      <\/div>\n    <\/div>\n    \t\t\t\t<\/div>\n\t\t\t\t<\/div>\n\t\t\t\t<div class=\"elementor-element elementor-element-55fafbd elementor-widget elementor-widget-dng_square_showcase\" data-id=\"55fafbd\" data-element_type=\"widget\" data-widget_type=\"dng_square_showcase.default\">\n\t\t\t\t<div class=\"elementor-widget-container\">\n\t\t\t\t\t<div data-dng-c-square-showcase \n        class=\"dng-c-square-showcase flex flex-col md:flex-row w-screen \">\n      <div class=\"w-full md:w-1\/2 order-2 md:order-2\"><div class=\"dng-wrapper\">\n        <div class=\"dng-content\">\n      <h2 class=\"dng-title mb-xs\">Contract Lamps Per Hour <\/h2>\n      \n            <p class=\"dng-subtitle mb-md uppercase\">1 hour, 4 hours and 15 hours ceiling light<\/p>\n      \n            <div class=\"dng-description text-body-1 mb-sm gap-xs\">\n      <p>Luminaires constructed from rolls of palm fiber, whose flexibility allows for any desired shape and control of the light effect. The different diameters translate into hours of work for the contractor. <\/p><p><strong>Materials: palm<\/strong><br><strong>Henrique Ralheta (design) <\/strong><br><strong>Odete Dias (contractor) and J\u00falia Laur\u00eancia (knitter)<\/strong><\/p>        <\/div>\n          \n        <\/div>\n    <\/div>\n      <\/div>\n      <div class=\"dng-media w-full md:w-1\/2 order-1 md:order-1\"><div class=\"dng-wrapper\" data-dng-c-slideshow>\n        <div class=\"swiper w-full\">\n      <div class=\"swiper-wrapper\">\n              <div class=\"swiper-slide aspect-square object-cover w-full h-full\">\n      <img decoding=\"async\"  class=\"w-full h-full object-cover\" src=\"https:\/\/loulecriativo.pt\/wp-content\/uploads\/2025\/09\/MG_8973-scaled-e1758536026318.jpg\" alt=\"\" playsinline=\"\"  muted=\"\"  loop=\"\"  data-play-on-slide=\"\" >          <\/div>\n                  <div class=\"swiper-slide aspect-square object-cover w-full h-full\">\n      <img decoding=\"async\"  class=\"w-full h-full object-cover\" src=\"https:\/\/loulecriativo.pt\/wp-content\/uploads\/2025\/09\/MG_8924-scaled-e1758535980727.jpg\" alt=\"\" playsinline=\"\"  muted=\"\"  loop=\"\"  data-play-on-slide=\"\" >          <\/div>\n                  <div class=\"swiper-slide aspect-square object-cover w-full h-full\">\n      <img decoding=\"async\"  class=\"w-full h-full object-cover\" src=\"https:\/\/loulecriativo.pt\/wp-content\/uploads\/2025\/09\/MG_8987-scaled-e1758536069188.jpg\" alt=\"\" playsinline=\"\"  muted=\"\"  loop=\"\"  data-play-on-slide=\"\" >          <\/div>\n              <\/div>\n      <div class=\"swiper-pagination\"><\/div>\n    <\/div>\n    <\/div>\n      <\/div>\n    <\/div>\n    \t\t\t\t<\/div>\n\t\t\t\t<\/div>\n\t\t\t\t<div class=\"elementor-element elementor-element-94998ae elementor-widget elementor-widget-dng_square_showcase\" data-id=\"94998ae\" data-element_type=\"widget\" data-widget_type=\"dng_square_showcase.default\">\n\t\t\t\t<div class=\"elementor-widget-container\">\n\t\t\t\t\t<div data-dng-c-square-showcase \n        class=\"dng-c-square-showcase dng-c-square-showcase--clear flex flex-col md:flex-row w-screen \">\n      <div class=\"w-full md:w-1\/2 order-2 md:order-1\"><div class=\"dng-wrapper\">\n        <div class=\"dng-content\">\n      <h2 class=\"dng-title mb-xs\">&quot;CANDEEIROS DE EMPREITA&quot; BY THE HOUR<\/h2>\n      \n            <p class=\"dng-subtitle mb-md uppercase\">2-hour and 4-hour table lamp<\/p>\n      \n            <div class=\"dng-description text-body-1 mb-sm gap-xs\">\n      <p>Luminaires constructed from rolls of palm fiber, whose flexibility allows them to be shaped to any desired shape and control the effect of the light.<br>The different diameters translate into hours of work for the contractor. <\/p><p><strong>Materials: palm<\/strong><br><strong>Henrique Ralheta (design) <\/strong><br><strong>Odete Dias (contractor) and J\u00falia Laur\u00eancia (knitter)<\/strong><\/p>        <\/div>\n          \n        <\/div>\n    <\/div>\n      <\/div>\n      <div class=\"dng-media w-full md:w-1\/2 order-1 md:order-2\"><div class=\"dng-wrapper\" data-dng-c-slideshow>\n        <div class=\"swiper w-full\">\n      <div class=\"swiper-wrapper\">\n              <div class=\"swiper-slide aspect-square object-cover w-full h-full\">\n      <img decoding=\"async\"  class=\"w-full h-full object-cover\" src=\"https:\/\/loulecriativo.pt\/wp-content\/uploads\/2025\/09\/MG_8502-scaled.jpg\" alt=\"\" playsinline=\"\"  muted=\"\"  loop=\"\"  data-play-on-slide=\"\" >          <\/div>\n                  <div class=\"swiper-slide aspect-square object-cover w-full h-full\">\n      <img decoding=\"async\"  class=\"w-full h-full object-cover\" src=\"https:\/\/loulecriativo.pt\/wp-content\/uploads\/2025\/09\/MG_8495-scaled-e1758536221198.jpg\" alt=\"\" playsinline=\"\"  muted=\"\"  loop=\"\"  data-play-on-slide=\"\" >          <\/div>\n              <\/div>\n      <div class=\"swiper-pagination\"><\/div>\n    <\/div>\n    <\/div>\n      <\/div>\n    <\/div>\n    \t\t\t\t<\/div>\n\t\t\t\t<\/div>\n\t\t\t\t<div class=\"elementor-element elementor-element-1c6a1f2 elementor-widget elementor-widget-dng_square_showcase\" data-id=\"1c6a1f2\" data-element_type=\"widget\" data-widget_type=\"dng_square_showcase.default\">\n\t\t\t\t<div class=\"elementor-widget-container\">\n\t\t\t\t\t<div data-dng-c-square-showcase \n        class=\"dng-c-square-showcase flex flex-col md:flex-row w-screen \">\n      <div class=\"w-full md:w-1\/2 order-2 md:order-2\"><div class=\"dng-wrapper\">\n        <div class=\"dng-content\">\n      <h2 class=\"dng-title mb-xs\">ROPEWORK CLOTHES RACKS <\/h2>\n      \n    \n            <div class=\"dng-description text-body-1 mb-sm gap-xs\">\n      <p>The palm empreita braid is rolled and sewn in an atypical way on an olive wood support to form a solid and consistent spiral.<br><br><\/p><p><strong>Materials: palm and olive wood<\/strong><br><strong>Henrique Ralheta (design) <\/strong><br><strong>Odete Dias (contractor), Fernando Martins (wood artisan) and J\u00falia Laur\u00eancia (knitter)<\/strong><\/p>        <\/div>\n          \n        <\/div>\n    <\/div>\n      <\/div>\n      <div class=\"dng-media w-full md:w-1\/2 order-1 md:order-1\"><div class=\"dng-wrapper\" data-dng-c-slideshow>\n        <div class=\"swiper w-full\">\n      <div class=\"swiper-wrapper\">\n              <div class=\"swiper-slide aspect-square object-cover w-full h-full\">\n      <img decoding=\"async\"  class=\"w-full h-full object-cover\" src=\"https:\/\/loulecriativo.pt\/wp-content\/uploads\/2025\/09\/MG_9142-scaled-e1758536333724.jpg\" alt=\"\" playsinline=\"\"  muted=\"\"  loop=\"\"  data-play-on-slide=\"\" >          <\/div>\n                  <div class=\"swiper-slide aspect-square object-cover w-full h-full\">\n      <img decoding=\"async\"  class=\"w-full h-full object-cover\" src=\"https:\/\/loulecriativo.pt\/wp-content\/uploads\/2025\/09\/MG_9144-scaled-e1758536296478.jpg\" alt=\"\" playsinline=\"\"  muted=\"\"  loop=\"\"  data-play-on-slide=\"\" >          <\/div>\n              <\/div>\n      <div class=\"swiper-pagination\"><\/div>\n    <\/div>\n    <\/div>\n      <\/div>\n    <\/div>\n    \t\t\t\t<\/div>\n\t\t\t\t<\/div>\n\t\t\t\t<div class=\"elementor-element elementor-element-d2e39a2 elementor-widget elementor-widget-dng_square_showcase\" data-id=\"d2e39a2\" data-element_type=\"widget\" data-widget_type=\"dng_square_showcase.default\">\n\t\t\t\t<div class=\"elementor-widget-container\">\n\t\t\t\t\t<div data-dng-c-square-showcase \n        class=\"dng-c-square-showcase dng-c-square-showcase--clear flex flex-col md:flex-row w-screen \">\n      <div class=\"w-full md:w-1\/2 order-2 md:order-1\"><div class=\"dng-wrapper\">\n        <div class=\"dng-content\">\n      <h2 class=\"dng-title mb-xs\">CLAY CUPS WITH MESH<\/h2>\n      \n    \n            <div class=\"dng-description text-body-1 mb-sm gap-xs\">\n      <p>Using ancient techniques in which palm mesh is sewn to a support made of another pre-drilled material, and combining the tradition of working clay from chimneys, a series of cups for different uses is created.<br><br><\/p><p><strong>Materials: Clay and palm<\/strong><br><strong>Henrique Ralheta (design) <\/strong><br><strong>Pedro Piedade (potter) and Margarida Cortez (Contractor) <\/strong> <\/p>        <\/div>\n          \n        <\/div>\n    <\/div>\n      <\/div>\n      <div class=\"dng-media w-full md:w-1\/2 order-1 md:order-2\"><div class=\"dng-wrapper\" data-dng-c-slideshow>\n        <div class=\"swiper w-full\">\n      <div class=\"swiper-wrapper\">\n              <div class=\"swiper-slide aspect-square object-cover w-full h-full\">\n      <img decoding=\"async\"  class=\"w-full h-full object-cover\" src=\"https:\/\/loulecriativo.pt\/wp-content\/uploads\/2025\/09\/MG_8607a-scaled-e1758536400131.jpg\" alt=\"\" playsinline=\"\"  muted=\"\"  loop=\"\"  data-play-on-slide=\"\" >          <\/div>\n                  <div class=\"swiper-slide aspect-square object-cover w-full h-full\">\n      <img decoding=\"async\"  class=\"w-full h-full object-cover\" src=\"https:\/\/loulecriativo.pt\/wp-content\/uploads\/2025\/05\/Summer-School-2021-Metal-in-Portugal_Jorge-Graca\u00a9Michelangelo-Foundation_2224373-scaled.jpg\" alt=\"\" playsinline=\"\"  muted=\"\"  loop=\"\"  data-play-on-slide=\"\" >          <\/div>\n              <\/div>\n      <div class=\"swiper-pagination\"><\/div>\n    <\/div>\n    <\/div>\n      <\/div>\n    <\/div>\n    \t\t\t\t<\/div>\n\t\t\t\t<\/div>\n\t\t\t\t<div class=\"elementor-element elementor-element-3f02fe6 elementor-widget elementor-widget-dng_square_showcase\" data-id=\"3f02fe6\" data-element_type=\"widget\" data-widget_type=\"dng_square_showcase.default\">\n\t\t\t\t<div class=\"elementor-widget-container\">\n\t\t\t\t\t<div data-dng-c-square-showcase \n        class=\"dng-c-square-showcase flex flex-col md:flex-row w-screen \">\n      <div class=\"w-full md:w-1\/2 order-2 md:order-2\"><div class=\"dng-wrapper\">\n        <div class=\"dng-content\">\n      <h2 class=\"dng-title mb-xs\">MESH LAMP AND CLAY SOCKET <\/h2>\n      \n    \n            <div class=\"dng-description text-body-1 mb-sm gap-xs\">\n      <p>From a clay socket, where the electrical components are housed, the palm mesh is woven, according to the hand of each artisan involved, thus marking the identity of the pieces produced.<br><br><\/p><p><strong>Materials: Clay and palm Henrique Ralheta (design) <\/strong><br><strong>Pedro Piedade (potter), <\/strong><br><strong>Cremilde de Sousa (contractor) and Margarida Cortez (contractor) <\/strong> <\/p>        <\/div>\n          \n        <\/div>\n    <\/div>\n      <\/div>\n      <div class=\"dng-media w-full md:w-1\/2 order-1 md:order-1\"><div class=\"dng-wrapper\" data-dng-c-slideshow>\n        <div class=\"swiper w-full\">\n      <div class=\"swiper-wrapper\">\n              <div class=\"swiper-slide aspect-square object-cover w-full h-full\">\n      <img decoding=\"async\"  class=\"w-full h-full object-cover\" src=\"https:\/\/loulecriativo.pt\/wp-content\/uploads\/2025\/09\/MG_9060a-scaled-e1758536499531.jpg\" alt=\"\" playsinline=\"\"  muted=\"\"  loop=\"\"  data-play-on-slide=\"\" >          <\/div>\n                  <div class=\"swiper-slide aspect-square object-cover w-full h-full\">\n      <img decoding=\"async\"  class=\"w-full h-full object-cover\" src=\"https:\/\/loulecriativo.pt\/wp-content\/uploads\/2025\/05\/Summer-School-2021-Metal-in-Portugal_Jorge-Graca\u00a9Michelangelo-Foundation_2224376-scaled.jpg\" alt=\"\" playsinline=\"\"  muted=\"\"  loop=\"\"  data-play-on-slide=\"\" >          <\/div>\n              <\/div>\n      <div class=\"swiper-pagination\"><\/div>\n    <\/div>\n    <\/div>\n      <\/div>\n    <\/div>\n    \t\t\t\t<\/div>\n\t\t\t\t<\/div>\n\t\t\t\t<div class=\"elementor-element elementor-element-d0153c2 elementor-widget elementor-widget-dng_square_showcase\" data-id=\"d0153c2\" data-element_type=\"widget\" data-widget_type=\"dng_square_showcase.default\">\n\t\t\t\t<div class=\"elementor-widget-container\">\n\t\t\t\t\t<div data-dng-c-square-showcase \n        class=\"dng-c-square-showcase dng-c-square-showcase--clear flex flex-col md:flex-row w-screen \">\n      <div class=\"w-full md:w-1\/2 order-2 md:order-1\"><div class=\"dng-wrapper\">\n        <div class=\"dng-content\">\n      <h2 class=\"dng-title mb-xs\">WOODEN AND COPPER TABLE LAMP<\/h2>\n      \n    \n            <div class=\"dng-description text-body-1 mb-sm gap-xs\">\n      <p>A lamp consisting of a copper bell and an olive wood base, creating a sculptural form that highlights the qualities of the materials. The interior of the lampshade is polished, accentuating the copper's luster through the reflection of the light. <br><br><\/p><p><strong>Materials: Copper and wood<\/strong><br><strong>Vanessa Domingues (design)<\/strong><br><strong>Analide Carmo (brazier) and<\/strong><br><strong>Fernando Martins (wood artisan)<\/strong><\/p>        <\/div>\n          \n        <\/div>\n    <\/div>\n      <\/div>\n      <div class=\"dng-media w-full md:w-1\/2 order-1 md:order-2\"><div class=\"dng-wrapper\" data-dng-c-slideshow>\n        <div class=\"swiper w-full\">\n      <div class=\"swiper-wrapper\">\n              <div class=\"swiper-slide aspect-square object-cover w-full h-full\">\n      <img decoding=\"async\"  class=\"w-full h-full object-cover\" src=\"https:\/\/loulecriativo.pt\/wp-content\/uploads\/2025\/09\/MG_8893a-scaled-e1758536654562.jpg\" alt=\"\" playsinline=\"\"  muted=\"\"  loop=\"\"  data-play-on-slide=\"\" >          <\/div>\n                  <div class=\"swiper-slide aspect-square object-cover w-full h-full\">\n      <img decoding=\"async\"  class=\"w-full h-full object-cover\" src=\"https:\/\/loulecriativo.pt\/wp-content\/uploads\/2025\/09\/MG_8795-scaled.jpg\" alt=\"\" playsinline=\"\"  muted=\"\"  loop=\"\"  data-play-on-slide=\"\" >          <\/div>\n              <\/div>\n      <div class=\"swiper-pagination\"><\/div>\n    <\/div>\n    <\/div>\n      <\/div>\n    <\/div>\n    \t\t\t\t<\/div>\n\t\t\t\t<\/div>\n\t\t\t\t<div class=\"elementor-element elementor-element-24e13fd elementor-widget elementor-widget-dng_square_showcase\" data-id=\"24e13fd\" data-element_type=\"widget\" data-widget_type=\"dng_square_showcase.default\">\n\t\t\t\t<div class=\"elementor-widget-container\">\n\t\t\t\t\t<div data-dng-c-square-showcase \n        class=\"dng-c-square-showcase flex flex-col md:flex-row w-screen \">\n      <div class=\"w-full md:w-1\/2 order-2 md:order-2\"><div class=\"dng-wrapper\">\n        <div class=\"dng-content\">\n      <h2 class=\"dng-title mb-xs\">COPPER CEILING LAMP<\/h2>\n      \n    \n            <div class=\"dng-description text-body-1 mb-sm gap-xs\">\n      <p>The copper plate is presented here in its hammered and polished form, helping to reflect the light. The exterior retains the nuances that naturally arise from the heating and beating process used in copper molding. Olive wood serves as a fitting for the electrical system.  <br><br><\/p><p><strong>Materials: Copper and wood <\/strong><br><strong>Vanessa Domingues (design) <\/strong><br><strong>Analide Carmo (brazier) and<\/strong><br><strong>Fernando Martins (woodworker) <\/strong> <\/p>        <\/div>\n          \n        <\/div>\n    <\/div>\n      <\/div>\n      <div class=\"dng-media w-full md:w-1\/2 order-1 md:order-1\"><div class=\"dng-wrapper\" data-dng-c-slideshow>\n        <div class=\"swiper w-full\">\n      <div class=\"swiper-wrapper\">\n              <div class=\"swiper-slide aspect-square object-cover w-full h-full\">\n      <img decoding=\"async\"  class=\"w-full h-full object-cover\" src=\"https:\/\/loulecriativo.pt\/wp-content\/uploads\/2025\/09\/MG_9090a-scaled-e1758536991155.jpg\" alt=\"\" playsinline=\"\"  muted=\"\"  loop=\"\"  data-play-on-slide=\"\" >          <\/div>\n                  <div class=\"swiper-slide aspect-square object-cover w-full h-full\">\n      <img decoding=\"async\"  class=\"w-full h-full object-cover\" src=\"https:\/\/loulecriativo.pt\/wp-content\/uploads\/2025\/09\/MG_9093-scaled-e1758536955850.jpg\" alt=\"\" playsinline=\"\"  muted=\"\"  loop=\"\"  data-play-on-slide=\"\" >          <\/div>\n              <\/div>\n      <div class=\"swiper-pagination\"><\/div>\n    <\/div>\n    <\/div>\n      <\/div>\n    <\/div>\n    \t\t\t\t<\/div>\n\t\t\t\t<\/div>\n\t\t\t\t<div class=\"elementor-element elementor-element-476ba31 elementor-widget elementor-widget-dng_square_showcase\" data-id=\"476ba31\" data-element_type=\"widget\" data-widget_type=\"dng_square_showcase.default\">\n\t\t\t\t<div class=\"elementor-widget-container\">\n\t\t\t\t\t<div data-dng-c-square-showcase \n        class=\"dng-c-square-showcase dng-c-square-showcase--clear flex flex-col md:flex-row w-screen \">\n      <div class=\"w-full md:w-1\/2 order-2 md:order-1\"><div class=\"dng-wrapper\">\n        <div class=\"dng-content\">\n      <h2 class=\"dng-title mb-xs\">WALL HANGER <\/h2>\n      \n    \n            <div class=\"dng-description text-body-1 mb-sm gap-xs\">\n      <p>Braided wire and wooden stumps serve as a simple support system for books and magazines.<\/p><p><strong><br>Materials: Palm and wood<\/strong><br><strong>Vanessa Domingues (design) <\/strong><br><strong>Odete Dias (contractor) <\/strong><br><strong>Fernando Martins (woodworker) <\/strong> <\/p>        <\/div>\n          \n        <\/div>\n    <\/div>\n      <\/div>\n      <div class=\"dng-media w-full md:w-1\/2 order-1 md:order-2\"><div class=\"dng-wrapper\" data-dng-c-slideshow>\n        <div class=\"swiper w-full\">\n      <div class=\"swiper-wrapper\">\n              <div class=\"swiper-slide aspect-square object-cover w-full h-full\">\n      <img decoding=\"async\"  class=\"w-full h-full object-cover\" src=\"https:\/\/loulecriativo.pt\/wp-content\/uploads\/2025\/09\/MG_9131-scaled-e1758537545995.jpg\" alt=\"\" playsinline=\"\"  muted=\"\"  loop=\"\"  data-play-on-slide=\"\" >          <\/div>\n                  <div class=\"swiper-slide aspect-square object-cover w-full h-full\">\n      <img decoding=\"async\"  class=\"w-full h-full object-cover\" src=\"https:\/\/loulecriativo.pt\/wp-content\/uploads\/2025\/09\/MG_9119-scaled-e1758537121687.jpg\" alt=\"\" playsinline=\"\"  muted=\"\"  loop=\"\"  data-play-on-slide=\"\" >          <\/div>\n              <\/div>\n      <div class=\"swiper-pagination\"><\/div>\n    <\/div>\n    <\/div>\n      <\/div>\n    <\/div>\n    \t\t\t\t<\/div>\n\t\t\t\t<\/div>\n\t\t\t\t<div class=\"elementor-element elementor-element-1ffa5d3 elementor-widget elementor-widget-dng_square_showcase\" data-id=\"1ffa5d3\" data-element_type=\"widget\" data-widget_type=\"dng_square_showcase.default\">\n\t\t\t\t<div class=\"elementor-widget-container\">\n\t\t\t\t\t<div data-dng-c-square-showcase \n        class=\"dng-c-square-showcase flex flex-col md:flex-row w-screen \">\n      <div class=\"w-full md:w-1\/2 order-2 md:order-2\"><div class=\"dng-wrapper\">\n        <div class=\"dng-content\">\n      <h2 class=\"dng-title mb-xs\">WOODEN SHELF<\/h2>\n      \n    \n            <div class=\"dng-description text-body-1 mb-sm gap-xs\">\n      <p>The rings and grain of the olive wood reflect the slow growth of a tree of enormous importance to Mediterranean culture and economy. A reinforced braid made from local palm allows the shelf to be suspended from the wall. <br><br><\/p><p><strong>Materials: wood and palm<\/strong><br><strong>Vanessa Domingues (design)<\/strong><br><strong>Fernando Martins (woodworker) and Odete Dias (ropework)<\/strong> <\/p>        <\/div>\n          \n        <\/div>\n    <\/div>\n      <\/div>\n      <div class=\"dng-media w-full md:w-1\/2 order-1 md:order-1\"><div class=\"dng-wrapper\" data-dng-c-slideshow>\n        <div class=\"swiper w-full\">\n      <div class=\"swiper-wrapper\">\n              <div class=\"swiper-slide aspect-square object-cover w-full h-full\">\n      <img decoding=\"async\"  class=\"w-full h-full object-cover\" src=\"https:\/\/loulecriativo.pt\/wp-content\/uploads\/2025\/09\/MG_9190-scaled-e1758537452541.jpg\" alt=\"\" playsinline=\"\"  muted=\"\"  loop=\"\"  data-play-on-slide=\"\" >          <\/div>\n                  <div class=\"swiper-slide aspect-square object-cover w-full h-full\">\n      <img decoding=\"async\"  class=\"w-full h-full object-cover\" src=\"https:\/\/loulecriativo.pt\/wp-content\/uploads\/2025\/09\/MG_9179-1-scaled.jpg\" alt=\"\" playsinline=\"\"  muted=\"\"  loop=\"\"  data-play-on-slide=\"\" >          <\/div>\n              <\/div>\n      <div class=\"swiper-pagination\"><\/div>\n    <\/div>\n    <\/div>\n      <\/div>\n    <\/div>\n    \t\t\t\t<\/div>\n\t\t\t\t<\/div>\n\t\t\t\t<div class=\"elementor-element elementor-element-f684d44 elementor-widget elementor-widget-dng_square_showcase\" data-id=\"f684d44\" data-element_type=\"widget\" data-widget_type=\"dng_square_showcase.default\">\n\t\t\t\t<div class=\"elementor-widget-container\">\n\t\t\t\t\t<div data-dng-c-square-showcase \n        class=\"dng-c-square-showcase dng-c-square-showcase--clear flex flex-col md:flex-row w-screen \">\n      <div class=\"w-full md:w-1\/2 order-2 md:order-1\"><div class=\"dng-wrapper\">\n        <div class=\"dng-content\">\n      <h2 class=\"dng-title mb-xs\">POTS<\/h2>\n      \n    \n            <div class=\"dng-description text-body-1 mb-sm gap-xs\">\n      <p>Some Islamic-era containers in the archaeological collection of the municipality of Loul\u00e9 feature a distinctive feature: the lids can be used for multiple items, rather than forming a pair. These pots are inspired by this versatility and carry some of their forms into modern times. The handles also form different geometries, like the tops of Algarve chimneys.  <br><br><\/p><p><strong>Materials: Clay, copper and wood Hugo da Silva (design) <\/strong><br><strong>Pedro Piedade (potter), <\/strong><br><strong>Analide Carmo (brazier) and Fernando Martins (wood artisan)<\/strong><\/p>        <\/div>\n          \n        <\/div>\n    <\/div>\n      <\/div>\n      <div class=\"dng-media w-full md:w-1\/2 order-1 md:order-2\"><div class=\"dng-wrapper\" data-dng-c-slideshow>\n        <div class=\"swiper w-full\">\n      <div class=\"swiper-wrapper\">\n              <div class=\"swiper-slide aspect-square object-cover w-full h-full\">\n      <img decoding=\"async\"  class=\"w-full h-full object-cover\" src=\"https:\/\/loulecriativo.pt\/wp-content\/uploads\/2025\/09\/MG_8785-scaled-e1758537725406.jpg\" alt=\"\" playsinline=\"\"  muted=\"\"  loop=\"\"  data-play-on-slide=\"\" >          <\/div>\n                  <div class=\"swiper-slide aspect-square object-cover w-full h-full\">\n      <img decoding=\"async\"  class=\"w-full h-full object-cover\" src=\"https:\/\/loulecriativo.pt\/wp-content\/uploads\/2025\/09\/MG_9119-scaled-e1758537121687.jpg\" alt=\"\" playsinline=\"\"  muted=\"\"  loop=\"\"  data-play-on-slide=\"\" >          <\/div>\n              <\/div>\n      <div class=\"swiper-pagination\"><\/div>\n    <\/div>\n    <\/div>\n      <\/div>\n    <\/div>\n    \t\t\t\t<\/div>\n\t\t\t\t<\/div>\n\t\t\t\t<div class=\"elementor-element elementor-element-306f674 elementor-widget elementor-widget-dng_square_showcase\" data-id=\"306f674\" data-element_type=\"widget\" data-widget_type=\"dng_square_showcase.default\">\n\t\t\t\t<div class=\"elementor-widget-container\">\n\t\t\t\t\t<div data-dng-c-square-showcase \n        class=\"dng-c-square-showcase flex flex-col md:flex-row w-screen \">\n      <div class=\"w-full md:w-1\/2 order-2 md:order-2\"><div class=\"dng-wrapper\">\n        <div class=\"dng-content\">\n      <h2 class=\"dng-title mb-xs\">COPPER CANDLEHOLS<\/h2>\n      \n    \n            <div class=\"dng-description text-body-1 mb-sm gap-xs\">\n      <p>Loul\u00e9 is a land of coppersmiths, masters in the art of molding copper and brass. It was here that many of the cataplanas that supplied the traditional commerce of the region and country were produced. These candlesticks recreate the technique and shape of the cataplana, a kitchen utensil consisting of two concave pieces, hermetically sealed to induce slow cooking, thus preserving the flavors of the ingredients.  <br><br><\/p><p><strong>Materials: Copper <\/strong><br><strong>Hugo da Silva (design) <\/strong><br><strong>Analide Carmo (brazier) and <\/strong><br><strong>Francisco Dias (metal artisan)<\/strong><\/p>        <\/div>\n          \n        <\/div>\n    <\/div>\n      <\/div>\n      <div class=\"dng-media w-full md:w-1\/2 order-1 md:order-1\"><div class=\"dng-wrapper\" data-dng-c-slideshow>\n        <div class=\"swiper w-full\">\n      <div class=\"swiper-wrapper\">\n              <div class=\"swiper-slide aspect-square object-cover w-full h-full\">\n      <img decoding=\"async\"  class=\"w-full h-full object-cover\" src=\"https:\/\/loulecriativo.pt\/wp-content\/uploads\/2025\/09\/MG_8943-scaled-e1758538059600.jpg\" alt=\"\" playsinline=\"\"  muted=\"\"  loop=\"\"  data-play-on-slide=\"\" >          <\/div>\n              <\/div>\n      <div class=\"swiper-pagination\"><\/div>\n    <\/div>\n    <\/div>\n      <\/div>\n    <\/div>\n    \t\t\t\t<\/div>\n\t\t\t\t<\/div>\n\t\t\t\t<div class=\"elementor-element elementor-element-fc4cd0f elementor-widget elementor-widget-dng_square_showcase\" data-id=\"fc4cd0f\" data-element_type=\"widget\" data-widget_type=\"dng_square_showcase.default\">\n\t\t\t\t<div class=\"elementor-widget-container\">\n\t\t\t\t\t<div data-dng-c-square-showcase \n        class=\"dng-c-square-showcase dng-c-square-showcase--clear flex flex-col md:flex-row w-screen \">\n      <div class=\"w-full md:w-1\/2 order-2 md:order-1\"><div class=\"dng-wrapper\">\n        <div class=\"dng-content\">\n      <h2 class=\"dng-title mb-xs\">WALL POCKETS<\/h2>\n      \n    \n            <div class=\"dng-description text-body-1 mb-sm gap-xs\">\n      <p>From the ancient art of weaving palm (a plant native to the Algarve), this set of pockets is born. They are attached to the wall with copper hooks inspired by the handles of the Algarve cataplana. The pockets are opened to accommodate the clips by interrupting the braided seam at that point. <br><br><\/p><p><strong>Materials: Palm and Copper <\/strong><br><strong>Hugo da Silva (design) <\/strong><br><strong>Odete Dias (contractor) and <\/strong><br><strong>Francisco Dias (metal artisan) <\/strong> <\/p>        <\/div>\n          \n        <\/div>\n    <\/div>\n      <\/div>\n      <div class=\"dng-media w-full md:w-1\/2 order-1 md:order-2\"><div class=\"dng-wrapper\" data-dng-c-slideshow>\n        <div class=\"swiper w-full\">\n      <div class=\"swiper-wrapper\">\n              <div class=\"swiper-slide aspect-square object-cover w-full h-full\">\n      <img decoding=\"async\"  class=\"w-full h-full object-cover\" src=\"https:\/\/loulecriativo.pt\/wp-content\/uploads\/2025\/09\/MG_9204-scaled-e1758538132263.jpg\" alt=\"\" playsinline=\"\"  muted=\"\"  loop=\"\"  data-play-on-slide=\"\" >          <\/div>\n                  <div class=\"swiper-slide aspect-square object-cover w-full h-full\">\n      <img decoding=\"async\"  class=\"w-full h-full object-cover\" src=\"https:\/\/loulecriativo.pt\/wp-content\/uploads\/2025\/09\/MG_9119-scaled-e1758537121687.jpg\" alt=\"\" playsinline=\"\"  muted=\"\"  loop=\"\"  data-play-on-slide=\"\" >          <\/div>\n              <\/div>\n      <div class=\"swiper-pagination\"><\/div>\n    <\/div>\n    <\/div>\n      <\/div>\n    <\/div>\n    \t\t\t\t<\/div>\n\t\t\t\t<\/div>\n\t\t\t\t<div class=\"elementor-element elementor-element-9c0f710 elementor-widget elementor-widget-dng_square_showcase\" data-id=\"9c0f710\" data-element_type=\"widget\" data-widget_type=\"dng_square_showcase.default\">\n\t\t\t\t<div class=\"elementor-widget-container\">\n\t\t\t\t\t<div data-dng-c-square-showcase \n        class=\"dng-c-square-showcase flex flex-col md:flex-row w-screen \">\n      <div class=\"w-full md:w-1\/2 order-2 md:order-2\"><div class=\"dng-wrapper\">\n        <div class=\"dng-content\">\n      <h2 class=\"dng-title mb-xs\">MOSAIC COOKIES<\/h2>\n      \n    \n            <div class=\"dng-description text-body-1 mb-sm gap-xs\">\n      <p>The designers reinterpreted the Algarve's exquisite sweet, reducing it to extreme simplicity, presenting it as a play of samples of the region's colors and their possible relationships, in a kind of mosaic panel that speaks of our identity.<br><br><\/p><p><strong>Materials: Almond paste and food pigments Henrique Ralheta, <\/strong><strong>Hugo da Silva and <\/strong><br><strong>Vanessa Domingues (design)<\/strong><\/p>        <\/div>\n          \n        <\/div>\n    <\/div>\n      <\/div>\n      <div class=\"dng-media w-full md:w-1\/2 order-1 md:order-1\"><div class=\"dng-wrapper\" data-dng-c-slideshow>\n        <div class=\"swiper w-full\">\n      <div class=\"swiper-wrapper\">\n              <div class=\"swiper-slide aspect-square object-cover w-full h-full\">\n      <img decoding=\"async\"  class=\"w-full h-full object-cover\" src=\"https:\/\/loulecriativo.pt\/wp-content\/uploads\/2025\/09\/MG_8412a-scaled-e1758538223193.jpg\" alt=\"\" playsinline=\"\"  muted=\"\"  loop=\"\"  data-play-on-slide=\"\" >          <\/div>\n              <\/div>\n      <div class=\"swiper-pagination\"><\/div>\n    <\/div>\n    <\/div>\n      <\/div>\n    <\/div>\n    \t\t\t\t<\/div>\n\t\t\t\t<\/div>\n\t\t\t\t<\/div>\n\t\t<div class=\"elementor-element elementor-element-96c1b17 e-grid e-con-boxed e-con e-child\" data-id=\"96c1b17\" data-element_type=\"container\" data-settings=\"{&quot;jet_parallax_layout_list&quot;:[]}\">\n\t\t\t\t\t<div class=\"e-con-inner\">\n\t\t<div class=\"elementor-element elementor-element-8f4a9d6 e-con-full e-flex e-con e-child\" data-id=\"8f4a9d6\" data-element_type=\"container\" data-settings=\"{&quot;jet_parallax_layout_list&quot;:[]}\">\n\t\t\t\t<div class=\"elementor-element elementor-element-b3fe054 elementor-widget elementor-widget-heading\" data-id=\"b3fe054\" data-element_type=\"widget\" data-widget_type=\"heading.default\">\n\t\t\t\t<div class=\"elementor-widget-container\">\n\t\t\t\t\t<h2 class=\"elementor-heading-title elementor-size-default\">Dates<\/h2>\t\t\t\t<\/div>\n\t\t\t\t<\/div>\n\t\t\t\t<div class=\"elementor-element elementor-element-aff1e12 elementor-widget__width-initial elementor-widget elementor-widget-text-editor\" data-id=\"aff1e12\" data-element_type=\"widget\" data-widget_type=\"text-editor.default\">\n\t\t\t\t<div class=\"elementor-widget-container\">\n\t\t\t\t\t\t\t\t\t<p>From the 10th to the 24th of September (Residency and Events Programme)<\/p>\t\t\t\t\t\t\t\t<\/div>\n\t\t\t\t<\/div>\n\t\t\t\t<\/div>\n\t\t<div class=\"elementor-element elementor-element-2af8976 e-con-full e-flex e-con e-child\" data-id=\"2af8976\" data-element_type=\"container\" data-settings=\"{&quot;jet_parallax_layout_list&quot;:[]}\">\n\t\t\t\t<div class=\"elementor-element elementor-element-193c6e0 elementor-widget elementor-widget-heading\" data-id=\"193c6e0\" data-element_type=\"widget\" data-widget_type=\"heading.default\">\n\t\t\t\t<div class=\"elementor-widget-container\">\n\t\t\t\t\t<h2 class=\"elementor-heading-title elementor-size-default\">Location<\/h2>\t\t\t\t<\/div>\n\t\t\t\t<\/div>\n\t\t\t\t<div class=\"elementor-element elementor-element-75c6028 elementor-widget__width-initial elementor-widget elementor-widget-text-editor\" data-id=\"75c6028\" data-element_type=\"widget\" data-widget_type=\"text-editor.default\">\n\t\t\t\t<div class=\"elementor-widget-container\">\n\t\t\t\t\t\t\t\t\t<p>Edif\u00edcio do Atl\u00e9tico (rua 5 de outubro n\u00ba 36) and oficinas dos artes\u00e3os<\/p>\t\t\t\t\t\t\t\t<\/div>\n\t\t\t\t<\/div>\n\t\t\t\t<\/div>\n\t\t<div class=\"elementor-element elementor-element-25d6c6e e-con-full e-flex e-con e-child\" data-id=\"25d6c6e\" data-element_type=\"container\" data-settings=\"{&quot;jet_parallax_layout_list&quot;:[]}\">\n\t\t\t\t<div class=\"elementor-element elementor-element-326ad14 elementor-widget elementor-widget-heading\" data-id=\"326ad14\" data-element_type=\"widget\" data-widget_type=\"heading.default\">\n\t\t\t\t<div class=\"elementor-widget-container\">\n\t\t\t\t\t<h2 class=\"elementor-heading-title elementor-size-default\">Participants<\/h2>\t\t\t\t<\/div>\n\t\t\t\t<\/div>\n\t\t\t\t<div class=\"elementor-element elementor-element-a45ae16 elementor-widget__width-initial elementor-widget elementor-widget-text-editor\" data-id=\"a45ae16\" data-element_type=\"widget\" data-widget_type=\"text-editor.default\">\n\t\t\t\t<div class=\"elementor-widget-container\">\n\t\t\t\t\t\t\t\t\t<p>Analide Carmo and Francisco Dias (coppersmiths)<br>Cremilde Sousa (ropework artisan)<br>F\u00e1brica da Am\u00eandoa (regional confectionery)<br>Fernando Henriques (woodworker)<br>Fernando Zuninga (leatherworker)<br>Henrique Ralheta (designer)<br>Hugo Silva (designer)<br>Jos\u00e9 Amendoeira (basketmaker)<br>Manoli Ortiz de La Torre (wool artisan)<br>Marco Cristovam (blacksmith)<br>Odete Rocha (ropework artisan)<br>Pedro Piedade (potter)<br>Vanessa Domingos (designer)<\/p>\t\t\t\t\t\t\t\t<\/div>\n\t\t\t\t<\/div>\n\t\t\t\t<\/div>\n\t\t<div class=\"elementor-element elementor-element-44ca410 e-con-full e-flex e-con e-child\" data-id=\"44ca410\" data-element_type=\"container\" data-settings=\"{&quot;jet_parallax_layout_list&quot;:[]}\">\n\t\t\t\t<div class=\"elementor-element elementor-element-f7596e7 elementor-widget elementor-widget-heading\" data-id=\"f7596e7\" data-element_type=\"widget\" data-widget_type=\"heading.default\">\n\t\t\t\t<div class=\"elementor-widget-container\">\n\t\t\t\t\t<h2 class=\"elementor-heading-title elementor-size-default\">Organization<\/h2>\t\t\t\t<\/div>\n\t\t\t\t<\/div>\n\t\t\t\t<div class=\"elementor-element elementor-element-3c54291 elementor-widget__width-initial elementor-widget elementor-widget-text-editor\" data-id=\"3c54291\" data-element_type=\"widget\" data-widget_type=\"text-editor.default\">\n\t\t\t\t<div class=\"elementor-widget-container\">\n\t\t\t\t\t\t\t\t\t<p>Curatorship: Henrique Ralheta<br>Organisational Support: Proactivetur \/ Project TASA<br>Promoter: Loul\u00e9 City Council<\/p>\t\t\t\t\t\t\t\t<\/div>\n\t\t\t\t<\/div>\n\t\t\t\t<\/div>\n\t\t<div class=\"elementor-element elementor-element-ace669b e-con-full e-flex e-con e-child\" data-id=\"ace669b\" data-element_type=\"container\" data-settings=\"{&quot;jet_parallax_layout_list&quot;:[]}\">\n\t\t\t\t<div class=\"elementor-element elementor-element-398387b elementor-widget elementor-widget-heading\" data-id=\"398387b\" data-element_type=\"widget\" data-widget_type=\"heading.default\">\n\t\t\t\t<div class=\"elementor-widget-container\">\n\t\t\t\t\t<h2 class=\"elementor-heading-title elementor-size-default\">Program<\/h2>\t\t\t\t<\/div>\n\t\t\t\t<\/div>\n\t\t\t\t<div class=\"elementor-element elementor-element-365b1f4 elementor-widget__width-initial elementor-widget elementor-widget-text-editor\" data-id=\"365b1f4\" data-element_type=\"widget\" data-widget_type=\"text-editor.default\">\n\t\t\t\t<div class=\"elementor-widget-container\">\n\t\t\t\t\t\t\t\t\t<p><strong>10 September \u2013 Conference &#8220;On the Future of Traditional Crafts<\/strong>&#8221; &#8211; 15.00\/ 18.00, Sala da Assembleia \u2013 Duarte Pacheco Building<\/p><p><strong>12 September \u2013 Talk \u201cFlavours of the Land\u201d<\/strong> \u2013 18:00\u201319:30, Moinho Ti Casinha, Queren\u00e7a (Porto Nobre). With local gastronomy and traditions expert, Jesus Dias.  <\/p><p><strong>13 September \u2013 Walking Class \u201cThrough Medieval Loul\u00e9\u201d<\/strong> \u2013 18:00\u201319:30. Meeting point and final discussion at the Cloister of the Esp\u00edrito Santo Convent. With archaeologist Isabel Luzia.  <\/p><p><strong>14 September \u2013 Walking Class \u201cStrolling through Modern Loul\u00e9\u201d <\/strong>\u2013 18:00\u201319:30. Meeting point and final discussion in front of the Ermida Nossa Senhora da Concei\u00e7\u00e3o. With local and regional history researcher Jorge Palma.  <\/p><p><strong>15 September \u2013 Walking Class \u201cTracing the Echoes of Trades in Historic Shops\u201d<\/strong> \u2013 18:00\u201319:30. Meeting point and final discussion in front of the Ermida Nossa Senhora da Concei\u00e7\u00e3o. With historian Lu\u00edsa Martins and local residents who love their town.  <\/p><p><strong>16 September \u2013 Talk \u201cTransforming the Land\u201d<\/strong> \u2013 18:00\u201319:30, Cloister of the Esp\u00edrito Santo Convent. With Susana Calado Martins \u2013 Barroca, cultural and tourism products. <\/p><p><strong>22 September \u2013 Showcase<\/strong> \u2013 Presentation of the new products from Project TASA &amp; Talk \u201cThe Place of Craftsmanship Today\u201d \u2013 18:00\u201319:30, Atl\u00e9tico Building (36 Rua 5 de Outubro).<\/p><p><strong>24 September \u2013 Showcase and Open Workshop \u2013 Ropework Wheel<\/strong> \u2013 10:00\u201316:00, Cerca do Convento.<\/p><p><strong>24 September \u2013 Presentation of Residency Results<\/strong> \u2013 18:00, Atl\u00e9tico Building (36 Rua 5 de Outubro).<\/p><p><strong>October and November<\/strong> &#8211; Production of all 9 projects<\/p><p><strong>December<\/strong> \u2014 Exhibition of products<\/p>\t\t\t\t\t\t\t\t<\/div>\n\t\t\t\t<\/div>\n\t\t\t\t<\/div>\n\t\t\t\t\t<\/div>\n\t\t\t\t<\/div>\n\t\t\t\t<\/div>\n\t\t","protected":false},"excerpt":{"rendered":"<p>Home Creative Residencies CREATIVE RESIDENCY Designers of Loul\u00e9 September 2016 Creative Residency \u201cDesigners of Loul\u00e9\u201d promotes dialogue with traditional knowledge. Three designers born in Loul\u00e9 return with a fresh perspective on their roots, fostering encounters with artisans and bringing together the worlds of tradition and innovation to create products with a Louletan soul. This was [&hellip;]<\/p>\n","protected":false},"featured_media":6933,"template":"","meta":{"_acf_changed":false},"class_list":["post-8005","lc_event","type-lc_event","status-publish","has-post-thumbnail","hentry"],"acf":[],"yoast_head":"<!-- This site is optimized with the Yoast SEO Premium plugin v25.9 (Yoast SEO v26.5) - https:\/\/yoast.com\/wordpress\/plugins\/seo\/ -->\n<title>Designers of Loul\u00e9 - Loul\u00e9 Criativo<\/title>\n<meta name=\"robots\" content=\"index, follow, max-snippet:-1, max-image-preview:large, max-video-preview:-1\" \/>\n<link rel=\"canonical\" href=\"https:\/\/loulecriativo.pt\/en\/residencias-criativas\/designers-of-loule\/\" \/>\n<meta property=\"og:locale\" content=\"en_US\" \/>\n<meta property=\"og:type\" content=\"article\" \/>\n<meta property=\"og:title\" content=\"Designers of Loul\u00e9\" \/>\n<meta property=\"og:description\" content=\"Home Creative Residencies CREATIVE RESIDENCY Designers of Loul\u00e9 September 2016 Creative Residency \u201cDesigners of Loul\u00e9\u201d promotes dialogue with traditional knowledge. Three designers born in Loul\u00e9 return with a fresh perspective on their roots, fostering encounters with artisans and bringing together the worlds of tradition and innovation to create products with a Louletan soul. This was [&hellip;]\" \/>\n<meta property=\"og:url\" content=\"https:\/\/loulecriativo.pt\/en\/residencias-criativas\/designers-of-loule\/\" \/>\n<meta property=\"og:site_name\" content=\"Loul\u00e9 Criativo\" \/>\n<meta property=\"article:modified_time\" content=\"2025-12-30T12:49:10+00:00\" \/>\n<meta property=\"og:image\" content=\"https:\/\/loulecriativo.pt\/wp-content\/uploads\/2025\/09\/IMG_4350-scaled.jpg\" \/>\n\t<meta property=\"og:image:width\" content=\"2560\" \/>\n\t<meta property=\"og:image:height\" content=\"1707\" \/>\n\t<meta property=\"og:image:type\" content=\"image\/jpeg\" \/>\n<meta name=\"twitter:card\" content=\"summary_large_image\" \/>\n<meta name=\"twitter:label1\" content=\"Est. reading time\" \/>\n\t<meta name=\"twitter:data1\" content=\"8 minutes\" \/>\n<script type=\"application\/ld+json\" class=\"yoast-schema-graph\">{\"@context\":\"https:\/\/schema.org\",\"@graph\":[{\"@type\":\"WebPage\",\"@id\":\"https:\/\/loulecriativo.pt\/en\/residencias-criativas\/designers-of-loule\/\",\"url\":\"https:\/\/loulecriativo.pt\/en\/residencias-criativas\/designers-of-loule\/\",\"name\":\"Designers of Loul\u00e9 - Loul\u00e9 Criativo\",\"isPartOf\":{\"@id\":\"https:\/\/loulecriativo.pt\/en\/#website\"},\"primaryImageOfPage\":{\"@id\":\"https:\/\/loulecriativo.pt\/en\/residencias-criativas\/designers-of-loule\/#primaryimage\"},\"image\":{\"@id\":\"https:\/\/loulecriativo.pt\/en\/residencias-criativas\/designers-of-loule\/#primaryimage\"},\"thumbnailUrl\":\"https:\/\/loulecriativo.pt\/wp-content\/uploads\/2025\/09\/IMG_4350-scaled.jpg\",\"datePublished\":\"2025-09-19T14:14:28+00:00\",\"dateModified\":\"2025-12-30T12:49:10+00:00\",\"breadcrumb\":{\"@id\":\"https:\/\/loulecriativo.pt\/en\/residencias-criativas\/designers-of-loule\/#breadcrumb\"},\"inLanguage\":\"en-US\",\"potentialAction\":[{\"@type\":\"ReadAction\",\"target\":[\"https:\/\/loulecriativo.pt\/en\/residencias-criativas\/designers-of-loule\/\"]}]},{\"@type\":\"ImageObject\",\"inLanguage\":\"en-US\",\"@id\":\"https:\/\/loulecriativo.pt\/en\/residencias-criativas\/designers-of-loule\/#primaryimage\",\"url\":\"https:\/\/loulecriativo.pt\/wp-content\/uploads\/2025\/09\/IMG_4350-scaled.jpg\",\"contentUrl\":\"https:\/\/loulecriativo.pt\/wp-content\/uploads\/2025\/09\/IMG_4350-scaled.jpg\",\"width\":2560,\"height\":1707},{\"@type\":\"BreadcrumbList\",\"@id\":\"https:\/\/loulecriativo.pt\/en\/residencias-criativas\/designers-of-loule\/#breadcrumb\",\"itemListElement\":[{\"@type\":\"ListItem\",\"position\":1,\"name\":\"Home\",\"item\":\"https:\/\/loulecriativo.pt\/en\/\"},{\"@type\":\"ListItem\",\"position\":2,\"name\":\"Designers of Loul\u00e9\"}]},{\"@type\":\"WebSite\",\"@id\":\"https:\/\/loulecriativo.pt\/en\/#website\",\"url\":\"https:\/\/loulecriativo.pt\/en\/\",\"name\":\"Loul\u00e9 Criativo\",\"description\":\"\",\"potentialAction\":[{\"@type\":\"SearchAction\",\"target\":{\"@type\":\"EntryPoint\",\"urlTemplate\":\"https:\/\/loulecriativo.pt\/en\/?s={search_term_string}\"},\"query-input\":{\"@type\":\"PropertyValueSpecification\",\"valueRequired\":true,\"valueName\":\"search_term_string\"}}],\"inLanguage\":\"en-US\"}]}<\/script>\n<!-- \/ Yoast SEO Premium plugin. -->","yoast_head_json":{"title":"Designers of Loul\u00e9 - Loul\u00e9 Criativo","robots":{"index":"index","follow":"follow","max-snippet":"max-snippet:-1","max-image-preview":"max-image-preview:large","max-video-preview":"max-video-preview:-1"},"canonical":"https:\/\/loulecriativo.pt\/en\/residencias-criativas\/designers-of-loule\/","og_locale":"en_US","og_type":"article","og_title":"Designers of Loul\u00e9","og_description":"Home Creative Residencies CREATIVE RESIDENCY Designers of Loul\u00e9 September 2016 Creative Residency \u201cDesigners of Loul\u00e9\u201d promotes dialogue with traditional knowledge. Three designers born in Loul\u00e9 return with a fresh perspective on their roots, fostering encounters with artisans and bringing together the worlds of tradition and innovation to create products with a Louletan soul. This was [&hellip;]","og_url":"https:\/\/loulecriativo.pt\/en\/residencias-criativas\/designers-of-loule\/","og_site_name":"Loul\u00e9 Criativo","article_modified_time":"2025-12-30T12:49:10+00:00","og_image":[{"width":2560,"height":1707,"url":"https:\/\/loulecriativo.pt\/wp-content\/uploads\/2025\/09\/IMG_4350-scaled.jpg","type":"image\/jpeg"}],"twitter_card":"summary_large_image","twitter_misc":{"Est. reading time":"8 minutes"},"schema":{"@context":"https:\/\/schema.org","@graph":[{"@type":"WebPage","@id":"https:\/\/loulecriativo.pt\/en\/residencias-criativas\/designers-of-loule\/","url":"https:\/\/loulecriativo.pt\/en\/residencias-criativas\/designers-of-loule\/","name":"Designers of Loul\u00e9 - Loul\u00e9 Criativo","isPartOf":{"@id":"https:\/\/loulecriativo.pt\/en\/#website"},"primaryImageOfPage":{"@id":"https:\/\/loulecriativo.pt\/en\/residencias-criativas\/designers-of-loule\/#primaryimage"},"image":{"@id":"https:\/\/loulecriativo.pt\/en\/residencias-criativas\/designers-of-loule\/#primaryimage"},"thumbnailUrl":"https:\/\/loulecriativo.pt\/wp-content\/uploads\/2025\/09\/IMG_4350-scaled.jpg","datePublished":"2025-09-19T14:14:28+00:00","dateModified":"2025-12-30T12:49:10+00:00","breadcrumb":{"@id":"https:\/\/loulecriativo.pt\/en\/residencias-criativas\/designers-of-loule\/#breadcrumb"},"inLanguage":"en-US","potentialAction":[{"@type":"ReadAction","target":["https:\/\/loulecriativo.pt\/en\/residencias-criativas\/designers-of-loule\/"]}]},{"@type":"ImageObject","inLanguage":"en-US","@id":"https:\/\/loulecriativo.pt\/en\/residencias-criativas\/designers-of-loule\/#primaryimage","url":"https:\/\/loulecriativo.pt\/wp-content\/uploads\/2025\/09\/IMG_4350-scaled.jpg","contentUrl":"https:\/\/loulecriativo.pt\/wp-content\/uploads\/2025\/09\/IMG_4350-scaled.jpg","width":2560,"height":1707},{"@type":"BreadcrumbList","@id":"https:\/\/loulecriativo.pt\/en\/residencias-criativas\/designers-of-loule\/#breadcrumb","itemListElement":[{"@type":"ListItem","position":1,"name":"Home","item":"https:\/\/loulecriativo.pt\/en\/"},{"@type":"ListItem","position":2,"name":"Designers of Loul\u00e9"}]},{"@type":"WebSite","@id":"https:\/\/loulecriativo.pt\/en\/#website","url":"https:\/\/loulecriativo.pt\/en\/","name":"Loul\u00e9 Criativo","description":"","potentialAction":[{"@type":"SearchAction","target":{"@type":"EntryPoint","urlTemplate":"https:\/\/loulecriativo.pt\/en\/?s={search_term_string}"},"query-input":{"@type":"PropertyValueSpecification","valueRequired":true,"valueName":"search_term_string"}}],"inLanguage":"en-US"}]}},"_links":{"self":[{"href":"https:\/\/loulecriativo.pt\/en\/wp-json\/wp\/v2\/lc_event\/8005","targetHints":{"allow":["GET"]}}],"collection":[{"href":"https:\/\/loulecriativo.pt\/en\/wp-json\/wp\/v2\/lc_event"}],"about":[{"href":"https:\/\/loulecriativo.pt\/en\/wp-json\/wp\/v2\/types\/lc_event"}],"version-history":[{"count":20,"href":"https:\/\/loulecriativo.pt\/en\/wp-json\/wp\/v2\/lc_event\/8005\/revisions"}],"predecessor-version":[{"id":15224,"href":"https:\/\/loulecriativo.pt\/en\/wp-json\/wp\/v2\/lc_event\/8005\/revisions\/15224"}],"wp:featuredmedia":[{"embeddable":true,"href":"https:\/\/loulecriativo.pt\/en\/wp-json\/wp\/v2\/media\/6933"}],"wp:attachment":[{"href":"https:\/\/loulecriativo.pt\/en\/wp-json\/wp\/v2\/media?parent=8005"}],"curies":[{"name":"wp","href":"https:\/\/api.w.org\/{rel}","templated":true}]}}