{"id":4751,"date":"2025-08-13T09:20:53","date_gmt":"2025-08-13T09:20:53","guid":{"rendered":"https:\/\/loulecriativo.pt\/comunidade-criativa-artista\/cremilde-lourenco\/"},"modified":"2025-10-08T12:08:09","modified_gmt":"2025-10-08T12:08:09","slug":"cremilde-lourenco","status":"publish","type":"lc_artist","link":"https:\/\/loulecriativo.pt\/pt\/comunidade-criativa\/cremilde-lourenco\/","title":{"rendered":"Cremilde Louren\u00e7o"},"content":{"rendered":"\t\t<div data-elementor-type=\"wp-post\" data-elementor-id=\"4751\" class=\"elementor elementor-4751\" data-elementor-post-type=\"lc_artist\">\n\t\t\t\t<div class=\"elementor-element elementor-element-307a0e32 e-con-full e-flex e-con e-parent\" data-id=\"307a0e32\" data-element_type=\"container\" data-settings=\"{&quot;jet_parallax_layout_list&quot;:[]}\">\n\t\t\t\t<div class=\"elementor-element elementor-element-75cd6cfb elementor-widget elementor-widget-text-editor\" data-id=\"75cd6cfb\" data-element_type=\"widget\" data-widget_type=\"text-editor.default\">\n\t\t\t\t<div class=\"elementor-widget-container\">\n\t\t\t\t\t\t\t\t\t<p data-start=\"590\" data-end=\"1028\">Natural do s\u00edtio dos Palmeiros, na freguesia de Salir, <strong data-start=\"458\" data-end=\"494\">Maria Cremilde de Sousa Louren\u00e7o<\/strong> nasceu em 1941 e guarda em si a sabedoria e a simplicidade das gentes do interior algarvio.<\/p>\t\t\t\t\t\t\t\t<\/div>\n\t\t\t\t<\/div>\n\t\t\t\t<div class=\"elementor-element elementor-element-1b3b7e0e elementor-widget elementor-widget-image\" data-id=\"1b3b7e0e\" data-element_type=\"widget\" data-widget_type=\"image.default\">\n\t\t\t\t<div class=\"elementor-widget-container\">\n\t\t\t\t\t\t\t\t\t\t\t\t\t\t\t<img fetchpriority=\"high\" decoding=\"async\" width=\"800\" height=\"534\" src=\"https:\/\/loulecriativo.pt\/wp-content\/uploads\/2025\/08\/IMG_9761-1024x683.jpg\" class=\"attachment-large size-large wp-image-9853\" alt=\"\" srcset=\"https:\/\/loulecriativo.pt\/wp-content\/uploads\/2025\/08\/IMG_9761-1024x683.jpg 1024w, https:\/\/loulecriativo.pt\/wp-content\/uploads\/2025\/08\/IMG_9761-300x200.jpg 300w, https:\/\/loulecriativo.pt\/wp-content\/uploads\/2025\/08\/IMG_9761-768x512.jpg 768w, https:\/\/loulecriativo.pt\/wp-content\/uploads\/2025\/08\/IMG_9761-1536x1024.jpg 1536w, https:\/\/loulecriativo.pt\/wp-content\/uploads\/2025\/08\/IMG_9761-2048x1366.jpg 2048w\" sizes=\"(max-width: 800px) 100vw, 800px\" \/>\t\t\t\t\t\t\t\t\t\t\t\t\t\t\t<\/div>\n\t\t\t\t<\/div>\n\t\t\t\t<div class=\"elementor-element elementor-element-76f786a elementor-widget elementor-widget-text-editor\" data-id=\"76f786a\" data-element_type=\"widget\" data-widget_type=\"text-editor.default\">\n\t\t\t\t<div class=\"elementor-widget-container\">\n\t\t\t\t\t\t\t\t\t<p data-start=\"590\" data-end=\"1028\">Filha e neta de sapateiros, quando terminou a 4.\u00aa classe teve de escolher entre a costura e o trabalho do campo. Por conselho da m\u00e3e, dedicou-se \u00e0 costura, of\u00edcio que exerceu durante cerca de trinta anos. Desde pequena, por\u00e9m, a arte da empreita fascinava-a, influenciada pela vis\u00e3o da m\u00e3e e da av\u00f3 \u2014 mulheres que transformavam a palma em objetos indispens\u00e1veis \u00e0 vida dom\u00e9stica e agr\u00edcola, numa \u00e9poca em que o pl\u00e1stico ainda n\u00e3o existia.<\/p><p data-start=\"1712\" data-end=\"2037\">\u00a0<\/p>\t\t\t\t\t\t\t\t<\/div>\n\t\t\t\t<\/div>\n\t\t\t\t<div class=\"elementor-element elementor-element-279cb25 elementor-widget elementor-widget-image\" data-id=\"279cb25\" data-element_type=\"widget\" data-widget_type=\"image.default\">\n\t\t\t\t<div class=\"elementor-widget-container\">\n\t\t\t\t\t\t\t\t\t\t\t\t\t\t\t<img decoding=\"async\" width=\"683\" height=\"1024\" src=\"https:\/\/loulecriativo.pt\/wp-content\/uploads\/2025\/08\/DSC_1091_01-683x1024.jpg\" class=\"attachment-large size-large wp-image-9863\" alt=\"\" srcset=\"https:\/\/loulecriativo.pt\/wp-content\/uploads\/2025\/08\/DSC_1091_01-683x1024.jpg 683w, https:\/\/loulecriativo.pt\/wp-content\/uploads\/2025\/08\/DSC_1091_01-200x300.jpg 200w, https:\/\/loulecriativo.pt\/wp-content\/uploads\/2025\/08\/DSC_1091_01-768x1152.jpg 768w, https:\/\/loulecriativo.pt\/wp-content\/uploads\/2025\/08\/DSC_1091_01-1024x1536.jpg 1024w, https:\/\/loulecriativo.pt\/wp-content\/uploads\/2025\/08\/DSC_1091_01-1365x2048.jpg 1365w, https:\/\/loulecriativo.pt\/wp-content\/uploads\/2025\/08\/DSC_1091_01-scaled.jpg 1707w\" sizes=\"(max-width: 683px) 100vw, 683px\" \/>\t\t\t\t\t\t\t\t\t\t\t\t\t\t\t<\/div>\n\t\t\t\t<\/div>\n\t\t\t\t<div class=\"elementor-element elementor-element-664e175 elementor-widget elementor-widget-text-editor\" data-id=\"664e175\" data-element_type=\"widget\" data-widget_type=\"text-editor.default\">\n\t\t\t\t<div class=\"elementor-widget-container\">\n\t\t\t\t\t\t\t\t\t<p data-start=\"590\" data-end=\"1028\">Em 1990, com 49 anos, e numa altura em que o pronto-a-vestir levou ao decl\u00ednio da costura tradicional, Cremilde concretizou um sonho antigo ao frequentar um curso de empreita de palma e esparto promovido pelo IEFP, em Salir. Desde ent\u00e3o, dedica-se inteiramente a esta arte, provando que nunca \u00e9 tarde para aprender e seguir uma paix\u00e3o.<\/p>\t\t\t\t\t\t\t\t<\/div>\n\t\t\t\t<\/div>\n\t\t\t\t<div class=\"elementor-element elementor-element-7a3a77a6 elementor-widget elementor-widget-image\" data-id=\"7a3a77a6\" data-element_type=\"widget\" data-widget_type=\"image.default\">\n\t\t\t\t<div class=\"elementor-widget-container\">\n\t\t\t\t\t\t\t\t\t\t\t\t\t\t\t<img decoding=\"async\" width=\"683\" height=\"1024\" src=\"https:\/\/loulecriativo.pt\/wp-content\/uploads\/2025\/08\/DSC_0698_01-683x1024.jpg\" class=\"attachment-large size-large wp-image-9871\" alt=\"\" srcset=\"https:\/\/loulecriativo.pt\/wp-content\/uploads\/2025\/08\/DSC_0698_01-683x1024.jpg 683w, https:\/\/loulecriativo.pt\/wp-content\/uploads\/2025\/08\/DSC_0698_01-200x300.jpg 200w, https:\/\/loulecriativo.pt\/wp-content\/uploads\/2025\/08\/DSC_0698_01-768x1152.jpg 768w, https:\/\/loulecriativo.pt\/wp-content\/uploads\/2025\/08\/DSC_0698_01-1024x1536.jpg 1024w, https:\/\/loulecriativo.pt\/wp-content\/uploads\/2025\/08\/DSC_0698_01-1365x2048.jpg 1365w, https:\/\/loulecriativo.pt\/wp-content\/uploads\/2025\/08\/DSC_0698_01-scaled.jpg 1707w\" sizes=\"(max-width: 683px) 100vw, 683px\" \/>\t\t\t\t\t\t\t\t\t\t\t\t\t\t\t<\/div>\n\t\t\t\t<\/div>\n\t\t\t\t<div class=\"elementor-element elementor-element-c751241 elementor-widget elementor-widget-text-editor\" data-id=\"c751241\" data-element_type=\"widget\" data-widget_type=\"text-editor.default\">\n\t\t\t\t<div class=\"elementor-widget-container\">\n\t\t\t\t\t\t\t\t\t<p data-start=\"1369\" data-end=\"1710\">Reconhecida pela perfei\u00e7\u00e3o e inova\u00e7\u00e3o das suas pe\u00e7as, participou em in\u00fameras feiras e certames e integra actualmente o colectivo de artes\u00e3s da <strong data-start=\"1512\" data-end=\"1532\">Casa da Empreita<\/strong>, em Loul\u00e9. Une o talento pela costura ao dom\u00ednio da palma, criando pe\u00e7as \u00fanicas que j\u00e1 lhe valeram v\u00e1rios pr\u00e9mios do <strong data-start=\"1652\" data-end=\"1707\">Instituto do Emprego e Forma\u00e7\u00e3o Profissional (IEFP)<\/strong>.<\/p><p data-start=\"1712\" data-end=\"2037\">\u00a0<\/p>\t\t\t\t\t\t\t\t<\/div>\n\t\t\t\t<\/div>\n\t\t<div class=\"elementor-element elementor-element-7cd83fd4 e-grid e-con-full e-con e-child\" data-id=\"7cd83fd4\" data-element_type=\"container\" data-settings=\"{&quot;jet_parallax_layout_list&quot;:[]}\">\n\t\t\t\t<div class=\"elementor-element elementor-element-2132faf0 elementor-widget elementor-widget-image\" data-id=\"2132faf0\" data-element_type=\"widget\" data-widget_type=\"image.default\">\n\t\t\t\t<div class=\"elementor-widget-container\">\n\t\t\t\t\t\t\t\t\t\t\t\t\t\t\t<img loading=\"lazy\" decoding=\"async\" width=\"540\" height=\"540\" src=\"https:\/\/loulecriativo.pt\/wp-content\/uploads\/2025\/08\/DSC0108_1-540x540.jpg\" class=\"attachment-square size-square wp-image-9869\" alt=\"\" srcset=\"https:\/\/loulecriativo.pt\/wp-content\/uploads\/2025\/08\/DSC0108_1-540x540.jpg 540w, https:\/\/loulecriativo.pt\/wp-content\/uploads\/2025\/08\/DSC0108_1-150x150.jpg 150w\" sizes=\"(max-width: 540px) 100vw, 540px\" \/>\t\t\t\t\t\t\t\t\t\t\t\t\t\t\t<\/div>\n\t\t\t\t<\/div>\n\t\t\t\t<div class=\"elementor-element elementor-element-a5b0314 elementor-widget elementor-widget-image\" data-id=\"a5b0314\" data-element_type=\"widget\" data-widget_type=\"image.default\">\n\t\t\t\t<div class=\"elementor-widget-container\">\n\t\t\t\t\t\t\t\t\t\t\t\t\t\t\t<img loading=\"lazy\" decoding=\"async\" width=\"540\" height=\"540\" src=\"https:\/\/loulecriativo.pt\/wp-content\/uploads\/2025\/08\/DSC0077_1-540x540.jpg\" class=\"attachment-square size-square wp-image-9867\" alt=\"\" srcset=\"https:\/\/loulecriativo.pt\/wp-content\/uploads\/2025\/08\/DSC0077_1-540x540.jpg 540w, https:\/\/loulecriativo.pt\/wp-content\/uploads\/2025\/08\/DSC0077_1-150x150.jpg 150w\" sizes=\"(max-width: 540px) 100vw, 540px\" \/>\t\t\t\t\t\t\t\t\t\t\t\t\t\t\t<\/div>\n\t\t\t\t<\/div>\n\t\t\t\t<\/div>\n\t\t\t\t<div class=\"elementor-element elementor-element-7ae12696 elementor-widget elementor-widget-image\" data-id=\"7ae12696\" data-element_type=\"widget\" data-widget_type=\"image.default\">\n\t\t\t\t<div class=\"elementor-widget-container\">\n\t\t\t\t\t\t\t\t\t\t\t\t\t\t\t<img loading=\"lazy\" decoding=\"async\" width=\"768\" height=\"1024\" src=\"https:\/\/loulecriativo.pt\/wp-content\/uploads\/2025\/08\/IMG_20190412_115007-768x1024.jpg\" class=\"attachment-large size-large wp-image-9855\" alt=\"\" srcset=\"https:\/\/loulecriativo.pt\/wp-content\/uploads\/2025\/08\/IMG_20190412_115007-768x1024.jpg 768w, https:\/\/loulecriativo.pt\/wp-content\/uploads\/2025\/08\/IMG_20190412_115007-225x300.jpg 225w, https:\/\/loulecriativo.pt\/wp-content\/uploads\/2025\/08\/IMG_20190412_115007-1152x1536.jpg 1152w, https:\/\/loulecriativo.pt\/wp-content\/uploads\/2025\/08\/IMG_20190412_115007-1536x2048.jpg 1536w, https:\/\/loulecriativo.pt\/wp-content\/uploads\/2025\/08\/IMG_20190412_115007-scaled.jpg 1920w\" sizes=\"(max-width: 768px) 100vw, 768px\" \/>\t\t\t\t\t\t\t\t\t\t\t\t\t\t\t<\/div>\n\t\t\t\t<\/div>\n\t\t\t\t<div class=\"elementor-element elementor-element-4b7acc77 elementor-widget elementor-widget-video\" data-id=\"4b7acc77\" data-element_type=\"widget\" data-settings=\"{&quot;video_type&quot;:&quot;hosted&quot;,&quot;autoplay&quot;:&quot;yes&quot;,&quot;mute&quot;:&quot;yes&quot;,&quot;controls&quot;:&quot;yes&quot;}\" data-widget_type=\"video.default\">\n\t\t\t\t<div class=\"elementor-widget-container\">\n\t\t\t\t\t\t\t<div class=\"e-hosted-video elementor-wrapper elementor-open-inline\">\n\t\t\t\t\t<video class=\"elementor-video\" src=\"https:\/\/loulecriativo.pt\/wp-content\/uploads\/2025\/05\/file_example_MP4_480_1_5MG.mp4\" autoplay=\"\" controls=\"\" muted=\"muted\" controlsList=\"nodownload\"><\/video>\n\t\t\t\t<\/div>\n\t\t\t\t\t\t<\/div>\n\t\t\t\t<\/div>\n\t\t\t\t<\/div>\n\t\t\t\t<\/div>\n\t\t","protected":false},"excerpt":{"rendered":"<p>Dona de um esp\u00edrito irrequieto e em busca constante por fazer mais e melhor, a arte da empreita entrou tarde na vida desta artes\u00e3. Desde muito cedo come\u00e7ou a costurar, e j\u00e1 com 45 anos frequentou um curso de empreita em palma e esparto &#8211; um sonho antigo, que teve oportunidade de concretizar. Com um gosto particular pela inova\u00e7\u00e3o, conjuga o talento para a costura com t\u00e9cnicas e materiais diversos que resultam em objetos \u00fanicos que buscam a perfei\u00e7\u00e3o. <\/p>\n","protected":false},"featured_media":4771,"template":"","meta":{"_acf_changed":false},"tags":[167,185,191],"materiais":[137,164,143],"role":[74],"class_list":["post-4751","lc_artist","type-lc_artist","status-publish","has-post-thumbnail","hentry","tag-cestaria","tag-empreita","tag-empreita-de-palma","materiais-algodao","materiais-fibras-vegetais","materiais-palma","role-artesao"],"acf":[],"yoast_head":"<!-- This site is optimized with the Yoast SEO Premium plugin v25.9 (Yoast SEO v26.5) - https:\/\/yoast.com\/wordpress\/plugins\/seo\/ -->\n<title>Cremilde Louren\u00e7o - Loul\u00e9 Criativo<\/title>\n<meta name=\"robots\" content=\"index, follow, max-snippet:-1, max-image-preview:large, max-video-preview:-1\" \/>\n<link rel=\"canonical\" href=\"https:\/\/loulecriativo.pt\/pt\/comunidade-criativa\/cremilde-lourenco\/\" \/>\n<meta property=\"og:locale\" content=\"pt_PT\" \/>\n<meta property=\"og:type\" content=\"article\" \/>\n<meta property=\"og:title\" content=\"Cremilde Louren\u00e7o\" \/>\n<meta property=\"og:description\" content=\"Dona de um esp\u00edrito irrequieto e em busca constante por fazer mais e melhor, a arte da empreita entrou tarde na vida desta artes\u00e3. Desde muito cedo come\u00e7ou a costurar, e j\u00e1 com 45 anos frequentou um curso de empreita em palma e esparto - um sonho antigo, que teve oportunidade de concretizar. Com um gosto particular pela inova\u00e7\u00e3o, conjuga o talento para a costura com t\u00e9cnicas e materiais diversos que resultam em objetos \u00fanicos que buscam a perfei\u00e7\u00e3o.\" \/>\n<meta property=\"og:url\" content=\"https:\/\/loulecriativo.pt\/pt\/comunidade-criativa\/cremilde-lourenco\/\" \/>\n<meta property=\"og:site_name\" content=\"Loul\u00e9 Criativo\" \/>\n<meta property=\"article:modified_time\" content=\"2025-10-08T12:08:09+00:00\" \/>\n<meta property=\"og:image\" content=\"https:\/\/loulecriativo.pt\/wp-content\/uploads\/2025\/08\/CremildeLourenco-scaled-e1755077615284.webp\" \/>\n\t<meta property=\"og:image:width\" content=\"1707\" \/>\n\t<meta property=\"og:image:height\" content=\"1724\" \/>\n\t<meta property=\"og:image:type\" content=\"image\/webp\" \/>\n<meta name=\"twitter:card\" content=\"summary_large_image\" \/>\n<meta name=\"twitter:label1\" content=\"Est. reading time\" \/>\n\t<meta name=\"twitter:data1\" content=\"3 minutes\" \/>\n<script type=\"application\/ld+json\" class=\"yoast-schema-graph\">{\"@context\":\"https:\/\/schema.org\",\"@graph\":[{\"@type\":\"WebPage\",\"@id\":\"https:\/\/loulecriativo.pt\/pt\/comunidade-criativa\/cremilde-lourenco\/\",\"url\":\"https:\/\/loulecriativo.pt\/pt\/comunidade-criativa\/cremilde-lourenco\/\",\"name\":\"Cremilde Louren\u00e7o - Loul\u00e9 Criativo\",\"isPartOf\":{\"@id\":\"https:\/\/loulecriativo.pt\/pt\/#website\"},\"primaryImageOfPage\":{\"@id\":\"https:\/\/loulecriativo.pt\/pt\/comunidade-criativa\/cremilde-lourenco\/#primaryimage\"},\"image\":{\"@id\":\"https:\/\/loulecriativo.pt\/pt\/comunidade-criativa\/cremilde-lourenco\/#primaryimage\"},\"thumbnailUrl\":\"https:\/\/loulecriativo.pt\/wp-content\/uploads\/2025\/08\/CremildeLourenco-scaled-e1755077615284.webp\",\"datePublished\":\"2025-08-13T09:20:53+00:00\",\"dateModified\":\"2025-10-08T12:08:09+00:00\",\"breadcrumb\":{\"@id\":\"https:\/\/loulecriativo.pt\/pt\/comunidade-criativa\/cremilde-lourenco\/#breadcrumb\"},\"inLanguage\":\"pt\",\"potentialAction\":[{\"@type\":\"ReadAction\",\"target\":[\"https:\/\/loulecriativo.pt\/pt\/comunidade-criativa\/cremilde-lourenco\/\"]}]},{\"@type\":\"ImageObject\",\"inLanguage\":\"pt\",\"@id\":\"https:\/\/loulecriativo.pt\/pt\/comunidade-criativa\/cremilde-lourenco\/#primaryimage\",\"url\":\"https:\/\/loulecriativo.pt\/wp-content\/uploads\/2025\/08\/CremildeLourenco-scaled-e1755077615284.webp\",\"contentUrl\":\"https:\/\/loulecriativo.pt\/wp-content\/uploads\/2025\/08\/CremildeLourenco-scaled-e1755077615284.webp\",\"width\":1707,\"height\":1724},{\"@type\":\"BreadcrumbList\",\"@id\":\"https:\/\/loulecriativo.pt\/pt\/comunidade-criativa\/cremilde-lourenco\/#breadcrumb\",\"itemListElement\":[{\"@type\":\"ListItem\",\"position\":1,\"name\":\"Home\",\"item\":\"https:\/\/loulecriativo.pt\/pt\/\"},{\"@type\":\"ListItem\",\"position\":2,\"name\":\"Cremilde Louren\u00e7o\"}]},{\"@type\":\"WebSite\",\"@id\":\"https:\/\/loulecriativo.pt\/pt\/#website\",\"url\":\"https:\/\/loulecriativo.pt\/pt\/\",\"name\":\"Loul\u00e9 Criativo\",\"description\":\"\",\"potentialAction\":[{\"@type\":\"SearchAction\",\"target\":{\"@type\":\"EntryPoint\",\"urlTemplate\":\"https:\/\/loulecriativo.pt\/pt\/?s={search_term_string}\"},\"query-input\":{\"@type\":\"PropertyValueSpecification\",\"valueRequired\":true,\"valueName\":\"search_term_string\"}}],\"inLanguage\":\"pt\"}]}<\/script>\n<!-- \/ Yoast SEO Premium plugin. -->","yoast_head_json":{"title":"Cremilde Louren\u00e7o - Loul\u00e9 Criativo","robots":{"index":"index","follow":"follow","max-snippet":"max-snippet:-1","max-image-preview":"max-image-preview:large","max-video-preview":"max-video-preview:-1"},"canonical":"https:\/\/loulecriativo.pt\/pt\/comunidade-criativa\/cremilde-lourenco\/","og_locale":"pt_PT","og_type":"article","og_title":"Cremilde Louren\u00e7o","og_description":"Dona de um esp\u00edrito irrequieto e em busca constante por fazer mais e melhor, a arte da empreita entrou tarde na vida desta artes\u00e3. Desde muito cedo come\u00e7ou a costurar, e j\u00e1 com 45 anos frequentou um curso de empreita em palma e esparto - um sonho antigo, que teve oportunidade de concretizar. Com um gosto particular pela inova\u00e7\u00e3o, conjuga o talento para a costura com t\u00e9cnicas e materiais diversos que resultam em objetos \u00fanicos que buscam a perfei\u00e7\u00e3o.","og_url":"https:\/\/loulecriativo.pt\/pt\/comunidade-criativa\/cremilde-lourenco\/","og_site_name":"Loul\u00e9 Criativo","article_modified_time":"2025-10-08T12:08:09+00:00","og_image":[{"width":1707,"height":1724,"url":"https:\/\/loulecriativo.pt\/wp-content\/uploads\/2025\/08\/CremildeLourenco-scaled-e1755077615284.webp","type":"image\/webp"}],"twitter_card":"summary_large_image","twitter_misc":{"Est. reading time":"3 minutes"},"schema":{"@context":"https:\/\/schema.org","@graph":[{"@type":"WebPage","@id":"https:\/\/loulecriativo.pt\/pt\/comunidade-criativa\/cremilde-lourenco\/","url":"https:\/\/loulecriativo.pt\/pt\/comunidade-criativa\/cremilde-lourenco\/","name":"Cremilde Louren\u00e7o - Loul\u00e9 Criativo","isPartOf":{"@id":"https:\/\/loulecriativo.pt\/pt\/#website"},"primaryImageOfPage":{"@id":"https:\/\/loulecriativo.pt\/pt\/comunidade-criativa\/cremilde-lourenco\/#primaryimage"},"image":{"@id":"https:\/\/loulecriativo.pt\/pt\/comunidade-criativa\/cremilde-lourenco\/#primaryimage"},"thumbnailUrl":"https:\/\/loulecriativo.pt\/wp-content\/uploads\/2025\/08\/CremildeLourenco-scaled-e1755077615284.webp","datePublished":"2025-08-13T09:20:53+00:00","dateModified":"2025-10-08T12:08:09+00:00","breadcrumb":{"@id":"https:\/\/loulecriativo.pt\/pt\/comunidade-criativa\/cremilde-lourenco\/#breadcrumb"},"inLanguage":"pt","potentialAction":[{"@type":"ReadAction","target":["https:\/\/loulecriativo.pt\/pt\/comunidade-criativa\/cremilde-lourenco\/"]}]},{"@type":"ImageObject","inLanguage":"pt","@id":"https:\/\/loulecriativo.pt\/pt\/comunidade-criativa\/cremilde-lourenco\/#primaryimage","url":"https:\/\/loulecriativo.pt\/wp-content\/uploads\/2025\/08\/CremildeLourenco-scaled-e1755077615284.webp","contentUrl":"https:\/\/loulecriativo.pt\/wp-content\/uploads\/2025\/08\/CremildeLourenco-scaled-e1755077615284.webp","width":1707,"height":1724},{"@type":"BreadcrumbList","@id":"https:\/\/loulecriativo.pt\/pt\/comunidade-criativa\/cremilde-lourenco\/#breadcrumb","itemListElement":[{"@type":"ListItem","position":1,"name":"Home","item":"https:\/\/loulecriativo.pt\/pt\/"},{"@type":"ListItem","position":2,"name":"Cremilde Louren\u00e7o"}]},{"@type":"WebSite","@id":"https:\/\/loulecriativo.pt\/pt\/#website","url":"https:\/\/loulecriativo.pt\/pt\/","name":"Loul\u00e9 Criativo","description":"","potentialAction":[{"@type":"SearchAction","target":{"@type":"EntryPoint","urlTemplate":"https:\/\/loulecriativo.pt\/pt\/?s={search_term_string}"},"query-input":{"@type":"PropertyValueSpecification","valueRequired":true,"valueName":"search_term_string"}}],"inLanguage":"pt"}]}},"_links":{"self":[{"href":"https:\/\/loulecriativo.pt\/pt\/wp-json\/wp\/v2\/lc_artist\/4751","targetHints":{"allow":["GET"]}}],"collection":[{"href":"https:\/\/loulecriativo.pt\/pt\/wp-json\/wp\/v2\/lc_artist"}],"about":[{"href":"https:\/\/loulecriativo.pt\/pt\/wp-json\/wp\/v2\/types\/lc_artist"}],"version-history":[{"count":13,"href":"https:\/\/loulecriativo.pt\/pt\/wp-json\/wp\/v2\/lc_artist\/4751\/revisions"}],"predecessor-version":[{"id":9875,"href":"https:\/\/loulecriativo.pt\/pt\/wp-json\/wp\/v2\/lc_artist\/4751\/revisions\/9875"}],"wp:featuredmedia":[{"embeddable":true,"href":"https:\/\/loulecriativo.pt\/pt\/wp-json\/wp\/v2\/media\/4771"}],"wp:attachment":[{"href":"https:\/\/loulecriativo.pt\/pt\/wp-json\/wp\/v2\/media?parent=4751"}],"wp:term":[{"taxonomy":"post_tag","embeddable":true,"href":"https:\/\/loulecriativo.pt\/pt\/wp-json\/wp\/v2\/tags?post=4751"},{"taxonomy":"materiais","embeddable":true,"href":"https:\/\/loulecriativo.pt\/pt\/wp-json\/wp\/v2\/materiais?post=4751"},{"taxonomy":"role","embeddable":true,"href":"https:\/\/loulecriativo.pt\/pt\/wp-json\/wp\/v2\/role?post=4751"}],"curies":[{"name":"wp","href":"https:\/\/api.w.org\/{rel}","templated":true}]}}