{"id":4753,"date":"2025-08-13T09:21:11","date_gmt":"2025-08-13T09:21:11","guid":{"rendered":"https:\/\/loulecriativo.pt\/comunidade-criativa-artista\/magarida-cortez\/"},"modified":"2025-10-14T17:40:49","modified_gmt":"2025-10-14T17:40:49","slug":"magarida-cortez","status":"publish","type":"lc_artist","link":"https:\/\/loulecriativo.pt\/pt\/comunidade-criativa\/magarida-cortez\/","title":{"rendered":"Margarida Cortez"},"content":{"rendered":"\t\t<div data-elementor-type=\"wp-post\" data-elementor-id=\"4753\" class=\"elementor elementor-4753\" data-elementor-post-type=\"lc_artist\">\n\t\t\t\t<div class=\"elementor-element elementor-element-7c30ed8a e-flex e-con-boxed e-con e-parent\" data-id=\"7c30ed8a\" data-element_type=\"container\" data-settings=\"{&quot;jet_parallax_layout_list&quot;:[]}\">\n\t\t\t\t\t<div class=\"e-con-inner\">\n\t\t<div class=\"elementor-element elementor-element-4fd66b65 e-con-full e-flex e-con e-child\" data-id=\"4fd66b65\" data-element_type=\"container\" data-settings=\"{&quot;jet_parallax_layout_list&quot;:[]}\">\n\t\t\t\t<div class=\"elementor-element elementor-element-43273520 elementor-widget elementor-widget-text-editor\" data-id=\"43273520\" data-element_type=\"widget\" data-widget_type=\"text-editor.default\">\n\t\t\t\t<div class=\"elementor-widget-container\">\n\t\t\t\t\t\t\t\t\t<p data-start=\"236\" data-end=\"751\"><strong data-start=\"236\" data-end=\"256\">Margarida Cortez<\/strong> nasceu em Loul\u00e9, na rua onde hoje funciona a <strong data-start=\"302\" data-end=\"322\">Casa da Empreita<\/strong>. Aos 12 anos aprendeu a t\u00e9cnica da <strong data-start=\"358\" data-end=\"376\">malha de palma<\/strong> com a madrasta e come\u00e7ou a contribuir para o or\u00e7amento familiar. A malha de palma \u00e9 uma t\u00e9cnica tradicional de trabalhar as folhas da palmeira-an\u00e3, tendo por base a <strong data-start=\"542\" data-end=\"555\">baracinha<\/strong> \u2014 um pequeno cordel de palma \u2014 que resulta numa esp\u00e9cie de rede. Nessa altura, fazia sobretudo <strong data-start=\"651\" data-end=\"668\">sacos e malas<\/strong>, encomendados por uma comerciante de Boliqueime que os enviava para a Venezuela.<\/p>\t\t\t\t\t\t\t\t<\/div>\n\t\t\t\t<\/div>\n\t\t\t\t<\/div>\n\t\t\t\t<div class=\"elementor-element elementor-element-5a3e0c34 elementor-widget elementor-widget-image\" data-id=\"5a3e0c34\" data-element_type=\"widget\" data-widget_type=\"image.default\">\n\t\t\t\t<div class=\"elementor-widget-container\">\n\t\t\t\t\t\t\t\t\t\t\t\t\t\t\t<img fetchpriority=\"high\" decoding=\"async\" width=\"800\" height=\"534\" src=\"https:\/\/loulecriativo.pt\/wp-content\/uploads\/2025\/08\/\u00a9-Camara-Municipal-de-Loule-Experienica-Trabalhar-a-Palma-1024x683.jpg\" class=\"attachment-large size-large wp-image-9884\" alt=\"\" srcset=\"https:\/\/loulecriativo.pt\/wp-content\/uploads\/2025\/08\/\u00a9-Camara-Municipal-de-Loule-Experienica-Trabalhar-a-Palma-1024x683.jpg 1024w, https:\/\/loulecriativo.pt\/wp-content\/uploads\/2025\/08\/\u00a9-Camara-Municipal-de-Loule-Experienica-Trabalhar-a-Palma-300x200.jpg 300w, https:\/\/loulecriativo.pt\/wp-content\/uploads\/2025\/08\/\u00a9-Camara-Municipal-de-Loule-Experienica-Trabalhar-a-Palma-768x512.jpg 768w, https:\/\/loulecriativo.pt\/wp-content\/uploads\/2025\/08\/\u00a9-Camara-Municipal-de-Loule-Experienica-Trabalhar-a-Palma-1536x1024.jpg 1536w, https:\/\/loulecriativo.pt\/wp-content\/uploads\/2025\/08\/\u00a9-Camara-Municipal-de-Loule-Experienica-Trabalhar-a-Palma-2048x1365.jpg 2048w\" sizes=\"(max-width: 800px) 100vw, 800px\" \/>\t\t\t\t\t\t\t\t\t\t\t\t\t\t\t<\/div>\n\t\t\t\t<\/div>\n\t\t\t\t<div class=\"elementor-element elementor-element-14ff4086 elementor-widget elementor-widget-text-editor\" data-id=\"14ff4086\" data-element_type=\"widget\" data-widget_type=\"text-editor.default\">\n\t\t\t\t<div class=\"elementor-widget-container\">\n\t\t\t\t\t\t\t\t\t<p data-start=\"753\" data-end=\"1111\">Aos 19 anos casou e emigrou para Fran\u00e7a, onde viveu durante 45 anos, na regi\u00e3o de Paris. Trabalhou numa <strong data-start=\"857\" data-end=\"891\">empresa discogr\u00e1fica de renome<\/strong> e teve a oportunidade de conhecer o mundo. Apesar da dist\u00e2ncia, nunca deixou de manter o contacto com as suas ra\u00edzes: nas f\u00e9rias em Portugal, gostava de fazer algumas pe\u00e7as para n\u00e3o esquecer o que aprendera em menina.<\/p>\t\t\t\t\t\t\t\t<\/div>\n\t\t\t\t<\/div>\n\t\t\t\t<div class=\"elementor-element elementor-element-ea7880a elementor-widget elementor-widget-video\" data-id=\"ea7880a\" data-element_type=\"widget\" data-settings=\"{&quot;video_type&quot;:&quot;hosted&quot;,&quot;autoplay&quot;:&quot;yes&quot;,&quot;mute&quot;:&quot;yes&quot;,&quot;controls&quot;:&quot;yes&quot;}\" data-widget_type=\"video.default\">\n\t\t\t\t<div class=\"elementor-widget-container\">\n\t\t\t\t\t\t\t<div class=\"e-hosted-video elementor-wrapper elementor-open-inline\">\n\t\t\t\t\t<video class=\"elementor-video\" src=\"https:\/\/loulecriativo.pt\/wp-content\/uploads\/2025\/05\/file_example_MP4_480_1_5MG.mp4\" autoplay=\"\" controls=\"\" muted=\"muted\" controlsList=\"nodownload\"><\/video>\n\t\t\t\t<\/div>\n\t\t\t\t\t\t<\/div>\n\t\t\t\t<\/div>\n\t\t\t\t<div class=\"elementor-element elementor-element-7e86d209 elementor-widget elementor-widget-text-editor\" data-id=\"7e86d209\" data-element_type=\"widget\" data-widget_type=\"text-editor.default\">\n\t\t\t\t<div class=\"elementor-widget-container\">\n\t\t\t\t\t\t\t\t\t<p data-start=\"1113\" data-end=\"1276\">Ap\u00f3s a reforma, regressou ao seu pa\u00eds e voltou a dedicar-se aos <strong data-start=\"1177\" data-end=\"1199\">trabalhos em palma<\/strong>, como forma de ocupar o tempo e, sobretudo, de n\u00e3o deixar morrer o of\u00edcio.<\/p>\t\t\t\t\t\t\t\t<\/div>\n\t\t\t\t<\/div>\n\t\t\t\t<div class=\"elementor-element elementor-element-3ef3c70b elementor-widget elementor-widget-image\" data-id=\"3ef3c70b\" data-element_type=\"widget\" data-widget_type=\"image.default\">\n\t\t\t\t<div class=\"elementor-widget-container\">\n\t\t\t\t\t\t\t\t\t\t\t\t\t\t\t<img decoding=\"async\" width=\"800\" height=\"534\" src=\"https:\/\/loulecriativo.pt\/wp-content\/uploads\/2025\/08\/DSC_0191-1024x683.jpg\" class=\"attachment-large size-large wp-image-9892\" alt=\"\" srcset=\"https:\/\/loulecriativo.pt\/wp-content\/uploads\/2025\/08\/DSC_0191-1024x683.jpg 1024w, https:\/\/loulecriativo.pt\/wp-content\/uploads\/2025\/08\/DSC_0191-300x200.jpg 300w, https:\/\/loulecriativo.pt\/wp-content\/uploads\/2025\/08\/DSC_0191-768x512.jpg 768w, https:\/\/loulecriativo.pt\/wp-content\/uploads\/2025\/08\/DSC_0191-1536x1024.jpg 1536w, https:\/\/loulecriativo.pt\/wp-content\/uploads\/2025\/08\/DSC_0191-2048x1365.jpg 2048w\" sizes=\"(max-width: 800px) 100vw, 800px\" \/>\t\t\t\t\t\t\t\t\t\t\t\t\t\t\t<\/div>\n\t\t\t\t<\/div>\n\t\t<div class=\"elementor-element elementor-element-39d3c2df e-grid e-con-full e-con e-child\" data-id=\"39d3c2df\" data-element_type=\"container\" data-settings=\"{&quot;jet_parallax_layout_list&quot;:[]}\">\n\t\t\t\t<div class=\"elementor-element elementor-element-4f65341 elementor-widget elementor-widget-image\" data-id=\"4f65341\" data-element_type=\"widget\" data-widget_type=\"image.default\">\n\t\t\t\t<div class=\"elementor-widget-container\">\n\t\t\t\t\t\t\t\t\t\t\t\t\t\t\t<img decoding=\"async\" width=\"540\" height=\"540\" src=\"https:\/\/loulecriativo.pt\/wp-content\/uploads\/2025\/08\/IMG_20210520_124952_02-540x540.jpg\" class=\"attachment-square size-square wp-image-9886\" alt=\"\" srcset=\"https:\/\/loulecriativo.pt\/wp-content\/uploads\/2025\/08\/IMG_20210520_124952_02-540x540.jpg 540w, https:\/\/loulecriativo.pt\/wp-content\/uploads\/2025\/08\/IMG_20210520_124952_02-150x150.jpg 150w\" sizes=\"(max-width: 540px) 100vw, 540px\" \/>\t\t\t\t\t\t\t\t\t\t\t\t\t\t\t<\/div>\n\t\t\t\t<\/div>\n\t\t\t\t<div class=\"elementor-element elementor-element-64badcdf elementor-widget elementor-widget-image\" data-id=\"64badcdf\" data-element_type=\"widget\" data-widget_type=\"image.default\">\n\t\t\t\t<div class=\"elementor-widget-container\">\n\t\t\t\t\t\t\t\t\t\t\t\t\t\t\t<img loading=\"lazy\" decoding=\"async\" width=\"540\" height=\"540\" src=\"https:\/\/loulecriativo.pt\/wp-content\/uploads\/2025\/08\/DSC_0444-540x540.jpg\" class=\"attachment-square size-square wp-image-9894\" alt=\"\" srcset=\"https:\/\/loulecriativo.pt\/wp-content\/uploads\/2025\/08\/DSC_0444-540x540.jpg 540w, https:\/\/loulecriativo.pt\/wp-content\/uploads\/2025\/08\/DSC_0444-150x150.jpg 150w\" sizes=\"(max-width: 540px) 100vw, 540px\" \/>\t\t\t\t\t\t\t\t\t\t\t\t\t\t\t<\/div>\n\t\t\t\t<\/div>\n\t\t\t\t<\/div>\n\t\t\t\t<div class=\"elementor-element elementor-element-5822643 elementor-widget elementor-widget-text-editor\" data-id=\"5822643\" data-element_type=\"widget\" data-widget_type=\"text-editor.default\">\n\t\t\t\t<div class=\"elementor-widget-container\">\n\t\t\t\t\t\t\t\t\t<p data-start=\"1113\" data-end=\"1276\">Integra a <strong data-start=\"1288\" data-end=\"1308\">Casa da Empreita<\/strong> desde a sua abertura, onde se dedica \u00e0 cria\u00e7\u00e3o de <strong data-start=\"1359\" data-end=\"1401\">candeeiros, capachos, cestas, naperons<\/strong> e muitas outras pe\u00e7as que unem tradi\u00e7\u00e3o e criatividade. Paralelamente, partilha o seu saber atrav\u00e9s de <strong data-start=\"1505\" data-end=\"1518\">workshops<\/strong>, contando com a ajuda e o apoio do marido, <strong data-start=\"1562\" data-end=\"1580\">Jorge Ferreira<\/strong>, mestre na t\u00e9cnica da baracinha, com quem partilha o gosto pelo artesanato e pela preserva\u00e7\u00e3o do saber tradicional algarvio.<\/p>\t\t\t\t\t\t\t\t<\/div>\n\t\t\t\t<\/div>\n\t\t\t\t<div class=\"elementor-element elementor-element-6dc085fa elementor-widget elementor-widget-image\" data-id=\"6dc085fa\" data-element_type=\"widget\" data-widget_type=\"image.default\">\n\t\t\t\t<div class=\"elementor-widget-container\">\n\t\t\t\t\t\t\t\t\t\t\t\t\t\t\t<img loading=\"lazy\" decoding=\"async\" width=\"800\" height=\"534\" src=\"https:\/\/loulecriativo.pt\/wp-content\/uploads\/2025\/08\/550A7605-1024x683.jpg\" class=\"attachment-large size-large wp-image-9882\" alt=\"\" srcset=\"https:\/\/loulecriativo.pt\/wp-content\/uploads\/2025\/08\/550A7605-1024x683.jpg 1024w, https:\/\/loulecriativo.pt\/wp-content\/uploads\/2025\/08\/550A7605-300x200.jpg 300w, https:\/\/loulecriativo.pt\/wp-content\/uploads\/2025\/08\/550A7605-768x512.jpg 768w, https:\/\/loulecriativo.pt\/wp-content\/uploads\/2025\/08\/550A7605-1536x1025.jpg 1536w, https:\/\/loulecriativo.pt\/wp-content\/uploads\/2025\/08\/550A7605-2048x1366.jpg 2048w\" sizes=\"(max-width: 800px) 100vw, 800px\" \/>\t\t\t\t\t\t\t\t\t\t\t\t\t\t\t<\/div>\n\t\t\t\t<\/div>\n\t\t\t\t\t<\/div>\n\t\t\t\t<\/div>\n\t\t\t\t<\/div>\n\t\t","protected":false},"excerpt":{"rendered":"<p>Oriunda de Loul\u00e9, aprendeu a t\u00e9cnica da malha de palma aos 12 anos, com a madrasta e come\u00e7ou a contribuir para o or\u00e7amento familiar. Emigrou para Fran\u00e7a, onde viveu 45 anos. Nessa altura vinha a Portugal nas f\u00e9rias e gostava de fazer umas pe\u00e7as, para n\u00e3o esquecer o que aprendera. Ap\u00f3s a reforma, regressou \u00e0s origens e dedicou-se novamente aos trabalhos em palma, como forma de ocupar o tempo e para n\u00e3o deixar morrer o of\u00edcio.<br \/>\nEnsina a sua arte em workshops, com o apoio do marido &#8211; Jorge Ferreira &#8211; que \u00e9 um mestre na baracinha.<\/p>\n","protected":false},"featured_media":4763,"template":"","meta":{"_acf_changed":false},"tags":[167,185,192],"materiais":[143],"role":[74],"class_list":["post-4753","lc_artist","type-lc_artist","status-publish","has-post-thumbnail","hentry","tag-cestaria","tag-empreita","tag-malha-de-palma","materiais-palma","role-artesao"],"acf":[],"yoast_head":"<!-- This site is optimized with the Yoast SEO Premium plugin v25.9 (Yoast SEO v26.5) - https:\/\/yoast.com\/wordpress\/plugins\/seo\/ -->\n<title>Margarida Cortez - Loul\u00e9 Criativo<\/title>\n<meta name=\"robots\" content=\"index, follow, max-snippet:-1, max-image-preview:large, max-video-preview:-1\" \/>\n<link rel=\"canonical\" href=\"https:\/\/loulecriativo.pt\/pt\/comunidade-criativa\/magarida-cortez\/\" \/>\n<meta property=\"og:locale\" content=\"pt_PT\" \/>\n<meta property=\"og:type\" content=\"article\" \/>\n<meta property=\"og:title\" content=\"Margarida Cortez\" \/>\n<meta property=\"og:description\" content=\"Oriunda de Loul\u00e9, aprendeu a t\u00e9cnica da malha de palma aos 12 anos, com a madrasta e come\u00e7ou a contribuir para o or\u00e7amento familiar. Emigrou para Fran\u00e7a, onde viveu 45 anos. Nessa altura vinha a Portugal nas f\u00e9rias e gostava de fazer umas pe\u00e7as, para n\u00e3o esquecer o que aprendera. Ap\u00f3s a reforma, regressou \u00e0s origens e dedicou-se novamente aos trabalhos em palma, como forma de ocupar o tempo e para n\u00e3o deixar morrer o of\u00edcio. Ensina a sua arte em workshops, com o apoio do marido - Jorge Ferreira - que \u00e9 um mestre na baracinha.\" \/>\n<meta property=\"og:url\" content=\"https:\/\/loulecriativo.pt\/pt\/comunidade-criativa\/magarida-cortez\/\" \/>\n<meta property=\"og:site_name\" content=\"Loul\u00e9 Criativo\" \/>\n<meta property=\"article:modified_time\" content=\"2025-10-14T17:40:49+00:00\" \/>\n<meta property=\"og:image\" content=\"https:\/\/loulecriativo.pt\/wp-content\/uploads\/2025\/08\/MargaridaCortez-scaled.webp\" \/>\n\t<meta property=\"og:image:width\" content=\"1707\" \/>\n\t<meta property=\"og:image:height\" content=\"2560\" \/>\n\t<meta property=\"og:image:type\" content=\"image\/webp\" \/>\n<meta name=\"twitter:card\" content=\"summary_large_image\" \/>\n<meta name=\"twitter:label1\" content=\"Est. reading time\" \/>\n\t<meta name=\"twitter:data1\" content=\"3 minutes\" \/>\n<script type=\"application\/ld+json\" class=\"yoast-schema-graph\">{\"@context\":\"https:\/\/schema.org\",\"@graph\":[{\"@type\":\"WebPage\",\"@id\":\"https:\/\/loulecriativo.pt\/pt\/comunidade-criativa\/magarida-cortez\/\",\"url\":\"https:\/\/loulecriativo.pt\/pt\/comunidade-criativa\/magarida-cortez\/\",\"name\":\"Margarida Cortez - Loul\u00e9 Criativo\",\"isPartOf\":{\"@id\":\"https:\/\/loulecriativo.pt\/pt\/#website\"},\"primaryImageOfPage\":{\"@id\":\"https:\/\/loulecriativo.pt\/pt\/comunidade-criativa\/magarida-cortez\/#primaryimage\"},\"image\":{\"@id\":\"https:\/\/loulecriativo.pt\/pt\/comunidade-criativa\/magarida-cortez\/#primaryimage\"},\"thumbnailUrl\":\"https:\/\/loulecriativo.pt\/wp-content\/uploads\/2025\/08\/MargaridaCortez-scaled.webp\",\"datePublished\":\"2025-08-13T09:21:11+00:00\",\"dateModified\":\"2025-10-14T17:40:49+00:00\",\"breadcrumb\":{\"@id\":\"https:\/\/loulecriativo.pt\/pt\/comunidade-criativa\/magarida-cortez\/#breadcrumb\"},\"inLanguage\":\"pt\",\"potentialAction\":[{\"@type\":\"ReadAction\",\"target\":[\"https:\/\/loulecriativo.pt\/pt\/comunidade-criativa\/magarida-cortez\/\"]}]},{\"@type\":\"ImageObject\",\"inLanguage\":\"pt\",\"@id\":\"https:\/\/loulecriativo.pt\/pt\/comunidade-criativa\/magarida-cortez\/#primaryimage\",\"url\":\"https:\/\/loulecriativo.pt\/wp-content\/uploads\/2025\/08\/MargaridaCortez-scaled.webp\",\"contentUrl\":\"https:\/\/loulecriativo.pt\/wp-content\/uploads\/2025\/08\/MargaridaCortez-scaled.webp\",\"width\":1707,\"height\":2560},{\"@type\":\"BreadcrumbList\",\"@id\":\"https:\/\/loulecriativo.pt\/pt\/comunidade-criativa\/magarida-cortez\/#breadcrumb\",\"itemListElement\":[{\"@type\":\"ListItem\",\"position\":1,\"name\":\"Home\",\"item\":\"https:\/\/loulecriativo.pt\/pt\/\"},{\"@type\":\"ListItem\",\"position\":2,\"name\":\"Margarida Cortez\"}]},{\"@type\":\"WebSite\",\"@id\":\"https:\/\/loulecriativo.pt\/pt\/#website\",\"url\":\"https:\/\/loulecriativo.pt\/pt\/\",\"name\":\"Loul\u00e9 Criativo\",\"description\":\"\",\"potentialAction\":[{\"@type\":\"SearchAction\",\"target\":{\"@type\":\"EntryPoint\",\"urlTemplate\":\"https:\/\/loulecriativo.pt\/pt\/?s={search_term_string}\"},\"query-input\":{\"@type\":\"PropertyValueSpecification\",\"valueRequired\":true,\"valueName\":\"search_term_string\"}}],\"inLanguage\":\"pt\"}]}<\/script>\n<!-- \/ Yoast SEO Premium plugin. -->","yoast_head_json":{"title":"Margarida Cortez - Loul\u00e9 Criativo","robots":{"index":"index","follow":"follow","max-snippet":"max-snippet:-1","max-image-preview":"max-image-preview:large","max-video-preview":"max-video-preview:-1"},"canonical":"https:\/\/loulecriativo.pt\/pt\/comunidade-criativa\/magarida-cortez\/","og_locale":"pt_PT","og_type":"article","og_title":"Margarida Cortez","og_description":"Oriunda de Loul\u00e9, aprendeu a t\u00e9cnica da malha de palma aos 12 anos, com a madrasta e come\u00e7ou a contribuir para o or\u00e7amento familiar. Emigrou para Fran\u00e7a, onde viveu 45 anos. Nessa altura vinha a Portugal nas f\u00e9rias e gostava de fazer umas pe\u00e7as, para n\u00e3o esquecer o que aprendera. Ap\u00f3s a reforma, regressou \u00e0s origens e dedicou-se novamente aos trabalhos em palma, como forma de ocupar o tempo e para n\u00e3o deixar morrer o of\u00edcio. Ensina a sua arte em workshops, com o apoio do marido - Jorge Ferreira - que \u00e9 um mestre na baracinha.","og_url":"https:\/\/loulecriativo.pt\/pt\/comunidade-criativa\/magarida-cortez\/","og_site_name":"Loul\u00e9 Criativo","article_modified_time":"2025-10-14T17:40:49+00:00","og_image":[{"width":1707,"height":2560,"url":"https:\/\/loulecriativo.pt\/wp-content\/uploads\/2025\/08\/MargaridaCortez-scaled.webp","type":"image\/webp"}],"twitter_card":"summary_large_image","twitter_misc":{"Est. reading time":"3 minutes"},"schema":{"@context":"https:\/\/schema.org","@graph":[{"@type":"WebPage","@id":"https:\/\/loulecriativo.pt\/pt\/comunidade-criativa\/magarida-cortez\/","url":"https:\/\/loulecriativo.pt\/pt\/comunidade-criativa\/magarida-cortez\/","name":"Margarida Cortez - Loul\u00e9 Criativo","isPartOf":{"@id":"https:\/\/loulecriativo.pt\/pt\/#website"},"primaryImageOfPage":{"@id":"https:\/\/loulecriativo.pt\/pt\/comunidade-criativa\/magarida-cortez\/#primaryimage"},"image":{"@id":"https:\/\/loulecriativo.pt\/pt\/comunidade-criativa\/magarida-cortez\/#primaryimage"},"thumbnailUrl":"https:\/\/loulecriativo.pt\/wp-content\/uploads\/2025\/08\/MargaridaCortez-scaled.webp","datePublished":"2025-08-13T09:21:11+00:00","dateModified":"2025-10-14T17:40:49+00:00","breadcrumb":{"@id":"https:\/\/loulecriativo.pt\/pt\/comunidade-criativa\/magarida-cortez\/#breadcrumb"},"inLanguage":"pt","potentialAction":[{"@type":"ReadAction","target":["https:\/\/loulecriativo.pt\/pt\/comunidade-criativa\/magarida-cortez\/"]}]},{"@type":"ImageObject","inLanguage":"pt","@id":"https:\/\/loulecriativo.pt\/pt\/comunidade-criativa\/magarida-cortez\/#primaryimage","url":"https:\/\/loulecriativo.pt\/wp-content\/uploads\/2025\/08\/MargaridaCortez-scaled.webp","contentUrl":"https:\/\/loulecriativo.pt\/wp-content\/uploads\/2025\/08\/MargaridaCortez-scaled.webp","width":1707,"height":2560},{"@type":"BreadcrumbList","@id":"https:\/\/loulecriativo.pt\/pt\/comunidade-criativa\/magarida-cortez\/#breadcrumb","itemListElement":[{"@type":"ListItem","position":1,"name":"Home","item":"https:\/\/loulecriativo.pt\/pt\/"},{"@type":"ListItem","position":2,"name":"Margarida Cortez"}]},{"@type":"WebSite","@id":"https:\/\/loulecriativo.pt\/pt\/#website","url":"https:\/\/loulecriativo.pt\/pt\/","name":"Loul\u00e9 Criativo","description":"","potentialAction":[{"@type":"SearchAction","target":{"@type":"EntryPoint","urlTemplate":"https:\/\/loulecriativo.pt\/pt\/?s={search_term_string}"},"query-input":{"@type":"PropertyValueSpecification","valueRequired":true,"valueName":"search_term_string"}}],"inLanguage":"pt"}]}},"_links":{"self":[{"href":"https:\/\/loulecriativo.pt\/pt\/wp-json\/wp\/v2\/lc_artist\/4753","targetHints":{"allow":["GET"]}}],"collection":[{"href":"https:\/\/loulecriativo.pt\/pt\/wp-json\/wp\/v2\/lc_artist"}],"about":[{"href":"https:\/\/loulecriativo.pt\/pt\/wp-json\/wp\/v2\/types\/lc_artist"}],"version-history":[{"count":11,"href":"https:\/\/loulecriativo.pt\/pt\/wp-json\/wp\/v2\/lc_artist\/4753\/revisions"}],"predecessor-version":[{"id":9914,"href":"https:\/\/loulecriativo.pt\/pt\/wp-json\/wp\/v2\/lc_artist\/4753\/revisions\/9914"}],"wp:featuredmedia":[{"embeddable":true,"href":"https:\/\/loulecriativo.pt\/pt\/wp-json\/wp\/v2\/media\/4763"}],"wp:attachment":[{"href":"https:\/\/loulecriativo.pt\/pt\/wp-json\/wp\/v2\/media?parent=4753"}],"wp:term":[{"taxonomy":"post_tag","embeddable":true,"href":"https:\/\/loulecriativo.pt\/pt\/wp-json\/wp\/v2\/tags?post=4753"},{"taxonomy":"materiais","embeddable":true,"href":"https:\/\/loulecriativo.pt\/pt\/wp-json\/wp\/v2\/materiais?post=4753"},{"taxonomy":"role","embeddable":true,"href":"https:\/\/loulecriativo.pt\/pt\/wp-json\/wp\/v2\/role?post=4753"}],"curies":[{"name":"wp","href":"https:\/\/api.w.org\/{rel}","templated":true}]}}