{"id":4755,"date":"2025-08-13T09:21:45","date_gmt":"2025-08-13T09:21:45","guid":{"rendered":"https:\/\/loulecriativo.pt\/comunidade-criativa-artista\/sonia-mendez\/"},"modified":"2025-10-14T17:40:42","modified_gmt":"2025-10-14T17:40:42","slug":"sonia-mendez","status":"publish","type":"lc_artist","link":"https:\/\/loulecriativo.pt\/pt\/comunidade-criativa\/sonia-mendez\/","title":{"rendered":"S\u00f3nia Mendez"},"content":{"rendered":"\t\t<div data-elementor-type=\"wp-post\" data-elementor-id=\"4755\" class=\"elementor elementor-4755\" data-elementor-post-type=\"lc_artist\">\n\t\t\t\t<div class=\"elementor-element elementor-element-13f72edf e-flex e-con-boxed e-con e-parent\" data-id=\"13f72edf\" data-element_type=\"container\" data-settings=\"{&quot;jet_parallax_layout_list&quot;:[]}\">\n\t\t\t\t\t<div class=\"e-con-inner\">\n\t\t<div class=\"elementor-element elementor-element-1dc913fc e-con-full e-flex e-con e-child\" data-id=\"1dc913fc\" data-element_type=\"container\" data-settings=\"{&quot;jet_parallax_layout_list&quot;:[]}\">\n\t\t\t\t<div class=\"elementor-element elementor-element-1c3662cf elementor-widget elementor-widget-text-editor\" data-id=\"1c3662cf\" data-element_type=\"widget\" data-widget_type=\"text-editor.default\">\n\t\t\t\t<div class=\"elementor-widget-container\">\n\t\t\t\t\t\t\t\t\t<p data-start=\"349\" data-end=\"807\"><strong data-start=\"349\" data-end=\"365\">S\u00f3nia Mendez<\/strong> nasceu na Venezuela, em 1961, filha de pais portugueses. Veio para Portugal com 8 anos e instalou-se nos arredores de Loul\u00e9, onde teve os primeiros contatos com a arte da palma, pela m\u00e3o da av\u00f3 materna. Gostava de a acompanhar nos encontros que faziam em casa das vizinhas para trabalhar a empreita. \u00c0s crian\u00e7as n\u00e3o lhes era permitido participar, mas, sempre que podia, \u201croubava\u201d umas palminhas para fazer experi\u00eancias e imitar os adultos.<\/p><p data-start=\"1731\" data-end=\"2018\">\u00a0<\/p>\t\t\t\t\t\t\t\t<\/div>\n\t\t\t\t<\/div>\n\t\t\t\t<\/div>\n\t\t\t\t<div class=\"elementor-element elementor-element-b1e228 elementor-widget elementor-widget-image\" data-id=\"b1e228\" data-element_type=\"widget\" data-widget_type=\"image.default\">\n\t\t\t\t<div class=\"elementor-widget-container\">\n\t\t\t\t\t\t\t\t\t\t\t\t\t\t\t<img fetchpriority=\"high\" decoding=\"async\" width=\"683\" height=\"1024\" src=\"https:\/\/loulecriativo.pt\/wp-content\/uploads\/2025\/08\/Loule-Criativo-082-1-683x1024.jpg\" class=\"attachment-large size-large wp-image-9928\" alt=\"\" srcset=\"https:\/\/loulecriativo.pt\/wp-content\/uploads\/2025\/08\/Loule-Criativo-082-1-683x1024.jpg 683w, https:\/\/loulecriativo.pt\/wp-content\/uploads\/2025\/08\/Loule-Criativo-082-1-200x300.jpg 200w, https:\/\/loulecriativo.pt\/wp-content\/uploads\/2025\/08\/Loule-Criativo-082-1-768x1152.jpg 768w, https:\/\/loulecriativo.pt\/wp-content\/uploads\/2025\/08\/Loule-Criativo-082-1-1024x1536.jpg 1024w, https:\/\/loulecriativo.pt\/wp-content\/uploads\/2025\/08\/Loule-Criativo-082-1-1365x2048.jpg 1365w, https:\/\/loulecriativo.pt\/wp-content\/uploads\/2025\/08\/Loule-Criativo-082-1-scaled.jpg 1707w\" sizes=\"(max-width: 683px) 100vw, 683px\" \/>\t\t\t\t\t\t\t\t\t\t\t\t\t\t\t<\/div>\n\t\t\t\t<\/div>\n\t\t\t\t<div class=\"elementor-element elementor-element-43f95764 elementor-widget elementor-widget-text-editor\" data-id=\"43f95764\" data-element_type=\"widget\" data-widget_type=\"text-editor.default\">\n\t\t\t\t<div class=\"elementor-widget-container\">\n\t\t\t\t\t\t\t\t\t<p data-start=\"809\" data-end=\"1245\">Cresceu numa fam\u00edlia onde todos trabalhavam com as m\u00e3os. A m\u00e3e, costureira de profiss\u00e3o, tentou que lhe seguisse as pisadas, mas a voca\u00e7\u00e3o n\u00e3o era essa \u2014 o amor pela palma falou mais alto. Desde cedo mostrou-se criativa e curiosa, com gosto em trabalhar manualmente. Ao longo da vida experimentou diversas t\u00e9cnicas e materiais, como <strong data-start=\"1142\" data-end=\"1242\">pintura em cer\u00e2mica e azulejo, trabalhos em barro e vidro, rendas, bordados, escultura e madeira<\/strong>.<\/p><p data-start=\"1731\" data-end=\"2018\">\u00a0<\/p>\t\t\t\t\t\t\t\t<\/div>\n\t\t\t\t<\/div>\n\t\t\t\t<div class=\"elementor-element elementor-element-6511f0d2 elementor-widget elementor-widget-image\" data-id=\"6511f0d2\" data-element_type=\"widget\" data-widget_type=\"image.default\">\n\t\t\t\t<div class=\"elementor-widget-container\">\n\t\t\t\t\t\t\t\t\t\t\t\t\t\t\t<img decoding=\"async\" width=\"800\" height=\"534\" src=\"https:\/\/loulecriativo.pt\/wp-content\/uploads\/2025\/08\/550A7796-1024x683.jpg\" class=\"attachment-large size-large wp-image-9924\" alt=\"\" srcset=\"https:\/\/loulecriativo.pt\/wp-content\/uploads\/2025\/08\/550A7796-1024x683.jpg 1024w, https:\/\/loulecriativo.pt\/wp-content\/uploads\/2025\/08\/550A7796-300x200.jpg 300w, https:\/\/loulecriativo.pt\/wp-content\/uploads\/2025\/08\/550A7796-768x512.jpg 768w, https:\/\/loulecriativo.pt\/wp-content\/uploads\/2025\/08\/550A7796-1536x1025.jpg 1536w, https:\/\/loulecriativo.pt\/wp-content\/uploads\/2025\/08\/550A7796-2048x1366.jpg 2048w\" sizes=\"(max-width: 800px) 100vw, 800px\" \/>\t\t\t\t\t\t\t\t\t\t\t\t\t\t\t<\/div>\n\t\t\t\t<\/div>\n\t\t\t\t<div class=\"elementor-element elementor-element-2d92e51 elementor-widget elementor-widget-text-editor\" data-id=\"2d92e51\" data-element_type=\"widget\" data-widget_type=\"text-editor.default\">\n\t\t\t\t<div class=\"elementor-widget-container\">\n\t\t\t\t\t\t\t\t\t<p data-start=\"1247\" data-end=\"1367\">Durante oito anos deu aulas a alunos do ensino recorrente, onde descobriu o prazer de ensinar e partilhar o seu saber.<\/p><p data-start=\"1369\" data-end=\"1729\">\u00a0<\/p>\t\t\t\t\t\t\t\t<\/div>\n\t\t\t\t<\/div>\n\t\t\t\t<div class=\"elementor-element elementor-element-01093df elementor-widget elementor-widget-image\" data-id=\"01093df\" data-element_type=\"widget\" data-widget_type=\"image.default\">\n\t\t\t\t<div class=\"elementor-widget-container\">\n\t\t\t\t\t\t\t\t\t\t\t\t\t\t\t<img decoding=\"async\" width=\"800\" height=\"534\" src=\"https:\/\/loulecriativo.pt\/wp-content\/uploads\/2025\/08\/DSC_0169-1024x683.jpg\" class=\"attachment-large size-large wp-image-9942\" alt=\"\" srcset=\"https:\/\/loulecriativo.pt\/wp-content\/uploads\/2025\/08\/DSC_0169-1024x683.jpg 1024w, https:\/\/loulecriativo.pt\/wp-content\/uploads\/2025\/08\/DSC_0169-300x200.jpg 300w, https:\/\/loulecriativo.pt\/wp-content\/uploads\/2025\/08\/DSC_0169-768x512.jpg 768w, https:\/\/loulecriativo.pt\/wp-content\/uploads\/2025\/08\/DSC_0169-1536x1024.jpg 1536w, https:\/\/loulecriativo.pt\/wp-content\/uploads\/2025\/08\/DSC_0169-2048x1365.jpg 2048w\" sizes=\"(max-width: 800px) 100vw, 800px\" \/>\t\t\t\t\t\t\t\t\t\t\t\t\t\t\t<\/div>\n\t\t\t\t<\/div>\n\t\t\t\t<div class=\"elementor-element elementor-element-bcd0fdb elementor-widget elementor-widget-text-editor\" data-id=\"bcd0fdb\" data-element_type=\"widget\" data-widget_type=\"text-editor.default\">\n\t\t\t\t<div class=\"elementor-widget-container\">\n\t\t\t\t\t\t\t\t\t<p data-start=\"1369\" data-end=\"1729\">Artes\u00e3 vers\u00e1til e apaixonada por desafios, <strong data-start=\"1412\" data-end=\"1428\">S\u00f3nia Mendez<\/strong> recebeu <strong data-start=\"1437\" data-end=\"1474\">diversos pr\u00e9mios a n\u00edvel nacional<\/strong>.<\/p><p data-start=\"1369\" data-end=\"1729\">Em 2019 concebeu e coordenou a constru\u00e7\u00e3o de um <strong data-start=\"1524\" data-end=\"1568\">pres\u00e9pio em empreita \u00e0 escala quase real<\/strong>, uma pe\u00e7a \u00fanica que envolveu cerca de <strong data-start=\"1607\" data-end=\"1632\">500 horas de trabalho<\/strong> e a colabora\u00e7\u00e3o de <strong data-start=\"1652\" data-end=\"1667\">15 artes\u00e3os<\/strong>, representando as diferentes t\u00e9cnicas de trabalhar a palma.<\/p>\t\t\t\t\t\t\t\t<\/div>\n\t\t\t\t<\/div>\n\t\t\t\t<div class=\"elementor-element elementor-element-03b815f elementor-widget elementor-widget-image\" data-id=\"03b815f\" data-element_type=\"widget\" data-widget_type=\"image.default\">\n\t\t\t\t<div class=\"elementor-widget-container\">\n\t\t\t\t\t\t\t\t\t\t\t\t\t\t\t<img loading=\"lazy\" decoding=\"async\" width=\"800\" height=\"711\" src=\"https:\/\/loulecriativo.pt\/wp-content\/uploads\/2025\/08\/Loule-Criativo-no-Outlet-24-11-2020-44-1024x910.jpg\" class=\"attachment-large size-large wp-image-9944\" alt=\"\" srcset=\"https:\/\/loulecriativo.pt\/wp-content\/uploads\/2025\/08\/Loule-Criativo-no-Outlet-24-11-2020-44-1024x910.jpg 1024w, https:\/\/loulecriativo.pt\/wp-content\/uploads\/2025\/08\/Loule-Criativo-no-Outlet-24-11-2020-44-300x267.jpg 300w, https:\/\/loulecriativo.pt\/wp-content\/uploads\/2025\/08\/Loule-Criativo-no-Outlet-24-11-2020-44-768x682.jpg 768w, https:\/\/loulecriativo.pt\/wp-content\/uploads\/2025\/08\/Loule-Criativo-no-Outlet-24-11-2020-44-1536x1365.jpg 1536w, https:\/\/loulecriativo.pt\/wp-content\/uploads\/2025\/08\/Loule-Criativo-no-Outlet-24-11-2020-44-2048x1819.jpg 2048w\" sizes=\"(max-width: 800px) 100vw, 800px\" \/>\t\t\t\t\t\t\t\t\t\t\t\t\t\t\t<\/div>\n\t\t\t\t<\/div>\n\t\t\t\t<div class=\"elementor-element elementor-element-71cd618e elementor-widget elementor-widget-text-editor\" data-id=\"71cd618e\" data-element_type=\"widget\" data-widget_type=\"text-editor.default\">\n\t\t\t\t<div class=\"elementor-widget-container\">\n\t\t\t\t\t\t\t\t\t<p>\u00c9 uma das artes\u00e3s mais vers\u00e1teis da <strong data-start=\"1767\" data-end=\"1787\">Casa da Empreita<\/strong>, dominando v\u00e1rias t\u00e9cnicas e utilizando tanto a agulha como a m\u00e1quina de costura na finaliza\u00e7\u00e3o das suas pe\u00e7as. Criativa, persistente e inovadora, afirma com convic\u00e7\u00e3o: <em data-start=\"1957\" data-end=\"2016\">\u201cQuando a vida n\u00e3o me desafia, desafio-me a mim pr\u00f3pria.\u201d<\/em><\/p>\t\t\t\t\t\t\t\t<\/div>\n\t\t\t\t<\/div>\n\t\t\t\t<div class=\"elementor-element elementor-element-e5383e8 elementor-widget elementor-widget-image\" data-id=\"e5383e8\" data-element_type=\"widget\" data-widget_type=\"image.default\">\n\t\t\t\t<div class=\"elementor-widget-container\">\n\t\t\t\t\t\t\t\t\t\t\t\t\t\t\t<img loading=\"lazy\" decoding=\"async\" width=\"800\" height=\"534\" src=\"https:\/\/loulecriativo.pt\/wp-content\/uploads\/2025\/08\/550A2312-1024x683.jpg\" class=\"attachment-large size-large wp-image-9926\" alt=\"\" srcset=\"https:\/\/loulecriativo.pt\/wp-content\/uploads\/2025\/08\/550A2312-1024x683.jpg 1024w, https:\/\/loulecriativo.pt\/wp-content\/uploads\/2025\/08\/550A2312-300x200.jpg 300w, https:\/\/loulecriativo.pt\/wp-content\/uploads\/2025\/08\/550A2312-768x512.jpg 768w, https:\/\/loulecriativo.pt\/wp-content\/uploads\/2025\/08\/550A2312-1536x1025.jpg 1536w, https:\/\/loulecriativo.pt\/wp-content\/uploads\/2025\/08\/550A2312-2048x1366.jpg 2048w\" sizes=\"(max-width: 800px) 100vw, 800px\" \/>\t\t\t\t\t\t\t\t\t\t\t\t\t\t\t<\/div>\n\t\t\t\t<\/div>\n\t\t<div class=\"elementor-element elementor-element-60e4549 e-grid e-con-full e-con e-child\" data-id=\"60e4549\" data-element_type=\"container\" data-settings=\"{&quot;jet_parallax_layout_list&quot;:[]}\">\n\t\t\t\t<div class=\"elementor-element elementor-element-48b307eb elementor-widget elementor-widget-image\" data-id=\"48b307eb\" data-element_type=\"widget\" data-widget_type=\"image.default\">\n\t\t\t\t<div class=\"elementor-widget-container\">\n\t\t\t\t\t\t\t\t\t\t\t\t\t\t\t<img loading=\"lazy\" decoding=\"async\" width=\"540\" height=\"540\" src=\"https:\/\/loulecriativo.pt\/wp-content\/uploads\/2025\/08\/550A7518-540x540.jpg\" class=\"attachment-square size-square wp-image-9936\" alt=\"\" srcset=\"https:\/\/loulecriativo.pt\/wp-content\/uploads\/2025\/08\/550A7518-540x540.jpg 540w, https:\/\/loulecriativo.pt\/wp-content\/uploads\/2025\/08\/550A7518-150x150.jpg 150w\" sizes=\"(max-width: 540px) 100vw, 540px\" \/>\t\t\t\t\t\t\t\t\t\t\t\t\t\t\t<\/div>\n\t\t\t\t<\/div>\n\t\t\t\t<div class=\"elementor-element elementor-element-195b5ebe elementor-widget elementor-widget-image\" data-id=\"195b5ebe\" data-element_type=\"widget\" data-widget_type=\"image.default\">\n\t\t\t\t<div class=\"elementor-widget-container\">\n\t\t\t\t\t\t\t\t\t\t\t\t\t\t\t<img loading=\"lazy\" decoding=\"async\" width=\"540\" height=\"540\" src=\"https:\/\/loulecriativo.pt\/wp-content\/uploads\/2025\/08\/Loule-Criativo-085-540x540.jpg\" class=\"attachment-square size-square wp-image-9932\" alt=\"\" srcset=\"https:\/\/loulecriativo.pt\/wp-content\/uploads\/2025\/08\/Loule-Criativo-085-540x540.jpg 540w, https:\/\/loulecriativo.pt\/wp-content\/uploads\/2025\/08\/Loule-Criativo-085-150x150.jpg 150w\" sizes=\"(max-width: 540px) 100vw, 540px\" \/>\t\t\t\t\t\t\t\t\t\t\t\t\t\t\t<\/div>\n\t\t\t\t<\/div>\n\t\t\t\t<\/div>\n\t\t\t\t<div class=\"elementor-element elementor-element-6bad27a elementor-widget elementor-widget-text-editor\" data-id=\"6bad27a\" data-element_type=\"widget\" data-widget_type=\"text-editor.default\">\n\t\t\t\t<div class=\"elementor-widget-container\">\n\t\t\t\t\t\t\t\t\t<p>\u00c9 uma das artes\u00e3s mais vers\u00e1teis da <strong data-start=\"1767\" data-end=\"1787\">Casa da Empreita<\/strong>, dominando v\u00e1rias t\u00e9cnicas e utilizando tanto a agulha como a m\u00e1quina de costura na finaliza\u00e7\u00e3o das suas pe\u00e7as. Criativa, persistente e inovadora, afirma com convic\u00e7\u00e3o: <em data-start=\"1957\" data-end=\"2016\">\u201cQuando a vida n\u00e3o me desafia, desafio-me a mim pr\u00f3pria.\u201d<\/em><\/p>\t\t\t\t\t\t\t\t<\/div>\n\t\t\t\t<\/div>\n\t\t\t\t<div class=\"elementor-element elementor-element-6e09158b elementor-widget elementor-widget-image\" data-id=\"6e09158b\" data-element_type=\"widget\" data-widget_type=\"image.default\">\n\t\t\t\t<div class=\"elementor-widget-container\">\n\t\t\t\t\t\t\t\t\t\t\t\t\t\t\t<img loading=\"lazy\" decoding=\"async\" width=\"683\" height=\"1024\" src=\"https:\/\/loulecriativo.pt\/wp-content\/uploads\/2025\/08\/550A7212-683x1024.jpg\" class=\"attachment-large size-large wp-image-9916\" alt=\"\" srcset=\"https:\/\/loulecriativo.pt\/wp-content\/uploads\/2025\/08\/550A7212-683x1024.jpg 683w, https:\/\/loulecriativo.pt\/wp-content\/uploads\/2025\/08\/550A7212-200x300.jpg 200w, https:\/\/loulecriativo.pt\/wp-content\/uploads\/2025\/08\/550A7212-768x1151.jpg 768w, https:\/\/loulecriativo.pt\/wp-content\/uploads\/2025\/08\/550A7212-1025x1536.jpg 1025w, https:\/\/loulecriativo.pt\/wp-content\/uploads\/2025\/08\/550A7212-1366x2048.jpg 1366w, https:\/\/loulecriativo.pt\/wp-content\/uploads\/2025\/08\/550A7212-scaled.jpg 1708w\" sizes=\"(max-width: 683px) 100vw, 683px\" \/>\t\t\t\t\t\t\t\t\t\t\t\t\t\t\t<\/div>\n\t\t\t\t<\/div>\n\t\t\t\t<div class=\"elementor-element elementor-element-4bed0b91 elementor-widget elementor-widget-video\" data-id=\"4bed0b91\" data-element_type=\"widget\" data-settings=\"{&quot;video_type&quot;:&quot;hosted&quot;,&quot;autoplay&quot;:&quot;yes&quot;,&quot;mute&quot;:&quot;yes&quot;,&quot;controls&quot;:&quot;yes&quot;}\" data-widget_type=\"video.default\">\n\t\t\t\t<div class=\"elementor-widget-container\">\n\t\t\t\t\t\t\t<div class=\"e-hosted-video elementor-wrapper elementor-open-inline\">\n\t\t\t\t\t<video class=\"elementor-video\" src=\"https:\/\/loulecriativo.pt\/wp-content\/uploads\/2025\/05\/file_example_MP4_480_1_5MG.mp4\" autoplay=\"\" controls=\"\" muted=\"muted\" controlsList=\"nodownload\"><\/video>\n\t\t\t\t<\/div>\n\t\t\t\t\t\t<\/div>\n\t\t\t\t<\/div>\n\t\t\t\t\t<\/div>\n\t\t\t\t<\/div>\n\t\t\t\t<\/div>\n\t\t","protected":false},"excerpt":{"rendered":"<p>Nascida na Venezuela, foi em Loul\u00e9 que, ainda crian\u00e7a, teve os primeiros contactos com a arte da palma pela m\u00e3o da av\u00f3 materna.\u00a0Criativa e vers\u00e1til, domina v\u00e1rias t\u00e9cnicas artesanais e alia tradi\u00e7\u00e3o e inova\u00e7\u00e3o nas suas pe\u00e7as. Em 2019 concebeu e coordenou um pres\u00e9pio em empreita \u00e0 escala quase real, obra que lhe valeu destaque nacional. Integra a Casa da Empreita, onde continua a desafiar-se e a partilhar o seu saber.<\/p>\n","protected":false},"featured_media":9920,"template":"","meta":{"_acf_changed":false},"tags":[167,185,191,192],"materiais":[109,164,143],"role":[74],"class_list":["post-4755","lc_artist","type-lc_artist","status-publish","has-post-thumbnail","hentry","tag-cestaria","tag-empreita","tag-empreita-de-palma","tag-malha-de-palma","materiais-barro","materiais-fibras-vegetais","materiais-palma","role-artesao"],"acf":[],"yoast_head":"<!-- This site is optimized with the Yoast SEO Premium plugin v25.9 (Yoast SEO v26.5) - https:\/\/yoast.com\/wordpress\/plugins\/seo\/ -->\n<title>S\u00f3nia Mendez - Loul\u00e9 Criativo<\/title>\n<meta name=\"robots\" content=\"index, follow, max-snippet:-1, max-image-preview:large, max-video-preview:-1\" \/>\n<link rel=\"canonical\" href=\"https:\/\/loulecriativo.pt\/pt\/comunidade-criativa\/sonia-mendez\/\" \/>\n<meta property=\"og:locale\" content=\"pt_PT\" \/>\n<meta property=\"og:type\" content=\"article\" \/>\n<meta property=\"og:title\" content=\"S\u00f3nia Mendez\" \/>\n<meta property=\"og:description\" content=\"Nascida na Venezuela, foi em Loul\u00e9 que, ainda crian\u00e7a, teve os primeiros contactos com a arte da palma pela m\u00e3o da av\u00f3 materna.\u00a0Criativa e vers\u00e1til, domina v\u00e1rias t\u00e9cnicas artesanais e alia tradi\u00e7\u00e3o e inova\u00e7\u00e3o nas suas pe\u00e7as. Em 2019 concebeu e coordenou um pres\u00e9pio em empreita \u00e0 escala quase real, obra que lhe valeu destaque nacional. Integra a Casa da Empreita, onde continua a desafiar-se e a partilhar o seu saber.\" \/>\n<meta property=\"og:url\" content=\"https:\/\/loulecriativo.pt\/pt\/comunidade-criativa\/sonia-mendez\/\" \/>\n<meta property=\"og:site_name\" content=\"Loul\u00e9 Criativo\" \/>\n<meta property=\"article:modified_time\" content=\"2025-10-14T17:40:42+00:00\" \/>\n<meta property=\"og:image\" content=\"https:\/\/loulecriativo.pt\/wp-content\/uploads\/2025\/08\/550A7273-scaled.jpg\" \/>\n\t<meta property=\"og:image:width\" content=\"1708\" \/>\n\t<meta property=\"og:image:height\" content=\"2560\" \/>\n\t<meta property=\"og:image:type\" content=\"image\/jpeg\" \/>\n<meta name=\"twitter:card\" content=\"summary_large_image\" \/>\n<meta name=\"twitter:label1\" content=\"Est. reading time\" \/>\n\t<meta name=\"twitter:data1\" content=\"4 minutes\" \/>\n<script type=\"application\/ld+json\" class=\"yoast-schema-graph\">{\"@context\":\"https:\/\/schema.org\",\"@graph\":[{\"@type\":\"WebPage\",\"@id\":\"https:\/\/loulecriativo.pt\/pt\/comunidade-criativa\/sonia-mendez\/\",\"url\":\"https:\/\/loulecriativo.pt\/pt\/comunidade-criativa\/sonia-mendez\/\",\"name\":\"S\u00f3nia Mendez - Loul\u00e9 Criativo\",\"isPartOf\":{\"@id\":\"https:\/\/loulecriativo.pt\/pt\/#website\"},\"primaryImageOfPage\":{\"@id\":\"https:\/\/loulecriativo.pt\/pt\/comunidade-criativa\/sonia-mendez\/#primaryimage\"},\"image\":{\"@id\":\"https:\/\/loulecriativo.pt\/pt\/comunidade-criativa\/sonia-mendez\/#primaryimage\"},\"thumbnailUrl\":\"https:\/\/loulecriativo.pt\/wp-content\/uploads\/2025\/08\/550A7273-scaled.jpg\",\"datePublished\":\"2025-08-13T09:21:45+00:00\",\"dateModified\":\"2025-10-14T17:40:42+00:00\",\"breadcrumb\":{\"@id\":\"https:\/\/loulecriativo.pt\/pt\/comunidade-criativa\/sonia-mendez\/#breadcrumb\"},\"inLanguage\":\"pt\",\"potentialAction\":[{\"@type\":\"ReadAction\",\"target\":[\"https:\/\/loulecriativo.pt\/pt\/comunidade-criativa\/sonia-mendez\/\"]}]},{\"@type\":\"ImageObject\",\"inLanguage\":\"pt\",\"@id\":\"https:\/\/loulecriativo.pt\/pt\/comunidade-criativa\/sonia-mendez\/#primaryimage\",\"url\":\"https:\/\/loulecriativo.pt\/wp-content\/uploads\/2025\/08\/550A7273-scaled.jpg\",\"contentUrl\":\"https:\/\/loulecriativo.pt\/wp-content\/uploads\/2025\/08\/550A7273-scaled.jpg\",\"width\":1708,\"height\":2560},{\"@type\":\"BreadcrumbList\",\"@id\":\"https:\/\/loulecriativo.pt\/pt\/comunidade-criativa\/sonia-mendez\/#breadcrumb\",\"itemListElement\":[{\"@type\":\"ListItem\",\"position\":1,\"name\":\"Home\",\"item\":\"https:\/\/loulecriativo.pt\/pt\/\"},{\"@type\":\"ListItem\",\"position\":2,\"name\":\"S\u00f3nia Mendez\"}]},{\"@type\":\"WebSite\",\"@id\":\"https:\/\/loulecriativo.pt\/pt\/#website\",\"url\":\"https:\/\/loulecriativo.pt\/pt\/\",\"name\":\"Loul\u00e9 Criativo\",\"description\":\"\",\"potentialAction\":[{\"@type\":\"SearchAction\",\"target\":{\"@type\":\"EntryPoint\",\"urlTemplate\":\"https:\/\/loulecriativo.pt\/pt\/?s={search_term_string}\"},\"query-input\":{\"@type\":\"PropertyValueSpecification\",\"valueRequired\":true,\"valueName\":\"search_term_string\"}}],\"inLanguage\":\"pt\"}]}<\/script>\n<!-- \/ Yoast SEO Premium plugin. -->","yoast_head_json":{"title":"S\u00f3nia Mendez - Loul\u00e9 Criativo","robots":{"index":"index","follow":"follow","max-snippet":"max-snippet:-1","max-image-preview":"max-image-preview:large","max-video-preview":"max-video-preview:-1"},"canonical":"https:\/\/loulecriativo.pt\/pt\/comunidade-criativa\/sonia-mendez\/","og_locale":"pt_PT","og_type":"article","og_title":"S\u00f3nia Mendez","og_description":"Nascida na Venezuela, foi em Loul\u00e9 que, ainda crian\u00e7a, teve os primeiros contactos com a arte da palma pela m\u00e3o da av\u00f3 materna.\u00a0Criativa e vers\u00e1til, domina v\u00e1rias t\u00e9cnicas artesanais e alia tradi\u00e7\u00e3o e inova\u00e7\u00e3o nas suas pe\u00e7as. Em 2019 concebeu e coordenou um pres\u00e9pio em empreita \u00e0 escala quase real, obra que lhe valeu destaque nacional. Integra a Casa da Empreita, onde continua a desafiar-se e a partilhar o seu saber.","og_url":"https:\/\/loulecriativo.pt\/pt\/comunidade-criativa\/sonia-mendez\/","og_site_name":"Loul\u00e9 Criativo","article_modified_time":"2025-10-14T17:40:42+00:00","og_image":[{"width":1708,"height":2560,"url":"https:\/\/loulecriativo.pt\/wp-content\/uploads\/2025\/08\/550A7273-scaled.jpg","type":"image\/jpeg"}],"twitter_card":"summary_large_image","twitter_misc":{"Est. reading time":"4 minutes"},"schema":{"@context":"https:\/\/schema.org","@graph":[{"@type":"WebPage","@id":"https:\/\/loulecriativo.pt\/pt\/comunidade-criativa\/sonia-mendez\/","url":"https:\/\/loulecriativo.pt\/pt\/comunidade-criativa\/sonia-mendez\/","name":"S\u00f3nia Mendez - Loul\u00e9 Criativo","isPartOf":{"@id":"https:\/\/loulecriativo.pt\/pt\/#website"},"primaryImageOfPage":{"@id":"https:\/\/loulecriativo.pt\/pt\/comunidade-criativa\/sonia-mendez\/#primaryimage"},"image":{"@id":"https:\/\/loulecriativo.pt\/pt\/comunidade-criativa\/sonia-mendez\/#primaryimage"},"thumbnailUrl":"https:\/\/loulecriativo.pt\/wp-content\/uploads\/2025\/08\/550A7273-scaled.jpg","datePublished":"2025-08-13T09:21:45+00:00","dateModified":"2025-10-14T17:40:42+00:00","breadcrumb":{"@id":"https:\/\/loulecriativo.pt\/pt\/comunidade-criativa\/sonia-mendez\/#breadcrumb"},"inLanguage":"pt","potentialAction":[{"@type":"ReadAction","target":["https:\/\/loulecriativo.pt\/pt\/comunidade-criativa\/sonia-mendez\/"]}]},{"@type":"ImageObject","inLanguage":"pt","@id":"https:\/\/loulecriativo.pt\/pt\/comunidade-criativa\/sonia-mendez\/#primaryimage","url":"https:\/\/loulecriativo.pt\/wp-content\/uploads\/2025\/08\/550A7273-scaled.jpg","contentUrl":"https:\/\/loulecriativo.pt\/wp-content\/uploads\/2025\/08\/550A7273-scaled.jpg","width":1708,"height":2560},{"@type":"BreadcrumbList","@id":"https:\/\/loulecriativo.pt\/pt\/comunidade-criativa\/sonia-mendez\/#breadcrumb","itemListElement":[{"@type":"ListItem","position":1,"name":"Home","item":"https:\/\/loulecriativo.pt\/pt\/"},{"@type":"ListItem","position":2,"name":"S\u00f3nia Mendez"}]},{"@type":"WebSite","@id":"https:\/\/loulecriativo.pt\/pt\/#website","url":"https:\/\/loulecriativo.pt\/pt\/","name":"Loul\u00e9 Criativo","description":"","potentialAction":[{"@type":"SearchAction","target":{"@type":"EntryPoint","urlTemplate":"https:\/\/loulecriativo.pt\/pt\/?s={search_term_string}"},"query-input":{"@type":"PropertyValueSpecification","valueRequired":true,"valueName":"search_term_string"}}],"inLanguage":"pt"}]}},"_links":{"self":[{"href":"https:\/\/loulecriativo.pt\/pt\/wp-json\/wp\/v2\/lc_artist\/4755","targetHints":{"allow":["GET"]}}],"collection":[{"href":"https:\/\/loulecriativo.pt\/pt\/wp-json\/wp\/v2\/lc_artist"}],"about":[{"href":"https:\/\/loulecriativo.pt\/pt\/wp-json\/wp\/v2\/types\/lc_artist"}],"version-history":[{"count":9,"href":"https:\/\/loulecriativo.pt\/pt\/wp-json\/wp\/v2\/lc_artist\/4755\/revisions"}],"predecessor-version":[{"id":9951,"href":"https:\/\/loulecriativo.pt\/pt\/wp-json\/wp\/v2\/lc_artist\/4755\/revisions\/9951"}],"wp:featuredmedia":[{"embeddable":true,"href":"https:\/\/loulecriativo.pt\/pt\/wp-json\/wp\/v2\/media\/9920"}],"wp:attachment":[{"href":"https:\/\/loulecriativo.pt\/pt\/wp-json\/wp\/v2\/media?parent=4755"}],"wp:term":[{"taxonomy":"post_tag","embeddable":true,"href":"https:\/\/loulecriativo.pt\/pt\/wp-json\/wp\/v2\/tags?post=4755"},{"taxonomy":"materiais","embeddable":true,"href":"https:\/\/loulecriativo.pt\/pt\/wp-json\/wp\/v2\/materiais?post=4755"},{"taxonomy":"role","embeddable":true,"href":"https:\/\/loulecriativo.pt\/pt\/wp-json\/wp\/v2\/role?post=4755"}],"curies":[{"name":"wp","href":"https:\/\/api.w.org\/{rel}","templated":true}]}}