{"id":5011,"date":"2025-08-18T10:38:37","date_gmt":"2025-08-18T10:38:37","guid":{"rendered":"https:\/\/loulecriativo.pt\/comunidade-criativa-artista\/analide-carmo\/"},"modified":"2025-10-07T15:59:59","modified_gmt":"2025-10-07T15:59:59","slug":"analide-carmo","status":"publish","type":"lc_artist","link":"https:\/\/loulecriativo.pt\/pt\/comunidade-criativa\/analide-carmo\/","title":{"rendered":"Analide Carmo"},"content":{"rendered":"\t\t<div data-elementor-type=\"wp-post\" data-elementor-id=\"5011\" class=\"elementor elementor-5011\" data-elementor-post-type=\"lc_artist\">\n\t\t\t\t<div class=\"elementor-element elementor-element-7e65c44a e-flex e-con-boxed e-con e-parent\" data-id=\"7e65c44a\" data-element_type=\"container\" data-settings=\"{&quot;jet_parallax_layout_list&quot;:[]}\">\n\t\t\t\t\t<div class=\"e-con-inner\">\n\t\t<div class=\"elementor-element elementor-element-69fde62 e-con-full e-flex e-con e-child\" data-id=\"69fde62\" data-element_type=\"container\" data-settings=\"{&quot;jet_parallax_layout_list&quot;:[]}\">\n\t\t\t\t<div class=\"elementor-element elementor-element-4bf69319 elementor-widget elementor-widget-text-editor\" data-id=\"4bf69319\" data-element_type=\"widget\" data-widget_type=\"text-editor.default\">\n\t\t\t\t<div class=\"elementor-widget-container\">\n\t\t\t\t\t\t\t\t\t<p>Nascido em Loul\u00e9, em 1948, iniciou a sua carreira na oficina de cobre do Barracha \u2013 a mais conceituada da cidade &#8211; com apenas 12 anos. A\u00ed come\u00e7ou como aprendiz, sob orienta\u00e7\u00e3o do mestre da oficina e permaneceu at\u00e9 aos 27 anos de idade &#8211; altura em que optou por um trabalho na industria cimenteira. Pela altura em deixou o of\u00edcio j\u00e1 era mestre de oficina.<\/p><p>\u00a0<\/p>\t\t\t\t\t\t\t\t<\/div>\n\t\t\t\t<\/div>\n\t\t\t\t<\/div>\n\t\t\t\t<div class=\"elementor-element elementor-element-5439960c elementor-widget elementor-widget-image\" data-id=\"5439960c\" data-element_type=\"widget\" data-widget_type=\"image.default\">\n\t\t\t\t<div class=\"elementor-widget-container\">\n\t\t\t\t\t\t\t\t\t\t\t\t\t\t\t<img fetchpriority=\"high\" decoding=\"async\" width=\"800\" height=\"534\" src=\"https:\/\/loulecriativo.pt\/wp-content\/uploads\/2025\/08\/550A4903-1024x683.jpg\" class=\"attachment-large size-large wp-image-9418\" alt=\"\" srcset=\"https:\/\/loulecriativo.pt\/wp-content\/uploads\/2025\/08\/550A4903-1024x683.jpg 1024w, https:\/\/loulecriativo.pt\/wp-content\/uploads\/2025\/08\/550A4903-300x200.jpg 300w, https:\/\/loulecriativo.pt\/wp-content\/uploads\/2025\/08\/550A4903-768x512.jpg 768w, https:\/\/loulecriativo.pt\/wp-content\/uploads\/2025\/08\/550A4903-1536x1025.jpg 1536w, https:\/\/loulecriativo.pt\/wp-content\/uploads\/2025\/08\/550A4903-2048x1366.jpg 2048w\" sizes=\"(max-width: 800px) 100vw, 800px\" \/>\t\t\t\t\t\t\t\t\t\t\t\t\t\t\t<\/div>\n\t\t\t\t<\/div>\n\t\t\t\t<div class=\"elementor-element elementor-element-652a39b2 elementor-widget elementor-widget-text-editor\" data-id=\"652a39b2\" data-element_type=\"widget\" data-widget_type=\"text-editor.default\">\n\t\t\t\t<div class=\"elementor-widget-container\">\n\t\t\t\t\t\t\t\t\t<p>Em 2016, j\u00e1 reformado, retomou a atividade de caldeireiro, a convite da C\u00e2mara Municipal de Loul\u00e9, para coordenar uma forma\u00e7\u00e3o no curso de caldeiraria artesanal implementado pelo projeto Loul\u00e9 Criativo. A arte de caldeireiro artesanal estava a desaparecer e o munic\u00edpio de Loul\u00e9 tentou revitalizar esta arte atrav\u00e9s da forma\u00e7\u00e3o de novos artes\u00e3os e da abertura da Oficina de Caldeireiros, onde o mestre Analide continua a trabalhar.\u00a0<\/p><p>\u00a0<\/p>\t\t\t\t\t\t\t\t<\/div>\n\t\t\t\t<\/div>\n\t\t\t\t<div class=\"elementor-element elementor-element-66e95174 elementor-widget elementor-widget-image\" data-id=\"66e95174\" data-element_type=\"widget\" data-widget_type=\"image.default\">\n\t\t\t\t<div class=\"elementor-widget-container\">\n\t\t\t\t\t\t\t\t\t\t\t\t\t\t\t<img decoding=\"async\" width=\"800\" height=\"534\" src=\"https:\/\/loulecriativo.pt\/wp-content\/uploads\/2025\/08\/550A5475-1024x683.jpg\" class=\"attachment-large size-large wp-image-9428\" alt=\"\" srcset=\"https:\/\/loulecriativo.pt\/wp-content\/uploads\/2025\/08\/550A5475-1024x683.jpg 1024w, https:\/\/loulecriativo.pt\/wp-content\/uploads\/2025\/08\/550A5475-300x200.jpg 300w, https:\/\/loulecriativo.pt\/wp-content\/uploads\/2025\/08\/550A5475-768x512.jpg 768w, https:\/\/loulecriativo.pt\/wp-content\/uploads\/2025\/08\/550A5475-1536x1025.jpg 1536w, https:\/\/loulecriativo.pt\/wp-content\/uploads\/2025\/08\/550A5475-2048x1366.jpg 2048w\" sizes=\"(max-width: 800px) 100vw, 800px\" \/>\t\t\t\t\t\t\t\t\t\t\t\t\t\t\t<\/div>\n\t\t\t\t<\/div>\n\t\t\t\t<div class=\"elementor-element elementor-element-16dba7af elementor-widget elementor-widget-video\" data-id=\"16dba7af\" data-element_type=\"widget\" data-settings=\"{&quot;video_type&quot;:&quot;hosted&quot;,&quot;autoplay&quot;:&quot;yes&quot;,&quot;mute&quot;:&quot;yes&quot;,&quot;controls&quot;:&quot;yes&quot;}\" data-widget_type=\"video.default\">\n\t\t\t\t<div class=\"elementor-widget-container\">\n\t\t\t\t\t\t\t<div class=\"e-hosted-video elementor-wrapper elementor-open-inline\">\n\t\t\t\t\t<video class=\"elementor-video\" src=\"https:\/\/loulecriativo.pt\/wp-content\/uploads\/2025\/08\/550A3083.mp4\" autoplay=\"\" controls=\"\" muted=\"muted\" controlsList=\"nodownload\"><\/video>\n\t\t\t\t<\/div>\n\t\t\t\t\t\t<\/div>\n\t\t\t\t<\/div>\n\t\t\t\t<div class=\"elementor-element elementor-element-ccc23ac elementor-widget elementor-widget-text-editor\" data-id=\"ccc23ac\" data-element_type=\"widget\" data-widget_type=\"text-editor.default\">\n\t\t\t\t<div class=\"elementor-widget-container\">\n\t\t\t\t\t\t\t\t\t<p>Analide Carmo \u00e9 atualmente o \u00fanico caldeireiro a produzir pe\u00e7as em cobre e lat\u00e3o nos moldes ancestrais. Cataplanas, tachos de arame, chocolateiras, tudo \u00e9 feito e martelado \u00e0 m\u00e3o segundo o m\u00e9todo tradicional.\u00a0<\/p>\t\t\t\t\t\t\t\t<\/div>\n\t\t\t\t<\/div>\n\t\t<div class=\"elementor-element elementor-element-e4f922d e-grid e-con-full e-con e-child\" data-id=\"e4f922d\" data-element_type=\"container\" data-settings=\"{&quot;jet_parallax_layout_list&quot;:[]}\">\n\t\t\t\t<div class=\"elementor-element elementor-element-674664fd elementor-widget elementor-widget-image\" data-id=\"674664fd\" data-element_type=\"widget\" data-widget_type=\"image.default\">\n\t\t\t\t<div class=\"elementor-widget-container\">\n\t\t\t\t\t\t\t\t\t\t\t\t\t\t\t<img decoding=\"async\" width=\"540\" height=\"540\" src=\"https:\/\/loulecriativo.pt\/wp-content\/uploads\/2025\/08\/550A5018-540x540.jpg\" class=\"attachment-square size-square wp-image-9422\" alt=\"\" srcset=\"https:\/\/loulecriativo.pt\/wp-content\/uploads\/2025\/08\/550A5018-540x540.jpg 540w, https:\/\/loulecriativo.pt\/wp-content\/uploads\/2025\/08\/550A5018-150x150.jpg 150w\" sizes=\"(max-width: 540px) 100vw, 540px\" \/>\t\t\t\t\t\t\t\t\t\t\t\t\t\t\t<\/div>\n\t\t\t\t<\/div>\n\t\t\t\t<div class=\"elementor-element elementor-element-9a6921c elementor-widget elementor-widget-image\" data-id=\"9a6921c\" data-element_type=\"widget\" data-widget_type=\"image.default\">\n\t\t\t\t<div class=\"elementor-widget-container\">\n\t\t\t\t\t\t\t\t\t\t\t\t\t\t\t<img loading=\"lazy\" decoding=\"async\" width=\"540\" height=\"540\" src=\"https:\/\/loulecriativo.pt\/wp-content\/uploads\/2025\/08\/550A5785-540x540.jpg\" class=\"attachment-square size-square wp-image-9432\" alt=\"\" srcset=\"https:\/\/loulecriativo.pt\/wp-content\/uploads\/2025\/08\/550A5785-540x540.jpg 540w, https:\/\/loulecriativo.pt\/wp-content\/uploads\/2025\/08\/550A5785-150x150.jpg 150w\" sizes=\"(max-width: 540px) 100vw, 540px\" \/>\t\t\t\t\t\t\t\t\t\t\t\t\t\t\t<\/div>\n\t\t\t\t<\/div>\n\t\t\t\t<\/div>\n\t\t\t\t<div class=\"elementor-element elementor-element-6fd5483a elementor-widget elementor-widget-image\" data-id=\"6fd5483a\" data-element_type=\"widget\" data-widget_type=\"image.default\">\n\t\t\t\t<div class=\"elementor-widget-container\">\n\t\t\t\t\t\t\t\t\t\t\t\t\t\t\t<img loading=\"lazy\" decoding=\"async\" width=\"800\" height=\"534\" src=\"https:\/\/loulecriativo.pt\/wp-content\/uploads\/2025\/08\/550A4946-1024x683.jpg\" class=\"attachment-large size-large wp-image-9420\" alt=\"\" srcset=\"https:\/\/loulecriativo.pt\/wp-content\/uploads\/2025\/08\/550A4946-1024x683.jpg 1024w, https:\/\/loulecriativo.pt\/wp-content\/uploads\/2025\/08\/550A4946-300x200.jpg 300w, https:\/\/loulecriativo.pt\/wp-content\/uploads\/2025\/08\/550A4946-768x512.jpg 768w, https:\/\/loulecriativo.pt\/wp-content\/uploads\/2025\/08\/550A4946-1536x1025.jpg 1536w, https:\/\/loulecriativo.pt\/wp-content\/uploads\/2025\/08\/550A4946-2048x1366.jpg 2048w\" sizes=\"(max-width: 800px) 100vw, 800px\" \/>\t\t\t\t\t\t\t\t\t\t\t\t\t\t\t<\/div>\n\t\t\t\t<\/div>\n\t\t\t\t<div class=\"elementor-element elementor-element-ccb3271 elementor-widget elementor-widget-image\" data-id=\"ccb3271\" data-element_type=\"widget\" data-widget_type=\"image.default\">\n\t\t\t\t<div class=\"elementor-widget-container\">\n\t\t\t\t\t\t\t\t\t\t\t\t\t\t\t<img loading=\"lazy\" decoding=\"async\" width=\"800\" height=\"534\" src=\"https:\/\/loulecriativo.pt\/wp-content\/uploads\/2025\/08\/550A8844-1024x683.jpg\" class=\"attachment-large size-large wp-image-9454\" alt=\"\" srcset=\"https:\/\/loulecriativo.pt\/wp-content\/uploads\/2025\/08\/550A8844-1024x683.jpg 1024w, https:\/\/loulecriativo.pt\/wp-content\/uploads\/2025\/08\/550A8844-300x200.jpg 300w, https:\/\/loulecriativo.pt\/wp-content\/uploads\/2025\/08\/550A8844-768x512.jpg 768w, https:\/\/loulecriativo.pt\/wp-content\/uploads\/2025\/08\/550A8844-1536x1025.jpg 1536w, https:\/\/loulecriativo.pt\/wp-content\/uploads\/2025\/08\/550A8844-2048x1366.jpg 2048w\" sizes=\"(max-width: 800px) 100vw, 800px\" \/>\t\t\t\t\t\t\t\t\t\t\t\t\t\t\t<\/div>\n\t\t\t\t<\/div>\n\t\t<div class=\"elementor-element elementor-element-7e770e2 e-grid e-con-full e-con e-child\" data-id=\"7e770e2\" data-element_type=\"container\" data-settings=\"{&quot;jet_parallax_layout_list&quot;:[]}\">\n\t\t\t\t<div class=\"elementor-element elementor-element-25352f0 elementor-widget elementor-widget-image\" data-id=\"25352f0\" data-element_type=\"widget\" data-widget_type=\"image.default\">\n\t\t\t\t<div class=\"elementor-widget-container\">\n\t\t\t\t\t\t\t\t\t\t\t\t\t\t\t<img loading=\"lazy\" decoding=\"async\" width=\"540\" height=\"540\" src=\"https:\/\/loulecriativo.pt\/wp-content\/uploads\/2025\/08\/550A6185-540x540.jpg\" class=\"attachment-square size-square wp-image-9464\" alt=\"\" srcset=\"https:\/\/loulecriativo.pt\/wp-content\/uploads\/2025\/08\/550A6185-540x540.jpg 540w, https:\/\/loulecriativo.pt\/wp-content\/uploads\/2025\/08\/550A6185-150x150.jpg 150w\" sizes=\"(max-width: 540px) 100vw, 540px\" \/>\t\t\t\t\t\t\t\t\t\t\t\t\t\t\t<\/div>\n\t\t\t\t<\/div>\n\t\t\t\t<div class=\"elementor-element elementor-element-87a463b elementor-widget elementor-widget-image\" data-id=\"87a463b\" data-element_type=\"widget\" data-widget_type=\"image.default\">\n\t\t\t\t<div class=\"elementor-widget-container\">\n\t\t\t\t\t\t\t\t\t\t\t\t\t\t\t<img loading=\"lazy\" decoding=\"async\" width=\"540\" height=\"540\" src=\"https:\/\/loulecriativo.pt\/wp-content\/uploads\/2025\/08\/550A6228-540x540.jpg\" class=\"attachment-square size-square wp-image-9462\" alt=\"\" srcset=\"https:\/\/loulecriativo.pt\/wp-content\/uploads\/2025\/08\/550A6228-540x540.jpg 540w, https:\/\/loulecriativo.pt\/wp-content\/uploads\/2025\/08\/550A6228-150x150.jpg 150w\" sizes=\"(max-width: 540px) 100vw, 540px\" \/>\t\t\t\t\t\t\t\t\t\t\t\t\t\t\t<\/div>\n\t\t\t\t<\/div>\n\t\t\t\t<\/div>\n\t\t\t\t\t<\/div>\n\t\t\t\t<\/div>\n\t\t\t\t<\/div>\n\t\t","protected":false},"excerpt":{"rendered":"<p>Nascido em Loul\u00e9 em 1948, iniciou-se como aprendiz de caldeireiro aos 12 anos, na prestigiada Caldeiraria Barracha. Em 2016, j\u00e1 reformado, regressou ao of\u00edcio a convite do projeto Loul\u00e9 Criativo, coordenando forma\u00e7\u00f5es e mantendo viva a tradi\u00e7\u00e3o na Oficina de Caldeireiros.<br \/>\n\u00c9 hoje o \u00fanico mestre artes\u00e3o em atividade a trabalhar o cobre e lat\u00e3o segundo os m\u00e9todos ancestrais, criando \u00e0 m\u00e3o pe\u00e7as emblem\u00e1ticas como cataplanas, tachos de arame e chocolateiras.<\/p>\n","protected":false},"featured_media":6208,"template":"","meta":{"_acf_changed":false},"tags":[182,181],"materiais":[156,183,102],"role":[74],"class_list":["post-5011","lc_artist","type-lc_artist","status-publish","has-post-thumbnail","hentry","tag-artigos-em-cobre-e-latao","tag-caldeiraria","materiais-cobre","materiais-latao","materiais-metal","role-artesao"],"acf":[],"yoast_head":"<!-- This site is optimized with the Yoast SEO Premium plugin v25.9 (Yoast SEO v26.5) - https:\/\/yoast.com\/wordpress\/plugins\/seo\/ -->\n<title>Analide Carmo - Loul\u00e9 Criativo<\/title>\n<meta name=\"robots\" content=\"index, follow, max-snippet:-1, max-image-preview:large, max-video-preview:-1\" \/>\n<link rel=\"canonical\" href=\"https:\/\/loulecriativo.pt\/pt\/comunidade-criativa\/analide-carmo\/\" \/>\n<meta property=\"og:locale\" content=\"pt_PT\" \/>\n<meta property=\"og:type\" content=\"article\" \/>\n<meta property=\"og:title\" content=\"Analide Carmo\" \/>\n<meta property=\"og:description\" content=\"Nascido em Loul\u00e9 em 1948, iniciou-se como aprendiz de caldeireiro aos 12 anos, na prestigiada Caldeiraria Barracha. Em 2016, j\u00e1 reformado, regressou ao of\u00edcio a convite do projeto Loul\u00e9 Criativo, coordenando forma\u00e7\u00f5es e mantendo viva a tradi\u00e7\u00e3o na Oficina de Caldeireiros. \u00c9 hoje o \u00fanico mestre artes\u00e3o em atividade a trabalhar o cobre e lat\u00e3o segundo os m\u00e9todos ancestrais, criando \u00e0 m\u00e3o pe\u00e7as emblem\u00e1ticas como cataplanas, tachos de arame e chocolateiras.\" \/>\n<meta property=\"og:url\" content=\"https:\/\/loulecriativo.pt\/pt\/comunidade-criativa\/analide-carmo\/\" \/>\n<meta property=\"og:site_name\" content=\"Loul\u00e9 Criativo\" \/>\n<meta property=\"article:modified_time\" content=\"2025-10-07T15:59:59+00:00\" \/>\n<meta property=\"og:image\" content=\"https:\/\/loulecriativo.pt\/wp-content\/uploads\/2025\/08\/Loule-Criativo-026-scaled-e1758023453116.jpg\" \/>\n\t<meta property=\"og:image:width\" content=\"1327\" \/>\n\t<meta property=\"og:image:height\" content=\"1728\" \/>\n\t<meta property=\"og:image:type\" content=\"image\/jpeg\" \/>\n<meta name=\"twitter:card\" content=\"summary_large_image\" \/>\n<meta name=\"twitter:label1\" content=\"Est. reading time\" \/>\n\t<meta name=\"twitter:data1\" content=\"3 minutes\" \/>\n<script type=\"application\/ld+json\" class=\"yoast-schema-graph\">{\"@context\":\"https:\/\/schema.org\",\"@graph\":[{\"@type\":\"WebPage\",\"@id\":\"https:\/\/loulecriativo.pt\/pt\/comunidade-criativa\/analide-carmo\/\",\"url\":\"https:\/\/loulecriativo.pt\/pt\/comunidade-criativa\/analide-carmo\/\",\"name\":\"Analide Carmo - Loul\u00e9 Criativo\",\"isPartOf\":{\"@id\":\"https:\/\/loulecriativo.pt\/pt\/#website\"},\"primaryImageOfPage\":{\"@id\":\"https:\/\/loulecriativo.pt\/pt\/comunidade-criativa\/analide-carmo\/#primaryimage\"},\"image\":{\"@id\":\"https:\/\/loulecriativo.pt\/pt\/comunidade-criativa\/analide-carmo\/#primaryimage\"},\"thumbnailUrl\":\"https:\/\/loulecriativo.pt\/wp-content\/uploads\/2025\/08\/Loule-Criativo-026-scaled-e1758023453116.jpg\",\"datePublished\":\"2025-08-18T10:38:37+00:00\",\"dateModified\":\"2025-10-07T15:59:59+00:00\",\"breadcrumb\":{\"@id\":\"https:\/\/loulecriativo.pt\/pt\/comunidade-criativa\/analide-carmo\/#breadcrumb\"},\"inLanguage\":\"pt\",\"potentialAction\":[{\"@type\":\"ReadAction\",\"target\":[\"https:\/\/loulecriativo.pt\/pt\/comunidade-criativa\/analide-carmo\/\"]}]},{\"@type\":\"ImageObject\",\"inLanguage\":\"pt\",\"@id\":\"https:\/\/loulecriativo.pt\/pt\/comunidade-criativa\/analide-carmo\/#primaryimage\",\"url\":\"https:\/\/loulecriativo.pt\/wp-content\/uploads\/2025\/08\/Loule-Criativo-026-scaled-e1758023453116.jpg\",\"contentUrl\":\"https:\/\/loulecriativo.pt\/wp-content\/uploads\/2025\/08\/Loule-Criativo-026-scaled-e1758023453116.jpg\",\"width\":1327,\"height\":1728},{\"@type\":\"BreadcrumbList\",\"@id\":\"https:\/\/loulecriativo.pt\/pt\/comunidade-criativa\/analide-carmo\/#breadcrumb\",\"itemListElement\":[{\"@type\":\"ListItem\",\"position\":1,\"name\":\"Home\",\"item\":\"https:\/\/loulecriativo.pt\/pt\/\"},{\"@type\":\"ListItem\",\"position\":2,\"name\":\"Analide Carmo\"}]},{\"@type\":\"WebSite\",\"@id\":\"https:\/\/loulecriativo.pt\/pt\/#website\",\"url\":\"https:\/\/loulecriativo.pt\/pt\/\",\"name\":\"Loul\u00e9 Criativo\",\"description\":\"\",\"potentialAction\":[{\"@type\":\"SearchAction\",\"target\":{\"@type\":\"EntryPoint\",\"urlTemplate\":\"https:\/\/loulecriativo.pt\/pt\/?s={search_term_string}\"},\"query-input\":{\"@type\":\"PropertyValueSpecification\",\"valueRequired\":true,\"valueName\":\"search_term_string\"}}],\"inLanguage\":\"pt\"}]}<\/script>\n<!-- \/ Yoast SEO Premium plugin. -->","yoast_head_json":{"title":"Analide Carmo - Loul\u00e9 Criativo","robots":{"index":"index","follow":"follow","max-snippet":"max-snippet:-1","max-image-preview":"max-image-preview:large","max-video-preview":"max-video-preview:-1"},"canonical":"https:\/\/loulecriativo.pt\/pt\/comunidade-criativa\/analide-carmo\/","og_locale":"pt_PT","og_type":"article","og_title":"Analide Carmo","og_description":"Nascido em Loul\u00e9 em 1948, iniciou-se como aprendiz de caldeireiro aos 12 anos, na prestigiada Caldeiraria Barracha. Em 2016, j\u00e1 reformado, regressou ao of\u00edcio a convite do projeto Loul\u00e9 Criativo, coordenando forma\u00e7\u00f5es e mantendo viva a tradi\u00e7\u00e3o na Oficina de Caldeireiros. \u00c9 hoje o \u00fanico mestre artes\u00e3o em atividade a trabalhar o cobre e lat\u00e3o segundo os m\u00e9todos ancestrais, criando \u00e0 m\u00e3o pe\u00e7as emblem\u00e1ticas como cataplanas, tachos de arame e chocolateiras.","og_url":"https:\/\/loulecriativo.pt\/pt\/comunidade-criativa\/analide-carmo\/","og_site_name":"Loul\u00e9 Criativo","article_modified_time":"2025-10-07T15:59:59+00:00","og_image":[{"width":1327,"height":1728,"url":"https:\/\/loulecriativo.pt\/wp-content\/uploads\/2025\/08\/Loule-Criativo-026-scaled-e1758023453116.jpg","type":"image\/jpeg"}],"twitter_card":"summary_large_image","twitter_misc":{"Est. reading time":"3 minutes"},"schema":{"@context":"https:\/\/schema.org","@graph":[{"@type":"WebPage","@id":"https:\/\/loulecriativo.pt\/pt\/comunidade-criativa\/analide-carmo\/","url":"https:\/\/loulecriativo.pt\/pt\/comunidade-criativa\/analide-carmo\/","name":"Analide Carmo - Loul\u00e9 Criativo","isPartOf":{"@id":"https:\/\/loulecriativo.pt\/pt\/#website"},"primaryImageOfPage":{"@id":"https:\/\/loulecriativo.pt\/pt\/comunidade-criativa\/analide-carmo\/#primaryimage"},"image":{"@id":"https:\/\/loulecriativo.pt\/pt\/comunidade-criativa\/analide-carmo\/#primaryimage"},"thumbnailUrl":"https:\/\/loulecriativo.pt\/wp-content\/uploads\/2025\/08\/Loule-Criativo-026-scaled-e1758023453116.jpg","datePublished":"2025-08-18T10:38:37+00:00","dateModified":"2025-10-07T15:59:59+00:00","breadcrumb":{"@id":"https:\/\/loulecriativo.pt\/pt\/comunidade-criativa\/analide-carmo\/#breadcrumb"},"inLanguage":"pt","potentialAction":[{"@type":"ReadAction","target":["https:\/\/loulecriativo.pt\/pt\/comunidade-criativa\/analide-carmo\/"]}]},{"@type":"ImageObject","inLanguage":"pt","@id":"https:\/\/loulecriativo.pt\/pt\/comunidade-criativa\/analide-carmo\/#primaryimage","url":"https:\/\/loulecriativo.pt\/wp-content\/uploads\/2025\/08\/Loule-Criativo-026-scaled-e1758023453116.jpg","contentUrl":"https:\/\/loulecriativo.pt\/wp-content\/uploads\/2025\/08\/Loule-Criativo-026-scaled-e1758023453116.jpg","width":1327,"height":1728},{"@type":"BreadcrumbList","@id":"https:\/\/loulecriativo.pt\/pt\/comunidade-criativa\/analide-carmo\/#breadcrumb","itemListElement":[{"@type":"ListItem","position":1,"name":"Home","item":"https:\/\/loulecriativo.pt\/pt\/"},{"@type":"ListItem","position":2,"name":"Analide Carmo"}]},{"@type":"WebSite","@id":"https:\/\/loulecriativo.pt\/pt\/#website","url":"https:\/\/loulecriativo.pt\/pt\/","name":"Loul\u00e9 Criativo","description":"","potentialAction":[{"@type":"SearchAction","target":{"@type":"EntryPoint","urlTemplate":"https:\/\/loulecriativo.pt\/pt\/?s={search_term_string}"},"query-input":{"@type":"PropertyValueSpecification","valueRequired":true,"valueName":"search_term_string"}}],"inLanguage":"pt"}]}},"_links":{"self":[{"href":"https:\/\/loulecriativo.pt\/pt\/wp-json\/wp\/v2\/lc_artist\/5011","targetHints":{"allow":["GET"]}}],"collection":[{"href":"https:\/\/loulecriativo.pt\/pt\/wp-json\/wp\/v2\/lc_artist"}],"about":[{"href":"https:\/\/loulecriativo.pt\/pt\/wp-json\/wp\/v2\/types\/lc_artist"}],"version-history":[{"count":9,"href":"https:\/\/loulecriativo.pt\/pt\/wp-json\/wp\/v2\/lc_artist\/5011\/revisions"}],"predecessor-version":[{"id":9703,"href":"https:\/\/loulecriativo.pt\/pt\/wp-json\/wp\/v2\/lc_artist\/5011\/revisions\/9703"}],"wp:featuredmedia":[{"embeddable":true,"href":"https:\/\/loulecriativo.pt\/pt\/wp-json\/wp\/v2\/media\/6208"}],"wp:attachment":[{"href":"https:\/\/loulecriativo.pt\/pt\/wp-json\/wp\/v2\/media?parent=5011"}],"wp:term":[{"taxonomy":"post_tag","embeddable":true,"href":"https:\/\/loulecriativo.pt\/pt\/wp-json\/wp\/v2\/tags?post=5011"},{"taxonomy":"materiais","embeddable":true,"href":"https:\/\/loulecriativo.pt\/pt\/wp-json\/wp\/v2\/materiais?post=5011"},{"taxonomy":"role","embeddable":true,"href":"https:\/\/loulecriativo.pt\/pt\/wp-json\/wp\/v2\/role?post=5011"}],"curies":[{"name":"wp","href":"https:\/\/api.w.org\/{rel}","templated":true}]}}