{"id":5016,"date":"2025-08-18T10:48:07","date_gmt":"2025-08-18T10:48:07","guid":{"rendered":"https:\/\/loulecriativo.pt\/comunidade-criativa-artista\/jurgen-cramer\/"},"modified":"2025-10-14T17:32:45","modified_gmt":"2025-10-14T17:32:45","slug":"jurgen-cramer","status":"publish","type":"lc_artist","link":"https:\/\/loulecriativo.pt\/pt\/comunidade-criativa\/jurgen-cramer\/","title":{"rendered":"J\u00fcrgen Cramer"},"content":{"rendered":"\t\t<div data-elementor-type=\"wp-post\" data-elementor-id=\"5016\" class=\"elementor elementor-5016\" data-elementor-post-type=\"lc_artist\">\n\t\t\t\t<div class=\"elementor-element elementor-element-768db88b e-flex e-con-boxed e-con e-parent\" data-id=\"768db88b\" data-element_type=\"container\" data-settings=\"{&quot;jet_parallax_layout_list&quot;:[]}\">\n\t\t\t\t\t<div class=\"e-con-inner\">\n\t\t<div class=\"elementor-element elementor-element-4d40e4e6 e-con-full e-flex e-con e-child\" data-id=\"4d40e4e6\" data-element_type=\"container\" data-settings=\"{&quot;jet_parallax_layout_list&quot;:[]}\">\n\t\t\t\t<div class=\"elementor-element elementor-element-aca8a17 elementor-widget elementor-widget-text-editor\" data-id=\"aca8a17\" data-element_type=\"widget\" data-widget_type=\"text-editor.default\">\n\t\t\t\t<div class=\"elementor-widget-container\">\n\t\t\t\t\t\t\t\t\t<p data-start=\"601\" data-end=\"1112\">De origem alem\u00e3 e residente no interior do concelho de Loul\u00e9, Heinz-J\u00fcrgen Cramer alia a forma\u00e7\u00e3o em Engenharia Mec\u00e2nica \u00e0 paix\u00e3o pelo trabalho manual e pela maquinaria. O torno sempre fez parte do seu universo criativo \u2014 um espa\u00e7o onde t\u00e9cnica e precis\u00e3o se encontram com o prazer de construir e inventar.<\/p>\t\t\t\t\t\t\t\t<\/div>\n\t\t\t\t<\/div>\n\t\t\t\t<div class=\"elementor-element elementor-element-46e5974a elementor-widget elementor-widget-image\" data-id=\"46e5974a\" data-element_type=\"widget\" data-widget_type=\"image.default\">\n\t\t\t\t<div class=\"elementor-widget-container\">\n\t\t\t\t\t\t\t\t\t\t\t\t\t\t\t<img fetchpriority=\"high\" decoding=\"async\" width=\"800\" height=\"534\" src=\"https:\/\/loulecriativo.pt\/wp-content\/uploads\/2025\/08\/550A6340-1024x683.jpg\" class=\"attachment-large size-large wp-image-9520\" alt=\"\" srcset=\"https:\/\/loulecriativo.pt\/wp-content\/uploads\/2025\/08\/550A6340-1024x683.jpg 1024w, https:\/\/loulecriativo.pt\/wp-content\/uploads\/2025\/08\/550A6340-300x200.jpg 300w, https:\/\/loulecriativo.pt\/wp-content\/uploads\/2025\/08\/550A6340-768x512.jpg 768w, https:\/\/loulecriativo.pt\/wp-content\/uploads\/2025\/08\/550A6340-1536x1025.jpg 1536w, https:\/\/loulecriativo.pt\/wp-content\/uploads\/2025\/08\/550A6340-2048x1366.jpg 2048w\" sizes=\"(max-width: 800px) 100vw, 800px\" \/>\t\t\t\t\t\t\t\t\t\t\t\t\t\t\t<\/div>\n\t\t\t\t<\/div>\n\t\t\t\t<div class=\"elementor-element elementor-element-804c421 elementor-widget elementor-widget-text-editor\" data-id=\"804c421\" data-element_type=\"widget\" data-widget_type=\"text-editor.default\">\n\t\t\t\t<div class=\"elementor-widget-container\">\n\t\t\t\t\t\t\t\t\t<p data-start=\"601\" data-end=\"1112\">H\u00e1 cerca de vinte anos decidiu trocar a Alemanha por Portugal, onde se estabeleceu e criou um neg\u00f3cio na \u00e1rea das energias renov\u00e1veis. O gosto pelo metal, no entanto, nunca o abandonou. O gosto pelo metal, no entanto, nunca o abandonou.\u00a0<\/p>\t\t\t\t\t\t\t\t<\/div>\n\t\t\t\t<\/div>\n\t\t\t\t<div class=\"elementor-element elementor-element-16efc55c elementor-widget elementor-widget-video\" data-id=\"16efc55c\" data-element_type=\"widget\" data-settings=\"{&quot;video_type&quot;:&quot;hosted&quot;,&quot;autoplay&quot;:&quot;yes&quot;,&quot;mute&quot;:&quot;yes&quot;,&quot;controls&quot;:&quot;yes&quot;}\" data-widget_type=\"video.default\">\n\t\t\t\t<div class=\"elementor-widget-container\">\n\t\t\t\t\t\t\t<div class=\"e-hosted-video elementor-wrapper elementor-open-inline\">\n\t\t\t\t\t<video class=\"elementor-video\" src=\"https:\/\/loulecriativo.pt\/wp-content\/uploads\/2025\/05\/file_example_MP4_480_1_5MG.mp4\" autoplay=\"\" controls=\"\" muted=\"muted\" controlsList=\"nodownload\"><\/video>\n\t\t\t\t<\/div>\n\t\t\t\t\t\t<\/div>\n\t\t\t\t<\/div>\n\t\t\t\t<\/div>\n\t\t\t\t<div class=\"elementor-element elementor-element-89c8bf1 elementor-widget elementor-widget-text-editor\" data-id=\"89c8bf1\" data-element_type=\"widget\" data-widget_type=\"text-editor.default\">\n\t\t\t\t<div class=\"elementor-widget-container\">\n\t\t\t\t\t\t\t\t\t<p data-start=\"601\" data-end=\"1112\">Em 2016, teve a oportunidade de frequentar o curso de Caldeireiro Artesanal promovido pela C\u00e2mara Municipal de Loul\u00e9, na Oficina de Caldeireiros, sob a orienta\u00e7\u00e3o do mestre Analide Carmo. A\u00ed descobriu uma nova forma de express\u00e3o atrav\u00e9s do cobre e do lat\u00e3o, aprendendo as t\u00e9cnicas e m\u00e9todos tradicionais desta arte ancestral.<\/p>\t\t\t\t\t\t\t\t<\/div>\n\t\t\t\t<\/div>\n\t\t\t\t<div class=\"elementor-element elementor-element-5fe920a4 elementor-widget elementor-widget-image\" data-id=\"5fe920a4\" data-element_type=\"widget\" data-widget_type=\"image.default\">\n\t\t\t\t<div class=\"elementor-widget-container\">\n\t\t\t\t\t\t\t\t\t\t\t\t\t\t\t<img decoding=\"async\" width=\"800\" height=\"534\" src=\"https:\/\/loulecriativo.pt\/wp-content\/uploads\/2025\/08\/550A0767-1024x683.jpg\" class=\"attachment-large size-large wp-image-9540\" alt=\"\" srcset=\"https:\/\/loulecriativo.pt\/wp-content\/uploads\/2025\/08\/550A0767-1024x683.jpg 1024w, https:\/\/loulecriativo.pt\/wp-content\/uploads\/2025\/08\/550A0767-300x200.jpg 300w, https:\/\/loulecriativo.pt\/wp-content\/uploads\/2025\/08\/550A0767-768x512.jpg 768w, https:\/\/loulecriativo.pt\/wp-content\/uploads\/2025\/08\/550A0767-1536x1025.jpg 1536w, https:\/\/loulecriativo.pt\/wp-content\/uploads\/2025\/08\/550A0767-2048x1366.jpg 2048w\" sizes=\"(max-width: 800px) 100vw, 800px\" \/>\t\t\t\t\t\t\t\t\t\t\t\t\t\t\t<\/div>\n\t\t\t\t<\/div>\n\t\t\t\t<div class=\"elementor-element elementor-element-378ed11f elementor-widget elementor-widget-text-editor\" data-id=\"378ed11f\" data-element_type=\"widget\" data-widget_type=\"text-editor.default\">\n\t\t\t\t<div class=\"elementor-widget-container\">\n\t\t\t\t\t\t\t\t\t<p data-start=\"1114\" data-end=\"1443\">Hoje, como artes\u00e3o do Loul\u00e9 Criativo, J\u00fcrgen Cramer dedica-se \u00e0 cria\u00e7\u00e3o de pe\u00e7as que unem o saber antigo ao design contempor\u00e2neo. Das suas m\u00e3os nascem ta\u00e7as, casti\u00e7ais, centros de mesa, flores decorativas e pe\u00e7as de bijuteria \u2014 pulseiras e an\u00e9is \u2014, todas marcadas por um equil\u00edbrio entre rigor t\u00e9cnico e sensibilidade est\u00e9tica.<\/p><blockquote data-start=\"1445\" data-end=\"1595\"><p data-start=\"1447\" data-end=\"1595\">\u00a0<\/p><\/blockquote>\t\t\t\t\t\t\t\t<\/div>\n\t\t\t\t<\/div>\n\t\t<div class=\"elementor-element elementor-element-5869372f e-grid e-con-full e-con e-child\" data-id=\"5869372f\" data-element_type=\"container\" data-settings=\"{&quot;jet_parallax_layout_list&quot;:[]}\">\n\t\t\t\t<div class=\"elementor-element elementor-element-4a124fa8 elementor-widget elementor-widget-image\" data-id=\"4a124fa8\" data-element_type=\"widget\" data-widget_type=\"image.default\">\n\t\t\t\t<div class=\"elementor-widget-container\">\n\t\t\t\t\t\t\t\t\t\t\t\t\t\t\t<img decoding=\"async\" width=\"540\" height=\"540\" src=\"https:\/\/loulecriativo.pt\/wp-content\/uploads\/2025\/08\/550A6305-540x540.jpg\" class=\"attachment-square size-square wp-image-9538\" alt=\"\" srcset=\"https:\/\/loulecriativo.pt\/wp-content\/uploads\/2025\/08\/550A6305-540x540.jpg 540w, https:\/\/loulecriativo.pt\/wp-content\/uploads\/2025\/08\/550A6305-150x150.jpg 150w\" sizes=\"(max-width: 540px) 100vw, 540px\" \/>\t\t\t\t\t\t\t\t\t\t\t\t\t\t\t<\/div>\n\t\t\t\t<\/div>\n\t\t\t\t<div class=\"elementor-element elementor-element-2738d14 elementor-widget elementor-widget-image\" data-id=\"2738d14\" data-element_type=\"widget\" data-widget_type=\"image.default\">\n\t\t\t\t<div class=\"elementor-widget-container\">\n\t\t\t\t\t\t\t\t\t\t\t\t\t\t\t<img loading=\"lazy\" decoding=\"async\" width=\"540\" height=\"540\" src=\"https:\/\/loulecriativo.pt\/wp-content\/uploads\/2025\/08\/550A9158-540x540.jpg\" class=\"attachment-square size-square wp-image-9528\" alt=\"\" srcset=\"https:\/\/loulecriativo.pt\/wp-content\/uploads\/2025\/08\/550A9158-540x540.jpg 540w, https:\/\/loulecriativo.pt\/wp-content\/uploads\/2025\/08\/550A9158-150x150.jpg 150w\" sizes=\"(max-width: 540px) 100vw, 540px\" \/>\t\t\t\t\t\t\t\t\t\t\t\t\t\t\t<\/div>\n\t\t\t\t<\/div>\n\t\t\t\t<\/div>\n\t\t<div class=\"elementor-element elementor-element-8f6e492 e-grid e-con-full e-con e-child\" data-id=\"8f6e492\" data-element_type=\"container\" data-settings=\"{&quot;jet_parallax_layout_list&quot;:[]}\">\n\t\t\t\t<div class=\"elementor-element elementor-element-0c07a80 elementor-widget elementor-widget-image\" data-id=\"0c07a80\" data-element_type=\"widget\" data-widget_type=\"image.default\">\n\t\t\t\t<div class=\"elementor-widget-container\">\n\t\t\t\t\t\t\t\t\t\t\t\t\t\t\t<img loading=\"lazy\" decoding=\"async\" width=\"540\" height=\"540\" src=\"https:\/\/loulecriativo.pt\/wp-content\/uploads\/2025\/08\/550A8591-540x540.jpg\" class=\"attachment-square size-square wp-image-9550\" alt=\"\" srcset=\"https:\/\/loulecriativo.pt\/wp-content\/uploads\/2025\/08\/550A8591-540x540.jpg 540w, https:\/\/loulecriativo.pt\/wp-content\/uploads\/2025\/08\/550A8591-150x150.jpg 150w\" sizes=\"(max-width: 540px) 100vw, 540px\" \/>\t\t\t\t\t\t\t\t\t\t\t\t\t\t\t<\/div>\n\t\t\t\t<\/div>\n\t\t\t\t<div class=\"elementor-element elementor-element-4698b38 elementor-widget elementor-widget-image\" data-id=\"4698b38\" data-element_type=\"widget\" data-widget_type=\"image.default\">\n\t\t\t\t<div class=\"elementor-widget-container\">\n\t\t\t\t\t\t\t\t\t\t\t\t\t\t\t<img loading=\"lazy\" decoding=\"async\" width=\"540\" height=\"540\" src=\"https:\/\/loulecriativo.pt\/wp-content\/uploads\/2025\/08\/550A7740-540x540.jpg\" class=\"attachment-square size-square wp-image-9524\" alt=\"\" srcset=\"https:\/\/loulecriativo.pt\/wp-content\/uploads\/2025\/08\/550A7740-540x540.jpg 540w, https:\/\/loulecriativo.pt\/wp-content\/uploads\/2025\/08\/550A7740-150x150.jpg 150w\" sizes=\"(max-width: 540px) 100vw, 540px\" \/>\t\t\t\t\t\t\t\t\t\t\t\t\t\t\t<\/div>\n\t\t\t\t<\/div>\n\t\t\t\t<\/div>\n\t\t\t\t<div class=\"elementor-element elementor-element-c87f0b2 elementor-widget elementor-widget-text-editor\" data-id=\"c87f0b2\" data-element_type=\"widget\" data-widget_type=\"text-editor.default\">\n\t\t\t\t<div class=\"elementor-widget-container\">\n\t\t\t\t\t\t\t\t\t<blockquote data-start=\"1445\" data-end=\"1595\"><p data-start=\"1447\" data-end=\"1595\">\u201cO metal permite transformar a ideia em forma. \u00c9 um desafio constante \u2014 entre o controlo da t\u00e9cnica e a liberdade da cria\u00e7\u00e3o.\u201d<br data-start=\"1573\" data-end=\"1576\" \/>\u2014 <em data-start=\"1580\" data-end=\"1595\">J\u00fcrgen Cramer<\/em><\/p><p data-start=\"1447\" data-end=\"1595\">\u00a0<\/p><\/blockquote>\t\t\t\t\t\t\t\t<\/div>\n\t\t\t\t<\/div>\n\t\t\t\t<div class=\"elementor-element elementor-element-22baf2aa elementor-widget elementor-widget-image\" data-id=\"22baf2aa\" data-element_type=\"widget\" data-widget_type=\"image.default\">\n\t\t\t\t<div class=\"elementor-widget-container\">\n\t\t\t\t\t\t\t\t\t\t\t\t\t\t\t<img loading=\"lazy\" decoding=\"async\" width=\"800\" height=\"534\" src=\"https:\/\/loulecriativo.pt\/wp-content\/uploads\/2025\/08\/550A9204-1024x683.jpg\" class=\"attachment-large size-large wp-image-9534\" alt=\"\" srcset=\"https:\/\/loulecriativo.pt\/wp-content\/uploads\/2025\/08\/550A9204-1024x683.jpg 1024w, https:\/\/loulecriativo.pt\/wp-content\/uploads\/2025\/08\/550A9204-300x200.jpg 300w, https:\/\/loulecriativo.pt\/wp-content\/uploads\/2025\/08\/550A9204-768x512.jpg 768w, https:\/\/loulecriativo.pt\/wp-content\/uploads\/2025\/08\/550A9204-1536x1025.jpg 1536w, https:\/\/loulecriativo.pt\/wp-content\/uploads\/2025\/08\/550A9204-2048x1366.jpg 2048w\" sizes=\"(max-width: 800px) 100vw, 800px\" \/>\t\t\t\t\t\t\t\t\t\t\t\t\t\t\t<\/div>\n\t\t\t\t<\/div>\n\t\t\t\t\t<\/div>\n\t\t\t\t<\/div>\n\t\t\t\t<\/div>\n\t\t","protected":false},"excerpt":{"rendered":"<p>De origem alem\u00e3 e residente no interior do concelho de Loul\u00e9, J\u00fcrgen Cramer \u00e9 engenheiro mec\u00e2nico e apaixonado pelos trabalhos em metal. Em 2016, aprendeu as t\u00e9cnicas tradicionais da caldeiraria artesanal, num curso de caldeiraria dinamizado pelo Loul\u00e9 Criativo.<br \/>\nDesde ent\u00e3o, dedica-se \u00e0 cria\u00e7\u00e3o de pe\u00e7as em cobre e lat\u00e3o que combinam o saber ancestral com o design contempor\u00e2neo, onde alia precis\u00e3o, criatividade e paix\u00e3o pelo detalhe.<\/p>\n","protected":false},"featured_media":6212,"template":"","meta":{"_acf_changed":false},"tags":[12,181,184],"materiais":[156,183,102],"role":[74],"class_list":["post-5016","lc_artist","type-lc_artist","status-publish","has-post-thumbnail","hentry","tag-artesanato","tag-caldeiraria","tag-trabalhos-em-cobre-e-latao","materiais-cobre","materiais-latao","materiais-metal","role-artesao"],"acf":[],"yoast_head":"<!-- This site is optimized with the Yoast SEO Premium plugin v25.9 (Yoast SEO v26.5) - https:\/\/yoast.com\/wordpress\/plugins\/seo\/ -->\n<title>J\u00fcrgen Cramer - Loul\u00e9 Criativo<\/title>\n<meta name=\"robots\" content=\"index, follow, max-snippet:-1, max-image-preview:large, max-video-preview:-1\" \/>\n<link rel=\"canonical\" href=\"https:\/\/loulecriativo.pt\/pt\/comunidade-criativa\/jurgen-cramer\/\" \/>\n<meta property=\"og:locale\" content=\"pt_PT\" \/>\n<meta property=\"og:type\" content=\"article\" \/>\n<meta property=\"og:title\" content=\"J\u00fcrgen Cramer\" \/>\n<meta property=\"og:description\" content=\"De origem alem\u00e3 e residente no interior do concelho de Loul\u00e9, J\u00fcrgen Cramer \u00e9 engenheiro mec\u00e2nico e apaixonado pelos trabalhos em metal. Em 2016, aprendeu as t\u00e9cnicas tradicionais da caldeiraria artesanal, num curso de caldeiraria dinamizado pelo Loul\u00e9 Criativo. Desde ent\u00e3o, dedica-se \u00e0 cria\u00e7\u00e3o de pe\u00e7as em cobre e lat\u00e3o que combinam o saber ancestral com o design contempor\u00e2neo, onde alia precis\u00e3o, criatividade e paix\u00e3o pelo detalhe.\" \/>\n<meta property=\"og:url\" content=\"https:\/\/loulecriativo.pt\/pt\/comunidade-criativa\/jurgen-cramer\/\" \/>\n<meta property=\"og:site_name\" content=\"Loul\u00e9 Criativo\" \/>\n<meta property=\"article:modified_time\" content=\"2025-10-14T17:32:45+00:00\" \/>\n<meta property=\"og:image\" content=\"https:\/\/loulecriativo.pt\/wp-content\/uploads\/2025\/08\/Loule-Criativo-036-scaled-e1758023519993.jpg\" \/>\n\t<meta property=\"og:image:width\" content=\"1378\" \/>\n\t<meta property=\"og:image:height\" content=\"1788\" \/>\n\t<meta property=\"og:image:type\" content=\"image\/jpeg\" \/>\n<meta name=\"twitter:card\" content=\"summary_large_image\" \/>\n<meta name=\"twitter:label1\" content=\"Est. reading time\" \/>\n\t<meta name=\"twitter:data1\" content=\"3 minutes\" \/>\n<script type=\"application\/ld+json\" class=\"yoast-schema-graph\">{\"@context\":\"https:\/\/schema.org\",\"@graph\":[{\"@type\":\"WebPage\",\"@id\":\"https:\/\/loulecriativo.pt\/pt\/comunidade-criativa\/jurgen-cramer\/\",\"url\":\"https:\/\/loulecriativo.pt\/pt\/comunidade-criativa\/jurgen-cramer\/\",\"name\":\"J\u00fcrgen Cramer - Loul\u00e9 Criativo\",\"isPartOf\":{\"@id\":\"https:\/\/loulecriativo.pt\/pt\/#website\"},\"primaryImageOfPage\":{\"@id\":\"https:\/\/loulecriativo.pt\/pt\/comunidade-criativa\/jurgen-cramer\/#primaryimage\"},\"image\":{\"@id\":\"https:\/\/loulecriativo.pt\/pt\/comunidade-criativa\/jurgen-cramer\/#primaryimage\"},\"thumbnailUrl\":\"https:\/\/loulecriativo.pt\/wp-content\/uploads\/2025\/08\/Loule-Criativo-036-scaled-e1758023519993.jpg\",\"datePublished\":\"2025-08-18T10:48:07+00:00\",\"dateModified\":\"2025-10-14T17:32:45+00:00\",\"breadcrumb\":{\"@id\":\"https:\/\/loulecriativo.pt\/pt\/comunidade-criativa\/jurgen-cramer\/#breadcrumb\"},\"inLanguage\":\"pt\",\"potentialAction\":[{\"@type\":\"ReadAction\",\"target\":[\"https:\/\/loulecriativo.pt\/pt\/comunidade-criativa\/jurgen-cramer\/\"]}]},{\"@type\":\"ImageObject\",\"inLanguage\":\"pt\",\"@id\":\"https:\/\/loulecriativo.pt\/pt\/comunidade-criativa\/jurgen-cramer\/#primaryimage\",\"url\":\"https:\/\/loulecriativo.pt\/wp-content\/uploads\/2025\/08\/Loule-Criativo-036-scaled-e1758023519993.jpg\",\"contentUrl\":\"https:\/\/loulecriativo.pt\/wp-content\/uploads\/2025\/08\/Loule-Criativo-036-scaled-e1758023519993.jpg\",\"width\":1378,\"height\":1788},{\"@type\":\"BreadcrumbList\",\"@id\":\"https:\/\/loulecriativo.pt\/pt\/comunidade-criativa\/jurgen-cramer\/#breadcrumb\",\"itemListElement\":[{\"@type\":\"ListItem\",\"position\":1,\"name\":\"Home\",\"item\":\"https:\/\/loulecriativo.pt\/pt\/\"},{\"@type\":\"ListItem\",\"position\":2,\"name\":\"J\u00fcrgen Cramer\"}]},{\"@type\":\"WebSite\",\"@id\":\"https:\/\/loulecriativo.pt\/pt\/#website\",\"url\":\"https:\/\/loulecriativo.pt\/pt\/\",\"name\":\"Loul\u00e9 Criativo\",\"description\":\"\",\"potentialAction\":[{\"@type\":\"SearchAction\",\"target\":{\"@type\":\"EntryPoint\",\"urlTemplate\":\"https:\/\/loulecriativo.pt\/pt\/?s={search_term_string}\"},\"query-input\":{\"@type\":\"PropertyValueSpecification\",\"valueRequired\":true,\"valueName\":\"search_term_string\"}}],\"inLanguage\":\"pt\"}]}<\/script>\n<!-- \/ Yoast SEO Premium plugin. -->","yoast_head_json":{"title":"J\u00fcrgen Cramer - Loul\u00e9 Criativo","robots":{"index":"index","follow":"follow","max-snippet":"max-snippet:-1","max-image-preview":"max-image-preview:large","max-video-preview":"max-video-preview:-1"},"canonical":"https:\/\/loulecriativo.pt\/pt\/comunidade-criativa\/jurgen-cramer\/","og_locale":"pt_PT","og_type":"article","og_title":"J\u00fcrgen Cramer","og_description":"De origem alem\u00e3 e residente no interior do concelho de Loul\u00e9, J\u00fcrgen Cramer \u00e9 engenheiro mec\u00e2nico e apaixonado pelos trabalhos em metal. Em 2016, aprendeu as t\u00e9cnicas tradicionais da caldeiraria artesanal, num curso de caldeiraria dinamizado pelo Loul\u00e9 Criativo. Desde ent\u00e3o, dedica-se \u00e0 cria\u00e7\u00e3o de pe\u00e7as em cobre e lat\u00e3o que combinam o saber ancestral com o design contempor\u00e2neo, onde alia precis\u00e3o, criatividade e paix\u00e3o pelo detalhe.","og_url":"https:\/\/loulecriativo.pt\/pt\/comunidade-criativa\/jurgen-cramer\/","og_site_name":"Loul\u00e9 Criativo","article_modified_time":"2025-10-14T17:32:45+00:00","og_image":[{"width":1378,"height":1788,"url":"https:\/\/loulecriativo.pt\/wp-content\/uploads\/2025\/08\/Loule-Criativo-036-scaled-e1758023519993.jpg","type":"image\/jpeg"}],"twitter_card":"summary_large_image","twitter_misc":{"Est. reading time":"3 minutes"},"schema":{"@context":"https:\/\/schema.org","@graph":[{"@type":"WebPage","@id":"https:\/\/loulecriativo.pt\/pt\/comunidade-criativa\/jurgen-cramer\/","url":"https:\/\/loulecriativo.pt\/pt\/comunidade-criativa\/jurgen-cramer\/","name":"J\u00fcrgen Cramer - Loul\u00e9 Criativo","isPartOf":{"@id":"https:\/\/loulecriativo.pt\/pt\/#website"},"primaryImageOfPage":{"@id":"https:\/\/loulecriativo.pt\/pt\/comunidade-criativa\/jurgen-cramer\/#primaryimage"},"image":{"@id":"https:\/\/loulecriativo.pt\/pt\/comunidade-criativa\/jurgen-cramer\/#primaryimage"},"thumbnailUrl":"https:\/\/loulecriativo.pt\/wp-content\/uploads\/2025\/08\/Loule-Criativo-036-scaled-e1758023519993.jpg","datePublished":"2025-08-18T10:48:07+00:00","dateModified":"2025-10-14T17:32:45+00:00","breadcrumb":{"@id":"https:\/\/loulecriativo.pt\/pt\/comunidade-criativa\/jurgen-cramer\/#breadcrumb"},"inLanguage":"pt","potentialAction":[{"@type":"ReadAction","target":["https:\/\/loulecriativo.pt\/pt\/comunidade-criativa\/jurgen-cramer\/"]}]},{"@type":"ImageObject","inLanguage":"pt","@id":"https:\/\/loulecriativo.pt\/pt\/comunidade-criativa\/jurgen-cramer\/#primaryimage","url":"https:\/\/loulecriativo.pt\/wp-content\/uploads\/2025\/08\/Loule-Criativo-036-scaled-e1758023519993.jpg","contentUrl":"https:\/\/loulecriativo.pt\/wp-content\/uploads\/2025\/08\/Loule-Criativo-036-scaled-e1758023519993.jpg","width":1378,"height":1788},{"@type":"BreadcrumbList","@id":"https:\/\/loulecriativo.pt\/pt\/comunidade-criativa\/jurgen-cramer\/#breadcrumb","itemListElement":[{"@type":"ListItem","position":1,"name":"Home","item":"https:\/\/loulecriativo.pt\/pt\/"},{"@type":"ListItem","position":2,"name":"J\u00fcrgen Cramer"}]},{"@type":"WebSite","@id":"https:\/\/loulecriativo.pt\/pt\/#website","url":"https:\/\/loulecriativo.pt\/pt\/","name":"Loul\u00e9 Criativo","description":"","potentialAction":[{"@type":"SearchAction","target":{"@type":"EntryPoint","urlTemplate":"https:\/\/loulecriativo.pt\/pt\/?s={search_term_string}"},"query-input":{"@type":"PropertyValueSpecification","valueRequired":true,"valueName":"search_term_string"}}],"inLanguage":"pt"}]}},"_links":{"self":[{"href":"https:\/\/loulecriativo.pt\/pt\/wp-json\/wp\/v2\/lc_artist\/5016","targetHints":{"allow":["GET"]}}],"collection":[{"href":"https:\/\/loulecriativo.pt\/pt\/wp-json\/wp\/v2\/lc_artist"}],"about":[{"href":"https:\/\/loulecriativo.pt\/pt\/wp-json\/wp\/v2\/types\/lc_artist"}],"version-history":[{"count":13,"href":"https:\/\/loulecriativo.pt\/pt\/wp-json\/wp\/v2\/lc_artist\/5016\/revisions"}],"predecessor-version":[{"id":9559,"href":"https:\/\/loulecriativo.pt\/pt\/wp-json\/wp\/v2\/lc_artist\/5016\/revisions\/9559"}],"wp:featuredmedia":[{"embeddable":true,"href":"https:\/\/loulecriativo.pt\/pt\/wp-json\/wp\/v2\/media\/6212"}],"wp:attachment":[{"href":"https:\/\/loulecriativo.pt\/pt\/wp-json\/wp\/v2\/media?parent=5016"}],"wp:term":[{"taxonomy":"post_tag","embeddable":true,"href":"https:\/\/loulecriativo.pt\/pt\/wp-json\/wp\/v2\/tags?post=5016"},{"taxonomy":"materiais","embeddable":true,"href":"https:\/\/loulecriativo.pt\/pt\/wp-json\/wp\/v2\/materiais?post=5016"},{"taxonomy":"role","embeddable":true,"href":"https:\/\/loulecriativo.pt\/pt\/wp-json\/wp\/v2\/role?post=5016"}],"curies":[{"name":"wp","href":"https:\/\/api.w.org\/{rel}","templated":true}]}}