{"id":5037,"date":"2025-08-18T11:45:36","date_gmt":"2025-08-18T11:45:36","guid":{"rendered":"https:\/\/loulecriativo.pt\/comunidade-criativa-artista\/maria-jose-ramos\/"},"modified":"2025-10-16T11:23:54","modified_gmt":"2025-10-16T11:23:54","slug":"maria-jose-ramos","status":"publish","type":"lc_artist","link":"https:\/\/loulecriativo.pt\/pt\/comunidade-criativa\/maria-jose-ramos\/","title":{"rendered":"Maria Jos\u00e9 Ramos"},"content":{"rendered":"\t\t<div data-elementor-type=\"wp-post\" data-elementor-id=\"5037\" class=\"elementor elementor-5037\" data-elementor-post-type=\"lc_artist\">\n\t\t\t\t<div class=\"elementor-element elementor-element-1dacf79b e-flex e-con-boxed e-con e-parent\" data-id=\"1dacf79b\" data-element_type=\"container\" data-settings=\"{&quot;jet_parallax_layout_list&quot;:[]}\">\n\t\t\t\t\t<div class=\"e-con-inner\">\n\t\t<div class=\"elementor-element elementor-element-623dfd73 e-con-full e-flex e-con e-child\" data-id=\"623dfd73\" data-element_type=\"container\" data-settings=\"{&quot;jet_parallax_layout_list&quot;:[]}\">\n\t\t\t\t<div class=\"elementor-element elementor-element-35f9fece elementor-widget elementor-widget-text-editor\" data-id=\"35f9fece\" data-element_type=\"widget\" data-widget_type=\"text-editor.default\">\n\t\t\t\t<div class=\"elementor-widget-container\">\n\t\t\t\t\t\t\t\t\t<p>Natural de Sarnadas, Maria Jos\u00e9 Ramos teve o primeiro contacto com o esparto aos 14 anos. Aprendeu a trabalhar diferentes formatos que chegavam pelas m\u00e3os das artes\u00e3s das aldeias vizinhas at\u00e9 \u00e0 casa da D. Aldegundes. L\u00e1 produzia tapetes de v\u00e1rias formas e combina\u00e7\u00f5es.<\/p>\n<p>\u00a0<\/p>\t\t\t\t\t\t\t\t<\/div>\n\t\t\t\t<\/div>\n\t\t\t\t<\/div>\n\t\t\t\t<div class=\"elementor-element elementor-element-6d8b8211 elementor-widget elementor-widget-image\" data-id=\"6d8b8211\" data-element_type=\"widget\" data-widget_type=\"image.default\">\n\t\t\t\t<div class=\"elementor-widget-container\">\n\t\t\t\t\t\t\t\t\t\t\t\t\t\t\t<img fetchpriority=\"high\" decoding=\"async\" width=\"800\" height=\"534\" src=\"https:\/\/loulecriativo.pt\/wp-content\/uploads\/2025\/08\/550A8000-1024x683.jpg\" class=\"attachment-large size-large wp-image-8930\" alt=\"\" srcset=\"https:\/\/loulecriativo.pt\/wp-content\/uploads\/2025\/08\/550A8000-1024x683.jpg 1024w, https:\/\/loulecriativo.pt\/wp-content\/uploads\/2025\/08\/550A8000-300x200.jpg 300w, https:\/\/loulecriativo.pt\/wp-content\/uploads\/2025\/08\/550A8000-768x512.jpg 768w, https:\/\/loulecriativo.pt\/wp-content\/uploads\/2025\/08\/550A8000-1536x1025.jpg 1536w, https:\/\/loulecriativo.pt\/wp-content\/uploads\/2025\/08\/550A8000-2048x1366.jpg 2048w\" sizes=\"(max-width: 800px) 100vw, 800px\" \/>\t\t\t\t\t\t\t\t\t\t\t\t\t\t\t<\/div>\n\t\t\t\t<\/div>\n\t\t\t\t<div class=\"elementor-element elementor-element-28df4f3 elementor-widget elementor-widget-text-editor\" data-id=\"28df4f3\" data-element_type=\"widget\" data-widget_type=\"text-editor.default\">\n\t\t\t\t<div class=\"elementor-widget-container\">\n\t\t\t\t\t\t\t\t\t<p>Por volta dos 20 anos afastou-se do of\u00edcio, mas regressou aos 69, integrada no projeto da Casa do Esparto. Desde ent\u00e3o, cria pe\u00e7as que unem tradi\u00e7\u00e3o e modernidade, muitas vezes com o contributo de designers.<\/p>\n<p>\u00a0<\/p>\t\t\t\t\t\t\t\t<\/div>\n\t\t\t\t<\/div>\n\t\t\t\t<div class=\"elementor-element elementor-element-7adf34bb elementor-widget elementor-widget-image\" data-id=\"7adf34bb\" data-element_type=\"widget\" data-widget_type=\"image.default\">\n\t\t\t\t<div class=\"elementor-widget-container\">\n\t\t\t\t\t\t\t\t\t\t\t\t\t\t\t<img decoding=\"async\" width=\"800\" height=\"534\" src=\"https:\/\/loulecriativo.pt\/wp-content\/uploads\/2025\/08\/550A3037-1024x683.jpg\" class=\"attachment-large size-large wp-image-8934\" alt=\"\" srcset=\"https:\/\/loulecriativo.pt\/wp-content\/uploads\/2025\/08\/550A3037-1024x683.jpg 1024w, https:\/\/loulecriativo.pt\/wp-content\/uploads\/2025\/08\/550A3037-300x200.jpg 300w, https:\/\/loulecriativo.pt\/wp-content\/uploads\/2025\/08\/550A3037-768x512.jpg 768w, https:\/\/loulecriativo.pt\/wp-content\/uploads\/2025\/08\/550A3037-1536x1025.jpg 1536w, https:\/\/loulecriativo.pt\/wp-content\/uploads\/2025\/08\/550A3037-2048x1366.jpg 2048w\" sizes=\"(max-width: 800px) 100vw, 800px\" \/>\t\t\t\t\t\t\t\t\t\t\t\t\t\t\t<\/div>\n\t\t\t\t<\/div>\n\t\t\t\t<div class=\"elementor-element elementor-element-344296b3 elementor-widget elementor-widget-text-editor\" data-id=\"344296b3\" data-element_type=\"widget\" data-widget_type=\"text-editor.default\">\n\t\t\t\t<div class=\"elementor-widget-container\">\n\t\t\t\t\t\t\t\t\t<p>\u00a0<\/p>\n<p>Para Maria Jos\u00e9, cada pe\u00e7a conclu\u00edda \u00e9 motivo de orgulho e alegria.<\/p>\t\t\t\t\t\t\t\t<\/div>\n\t\t\t\t<\/div>\n\t\t<div class=\"elementor-element elementor-element-4d00c41e e-grid e-con-full e-con e-child\" data-id=\"4d00c41e\" data-element_type=\"container\" data-settings=\"{&quot;jet_parallax_layout_list&quot;:[]}\">\n\t\t\t\t<div class=\"elementor-element elementor-element-5d646bd1 elementor-widget elementor-widget-image\" data-id=\"5d646bd1\" data-element_type=\"widget\" data-widget_type=\"image.default\">\n\t\t\t\t<div class=\"elementor-widget-container\">\n\t\t\t\t\t\t\t\t\t\t\t\t\t\t\t<img decoding=\"async\" width=\"540\" height=\"540\" src=\"https:\/\/loulecriativo.pt\/wp-content\/uploads\/2025\/08\/550A2828-1-540x540.jpg\" class=\"attachment-square size-square wp-image-8938\" alt=\"\" srcset=\"https:\/\/loulecriativo.pt\/wp-content\/uploads\/2025\/08\/550A2828-1-540x540.jpg 540w, https:\/\/loulecriativo.pt\/wp-content\/uploads\/2025\/08\/550A2828-1-150x150.jpg 150w\" sizes=\"(max-width: 540px) 100vw, 540px\" \/>\t\t\t\t\t\t\t\t\t\t\t\t\t\t\t<\/div>\n\t\t\t\t<\/div>\n\t\t\t\t<div class=\"elementor-element elementor-element-41510584 elementor-widget elementor-widget-image\" data-id=\"41510584\" data-element_type=\"widget\" data-widget_type=\"image.default\">\n\t\t\t\t<div class=\"elementor-widget-container\">\n\t\t\t\t\t\t\t\t\t\t\t\t\t\t\t<img loading=\"lazy\" decoding=\"async\" width=\"540\" height=\"540\" src=\"https:\/\/loulecriativo.pt\/wp-content\/uploads\/2025\/08\/550A2900-540x540.jpg\" class=\"attachment-square size-square wp-image-8940\" alt=\"\" srcset=\"https:\/\/loulecriativo.pt\/wp-content\/uploads\/2025\/08\/550A2900-540x540.jpg 540w, https:\/\/loulecriativo.pt\/wp-content\/uploads\/2025\/08\/550A2900-150x150.jpg 150w\" sizes=\"(max-width: 540px) 100vw, 540px\" \/>\t\t\t\t\t\t\t\t\t\t\t\t\t\t\t<\/div>\n\t\t\t\t<\/div>\n\t\t\t\t<\/div>\n\t\t\t\t<div class=\"elementor-element elementor-element-3b886628 elementor-widget elementor-widget-image\" data-id=\"3b886628\" data-element_type=\"widget\" data-widget_type=\"image.default\">\n\t\t\t\t<div class=\"elementor-widget-container\">\n\t\t\t\t\t\t\t\t\t\t\t\t\t\t\t<img loading=\"lazy\" decoding=\"async\" width=\"800\" height=\"534\" src=\"https:\/\/loulecriativo.pt\/wp-content\/uploads\/2025\/08\/550A8021-1-1024x683.jpg\" class=\"attachment-large size-large wp-image-8932\" alt=\"\" srcset=\"https:\/\/loulecriativo.pt\/wp-content\/uploads\/2025\/08\/550A8021-1-1024x683.jpg 1024w, https:\/\/loulecriativo.pt\/wp-content\/uploads\/2025\/08\/550A8021-1-300x200.jpg 300w, https:\/\/loulecriativo.pt\/wp-content\/uploads\/2025\/08\/550A8021-1-768x512.jpg 768w, https:\/\/loulecriativo.pt\/wp-content\/uploads\/2025\/08\/550A8021-1-1536x1025.jpg 1536w, https:\/\/loulecriativo.pt\/wp-content\/uploads\/2025\/08\/550A8021-1-2048x1366.jpg 2048w\" sizes=\"(max-width: 800px) 100vw, 800px\" \/>\t\t\t\t\t\t\t\t\t\t\t\t\t\t\t<\/div>\n\t\t\t\t<\/div>\n\t\t\t\t\t<\/div>\n\t\t\t\t<\/div>\n\t\t\t\t<\/div>\n\t\t","protected":false},"excerpt":{"rendered":"<p>Natural das Sarnadas, Maria Jos\u00e9 Ramos teve o primeiro contacto com o esparto aos 14 anos. Esteve afastada do of\u00edcio durante quase meio s\u00e9culo, mas regressou cheia de entusiasmo para integrar a Casa do Esparto. <\/p>\n","protected":false},"featured_media":8629,"template":"","meta":{"_acf_changed":false},"tags":[12,167,166],"materiais":[163,164],"role":[74],"class_list":["post-5037","lc_artist","type-lc_artist","status-publish","has-post-thumbnail","hentry","tag-artesanato","tag-cestaria","tag-esparto","materiais-esparto","materiais-fibras-vegetais","role-artesao"],"acf":[],"yoast_head":"<!-- This site is optimized with the Yoast SEO Premium plugin v25.9 (Yoast SEO v26.5) - https:\/\/yoast.com\/wordpress\/plugins\/seo\/ -->\n<title>Maria Jos\u00e9 Ramos - Loul\u00e9 Criativo<\/title>\n<meta name=\"robots\" content=\"index, follow, max-snippet:-1, max-image-preview:large, max-video-preview:-1\" \/>\n<link rel=\"canonical\" href=\"https:\/\/loulecriativo.pt\/pt\/comunidade-criativa\/maria-jose-ramos\/\" \/>\n<meta property=\"og:locale\" content=\"pt_PT\" \/>\n<meta property=\"og:type\" content=\"article\" \/>\n<meta property=\"og:title\" content=\"Maria Jos\u00e9 Ramos\" \/>\n<meta property=\"og:description\" content=\"Natural das Sarnadas, Maria Jos\u00e9 Ramos teve o primeiro contacto com o esparto aos 14 anos. Esteve afastada do of\u00edcio durante quase meio s\u00e9culo, mas regressou cheia de entusiasmo para integrar a Casa do Esparto.\" \/>\n<meta property=\"og:url\" content=\"https:\/\/loulecriativo.pt\/pt\/comunidade-criativa\/maria-jose-ramos\/\" \/>\n<meta property=\"og:site_name\" content=\"Loul\u00e9 Criativo\" \/>\n<meta property=\"article:modified_time\" content=\"2025-10-16T11:23:54+00:00\" \/>\n<meta property=\"og:image\" content=\"https:\/\/loulecriativo.pt\/wp-content\/uploads\/2025\/08\/550A8773-scaled.jpg\" \/>\n\t<meta property=\"og:image:width\" content=\"1708\" \/>\n\t<meta property=\"og:image:height\" content=\"2560\" \/>\n\t<meta property=\"og:image:type\" content=\"image\/jpeg\" \/>\n<meta name=\"twitter:card\" content=\"summary_large_image\" \/>\n<meta name=\"twitter:label1\" content=\"Est. reading time\" \/>\n\t<meta name=\"twitter:data1\" content=\"2 minutes\" \/>\n<script type=\"application\/ld+json\" class=\"yoast-schema-graph\">{\"@context\":\"https:\/\/schema.org\",\"@graph\":[{\"@type\":\"WebPage\",\"@id\":\"https:\/\/loulecriativo.pt\/pt\/comunidade-criativa\/maria-jose-ramos\/\",\"url\":\"https:\/\/loulecriativo.pt\/pt\/comunidade-criativa\/maria-jose-ramos\/\",\"name\":\"Maria Jos\u00e9 Ramos - Loul\u00e9 Criativo\",\"isPartOf\":{\"@id\":\"https:\/\/loulecriativo.pt\/pt\/#website\"},\"primaryImageOfPage\":{\"@id\":\"https:\/\/loulecriativo.pt\/pt\/comunidade-criativa\/maria-jose-ramos\/#primaryimage\"},\"image\":{\"@id\":\"https:\/\/loulecriativo.pt\/pt\/comunidade-criativa\/maria-jose-ramos\/#primaryimage\"},\"thumbnailUrl\":\"https:\/\/loulecriativo.pt\/wp-content\/uploads\/2025\/08\/550A8773-scaled.jpg\",\"datePublished\":\"2025-08-18T11:45:36+00:00\",\"dateModified\":\"2025-10-16T11:23:54+00:00\",\"breadcrumb\":{\"@id\":\"https:\/\/loulecriativo.pt\/pt\/comunidade-criativa\/maria-jose-ramos\/#breadcrumb\"},\"inLanguage\":\"pt\",\"potentialAction\":[{\"@type\":\"ReadAction\",\"target\":[\"https:\/\/loulecriativo.pt\/pt\/comunidade-criativa\/maria-jose-ramos\/\"]}]},{\"@type\":\"ImageObject\",\"inLanguage\":\"pt\",\"@id\":\"https:\/\/loulecriativo.pt\/pt\/comunidade-criativa\/maria-jose-ramos\/#primaryimage\",\"url\":\"https:\/\/loulecriativo.pt\/wp-content\/uploads\/2025\/08\/550A8773-scaled.jpg\",\"contentUrl\":\"https:\/\/loulecriativo.pt\/wp-content\/uploads\/2025\/08\/550A8773-scaled.jpg\",\"width\":1708,\"height\":2560},{\"@type\":\"BreadcrumbList\",\"@id\":\"https:\/\/loulecriativo.pt\/pt\/comunidade-criativa\/maria-jose-ramos\/#breadcrumb\",\"itemListElement\":[{\"@type\":\"ListItem\",\"position\":1,\"name\":\"Home\",\"item\":\"https:\/\/loulecriativo.pt\/pt\/\"},{\"@type\":\"ListItem\",\"position\":2,\"name\":\"Maria Jos\u00e9 Ramos\"}]},{\"@type\":\"WebSite\",\"@id\":\"https:\/\/loulecriativo.pt\/pt\/#website\",\"url\":\"https:\/\/loulecriativo.pt\/pt\/\",\"name\":\"Loul\u00e9 Criativo\",\"description\":\"\",\"potentialAction\":[{\"@type\":\"SearchAction\",\"target\":{\"@type\":\"EntryPoint\",\"urlTemplate\":\"https:\/\/loulecriativo.pt\/pt\/?s={search_term_string}\"},\"query-input\":{\"@type\":\"PropertyValueSpecification\",\"valueRequired\":true,\"valueName\":\"search_term_string\"}}],\"inLanguage\":\"pt\"}]}<\/script>\n<!-- \/ Yoast SEO Premium plugin. -->","yoast_head_json":{"title":"Maria Jos\u00e9 Ramos - Loul\u00e9 Criativo","robots":{"index":"index","follow":"follow","max-snippet":"max-snippet:-1","max-image-preview":"max-image-preview:large","max-video-preview":"max-video-preview:-1"},"canonical":"https:\/\/loulecriativo.pt\/pt\/comunidade-criativa\/maria-jose-ramos\/","og_locale":"pt_PT","og_type":"article","og_title":"Maria Jos\u00e9 Ramos","og_description":"Natural das Sarnadas, Maria Jos\u00e9 Ramos teve o primeiro contacto com o esparto aos 14 anos. Esteve afastada do of\u00edcio durante quase meio s\u00e9culo, mas regressou cheia de entusiasmo para integrar a Casa do Esparto.","og_url":"https:\/\/loulecriativo.pt\/pt\/comunidade-criativa\/maria-jose-ramos\/","og_site_name":"Loul\u00e9 Criativo","article_modified_time":"2025-10-16T11:23:54+00:00","og_image":[{"width":1708,"height":2560,"url":"https:\/\/loulecriativo.pt\/wp-content\/uploads\/2025\/08\/550A8773-scaled.jpg","type":"image\/jpeg"}],"twitter_card":"summary_large_image","twitter_misc":{"Est. reading time":"2 minutes"},"schema":{"@context":"https:\/\/schema.org","@graph":[{"@type":"WebPage","@id":"https:\/\/loulecriativo.pt\/pt\/comunidade-criativa\/maria-jose-ramos\/","url":"https:\/\/loulecriativo.pt\/pt\/comunidade-criativa\/maria-jose-ramos\/","name":"Maria Jos\u00e9 Ramos - Loul\u00e9 Criativo","isPartOf":{"@id":"https:\/\/loulecriativo.pt\/pt\/#website"},"primaryImageOfPage":{"@id":"https:\/\/loulecriativo.pt\/pt\/comunidade-criativa\/maria-jose-ramos\/#primaryimage"},"image":{"@id":"https:\/\/loulecriativo.pt\/pt\/comunidade-criativa\/maria-jose-ramos\/#primaryimage"},"thumbnailUrl":"https:\/\/loulecriativo.pt\/wp-content\/uploads\/2025\/08\/550A8773-scaled.jpg","datePublished":"2025-08-18T11:45:36+00:00","dateModified":"2025-10-16T11:23:54+00:00","breadcrumb":{"@id":"https:\/\/loulecriativo.pt\/pt\/comunidade-criativa\/maria-jose-ramos\/#breadcrumb"},"inLanguage":"pt","potentialAction":[{"@type":"ReadAction","target":["https:\/\/loulecriativo.pt\/pt\/comunidade-criativa\/maria-jose-ramos\/"]}]},{"@type":"ImageObject","inLanguage":"pt","@id":"https:\/\/loulecriativo.pt\/pt\/comunidade-criativa\/maria-jose-ramos\/#primaryimage","url":"https:\/\/loulecriativo.pt\/wp-content\/uploads\/2025\/08\/550A8773-scaled.jpg","contentUrl":"https:\/\/loulecriativo.pt\/wp-content\/uploads\/2025\/08\/550A8773-scaled.jpg","width":1708,"height":2560},{"@type":"BreadcrumbList","@id":"https:\/\/loulecriativo.pt\/pt\/comunidade-criativa\/maria-jose-ramos\/#breadcrumb","itemListElement":[{"@type":"ListItem","position":1,"name":"Home","item":"https:\/\/loulecriativo.pt\/pt\/"},{"@type":"ListItem","position":2,"name":"Maria Jos\u00e9 Ramos"}]},{"@type":"WebSite","@id":"https:\/\/loulecriativo.pt\/pt\/#website","url":"https:\/\/loulecriativo.pt\/pt\/","name":"Loul\u00e9 Criativo","description":"","potentialAction":[{"@type":"SearchAction","target":{"@type":"EntryPoint","urlTemplate":"https:\/\/loulecriativo.pt\/pt\/?s={search_term_string}"},"query-input":{"@type":"PropertyValueSpecification","valueRequired":true,"valueName":"search_term_string"}}],"inLanguage":"pt"}]}},"_links":{"self":[{"href":"https:\/\/loulecriativo.pt\/pt\/wp-json\/wp\/v2\/lc_artist\/5037","targetHints":{"allow":["GET"]}}],"collection":[{"href":"https:\/\/loulecriativo.pt\/pt\/wp-json\/wp\/v2\/lc_artist"}],"about":[{"href":"https:\/\/loulecriativo.pt\/pt\/wp-json\/wp\/v2\/types\/lc_artist"}],"version-history":[{"count":14,"href":"https:\/\/loulecriativo.pt\/pt\/wp-json\/wp\/v2\/lc_artist\/5037\/revisions"}],"predecessor-version":[{"id":10621,"href":"https:\/\/loulecriativo.pt\/pt\/wp-json\/wp\/v2\/lc_artist\/5037\/revisions\/10621"}],"wp:featuredmedia":[{"embeddable":true,"href":"https:\/\/loulecriativo.pt\/pt\/wp-json\/wp\/v2\/media\/8629"}],"wp:attachment":[{"href":"https:\/\/loulecriativo.pt\/pt\/wp-json\/wp\/v2\/media?parent=5037"}],"wp:term":[{"taxonomy":"post_tag","embeddable":true,"href":"https:\/\/loulecriativo.pt\/pt\/wp-json\/wp\/v2\/tags?post=5037"},{"taxonomy":"materiais","embeddable":true,"href":"https:\/\/loulecriativo.pt\/pt\/wp-json\/wp\/v2\/materiais?post=5037"},{"taxonomy":"role","embeddable":true,"href":"https:\/\/loulecriativo.pt\/pt\/wp-json\/wp\/v2\/role?post=5037"}],"curies":[{"name":"wp","href":"https:\/\/api.w.org\/{rel}","templated":true}]}}