{"id":8661,"date":"2025-10-01T15:39:19","date_gmt":"2025-10-01T15:39:19","guid":{"rendered":"https:\/\/loulecriativo.pt\/comunidade-criativa-artista\/jane-preza\/"},"modified":"2025-10-14T17:37:59","modified_gmt":"2025-10-14T17:37:59","slug":"jane-preza","status":"publish","type":"lc_artist","link":"https:\/\/loulecriativo.pt\/pt\/comunidade-criativa\/jane-preza\/","title":{"rendered":"Jane Preza"},"content":{"rendered":"\t\t<div data-elementor-type=\"wp-post\" data-elementor-id=\"8661\" class=\"elementor elementor-8661\" data-elementor-post-type=\"lc_artist\">\n\t\t\t\t<div class=\"elementor-element elementor-element-32995ce e-flex e-con-boxed e-con e-parent\" data-id=\"32995ce\" data-element_type=\"container\" data-settings=\"{&quot;jet_parallax_layout_list&quot;:[]}\">\n\t\t\t\t\t<div class=\"e-con-inner\">\n\t\t<div class=\"elementor-element elementor-element-5e029f42 e-con-full e-flex e-con e-child\" data-id=\"5e029f42\" data-element_type=\"container\" data-settings=\"{&quot;jet_parallax_layout_list&quot;:[]}\">\n\t\t\t\t<div class=\"elementor-element elementor-element-33e616cc elementor-widget elementor-widget-text-editor\" data-id=\"33e616cc\" data-element_type=\"widget\" data-widget_type=\"text-editor.default\">\n\t\t\t\t<div class=\"elementor-widget-container\">\n\t\t\t\t\t\t\t\t\t<p>A jornada da Jane como artista t\u00eaxtil come\u00e7ou com um workshop de tecelagem que despertou o seu amor pelo processo lento e t\u00e1til da tecelagem. Desde ent\u00e3o, tem-se dedicado ao mundo dos fios e fibras, explorando t\u00e9cnicas diversas como a tecelagem, feltragem e fia\u00e7\u00e3o.<\/p>\n<p><\/p>\n<p>\u00a0<\/p>\n<p><\/p>\n<p>\u00a0<\/p>\t\t\t\t\t\t\t\t<\/div>\n\t\t\t\t<\/div>\n\t\t\t\t<\/div>\n\t\t\t\t<div class=\"elementor-element elementor-element-1306017c elementor-widget elementor-widget-image\" data-id=\"1306017c\" data-element_type=\"widget\" data-widget_type=\"image.default\">\n\t\t\t\t<div class=\"elementor-widget-container\">\n\t\t\t\t\t\t\t\t\t\t\t\t\t\t\t<img fetchpriority=\"high\" decoding=\"async\" width=\"768\" height=\"1024\" src=\"https:\/\/loulecriativo.pt\/wp-content\/uploads\/2025\/10\/WhatsApp-Image-2024-11-21-at-10.48.15-768x1024.jpeg\" class=\"attachment-large size-large wp-image-8828\" alt=\"\" srcset=\"https:\/\/loulecriativo.pt\/wp-content\/uploads\/2025\/10\/WhatsApp-Image-2024-11-21-at-10.48.15-768x1024.jpeg 768w, https:\/\/loulecriativo.pt\/wp-content\/uploads\/2025\/10\/WhatsApp-Image-2024-11-21-at-10.48.15-225x300.jpeg 225w, https:\/\/loulecriativo.pt\/wp-content\/uploads\/2025\/10\/WhatsApp-Image-2024-11-21-at-10.48.15-1152x1536.jpeg 1152w, https:\/\/loulecriativo.pt\/wp-content\/uploads\/2025\/10\/WhatsApp-Image-2024-11-21-at-10.48.15.jpeg 1536w\" sizes=\"(max-width: 768px) 100vw, 768px\" \/>\t\t\t\t\t\t\t\t\t\t\t\t\t\t\t<\/div>\n\t\t\t\t<\/div>\n\t\t\t\t<div class=\"elementor-element elementor-element-7157969f elementor-widget elementor-widget-text-editor\" data-id=\"7157969f\" data-element_type=\"widget\" data-widget_type=\"text-editor.default\">\n\t\t\t\t<div class=\"elementor-widget-container\">\n\t\t\t\t\t\t\t\t\t<p>&#8220;Inspiro-me nas cores mut\u00e1veis da natureza e adoro explorar formas de representar ideias ou vis\u00f5es abstratas \u2014 conceitos que parecem intang\u00edveis, como a ess\u00eancia da simplicidade num mundo complexo e em constante evolu\u00e7\u00e3o \u2014 atrav\u00e9s do simbolismo, da cor e da forma.&#8221;<\/p>\n<p>\u00a0<\/p>\n<p><\/p>\t\t\t\t\t\t\t\t<\/div>\n\t\t\t\t<\/div>\n\t\t\t\t<div class=\"elementor-element elementor-element-173e8bee elementor-widget elementor-widget-image\" data-id=\"173e8bee\" data-element_type=\"widget\" data-widget_type=\"image.default\">\n\t\t\t\t<div class=\"elementor-widget-container\">\n\t\t\t\t\t\t\t\t\t\t\t\t\t\t\t<img decoding=\"async\" width=\"768\" height=\"1024\" src=\"https:\/\/loulecriativo.pt\/wp-content\/uploads\/2025\/10\/WhatsApp-Image-2024-11-21-at-10.48.18-1-768x1024.jpeg\" class=\"attachment-large size-large wp-image-8834\" alt=\"\" srcset=\"https:\/\/loulecriativo.pt\/wp-content\/uploads\/2025\/10\/WhatsApp-Image-2024-11-21-at-10.48.18-1-768x1024.jpeg 768w, https:\/\/loulecriativo.pt\/wp-content\/uploads\/2025\/10\/WhatsApp-Image-2024-11-21-at-10.48.18-1-225x300.jpeg 225w, https:\/\/loulecriativo.pt\/wp-content\/uploads\/2025\/10\/WhatsApp-Image-2024-11-21-at-10.48.18-1-1152x1536.jpeg 1152w, https:\/\/loulecriativo.pt\/wp-content\/uploads\/2025\/10\/WhatsApp-Image-2024-11-21-at-10.48.18-1.jpeg 1536w\" sizes=\"(max-width: 768px) 100vw, 768px\" \/>\t\t\t\t\t\t\t\t\t\t\t\t\t\t\t<\/div>\n\t\t\t\t<\/div>\n\t\t\t\t<div class=\"elementor-element elementor-element-4fadc4ae elementor-widget elementor-widget-text-editor\" data-id=\"4fadc4ae\" data-element_type=\"widget\" data-widget_type=\"text-editor.default\">\n\t\t\t\t<div class=\"elementor-widget-container\">\n\t\t\t\t\t\t\t\t\t<p>Pode encontrar a Jane na Oficina dos T\u00eaxteis, \u00e0s quartas-feiras de manh\u00e3, entre as 10h e as 13h.<\/p>\n<p>\u00a0<\/p>\t\t\t\t\t\t\t\t<\/div>\n\t\t\t\t<\/div>\n\t\t<div class=\"elementor-element elementor-element-b74fc26 e-grid e-con-full e-con e-child\" data-id=\"b74fc26\" data-element_type=\"container\" data-settings=\"{&quot;jet_parallax_layout_list&quot;:[]}\">\n\t\t\t\t<div class=\"elementor-element elementor-element-3778c6a8 elementor-widget elementor-widget-image\" data-id=\"3778c6a8\" data-element_type=\"widget\" data-widget_type=\"image.default\">\n\t\t\t\t<div class=\"elementor-widget-container\">\n\t\t\t\t\t\t\t\t\t\t\t\t\t\t\t<img decoding=\"async\" width=\"540\" height=\"540\" src=\"https:\/\/loulecriativo.pt\/wp-content\/uploads\/2025\/10\/WhatsApp-Image-2024-11-21-at-10.48.22-540x540.jpeg\" class=\"attachment-square size-square wp-image-8836\" alt=\"\" srcset=\"https:\/\/loulecriativo.pt\/wp-content\/uploads\/2025\/10\/WhatsApp-Image-2024-11-21-at-10.48.22-540x540.jpeg 540w, https:\/\/loulecriativo.pt\/wp-content\/uploads\/2025\/10\/WhatsApp-Image-2024-11-21-at-10.48.22-150x150.jpeg 150w\" sizes=\"(max-width: 540px) 100vw, 540px\" \/>\t\t\t\t\t\t\t\t\t\t\t\t\t\t\t<\/div>\n\t\t\t\t<\/div>\n\t\t\t\t<div class=\"elementor-element elementor-element-141db5f8 elementor-widget elementor-widget-image\" data-id=\"141db5f8\" data-element_type=\"widget\" data-widget_type=\"image.default\">\n\t\t\t\t<div class=\"elementor-widget-container\">\n\t\t\t\t\t\t\t\t\t\t\t\t\t\t\t<img loading=\"lazy\" decoding=\"async\" width=\"540\" height=\"540\" src=\"https:\/\/loulecriativo.pt\/wp-content\/uploads\/2025\/10\/WhatsApp-Image-2024-11-21-at-10.48.17-540x540.jpeg\" class=\"attachment-square size-square wp-image-8823\" alt=\"\" srcset=\"https:\/\/loulecriativo.pt\/wp-content\/uploads\/2025\/10\/WhatsApp-Image-2024-11-21-at-10.48.17-540x540.jpeg 540w, https:\/\/loulecriativo.pt\/wp-content\/uploads\/2025\/10\/WhatsApp-Image-2024-11-21-at-10.48.17-150x150.jpeg 150w\" sizes=\"(max-width: 540px) 100vw, 540px\" \/>\t\t\t\t\t\t\t\t\t\t\t\t\t\t\t<\/div>\n\t\t\t\t<\/div>\n\t\t\t\t<\/div>\n\t\t\t\t<div class=\"elementor-element elementor-element-4dc2e6d8 elementor-widget elementor-widget-image\" data-id=\"4dc2e6d8\" data-element_type=\"widget\" data-widget_type=\"image.default\">\n\t\t\t\t<div class=\"elementor-widget-container\">\n\t\t\t\t\t\t\t\t\t\t\t\t\t\t\t<img loading=\"lazy\" decoding=\"async\" width=\"694\" height=\"1024\" src=\"https:\/\/loulecriativo.pt\/wp-content\/uploads\/2025\/10\/WhatsApp-Image-2024-11-21-at-10.48.15-1-694x1024.jpeg\" class=\"attachment-large size-large wp-image-8832\" alt=\"\" srcset=\"https:\/\/loulecriativo.pt\/wp-content\/uploads\/2025\/10\/WhatsApp-Image-2024-11-21-at-10.48.15-1-694x1024.jpeg 694w, https:\/\/loulecriativo.pt\/wp-content\/uploads\/2025\/10\/WhatsApp-Image-2024-11-21-at-10.48.15-1-203x300.jpeg 203w, https:\/\/loulecriativo.pt\/wp-content\/uploads\/2025\/10\/WhatsApp-Image-2024-11-21-at-10.48.15-1-768x1133.jpeg 768w, https:\/\/loulecriativo.pt\/wp-content\/uploads\/2025\/10\/WhatsApp-Image-2024-11-21-at-10.48.15-1-1041x1536.jpeg 1041w, https:\/\/loulecriativo.pt\/wp-content\/uploads\/2025\/10\/WhatsApp-Image-2024-11-21-at-10.48.15-1.jpeg 1333w\" sizes=\"(max-width: 694px) 100vw, 694px\" \/>\t\t\t\t\t\t\t\t\t\t\t\t\t\t\t<\/div>\n\t\t\t\t<\/div>\n\t\t\t\t\t<\/div>\n\t\t\t\t<\/div>\n\t\t\t\t<\/div>\n\t\t","protected":false},"excerpt":{"rendered":"<p>A jornada da Jane como artista t\u00eaxtil come\u00e7ou com um workshop de tecelagem que despertou o seu amor pelo processo lento e t\u00e1til da tecelagem. Desde ent\u00e3o tem-se dedicado ao mundo dos fios e fibras, explorando t\u00e9cnicas diversas como a tecelagem, feltragem e fia\u00e7\u00e3o.<\/p>\n","protected":false},"featured_media":8821,"template":"","meta":{"_acf_changed":false},"tags":[12,45],"materiais":[137,161],"role":[74],"class_list":["post-8661","lc_artist","type-lc_artist","status-publish","has-post-thumbnail","hentry","tag-artesanato","tag-tecelagem","materiais-algodao","materiais-la","role-artesao"],"acf":[],"yoast_head":"<!-- This site is optimized with the Yoast SEO Premium plugin v25.9 (Yoast SEO v26.5) - https:\/\/yoast.com\/wordpress\/plugins\/seo\/ -->\n<title>Jane Preza - Loul\u00e9 Criativo<\/title>\n<meta name=\"robots\" content=\"index, follow, max-snippet:-1, max-image-preview:large, max-video-preview:-1\" \/>\n<link rel=\"canonical\" href=\"https:\/\/loulecriativo.pt\/pt\/comunidade-criativa\/jane-preza\/\" \/>\n<meta property=\"og:locale\" content=\"pt_PT\" \/>\n<meta property=\"og:type\" content=\"article\" \/>\n<meta property=\"og:title\" content=\"Jane Preza\" \/>\n<meta property=\"og:description\" content=\"A jornada da Jane como artista t\u00eaxtil come\u00e7ou com um workshop de tecelagem que despertou o seu amor pelo processo lento e t\u00e1til da tecelagem. Desde ent\u00e3o tem-se dedicado ao mundo dos fios e fibras, explorando t\u00e9cnicas diversas como a tecelagem, feltragem e fia\u00e7\u00e3o.\" \/>\n<meta property=\"og:url\" content=\"https:\/\/loulecriativo.pt\/pt\/comunidade-criativa\/jane-preza\/\" \/>\n<meta property=\"og:site_name\" content=\"Loul\u00e9 Criativo\" \/>\n<meta property=\"article:modified_time\" content=\"2025-10-14T17:37:59+00:00\" \/>\n<meta property=\"og:image\" content=\"https:\/\/loulecriativo.pt\/wp-content\/uploads\/2025\/10\/550A5804-scaled.jpg\" \/>\n\t<meta property=\"og:image:width\" content=\"1708\" \/>\n\t<meta property=\"og:image:height\" content=\"2560\" \/>\n\t<meta property=\"og:image:type\" content=\"image\/jpeg\" \/>\n<meta name=\"twitter:card\" content=\"summary_large_image\" \/>\n<meta name=\"twitter:label1\" content=\"Est. reading time\" \/>\n\t<meta name=\"twitter:data1\" content=\"2 minutes\" \/>\n<script type=\"application\/ld+json\" class=\"yoast-schema-graph\">{\"@context\":\"https:\/\/schema.org\",\"@graph\":[{\"@type\":\"WebPage\",\"@id\":\"https:\/\/loulecriativo.pt\/pt\/comunidade-criativa\/jane-preza\/\",\"url\":\"https:\/\/loulecriativo.pt\/pt\/comunidade-criativa\/jane-preza\/\",\"name\":\"Jane Preza - Loul\u00e9 Criativo\",\"isPartOf\":{\"@id\":\"https:\/\/loulecriativo.pt\/pt\/#website\"},\"primaryImageOfPage\":{\"@id\":\"https:\/\/loulecriativo.pt\/pt\/comunidade-criativa\/jane-preza\/#primaryimage\"},\"image\":{\"@id\":\"https:\/\/loulecriativo.pt\/pt\/comunidade-criativa\/jane-preza\/#primaryimage\"},\"thumbnailUrl\":\"https:\/\/loulecriativo.pt\/wp-content\/uploads\/2025\/10\/550A5804-scaled.jpg\",\"datePublished\":\"2025-10-01T15:39:19+00:00\",\"dateModified\":\"2025-10-14T17:37:59+00:00\",\"breadcrumb\":{\"@id\":\"https:\/\/loulecriativo.pt\/pt\/comunidade-criativa\/jane-preza\/#breadcrumb\"},\"inLanguage\":\"pt\",\"potentialAction\":[{\"@type\":\"ReadAction\",\"target\":[\"https:\/\/loulecriativo.pt\/pt\/comunidade-criativa\/jane-preza\/\"]}]},{\"@type\":\"ImageObject\",\"inLanguage\":\"pt\",\"@id\":\"https:\/\/loulecriativo.pt\/pt\/comunidade-criativa\/jane-preza\/#primaryimage\",\"url\":\"https:\/\/loulecriativo.pt\/wp-content\/uploads\/2025\/10\/550A5804-scaled.jpg\",\"contentUrl\":\"https:\/\/loulecriativo.pt\/wp-content\/uploads\/2025\/10\/550A5804-scaled.jpg\",\"width\":1708,\"height\":2560},{\"@type\":\"BreadcrumbList\",\"@id\":\"https:\/\/loulecriativo.pt\/pt\/comunidade-criativa\/jane-preza\/#breadcrumb\",\"itemListElement\":[{\"@type\":\"ListItem\",\"position\":1,\"name\":\"Home\",\"item\":\"https:\/\/loulecriativo.pt\/pt\/\"},{\"@type\":\"ListItem\",\"position\":2,\"name\":\"Jane Preza\"}]},{\"@type\":\"WebSite\",\"@id\":\"https:\/\/loulecriativo.pt\/pt\/#website\",\"url\":\"https:\/\/loulecriativo.pt\/pt\/\",\"name\":\"Loul\u00e9 Criativo\",\"description\":\"\",\"potentialAction\":[{\"@type\":\"SearchAction\",\"target\":{\"@type\":\"EntryPoint\",\"urlTemplate\":\"https:\/\/loulecriativo.pt\/pt\/?s={search_term_string}\"},\"query-input\":{\"@type\":\"PropertyValueSpecification\",\"valueRequired\":true,\"valueName\":\"search_term_string\"}}],\"inLanguage\":\"pt\"}]}<\/script>\n<!-- \/ Yoast SEO Premium plugin. -->","yoast_head_json":{"title":"Jane Preza - Loul\u00e9 Criativo","robots":{"index":"index","follow":"follow","max-snippet":"max-snippet:-1","max-image-preview":"max-image-preview:large","max-video-preview":"max-video-preview:-1"},"canonical":"https:\/\/loulecriativo.pt\/pt\/comunidade-criativa\/jane-preza\/","og_locale":"pt_PT","og_type":"article","og_title":"Jane Preza","og_description":"A jornada da Jane como artista t\u00eaxtil come\u00e7ou com um workshop de tecelagem que despertou o seu amor pelo processo lento e t\u00e1til da tecelagem. Desde ent\u00e3o tem-se dedicado ao mundo dos fios e fibras, explorando t\u00e9cnicas diversas como a tecelagem, feltragem e fia\u00e7\u00e3o.","og_url":"https:\/\/loulecriativo.pt\/pt\/comunidade-criativa\/jane-preza\/","og_site_name":"Loul\u00e9 Criativo","article_modified_time":"2025-10-14T17:37:59+00:00","og_image":[{"width":1708,"height":2560,"url":"https:\/\/loulecriativo.pt\/wp-content\/uploads\/2025\/10\/550A5804-scaled.jpg","type":"image\/jpeg"}],"twitter_card":"summary_large_image","twitter_misc":{"Est. reading time":"2 minutes"},"schema":{"@context":"https:\/\/schema.org","@graph":[{"@type":"WebPage","@id":"https:\/\/loulecriativo.pt\/pt\/comunidade-criativa\/jane-preza\/","url":"https:\/\/loulecriativo.pt\/pt\/comunidade-criativa\/jane-preza\/","name":"Jane Preza - Loul\u00e9 Criativo","isPartOf":{"@id":"https:\/\/loulecriativo.pt\/pt\/#website"},"primaryImageOfPage":{"@id":"https:\/\/loulecriativo.pt\/pt\/comunidade-criativa\/jane-preza\/#primaryimage"},"image":{"@id":"https:\/\/loulecriativo.pt\/pt\/comunidade-criativa\/jane-preza\/#primaryimage"},"thumbnailUrl":"https:\/\/loulecriativo.pt\/wp-content\/uploads\/2025\/10\/550A5804-scaled.jpg","datePublished":"2025-10-01T15:39:19+00:00","dateModified":"2025-10-14T17:37:59+00:00","breadcrumb":{"@id":"https:\/\/loulecriativo.pt\/pt\/comunidade-criativa\/jane-preza\/#breadcrumb"},"inLanguage":"pt","potentialAction":[{"@type":"ReadAction","target":["https:\/\/loulecriativo.pt\/pt\/comunidade-criativa\/jane-preza\/"]}]},{"@type":"ImageObject","inLanguage":"pt","@id":"https:\/\/loulecriativo.pt\/pt\/comunidade-criativa\/jane-preza\/#primaryimage","url":"https:\/\/loulecriativo.pt\/wp-content\/uploads\/2025\/10\/550A5804-scaled.jpg","contentUrl":"https:\/\/loulecriativo.pt\/wp-content\/uploads\/2025\/10\/550A5804-scaled.jpg","width":1708,"height":2560},{"@type":"BreadcrumbList","@id":"https:\/\/loulecriativo.pt\/pt\/comunidade-criativa\/jane-preza\/#breadcrumb","itemListElement":[{"@type":"ListItem","position":1,"name":"Home","item":"https:\/\/loulecriativo.pt\/pt\/"},{"@type":"ListItem","position":2,"name":"Jane Preza"}]},{"@type":"WebSite","@id":"https:\/\/loulecriativo.pt\/pt\/#website","url":"https:\/\/loulecriativo.pt\/pt\/","name":"Loul\u00e9 Criativo","description":"","potentialAction":[{"@type":"SearchAction","target":{"@type":"EntryPoint","urlTemplate":"https:\/\/loulecriativo.pt\/pt\/?s={search_term_string}"},"query-input":{"@type":"PropertyValueSpecification","valueRequired":true,"valueName":"search_term_string"}}],"inLanguage":"pt"}]}},"_links":{"self":[{"href":"https:\/\/loulecriativo.pt\/pt\/wp-json\/wp\/v2\/lc_artist\/8661","targetHints":{"allow":["GET"]}}],"collection":[{"href":"https:\/\/loulecriativo.pt\/pt\/wp-json\/wp\/v2\/lc_artist"}],"about":[{"href":"https:\/\/loulecriativo.pt\/pt\/wp-json\/wp\/v2\/types\/lc_artist"}],"version-history":[{"count":8,"href":"https:\/\/loulecriativo.pt\/pt\/wp-json\/wp\/v2\/lc_artist\/8661\/revisions"}],"predecessor-version":[{"id":9175,"href":"https:\/\/loulecriativo.pt\/pt\/wp-json\/wp\/v2\/lc_artist\/8661\/revisions\/9175"}],"wp:featuredmedia":[{"embeddable":true,"href":"https:\/\/loulecriativo.pt\/pt\/wp-json\/wp\/v2\/media\/8821"}],"wp:attachment":[{"href":"https:\/\/loulecriativo.pt\/pt\/wp-json\/wp\/v2\/media?parent=8661"}],"wp:term":[{"taxonomy":"post_tag","embeddable":true,"href":"https:\/\/loulecriativo.pt\/pt\/wp-json\/wp\/v2\/tags?post=8661"},{"taxonomy":"materiais","embeddable":true,"href":"https:\/\/loulecriativo.pt\/pt\/wp-json\/wp\/v2\/materiais?post=8661"},{"taxonomy":"role","embeddable":true,"href":"https:\/\/loulecriativo.pt\/pt\/wp-json\/wp\/v2\/role?post=8661"}],"curies":[{"name":"wp","href":"https:\/\/api.w.org\/{rel}","templated":true}]}}