{"id":11322,"date":"2025-10-27T17:42:22","date_gmt":"2025-10-27T17:42:22","guid":{"rendered":"https:\/\/loulecriativo.pt\/?post_type=lc_event&#038;p=11322"},"modified":"2025-11-26T12:30:04","modified_gmt":"2025-11-26T12:30:04","slug":"palma-esparto-e-cana01","status":"publish","type":"lc_event","link":"https:\/\/loulecriativo.pt\/pt\/residencias-criativas\/palma-esparto-e-cana01\/","title":{"rendered":"Palma, Esparto e Cana"},"content":{"rendered":"\t\t<div data-elementor-type=\"wp-post\" data-elementor-id=\"11322\" class=\"elementor elementor-11322\" data-elementor-post-type=\"lc_event\">\n\t\t\t\t<div class=\"elementor-element elementor-element-2024bec e-con-full e-flex e-con e-parent\" data-id=\"2024bec\" data-element_type=\"container\" data-settings=\"{&quot;jet_parallax_layout_list&quot;:[]}\">\n\t\t<div class=\"elementor-element elementor-element-096b3d3 e-flex e-con-boxed e-con e-child\" data-id=\"096b3d3\" data-element_type=\"container\" data-settings=\"{&quot;jet_parallax_layout_list&quot;:[]}\">\n\t\t\t\t\t<div class=\"e-con-inner\">\n\t\t\t\t<div class=\"elementor-element elementor-element-f99e82b elementor-widget elementor-widget-dng_breadcrumbs\" data-id=\"f99e82b\" data-element_type=\"widget\" data-widget_type=\"dng_breadcrumbs.default\">\n\t\t\t\t<div class=\"elementor-widget-container\">\n\t\t\t\t\t    <div data-dng-c-breadcrumbs class=\"dng-c-breadcrumbs flex items-center justify-start gap-xxs\">\n      \n        <a\n     class=\"whitespace-nowrap overflow-ellipsis overflow-hidden text-body-2 item !text-inherit text-[var(--dng-text-color), var(--wp--preset--color--brown))]\" \n      href=\"https:\/\/loulecriativo.pt\/pt\/\" \n        >\n    Home\n<\/a>\n        <svg class=\"separator\" width=\"6\" height=\"10\" viewBox=\"0 0 6 10\" fill=\"none\" xmlns=\"http:\/\/www.w3.org\/2000\/svg\">\n          <path d=\"M6.00005 5L1.00005 10L0.300049 9.3L4.60005 5L0.300049 0.7L1.00005 0L6.00005 5Z\" fill=\"var(--dng-text-color, var(--wp--preset--color--brown))\"\/>\n        <\/svg>\n        <a\n     class=\"whitespace-nowrap overflow-ellipsis overflow-hidden text-body-2 item !text-inherit text-[var(--dng-text-color), var(--wp--preset--color--brown))]\" \n      href=\"https:\/\/loulecriativo.pt\/pt\/residencias-criativas\/\" \n        >\n    Resid\u00eancias Criativas\n<\/a>\n        <svg class=\"separator\" width=\"6\" height=\"10\" viewBox=\"0 0 6 10\" fill=\"none\" xmlns=\"http:\/\/www.w3.org\/2000\/svg\">\n          <path d=\"M6.00005 5L1.00005 10L0.300049 9.3L4.60005 5L0.300049 0.7L1.00005 0L6.00005 5Z\" fill=\"var(--dng-text-color, var(--wp--preset--color--brown))\"\/>\n        <\/svg>\n          <div class=\"current-page text-body-2 whitespace-nowrap overflow-ellipsis overflow-hidden\">\n      Palma, Esparto e Cana    <\/div>\n          <\/div>\n    \t\t\t\t<\/div>\n\t\t\t\t<\/div>\n\t\t\t\t\t<\/div>\n\t\t\t\t<\/div>\n\t\t\t\t<div class=\"elementor-element elementor-element-c213c62 elementor-widget elementor-widget-dng_activity_banner\" data-id=\"c213c62\" data-element_type=\"widget\" data-widget_type=\"dng_activity_banner.default\">\n\t\t\t\t<div class=\"elementor-widget-container\">\n\t\t\t\t\t    <div data-dng-c-activity-banner class=\"dng-c-activity-banner\">\n      <div class=\"container\">\n        <div class=\"pre-title\" data-pretitle>\n    RESID\u00caNCIA CRIATIVA        <\/div>\n        <h1 class=\"title\" data-title>\n    Palma, Esparto e Cana        <\/h1>\n        \n            <div class=\"post-title text-body-1\">\n      Julho - Agosto 2025        <\/div>\n                \n        <div class=\"thumbnail\" data-thumbnail>\n    <img decoding=\"async\"  class=\"\" src=\"https:\/\/loulecriativo.pt\/wp-content\/uploads\/2025\/08\/LLC-Residencia-A-02-1920x1080.jpg\" alt=\"\">        <\/div>\n      <\/div>\n    <\/div>\n    \t\t\t\t<\/div>\n\t\t\t\t<\/div>\n\t\t\t\t<\/div>\n\t\t<div class=\"elementor-element elementor-element-2bbfccf e-flex e-con-boxed e-con e-parent\" data-id=\"2bbfccf\" data-element_type=\"container\" data-settings=\"{&quot;jet_parallax_layout_list&quot;:[],&quot;background_background&quot;:&quot;classic&quot;}\">\n\t\t\t\t\t<div class=\"e-con-inner\">\n\t\t\t\t<div class=\"elementor-element elementor-element-6ed451a elementor-widget elementor-widget-text-editor\" data-id=\"6ed451a\" data-element_type=\"widget\" data-widget_type=\"text-editor.default\">\n\t\t\t\t<div class=\"elementor-widget-container\">\n\t\t\t\t\t\t\t\t\t<h2>Sobre a Resid\u00eancia Palma, Esparto e Cana<\/h2>\t\t\t\t\t\t\t\t<\/div>\n\t\t\t\t<\/div>\n\t\t\t\t<div class=\"elementor-element elementor-element-90e4e7a elementor-widget elementor-widget-text-editor\" data-id=\"90e4e7a\" data-element_type=\"widget\" data-widget_type=\"text-editor.default\">\n\t\t\t\t<div class=\"elementor-widget-container\">\n\t\t\t\t\t\t\t\t\t<p>A Resid\u00eancia \u201cPalma, Esparto e Cana\u201d, organizada e promovida pela C\u00e2mara Municipal de Loul\u00e9, atrav\u00e9s\u00a0do Loul\u00e9 Criativo, reuniu artes\u00e3os e criadores contempor\u00e2neos em torno de tr\u00eas mat\u00e9rias-primas que fazem parte da mem\u00f3ria e identidade do Algarve: a palma, o esparto e a cana.<\/p><p>Durante 11 dias, os participantes mergulharam no universo das fibras vegetais do Algarve, orientados tecnicamente por cinco mestres artes\u00e3os locais. A programa\u00e7\u00e3o foi intensa e diversificada, incluindo sa\u00eddas de campo para recolha de materiais, workshops de prepara\u00e7\u00e3o e transforma\u00e7\u00e3o das fibras e forma\u00e7\u00e3o especializada em t\u00e9cnicas ancestrais. O foco esteve sempre na pr\u00e1tica, na partilha de saberes e na cria\u00e7\u00e3o de pe\u00e7as originais.<\/p><p>Ao longo da resid\u00eancia, exploraram-se as potencialidades destas fibras naturais, cruzando saberes tradicionais e abordagens inovadoras. O encontro resultou num espa\u00e7o de experimenta\u00e7\u00e3o, di\u00e1logo e transmiss\u00e3o de conhecimento, valorizando o patrim\u00f3nio imaterial e abrindo caminhos para novas aplica\u00e7\u00f5es e linguagens criativas.<\/p><p>Mais do que uma experi\u00eancia formativa, \u201cPalma, Esparto e Cana\u201d foi uma celebra\u00e7\u00e3o da cultura local e da sua capacidade de se reinventar, constituindo um espa\u00e7o de encontro entre gera\u00e7\u00f5es, culturas e modos de fazer. Ao longo destes dias de cria\u00e7\u00e3o e partilha, Loul\u00e9 afirmou-se como um centro vivo de inova\u00e7\u00e3o artesanal e como um territ\u00f3rio onde as tradi\u00e7\u00f5es se reinventam e ganham novas vidas.<\/p>\t\t\t\t\t\t\t\t<\/div>\n\t\t\t\t<\/div>\n\t\t\t\t\t<\/div>\n\t\t\t\t<\/div>\n\t\t<div class=\"elementor-element elementor-element-6cc715a e-flex e-con-boxed e-con e-parent\" data-id=\"6cc715a\" data-element_type=\"container\" data-settings=\"{&quot;jet_parallax_layout_list&quot;:[]}\">\n\t\t\t\t\t<div class=\"e-con-inner\">\n\t\t\t\t<div class=\"elementor-element elementor-element-fecc011 elementor-widget elementor-widget-dng_slideshow\" data-id=\"fecc011\" data-element_type=\"widget\" data-widget_type=\"dng_slideshow.default\">\n\t\t\t\t<div class=\"elementor-widget-container\">\n\t\t\t\t\t<div data-dng-c-slideshow class=\"dng-c-slideshow h-full\">\n      <div class=\"swiper h-full\">\n        <div class=\"swiper-wrapper h-full\">\n            <div class=\"swiper-slide h-full overflow-hidden w-auto aspect-[16\/8]\">\n      <img decoding=\"async\"  class=\"w-full !h-full object-cover object-center\" src=\"https:\/\/loulecriativo.pt\/wp-content\/uploads\/2025\/10\/550A4013-scaled.jpg\" alt=\"\">          <\/div>\n                  <div class=\"swiper-slide h-full overflow-hidden w-auto aspect-[16\/8]\">\n      <img decoding=\"async\"  class=\"w-full !h-full object-cover object-center\" src=\"https:\/\/loulecriativo.pt\/wp-content\/uploads\/2025\/10\/550A3986-scaled.jpg\" alt=\"\">          <\/div>\n                  <div class=\"swiper-slide h-full overflow-hidden w-auto aspect-[16\/8]\">\n      <img decoding=\"async\"  class=\"w-full !h-full object-cover object-center\" src=\"https:\/\/loulecriativo.pt\/wp-content\/uploads\/2025\/10\/550A3303-scaled.jpg\" alt=\"\">          <\/div>\n                  <div class=\"swiper-slide h-full overflow-hidden w-auto aspect-[16\/8]\">\n      <img decoding=\"async\"  class=\"w-full !h-full object-cover object-center\" src=\"https:\/\/loulecriativo.pt\/wp-content\/uploads\/2025\/10\/550A3079-scaled.jpg\" alt=\"\">          <\/div>\n                  <div class=\"swiper-slide h-full overflow-hidden w-auto aspect-[16\/8]\">\n      <img decoding=\"async\"  class=\"w-full !h-full object-cover object-center\" src=\"https:\/\/loulecriativo.pt\/wp-content\/uploads\/2025\/10\/550A2713-scaled.jpg\" alt=\"\">          <\/div>\n                  <div class=\"swiper-slide h-full overflow-hidden w-auto aspect-[16\/8]\">\n      <img decoding=\"async\"  class=\"w-full !h-full object-cover object-center\" src=\"https:\/\/loulecriativo.pt\/wp-content\/uploads\/2025\/10\/550A2635-scaled.jpg\" alt=\"\">          <\/div>\n                  <div class=\"swiper-slide h-full overflow-hidden w-auto aspect-[16\/8]\">\n      <img decoding=\"async\"  class=\"w-full !h-full object-cover object-center\" src=\"https:\/\/loulecriativo.pt\/wp-content\/uploads\/2025\/10\/550A2852-scaled.jpg\" alt=\"\">          <\/div>\n                  <div class=\"swiper-slide h-full overflow-hidden w-auto aspect-[16\/8]\">\n      <img decoding=\"async\"  class=\"w-full !h-full object-cover object-center\" src=\"https:\/\/loulecriativo.pt\/wp-content\/uploads\/2025\/10\/550A3198-scaled.jpg\" alt=\"\">          <\/div>\n                  <div class=\"swiper-slide h-full overflow-hidden w-auto aspect-[16\/8]\">\n      <img decoding=\"async\"  class=\"w-full !h-full object-cover object-center\" src=\"https:\/\/loulecriativo.pt\/wp-content\/uploads\/2025\/10\/550A3489-1-scaled.jpg\" alt=\"\">          <\/div>\n                  <\/div>\n                  <div class=\"swiper-pagination\"><\/div>\n                      <\/div>\n    <\/div>\n    \t\t\t\t<\/div>\n\t\t\t\t<\/div>\n\t\t\t\t\t<\/div>\n\t\t\t\t<\/div>\n\t\t<div class=\"elementor-element elementor-element-1527ed3 e-con-full e-flex e-con e-parent\" data-id=\"1527ed3\" data-element_type=\"container\" data-settings=\"{&quot;jet_parallax_layout_list&quot;:[]}\">\n\t\t\t\t<div class=\"elementor-element elementor-element-71f4834 elementor-widget elementor-widget-dng_square_showcase\" data-id=\"71f4834\" data-element_type=\"widget\" data-widget_type=\"dng_square_showcase.default\">\n\t\t\t\t<div class=\"elementor-widget-container\">\n\t\t\t\t\t<div data-dng-c-square-showcase \n        class=\"dng-c-square-showcase flex flex-col md:flex-row w-screen \">\n      <div class=\"w-full md:w-1\/2 order-2 md:order-2\"><div class=\"dng-wrapper\">\n        <div class=\"dng-content\">\n      <h2 class=\"dng-title mb-xs\">Estudo de Empreita de Palma (levar uma tran\u00e7a a passear), 2025<\/h2>\n      \n            <p class=\"dng-subtitle mb-md uppercase\">isa rodrigues<\/p>\n      \n            <div class=\"dng-description text-body-1 mb-sm gap-xs\">\n      <p>A pe\u00e7a funciona como um livro de amostras, resultado do estudo e experimenta\u00e7\u00e3o das t\u00e9cnicas de empreita de palma. O processo manual e repetitivo permitiu explorar a fluidez dos gestos e a rela\u00e7\u00e3o entre forma, ritmo e material.<\/p><p>\u00a0<\/p><p>A estrutura nasce de uma tran\u00e7a cont\u00ednua de palma que varia em escala e densidade, criando um volume org\u00e2nico que evoca cestos e capachos tradicionais. A obra mant\u00e9m-se em aberto, simbolizando a continuidade do processo e a aprendizagem permanente.<\/p><p>\u00a0<\/p><p>Materiais:<strong> Palma<\/strong><\/p><p>Mentoria: <strong>Flor Guerreiro (Mestra artes\u00e3)<\/strong><\/p>        <\/div>\n          \n            <div class=\"dng-footnote\">\n      \u00a9JorgeGra\u00e7a \u00a9Loul\u00e9Criativo        <\/div>\n          <\/div>\n    <\/div>\n      <\/div>\n      <div class=\"dng-media w-full md:w-1\/2 order-1 md:order-1\"><div class=\"dng-wrapper\" data-dng-c-slideshow>\n        <div class=\"swiper w-full\">\n      <div class=\"swiper-wrapper\">\n              <div class=\"swiper-slide aspect-square object-cover w-full h-full\">\n      <img decoding=\"async\"  class=\"w-full h-full object-cover\" src=\"https:\/\/loulecriativo.pt\/wp-content\/uploads\/2025\/10\/550A4100-scaled-e1761653769113.jpg\" alt=\"\" playsinline=\"\"  muted=\"\"  loop=\"\"  data-play-on-slide=\"\" >          <\/div>\n                  <div class=\"swiper-slide aspect-square object-cover w-full h-full\">\n      <img decoding=\"async\"  class=\"w-full h-full object-cover\" src=\"https:\/\/loulecriativo.pt\/wp-content\/uploads\/2025\/10\/550A4100-scaled.jpg\" alt=\"\" playsinline=\"\"  muted=\"\"  loop=\"\"  data-play-on-slide=\"\" >          <\/div>\n              <\/div>\n      <div class=\"swiper-pagination\"><\/div>\n    <\/div>\n    <\/div>\n      <\/div>\n    <\/div>\n    \t\t\t\t<\/div>\n\t\t\t\t<\/div>\n\t\t\t\t<div class=\"elementor-element elementor-element-94998ae elementor-widget elementor-widget-dng_square_showcase\" data-id=\"94998ae\" data-element_type=\"widget\" data-widget_type=\"dng_square_showcase.default\">\n\t\t\t\t<div class=\"elementor-widget-container\">\n\t\t\t\t\t<div data-dng-c-square-showcase \n        class=\"dng-c-square-showcase dng-c-square-showcase--clear flex flex-col md:flex-row w-screen \">\n      <div class=\"w-full md:w-1\/2 order-2 md:order-1\"><div class=\"dng-wrapper\">\n        <div class=\"dng-content\">\n      <h2 class=\"dng-title mb-xs\">Abrigo, 2025<\/h2>\n      \n            <p class=\"dng-subtitle mb-md uppercase\">Margarida Valente<\/p>\n      \n            <div class=\"dng-description text-body-1 mb-sm gap-xs\">\n      <p>Inspirada numa constru\u00e7\u00e3o agr\u00edcola tradicional representada no livro <em>Constru\u00e7\u00f5es Primitivas em Portugal<\/em>, <em>Abrigo<\/em> reflete sobre a necessidade humana de prote\u00e7\u00e3o e sobre a fragilidade das nossas defesas.<\/p><p>\u00a0<\/p><p>Realizada em fibra de esparto, a pe\u00e7a assume a forma de uma c\u00e1psula que abriga sem ocultar. A transpar\u00eancia e a permeabilidade do material refor\u00e7am a ambiguidade entre prote\u00e7\u00e3o e exposi\u00e7\u00e3o, evocando a vulnerabilidade inerente \u00e0 condi\u00e7\u00e3o humana.<\/p><p>\u00a0<\/p><p>Materiais: <strong>Esparto<\/strong><\/p><p>Mentoria: <strong>Isidoro Ramos (mestre artes\u00e3o)<\/strong><\/p>        <\/div>\n          \n            <div class=\"dng-footnote\">\n      \u00a9JorgeGra\u00e7a \u00a9Loul\u00e9Criativo        <\/div>\n          <\/div>\n    <\/div>\n      <\/div>\n      <div class=\"dng-media w-full md:w-1\/2 order-1 md:order-2\"><div class=\"dng-wrapper\" data-dng-c-slideshow>\n        <div class=\"swiper w-full\">\n      <div class=\"swiper-wrapper\">\n              <div class=\"swiper-slide aspect-square object-cover w-full h-full\">\n      <img decoding=\"async\"  class=\"w-full h-full object-cover\" src=\"https:\/\/loulecriativo.pt\/wp-content\/uploads\/2025\/10\/550A4138-scaled-e1761653963428.jpg\" alt=\"\" playsinline=\"\"  muted=\"\"  loop=\"\"  data-play-on-slide=\"\" >          <\/div>\n                  <div class=\"swiper-slide aspect-square object-cover w-full h-full\">\n      <img decoding=\"async\"  class=\"w-full h-full object-cover\" src=\"https:\/\/loulecriativo.pt\/wp-content\/uploads\/2025\/05\/Summer-School-2021-Metal-in-Portugal_Jorge-Graca\u00a9Michelangelo-Foundation_2224353-scaled.jpg\" alt=\"\" playsinline=\"\"  muted=\"\"  loop=\"\"  data-play-on-slide=\"\" >          <\/div>\n              <\/div>\n      <div class=\"swiper-pagination\"><\/div>\n    <\/div>\n    <\/div>\n      <\/div>\n    <\/div>\n    \t\t\t\t<\/div>\n\t\t\t\t<\/div>\n\t\t\t\t<div class=\"elementor-element elementor-element-36640a3 elementor-widget elementor-widget-dng_square_showcase\" data-id=\"36640a3\" data-element_type=\"widget\" data-widget_type=\"dng_square_showcase.default\">\n\t\t\t\t<div class=\"elementor-widget-container\">\n\t\t\t\t\t<div data-dng-c-square-showcase \n        class=\"dng-c-square-showcase flex flex-col md:flex-row w-screen \">\n      <div class=\"w-full md:w-1\/2 order-2 md:order-2\"><div class=\"dng-wrapper\">\n        <div class=\"dng-content\">\n      <h2 class=\"dng-title mb-xs\">Sem t\u00edtulo, 2025<\/h2>\n      \n            <p class=\"dng-subtitle mb-md uppercase\">Susana Mendez<\/p>\n      \n            <div class=\"dng-description text-body-1 mb-sm gap-xs\">\n      <p>A pe\u00e7a inspira-se nas chamin\u00e9s algarvias, reconhecidas pela leveza, pelos padr\u00f5es rendilhados e pela verticalidade. Constru\u00edda em cana, incorpora detalhes em palma trabalhada como elemento decorativo, evocando a linguagem arquitet\u00f3nica da regi\u00e3o.<\/p><p>\u00a0<\/p><p>Atrav\u00e9s da t\u00e9cnica da cestaria, a artista transforma a refer\u00eancia tradicional num objeto escult\u00f3rico que combina estrutura, luz e transpar\u00eancia, equilibrando tradi\u00e7\u00e3o e contemporaneidade.<\/p><p>\u00a0<\/p><p>Materiais:<strong> Cana e palma<\/strong><\/p><p>Mentoria: <strong>Domingos Vaz, S\u00f3nia Mendez (mestres artes\u00e3os)\u00a0<\/strong><\/p>        <\/div>\n          \n            <div class=\"dng-footnote\">\n      \u00a9JorgeGra\u00e7a \u00a9Loul\u00e9Criativo        <\/div>\n          <\/div>\n    <\/div>\n      <\/div>\n      <div class=\"dng-media w-full md:w-1\/2 order-1 md:order-1\"><div class=\"dng-wrapper\" data-dng-c-slideshow>\n        <div class=\"swiper w-full\">\n      <div class=\"swiper-wrapper\">\n              <div class=\"swiper-slide aspect-square object-cover w-full h-full\">\n      <img decoding=\"async\"  class=\"w-full h-full object-cover\" src=\"https:\/\/loulecriativo.pt\/wp-content\/uploads\/2025\/10\/550A4209-scaled-e1761654010356.jpg\" alt=\"\" playsinline=\"\"  muted=\"\"  loop=\"\"  data-play-on-slide=\"\" >          <\/div>\n                  <div class=\"swiper-slide aspect-square object-cover w-full h-full\">\n      <img decoding=\"async\"  class=\"w-full h-full object-cover\" src=\"https:\/\/loulecriativo.pt\/wp-content\/uploads\/2025\/05\/Summer-School-2021-Metal-in-Portugal_Jorge-Graca\u00a9Michelangelo-Foundation_2224382-scaled.jpg\" alt=\"\" playsinline=\"\"  muted=\"\"  loop=\"\"  data-play-on-slide=\"\" >          <\/div>\n              <\/div>\n      <div class=\"swiper-pagination\"><\/div>\n    <\/div>\n    <\/div>\n      <\/div>\n    <\/div>\n    \t\t\t\t<\/div>\n\t\t\t\t<\/div>\n\t\t\t\t<div class=\"elementor-element elementor-element-b88ab79 elementor-widget elementor-widget-dng_square_showcase\" data-id=\"b88ab79\" data-element_type=\"widget\" data-widget_type=\"dng_square_showcase.default\">\n\t\t\t\t<div class=\"elementor-widget-container\">\n\t\t\t\t\t<div data-dng-c-square-showcase \n        class=\"dng-c-square-showcase dng-c-square-showcase--clear flex flex-col md:flex-row w-screen \">\n      <div class=\"w-full md:w-1\/2 order-2 md:order-1\"><div class=\"dng-wrapper\">\n        <div class=\"dng-content\">\n      <h2 class=\"dng-title mb-xs\">Sem t\u00edtulo, 2025<\/h2>\n      \n            <p class=\"dng-subtitle mb-md uppercase\">Ana Prates<\/p>\n      \n            <div class=\"dng-description text-body-1 mb-sm gap-xs\">\n      <p>O projeto resulta da partilha de saberes e do contacto direto com as v\u00e1rias etapas do trabalho em palma \u2014 da recolha \u00e0 tecelagem. Explora a plasticidade e a mem\u00f3ria de forma do material: male\u00e1vel quando h\u00famido e r\u00edgido ao secar.<\/p><p>\u00a0<\/p><p>Dessa observa\u00e7\u00e3o nasceram duas pe\u00e7as \u2014 dois candeeiros distintos \u2014 que partilham o mesmo princ\u00edpio construtivo. A \u201cmem\u00f3ria de forma\u201d define tanto o comportamento f\u00edsico da palma como o conceito central da obra.<\/p><p>\u00a0<\/p><p>Materiais: <strong>Palma<\/strong><\/p><p>Mentoria:<strong> Flor Guerreiro (Mestra Artes\u00e3)<\/strong><\/p>        <\/div>\n          \n            <div class=\"dng-footnote\">\n      \u00a9JorgeGra\u00e7a \u00a9Loul\u00e9Criativo        <\/div>\n          <\/div>\n    <\/div>\n      <\/div>\n      <div class=\"dng-media w-full md:w-1\/2 order-1 md:order-2\"><div class=\"dng-wrapper\" data-dng-c-slideshow>\n        <div class=\"swiper w-full\">\n      <div class=\"swiper-wrapper\">\n              <div class=\"swiper-slide aspect-square object-cover w-full h-full\">\n      <img decoding=\"async\"  class=\"w-full h-full object-cover\" src=\"https:\/\/loulecriativo.pt\/wp-content\/uploads\/2025\/10\/550A4286-scaled.jpg\" alt=\"\" playsinline=\"\"  muted=\"\"  loop=\"\"  data-play-on-slide=\"\" >          <\/div>\n              <\/div>\n      <div class=\"swiper-pagination\"><\/div>\n    <\/div>\n    <\/div>\n      <\/div>\n    <\/div>\n    \t\t\t\t<\/div>\n\t\t\t\t<\/div>\n\t\t\t\t<div class=\"elementor-element elementor-element-55fafbd elementor-widget elementor-widget-dng_square_showcase\" data-id=\"55fafbd\" data-element_type=\"widget\" data-widget_type=\"dng_square_showcase.default\">\n\t\t\t\t<div class=\"elementor-widget-container\">\n\t\t\t\t\t<div data-dng-c-square-showcase \n        class=\"dng-c-square-showcase flex flex-col md:flex-row w-screen \">\n      <div class=\"w-full md:w-1\/2 order-2 md:order-2\"><div class=\"dng-wrapper\">\n        <div class=\"dng-content\">\n      <h2 class=\"dng-title mb-xs\">Resson\u00e2ncias, 2025<\/h2>\n      \n            <p class=\"dng-subtitle mb-md uppercase\">Sonia Lekuona<\/p>\n      \n            <div class=\"dng-description text-body-1 mb-sm gap-xs\">\n      <p><em>Resson\u00e2ncias<\/em> procura captar os sons primordiais do ser humano atrav\u00e9s da cana como mat\u00e9ria principal. Inclui um registo sonoro acess\u00edvel por QR code que re\u00fane sons recolhidos durante o processo de cria\u00e7\u00e3o: o vento, o corte da cana, o fabrico e as can\u00e7\u00f5es entoadas pelo mestre Domingos.<\/p><p>\u00a0<\/p><p>A pe\u00e7a integra elementos interativos que permitem ao p\u00fablico produzir som e participar na obra. Entre o sopro e a percuss\u00e3o, prop\u00f5e uma experi\u00eancia sensorial que une cria\u00e7\u00e3o manual e express\u00e3o musical.<\/p><p>\u00a0<\/p><p>Materiais: <strong>Cana, palma<\/strong><\/p><p>Mentoria<strong>: Domingos Vaz, Olimpia Cabrita (mestres artes\u00e3os)<\/strong><\/p>        <\/div>\n          \n            <div class=\"dng-footnote\">\n      \u00a9JorgeGra\u00e7a \u00a9Loul\u00e9Criativo        <\/div>\n          <\/div>\n    <\/div>\n      <\/div>\n      <div class=\"dng-media w-full md:w-1\/2 order-1 md:order-1\"><div class=\"dng-wrapper\" data-dng-c-slideshow>\n        <div class=\"swiper w-full\">\n      <div class=\"swiper-wrapper\">\n              <div class=\"swiper-slide aspect-square object-cover w-full h-full\">\n      <img decoding=\"async\"  class=\"w-full h-full object-cover\" src=\"https:\/\/loulecriativo.pt\/wp-content\/uploads\/2025\/10\/550A4360-scaled.jpg\" alt=\"\" playsinline=\"\"  muted=\"\"  loop=\"\"  data-play-on-slide=\"\" >          <\/div>\n                  <div class=\"swiper-slide aspect-square object-cover w-full h-full\">\n      <img decoding=\"async\"  class=\"w-full h-full object-cover\" src=\"https:\/\/loulecriativo.pt\/wp-content\/uploads\/2025\/05\/O-Beijo_Silvia-BerteGabin-Verboud-Students_Jorge-Graca\u00a9Michelangelo-Foundation_2224312-scaled.jpg\" alt=\"\" playsinline=\"\"  muted=\"\"  loop=\"\"  data-play-on-slide=\"\" >          <\/div>\n                  <div class=\"swiper-slide aspect-square object-cover w-full h-full\">\n      <img decoding=\"async\"  class=\"w-full h-full object-cover\" src=\"https:\/\/loulecriativo.pt\/wp-content\/uploads\/2025\/05\/O-Beijo_Silvia-BerteGabin-Verboud-Students_Jorge-Graca\u00a9Michelangelo-Foundation_2224312-scaled.jpg\" alt=\"\" playsinline=\"\"  muted=\"\"  loop=\"\"  data-play-on-slide=\"\" >          <\/div>\n                  <div class=\"swiper-slide aspect-square object-cover w-full h-full\">\n      <img decoding=\"async\"  class=\"w-full h-full object-cover\" src=\"https:\/\/loulecriativo.pt\/wp-content\/uploads\/2025\/05\/O-Beijo_Silvia-BerteGabin-Verboud-Students_Jorge-Graca\u00a9Michelangelo-Foundation_2224309-scaled.jpg\" alt=\"\" playsinline=\"\"  muted=\"\"  loop=\"\"  data-play-on-slide=\"\" >          <\/div>\n                  <div class=\"swiper-slide aspect-square object-cover w-full h-full\">\n      <img decoding=\"async\"  class=\"w-full h-full object-cover\" src=\"https:\/\/loulecriativo.pt\/wp-content\/uploads\/2025\/05\/Summer-School-2021-Metal-in-Portugal_Jorge-Graca\u00a9Michelangelo-Foundation_2224354-scaled.jpg\" alt=\"\" playsinline=\"\"  muted=\"\"  loop=\"\"  data-play-on-slide=\"\" >          <\/div>\n              <\/div>\n      <div class=\"swiper-pagination\"><\/div>\n    <\/div>\n    <\/div>\n      <\/div>\n    <\/div>\n    \t\t\t\t<\/div>\n\t\t\t\t<\/div>\n\t\t\t\t<div class=\"elementor-element elementor-element-cbaaf8c elementor-widget elementor-widget-dng_square_showcase\" data-id=\"cbaaf8c\" data-element_type=\"widget\" data-widget_type=\"dng_square_showcase.default\">\n\t\t\t\t<div class=\"elementor-widget-container\">\n\t\t\t\t\t<div data-dng-c-square-showcase \n        class=\"dng-c-square-showcase dng-c-square-showcase--clear flex flex-col md:flex-row w-screen \">\n      <div class=\"w-full md:w-1\/2 order-2 md:order-1\"><div class=\"dng-wrapper\">\n        <div class=\"dng-content\">\n      <h2 class=\"dng-title mb-xs\">Albarda para Burros Cansados, 2025<\/h2>\n      \n            <p class=\"dng-subtitle mb-md uppercase\">Carla Rebelo<\/p>\n      \n            <div class=\"dng-description text-body-1 mb-sm gap-xs\">\n      <p>Inspirada em imagens do Museu de Faro que documentam o trabalho rural e a rela\u00e7\u00e3o entre o homem e o animal, <em>Albarda para Burros Cansados<\/em> associa a mem\u00f3ria do territ\u00f3rio \u00e0s t\u00e9cnicas aprendidas durante a resid\u00eancia. Constru\u00edda em cana e malha de palma, a pe\u00e7a remete para as albardas usadas no transporte de carga.<\/p><p>As cestas laterais, abertas e incompletas, simbolizam o desequil\u00edbrio do trabalho rural e a fragilidade dessa rela\u00e7\u00e3o. A composi\u00e7\u00e3o joga com as ideias de equil\u00edbrio e rota\u00e7\u00e3o, peso e leveza, transpar\u00eancia e sombra, transformando a refer\u00eancia funcional em reflex\u00e3o escult\u00f3rica.<\/p><p>Materiais: <strong>Palma, Cana<\/strong><\/p><p>Mentoria: <strong>Domingos Vaz, Ol\u00edmpia Cabrita (<\/strong><strong>mestres artes\u00e3os)\u00a0<\/strong><\/p>        <\/div>\n          \n            <div class=\"dng-footnote\">\n      \u00a9JorgeGra\u00e7a \u00a9Loul\u00e9Criativo        <\/div>\n          <\/div>\n    <\/div>\n      <\/div>\n      <div class=\"dng-media w-full md:w-1\/2 order-1 md:order-2\"><div class=\"dng-wrapper\" data-dng-c-slideshow>\n        <div class=\"swiper w-full\">\n      <div class=\"swiper-wrapper\">\n              <div class=\"swiper-slide aspect-square object-cover w-full h-full\">\n      <img decoding=\"async\"  class=\"w-full h-full object-cover\" src=\"https:\/\/loulecriativo.pt\/wp-content\/uploads\/2025\/10\/550A4447-scaled.jpg\" alt=\"\" playsinline=\"\"  muted=\"\"  loop=\"\"  data-play-on-slide=\"\" >          <\/div>\n                  <div class=\"swiper-slide aspect-square object-cover w-full h-full\">\n      <img decoding=\"async\"  class=\"w-full h-full object-cover\" src=\"https:\/\/loulecriativo.pt\/wp-content\/uploads\/2025\/05\/Summer-School-2021-Metal-in-Portugal_Jorge-Graca\u00a9Michelangelo-Foundation_2224353-scaled.jpg\" alt=\"\" playsinline=\"\"  muted=\"\"  loop=\"\"  data-play-on-slide=\"\" >          <\/div>\n              <\/div>\n      <div class=\"swiper-pagination\"><\/div>\n    <\/div>\n    <\/div>\n      <\/div>\n    <\/div>\n    \t\t\t\t<\/div>\n\t\t\t\t<\/div>\n\t\t\t\t<div class=\"elementor-element elementor-element-1c6a1f2 elementor-widget elementor-widget-dng_square_showcase\" data-id=\"1c6a1f2\" data-element_type=\"widget\" data-widget_type=\"dng_square_showcase.default\">\n\t\t\t\t<div class=\"elementor-widget-container\">\n\t\t\t\t\t<div data-dng-c-square-showcase \n        class=\"dng-c-square-showcase flex flex-col md:flex-row w-screen \">\n      <div class=\"w-full md:w-1\/2 order-2 md:order-2\"><div class=\"dng-wrapper\">\n        <div class=\"dng-content\">\n      <h2 class=\"dng-title mb-xs\">Invassoura, 2025<\/h2>\n      \n            <p class=\"dng-subtitle mb-md uppercase\">Milena Kalte<\/p>\n      \n            <div class=\"dng-description text-body-1 mb-sm gap-xs\">\n      <p>A cole\u00e7\u00e3o <em>Invassoura<\/em> \u00e9 composta por cinco vassouras de diferentes formatos e dimens\u00f5es. O nome resulta da fus\u00e3o entre \u201cinvasoras\u201d e \u201cvassouras\u201d, refletindo o di\u00e1logo entre esp\u00e9cies vegetais nativas e invasoras \u2014 o esparto, a cana e a erva-das-pampas.<\/p><p>\u00a0<\/p><p>Atrav\u00e9s do entrela\u00e7amento dessas fibras, a artista prop\u00f5e uma reflex\u00e3o cr\u00edtica sobre as no\u00e7\u00f5es de perten\u00e7a e exclus\u00e3o, tanto no territ\u00f3rio natural como no social. Retirada da esfera dom\u00e9stica, a vassoura \u00e9 apresentada como s\u00edmbolo de resist\u00eancia e questionamento das fronteiras entre o \u00fatil e o marginal.<\/p><p>\u00a0<\/p><p>Materiais: <strong>Esparto, Cana<\/strong><\/p><p>Mentoria: <strong>Isidoro Ramos (mestre artes\u00e3o)<\/strong><\/p>        <\/div>\n          \n            <div class=\"dng-footnote\">\n      \u00a9JorgeGra\u00e7a \u00a9Loul\u00e9Criativo        <\/div>\n          <\/div>\n    <\/div>\n      <\/div>\n      <div class=\"dng-media w-full md:w-1\/2 order-1 md:order-1\"><div class=\"dng-wrapper\" data-dng-c-slideshow>\n        <div class=\"swiper w-full\">\n      <div class=\"swiper-wrapper\">\n              <div class=\"swiper-slide aspect-square object-cover w-full h-full\">\n      <img decoding=\"async\"  class=\"w-full h-full object-cover\" src=\"https:\/\/loulecriativo.pt\/wp-content\/uploads\/2025\/10\/550A4562-scaled.jpg\" alt=\"\" playsinline=\"\"  muted=\"\"  loop=\"\"  data-play-on-slide=\"\" >          <\/div>\n                  <div class=\"swiper-slide aspect-square object-cover w-full h-full\">\n      <img decoding=\"async\"  class=\"w-full h-full object-cover\" src=\"https:\/\/loulecriativo.pt\/wp-content\/uploads\/2025\/05\/Summer-School-2021-Metal-in-Portugal_Jorge-Graca\u00a9Michelangelo-Foundation_2224376-scaled.jpg\" alt=\"\" playsinline=\"\"  muted=\"\"  loop=\"\"  data-play-on-slide=\"\" >          <\/div>\n              <\/div>\n      <div class=\"swiper-pagination\"><\/div>\n    <\/div>\n    <\/div>\n      <\/div>\n    <\/div>\n    \t\t\t\t<\/div>\n\t\t\t\t<\/div>\n\t\t\t\t<div class=\"elementor-element elementor-element-d2e39a2 elementor-widget elementor-widget-dng_square_showcase\" data-id=\"d2e39a2\" data-element_type=\"widget\" data-widget_type=\"dng_square_showcase.default\">\n\t\t\t\t<div class=\"elementor-widget-container\">\n\t\t\t\t\t<div data-dng-c-square-showcase \n        class=\"dng-c-square-showcase dng-c-square-showcase--clear flex flex-col md:flex-row w-screen \">\n      <div class=\"w-full md:w-1\/2 order-2 md:order-1\"><div class=\"dng-wrapper\">\n        <div class=\"dng-content\">\n      <h2 class=\"dng-title mb-xs\">A Alma do Pastor, 2025<\/h2>\n      \n            <p class=\"dng-subtitle mb-md uppercase\">Rita Neves<\/p>\n      \n            <div class=\"dng-description text-body-1 mb-sm gap-xs\">\n      <p><em>A Alma do Pastor<\/em> nasce do desejo de reinterpretar a bolsa tradicional em palma, preservando a ess\u00eancia das t\u00e9cnicas artesanais e propondo uma abordagem contempor\u00e2nea. A pe\u00e7a assume a forma de uma bolsa tiracolo semi-esf\u00e9rica, com corpo em malha de palma e al\u00e7a em empreita.<\/p><p>O sistema de abertura e fecho inspira-se na bolsa de pastor, em que a al\u00e7a funciona como eixo. Este detalhe serve de ponte entre a tradi\u00e7\u00e3o e o design atual, atualizando um objeto de uso quotidiano para um novo contexto est\u00e9tico e funcional.<\/p><p>\u00a0<\/p><p>Material: <strong>Palma<\/strong><\/p><p>Mentoria: <strong>S\u00f3nia Mendez (mestra artes\u00e3)<\/strong><\/p>        <\/div>\n          \n            <div class=\"dng-footnote\">\n      \u00a9JorgeGra\u00e7a \u00a9Loul\u00e9Criativo        <\/div>\n          <\/div>\n    <\/div>\n      <\/div>\n      <div class=\"dng-media w-full md:w-1\/2 order-1 md:order-2\"><div class=\"dng-wrapper\" data-dng-c-slideshow>\n        <div class=\"swiper w-full\">\n      <div class=\"swiper-wrapper\">\n              <div class=\"swiper-slide aspect-square object-cover w-full h-full\">\n      <img decoding=\"async\"  class=\"w-full h-full object-cover\" src=\"https:\/\/loulecriativo.pt\/wp-content\/uploads\/2025\/10\/550A4598-scaled.jpg\" alt=\"\" playsinline=\"\"  muted=\"\"  loop=\"\"  data-play-on-slide=\"\" >          <\/div>\n                  <div class=\"swiper-slide aspect-square object-cover w-full h-full\">\n      <img decoding=\"async\"  class=\"w-full h-full object-cover\" src=\"https:\/\/loulecriativo.pt\/wp-content\/uploads\/2025\/05\/Summer-School-2021-Metal-in-Portugal_Jorge-Graca\u00a9Michelangelo-Foundation_2224373-scaled.jpg\" alt=\"\" playsinline=\"\"  muted=\"\"  loop=\"\"  data-play-on-slide=\"\" >          <\/div>\n              <\/div>\n      <div class=\"swiper-pagination\"><\/div>\n    <\/div>\n    <\/div>\n      <\/div>\n    <\/div>\n    \t\t\t\t<\/div>\n\t\t\t\t<\/div>\n\t\t\t\t<div class=\"elementor-element elementor-element-8fe6f83 elementor-widget elementor-widget-dng_square_showcase\" data-id=\"8fe6f83\" data-element_type=\"widget\" data-widget_type=\"dng_square_showcase.default\">\n\t\t\t\t<div class=\"elementor-widget-container\">\n\t\t\t\t\t<div data-dng-c-square-showcase \n        class=\"dng-c-square-showcase flex flex-col md:flex-row w-screen \">\n      <div class=\"w-full md:w-1\/2 order-2 md:order-2\"><div class=\"dng-wrapper\">\n        <div class=\"dng-content\">\n      <h2 class=\"dng-title mb-xs\">Rodilha, 2025<\/h2>\n      \n            <p class=\"dng-subtitle mb-md uppercase\">Alba Castro<\/p>\n      \n            <div class=\"dng-description text-body-1 mb-sm gap-xs\">\n      <p>Inspirada nas imagens de mulheres que transportavam sal \u00e0 cabe\u00e7a no Algarve, <em>Rodilha<\/em> presta homenagem \u00e0 for\u00e7a feminina e \u00e0 capacidade de equil\u00edbrio f\u00edsica e simb\u00f3lica. A pe\u00e7a evoca as rodilhas de tecido usadas como apoio e conforto, chamando a aten\u00e7\u00e3o para as cargas vis\u00edveis e invis\u00edveis que todas carregamos.<\/p><p>\u00a0<\/p><p>Estabelece uma ponte entre a Galiza e Portugal atrav\u00e9s da t\u00e9cnica partilhada da empreita de bicos (ou pico, em galego). Realizada em palma algarvia e cosida segundo o m\u00e9todo dos chap\u00e9us galegos San Cosmeiros, incorpora uma alma de esparto que lhe confere peso e presen\u00e7a escult\u00f3rica.<\/p><p>\u00a0<\/p><p>Materiais: <strong>Palma, Esparto<\/strong><\/p><p>Mentoria: <strong>Flor Guerreiro, Ol\u00edmpia Cabrita (mestras artes\u00e3s)<\/strong><\/p>        <\/div>\n          \n            <div class=\"dng-footnote\">\n      \u00a9JorgeGra\u00e7a \u00a9Loul\u00e9Criativo        <\/div>\n          <\/div>\n    <\/div>\n      <\/div>\n      <div class=\"dng-media w-full md:w-1\/2 order-1 md:order-1\"><div class=\"dng-wrapper\" data-dng-c-slideshow>\n        <div class=\"swiper w-full\">\n      <div class=\"swiper-wrapper\">\n              <div class=\"swiper-slide aspect-square object-cover w-full h-full\">\n      <img decoding=\"async\"  class=\"w-full h-full object-cover\" src=\"https:\/\/loulecriativo.pt\/wp-content\/uploads\/2025\/10\/550A4670-scaled.jpg\" alt=\"\" playsinline=\"\"  muted=\"\"  loop=\"\"  data-play-on-slide=\"\" >          <\/div>\n                  <div class=\"swiper-slide aspect-square object-cover w-full h-full\">\n      <img decoding=\"async\"  class=\"w-full h-full object-cover\" src=\"https:\/\/loulecriativo.pt\/wp-content\/uploads\/2025\/05\/Summer-School-2021-Metal-in-Portugal_Jorge-Graca\u00a9Michelangelo-Foundation_2224373-scaled.jpg\" alt=\"\" playsinline=\"\"  muted=\"\"  loop=\"\"  data-play-on-slide=\"\" >          <\/div>\n              <\/div>\n      <div class=\"swiper-pagination\"><\/div>\n    <\/div>\n    <\/div>\n      <\/div>\n    <\/div>\n    \t\t\t\t<\/div>\n\t\t\t\t<\/div>\n\t\t\t\t<div class=\"elementor-element elementor-element-0492bf4 elementor-widget elementor-widget-dng_square_showcase\" data-id=\"0492bf4\" data-element_type=\"widget\" data-widget_type=\"dng_square_showcase.default\">\n\t\t\t\t<div class=\"elementor-widget-container\">\n\t\t\t\t\t<div data-dng-c-square-showcase \n        class=\"dng-c-square-showcase dng-c-square-showcase--clear flex flex-col md:flex-row w-screen \">\n      <div class=\"w-full md:w-1\/2 order-2 md:order-1\"><div class=\"dng-wrapper\">\n        <div class=\"dng-content\">\n      <h2 class=\"dng-title mb-xs\">Sem T\u00edtulo, 2025<\/h2>\n      \n            <p class=\"dng-subtitle mb-md uppercase\">Santiago Besteiro<\/p>\n      \n            <div class=\"dng-description text-body-1 mb-sm gap-xs\">\n      <p>A pe\u00e7a parte da investiga\u00e7\u00e3o sobre objetos rituais e a sua fun\u00e7\u00e3o nas comunidades humanas. Explora formas arquet\u00edpicas, como o c\u00edrculo e o n\u00f3, associadas \u00e0 eternidade, \u00e0 prote\u00e7\u00e3o e \u00e0 uni\u00e3o. Inspirada por refer\u00eancias diversas \u2014 das armadilhas de pesca do Museu de Faro aos cestos de adivinha\u00e7\u00e3o africanos \u2014, a obra reflete sobre o papel simb\u00f3lico do ritual enquanto estrutura de coes\u00e3o social e espiritual.<\/p><p>Entrela\u00e7ando couro e palma natural ou tingida numa tecelagem em espiral, o artista prop\u00f5e uma reflex\u00e3o sobre a liga\u00e7\u00e3o entre o sagrado e o art\u00edstico, e sobre como a perda dos rituais coletivos acentua o individualismo contempor\u00e2neo.<\/p><p>Material: <strong>Palma, fio de cabedal<\/strong><\/p><p>Mentoria: <strong>S\u00f3nia Mendez (mestra artes\u00e3)<\/strong><\/p>        <\/div>\n          \n            <div class=\"dng-footnote\">\n      \u00a9JorgeGra\u00e7a \u00a9Loul\u00e9Criativo        <\/div>\n          <\/div>\n    <\/div>\n      <\/div>\n      <div class=\"dng-media w-full md:w-1\/2 order-1 md:order-2\"><div class=\"dng-wrapper\" data-dng-c-slideshow>\n        <div class=\"swiper w-full\">\n      <div class=\"swiper-wrapper\">\n              <div class=\"swiper-slide aspect-square object-cover w-full h-full\">\n      <img decoding=\"async\"  class=\"w-full h-full object-cover\" src=\"https:\/\/loulecriativo.pt\/wp-content\/uploads\/2025\/10\/550A4744-scaled.jpg\" alt=\"\" playsinline=\"\"  muted=\"\"  loop=\"\"  data-play-on-slide=\"\" >          <\/div>\n                  <div class=\"swiper-slide aspect-square object-cover w-full h-full\">\n      <img decoding=\"async\"  class=\"w-full h-full object-cover\" src=\"https:\/\/loulecriativo.pt\/wp-content\/uploads\/2025\/05\/Summer-School-2021-Metal-in-Portugal_Jorge-Graca\u00a9Michelangelo-Foundation_2224373-scaled.jpg\" alt=\"\" playsinline=\"\"  muted=\"\"  loop=\"\"  data-play-on-slide=\"\" >          <\/div>\n              <\/div>\n      <div class=\"swiper-pagination\"><\/div>\n    <\/div>\n    <\/div>\n      <\/div>\n    <\/div>\n    \t\t\t\t<\/div>\n\t\t\t\t<\/div>\n\t\t\t\t<div class=\"elementor-element elementor-element-bd767d5 elementor-widget elementor-widget-dng_square_showcase\" data-id=\"bd767d5\" data-element_type=\"widget\" data-widget_type=\"dng_square_showcase.default\">\n\t\t\t\t<div class=\"elementor-widget-container\">\n\t\t\t\t\t<div data-dng-c-square-showcase \n        class=\"dng-c-square-showcase flex flex-col md:flex-row w-screen \">\n      <div class=\"w-full md:w-1\/2 order-2 md:order-2\"><div class=\"dng-wrapper\">\n        <div class=\"dng-content\">\n      <h2 class=\"dng-title mb-xs\">Palmafone<\/h2>\n      \n            <p class=\"dng-subtitle mb-md uppercase\">Teresa Almeida<\/p>\n      \n            <div class=\"dng-description text-body-1 mb-sm gap-xs\">\n      <p>A pe\u00e7a foi inspirada no efeito sonoro produzido pelo entrela\u00e7ar das palmas. Esses subtis sussurros evocaram a ideia de criar uma forma semelhante a uma vasilha ressonante, capaz de sugerir a emiss\u00e3o de um som.<\/p><p>Para sublinhar essa sua g\u00e9nese, e em substitui\u00e7\u00e3o de um aparelho que reproduzisse o som resultante desse entrela\u00e7ar, o seu interior cont\u00e9m mat\u00e9rias que replicam essa experi\u00eancia sonora.<\/p><p>\u00a0<\/p><p>Material: <strong>Palma<\/strong><\/p><p>Mentoria: <strong>Flor Guerreiro (mestra artes\u00e3)<\/strong><\/p>        <\/div>\n          \n            <div class=\"dng-footnote\">\n      \u00a9JorgeGra\u00e7a \u00a9Loul\u00e9Criativo        <\/div>\n          <\/div>\n    <\/div>\n      <\/div>\n      <div class=\"dng-media w-full md:w-1\/2 order-1 md:order-1\"><div class=\"dng-wrapper\" data-dng-c-slideshow>\n        <div class=\"swiper w-full\">\n      <div class=\"swiper-wrapper\">\n              <div class=\"swiper-slide aspect-square object-cover w-full h-full\">\n      <img decoding=\"async\"  class=\"w-full h-full object-cover\" src=\"https:\/\/loulecriativo.pt\/wp-content\/uploads\/2025\/10\/550A5144-scaled.jpg\" alt=\"\" playsinline=\"\"  muted=\"\"  loop=\"\"  data-play-on-slide=\"\" >          <\/div>\n                  <div class=\"swiper-slide aspect-square object-cover w-full h-full\">\n      <img decoding=\"async\"  class=\"w-full h-full object-cover\" src=\"https:\/\/loulecriativo.pt\/wp-content\/uploads\/2025\/05\/Summer-School-2021-Metal-in-Portugal_Jorge-Graca\u00a9Michelangelo-Foundation_2224373-scaled.jpg\" alt=\"\" playsinline=\"\"  muted=\"\"  loop=\"\"  data-play-on-slide=\"\" >          <\/div>\n              <\/div>\n      <div class=\"swiper-pagination\"><\/div>\n    <\/div>\n    <\/div>\n      <\/div>\n    <\/div>\n    \t\t\t\t<\/div>\n\t\t\t\t<\/div>\n\t\t\t\t<div class=\"elementor-element elementor-element-043b17b elementor-widget elementor-widget-dng_square_showcase\" data-id=\"043b17b\" data-element_type=\"widget\" data-widget_type=\"dng_square_showcase.default\">\n\t\t\t\t<div class=\"elementor-widget-container\">\n\t\t\t\t\t<div data-dng-c-square-showcase \n        class=\"dng-c-square-showcase dng-c-square-showcase--clear flex flex-col md:flex-row w-screen \">\n      <div class=\"w-full md:w-1\/2 order-2 md:order-1\"><div class=\"dng-wrapper\">\n        <div class=\"dng-content\">\n      <h2 class=\"dng-title mb-xs\">A Espiral da Vida, 2025 <\/h2>\n      \n            <p class=\"dng-subtitle mb-md uppercase\">Pilar Rodriguez Rivas<\/p>\n      \n            <div class=\"dng-description text-body-1 mb-sm gap-xs\">\n      <p>A pe\u00e7a apresenta uma espiral tridimensional de cana e palma suspensa por um contrapeso de pedra, articulando leveza e densidade. A espiral, s\u00edmbolo de transforma\u00e7\u00e3o e continuidade, sugere um movimento ascendente e descendente, remetendo para o ciclo da vida e da renova\u00e7\u00e3o.<\/p><p>\u00a0<\/p><p>O contrapeso de pedra evoca a gravidade e o enraizamento, contrapondo-se \u00e0 fluidez da fibra. O conjunto estabelece um equil\u00edbrio subtil entre mat\u00e9ria e energia, convidando \u00e0 reflex\u00e3o sobre o movimento, a origem e o retorno.<\/p><p>\u00a0<\/p><p>Material: <strong>Cana, Palma<\/strong><\/p><p>Mentoria:<strong> Domingos Vaz, Ol\u00edmpia Cabrita (mestres artes\u00e3os)<\/strong><\/p>        <\/div>\n          \n            <div class=\"dng-footnote\">\n      \u00a9JorgeGra\u00e7a \u00a9Loul\u00e9Criativo        <\/div>\n          <\/div>\n    <\/div>\n      <\/div>\n      <div class=\"dng-media w-full md:w-1\/2 order-1 md:order-2\"><div class=\"dng-wrapper\" data-dng-c-slideshow>\n        <div class=\"swiper w-full\">\n      <div class=\"swiper-wrapper\">\n              <div class=\"swiper-slide aspect-square object-cover w-full h-full\">\n      <img decoding=\"async\"  class=\"w-full h-full object-cover\" src=\"https:\/\/loulecriativo.pt\/wp-content\/uploads\/2025\/10\/550A5239-scaled.jpg\" alt=\"\" playsinline=\"\"  muted=\"\"  loop=\"\"  data-play-on-slide=\"\" >          <\/div>\n                  <div class=\"swiper-slide aspect-square object-cover w-full h-full\">\n      <img decoding=\"async\"  class=\"w-full h-full object-cover\" src=\"https:\/\/loulecriativo.pt\/wp-content\/uploads\/2025\/05\/Summer-School-2021-Metal-in-Portugal_Jorge-Graca\u00a9Michelangelo-Foundation_2224373-scaled.jpg\" alt=\"\" playsinline=\"\"  muted=\"\"  loop=\"\"  data-play-on-slide=\"\" >          <\/div>\n              <\/div>\n      <div class=\"swiper-pagination\"><\/div>\n    <\/div>\n    <\/div>\n      <\/div>\n    <\/div>\n    \t\t\t\t<\/div>\n\t\t\t\t<\/div>\n\t\t\t\t<\/div>\n\t\t<div class=\"elementor-element elementor-element-96c1b17 e-grid e-con-boxed e-con e-child\" data-id=\"96c1b17\" data-element_type=\"container\" data-settings=\"{&quot;jet_parallax_layout_list&quot;:[]}\">\n\t\t\t\t\t<div class=\"e-con-inner\">\n\t\t<div class=\"elementor-element elementor-element-8cf0a52 e-con-full e-flex e-con e-child\" data-id=\"8cf0a52\" data-element_type=\"container\" data-settings=\"{&quot;jet_parallax_layout_list&quot;:[]}\">\n\t\t\t\t<div class=\"elementor-element elementor-element-4336eeb elementor-widget elementor-widget-heading\" data-id=\"4336eeb\" data-element_type=\"widget\" data-widget_type=\"heading.default\">\n\t\t\t\t<div class=\"elementor-widget-container\">\n\t\t\t\t\t<h2 class=\"elementor-heading-title elementor-size-default\">Mestres Artes\u00e3os\n<\/h2>\t\t\t\t<\/div>\n\t\t\t\t<\/div>\n\t\t\t\t<div class=\"elementor-element elementor-element-80b3609 elementor-widget__width-initial elementor-widget elementor-widget-text-editor\" data-id=\"80b3609\" data-element_type=\"widget\" data-widget_type=\"text-editor.default\">\n\t\t\t\t<div class=\"elementor-widget-container\">\n\t\t\t\t\t\t\t\t\t<ul><li>Sonia Mendez &#8211; Palma<\/li><li>Florentina Guerreiro (Flor) &#8211;\u00a0 Palma\u00a0<\/li><li>Ol\u00edmpia Cabrita &#8211; Cana e palma<\/li><li>Domingos Vaz &#8211; Cana<\/li><li>Isidoro Ramos &#8211; Esparto<\/li><\/ul>\t\t\t\t\t\t\t\t<\/div>\n\t\t\t\t<\/div>\n\t\t\t\t<\/div>\n\t\t<div class=\"elementor-element elementor-element-44ca410 e-con-full e-flex e-con e-child\" data-id=\"44ca410\" data-element_type=\"container\" data-settings=\"{&quot;jet_parallax_layout_list&quot;:[]}\">\n\t\t\t\t<div class=\"elementor-element elementor-element-f7596e7 elementor-widget elementor-widget-heading\" data-id=\"f7596e7\" data-element_type=\"widget\" data-widget_type=\"heading.default\">\n\t\t\t\t<div class=\"elementor-widget-container\">\n\t\t\t\t\t<h2 class=\"elementor-heading-title elementor-size-default\">Participantes<\/h2>\t\t\t\t<\/div>\n\t\t\t\t<\/div>\n\t\t\t\t<div class=\"elementor-element elementor-element-3c54291 elementor-widget__width-initial elementor-widget elementor-widget-text-editor\" data-id=\"3c54291\" data-element_type=\"widget\" data-widget_type=\"text-editor.default\">\n\t\t\t\t<div class=\"elementor-widget-container\">\n\t\t\t\t\t\t\t\t\t<ul><li>Alba Castro (ES)<\/li><li>Ana Isabel Prates (PT)<\/li><li>Carla Rebelo (PT)<\/li><li>Isa Rodrigues (PT)<\/li><li>Margarida Valente (PT)<\/li><li>Milena Melikate (PT\/ALE)<\/li><li>Pilar Rodriguez Rivas (ES)<\/li><li>Rita Neves (PT)<\/li><li>Santiago Besteiro (ES)<\/li><li>Sonia Lekuona (ES)<\/li><li>Susana Mendez (PT)<\/li><li>Teresa Almeida (PT)<\/li><\/ul><p><strong>\u00a0<\/strong><\/p>\t\t\t\t\t\t\t\t<\/div>\n\t\t\t\t<\/div>\n\t\t\t\t<\/div>\n\t\t<div class=\"elementor-element elementor-element-ace669b e-con-full e-flex e-con e-child\" data-id=\"ace669b\" data-element_type=\"container\" data-settings=\"{&quot;jet_parallax_layout_list&quot;:[]}\">\n\t\t\t\t<div class=\"elementor-element elementor-element-398387b elementor-widget elementor-widget-heading\" data-id=\"398387b\" data-element_type=\"widget\" data-widget_type=\"heading.default\">\n\t\t\t\t<div class=\"elementor-widget-container\">\n\t\t\t\t\t<h2 class=\"elementor-heading-title elementor-size-default\">Organiza\u00e7\u00e3o<\/h2>\t\t\t\t<\/div>\n\t\t\t\t<\/div>\n\t\t\t\t<div class=\"elementor-element elementor-element-365b1f4 elementor-widget__width-initial elementor-widget elementor-widget-text-editor\" data-id=\"365b1f4\" data-element_type=\"widget\" data-widget_type=\"text-editor.default\">\n\t\t\t\t<div class=\"elementor-widget-container\">\n\t\t\t\t\t\t\t\t\t<p>C\u00e2mara Municipal de Loul\u00e9 \/ Loul\u00e9 Criativo<\/p>\t\t\t\t\t\t\t\t<\/div>\n\t\t\t\t<\/div>\n\t\t\t\t<\/div>\n\t\t<div class=\"elementor-element elementor-element-4f7373e e-con-full e-flex e-con e-child\" data-id=\"4f7373e\" data-element_type=\"container\" data-settings=\"{&quot;jet_parallax_layout_list&quot;:[]}\">\n\t\t\t\t<div class=\"elementor-element elementor-element-7fa3ff7 elementor-widget elementor-widget-heading\" data-id=\"7fa3ff7\" data-element_type=\"widget\" data-widget_type=\"heading.default\">\n\t\t\t\t<div class=\"elementor-widget-container\">\n\t\t\t\t\t<h2 class=\"elementor-heading-title elementor-size-default\">Local<\/h2>\t\t\t\t<\/div>\n\t\t\t\t<\/div>\n\t\t\t\t<div class=\"elementor-element elementor-element-74090e8 elementor-widget__width-initial elementor-widget elementor-widget-text-editor\" data-id=\"74090e8\" data-element_type=\"widget\" data-widget_type=\"text-editor.default\">\n\t\t\t\t<div class=\"elementor-widget-container\">\n\t\t\t\t\t\t\t\t\t<p>Loul\u00e9\u00a0<\/p>\t\t\t\t\t\t\t\t<\/div>\n\t\t\t\t<\/div>\n\t\t\t\t<\/div>\n\t\t<div class=\"elementor-element elementor-element-fc379ca e-con-full e-flex e-con e-child\" data-id=\"fc379ca\" data-element_type=\"container\" data-settings=\"{&quot;jet_parallax_layout_list&quot;:[]}\">\n\t\t\t\t<div class=\"elementor-element elementor-element-98a2737 elementor-widget elementor-widget-heading\" data-id=\"98a2737\" data-element_type=\"widget\" data-widget_type=\"heading.default\">\n\t\t\t\t<div class=\"elementor-widget-container\">\n\t\t\t\t\t<h2 class=\"elementor-heading-title elementor-size-default\">Mentor de Design<\/h2>\t\t\t\t<\/div>\n\t\t\t\t<\/div>\n\t\t\t\t<div class=\"elementor-element elementor-element-cb1e075 elementor-widget__width-initial elementor-widget elementor-widget-text-editor\" data-id=\"cb1e075\" data-element_type=\"widget\" data-widget_type=\"text-editor.default\">\n\t\t\t\t<div class=\"elementor-widget-container\">\n\t\t\t\t\t\t\t\t\t<p>Henrique Ralheta &#8211; Loul\u00e9 Criativo<\/p>\t\t\t\t\t\t\t\t<\/div>\n\t\t\t\t<\/div>\n\t\t\t\t<\/div>\n\t\t\t\t\t<\/div>\n\t\t\t\t<\/div>\n\t\t\t\t<\/div>\n\t\t","protected":false},"excerpt":{"rendered":"<p>Home Resid\u00eancias Criativas RESID\u00caNCIA CRIATIVA Palma, Esparto e Cana Julho &#8211; Agosto 2025 Sobre a Resid\u00eancia Palma, Esparto e Cana A Resid\u00eancia \u201cPalma, Esparto e Cana\u201d, organizada e promovida pela C\u00e2mara Municipal de Loul\u00e9, atrav\u00e9s\u00a0do Loul\u00e9 Criativo, reuniu artes\u00e3os e criadores contempor\u00e2neos em torno de tr\u00eas mat\u00e9rias-primas que fazem parte da mem\u00f3ria e identidade do [&hellip;]<\/p>\n","protected":false},"featured_media":8505,"template":"","meta":{"_acf_changed":false},"class_list":["post-11322","lc_event","type-lc_event","status-publish","has-post-thumbnail","hentry"],"acf":[],"yoast_head":"<!-- This site is optimized with the Yoast SEO Premium plugin v25.9 (Yoast SEO v26.5) - https:\/\/yoast.com\/wordpress\/plugins\/seo\/ -->\n<title>Palma, Esparto e Cana - Loul\u00e9 Criativo<\/title>\n<meta name=\"robots\" content=\"index, follow, max-snippet:-1, max-image-preview:large, max-video-preview:-1\" \/>\n<link rel=\"canonical\" href=\"https:\/\/loulecriativo.pt\/pt\/residencias-criativas\/palma-esparto-e-cana01\/\" \/>\n<meta property=\"og:locale\" content=\"pt_PT\" \/>\n<meta property=\"og:type\" content=\"article\" \/>\n<meta property=\"og:title\" content=\"Palma, Esparto e Cana\" \/>\n<meta property=\"og:description\" content=\"Home Resid\u00eancias Criativas RESID\u00caNCIA CRIATIVA Palma, Esparto e Cana Julho &#8211; Agosto 2025 Sobre a Resid\u00eancia Palma, Esparto e Cana A Resid\u00eancia \u201cPalma, Esparto e Cana\u201d, organizada e promovida pela C\u00e2mara Municipal de Loul\u00e9, atrav\u00e9s\u00a0do Loul\u00e9 Criativo, reuniu artes\u00e3os e criadores contempor\u00e2neos em torno de tr\u00eas mat\u00e9rias-primas que fazem parte da mem\u00f3ria e identidade do [&hellip;]\" \/>\n<meta property=\"og:url\" content=\"https:\/\/loulecriativo.pt\/pt\/residencias-criativas\/palma-esparto-e-cana01\/\" \/>\n<meta property=\"og:site_name\" content=\"Loul\u00e9 Criativo\" \/>\n<meta property=\"article:modified_time\" content=\"2025-11-26T12:30:04+00:00\" \/>\n<meta property=\"og:image\" content=\"https:\/\/loulecriativo.pt\/wp-content\/uploads\/2025\/08\/LLC-Residencia-A-02-scaled.jpg\" \/>\n\t<meta property=\"og:image:width\" content=\"2560\" \/>\n\t<meta property=\"og:image:height\" content=\"1707\" \/>\n\t<meta property=\"og:image:type\" content=\"image\/jpeg\" \/>\n<meta name=\"twitter:card\" content=\"summary_large_image\" \/>\n<meta name=\"twitter:label1\" content=\"Est. reading time\" \/>\n\t<meta name=\"twitter:data1\" content=\"16 minutes\" \/>\n<script type=\"application\/ld+json\" class=\"yoast-schema-graph\">{\"@context\":\"https:\/\/schema.org\",\"@graph\":[{\"@type\":\"WebPage\",\"@id\":\"https:\/\/loulecriativo.pt\/pt\/residencias-criativas\/palma-esparto-e-cana01\/\",\"url\":\"https:\/\/loulecriativo.pt\/pt\/residencias-criativas\/palma-esparto-e-cana01\/\",\"name\":\"Palma, Esparto e Cana - Loul\u00e9 Criativo\",\"isPartOf\":{\"@id\":\"https:\/\/loulecriativo.pt\/pt\/#website\"},\"primaryImageOfPage\":{\"@id\":\"https:\/\/loulecriativo.pt\/pt\/residencias-criativas\/palma-esparto-e-cana01\/#primaryimage\"},\"image\":{\"@id\":\"https:\/\/loulecriativo.pt\/pt\/residencias-criativas\/palma-esparto-e-cana01\/#primaryimage\"},\"thumbnailUrl\":\"https:\/\/loulecriativo.pt\/wp-content\/uploads\/2025\/08\/LLC-Residencia-A-02-scaled.jpg\",\"datePublished\":\"2025-10-27T17:42:22+00:00\",\"dateModified\":\"2025-11-26T12:30:04+00:00\",\"breadcrumb\":{\"@id\":\"https:\/\/loulecriativo.pt\/pt\/residencias-criativas\/palma-esparto-e-cana01\/#breadcrumb\"},\"inLanguage\":\"pt\",\"potentialAction\":[{\"@type\":\"ReadAction\",\"target\":[\"https:\/\/loulecriativo.pt\/pt\/residencias-criativas\/palma-esparto-e-cana01\/\"]}]},{\"@type\":\"ImageObject\",\"inLanguage\":\"pt\",\"@id\":\"https:\/\/loulecriativo.pt\/pt\/residencias-criativas\/palma-esparto-e-cana01\/#primaryimage\",\"url\":\"https:\/\/loulecriativo.pt\/wp-content\/uploads\/2025\/08\/LLC-Residencia-A-02-scaled.jpg\",\"contentUrl\":\"https:\/\/loulecriativo.pt\/wp-content\/uploads\/2025\/08\/LLC-Residencia-A-02-scaled.jpg\",\"width\":2560,\"height\":1707},{\"@type\":\"BreadcrumbList\",\"@id\":\"https:\/\/loulecriativo.pt\/pt\/residencias-criativas\/palma-esparto-e-cana01\/#breadcrumb\",\"itemListElement\":[{\"@type\":\"ListItem\",\"position\":1,\"name\":\"Home\",\"item\":\"https:\/\/loulecriativo.pt\/pt\/\"},{\"@type\":\"ListItem\",\"position\":2,\"name\":\"Palma, Esparto e Cana\"}]},{\"@type\":\"WebSite\",\"@id\":\"https:\/\/loulecriativo.pt\/pt\/#website\",\"url\":\"https:\/\/loulecriativo.pt\/pt\/\",\"name\":\"Loul\u00e9 Criativo\",\"description\":\"\",\"potentialAction\":[{\"@type\":\"SearchAction\",\"target\":{\"@type\":\"EntryPoint\",\"urlTemplate\":\"https:\/\/loulecriativo.pt\/pt\/?s={search_term_string}\"},\"query-input\":{\"@type\":\"PropertyValueSpecification\",\"valueRequired\":true,\"valueName\":\"search_term_string\"}}],\"inLanguage\":\"pt\"}]}<\/script>\n<!-- \/ Yoast SEO Premium plugin. -->","yoast_head_json":{"title":"Palma, Esparto e Cana - Loul\u00e9 Criativo","robots":{"index":"index","follow":"follow","max-snippet":"max-snippet:-1","max-image-preview":"max-image-preview:large","max-video-preview":"max-video-preview:-1"},"canonical":"https:\/\/loulecriativo.pt\/pt\/residencias-criativas\/palma-esparto-e-cana01\/","og_locale":"pt_PT","og_type":"article","og_title":"Palma, Esparto e Cana","og_description":"Home Resid\u00eancias Criativas RESID\u00caNCIA CRIATIVA Palma, Esparto e Cana Julho &#8211; Agosto 2025 Sobre a Resid\u00eancia Palma, Esparto e Cana A Resid\u00eancia \u201cPalma, Esparto e Cana\u201d, organizada e promovida pela C\u00e2mara Municipal de Loul\u00e9, atrav\u00e9s\u00a0do Loul\u00e9 Criativo, reuniu artes\u00e3os e criadores contempor\u00e2neos em torno de tr\u00eas mat\u00e9rias-primas que fazem parte da mem\u00f3ria e identidade do [&hellip;]","og_url":"https:\/\/loulecriativo.pt\/pt\/residencias-criativas\/palma-esparto-e-cana01\/","og_site_name":"Loul\u00e9 Criativo","article_modified_time":"2025-11-26T12:30:04+00:00","og_image":[{"width":2560,"height":1707,"url":"https:\/\/loulecriativo.pt\/wp-content\/uploads\/2025\/08\/LLC-Residencia-A-02-scaled.jpg","type":"image\/jpeg"}],"twitter_card":"summary_large_image","twitter_misc":{"Est. reading time":"16 minutes"},"schema":{"@context":"https:\/\/schema.org","@graph":[{"@type":"WebPage","@id":"https:\/\/loulecriativo.pt\/pt\/residencias-criativas\/palma-esparto-e-cana01\/","url":"https:\/\/loulecriativo.pt\/pt\/residencias-criativas\/palma-esparto-e-cana01\/","name":"Palma, Esparto e Cana - Loul\u00e9 Criativo","isPartOf":{"@id":"https:\/\/loulecriativo.pt\/pt\/#website"},"primaryImageOfPage":{"@id":"https:\/\/loulecriativo.pt\/pt\/residencias-criativas\/palma-esparto-e-cana01\/#primaryimage"},"image":{"@id":"https:\/\/loulecriativo.pt\/pt\/residencias-criativas\/palma-esparto-e-cana01\/#primaryimage"},"thumbnailUrl":"https:\/\/loulecriativo.pt\/wp-content\/uploads\/2025\/08\/LLC-Residencia-A-02-scaled.jpg","datePublished":"2025-10-27T17:42:22+00:00","dateModified":"2025-11-26T12:30:04+00:00","breadcrumb":{"@id":"https:\/\/loulecriativo.pt\/pt\/residencias-criativas\/palma-esparto-e-cana01\/#breadcrumb"},"inLanguage":"pt","potentialAction":[{"@type":"ReadAction","target":["https:\/\/loulecriativo.pt\/pt\/residencias-criativas\/palma-esparto-e-cana01\/"]}]},{"@type":"ImageObject","inLanguage":"pt","@id":"https:\/\/loulecriativo.pt\/pt\/residencias-criativas\/palma-esparto-e-cana01\/#primaryimage","url":"https:\/\/loulecriativo.pt\/wp-content\/uploads\/2025\/08\/LLC-Residencia-A-02-scaled.jpg","contentUrl":"https:\/\/loulecriativo.pt\/wp-content\/uploads\/2025\/08\/LLC-Residencia-A-02-scaled.jpg","width":2560,"height":1707},{"@type":"BreadcrumbList","@id":"https:\/\/loulecriativo.pt\/pt\/residencias-criativas\/palma-esparto-e-cana01\/#breadcrumb","itemListElement":[{"@type":"ListItem","position":1,"name":"Home","item":"https:\/\/loulecriativo.pt\/pt\/"},{"@type":"ListItem","position":2,"name":"Palma, Esparto e Cana"}]},{"@type":"WebSite","@id":"https:\/\/loulecriativo.pt\/pt\/#website","url":"https:\/\/loulecriativo.pt\/pt\/","name":"Loul\u00e9 Criativo","description":"","potentialAction":[{"@type":"SearchAction","target":{"@type":"EntryPoint","urlTemplate":"https:\/\/loulecriativo.pt\/pt\/?s={search_term_string}"},"query-input":{"@type":"PropertyValueSpecification","valueRequired":true,"valueName":"search_term_string"}}],"inLanguage":"pt"}]}},"_links":{"self":[{"href":"https:\/\/loulecriativo.pt\/pt\/wp-json\/wp\/v2\/lc_event\/11322","targetHints":{"allow":["GET"]}}],"collection":[{"href":"https:\/\/loulecriativo.pt\/pt\/wp-json\/wp\/v2\/lc_event"}],"about":[{"href":"https:\/\/loulecriativo.pt\/pt\/wp-json\/wp\/v2\/types\/lc_event"}],"version-history":[{"count":42,"href":"https:\/\/loulecriativo.pt\/pt\/wp-json\/wp\/v2\/lc_event\/11322\/revisions"}],"predecessor-version":[{"id":13034,"href":"https:\/\/loulecriativo.pt\/pt\/wp-json\/wp\/v2\/lc_event\/11322\/revisions\/13034"}],"wp:featuredmedia":[{"embeddable":true,"href":"https:\/\/loulecriativo.pt\/pt\/wp-json\/wp\/v2\/media\/8505"}],"wp:attachment":[{"href":"https:\/\/loulecriativo.pt\/pt\/wp-json\/wp\/v2\/media?parent=11322"}],"curies":[{"name":"wp","href":"https:\/\/api.w.org\/{rel}","templated":true}]}}