{"id":11495,"date":"2025-11-04T12:22:19","date_gmt":"2025-11-04T12:22:19","guid":{"rendered":"https:\/\/loulecriativo.pt\/?post_type=lc_event&#038;p=11495"},"modified":"2026-01-16T06:39:28","modified_gmt":"2026-01-16T06:39:28","slug":"mesa-ajudada-makers-meal-2","status":"publish","type":"lc_event","link":"https:\/\/loulecriativo.pt\/pt\/residencias-criativas\/mesa-ajudada-makers-meal-2\/","title":{"rendered":"Mesa Ajudada \u2013 Makers\u2019 Meal"},"content":{"rendered":"\t\t<div data-elementor-type=\"wp-post\" data-elementor-id=\"11495\" class=\"elementor elementor-11495\" data-elementor-post-type=\"lc_event\">\n\t\t\t\t<div class=\"elementor-element elementor-element-56dce7d1 e-con-full e-flex e-con e-parent\" data-id=\"56dce7d1\" data-element_type=\"container\" data-settings=\"{&quot;jet_parallax_layout_list&quot;:[],&quot;background_background&quot;:&quot;classic&quot;}\">\n\t\t<div class=\"elementor-element elementor-element-60d55803 e-flex e-con-boxed e-con e-child\" data-id=\"60d55803\" data-element_type=\"container\" data-settings=\"{&quot;jet_parallax_layout_list&quot;:[]}\">\n\t\t\t\t\t<div class=\"e-con-inner\">\n\t\t\t\t<div class=\"elementor-element elementor-element-1e1c2d70 elementor-widget elementor-widget-dng_breadcrumbs\" data-id=\"1e1c2d70\" data-element_type=\"widget\" data-widget_type=\"dng_breadcrumbs.default\">\n\t\t\t\t<div class=\"elementor-widget-container\">\n\t\t\t\t\t    <div data-dng-c-breadcrumbs class=\"dng-c-breadcrumbs flex items-center justify-start gap-xxs\">\n      \n        <a\n     class=\"whitespace-nowrap overflow-ellipsis overflow-hidden text-body-2 item !text-inherit text-[var(--dng-text-color), var(--wp--preset--color--brown))]\" \n      href=\"https:\/\/loulecriativo.pt\/pt\/\" \n        >\n    Home\n<\/a>\n        <svg class=\"separator\" width=\"6\" height=\"10\" viewBox=\"0 0 6 10\" fill=\"none\" xmlns=\"http:\/\/www.w3.org\/2000\/svg\">\n          <path d=\"M6.00005 5L1.00005 10L0.300049 9.3L4.60005 5L0.300049 0.7L1.00005 0L6.00005 5Z\" fill=\"var(--dng-text-color, var(--wp--preset--color--brown))\"\/>\n        <\/svg>\n        <a\n     class=\"whitespace-nowrap overflow-ellipsis overflow-hidden text-body-2 item !text-inherit text-[var(--dng-text-color), var(--wp--preset--color--brown))]\" \n      href=\"https:\/\/loulecriativo.pt\/pt\/residencias-criativas\/\" \n        >\n    Resid\u00eancias Criativas\n<\/a>\n        <svg class=\"separator\" width=\"6\" height=\"10\" viewBox=\"0 0 6 10\" fill=\"none\" xmlns=\"http:\/\/www.w3.org\/2000\/svg\">\n          <path d=\"M6.00005 5L1.00005 10L0.300049 9.3L4.60005 5L0.300049 0.7L1.00005 0L6.00005 5Z\" fill=\"var(--dng-text-color, var(--wp--preset--color--brown))\"\/>\n        <\/svg>\n          <div class=\"current-page text-body-2 whitespace-nowrap overflow-ellipsis overflow-hidden\">\n      Mesa Ajudada \u2013 Makers\u2019 Meal    <\/div>\n          <\/div>\n    \t\t\t\t<\/div>\n\t\t\t\t<\/div>\n\t\t\t\t\t<\/div>\n\t\t\t\t<\/div>\n\t\t\t\t<div class=\"elementor-element elementor-element-cf5b00c elementor-widget elementor-widget-dng_activity_banner\" data-id=\"cf5b00c\" data-element_type=\"widget\" data-widget_type=\"dng_activity_banner.default\">\n\t\t\t\t<div class=\"elementor-widget-container\">\n\t\t\t\t\t    <div data-dng-c-activity-banner class=\"dng-c-activity-banner\">\n      <div class=\"container\">\n        <div class=\"pre-title\" data-pretitle>\n    Resid\u00eancia Criativa        <\/div>\n        <h1 class=\"title\" data-title>\n    Mesa Ajudada - Makers\u00b4Meal        <\/h1>\n        \n            <div class=\"post-title text-body-1\">\n      Outubro 2015        <\/div>\n                \n        <div class=\"thumbnail\" data-thumbnail>\n    <img decoding=\"async\"  class=\"\" src=\"https:\/\/loulecriativo.pt\/wp-content\/uploads\/2025\/08\/2016-05-31-120532rc-mesa-ajudadajpg.jpg\" alt=\"\">        <\/div>\n      <\/div>\n    <\/div>\n    \t\t\t\t<\/div>\n\t\t\t\t<\/div>\n\t\t\t\t<\/div>\n\t\t<div class=\"elementor-element elementor-element-37903329 e-flex e-con-boxed e-con e-child\" data-id=\"37903329\" data-element_type=\"container\" data-settings=\"{&quot;jet_parallax_layout_list&quot;:[]}\">\n\t\t\t\t\t<div class=\"e-con-inner\">\n\t\t<div class=\"elementor-element elementor-element-525136fb e-con-full e-flex e-con e-child\" data-id=\"525136fb\" data-element_type=\"container\" data-settings=\"{&quot;jet_parallax_layout_list&quot;:[]}\">\n\t\t\t\t<div class=\"elementor-element elementor-element-6f9b7dfd elementor-widget elementor-widget-heading\" data-id=\"6f9b7dfd\" data-element_type=\"widget\" data-widget_type=\"heading.default\">\n\t\t\t\t<div class=\"elementor-widget-container\">\n\t\t\t\t\t<h2 class=\"elementor-heading-title elementor-size-default\">Sobre a Mesa Ajudada<\/h2>\t\t\t\t<\/div>\n\t\t\t\t<\/div>\n\t\t\t\t<div class=\"elementor-element elementor-element-4714fb88 elementor-widget__width-initial dng-c-rich-text-section elementor-widget elementor-widget-text-editor\" data-id=\"4714fb88\" data-element_type=\"widget\" data-widget_type=\"text-editor.default\">\n\t\t\t\t<div class=\"elementor-widget-container\">\n\t\t\t\t\t\t\t\t\t<p>Juntar em Loul\u00e9 artistas e artes\u00e3os escoceses e portugueses para gerar uma sinergia de discursos e de pr\u00e1ticas sobre comunidade, trazendo-os para o espa\u00e7o contempor\u00e2neo de conflu\u00eancia da arte, dos of\u00edcios e da cultura. Uma mesa que evoca a pr\u00e1tica rural da \u201cajudada\u201d para afirmar os valores da entreajuda e da partilha como solu\u00e7\u00e3o para um futuro mais sustent\u00e1vel.<\/p><p>A mesa \u00e9 uma met\u00e1fora que fala de comunidade. Uma interven\u00e7\u00e3o art\u00edstica que traz os temas do territ\u00f3rio e do bem comum para a contemporaneidade.<br \/>Doze dias, doze pessoas, um desafio. Preparar uma refei\u00e7\u00e3o em que tudo fosse criado coletivamente pelos participantes: a mesa, as panelas, os talheres, os pratos, os copos\u2026 o menu.<\/p><p>O resultado deste trabalho coletivo s\u00e3o duas mesas de madeira de oliveira e pinho, quatro bancos de pinho e cana, um tacho e uma panela de lat\u00e3o, doze colheres e doze garfos de ferro forjado, duas conchas de ferro soldado, duas colheres de madeira de oliveira, quatro cestas de cana, um jarro de barro para o vinho, doze pratos de sopa, vinte e quatro copos, duas bases e pequenas ta\u00e7as de cer\u00e2mica. E, o mais importante, uma hist\u00f3ria sobre o papel do coletivo no futuro do territ\u00f3rio para ir recontando.<\/p>\t\t\t\t\t\t\t\t<\/div>\n\t\t\t\t<\/div>\n\t\t\t\t<\/div>\n\t\t<div class=\"elementor-element elementor-element-36b991dd e-con-full e-flex e-con e-child\" data-id=\"36b991dd\" data-element_type=\"container\" data-settings=\"{&quot;jet_parallax_layout_list&quot;:[]}\">\n\t\t\t\t<div class=\"elementor-element elementor-element-5f4f25bd elementor-widget elementor-widget-heading\" data-id=\"5f4f25bd\" data-element_type=\"widget\" data-widget_type=\"heading.default\">\n\t\t\t\t<div class=\"elementor-widget-container\">\n\t\t\t\t\t<h2 class=\"elementor-heading-title elementor-size-default\">Participantes<\/h2>\t\t\t\t<\/div>\n\t\t\t\t<\/div>\n\t\t\t\t<div class=\"elementor-element elementor-element-660f4ffc elementor-widget__width-auto elementor-widget elementor-widget-text-editor\" data-id=\"660f4ffc\" data-element_type=\"widget\" data-widget_type=\"text-editor.default\">\n\t\t\t\t<div class=\"elementor-widget-container\">\n\t\t\t\t\t\t\t\t\t<ul><li>Analide Carmo (caldeireiro)<\/li><li>Beth Didwell (ceramista)<\/li><li>Domingos Vaz (artes\u00e3o da cana)<\/li><li>Francisco Dias (artes\u00e3o do metal)<\/li><li>Fernando Henriques (artes\u00e3o da madeira)<\/li><li>Gavin Smith (artes\u00e3o da talha)<\/li><li>Gra\u00e7a Palma (organiza\u00e7\u00e3o)<\/li><li>Jesus Dias (mestre de tradi\u00e7\u00f5es locais)<\/li><li>Marco Cristovam (ferreiro)<\/li><li>Nuno Sacramento (curador)<\/li><li>Sofia Oliveira (arquiteta)<\/li><li>Tiago Ferreira (designer)<\/li><\/ul>\t\t\t\t\t\t\t\t<\/div>\n\t\t\t\t<\/div>\n\t\t\t\t<div class=\"elementor-element elementor-element-4d464d36 elementor-widget elementor-widget-heading\" data-id=\"4d464d36\" data-element_type=\"widget\" data-widget_type=\"heading.default\">\n\t\t\t\t<div class=\"elementor-widget-container\">\n\t\t\t\t\t<h2 class=\"elementor-heading-title elementor-size-default\">Facilitadora<\/h2>\t\t\t\t<\/div>\n\t\t\t\t<\/div>\n\t\t\t\t<div class=\"elementor-element elementor-element-3573f5e8 elementor-widget__width-auto elementor-widget elementor-widget-text-editor\" data-id=\"3573f5e8\" data-element_type=\"widget\" data-widget_type=\"text-editor.default\">\n\t\t\t\t<div class=\"elementor-widget-container\">\n\t\t\t\t\t\t\t\t\t<ul><li>D\u00e1lia Paulo \u2013 Divis\u00e3o da Cultura \u2013 C\u00e2mara Municipal de Loul\u00e9<\/li><\/ul>\t\t\t\t\t\t\t\t<\/div>\n\t\t\t\t<\/div>\n\t\t\t\t<\/div>\n\t\t\t\t\t<\/div>\n\t\t\t\t<\/div>\n\t\t<div class=\"elementor-element elementor-element-74ae7974 e-flex e-con-boxed e-con e-parent\" data-id=\"74ae7974\" data-element_type=\"container\" data-settings=\"{&quot;jet_parallax_layout_list&quot;:[]}\">\n\t\t\t\t\t<div class=\"e-con-inner\">\n\t\t\t\t<div class=\"elementor-element elementor-element-5c53ad24 elementor-widget__width-inherit elementor-widget elementor-widget-dng_original_slideshow\" data-id=\"5c53ad24\" data-element_type=\"widget\" data-widget_type=\"dng_original_slideshow.default\">\n\t\t\t\t<div class=\"elementor-widget-container\">\n\t\t\t\t\t<div data-dng-c-slideshow class=\"dng-c-slideshow h-full\">\n      <div class=\"swiper h-full\">\n        <div class=\"swiper-wrapper h-full\">\n            <div class=\"swiper-slide h-full overflow-hidden w-auto aspect-[16\/8]\">\n      <img decoding=\"async\"  class=\"w-full !h-full object-cover object-center\" src=\"https:\/\/loulecriativo.pt\/wp-content\/uploads\/2025\/08\/IMG_6771-1920x1080.jpg\" alt=\"\">          <\/div>\n                  <div class=\"swiper-slide h-full overflow-hidden w-auto aspect-[16\/8]\">\n      <img decoding=\"async\"  class=\"w-full !h-full object-cover object-center\" src=\"https:\/\/loulecriativo.pt\/wp-content\/uploads\/2025\/08\/Makers-Meal-em-curso-040-1920x1080.jpg\" alt=\"\">          <\/div>\n                  <div class=\"swiper-slide h-full overflow-hidden w-auto aspect-[16\/8]\">\n      <img decoding=\"async\"  class=\"w-full !h-full object-cover object-center\" src=\"https:\/\/loulecriativo.pt\/wp-content\/uploads\/2025\/08\/MesaAjudada2016-05-31-120552rc-mesa-ajudada-7jpg.jpg\" alt=\"\">          <\/div>\n                  <div class=\"swiper-slide h-full overflow-hidden w-auto aspect-[16\/8]\">\n      <img decoding=\"async\"  class=\"w-full !h-full object-cover object-center\" src=\"https:\/\/loulecriativo.pt\/wp-content\/uploads\/2025\/08\/MesaAjudada2016-05-31-120548rc-mesa-ajudada-6jpg.jpg\" alt=\"\">          <\/div>\n                  <div class=\"swiper-slide h-full overflow-hidden w-auto aspect-[16\/8]\">\n      <img decoding=\"async\"  class=\"w-full !h-full object-cover object-center\" src=\"https:\/\/loulecriativo.pt\/wp-content\/uploads\/2025\/08\/MesaAjudada_2016-05-31-120534rc-mesa-ajudada-2jpg.jpg\" alt=\"\">          <\/div>\n                  <div class=\"swiper-slide h-full overflow-hidden w-auto aspect-[16\/8]\">\n      <img decoding=\"async\"  class=\"w-full !h-full object-cover object-center\" src=\"https:\/\/loulecriativo.pt\/wp-content\/uploads\/2025\/08\/MesaAjudada2016-05-31-120539rc-mesa-ajudada-4jpg.jpg\" alt=\"\">          <\/div>\n                  <div class=\"swiper-slide h-full overflow-hidden w-auto aspect-[16\/8]\">\n      <img decoding=\"async\"  class=\"w-full !h-full object-cover object-center\" src=\"https:\/\/loulecriativo.pt\/wp-content\/uploads\/2025\/08\/MesaAjudada2016-05-31-120536rc-mesa-ajudada-3jpg.jpg\" alt=\"\">          <\/div>\n                  <div class=\"swiper-slide h-full overflow-hidden w-auto aspect-[16\/8]\">\n      <img decoding=\"async\"  class=\"w-full !h-full object-cover object-center\" src=\"https:\/\/loulecriativo.pt\/wp-content\/uploads\/2025\/08\/MesaAjudada2016-05-31-120556rc-mesa-ajudada-8jpg.jpg\" alt=\"\">          <\/div>\n                  <div class=\"swiper-slide h-full overflow-hidden w-auto aspect-[16\/8]\">\n      <img decoding=\"async\"  class=\"w-full !h-full object-cover object-center\" src=\"https:\/\/loulecriativo.pt\/wp-content\/uploads\/2025\/08\/IMG_7599-1920x1080.jpg\" alt=\"\">          <\/div>\n                  <div class=\"swiper-slide h-full overflow-hidden w-auto aspect-[16\/8]\">\n      <img decoding=\"async\"  class=\"w-full !h-full object-cover object-center\" src=\"https:\/\/loulecriativo.pt\/wp-content\/uploads\/2025\/08\/MesaAjudada2016-05-31-120605rc-mesa-ajudada-10jpg-1.jpg\" alt=\"\">          <\/div>\n                  <\/div>\n                  <div class=\"swiper-pagination\"><\/div>\n                      <\/div>\n    <\/div>\n    \t\t\t\t<\/div>\n\t\t\t\t<\/div>\n\t\t\t\t\t<\/div>\n\t\t\t\t<\/div>\n\t\t<div class=\"elementor-element elementor-element-6fef45f4 e-flex e-con-boxed e-con e-child\" data-id=\"6fef45f4\" data-element_type=\"container\" data-settings=\"{&quot;jet_parallax_layout_list&quot;:[]}\">\n\t\t\t\t\t<div class=\"e-con-inner\">\n\t\t\t\t<div class=\"elementor-element elementor-element-4856fa55 elementor-widget elementor-widget-heading\" data-id=\"4856fa55\" data-element_type=\"widget\" data-widget_type=\"heading.default\">\n\t\t\t\t<div class=\"elementor-widget-container\">\n\t\t\t\t\t<h2 class=\"elementor-heading-title elementor-size-default\">Programa<\/h2>\t\t\t\t<\/div>\n\t\t\t\t<\/div>\n\t\t\t\t<div class=\"elementor-element elementor-element-259ead9b elementor-widget__width-initial dng-c-rich-text-section elementor-widget elementor-widget-text-editor\" data-id=\"259ead9b\" data-element_type=\"widget\" data-widget_type=\"text-editor.default\">\n\t\t\t\t<div class=\"elementor-widget-container\">\n\t\t\t\t\t\t\t\t\t<p>O desafio colocado ao grupo foi o de comungar uma refei\u00e7\u00e3o em que tudo o que fizesse parte da mesma fosse produzido em coletivo com os recursos do territ\u00f3rio \u2013 o interior do concelho de Loul\u00e9.<\/p><p>A comida ditava a especificidade das pe\u00e7as a produzir, mas tamb\u00e9m evocava a hist\u00f3ria que urgia contar, acerca da resili\u00eancia das comunidades rurais do Barrocal e da Serra, sobre a escassez alimentar e a intelig\u00eancia no aproveitamento dos parcos recursos. Numa palavra: sobreviv\u00eancia.<\/p>\t\t\t\t\t\t\t\t<\/div>\n\t\t\t\t<\/div>\n\t\t\t\t\t<\/div>\n\t\t\t\t<\/div>\n\t\t<div class=\"elementor-element elementor-element-691ba84c e-grid e-con-boxed e-con e-child\" data-id=\"691ba84c\" data-element_type=\"container\" data-settings=\"{&quot;jet_parallax_layout_list&quot;:[]}\">\n\t\t\t\t\t<div class=\"e-con-inner\">\n\t\t<div class=\"elementor-element elementor-element-3e490ad2 e-con-full e-flex e-con e-child\" data-id=\"3e490ad2\" data-element_type=\"container\" data-settings=\"{&quot;jet_parallax_layout_list&quot;:[]}\">\n\t\t\t\t<div class=\"elementor-element elementor-element-452e1164 elementor-widget elementor-widget-heading\" data-id=\"452e1164\" data-element_type=\"widget\" data-widget_type=\"heading.default\">\n\t\t\t\t<div class=\"elementor-widget-container\">\n\t\t\t\t\t<h2 class=\"elementor-heading-title elementor-size-default\">Dura\u00e7\u00e3o<\/h2>\t\t\t\t<\/div>\n\t\t\t\t<\/div>\n\t\t\t\t<div class=\"elementor-element elementor-element-12ee9f8e elementor-widget__width-initial elementor-widget elementor-widget-text-editor\" data-id=\"12ee9f8e\" data-element_type=\"widget\" data-widget_type=\"text-editor.default\">\n\t\t\t\t<div class=\"elementor-widget-container\">\n\t\t\t\t\t\t\t\t\t<p>12 dias<\/p>\t\t\t\t\t\t\t\t<\/div>\n\t\t\t\t<\/div>\n\t\t\t\t<\/div>\n\t\t<div class=\"elementor-element elementor-element-4f16d971 e-con-full e-flex e-con e-child\" data-id=\"4f16d971\" data-element_type=\"container\" data-settings=\"{&quot;jet_parallax_layout_list&quot;:[]}\">\n\t\t\t\t<div class=\"elementor-element elementor-element-191b49ab elementor-widget elementor-widget-heading\" data-id=\"191b49ab\" data-element_type=\"widget\" data-widget_type=\"heading.default\">\n\t\t\t\t<div class=\"elementor-widget-container\">\n\t\t\t\t\t<h2 class=\"elementor-heading-title elementor-size-default\">Datas<\/h2>\t\t\t\t<\/div>\n\t\t\t\t<\/div>\n\t\t\t\t<div class=\"elementor-element elementor-element-30339d6b elementor-widget__width-initial elementor-widget elementor-widget-text-editor\" data-id=\"30339d6b\" data-element_type=\"widget\" data-widget_type=\"text-editor.default\">\n\t\t\t\t<div class=\"elementor-widget-container\">\n\t\t\t\t\t\t\t\t\t<p>De 12 a 23 de outubro de 2015<\/p>\t\t\t\t\t\t\t\t<\/div>\n\t\t\t\t<\/div>\n\t\t\t\t<\/div>\n\t\t<div class=\"elementor-element elementor-element-b9e7bf0 e-con-full e-flex e-con e-child\" data-id=\"b9e7bf0\" data-element_type=\"container\" data-settings=\"{&quot;jet_parallax_layout_list&quot;:[]}\">\n\t\t\t\t<div class=\"elementor-element elementor-element-1076c444 elementor-widget elementor-widget-heading\" data-id=\"1076c444\" data-element_type=\"widget\" data-widget_type=\"heading.default\">\n\t\t\t\t<div class=\"elementor-widget-container\">\n\t\t\t\t\t<h2 class=\"elementor-heading-title elementor-size-default\">Local<\/h2>\t\t\t\t<\/div>\n\t\t\t\t<\/div>\n\t\t\t\t<div class=\"elementor-element elementor-element-41362b4f elementor-widget__width-initial elementor-widget elementor-widget-text-editor\" data-id=\"41362b4f\" data-element_type=\"widget\" data-widget_type=\"text-editor.default\">\n\t\t\t\t<div class=\"elementor-widget-container\">\n\t\t\t\t\t\t\t\t\t<p>Casa do Castelo (Largo D. Pedro I), Loul\u00e9<\/p>\t\t\t\t\t\t\t\t<\/div>\n\t\t\t\t<\/div>\n\t\t\t\t<\/div>\n\t\t<div class=\"elementor-element elementor-element-13b5a145 e-con-full e-flex e-con e-child\" data-id=\"13b5a145\" data-element_type=\"container\" data-settings=\"{&quot;jet_parallax_layout_list&quot;:[]}\">\n\t\t\t\t<div class=\"elementor-element elementor-element-46896957 elementor-widget elementor-widget-heading\" data-id=\"46896957\" data-element_type=\"widget\" data-widget_type=\"heading.default\">\n\t\t\t\t<div class=\"elementor-widget-container\">\n\t\t\t\t\t<h2 class=\"elementor-heading-title elementor-size-default\">Organiza\u00e7\u00e3o<\/h2>\t\t\t\t<\/div>\n\t\t\t\t<\/div>\n\t\t\t\t<div class=\"elementor-element elementor-element-140c165 elementor-widget__width-initial elementor-widget elementor-widget-text-editor\" data-id=\"140c165\" data-element_type=\"widget\" data-widget_type=\"text-editor.default\">\n\t\t\t\t<div class=\"elementor-widget-container\">\n\t\t\t\t\t\t\t\t\t<p>SSW &#8211; Scottish Sculpture Workshop e Proactivetur\/Projecto TASA<\/p>\t\t\t\t\t\t\t\t<\/div>\n\t\t\t\t<\/div>\n\t\t\t\t<\/div>\n\t\t<div class=\"elementor-element elementor-element-87ab0f3 e-con-full e-flex e-con e-child\" data-id=\"87ab0f3\" data-element_type=\"container\" data-settings=\"{&quot;jet_parallax_layout_list&quot;:[]}\">\n\t\t\t\t<div class=\"elementor-element elementor-element-2ee54a0e elementor-widget elementor-widget-heading\" data-id=\"2ee54a0e\" data-element_type=\"widget\" data-widget_type=\"heading.default\">\n\t\t\t\t<div class=\"elementor-widget-container\">\n\t\t\t\t\t<h2 class=\"elementor-heading-title elementor-size-default\">Promotor<\/h2>\t\t\t\t<\/div>\n\t\t\t\t<\/div>\n\t\t\t\t<div class=\"elementor-element elementor-element-48e05c99 elementor-widget__width-initial elementor-widget elementor-widget-text-editor\" data-id=\"48e05c99\" data-element_type=\"widget\" data-widget_type=\"text-editor.default\">\n\t\t\t\t<div class=\"elementor-widget-container\">\n\t\t\t\t\t\t\t\t\t<p>C\u00e2mara Municipal de Loul\u00e9<\/p>\t\t\t\t\t\t\t\t<\/div>\n\t\t\t\t<\/div>\n\t\t\t\t<\/div>\n\t\t<div class=\"elementor-element elementor-element-4643c727 e-con-full e-flex e-con e-child\" data-id=\"4643c727\" data-element_type=\"container\" data-settings=\"{&quot;jet_parallax_layout_list&quot;:[]}\">\n\t\t\t\t<div class=\"elementor-element elementor-element-9fc8d47 elementor-widget elementor-widget-heading\" data-id=\"9fc8d47\" data-element_type=\"widget\" data-widget_type=\"heading.default\">\n\t\t\t\t<div class=\"elementor-widget-container\">\n\t\t\t\t\t<h2 class=\"elementor-heading-title elementor-size-default\">Conce\u00e7\u00e3o<\/h2>\t\t\t\t<\/div>\n\t\t\t\t<\/div>\n\t\t\t\t<div class=\"elementor-element elementor-element-40608bf elementor-widget__width-initial elementor-widget elementor-widget-text-editor\" data-id=\"40608bf\" data-element_type=\"widget\" data-widget_type=\"text-editor.default\">\n\t\t\t\t<div class=\"elementor-widget-container\">\n\t\t\t\t\t\t\t\t\t<p>SSW &#8211; Scottish Sculpture Workshop<\/p>\t\t\t\t\t\t\t\t<\/div>\n\t\t\t\t<\/div>\n\t\t\t\t<\/div>\n\t\t\t\t\t<\/div>\n\t\t\t\t<\/div>\n\t\t\t\t<\/div>\n\t\t","protected":false},"excerpt":{"rendered":"<p>Home Resid\u00eancias Criativas Resid\u00eancia Criativa Mesa Ajudada &#8211; Makers\u00b4Meal Outubro 2015 Sobre a Mesa Ajudada Juntar em Loul\u00e9 artistas e artes\u00e3os escoceses e portugueses para gerar uma sinergia de discursos e de pr\u00e1ticas sobre comunidade, trazendo-os para o espa\u00e7o contempor\u00e2neo de conflu\u00eancia da arte, dos of\u00edcios e da cultura. Uma mesa que evoca a pr\u00e1tica [&hellip;]<\/p>\n","protected":false},"featured_media":4042,"template":"","meta":{"_acf_changed":false},"class_list":["post-11495","lc_event","type-lc_event","status-publish","has-post-thumbnail","hentry"],"acf":[],"yoast_head":"<!-- This site is optimized with the Yoast SEO Premium plugin v25.9 (Yoast SEO v26.5) - https:\/\/yoast.com\/wordpress\/plugins\/seo\/ -->\n<title>Mesa Ajudada \u2013 Makers\u2019 Meal - Loul\u00e9 Criativo<\/title>\n<meta name=\"robots\" content=\"index, follow, max-snippet:-1, max-image-preview:large, max-video-preview:-1\" \/>\n<link rel=\"canonical\" href=\"https:\/\/loulecriativo.pt\/pt\/residencias-criativas\/mesa-ajudada-makers-meal-2\/\" \/>\n<meta property=\"og:locale\" content=\"pt_PT\" \/>\n<meta property=\"og:type\" content=\"article\" \/>\n<meta property=\"og:title\" content=\"Mesa Ajudada \u2013 Makers\u2019 Meal\" \/>\n<meta property=\"og:description\" content=\"Home Resid\u00eancias Criativas Resid\u00eancia Criativa Mesa Ajudada &#8211; Makers\u00b4Meal Outubro 2015 Sobre a Mesa Ajudada Juntar em Loul\u00e9 artistas e artes\u00e3os escoceses e portugueses para gerar uma sinergia de discursos e de pr\u00e1ticas sobre comunidade, trazendo-os para o espa\u00e7o contempor\u00e2neo de conflu\u00eancia da arte, dos of\u00edcios e da cultura. Uma mesa que evoca a pr\u00e1tica [&hellip;]\" \/>\n<meta property=\"og:url\" content=\"https:\/\/loulecriativo.pt\/pt\/residencias-criativas\/mesa-ajudada-makers-meal-2\/\" \/>\n<meta property=\"og:site_name\" content=\"Loul\u00e9 Criativo\" \/>\n<meta property=\"article:modified_time\" content=\"2026-01-16T06:39:28+00:00\" \/>\n<meta property=\"og:image\" content=\"https:\/\/loulecriativo.pt\/wp-content\/uploads\/2025\/08\/2016-05-31-120532rc-mesa-ajudadajpg.jpg\" \/>\n\t<meta property=\"og:image:width\" content=\"1600\" \/>\n\t<meta property=\"og:image:height\" content=\"933\" \/>\n\t<meta property=\"og:image:type\" content=\"image\/jpeg\" \/>\n<meta name=\"twitter:card\" content=\"summary_large_image\" \/>\n<meta name=\"twitter:label1\" content=\"Est. reading time\" \/>\n\t<meta name=\"twitter:data1\" content=\"5 minutes\" \/>\n<script type=\"application\/ld+json\" class=\"yoast-schema-graph\">{\"@context\":\"https:\/\/schema.org\",\"@graph\":[{\"@type\":\"WebPage\",\"@id\":\"https:\/\/loulecriativo.pt\/pt\/residencias-criativas\/mesa-ajudada-makers-meal-2\/\",\"url\":\"https:\/\/loulecriativo.pt\/pt\/residencias-criativas\/mesa-ajudada-makers-meal-2\/\",\"name\":\"Mesa Ajudada \u2013 Makers\u2019 Meal - Loul\u00e9 Criativo\",\"isPartOf\":{\"@id\":\"https:\/\/loulecriativo.pt\/pt\/#website\"},\"primaryImageOfPage\":{\"@id\":\"https:\/\/loulecriativo.pt\/pt\/residencias-criativas\/mesa-ajudada-makers-meal-2\/#primaryimage\"},\"image\":{\"@id\":\"https:\/\/loulecriativo.pt\/pt\/residencias-criativas\/mesa-ajudada-makers-meal-2\/#primaryimage\"},\"thumbnailUrl\":\"https:\/\/loulecriativo.pt\/wp-content\/uploads\/2025\/08\/2016-05-31-120532rc-mesa-ajudadajpg.jpg\",\"datePublished\":\"2025-11-04T12:22:19+00:00\",\"dateModified\":\"2026-01-16T06:39:28+00:00\",\"breadcrumb\":{\"@id\":\"https:\/\/loulecriativo.pt\/pt\/residencias-criativas\/mesa-ajudada-makers-meal-2\/#breadcrumb\"},\"inLanguage\":\"pt\",\"potentialAction\":[{\"@type\":\"ReadAction\",\"target\":[\"https:\/\/loulecriativo.pt\/pt\/residencias-criativas\/mesa-ajudada-makers-meal-2\/\"]}]},{\"@type\":\"ImageObject\",\"inLanguage\":\"pt\",\"@id\":\"https:\/\/loulecriativo.pt\/pt\/residencias-criativas\/mesa-ajudada-makers-meal-2\/#primaryimage\",\"url\":\"https:\/\/loulecriativo.pt\/wp-content\/uploads\/2025\/08\/2016-05-31-120532rc-mesa-ajudadajpg.jpg\",\"contentUrl\":\"https:\/\/loulecriativo.pt\/wp-content\/uploads\/2025\/08\/2016-05-31-120532rc-mesa-ajudadajpg.jpg\",\"width\":1600,\"height\":933},{\"@type\":\"BreadcrumbList\",\"@id\":\"https:\/\/loulecriativo.pt\/pt\/residencias-criativas\/mesa-ajudada-makers-meal-2\/#breadcrumb\",\"itemListElement\":[{\"@type\":\"ListItem\",\"position\":1,\"name\":\"Home\",\"item\":\"https:\/\/loulecriativo.pt\/pt\/\"},{\"@type\":\"ListItem\",\"position\":2,\"name\":\"Mesa Ajudada \u2013 Makers\u2019 Meal\"}]},{\"@type\":\"WebSite\",\"@id\":\"https:\/\/loulecriativo.pt\/pt\/#website\",\"url\":\"https:\/\/loulecriativo.pt\/pt\/\",\"name\":\"Loul\u00e9 Criativo\",\"description\":\"\",\"potentialAction\":[{\"@type\":\"SearchAction\",\"target\":{\"@type\":\"EntryPoint\",\"urlTemplate\":\"https:\/\/loulecriativo.pt\/pt\/?s={search_term_string}\"},\"query-input\":{\"@type\":\"PropertyValueSpecification\",\"valueRequired\":true,\"valueName\":\"search_term_string\"}}],\"inLanguage\":\"pt\"}]}<\/script>\n<!-- \/ Yoast SEO Premium plugin. -->","yoast_head_json":{"title":"Mesa Ajudada \u2013 Makers\u2019 Meal - Loul\u00e9 Criativo","robots":{"index":"index","follow":"follow","max-snippet":"max-snippet:-1","max-image-preview":"max-image-preview:large","max-video-preview":"max-video-preview:-1"},"canonical":"https:\/\/loulecriativo.pt\/pt\/residencias-criativas\/mesa-ajudada-makers-meal-2\/","og_locale":"pt_PT","og_type":"article","og_title":"Mesa Ajudada \u2013 Makers\u2019 Meal","og_description":"Home Resid\u00eancias Criativas Resid\u00eancia Criativa Mesa Ajudada &#8211; Makers\u00b4Meal Outubro 2015 Sobre a Mesa Ajudada Juntar em Loul\u00e9 artistas e artes\u00e3os escoceses e portugueses para gerar uma sinergia de discursos e de pr\u00e1ticas sobre comunidade, trazendo-os para o espa\u00e7o contempor\u00e2neo de conflu\u00eancia da arte, dos of\u00edcios e da cultura. Uma mesa que evoca a pr\u00e1tica [&hellip;]","og_url":"https:\/\/loulecriativo.pt\/pt\/residencias-criativas\/mesa-ajudada-makers-meal-2\/","og_site_name":"Loul\u00e9 Criativo","article_modified_time":"2026-01-16T06:39:28+00:00","og_image":[{"width":1600,"height":933,"url":"https:\/\/loulecriativo.pt\/wp-content\/uploads\/2025\/08\/2016-05-31-120532rc-mesa-ajudadajpg.jpg","type":"image\/jpeg"}],"twitter_card":"summary_large_image","twitter_misc":{"Est. reading time":"5 minutes"},"schema":{"@context":"https:\/\/schema.org","@graph":[{"@type":"WebPage","@id":"https:\/\/loulecriativo.pt\/pt\/residencias-criativas\/mesa-ajudada-makers-meal-2\/","url":"https:\/\/loulecriativo.pt\/pt\/residencias-criativas\/mesa-ajudada-makers-meal-2\/","name":"Mesa Ajudada \u2013 Makers\u2019 Meal - Loul\u00e9 Criativo","isPartOf":{"@id":"https:\/\/loulecriativo.pt\/pt\/#website"},"primaryImageOfPage":{"@id":"https:\/\/loulecriativo.pt\/pt\/residencias-criativas\/mesa-ajudada-makers-meal-2\/#primaryimage"},"image":{"@id":"https:\/\/loulecriativo.pt\/pt\/residencias-criativas\/mesa-ajudada-makers-meal-2\/#primaryimage"},"thumbnailUrl":"https:\/\/loulecriativo.pt\/wp-content\/uploads\/2025\/08\/2016-05-31-120532rc-mesa-ajudadajpg.jpg","datePublished":"2025-11-04T12:22:19+00:00","dateModified":"2026-01-16T06:39:28+00:00","breadcrumb":{"@id":"https:\/\/loulecriativo.pt\/pt\/residencias-criativas\/mesa-ajudada-makers-meal-2\/#breadcrumb"},"inLanguage":"pt","potentialAction":[{"@type":"ReadAction","target":["https:\/\/loulecriativo.pt\/pt\/residencias-criativas\/mesa-ajudada-makers-meal-2\/"]}]},{"@type":"ImageObject","inLanguage":"pt","@id":"https:\/\/loulecriativo.pt\/pt\/residencias-criativas\/mesa-ajudada-makers-meal-2\/#primaryimage","url":"https:\/\/loulecriativo.pt\/wp-content\/uploads\/2025\/08\/2016-05-31-120532rc-mesa-ajudadajpg.jpg","contentUrl":"https:\/\/loulecriativo.pt\/wp-content\/uploads\/2025\/08\/2016-05-31-120532rc-mesa-ajudadajpg.jpg","width":1600,"height":933},{"@type":"BreadcrumbList","@id":"https:\/\/loulecriativo.pt\/pt\/residencias-criativas\/mesa-ajudada-makers-meal-2\/#breadcrumb","itemListElement":[{"@type":"ListItem","position":1,"name":"Home","item":"https:\/\/loulecriativo.pt\/pt\/"},{"@type":"ListItem","position":2,"name":"Mesa Ajudada \u2013 Makers\u2019 Meal"}]},{"@type":"WebSite","@id":"https:\/\/loulecriativo.pt\/pt\/#website","url":"https:\/\/loulecriativo.pt\/pt\/","name":"Loul\u00e9 Criativo","description":"","potentialAction":[{"@type":"SearchAction","target":{"@type":"EntryPoint","urlTemplate":"https:\/\/loulecriativo.pt\/pt\/?s={search_term_string}"},"query-input":{"@type":"PropertyValueSpecification","valueRequired":true,"valueName":"search_term_string"}}],"inLanguage":"pt"}]}},"_links":{"self":[{"href":"https:\/\/loulecriativo.pt\/pt\/wp-json\/wp\/v2\/lc_event\/11495","targetHints":{"allow":["GET"]}}],"collection":[{"href":"https:\/\/loulecriativo.pt\/pt\/wp-json\/wp\/v2\/lc_event"}],"about":[{"href":"https:\/\/loulecriativo.pt\/pt\/wp-json\/wp\/v2\/types\/lc_event"}],"version-history":[{"count":20,"href":"https:\/\/loulecriativo.pt\/pt\/wp-json\/wp\/v2\/lc_event\/11495\/revisions"}],"predecessor-version":[{"id":15422,"href":"https:\/\/loulecriativo.pt\/pt\/wp-json\/wp\/v2\/lc_event\/11495\/revisions\/15422"}],"wp:featuredmedia":[{"embeddable":true,"href":"https:\/\/loulecriativo.pt\/pt\/wp-json\/wp\/v2\/media\/4042"}],"wp:attachment":[{"href":"https:\/\/loulecriativo.pt\/pt\/wp-json\/wp\/v2\/media?parent=11495"}],"curies":[{"name":"wp","href":"https:\/\/api.w.org\/{rel}","templated":true}]}}