{"id":11539,"date":"2025-11-10T12:50:17","date_gmt":"2025-11-10T12:50:17","guid":{"rendered":"https:\/\/loulecriativo.pt\/?post_type=lc_event&#038;p=11539"},"modified":"2025-12-02T12:53:23","modified_gmt":"2025-12-02T12:53:23","slug":"escola-de-verao-metal-em-loule","status":"publish","type":"lc_event","link":"https:\/\/loulecriativo.pt\/pt\/residencias-criativas\/escola-de-verao-metal-em-loule\/","title":{"rendered":"Escola de Ver\u00e3o Metal em Loul\u00e9"},"content":{"rendered":"\t\t<div data-elementor-type=\"wp-post\" data-elementor-id=\"11539\" class=\"elementor elementor-11539\" data-elementor-post-type=\"lc_event\">\n\t\t\t\t<div class=\"elementor-element elementor-element-2024bec e-con-full e-flex e-con e-parent\" data-id=\"2024bec\" data-element_type=\"container\" data-settings=\"{&quot;jet_parallax_layout_list&quot;:[]}\">\n\t\t<div class=\"elementor-element elementor-element-096b3d3 e-flex e-con-boxed e-con e-child\" data-id=\"096b3d3\" data-element_type=\"container\" data-settings=\"{&quot;jet_parallax_layout_list&quot;:[]}\">\n\t\t\t\t\t<div class=\"e-con-inner\">\n\t\t\t\t<div class=\"elementor-element elementor-element-f99e82b elementor-widget elementor-widget-dng_breadcrumbs\" data-id=\"f99e82b\" data-element_type=\"widget\" data-widget_type=\"dng_breadcrumbs.default\">\n\t\t\t\t<div class=\"elementor-widget-container\">\n\t\t\t\t\t    <div data-dng-c-breadcrumbs class=\"dng-c-breadcrumbs flex items-center justify-start gap-xxs\">\n      \n        <a\n     class=\"whitespace-nowrap overflow-ellipsis overflow-hidden text-body-2 item !text-inherit text-[var(--dng-text-color), var(--wp--preset--color--brown))]\" \n      href=\"https:\/\/loulecriativo.pt\/pt\/\" \n        >\n    Home\n<\/a>\n        <svg class=\"separator\" width=\"6\" height=\"10\" viewBox=\"0 0 6 10\" fill=\"none\" xmlns=\"http:\/\/www.w3.org\/2000\/svg\">\n          <path d=\"M6.00005 5L1.00005 10L0.300049 9.3L4.60005 5L0.300049 0.7L1.00005 0L6.00005 5Z\" fill=\"var(--dng-text-color, var(--wp--preset--color--brown))\"\/>\n        <\/svg>\n        <a\n     class=\"whitespace-nowrap overflow-ellipsis overflow-hidden text-body-2 item !text-inherit text-[var(--dng-text-color), var(--wp--preset--color--brown))]\" \n      href=\"https:\/\/loulecriativo.pt\/pt\/residencias-criativas\/\" \n        >\n    Resid\u00eancias Criativas\n<\/a>\n        <svg class=\"separator\" width=\"6\" height=\"10\" viewBox=\"0 0 6 10\" fill=\"none\" xmlns=\"http:\/\/www.w3.org\/2000\/svg\">\n          <path d=\"M6.00005 5L1.00005 10L0.300049 9.3L4.60005 5L0.300049 0.7L1.00005 0L6.00005 5Z\" fill=\"var(--dng-text-color, var(--wp--preset--color--brown))\"\/>\n        <\/svg>\n          <div class=\"current-page text-body-2 whitespace-nowrap overflow-ellipsis overflow-hidden\">\n      Escola de Ver\u00e3o Metal em Loul\u00e9    <\/div>\n          <\/div>\n    \t\t\t\t<\/div>\n\t\t\t\t<\/div>\n\t\t\t\t\t<\/div>\n\t\t\t\t<\/div>\n\t\t\t\t<div class=\"elementor-element elementor-element-c213c62 elementor-widget elementor-widget-dng_activity_banner\" data-id=\"c213c62\" data-element_type=\"widget\" data-widget_type=\"dng_activity_banner.default\">\n\t\t\t\t<div class=\"elementor-widget-container\">\n\t\t\t\t\t    <div data-dng-c-activity-banner class=\"dng-c-activity-banner\">\n      <div class=\"container\">\n        <div class=\"pre-title\" data-pretitle>\n    RESID\u00caNCIA CRIATIVA        <\/div>\n        <h1 class=\"title\" data-title>\n    Escola de Ver\u00e3o Metal em Loul\u00e9        <\/h1>\n        \n            <div class=\"post-title text-body-1\">\n      Julho 2021        <\/div>\n                \n        <div class=\"thumbnail\" data-thumbnail>\n    <img decoding=\"async\"  class=\"\" src=\"https:\/\/loulecriativo.pt\/wp-content\/uploads\/2025\/11\/Summer-School-2021-Metal-in-Portugal_Jorge-Graca\u00a9Michelangelo-Foundation_2223601-1-scaled-e1764674234321-1770x1080.jpg\" alt=\"\">        <\/div>\n      <\/div>\n    <\/div>\n    \t\t\t\t<\/div>\n\t\t\t\t<\/div>\n\t\t\t\t<\/div>\n\t\t<div class=\"elementor-element elementor-element-2bbfccf e-flex e-con-boxed e-con e-parent\" data-id=\"2bbfccf\" data-element_type=\"container\" data-settings=\"{&quot;jet_parallax_layout_list&quot;:[],&quot;background_background&quot;:&quot;classic&quot;}\">\n\t\t\t\t\t<div class=\"e-con-inner\">\n\t\t\t\t<div class=\"elementor-element elementor-element-6ed451a elementor-widget elementor-widget-text-editor\" data-id=\"6ed451a\" data-element_type=\"widget\" data-widget_type=\"text-editor.default\">\n\t\t\t\t<div class=\"elementor-widget-container\">\n\t\t\t\t\t\t\t\t\t<h2>Sobre a Escola de Ver\u00e3o Metal em Loul\u00e9<\/h2>\t\t\t\t\t\t\t\t<\/div>\n\t\t\t\t<\/div>\n\t\t\t\t<div class=\"elementor-element elementor-element-90e4e7a elementor-widget elementor-widget-text-editor\" data-id=\"90e4e7a\" data-element_type=\"widget\" data-widget_type=\"text-editor.default\">\n\t\t\t\t<div class=\"elementor-widget-container\">\n\t\t\t\t\t\t\t\t\t<p>O metal n\u00e3o \u00e9 o material mais sustent\u00e1vel, mas, se for respeitado e utilizado da forma correta, poder\u00e1 durar por v\u00e1rias gera\u00e7\u00f5es.<br \/><br data-start=\"211\" data-end=\"214\" \/>Como \u00e9 que o design pode abordar este desafio? O que valorizamos hoje, continuar\u00e1 a ser valorizado dentro de 100 ou 1000 anos? De que forma um saber-fazer de excel\u00eancia poder\u00e1 contribuir para esse valor?<\/p><p>Este curso intensivo foi organizado pela Passa ao Futuro em parceria com a Funda\u00e7\u00e3o Michelangelo, o Loul\u00e9 Criativo e a Funda\u00e7\u00e3o Ricardo do Esp\u00edrito Santo Silva. Foram selecionados 10 estudantes para trabalhar com 6 artes\u00e3os. 2 dias em Lisboa a experienciar 3 t\u00e9cnicas de fundi\u00e7\u00e3o, metalurgia e estanho. 3 dias em Loul\u00e9 dedicados \u00e0 cinzelagem, filigrana e caldeiraria.\u00a0A primeira semana foi de forma\u00e7\u00e3o e na segunda cada estudante esteve dedicado a uma t\u00e9cnica.<\/p><p>O desafio final colocado ao grupo foi a cria\u00e7\u00e3o de um conjunto de mesa que seja um est\u00edmulo \u00e0 intera\u00e7\u00e3o. Uma cole\u00e7\u00e3o de objetos emocionais que liguem as pessoas, com uma faceta l\u00fadica que toque a consci\u00eancia e a percep\u00e7\u00e3o humanas. A longevidade destes objetos atinge-se assim pelo instigar das rela\u00e7\u00f5es humanas, o que leva a que estes ganhem lugar na mem\u00f3ria e sejam passados de gera\u00e7\u00e3o em gera\u00e7\u00e3o como verdadeiros tesouros.<\/p>\t\t\t\t\t\t\t\t<\/div>\n\t\t\t\t<\/div>\n\t\t\t\t\t<\/div>\n\t\t\t\t<\/div>\n\t\t<div class=\"elementor-element elementor-element-adc342e e-con-full e-flex e-con e-parent\" data-id=\"adc342e\" data-element_type=\"container\" data-settings=\"{&quot;jet_parallax_layout_list&quot;:[],&quot;background_background&quot;:&quot;classic&quot;}\">\n\t\t\t\t<div class=\"elementor-element elementor-element-1adeaa8 elementor-widget elementor-widget-dng_slideshow\" data-id=\"1adeaa8\" data-element_type=\"widget\" data-widget_type=\"dng_slideshow.default\">\n\t\t\t\t<div class=\"elementor-widget-container\">\n\t\t\t\t\t<div data-dng-c-slideshow class=\"dng-c-slideshow h-full\">\n      <div class=\"swiper h-full\">\n        <div class=\"swiper-wrapper h-full\">\n            <div class=\"swiper-slide h-full overflow-hidden w-auto aspect-[16\/8]\">\n      <img decoding=\"async\"  class=\"w-full !h-full object-cover object-center\" src=\"https:\/\/loulecriativo.pt\/wp-content\/uploads\/2025\/05\/Summer-School-2021-Metal-in-Portugal_Jorge-Graca\u00a9Michelangelo-Foundation_2224196-scaled.jpg\" alt=\"\">          <\/div>\n                  <div class=\"swiper-slide h-full overflow-hidden w-auto aspect-[16\/8]\">\n      <img decoding=\"async\"  class=\"w-full !h-full object-cover object-center\" src=\"https:\/\/loulecriativo.pt\/wp-content\/uploads\/2025\/05\/Summer-School-2021-Metal-in-Portugal_Jorge-Graca\u00a9Michelangelo-Foundation_2224197-scaled.jpg\" alt=\"\">          <\/div>\n                  <div class=\"swiper-slide h-full overflow-hidden w-auto aspect-[16\/8]\">\n      <img decoding=\"async\"  class=\"w-full !h-full object-cover object-center\" src=\"https:\/\/loulecriativo.pt\/wp-content\/uploads\/2025\/05\/Summer-School-2021-Metal-in-Portugal_Jorge-Graca\u00a9Michelangelo-Foundation_2224180-scaled.jpg\" alt=\"\">          <\/div>\n                  <div class=\"swiper-slide h-full overflow-hidden w-auto aspect-[16\/8]\">\n      <img decoding=\"async\"  class=\"w-full !h-full object-cover object-center\" src=\"https:\/\/loulecriativo.pt\/wp-content\/uploads\/2025\/05\/Summer-School-2021-Metal-in-Portugal_Jorge-Graca\u00a9Michelangelo-Foundation_2221597-scaled.jpg\" alt=\"\">          <\/div>\n                  <div class=\"swiper-slide h-full overflow-hidden w-auto aspect-[16\/8]\">\n      <img decoding=\"async\"  class=\"w-full !h-full object-cover object-center\" src=\"https:\/\/loulecriativo.pt\/wp-content\/uploads\/2025\/05\/Summer-School-2021-Metal-in-Portugal_Jorge-Graca\u00a9Michelangelo-Foundation_2221595-scaled.jpg\" alt=\"\">          <\/div>\n                  <div class=\"swiper-slide h-full overflow-hidden w-auto aspect-[16\/8]\">\n      <img decoding=\"async\"  class=\"w-full !h-full object-cover object-center\" src=\"https:\/\/loulecriativo.pt\/wp-content\/uploads\/2025\/05\/Summer-School-2021-Metal-in-Portugal_Jorge-Graca\u00a9Michelangelo-Foundation_2223609-scaled.jpg\" alt=\"\">          <\/div>\n                  <div class=\"swiper-slide h-full overflow-hidden w-auto aspect-[16\/8]\">\n      <img decoding=\"async\"  class=\"w-full !h-full object-cover object-center\" src=\"https:\/\/loulecriativo.pt\/wp-content\/uploads\/2025\/11\/Summer-School-2021-Metal-in-Portugal_Jorge-Graca\u00a9Michelangelo-Foundation_2214915.jpg\" alt=\"\">          <\/div>\n                  <div class=\"swiper-slide h-full overflow-hidden w-auto aspect-[16\/8]\">\n      <img decoding=\"async\"  class=\"w-full !h-full object-cover object-center\" src=\"https:\/\/loulecriativo.pt\/wp-content\/uploads\/2025\/11\/Summer-School-2021-Metal-in-Portugal_Jorge-Graca\u00a9Michelangelo-Foundation_2215699.jpg\" alt=\"\">          <\/div>\n                  <div class=\"swiper-slide h-full overflow-hidden w-auto aspect-[16\/8]\">\n      <img decoding=\"async\"  class=\"w-full !h-full object-cover object-center\" src=\"https:\/\/loulecriativo.pt\/wp-content\/uploads\/2025\/11\/Summer-School-2021-Metal-in-Portugal_Jorge-Graca\u00a9Michelangelo-Foundation_2216832.jpg\" alt=\"\">          <\/div>\n                  <div class=\"swiper-slide h-full overflow-hidden w-auto aspect-[16\/8]\">\n      <img decoding=\"async\"  class=\"w-full !h-full object-cover object-center\" src=\"https:\/\/loulecriativo.pt\/wp-content\/uploads\/2025\/11\/Summer-School-2021-Metal-in-Portugal_Jorge-Graca\u00a9Michelangelo-Foundation_2221592.jpg\" alt=\"\">          <\/div>\n                  <\/div>\n                  <div class=\"swiper-pagination\"><\/div>\n                      <\/div>\n    <\/div>\n    \t\t\t\t<\/div>\n\t\t\t\t<\/div>\n\t\t\t\t<div class=\"elementor-element elementor-element-50fa43c elementor-widget elementor-widget-video\" data-id=\"50fa43c\" data-element_type=\"widget\" data-settings=\"{&quot;video_type&quot;:&quot;hosted&quot;,&quot;controls&quot;:&quot;yes&quot;}\" data-widget_type=\"video.default\">\n\t\t\t\t<div class=\"elementor-widget-container\">\n\t\t\t\t\t\t\t<div class=\"e-hosted-video elementor-wrapper elementor-open-inline\">\n\t\t\t\t\t<video class=\"elementor-video\" src=\"https:\/\/loulecriativo.pt\/wp-content\/uploads\/2025\/05\/Summer-School-2021-Metal-in-Loule_Framed-Films\u00a9Michelangelo-Foundation_22323_LegendasENG.mp4\" controls=\"\" preload=\"metadata\" controlsList=\"nodownload\"><\/video>\n\t\t\t\t<\/div>\n\t\t\t\t\t\t<\/div>\n\t\t\t\t<\/div>\n\t\t\t\t<\/div>\n\t\t<div class=\"elementor-element elementor-element-1527ed3 e-con-full e-flex e-con e-parent\" data-id=\"1527ed3\" data-element_type=\"container\" data-settings=\"{&quot;jet_parallax_layout_list&quot;:[]}\">\n\t\t\t\t<div class=\"elementor-element elementor-element-71f4834 elementor-widget elementor-widget-dng_square_showcase\" data-id=\"71f4834\" data-element_type=\"widget\" data-widget_type=\"dng_square_showcase.default\">\n\t\t\t\t<div class=\"elementor-widget-container\">\n\t\t\t\t\t<div data-dng-c-square-showcase \n        class=\"dng-c-square-showcase flex flex-col md:flex-row w-screen \">\n      <div class=\"w-full md:w-1\/2 order-2 md:order-2\"><div class=\"dng-wrapper\">\n        <div class=\"dng-content\">\n      <h2 class=\"dng-title mb-xs\">Candle (Vela), 2021<\/h2>\n      \n            <p class=\"dng-subtitle mb-md uppercase\">Cobre martelado, lat\u00e3o cinzelado, filigrana de prata em lat\u00e3o&quot;<\/p>\n      \n            <div class=\"dng-description text-body-1 mb-sm gap-xs\">\n      <p>O Candle \u00e9 a pe\u00e7a central desta cole\u00e7\u00e3o met\u00e1lica da Mesa Falante. Pensado para criar diferentes ambientes \u00e0 mesa atrav\u00e9s da manipula\u00e7\u00e3o das pe\u00e7as curvas, estas, juntamente com a vela, permitem uma intera\u00e7\u00e3o aberta com a luz, a sombra e os reflexos, todos compostos pelos utilizadores. De forma delicada, este projeto navegou pelas t\u00e9cnicas praticadas durante a escola de ver\u00e3o: filigrana, cobre martelado e cinzelagem, ultrapassando os limites dentro destas artes.<\/p><p>\u00a0<\/p><p><strong>Artes\u00e3s e artes\u00e3os: <\/strong><strong>Beatriz Canha \u2022 Maria da Concei\u00e7\u00e3o da Silva <\/strong><strong>Moreira \u2022 Analide do Carmo \u2022 J\u00fcrgen Cramer \u2022 Luis Filipe Moreira da Silva<\/strong><\/p><p><strong>Estudantes: Bartosz Brylewski \u2022 Francesca Calicchia \u2022 Ana Margarida Lapa \u2022 Hiago Teixeira<\/strong><\/p>        <\/div>\n          \n        <\/div>\n    <\/div>\n      <\/div>\n      <div class=\"dng-media w-full md:w-1\/2 order-1 md:order-1\"><div class=\"dng-wrapper\" data-dng-c-slideshow>\n        <div class=\"swiper w-full\">\n      <div class=\"swiper-wrapper\">\n              <div class=\"swiper-slide aspect-square object-cover w-full h-full\">\n      <img decoding=\"async\"  class=\"w-full h-full object-cover\" src=\"https:\/\/loulecriativo.pt\/wp-content\/uploads\/2025\/05\/Summer-School-2021-Metal-in-Portugal_Jorge-Graca\u00a9Michelangelo-Foundation_2223627-scaled.jpg\" alt=\"\" playsinline=\"\"  muted=\"\"  loop=\"\"  data-play-on-slide=\"\" >          <\/div>\n                  <div class=\"swiper-slide aspect-square object-cover w-full h-full\">\n      <img decoding=\"async\"  class=\"w-full h-full object-cover\" src=\"https:\/\/loulecriativo.pt\/wp-content\/uploads\/2025\/05\/Summer-School-2021-Metal-in-Portugal_Jorge-Graca\u00a9Michelangelo-Foundation_2223626-scaled.jpg\" alt=\"\" playsinline=\"\"  muted=\"\"  loop=\"\"  data-play-on-slide=\"\" >          <\/div>\n              <\/div>\n      <div class=\"swiper-pagination\"><\/div>\n    <\/div>\n    <\/div>\n      <\/div>\n    <\/div>\n    \t\t\t\t<\/div>\n\t\t\t\t<\/div>\n\t\t\t\t<div class=\"elementor-element elementor-element-36640a3 elementor-widget elementor-widget-dng_square_showcase\" data-id=\"36640a3\" data-element_type=\"widget\" data-widget_type=\"dng_square_showcase.default\">\n\t\t\t\t<div class=\"elementor-widget-container\">\n\t\t\t\t\t<div data-dng-c-square-showcase \n        class=\"dng-c-square-showcase dng-c-square-showcase--clear flex flex-col md:flex-row w-screen \">\n      <div class=\"w-full md:w-1\/2 order-2 md:order-1\"><div class=\"dng-wrapper\">\n        <div class=\"dng-content\">\n      <h2 class=\"dng-title mb-xs\">Senses (Sentidos), 2021<\/h2>\n      \n            <p class=\"dng-subtitle mb-md uppercase\">Cobre martelado, lat\u00e3o cinzelado e filigrana de lat\u00e3o<\/p>\n      \n            <div class=\"dng-description text-body-1 mb-sm gap-xs\">\n      <p>Lembras-te do teu \u00faltimo encontro? Como foi a comunica\u00e7\u00e3o? \"Senses\" \u00e9 um conjunto de cinco varinhas diferentes, n\u00e3o apenas para comer, mas principalmente para pequenas sedu\u00e7\u00f5es. Cada varinha \u00e9 para um sentido diferente \u2013 vis\u00e3o, audi\u00e7\u00e3o, tato, olfato e paladar. Estas ferramentas s\u00e3o um bom in\u00edcio para uma conversa ou uma forma divertida de come\u00e7ar um jogo.<\/p><p>\u00c0s vezes, as palavras n\u00e3o s\u00e3o necess\u00e1rias para comunicar. Ouve o som do pequeno sino dentro de uma das flores da varinha e sorri. Oferece a varinha ao teu parceiro de encontro ou toca-a junto ao seu ouvido e ri. V\u00ea o mundo atrav\u00e9s de uma lente de renda e descobre a beleza e a magia que o rodeiam. Deixa os milagres acontecerem.<\/p><p>\u00a0<\/p><p><strong>Artes\u00e3s e artes\u00e3os: Beatriz Canha, Maria da Concei\u00e7\u00e3o da Silva Moreira, <\/strong><strong>Analide do Carmo<\/strong><\/p><p><strong>Estudante: Liva Graubina<\/strong><\/p>        <\/div>\n          \n        <\/div>\n    <\/div>\n      <\/div>\n      <div class=\"dng-media w-full md:w-1\/2 order-1 md:order-2\"><div class=\"dng-wrapper\" data-dng-c-slideshow>\n        <div class=\"swiper w-full\">\n      <div class=\"swiper-wrapper\">\n              <div class=\"swiper-slide aspect-square object-cover w-full h-full\">\n      <img decoding=\"async\"  class=\"w-full h-full object-cover\" src=\"https:\/\/loulecriativo.pt\/wp-content\/uploads\/2025\/05\/Senses_Liva-Graubina-Student_Jorge-Graca\u00a9Michelangelo-Foundation_2223616-scaled.jpg\" alt=\"\" playsinline=\"\"  muted=\"\"  loop=\"\"  data-play-on-slide=\"\" >          <\/div>\n                  <div class=\"swiper-slide aspect-square object-cover w-full h-full\">\n      <img decoding=\"async\"  class=\"w-full h-full object-cover\" src=\"https:\/\/loulecriativo.pt\/wp-content\/uploads\/2025\/05\/Summer-School-2021-Metal-in-Portugal_Jorge-Graca\u00a9Michelangelo-Foundation_2224382-scaled.jpg\" alt=\"\" playsinline=\"\"  muted=\"\"  loop=\"\"  data-play-on-slide=\"\" >          <\/div>\n              <\/div>\n      <div class=\"swiper-pagination\"><\/div>\n    <\/div>\n    <\/div>\n      <\/div>\n    <\/div>\n    \t\t\t\t<\/div>\n\t\t\t\t<\/div>\n\t\t\t\t<div class=\"elementor-element elementor-element-55fafbd elementor-widget elementor-widget-dng_square_showcase\" data-id=\"55fafbd\" data-element_type=\"widget\" data-widget_type=\"dng_square_showcase.default\">\n\t\t\t\t<div class=\"elementor-widget-container\">\n\t\t\t\t\t<div data-dng-c-square-showcase \n        class=\"dng-c-square-showcase flex flex-col md:flex-row w-screen \">\n      <div class=\"w-full md:w-1\/2 order-2 md:order-2\"><div class=\"dng-wrapper\">\n        <div class=\"dng-content\">\n      <h2 class=\"dng-title mb-xs\">Um beijo (One kiss), 2021<\/h2>\n      \n            <p class=\"dng-subtitle mb-md uppercase\">Cobre forjado, lat\u00e3o, filigrana de prata<\/p>\n      \n            <div class=\"dng-description text-body-1 mb-sm gap-xs\">\n      <p>Como criamos espa\u00e7o para uma conex\u00e3o genu\u00edna? Num mundo que cada vez mais nos empurra para a individualidade, enquanto nos normaliza constantemente, a ponto de nos tornarmos ainda mais alheios aos nossos ritmos naturais, O Beijo prop\u00f5e um ato ordin\u00e1rio de resist\u00eancia. Um ato que nos convida a desenvolver e cultivar maior consci\u00eancia \u2014 de n\u00f3s pr\u00f3prios, do outro. Um ato que nos for\u00e7a a questionar e rever criticamente aquilo que nos \u00e9 apresentado como verdade. O Beijo s\u00f3 pode ser ativado atrav\u00e9s de a\u00e7\u00f5es coordenadas e concertadas, sendo um suave lembrete da import\u00e2ncia da interdepend\u00eancia. Participa-se numa performance cativante e encontra-se a sua unidade (um sentido de completude) junto do outro.<\/p><p>\u00a0<\/p><p><strong>Artes\u00e3s e Artes\u00e3os: Maria da Concei\u00e7\u00e3o da Silva Moreira,\u00a0 Analide do Carmo<\/strong><\/p><p><strong>Estudantes: Sylvia Bert\u00e9, Gabin Verboud<\/strong><\/p>        <\/div>\n          \n        <\/div>\n    <\/div>\n      <\/div>\n      <div class=\"dng-media w-full md:w-1\/2 order-1 md:order-1\"><div class=\"dng-wrapper\" data-dng-c-slideshow>\n        <div class=\"swiper w-full\">\n      <div class=\"swiper-wrapper\">\n              <div class=\"swiper-slide aspect-square object-cover w-full h-full\">\n      <img decoding=\"async\"  class=\"w-full h-full object-cover\" src=\"https:\/\/loulecriativo.pt\/wp-content\/uploads\/2025\/05\/O-Beijo_Silvia-BerteGabin-Verboud-Students_Jorge-Graca\u00a9Michelangelo-Foundation_2224312-scaled.jpg\" alt=\"\" playsinline=\"\"  muted=\"\"  loop=\"\"  data-play-on-slide=\"\" >          <\/div>\n                  <div class=\"swiper-slide aspect-square object-cover w-full h-full\">\n      <img decoding=\"async\"  class=\"w-full h-full object-cover\" src=\"https:\/\/loulecriativo.pt\/wp-content\/uploads\/2025\/05\/O-Beijo_Silvia-BerteGabin-Verboud-Students_Jorge-Graca\u00a9Michelangelo-Foundation_2224309-scaled.jpg\" alt=\"\" playsinline=\"\"  muted=\"\"  loop=\"\"  data-play-on-slide=\"\" >          <\/div>\n                  <div class=\"swiper-slide aspect-square object-cover w-full h-full\">\n      <img decoding=\"async\"  class=\"w-full h-full object-cover\" src=\"https:\/\/loulecriativo.pt\/wp-content\/uploads\/2025\/05\/Summer-School-2021-Metal-in-Portugal_Jorge-Graca\u00a9Michelangelo-Foundation_2224354-scaled.jpg\" alt=\"\" playsinline=\"\"  muted=\"\"  loop=\"\"  data-play-on-slide=\"\" >          <\/div>\n              <\/div>\n      <div class=\"swiper-pagination\"><\/div>\n    <\/div>\n    <\/div>\n      <\/div>\n    <\/div>\n    \t\t\t\t<\/div>\n\t\t\t\t<\/div>\n\t\t\t\t<div class=\"elementor-element elementor-element-94998ae elementor-widget elementor-widget-dng_square_showcase\" data-id=\"94998ae\" data-element_type=\"widget\" data-widget_type=\"dng_square_showcase.default\">\n\t\t\t\t<div class=\"elementor-widget-container\">\n\t\t\t\t\t<div data-dng-c-square-showcase \n        class=\"dng-c-square-showcase dng-c-square-showcase--clear flex flex-col md:flex-row w-screen \">\n      <div class=\"w-full md:w-1\/2 order-2 md:order-1\"><div class=\"dng-wrapper\">\n        <div class=\"dng-content\">\n      <h2 class=\"dng-title mb-xs\">Radost, 2021<\/h2>\n      \n            <p class=\"dng-subtitle mb-md uppercase\">Cobre martelado e cinzelado, filigrana de prata<\/p>\n      \n            <div class=\"dng-description text-body-1 mb-sm gap-xs\">\n      <p>Este objeto \u00e9 uma combina\u00e7\u00e3o e interse\u00e7\u00e3o de diferentes t\u00e9cnicas, materiais e suas propriedades, diferentes contrastes, emo\u00e7\u00f5es, interpreta\u00e7\u00f5es e desafios. \u00c9 o resultado da explora\u00e7\u00e3o e do jogo com as propriedades do cobre, levando-o ao limite sem medo da potencial destrui\u00e7\u00e3o. O design trabalha com a perce\u00e7\u00e3o de diferentes contrastes: simples e complexo, rugoso e liso, bruto e delicado, resistente e fr\u00e1gil, s\u00f3lido e perfurado, juntamente com gradientes de textura como transi\u00e7\u00f5es, combinando tr\u00eas t\u00e9cnicas diferentes: martelagem, cinzelagem e filigrana. A forma principal da ta\u00e7a representa o fluxo emocional de Silvia enquanto trabalhava o cobre, uma fus\u00e3o de emo\u00e7\u00e3o com material. Para o toque final do design, os defeitos que surgiram durante a martelagem foram reparados numa reinterpreta\u00e7\u00e3o da t\u00e9cnica japonesa Kintsugi, onde, em vez de utilizar laca polvilhada ou misturada com p\u00f3 de ouro, a filigrana de prata repara delicadamente o cobre.\u00a0<\/p><p>\u00a0<\/p><p><strong>Artes\u00e3s e artes\u00e3os: Beatriz Canha, Maria da Concei\u00e7\u00e3o da Silva Moreira, Analide do Carmo, Luis Filipe Moreira da Silva<\/strong><\/p><p><strong>Estudante: Silvia G\u00e1lov\u00e1<\/strong><\/p>        <\/div>\n          \n        <\/div>\n    <\/div>\n      <\/div>\n      <div class=\"dng-media w-full md:w-1\/2 order-1 md:order-2\"><div class=\"dng-wrapper\" data-dng-c-slideshow>\n        <div class=\"swiper w-full\">\n      <div class=\"swiper-wrapper\">\n              <div class=\"swiper-slide aspect-square object-cover w-full h-full\">\n      <img decoding=\"async\"  class=\"w-full h-full object-cover\" src=\"https:\/\/loulecriativo.pt\/wp-content\/uploads\/2025\/05\/Radost_Silvia-Galova-Student_Jorge-Graca\u00a9Michelangelo-Foundation_2224335-scaled.jpg\" alt=\"\" playsinline=\"\"  muted=\"\"  loop=\"\"  data-play-on-slide=\"\" >          <\/div>\n                  <div class=\"swiper-slide aspect-square object-cover w-full h-full\">\n      <img decoding=\"async\"  class=\"w-full h-full object-cover\" src=\"https:\/\/loulecriativo.pt\/wp-content\/uploads\/2025\/05\/Summer-School-2021-Metal-in-Portugal_Jorge-Graca\u00a9Michelangelo-Foundation_2224353-scaled.jpg\" alt=\"\" playsinline=\"\"  muted=\"\"  loop=\"\"  data-play-on-slide=\"\" >          <\/div>\n              <\/div>\n      <div class=\"swiper-pagination\"><\/div>\n    <\/div>\n    <\/div>\n      <\/div>\n    <\/div>\n    \t\t\t\t<\/div>\n\t\t\t\t<\/div>\n\t\t\t\t<div class=\"elementor-element elementor-element-1c6a1f2 elementor-widget elementor-widget-dng_square_showcase\" data-id=\"1c6a1f2\" data-element_type=\"widget\" data-widget_type=\"dng_square_showcase.default\">\n\t\t\t\t<div class=\"elementor-widget-container\">\n\t\t\t\t\t<div data-dng-c-square-showcase \n        class=\"dng-c-square-showcase flex flex-col md:flex-row w-screen \">\n      <div class=\"w-full md:w-1\/2 order-2 md:order-2\"><div class=\"dng-wrapper\">\n        <div class=\"dng-content\">\n      <h2 class=\"dng-title mb-xs\">Jim, 2021<\/h2>\n      \n            <p class=\"dng-subtitle mb-md uppercase\">Cobre martelado e cinzelado, lat\u00e3o<\/p>\n      \n            <div class=\"dng-description text-body-1 mb-sm gap-xs\">\n      <p>No centro da mesa, JIM espera nobremente a mais pequena migalha que caia no seu ref\u00fagio. Das paredes exteriores desta toca surgem alguns amuse-bouches ou as consequ\u00eancias de uma alquimia ainda desconhecida.<\/p><p>O aspeto org\u00e2nico deixa de estar em quest\u00e3o, mas ainda temos de definir a sua natureza. Ser\u00e1 casca ou pele a crescer a partir destas texturas bolhosas, e ser\u00e3o aquelas folhas ou l\u00ednguas, a definir atrav\u00e9s do gesto e da fantasia?<\/p><p>O conjunto pode ser desmontado desta forma, permitindo que os convidados agarrem e guardem folhas\/l\u00ednguas consigo.<\/p><p>\u00a0<\/p><p><strong>Artes\u00e3s e artes\u00e3os: Beatriz Canha, Analide do Carmo, Jos\u00e9 Luis<\/strong><\/p><p><strong>Estudante: Pierre Giraud<\/strong><\/p>        <\/div>\n          \n        <\/div>\n    <\/div>\n      <\/div>\n      <div class=\"dng-media w-full md:w-1\/2 order-1 md:order-1\"><div class=\"dng-wrapper\" data-dng-c-slideshow>\n        <div class=\"swiper w-full\">\n      <div class=\"swiper-wrapper\">\n              <div class=\"swiper-slide aspect-square object-cover w-full h-full\">\n      <img decoding=\"async\"  class=\"w-full h-full object-cover\" src=\"https:\/\/loulecriativo.pt\/wp-content\/uploads\/2025\/05\/Jim_Pierre-Giraud-Student_Jorge-Graca\u00a9Michelangelo-Foundation_2223606-scaled.jpg\" alt=\"\" playsinline=\"\"  muted=\"\"  loop=\"\"  data-play-on-slide=\"\" >          <\/div>\n                  <div class=\"swiper-slide aspect-square object-cover w-full h-full\">\n      <img decoding=\"async\"  class=\"w-full h-full object-cover\" src=\"https:\/\/loulecriativo.pt\/wp-content\/uploads\/2025\/05\/Summer-School-2021-Metal-in-Portugal_Jorge-Graca\u00a9Michelangelo-Foundation_2224376-scaled.jpg\" alt=\"\" playsinline=\"\"  muted=\"\"  loop=\"\"  data-play-on-slide=\"\" >          <\/div>\n              <\/div>\n      <div class=\"swiper-pagination\"><\/div>\n    <\/div>\n    <\/div>\n      <\/div>\n    <\/div>\n    \t\t\t\t<\/div>\n\t\t\t\t<\/div>\n\t\t\t\t<div class=\"elementor-element elementor-element-d2e39a2 elementor-widget elementor-widget-dng_square_showcase\" data-id=\"d2e39a2\" data-element_type=\"widget\" data-widget_type=\"dng_square_showcase.default\">\n\t\t\t\t<div class=\"elementor-widget-container\">\n\t\t\t\t\t<div data-dng-c-square-showcase \n        class=\"dng-c-square-showcase dng-c-square-showcase--clear flex flex-col md:flex-row w-screen \">\n      <div class=\"w-full md:w-1\/2 order-2 md:order-1\"><div class=\"dng-wrapper\">\n        <div class=\"dng-content\">\n      <h2 class=\"dng-title mb-xs\">Yarost\u2019, 2021<\/h2>\n      \n            <p class=\"dng-subtitle mb-md uppercase\">Cobre martelado e cinzelado<\/p>\n      \n            <div class=\"dng-description text-body-1 mb-sm gap-xs\">\n      <p>O conceito desta pe\u00e7a origina-se na ferramenta b\u00e1sica de cinzelagem, que combina um pedestal de madeira, metade de uma pedra natural esf\u00e9rica, coberta com uma massa especial para fixar o objeto a ser cinzelado. A fascina\u00e7\u00e3o de Petya surgiu \u00e0 primeira vista, ao entrar no est\u00fadio de cinzelagem: ela sentiu a alma e a magia do trabalho artesanal, sem qualquer ferramenta ou equipamento contempor\u00e2neo. Ela considera esta pe\u00e7a um memorial em honra deste trabalho artesanal, em homenagem a todos aqueles que continuam a praticar esta arte valiosa e respeitosa ao longo dos s\u00e9culos, com a ideia geral de preservar tradi\u00e7\u00f5es e transmiti-las. Petya quer que sintamos todas as dificuldades, obst\u00e1culos, sabedoria e conhecimento que acompanharam toda a aventura. O conjunto de cinzelagem n\u00e3o pode ser funcional sem todos os seus componentes; estaria desequilibrado, como tudo \u00e0 nossa volta. Como sempre, a solu\u00e7\u00e3o est\u00e1 escondida num gesto minimalista e simples.\u00a0<\/p><p>\u00a0<\/p><p><strong>Artes\u00e3s e artes\u00e3os: Beatriz Canha,\u00a0Analide do Carmo, J\u00fcrgen Cramer<\/strong><\/p><p><strong>Estudante: Petya Taneva<\/strong><\/p>        <\/div>\n          \n        <\/div>\n    <\/div>\n      <\/div>\n      <div class=\"dng-media w-full md:w-1\/2 order-1 md:order-2\"><div class=\"dng-wrapper\" data-dng-c-slideshow>\n        <div class=\"swiper w-full\">\n      <div class=\"swiper-wrapper\">\n              <div class=\"swiper-slide aspect-square object-cover w-full h-full\">\n      <img decoding=\"async\"  class=\"w-full h-full object-cover\" src=\"https:\/\/loulecriativo.pt\/wp-content\/uploads\/2025\/05\/Summer-School-2021-Metal-in-Portugal_Jorge-Graca\u00a9Michelangelo-Foundation_2223619-scaled.jpg\" alt=\"\" playsinline=\"\"  muted=\"\"  loop=\"\"  data-play-on-slide=\"\" >          <\/div>\n                  <div class=\"swiper-slide aspect-square object-cover w-full h-full\">\n      <img decoding=\"async\"  class=\"w-full h-full object-cover\" src=\"https:\/\/loulecriativo.pt\/wp-content\/uploads\/2025\/05\/Summer-School-2021-Metal-in-Portugal_Jorge-Graca\u00a9Michelangelo-Foundation_2224373-scaled.jpg\" alt=\"\" playsinline=\"\"  muted=\"\"  loop=\"\"  data-play-on-slide=\"\" >          <\/div>\n              <\/div>\n      <div class=\"swiper-pagination\"><\/div>\n    <\/div>\n    <\/div>\n      <\/div>\n    <\/div>\n    \t\t\t\t<\/div>\n\t\t\t\t<\/div>\n\t\t\t\t<\/div>\n\t\t<div class=\"elementor-element elementor-element-96c1b17 e-grid e-con-boxed e-con e-child\" data-id=\"96c1b17\" data-element_type=\"container\" data-settings=\"{&quot;jet_parallax_layout_list&quot;:[]}\">\n\t\t\t\t\t<div class=\"e-con-inner\">\n\t\t<div class=\"elementor-element elementor-element-8cf0a52 e-con-full e-flex e-con e-child\" data-id=\"8cf0a52\" data-element_type=\"container\" data-settings=\"{&quot;jet_parallax_layout_list&quot;:[]}\">\n\t\t\t\t<div class=\"elementor-element elementor-element-4336eeb elementor-widget elementor-widget-heading\" data-id=\"4336eeb\" data-element_type=\"widget\" data-widget_type=\"heading.default\">\n\t\t\t\t<div class=\"elementor-widget-container\">\n\t\t\t\t\t<h2 class=\"elementor-heading-title elementor-size-default\">Artes\u00e3os e Artes\u00e3s<\/h2>\t\t\t\t<\/div>\n\t\t\t\t<\/div>\n\t\t\t\t<div class=\"elementor-element elementor-element-80b3609 elementor-widget__width-initial elementor-widget elementor-widget-text-editor\" data-id=\"80b3609\" data-element_type=\"widget\" data-widget_type=\"text-editor.default\">\n\t\t\t\t<div class=\"elementor-widget-container\">\n\t\t\t\t\t\t\t\t\t<p>Beatriz Canha &#8211; Cinzelagem<br \/>Ivo Ferreira &#8211; Trabalhos em Estanho<br \/>Analide do Carmo &#8211; Trabalhos em Cobre\u2028<br \/>J\u00fcrgen Cramer &#8211; Trabalhos em Cobre\u2028<br \/>Concei\u00e7\u00e3o Neves &#8211; Filigrana<\/p>\t\t\t\t\t\t\t\t<\/div>\n\t\t\t\t<\/div>\n\t\t\t\t<\/div>\n\t\t<div class=\"elementor-element elementor-element-44ca410 e-con-full e-flex e-con e-child\" data-id=\"44ca410\" data-element_type=\"container\" data-settings=\"{&quot;jet_parallax_layout_list&quot;:[]}\">\n\t\t\t\t<div class=\"elementor-element elementor-element-f7596e7 elementor-widget elementor-widget-heading\" data-id=\"f7596e7\" data-element_type=\"widget\" data-widget_type=\"heading.default\">\n\t\t\t\t<div class=\"elementor-widget-container\">\n\t\t\t\t\t<h2 class=\"elementor-heading-title elementor-size-default\">Estudantes<\/h2>\t\t\t\t<\/div>\n\t\t\t\t<\/div>\n\t\t\t\t<div class=\"elementor-element elementor-element-3c54291 elementor-widget__width-initial elementor-widget elementor-widget-text-editor\" data-id=\"3c54291\" data-element_type=\"widget\" data-widget_type=\"text-editor.default\">\n\t\t\t\t<div class=\"elementor-widget-container\">\n\t\t\t\t\t\t\t\t\t<p>Ana Margarida Lapa, Portugal<br \/>Bartosz Brylewski, Pol\u00f3nia<br \/>Francesca Calicchia, It\u00e1lia\u2028<br \/>Gabin Verboud, B\u00e9lgica\u2028<br \/>Hiago Teixeira, Brasil\u2028<br \/>Liva Graubina, Let\u00f3nia\u2028<br \/>Pierre Giraud, Fran\u00e7a\u2028<br \/>Petya Taneva, Bulg\u00e1ria\u2028<br \/>Silvia G\u00e1lov\u00e1, Eslov\u00e1quia\u2028<br \/>Sylvia Bert\u00e9, Espanha<\/p>\t\t\t\t\t\t\t\t<\/div>\n\t\t\t\t<\/div>\n\t\t\t\t<\/div>\n\t\t<div class=\"elementor-element elementor-element-ace669b e-con-full e-flex e-con e-child\" data-id=\"ace669b\" data-element_type=\"container\" data-settings=\"{&quot;jet_parallax_layout_list&quot;:[]}\">\n\t\t\t\t<div class=\"elementor-element elementor-element-398387b elementor-widget elementor-widget-heading\" data-id=\"398387b\" data-element_type=\"widget\" data-widget_type=\"heading.default\">\n\t\t\t\t<div class=\"elementor-widget-container\">\n\t\t\t\t\t<h2 class=\"elementor-heading-title elementor-size-default\">Parceiros<\/h2>\t\t\t\t<\/div>\n\t\t\t\t<\/div>\n\t\t\t\t<div class=\"elementor-element elementor-element-365b1f4 elementor-widget__width-initial elementor-widget elementor-widget-text-editor\" data-id=\"365b1f4\" data-element_type=\"widget\" data-widget_type=\"text-editor.default\">\n\t\t\t\t<div class=\"elementor-widget-container\">\n\t\t\t\t\t\t\t\t\t<p>The Michelangelo Foundation for Creativity and Craftsmanship<br \/>C\u00e2mara Municipal de Loul\u00e9\u2028<br \/>FRESS \u2013 Funda\u00e7\u00e3o Ricardo do Esp\u00edrito Santo Silva\u2028<br \/>Passa Ao Futuro<\/p>\t\t\t\t\t\t\t\t<\/div>\n\t\t\t\t<\/div>\n\t\t\t\t<\/div>\n\t\t<div class=\"elementor-element elementor-element-4f7373e e-con-full e-flex e-con e-child\" data-id=\"4f7373e\" data-element_type=\"container\" data-settings=\"{&quot;jet_parallax_layout_list&quot;:[]}\">\n\t\t\t\t<div class=\"elementor-element elementor-element-7fa3ff7 elementor-widget elementor-widget-heading\" data-id=\"7fa3ff7\" data-element_type=\"widget\" data-widget_type=\"heading.default\">\n\t\t\t\t<div class=\"elementor-widget-container\">\n\t\t\t\t\t<h2 class=\"elementor-heading-title elementor-size-default\">Anfitri\u00e3o<\/h2>\t\t\t\t<\/div>\n\t\t\t\t<\/div>\n\t\t\t\t<div class=\"elementor-element elementor-element-74090e8 elementor-widget__width-initial elementor-widget elementor-widget-text-editor\" data-id=\"74090e8\" data-element_type=\"widget\" data-widget_type=\"text-editor.default\">\n\t\t\t\t<div class=\"elementor-widget-container\">\n\t\t\t\t\t\t\t\t\t<p>Loul\u00e9 Criativo<\/p>\t\t\t\t\t\t\t\t<\/div>\n\t\t\t\t<\/div>\n\t\t\t\t<\/div>\n\t\t<div class=\"elementor-element elementor-element-fc379ca e-con-full e-flex e-con e-child\" data-id=\"fc379ca\" data-element_type=\"container\" data-settings=\"{&quot;jet_parallax_layout_list&quot;:[]}\">\n\t\t\t\t<div class=\"elementor-element elementor-element-98a2737 elementor-widget elementor-widget-heading\" data-id=\"98a2737\" data-element_type=\"widget\" data-widget_type=\"heading.default\">\n\t\t\t\t<div class=\"elementor-widget-container\">\n\t\t\t\t\t<h2 class=\"elementor-heading-title elementor-size-default\">Mentores de Design<\/h2>\t\t\t\t<\/div>\n\t\t\t\t<\/div>\n\t\t\t\t<div class=\"elementor-element elementor-element-cb1e075 elementor-widget__width-initial elementor-widget elementor-widget-text-editor\" data-id=\"cb1e075\" data-element_type=\"widget\" data-widget_type=\"text-editor.default\">\n\t\t\t\t<div class=\"elementor-widget-container\">\n\t\t\t\t\t\t\t\t\t<p>Fatima Durkee &#8211; Passa Ao Futuro<br \/>Henrique Ralheta &#8211; Loul\u00e9 Criativo<br \/><br \/><\/p>\t\t\t\t\t\t\t\t<\/div>\n\t\t\t\t<\/div>\n\t\t\t\t<\/div>\n\t\t<div class=\"elementor-element elementor-element-e71879d e-con-full e-flex e-con e-child\" data-id=\"e71879d\" data-element_type=\"container\" data-settings=\"{&quot;jet_parallax_layout_list&quot;:[]}\">\n\t\t\t\t<div class=\"elementor-element elementor-element-6947ae9 elementor-widget elementor-widget-heading\" data-id=\"6947ae9\" data-element_type=\"widget\" data-widget_type=\"heading.default\">\n\t\t\t\t<div class=\"elementor-widget-container\">\n\t\t\t\t\t<h2 class=\"elementor-heading-title elementor-size-default\">Orador Convidado<\/h2>\t\t\t\t<\/div>\n\t\t\t\t<\/div>\n\t\t\t\t<div class=\"elementor-element elementor-element-9f5c462 elementor-widget__width-initial elementor-widget elementor-widget-text-editor\" data-id=\"9f5c462\" data-element_type=\"widget\" data-widget_type=\"text-editor.default\">\n\t\t\t\t<div class=\"elementor-widget-container\">\n\t\t\t\t\t\t\t\t\t<p>Sam Baron, designer<\/p>\t\t\t\t\t\t\t\t<\/div>\n\t\t\t\t<\/div>\n\t\t\t\t<\/div>\n\t\t<div class=\"elementor-element elementor-element-5032b1b e-con-full e-flex e-con e-child\" data-id=\"5032b1b\" data-element_type=\"container\" data-settings=\"{&quot;jet_parallax_layout_list&quot;:[]}\">\n\t\t\t\t<div class=\"elementor-element elementor-element-48d14b2 elementor-widget elementor-widget-heading\" data-id=\"48d14b2\" data-element_type=\"widget\" data-widget_type=\"heading.default\">\n\t\t\t\t<div class=\"elementor-widget-container\">\n\t\t\t\t\t<h2 class=\"elementor-heading-title elementor-size-default\">Textos<\/h2>\t\t\t\t<\/div>\n\t\t\t\t<\/div>\n\t\t\t\t<div class=\"elementor-element elementor-element-c381d1b elementor-widget__width-initial elementor-widget elementor-widget-text-editor\" data-id=\"c381d1b\" data-element_type=\"widget\" data-widget_type=\"text-editor.default\">\n\t\t\t\t<div class=\"elementor-widget-container\">\n\t\t\t\t\t\t\t\t\t<p>Passa ao Futuro<\/p>\t\t\t\t\t\t\t\t<\/div>\n\t\t\t\t<\/div>\n\t\t\t\t<\/div>\n\t\t<div class=\"elementor-element elementor-element-efcc073 e-con-full e-flex e-con e-child\" data-id=\"efcc073\" data-element_type=\"container\" data-settings=\"{&quot;jet_parallax_layout_list&quot;:[]}\">\n\t\t\t\t<div class=\"elementor-element elementor-element-9241039 elementor-widget elementor-widget-heading\" data-id=\"9241039\" data-element_type=\"widget\" data-widget_type=\"heading.default\">\n\t\t\t\t<div class=\"elementor-widget-container\">\n\t\t\t\t\t<h2 class=\"elementor-heading-title elementor-size-default\">Organiza\u00e7\u00e3o: <\/h2>\t\t\t\t<\/div>\n\t\t\t\t<\/div>\n\t\t\t\t<div class=\"elementor-element elementor-element-5c3a8e4 elementor-widget__width-initial elementor-widget elementor-widget-text-editor\" data-id=\"5c3a8e4\" data-element_type=\"widget\" data-widget_type=\"text-editor.default\">\n\t\t\t\t<div class=\"elementor-widget-container\">\n\t\t\t\t\t\t\t\t\t<p>Passa ao Futuro<\/p>\t\t\t\t\t\t\t\t<\/div>\n\t\t\t\t<\/div>\n\t\t\t\t<\/div>\n\t\t<div class=\"elementor-element elementor-element-b536b6d e-con-full e-flex e-con e-child\" data-id=\"b536b6d\" data-element_type=\"container\" data-settings=\"{&quot;jet_parallax_layout_list&quot;:[]}\">\n\t\t\t\t<div class=\"elementor-element elementor-element-56b9c0c elementor-widget elementor-widget-heading\" data-id=\"56b9c0c\" data-element_type=\"widget\" data-widget_type=\"heading.default\">\n\t\t\t\t<div class=\"elementor-widget-container\">\n\t\t\t\t\t<h2 class=\"elementor-heading-title elementor-size-default\">Fotografia: <\/h2>\t\t\t\t<\/div>\n\t\t\t\t<\/div>\n\t\t\t\t<div class=\"elementor-element elementor-element-e95eb41 elementor-widget__width-initial elementor-widget elementor-widget-text-editor\" data-id=\"e95eb41\" data-element_type=\"widget\" data-widget_type=\"text-editor.default\">\n\t\t\t\t<div class=\"elementor-widget-container\">\n\t\t\t\t\t\t\t\t\t<p>\u00a9JorgeGra\u00e7a \u00a9Michelangelo Foundation<\/p>\t\t\t\t\t\t\t\t<\/div>\n\t\t\t\t<\/div>\n\t\t\t\t<\/div>\n\t\t\t\t\t<\/div>\n\t\t\t\t<\/div>\n\t\t\t\t<\/div>\n\t\t","protected":false},"excerpt":{"rendered":"<p>Home Resid\u00eancias Criativas RESID\u00caNCIA CRIATIVA Escola de Ver\u00e3o Metal em Loul\u00e9 Julho 2021 Sobre a Escola de Ver\u00e3o Metal em Loul\u00e9 O metal n\u00e3o \u00e9 o material mais sustent\u00e1vel, mas, se for respeitado e utilizado da forma correta, poder\u00e1 durar por v\u00e1rias gera\u00e7\u00f5es.Como \u00e9 que o design pode abordar este desafio? O que valorizamos hoje, [&hellip;]<\/p>\n","protected":false},"featured_media":13991,"template":"","meta":{"_acf_changed":false},"class_list":["post-11539","lc_event","type-lc_event","status-publish","has-post-thumbnail","hentry"],"acf":[],"yoast_head":"<!-- This site is optimized with the Yoast SEO Premium plugin v25.9 (Yoast SEO v26.5) - https:\/\/yoast.com\/wordpress\/plugins\/seo\/ -->\n<title>Escola de Ver\u00e3o Metal em Loul\u00e9 - Loul\u00e9 Criativo<\/title>\n<meta name=\"robots\" content=\"index, follow, max-snippet:-1, max-image-preview:large, max-video-preview:-1\" \/>\n<link rel=\"canonical\" href=\"https:\/\/loulecriativo.pt\/pt\/residencias-criativas\/escola-de-verao-metal-em-loule\/\" \/>\n<meta property=\"og:locale\" content=\"pt_PT\" \/>\n<meta property=\"og:type\" content=\"article\" \/>\n<meta property=\"og:title\" content=\"Escola de Ver\u00e3o Metal em Loul\u00e9\" \/>\n<meta property=\"og:description\" content=\"Home Resid\u00eancias Criativas RESID\u00caNCIA CRIATIVA Escola de Ver\u00e3o Metal em Loul\u00e9 Julho 2021 Sobre a Escola de Ver\u00e3o Metal em Loul\u00e9 O metal n\u00e3o \u00e9 o material mais sustent\u00e1vel, mas, se for respeitado e utilizado da forma correta, poder\u00e1 durar por v\u00e1rias gera\u00e7\u00f5es.Como \u00e9 que o design pode abordar este desafio? O que valorizamos hoje, [&hellip;]\" \/>\n<meta property=\"og:url\" content=\"https:\/\/loulecriativo.pt\/pt\/residencias-criativas\/escola-de-verao-metal-em-loule\/\" \/>\n<meta property=\"og:site_name\" content=\"Loul\u00e9 Criativo\" \/>\n<meta property=\"article:modified_time\" content=\"2025-12-02T12:53:23+00:00\" \/>\n<meta property=\"og:image\" content=\"https:\/\/loulecriativo.pt\/wp-content\/uploads\/2025\/11\/Summer-School-2021-Metal-in-Portugal_Jorge-Graca\u00a9Michelangelo-Foundation_2223601-1-scaled-e1764674234321.jpg\" \/>\n\t<meta property=\"og:image:width\" content=\"1770\" \/>\n\t<meta property=\"og:image:height\" content=\"1173\" \/>\n\t<meta property=\"og:image:type\" content=\"image\/jpeg\" \/>\n<meta name=\"twitter:card\" content=\"summary_large_image\" \/>\n<meta name=\"twitter:label1\" content=\"Est. reading time\" \/>\n\t<meta name=\"twitter:data1\" content=\"12 minutes\" \/>\n<script type=\"application\/ld+json\" class=\"yoast-schema-graph\">{\"@context\":\"https:\/\/schema.org\",\"@graph\":[{\"@type\":\"WebPage\",\"@id\":\"https:\/\/loulecriativo.pt\/pt\/residencias-criativas\/escola-de-verao-metal-em-loule\/\",\"url\":\"https:\/\/loulecriativo.pt\/pt\/residencias-criativas\/escola-de-verao-metal-em-loule\/\",\"name\":\"Escola de Ver\u00e3o Metal em Loul\u00e9 - Loul\u00e9 Criativo\",\"isPartOf\":{\"@id\":\"https:\/\/loulecriativo.pt\/pt\/#website\"},\"primaryImageOfPage\":{\"@id\":\"https:\/\/loulecriativo.pt\/pt\/residencias-criativas\/escola-de-verao-metal-em-loule\/#primaryimage\"},\"image\":{\"@id\":\"https:\/\/loulecriativo.pt\/pt\/residencias-criativas\/escola-de-verao-metal-em-loule\/#primaryimage\"},\"thumbnailUrl\":\"https:\/\/loulecriativo.pt\/wp-content\/uploads\/2025\/11\/Summer-School-2021-Metal-in-Portugal_Jorge-Graca\u00a9Michelangelo-Foundation_2223601-1-scaled-e1764674234321.jpg\",\"datePublished\":\"2025-11-10T12:50:17+00:00\",\"dateModified\":\"2025-12-02T12:53:23+00:00\",\"breadcrumb\":{\"@id\":\"https:\/\/loulecriativo.pt\/pt\/residencias-criativas\/escola-de-verao-metal-em-loule\/#breadcrumb\"},\"inLanguage\":\"pt\",\"potentialAction\":[{\"@type\":\"ReadAction\",\"target\":[\"https:\/\/loulecriativo.pt\/pt\/residencias-criativas\/escola-de-verao-metal-em-loule\/\"]}]},{\"@type\":\"ImageObject\",\"inLanguage\":\"pt\",\"@id\":\"https:\/\/loulecriativo.pt\/pt\/residencias-criativas\/escola-de-verao-metal-em-loule\/#primaryimage\",\"url\":\"https:\/\/loulecriativo.pt\/wp-content\/uploads\/2025\/11\/Summer-School-2021-Metal-in-Portugal_Jorge-Graca\u00a9Michelangelo-Foundation_2223601-1-scaled-e1764674234321.jpg\",\"contentUrl\":\"https:\/\/loulecriativo.pt\/wp-content\/uploads\/2025\/11\/Summer-School-2021-Metal-in-Portugal_Jorge-Graca\u00a9Michelangelo-Foundation_2223601-1-scaled-e1764674234321.jpg\",\"width\":1770,\"height\":1173},{\"@type\":\"BreadcrumbList\",\"@id\":\"https:\/\/loulecriativo.pt\/pt\/residencias-criativas\/escola-de-verao-metal-em-loule\/#breadcrumb\",\"itemListElement\":[{\"@type\":\"ListItem\",\"position\":1,\"name\":\"Home\",\"item\":\"https:\/\/loulecriativo.pt\/pt\/\"},{\"@type\":\"ListItem\",\"position\":2,\"name\":\"Escola de Ver\u00e3o Metal em Loul\u00e9\"}]},{\"@type\":\"WebSite\",\"@id\":\"https:\/\/loulecriativo.pt\/pt\/#website\",\"url\":\"https:\/\/loulecriativo.pt\/pt\/\",\"name\":\"Loul\u00e9 Criativo\",\"description\":\"\",\"potentialAction\":[{\"@type\":\"SearchAction\",\"target\":{\"@type\":\"EntryPoint\",\"urlTemplate\":\"https:\/\/loulecriativo.pt\/pt\/?s={search_term_string}\"},\"query-input\":{\"@type\":\"PropertyValueSpecification\",\"valueRequired\":true,\"valueName\":\"search_term_string\"}}],\"inLanguage\":\"pt\"}]}<\/script>\n<!-- \/ Yoast SEO Premium plugin. -->","yoast_head_json":{"title":"Escola de Ver\u00e3o Metal em Loul\u00e9 - Loul\u00e9 Criativo","robots":{"index":"index","follow":"follow","max-snippet":"max-snippet:-1","max-image-preview":"max-image-preview:large","max-video-preview":"max-video-preview:-1"},"canonical":"https:\/\/loulecriativo.pt\/pt\/residencias-criativas\/escola-de-verao-metal-em-loule\/","og_locale":"pt_PT","og_type":"article","og_title":"Escola de Ver\u00e3o Metal em Loul\u00e9","og_description":"Home Resid\u00eancias Criativas RESID\u00caNCIA CRIATIVA Escola de Ver\u00e3o Metal em Loul\u00e9 Julho 2021 Sobre a Escola de Ver\u00e3o Metal em Loul\u00e9 O metal n\u00e3o \u00e9 o material mais sustent\u00e1vel, mas, se for respeitado e utilizado da forma correta, poder\u00e1 durar por v\u00e1rias gera\u00e7\u00f5es.Como \u00e9 que o design pode abordar este desafio? O que valorizamos hoje, [&hellip;]","og_url":"https:\/\/loulecriativo.pt\/pt\/residencias-criativas\/escola-de-verao-metal-em-loule\/","og_site_name":"Loul\u00e9 Criativo","article_modified_time":"2025-12-02T12:53:23+00:00","og_image":[{"width":1770,"height":1173,"url":"https:\/\/loulecriativo.pt\/wp-content\/uploads\/2025\/11\/Summer-School-2021-Metal-in-Portugal_Jorge-Graca\u00a9Michelangelo-Foundation_2223601-1-scaled-e1764674234321.jpg","type":"image\/jpeg"}],"twitter_card":"summary_large_image","twitter_misc":{"Est. reading time":"12 minutes"},"schema":{"@context":"https:\/\/schema.org","@graph":[{"@type":"WebPage","@id":"https:\/\/loulecriativo.pt\/pt\/residencias-criativas\/escola-de-verao-metal-em-loule\/","url":"https:\/\/loulecriativo.pt\/pt\/residencias-criativas\/escola-de-verao-metal-em-loule\/","name":"Escola de Ver\u00e3o Metal em Loul\u00e9 - Loul\u00e9 Criativo","isPartOf":{"@id":"https:\/\/loulecriativo.pt\/pt\/#website"},"primaryImageOfPage":{"@id":"https:\/\/loulecriativo.pt\/pt\/residencias-criativas\/escola-de-verao-metal-em-loule\/#primaryimage"},"image":{"@id":"https:\/\/loulecriativo.pt\/pt\/residencias-criativas\/escola-de-verao-metal-em-loule\/#primaryimage"},"thumbnailUrl":"https:\/\/loulecriativo.pt\/wp-content\/uploads\/2025\/11\/Summer-School-2021-Metal-in-Portugal_Jorge-Graca\u00a9Michelangelo-Foundation_2223601-1-scaled-e1764674234321.jpg","datePublished":"2025-11-10T12:50:17+00:00","dateModified":"2025-12-02T12:53:23+00:00","breadcrumb":{"@id":"https:\/\/loulecriativo.pt\/pt\/residencias-criativas\/escola-de-verao-metal-em-loule\/#breadcrumb"},"inLanguage":"pt","potentialAction":[{"@type":"ReadAction","target":["https:\/\/loulecriativo.pt\/pt\/residencias-criativas\/escola-de-verao-metal-em-loule\/"]}]},{"@type":"ImageObject","inLanguage":"pt","@id":"https:\/\/loulecriativo.pt\/pt\/residencias-criativas\/escola-de-verao-metal-em-loule\/#primaryimage","url":"https:\/\/loulecriativo.pt\/wp-content\/uploads\/2025\/11\/Summer-School-2021-Metal-in-Portugal_Jorge-Graca\u00a9Michelangelo-Foundation_2223601-1-scaled-e1764674234321.jpg","contentUrl":"https:\/\/loulecriativo.pt\/wp-content\/uploads\/2025\/11\/Summer-School-2021-Metal-in-Portugal_Jorge-Graca\u00a9Michelangelo-Foundation_2223601-1-scaled-e1764674234321.jpg","width":1770,"height":1173},{"@type":"BreadcrumbList","@id":"https:\/\/loulecriativo.pt\/pt\/residencias-criativas\/escola-de-verao-metal-em-loule\/#breadcrumb","itemListElement":[{"@type":"ListItem","position":1,"name":"Home","item":"https:\/\/loulecriativo.pt\/pt\/"},{"@type":"ListItem","position":2,"name":"Escola de Ver\u00e3o Metal em Loul\u00e9"}]},{"@type":"WebSite","@id":"https:\/\/loulecriativo.pt\/pt\/#website","url":"https:\/\/loulecriativo.pt\/pt\/","name":"Loul\u00e9 Criativo","description":"","potentialAction":[{"@type":"SearchAction","target":{"@type":"EntryPoint","urlTemplate":"https:\/\/loulecriativo.pt\/pt\/?s={search_term_string}"},"query-input":{"@type":"PropertyValueSpecification","valueRequired":true,"valueName":"search_term_string"}}],"inLanguage":"pt"}]}},"_links":{"self":[{"href":"https:\/\/loulecriativo.pt\/pt\/wp-json\/wp\/v2\/lc_event\/11539","targetHints":{"allow":["GET"]}}],"collection":[{"href":"https:\/\/loulecriativo.pt\/pt\/wp-json\/wp\/v2\/lc_event"}],"about":[{"href":"https:\/\/loulecriativo.pt\/pt\/wp-json\/wp\/v2\/types\/lc_event"}],"version-history":[{"count":28,"href":"https:\/\/loulecriativo.pt\/pt\/wp-json\/wp\/v2\/lc_event\/11539\/revisions"}],"predecessor-version":[{"id":14064,"href":"https:\/\/loulecriativo.pt\/pt\/wp-json\/wp\/v2\/lc_event\/11539\/revisions\/14064"}],"wp:featuredmedia":[{"embeddable":true,"href":"https:\/\/loulecriativo.pt\/pt\/wp-json\/wp\/v2\/media\/13991"}],"wp:attachment":[{"href":"https:\/\/loulecriativo.pt\/pt\/wp-json\/wp\/v2\/media?parent=11539"}],"curies":[{"name":"wp","href":"https:\/\/api.w.org\/{rel}","templated":true}]}}