{"id":12704,"date":"2025-11-25T12:05:56","date_gmt":"2025-11-25T12:05:56","guid":{"rendered":"https:\/\/loulecriativo.pt\/?post_type=lc_event&#038;p=12704"},"modified":"2025-11-28T16:05:01","modified_gmt":"2025-11-28T16:05:01","slug":"artes-da-natureza-aplicadas","status":"publish","type":"lc_event","link":"https:\/\/loulecriativo.pt\/pt\/residencias-criativas\/artes-da-natureza-aplicadas\/","title":{"rendered":"Artes da Natureza Aplicadas"},"content":{"rendered":"\t\t<div data-elementor-type=\"wp-post\" data-elementor-id=\"12704\" class=\"elementor elementor-12704\" data-elementor-post-type=\"lc_event\">\n\t\t\t\t<div class=\"elementor-element elementor-element-2024bec e-con-full e-flex e-con e-parent\" data-id=\"2024bec\" data-element_type=\"container\" data-settings=\"{&quot;jet_parallax_layout_list&quot;:[]}\">\n\t\t<div class=\"elementor-element elementor-element-096b3d3 e-flex e-con-boxed e-con e-child\" data-id=\"096b3d3\" data-element_type=\"container\" data-settings=\"{&quot;jet_parallax_layout_list&quot;:[]}\">\n\t\t\t\t\t<div class=\"e-con-inner\">\n\t\t\t\t<div class=\"elementor-element elementor-element-f99e82b elementor-widget elementor-widget-dng_breadcrumbs\" data-id=\"f99e82b\" data-element_type=\"widget\" data-widget_type=\"dng_breadcrumbs.default\">\n\t\t\t\t<div class=\"elementor-widget-container\">\n\t\t\t\t\t    <div data-dng-c-breadcrumbs class=\"dng-c-breadcrumbs flex items-center justify-start gap-xxs\">\n      \n        <a\n     class=\"whitespace-nowrap overflow-ellipsis overflow-hidden text-body-2 item !text-inherit text-[var(--dng-text-color), var(--wp--preset--color--brown))]\" \n      href=\"https:\/\/loulecriativo.pt\/pt\/\" \n        >\n    Home\n<\/a>\n        <svg class=\"separator\" width=\"6\" height=\"10\" viewBox=\"0 0 6 10\" fill=\"none\" xmlns=\"http:\/\/www.w3.org\/2000\/svg\">\n          <path d=\"M6.00005 5L1.00005 10L0.300049 9.3L4.60005 5L0.300049 0.7L1.00005 0L6.00005 5Z\" fill=\"var(--dng-text-color, var(--wp--preset--color--brown))\"\/>\n        <\/svg>\n        <a\n     class=\"whitespace-nowrap overflow-ellipsis overflow-hidden text-body-2 item !text-inherit text-[var(--dng-text-color), var(--wp--preset--color--brown))]\" \n      href=\"https:\/\/loulecriativo.pt\/pt\/residencias-criativas\/\" \n        >\n    Resid\u00eancias Criativas\n<\/a>\n        <svg class=\"separator\" width=\"6\" height=\"10\" viewBox=\"0 0 6 10\" fill=\"none\" xmlns=\"http:\/\/www.w3.org\/2000\/svg\">\n          <path d=\"M6.00005 5L1.00005 10L0.300049 9.3L4.60005 5L0.300049 0.7L1.00005 0L6.00005 5Z\" fill=\"var(--dng-text-color, var(--wp--preset--color--brown))\"\/>\n        <\/svg>\n          <div class=\"current-page text-body-2 whitespace-nowrap overflow-ellipsis overflow-hidden\">\n      Artes da Natureza Aplicadas    <\/div>\n          <\/div>\n    \t\t\t\t<\/div>\n\t\t\t\t<\/div>\n\t\t\t\t\t<\/div>\n\t\t\t\t<\/div>\n\t\t\t\t<div class=\"elementor-element elementor-element-c213c62 elementor-widget elementor-widget-dng_activity_banner\" data-id=\"c213c62\" data-element_type=\"widget\" data-widget_type=\"dng_activity_banner.default\">\n\t\t\t\t<div class=\"elementor-widget-container\">\n\t\t\t\t\t    <div data-dng-c-activity-banner class=\"dng-c-activity-banner\">\n      <div class=\"container\">\n        <div class=\"pre-title\" data-pretitle>\n    RESID\u00caNCIA CRIATIVA        <\/div>\n        <h1 class=\"title\" data-title>\n    Artes da Natureza Aplicadas        <\/h1>\n        \n            <div class=\"post-title text-body-1\">\n      Outubro - Novembro 2021        <\/div>\n                \n        <div class=\"thumbnail\" data-thumbnail>\n    <img decoding=\"async\"  class=\"\" src=\"https:\/\/loulecriativo.pt\/wp-content\/uploads\/2025\/11\/AQUI_Pierre-EmmanuelVandeputte_SoniaMendez_JoseLuis_PassaAoFuturo_AppliedArtsFromNatureResidency_JennaDuffy_028_LOW.jpg\" alt=\"\">        <\/div>\n      <\/div>\n    <\/div>\n    \t\t\t\t<\/div>\n\t\t\t\t<\/div>\n\t\t\t\t<\/div>\n\t\t<div class=\"elementor-element elementor-element-2bbfccf e-flex e-con-boxed e-con e-parent\" data-id=\"2bbfccf\" data-element_type=\"container\" data-settings=\"{&quot;jet_parallax_layout_list&quot;:[],&quot;background_background&quot;:&quot;classic&quot;}\">\n\t\t\t\t\t<div class=\"e-con-inner\">\n\t\t\t\t<div class=\"elementor-element elementor-element-6ed451a elementor-widget elementor-widget-text-editor\" data-id=\"6ed451a\" data-element_type=\"widget\" data-widget_type=\"text-editor.default\">\n\t\t\t\t<div class=\"elementor-widget-container\">\n\t\t\t\t\t\t\t\t\t<h2>Resid\u00eancia Artes da Natureza Aplicadas<\/h2>\t\t\t\t\t\t\t\t<\/div>\n\t\t\t\t<\/div>\n\t\t\t\t<div class=\"elementor-element elementor-element-90e4e7a elementor-widget elementor-widget-text-editor\" data-id=\"90e4e7a\" data-element_type=\"widget\" data-widget_type=\"text-editor.default\">\n\t\t\t\t<div class=\"elementor-widget-container\">\n\t\t\t\t\t\t\t\t\t<p>A Resid\u00eancia Artes da Natureza Aplicadas explorou o artesanato tradicional mediterr\u00e2nico algarvio por meio de colabora\u00e7\u00f5es entre designers e artes\u00e3os\/\u00e3s nas categorias da azulejaria, cobre, corti\u00e7a, olaria e palma.<\/p><p>O desafio proposto foi criar pe\u00e7as utilit\u00e1rias dentro da estrutura dos princ\u00edpios de design regenerativo, utilizando as p\u00e9talas do Living Product Challenge. O objetivo principal deste projeto \u00e9 trazer a equidade social, a restaura\u00e7\u00e3o econ\u00f3mica e a regenera\u00e7\u00e3o ambiental para a vanguarda do processo de design e cria\u00e7\u00e3o, com pe\u00e7as concebidas para a produ\u00e7\u00e3o local e que inspirar\u00e3o as gera\u00e7\u00f5es mais jovens a continuar estes of\u00edcios.<\/p>\t\t\t\t\t\t\t\t<\/div>\n\t\t\t\t<\/div>\n\t\t\t\t\t<\/div>\n\t\t\t\t<\/div>\n\t\t<div class=\"elementor-element elementor-element-adc342e e-con-full e-flex e-con e-parent\" data-id=\"adc342e\" data-element_type=\"container\" data-settings=\"{&quot;jet_parallax_layout_list&quot;:[],&quot;background_background&quot;:&quot;classic&quot;}\">\n\t\t\t\t<div class=\"elementor-element elementor-element-1adeaa8 elementor-widget elementor-widget-dng_slideshow\" data-id=\"1adeaa8\" data-element_type=\"widget\" data-widget_type=\"dng_slideshow.default\">\n\t\t\t\t<div class=\"elementor-widget-container\">\n\t\t\t\t\t<div data-dng-c-slideshow class=\"dng-c-slideshow h-full\">\n      <div class=\"swiper h-full\">\n        <div class=\"swiper-wrapper h-full\">\n            <div class=\"swiper-slide h-full overflow-hidden w-auto aspect-[16\/8]\">\n      <img decoding=\"async\"  class=\"w-full !h-full object-cover object-center\" src=\"https:\/\/loulecriativo.pt\/wp-content\/uploads\/2025\/11\/Imagem1.jpg\" alt=\"\">          <\/div>\n                  <div class=\"swiper-slide h-full overflow-hidden w-auto aspect-[16\/8]\">\n      <img decoding=\"async\"  class=\"w-full !h-full object-cover object-center\" src=\"https:\/\/loulecriativo.pt\/wp-content\/uploads\/2025\/11\/ATRAVE4.jpg\" alt=\"\">          <\/div>\n                  <div class=\"swiper-slide h-full overflow-hidden w-auto aspect-[16\/8]\">\n      <img decoding=\"async\"  class=\"w-full !h-full object-cover object-center\" src=\"https:\/\/loulecriativo.pt\/wp-content\/uploads\/2025\/11\/HEXADROM_Brunno-Jahara__Rui-and-Maria-Mascarenhas_PassaAoFuturo_Applied-ArtsFromNatureResidency_JennaDuffy_060_LR.jpg\" alt=\"\">          <\/div>\n                  <div class=\"swiper-slide h-full overflow-hidden w-auto aspect-[16\/8]\">\n      <img decoding=\"async\"  class=\"w-full !h-full object-cover object-center\" src=\"https:\/\/loulecriativo.pt\/wp-content\/uploads\/2025\/11\/AQUI_P3.jpg\" alt=\"\">          <\/div>\n                  <div class=\"swiper-slide h-full overflow-hidden w-auto aspect-[16\/8]\">\n      <img decoding=\"async\"  class=\"w-full !h-full object-cover object-center\" src=\"https:\/\/loulecriativo.pt\/wp-content\/uploads\/2025\/11\/RESPIR-AR_Barbara-Drozdek_Francisco-Eugenio_PassaAoFuturo_Applied-ArtsFromNatureResidency_JennaDuffy_044-scaled.jpg\" alt=\"\">          <\/div>\n                  <div class=\"swiper-slide h-full overflow-hidden w-auto aspect-[16\/8]\">\n      <img decoding=\"async\"  class=\"w-full !h-full object-cover object-center\" src=\"https:\/\/loulecriativo.pt\/wp-content\/uploads\/2025\/11\/ARESTA2.jpg\" alt=\"\">          <\/div>\n                  <div class=\"swiper-slide h-full overflow-hidden w-auto aspect-[16\/8]\">\n      <img decoding=\"async\"  class=\"w-full !h-full object-cover object-center\" src=\"https:\/\/loulecriativo.pt\/wp-content\/uploads\/2025\/11\/FOGUINHO_Marre-Moerel_Francisco-Eugenio_PassaAoFuturo_Applied-ArtsFromNatureResidency_JennaDuffy_012_LR.jpg\" alt=\"\">          <\/div>\n                  <div class=\"swiper-slide h-full overflow-hidden w-auto aspect-[16\/8]\">\n      <img decoding=\"async\"  class=\"w-full !h-full object-cover object-center\" src=\"https:\/\/loulecriativo.pt\/wp-content\/uploads\/2025\/11\/FIGOS_Brunno-Jahara_Nuno-Farias_PassaAoFuturo_JennaDuffy_Applied-ArtsFromNatureResidency_070_LR.jpg\" alt=\"\">          <\/div>\n                  <div class=\"swiper-slide h-full overflow-hidden w-auto aspect-[16\/8]\">\n      <img decoding=\"async\"  class=\"w-full !h-full object-cover object-center\" src=\"https:\/\/loulecriativo.pt\/wp-content\/uploads\/2025\/11\/SHROOMS_Brunno-Jahara_Nuno-Farias-and-Francisco-Eugenio_PassaAoFuturo_Applied-ArtsFromNatureResidency_JennaDuffy_072_LR.jpg\" alt=\"\">          <\/div>\n                  <div class=\"swiper-slide h-full overflow-hidden w-auto aspect-[16\/8]\">\n      <img decoding=\"async\"  class=\"w-full !h-full object-cover object-center\" src=\"https:\/\/loulecriativo.pt\/wp-content\/uploads\/2025\/11\/FONTE_Marre-Moerel_Francisco-Eugenio_PassaAoFuturo_Applied-ArtsFromNatureResidency_JennaDuffy_013_LR.jpg\" alt=\"\">          <\/div>\n                  <\/div>\n                  <div class=\"swiper-pagination\"><\/div>\n                      <\/div>\n    <\/div>\n    \t\t\t\t<\/div>\n\t\t\t\t<\/div>\n\t\t\t\t<div class=\"elementor-element elementor-element-50fa43c elementor-widget elementor-widget-video\" data-id=\"50fa43c\" data-element_type=\"widget\" data-settings=\"{&quot;video_type&quot;:&quot;vimeo&quot;}\" data-widget_type=\"video.default\">\n\t\t\t\t<div class=\"elementor-widget-container\">\n\t\t\t\t\t\t\t<div class=\"elementor-wrapper elementor-open-inline\">\n\t\t\t<iframe class=\"elementor-video-iframe\" allowfullscreen allow=\"clipboard-write\" title=\"vimeo Video Player\" src=\"https:\/\/player.vimeo.com\/video\/664231592?color&amp;autopause=0&amp;loop=0&amp;muted=0&amp;title=1&amp;portrait=1&amp;byline=1#t=\"><\/iframe>\t\t<\/div>\n\t\t\t\t\t\t<\/div>\n\t\t\t\t<\/div>\n\t\t\t\t<\/div>\n\t\t<div class=\"elementor-element elementor-element-1527ed3 e-con-full e-flex e-con e-parent\" data-id=\"1527ed3\" data-element_type=\"container\" data-settings=\"{&quot;jet_parallax_layout_list&quot;:[]}\">\n\t\t\t\t<div class=\"elementor-element elementor-element-71f4834 elementor-widget elementor-widget-dng_square_showcase\" data-id=\"71f4834\" data-element_type=\"widget\" data-widget_type=\"dng_square_showcase.default\">\n\t\t\t\t<div class=\"elementor-widget-container\">\n\t\t\t\t\t<div data-dng-c-square-showcase \n        class=\"dng-c-square-showcase flex flex-col md:flex-row w-screen \">\n      <div class=\"w-full md:w-1\/2 order-2 md:order-2\"><div class=\"dng-wrapper\">\n        <div class=\"dng-content\">\n      <h2 class=\"dng-title mb-xs\">PE\u00c7AS EM PALMA<\/h2>\n      \n            <p class=\"dng-subtitle mb-md uppercase\">CACL\u00c9 I &amp; II<\/p>\n      \n            <div class=\"dng-description text-body-1 mb-sm gap-xs\">\n      <p>Desenhado por C\u00e9lia Esteves<br \/>Feito \u00e0 m\u00e3o por S\u00f3nia Mendez<\/p><p><strong><br \/>Tapete em palma<\/strong><\/p><p>\u201cCacl\u00e9 I &amp; II\u201d s\u00e3o inspirados pelos cactos de Loul\u00e9 Velho, e marcam um regresso \u00e0 tecelagem tradicional feita \u00e0 m\u00e3o. Usando a folha da palmeira an\u00e3 mediterr\u00e2nea, entran\u00e7ada e cosida a partir deste singular elemento selvagem. Estes tapetes estendem a sua fun\u00e7\u00e3o ligando-os \u00e0 natureza, com um olhar direcionado para um futuro mais sustent\u00e1vel.<\/p><p>\u201cCacl\u00e9\u201d marca o in\u00edcio de uma nova linha na Rug by GUR chamada GUR PA.<\/p>        <\/div>\n          \n        <\/div>\n    <\/div>\n      <\/div>\n      <div class=\"dng-media w-full md:w-1\/2 order-1 md:order-1\"><div class=\"dng-wrapper\" data-dng-c-slideshow>\n        <div class=\"swiper w-full\">\n      <div class=\"swiper-wrapper\">\n              <div class=\"swiper-slide aspect-square object-cover w-full h-full\">\n      <img decoding=\"async\"  class=\"w-full h-full object-cover\" src=\"https:\/\/loulecriativo.pt\/wp-content\/uploads\/2025\/11\/CACLE-II_Celia-Esteves__Sonia-Mendez_PassaAoFuturo_Applied-ArtsFromNatureResidency_JennaDuffy_052_LR.jpg\" alt=\"\" playsinline=\"\"  muted=\"\"  loop=\"\"  data-play-on-slide=\"\" >          <\/div>\n                  <div class=\"swiper-slide aspect-square object-cover w-full h-full\">\n      <img decoding=\"async\"  class=\"w-full h-full object-cover\" src=\"https:\/\/loulecriativo.pt\/wp-content\/uploads\/2025\/11\/CACLE-I_Celia-Esteves_Sonia-Mendez_PassaAoFuturo_Applied-ArtsFromNatureResidency_JennaDuffy_057-copy_LR.jpg\" alt=\"\" playsinline=\"\"  muted=\"\"  loop=\"\"  data-play-on-slide=\"\" >          <\/div>\n              <\/div>\n      <div class=\"swiper-pagination\"><\/div>\n    <\/div>\n    <\/div>\n      <\/div>\n    <\/div>\n    \t\t\t\t<\/div>\n\t\t\t\t<\/div>\n\t\t\t\t<div class=\"elementor-element elementor-element-36640a3 elementor-widget elementor-widget-dng_square_showcase\" data-id=\"36640a3\" data-element_type=\"widget\" data-widget_type=\"dng_square_showcase.default\">\n\t\t\t\t<div class=\"elementor-widget-container\">\n\t\t\t\t\t<div data-dng-c-square-showcase \n        class=\"dng-c-square-showcase dng-c-square-showcase--clear flex flex-col md:flex-row w-screen \">\n      <div class=\"w-full md:w-1\/2 order-2 md:order-1\"><div class=\"dng-wrapper\">\n        <div class=\"dng-content\">\n      <h2 class=\"dng-title mb-xs\">AQUI<\/h2>\n      \n    \n            <div class=\"dng-description text-body-1 mb-sm gap-xs\">\n      <p>Desenhado por Pierre-Emmanuel Vandeputte<\/p><p>Feito \u00e0 m\u00e3o por Jos\u00e9 Luis &amp; S\u00f3nia Mendez<\/p><p>\u00a0<\/p><p><strong>Banco em cana e palma<br \/><\/strong>\u201cAqui\u201d \u00e9 um banco feito com cana colhida na natureza, unida por palma entrela\u00e7ada. Historicamente, nas casas Algarvias, a cana era utilizada nos tectos e nas paredes de terra.<br \/>A palma \u00e9 entran\u00e7ada numa t\u00e9cnica chamada empreita e utilizada numa mir\u00edade de formas. Nesta pe\u00e7a a palma flex\u00edvel \u00e9 justaposta com a for\u00e7a r\u00edgida da cana, criando um equil\u00edbrio entre conforto e estabilidade.<\/p><p>\u201cAqui\u201d reclama simplicidade e reafirma o valor de materiais pouco valorizados.<\/p>        <\/div>\n          \n        <\/div>\n    <\/div>\n      <\/div>\n      <div class=\"dng-media w-full md:w-1\/2 order-1 md:order-2\"><div class=\"dng-wrapper\" data-dng-c-slideshow>\n        <div class=\"swiper w-full\">\n      <div class=\"swiper-wrapper\">\n              <div class=\"swiper-slide aspect-square object-cover w-full h-full\">\n      <img decoding=\"async\"  class=\"w-full h-full object-cover\" src=\"https:\/\/loulecriativo.pt\/wp-content\/uploads\/2025\/11\/AQA2801.jpg\" alt=\"\" playsinline=\"\"  muted=\"\"  loop=\"\"  data-play-on-slide=\"\" >          <\/div>\n                  <div class=\"swiper-slide aspect-square object-cover w-full h-full\">\n      <img decoding=\"async\"  class=\"w-full h-full object-cover\" src=\"https:\/\/loulecriativo.pt\/wp-content\/uploads\/2025\/11\/AQUI_P3.jpg\" alt=\"\" playsinline=\"\"  muted=\"\"  loop=\"\"  data-play-on-slide=\"\" >          <\/div>\n              <\/div>\n      <div class=\"swiper-pagination\"><\/div>\n    <\/div>\n    <\/div>\n      <\/div>\n    <\/div>\n    \t\t\t\t<\/div>\n\t\t\t\t<\/div>\n\t\t\t\t<div class=\"elementor-element elementor-element-55fafbd elementor-widget elementor-widget-dng_square_showcase\" data-id=\"55fafbd\" data-element_type=\"widget\" data-widget_type=\"dng_square_showcase.default\">\n\t\t\t\t<div class=\"elementor-widget-container\">\n\t\t\t\t\t<div data-dng-c-square-showcase \n        class=\"dng-c-square-showcase flex flex-col md:flex-row w-screen \">\n      <div class=\"w-full md:w-1\/2 order-2 md:order-2\"><div class=\"dng-wrapper\">\n        <div class=\"dng-content\">\n      <h2 class=\"dng-title mb-xs\">PE\u00c7AS EM CORTI\u00c7A<\/h2>\n      \n            <p class=\"dng-subtitle mb-md uppercase\">KANOO<\/p>\n      \n            <div class=\"dng-description text-body-1 mb-sm gap-xs\">\n      <p>Desenhado por Brunno Jahara<br \/>Feito \u00e0 m\u00e3o por Nuno Farias<\/p><p>\u00a0<\/p><p><strong>Centro de mesa em corti\u00e7a<br \/><\/strong>Trazer o estado mais natural da \u00e1rvore da corti\u00e7a para uma forma \u00fatil foi o ponto de partida inicial para a pe\u00e7a \u201cKanoo\u201d. A casca dos sobreiros \u00e9 colhida \u00e0 m\u00e3o todos os anos em Portugal para ser transformada em diferentes formas e produtos. \u201cKanoo\u201d \u00e9 feita a partir das cascas partidas durante a primeira colheita. Cortada com cortes angulares m\u00ednimos, torna a forma desta pe\u00e7a central sempre \u00fanica, cada uma com o seu pr\u00f3prio car\u00e1cter. Por vezes, tem musgo natural e pequenas plantas pegadas, criando assim uma mini paisagem de jardim na mesa. A simplicidade e a for\u00e7a dos elementos em bruto fazem da natureza o desenhador essencial destas pe\u00e7as.<\/p>        <\/div>\n          \n        <\/div>\n    <\/div>\n      <\/div>\n      <div class=\"dng-media w-full md:w-1\/2 order-1 md:order-1\"><div class=\"dng-wrapper\" data-dng-c-slideshow>\n        <div class=\"swiper w-full\">\n      <div class=\"swiper-wrapper\">\n              <div class=\"swiper-slide aspect-square object-cover w-full h-full\">\n      <img decoding=\"async\"  class=\"w-full h-full object-cover\" src=\"https:\/\/loulecriativo.pt\/wp-content\/uploads\/2025\/11\/KANOO_Brunno-Jahara_Nuno-Farias_PassaAoFuturo_Applied-ArtsFromNatureResidency_JennaDuffy_089_LR.jpg\" alt=\"\" playsinline=\"\"  muted=\"\"  loop=\"\"  data-play-on-slide=\"\" >          <\/div>\n                  <div class=\"swiper-slide aspect-square object-cover w-full h-full\">\n      <img decoding=\"async\"  class=\"w-full h-full object-cover\" src=\"https:\/\/loulecriativo.pt\/wp-content\/uploads\/2025\/11\/Imagem1.jpg\" alt=\"\" playsinline=\"\"  muted=\"\"  loop=\"\"  data-play-on-slide=\"\" >          <\/div>\n              <\/div>\n      <div class=\"swiper-pagination\"><\/div>\n    <\/div>\n    <\/div>\n      <\/div>\n    <\/div>\n    \t\t\t\t<\/div>\n\t\t\t\t<\/div>\n\t\t\t\t<div class=\"elementor-element elementor-element-94998ae elementor-widget elementor-widget-dng_square_showcase\" data-id=\"94998ae\" data-element_type=\"widget\" data-widget_type=\"dng_square_showcase.default\">\n\t\t\t\t<div class=\"elementor-widget-container\">\n\t\t\t\t\t<div data-dng-c-square-showcase \n        class=\"dng-c-square-showcase dng-c-square-showcase--clear flex flex-col md:flex-row w-screen \">\n      <div class=\"w-full md:w-1\/2 order-2 md:order-1\"><div class=\"dng-wrapper\">\n        <div class=\"dng-content\">\n      <h2 class=\"dng-title mb-xs\">FIGOS<\/h2>\n      \n    \n            <div class=\"dng-description text-body-1 mb-sm gap-xs\">\n      <p>Desenhado por Brunno Jahara<br \/>Feito \u00e0 m\u00e3o por Nuno Farias &amp; Jo\u00e3o Pereira<\/p><p>\u00a0<\/p><p><strong>Vasos e candelabro em corti\u00e7a<\/strong><\/p><p>Quatro formas livres em corti\u00e7a de valpreto comp\u00f5em um conjunto de vasos acabados \u00e0 m\u00e3o e um candelabro.<br \/>As Silhuetas s\u00e3o inspiradas em figos, uma fruta t\u00edpica da regi\u00e3o do Algarve onde as pe\u00e7as foram criadas. Este padr\u00e3o \u00fanico de corti\u00e7a assemelha-se a pedra.<\/p>        <\/div>\n          \n        <\/div>\n    <\/div>\n      <\/div>\n      <div class=\"dng-media w-full md:w-1\/2 order-1 md:order-2\"><div class=\"dng-wrapper\" data-dng-c-slideshow>\n        <div class=\"swiper w-full\">\n      <div class=\"swiper-wrapper\">\n              <div class=\"swiper-slide aspect-square object-cover w-full h-full\">\n      <img decoding=\"async\"  class=\"w-full h-full object-cover\" src=\"https:\/\/loulecriativo.pt\/wp-content\/uploads\/2025\/11\/FIGOS_Brunno-Jahara_Nuno-Farias_Joao-Pereira_PassaAoFuturo_Applied-ArtsFromNatureResidency_JennaDuffy_079_LR.jpg\" alt=\"\" playsinline=\"\"  muted=\"\"  loop=\"\"  data-play-on-slide=\"\" >          <\/div>\n                  <div class=\"swiper-slide aspect-square object-cover w-full h-full\">\n      <img decoding=\"async\"  class=\"w-full h-full object-cover\" src=\"https:\/\/loulecriativo.pt\/wp-content\/uploads\/2025\/11\/FIGOS_Brunno-Jahara_Nuno-Farias_PassaAoFuturo_JennaDuffy_Applied-ArtsFromNatureResidency_070_LR.jpg\" alt=\"\" playsinline=\"\"  muted=\"\"  loop=\"\"  data-play-on-slide=\"\" >          <\/div>\n              <\/div>\n      <div class=\"swiper-pagination\"><\/div>\n    <\/div>\n    <\/div>\n      <\/div>\n    <\/div>\n    \t\t\t\t<\/div>\n\t\t\t\t<\/div>\n\t\t\t\t<div class=\"elementor-element elementor-element-1c6a1f2 elementor-widget elementor-widget-dng_square_showcase\" data-id=\"1c6a1f2\" data-element_type=\"widget\" data-widget_type=\"dng_square_showcase.default\">\n\t\t\t\t<div class=\"elementor-widget-container\">\n\t\t\t\t\t<div data-dng-c-square-showcase \n        class=\"dng-c-square-showcase flex flex-col md:flex-row w-screen \">\n      <div class=\"w-full md:w-1\/2 order-2 md:order-2\"><div class=\"dng-wrapper\">\n        <div class=\"dng-content\">\n      <h2 class=\"dng-title mb-xs\">SHROOMS<\/h2>\n      \n    \n            <div class=\"dng-description text-body-1 mb-sm gap-xs\">\n      <p>Desenhado por Brunno Jahara<br \/>Feito \u00e0 m\u00e3o por Nuno Farias &amp; Francisco Eug\u00e9nio<\/p><p>\u00a0<\/p><p><strong>Frascos em barro e tampas em corti\u00e7a<\/strong><\/p><p>Os cogumelos est\u00e3o por todo o lado e fazem parte do nosso mundo imagin\u00e1rio, t\u00eam propriedades m\u00e1gicas e esta foi a inspira\u00e7\u00e3o por detr\u00e1s do conjunto de potes e tampas em cer\u00e2mica e corti\u00e7a. Esta fam\u00edlia de tampas universais tamb\u00e9m pode ser utilizada em frascos. Uma colec\u00e7\u00e3o l\u00fadica que convida o utilizador a ter um pequeno bosque de cogumelos na sua pr\u00f3pria casa.<\/p>        <\/div>\n          \n        <\/div>\n    <\/div>\n      <\/div>\n      <div class=\"dng-media w-full md:w-1\/2 order-1 md:order-1\"><div class=\"dng-wrapper\" data-dng-c-slideshow>\n        <div class=\"swiper w-full\">\n      <div class=\"swiper-wrapper\">\n              <div class=\"swiper-slide aspect-square object-cover w-full h-full\">\n      <img decoding=\"async\"  class=\"w-full h-full object-cover\" src=\"https:\/\/loulecriativo.pt\/wp-content\/uploads\/2025\/11\/SHROOMS_Brunno-Jahara_Nuno-Farias-and-Francisco-Eugenio_PassaAoFuturo_Applied-ArtsFromNatureResidency_JennaDuffy_062_LR-e1764074743868.jpg\" alt=\"\" playsinline=\"\"  muted=\"\"  loop=\"\"  data-play-on-slide=\"\" >          <\/div>\n                  <div class=\"swiper-slide aspect-square object-cover w-full h-full\">\n      <img decoding=\"async\"  class=\"w-full h-full object-cover\" src=\"https:\/\/loulecriativo.pt\/wp-content\/uploads\/2025\/11\/SHROOMS_Brunno-Jahara_Nuno-Farias-and-Francisco-Eugenio_PassaAoFuturo_Applied-ArtsFromNatureResidency_JennaDuffy_072_LR-e1764074773660.jpg\" alt=\"\" playsinline=\"\"  muted=\"\"  loop=\"\"  data-play-on-slide=\"\" >          <\/div>\n              <\/div>\n      <div class=\"swiper-pagination\"><\/div>\n    <\/div>\n    <\/div>\n      <\/div>\n    <\/div>\n    \t\t\t\t<\/div>\n\t\t\t\t<\/div>\n\t\t\t\t<div class=\"elementor-element elementor-element-d2e39a2 elementor-widget elementor-widget-dng_square_showcase\" data-id=\"d2e39a2\" data-element_type=\"widget\" data-widget_type=\"dng_square_showcase.default\">\n\t\t\t\t<div class=\"elementor-widget-container\">\n\t\t\t\t\t<div data-dng-c-square-showcase \n        class=\"dng-c-square-showcase dng-c-square-showcase--clear flex flex-col md:flex-row w-screen \">\n      <div class=\"w-full md:w-1\/2 order-2 md:order-1\"><div class=\"dng-wrapper\">\n        <div class=\"dng-content\">\n      <h2 class=\"dng-title mb-xs\">PE\u00c7AS EM OLARIA<\/h2>\n      \n            <p class=\"dng-subtitle mb-md uppercase\">FONTE<\/p>\n      \n            <div class=\"dng-description text-body-1 mb-sm gap-xs\">\n      <p>Desenhado por Marre Moerel<br \/>Feito \u00e0 m\u00e3o por Francisco Eug\u00e9nio<\/p><p><strong>Dispensador de \u00e1gua em barro e filtro<\/strong><\/p><p>\u201cFonte\u201d \u00e9 um filtro de \u00e1gua inspirado na filtra\u00e7\u00e3o natural onde a \u00e1gua (chuva, gelo, neve) \u00e9 filtrada atrav\u00e9s das diferentes camadas da terra para criar \u00e1gua da nascente fresca e limpa. O objectivo \u00e9 substituir a utiliza\u00e7\u00e3o de filtros produzidos industrialmente para eliminar contaminantes industriais desnecess\u00e1rios (pl\u00e1stico) e voltar \u00e0s t\u00e9cnicas tradicionais, de baixo custo e materiais naturais. Reintroduzindo m\u00e9todos h\u00e1 muito esquecidos que s\u00e3o igualmente vi\u00e1veis, mas que j\u00e1 n\u00e3o se encontram na pr\u00e1tica di\u00e1ria. O doseador consiste em 2 compartimentos feitos de barro n\u00e3o vidrado, cuja parede porosa utiliza arrefecimento por evapora\u00e7\u00e3o para reduzir a temperatura da \u00e1gua que cont\u00e9m, fornecendo assim sempre \u00e1gua pot\u00e1vel fria, mesmo em ambientes quentes.<\/p>        <\/div>\n          \n        <\/div>\n    <\/div>\n      <\/div>\n      <div class=\"dng-media w-full md:w-1\/2 order-1 md:order-2\"><div class=\"dng-wrapper\" data-dng-c-slideshow>\n        <div class=\"swiper w-full\">\n      <div class=\"swiper-wrapper\">\n              <div class=\"swiper-slide aspect-square object-cover w-full h-full\">\n      <img decoding=\"async\"  class=\"w-full h-full object-cover\" src=\"https:\/\/loulecriativo.pt\/wp-content\/uploads\/2025\/11\/FONTE_Marre-Moerel_Francisco-Eugenio_PassaAoFuturo_Applied-ArtsFromNatureResidency_JennaDuffy_003_LR-e1764074962989.jpg\" alt=\"\" playsinline=\"\"  muted=\"\"  loop=\"\"  data-play-on-slide=\"\" >          <\/div>\n                  <div class=\"swiper-slide aspect-square object-cover w-full h-full\">\n      <img decoding=\"async\"  class=\"w-full h-full object-cover\" src=\"https:\/\/loulecriativo.pt\/wp-content\/uploads\/2025\/11\/FONTE_Marre-Moerel_Francisco-Eugenio_PassaAoFuturo_Applied-ArtsFromNatureResidency_JennaDuffy_013_LR-e1764074936689.jpg\" alt=\"\" playsinline=\"\"  muted=\"\"  loop=\"\"  data-play-on-slide=\"\" >          <\/div>\n              <\/div>\n      <div class=\"swiper-pagination\"><\/div>\n    <\/div>\n    <\/div>\n      <\/div>\n    <\/div>\n    \t\t\t\t<\/div>\n\t\t\t\t<\/div>\n\t\t\t\t<div class=\"elementor-element elementor-element-2294f52 elementor-widget elementor-widget-dng_square_showcase\" data-id=\"2294f52\" data-element_type=\"widget\" data-widget_type=\"dng_square_showcase.default\">\n\t\t\t\t<div class=\"elementor-widget-container\">\n\t\t\t\t\t<div data-dng-c-square-showcase \n        class=\"dng-c-square-showcase flex flex-col md:flex-row w-screen \">\n      <div class=\"w-full md:w-1\/2 order-2 md:order-2\"><div class=\"dng-wrapper\">\n        <div class=\"dng-content\">\n      <h2 class=\"dng-title mb-xs\">FOGUINHO<\/h2>\n      \n    \n            <div class=\"dng-description text-body-1 mb-sm gap-xs\">\n      <p>Desenhado por Marre Moerel<br \/>Feito \u00e0 m\u00e3o por Francisco Eug\u00e9nio<\/p><p>\u00a0<\/p><p><strong>Aquecedor a velas em barro<\/strong><\/p><p>Um pequeno aquecedor de espa\u00e7o inspirado na ocorr\u00eancia natural do sol que ao aquecer uma pedra, esta, captura e irradia calor. Criado com t\u00e9cnicas de olaria usadas na manufatura dos tachos tradicionais, \u201cfoguinho\u201d consiste em 2 c\u00fapulas de cer\u00e2mica sobrepostas e colocadas sobre um tabuleiro com 2 ou 4 pequenas velas; esta pe\u00e7a elegantemente simples foi concebida para aquecer um pequeno espa\u00e7o com uma quantidade m\u00ednima de combust\u00e3o. O aquecedor mant\u00e9m e concentra o calor que normalmente se elevaria at\u00e9 ao tecto e rapidamente se dissiparia. As c\u00fapulas de terracota absorvem a energia t\u00e9rmica das velas, convertendo-a em calor radiante.<br \/>\u201cFoguinho\u201d tamb\u00e9m serve para desumidificar e \u00e9 muito eficaz para aquecer os p\u00e9s ou m\u00e3os.<\/p>        <\/div>\n          \n        <\/div>\n    <\/div>\n      <\/div>\n      <div class=\"dng-media w-full md:w-1\/2 order-1 md:order-1\"><div class=\"dng-wrapper\" data-dng-c-slideshow>\n        <div class=\"swiper w-full\">\n      <div class=\"swiper-wrapper\">\n              <div class=\"swiper-slide aspect-square object-cover w-full h-full\">\n      <img decoding=\"async\"  class=\"w-full h-full object-cover\" src=\"https:\/\/loulecriativo.pt\/wp-content\/uploads\/2025\/11\/FOGUINHO_Marre-Moerel_Francisco-Eugenio_PassaAoFuturo_Applied-ArtsFromNatureResidency_JennaDuffy_010_LR-e1764075081618.jpg\" alt=\"\" playsinline=\"\"  muted=\"\"  loop=\"\"  data-play-on-slide=\"\" >          <\/div>\n                  <div class=\"swiper-slide aspect-square object-cover w-full h-full\">\n      <img decoding=\"async\"  class=\"w-full h-full object-cover\" src=\"https:\/\/loulecriativo.pt\/wp-content\/uploads\/2025\/11\/FOGUINHO_Marre-Moerel_Francisco-Eugenio_PassaAoFuturo_Applied-ArtsFromNatureResidency_JennaDuffy_011_LR-e1764075140569.jpg\" alt=\"\" playsinline=\"\"  muted=\"\"  loop=\"\"  data-play-on-slide=\"\" >          <\/div>\n                  <div class=\"swiper-slide aspect-square object-cover w-full h-full\">\n      <img decoding=\"async\"  class=\"w-full h-full object-cover\" src=\"https:\/\/loulecriativo.pt\/wp-content\/uploads\/2025\/11\/FOGUINHO_Marre-Moerel_Francisco-Eugenio_PassaAoFuturo_Applied-ArtsFromNatureResidency_JennaDuffy_012_LR-e1764075165782.jpg\" alt=\"\" playsinline=\"\"  muted=\"\"  loop=\"\"  data-play-on-slide=\"\" >          <\/div>\n              <\/div>\n      <div class=\"swiper-pagination\"><\/div>\n    <\/div>\n    <\/div>\n      <\/div>\n    <\/div>\n    \t\t\t\t<\/div>\n\t\t\t\t<\/div>\n\t\t\t\t<div class=\"elementor-element elementor-element-cc23af3 elementor-widget elementor-widget-dng_square_showcase\" data-id=\"cc23af3\" data-element_type=\"widget\" data-widget_type=\"dng_square_showcase.default\">\n\t\t\t\t<div class=\"elementor-widget-container\">\n\t\t\t\t\t<div data-dng-c-square-showcase \n        class=\"dng-c-square-showcase dng-c-square-showcase--clear flex flex-col md:flex-row w-screen \">\n      <div class=\"w-full md:w-1\/2 order-2 md:order-1\"><div class=\"dng-wrapper\">\n        <div class=\"dng-content\">\n      <h2 class=\"dng-title mb-xs\">RESPIR-AR<\/h2>\n      \n    \n            <div class=\"dng-description text-body-1 mb-sm gap-xs\">\n      <p>Desenhado por Barbara Drozdek<br \/>Feito \u00e0 m\u00e3o por Francisco Eug\u00e9nio<\/p><p><strong>Vaso, difusor e absorvedor de odores em barro<\/strong><\/p><p>\u201cRespir-ar\u201d \u00e9 um conjunto de objectos que ajudam a melhorar a qualidade do ar nos espa\u00e7os habitacionais. Hoje, mais do que nunca, enfrentamos o problema da polui\u00e7\u00e3o atmosf\u00e9rica. As formas das pe\u00e7as surgiram em colabora\u00e7\u00e3o com o artes\u00e3o, atrav\u00e9s da desconstru\u00e7\u00e3o do s\u00edmbolo mais emblem\u00e1tico da regi\u00e3o do Algarve, a chamin\u00e9. Uma sa\u00edda para o fumo torna-se uma colec\u00e7\u00e3o de purificadores de ar. O vaso de flores com recortes tradicionais d\u00e1 lugar \u00e0 lista da NASA das dezoito melhores plantas que limpam o ar de subst\u00e2ncias como o benzeno, o formalde\u00eddo e o tricloroetileno. O difusor para pr\u00f3polis fornece protec\u00e7\u00e3o antibi\u00f3tica, antiviral e imunit\u00e1ria. O recipiente para bicarbonato de s\u00f3dio absorve o cheiro nos espa\u00e7os mais pequenos.<\/p>        <\/div>\n          \n        <\/div>\n    <\/div>\n      <\/div>\n      <div class=\"dng-media w-full md:w-1\/2 order-1 md:order-2\"><div class=\"dng-wrapper\" data-dng-c-slideshow>\n        <div class=\"swiper w-full\">\n      <div class=\"swiper-wrapper\">\n              <div class=\"swiper-slide aspect-square object-cover w-full h-full\">\n      <img decoding=\"async\"  class=\"w-full h-full object-cover\" src=\"https:\/\/loulecriativo.pt\/wp-content\/uploads\/2025\/11\/RESPIR-AR_Barbara-Drozdek_Francisco-Eugenio_PassaAoFuturo_Applied-ArtsFromNatureResidency_JennaDuffy_050-scaled-e1764075273564.jpg\" alt=\"\" playsinline=\"\"  muted=\"\"  loop=\"\"  data-play-on-slide=\"\" >          <\/div>\n                  <div class=\"swiper-slide aspect-square object-cover w-full h-full\">\n      <img decoding=\"async\"  class=\"w-full h-full object-cover\" src=\"https:\/\/loulecriativo.pt\/wp-content\/uploads\/2025\/11\/RESPIR-AR_Barbara-Drozdek_Francisco-Eugenio_PassaAoFuturo_Applied-ArtsFromNatureResidency_JennaDuffy_044-scaled-e1764075338526.jpg\" alt=\"\" playsinline=\"\"  muted=\"\"  loop=\"\"  data-play-on-slide=\"\" >          <\/div>\n              <\/div>\n      <div class=\"swiper-pagination\"><\/div>\n    <\/div>\n    <\/div>\n      <\/div>\n    <\/div>\n    \t\t\t\t<\/div>\n\t\t\t\t<\/div>\n\t\t\t\t<div class=\"elementor-element elementor-element-9f418ba elementor-widget elementor-widget-dng_square_showcase\" data-id=\"9f418ba\" data-element_type=\"widget\" data-widget_type=\"dng_square_showcase.default\">\n\t\t\t\t<div class=\"elementor-widget-container\">\n\t\t\t\t\t<div data-dng-c-square-showcase \n        class=\"dng-c-square-showcase flex flex-col md:flex-row w-screen \">\n      <div class=\"w-full md:w-1\/2 order-2 md:order-2\"><div class=\"dng-wrapper\">\n        <div class=\"dng-content\">\n      <h2 class=\"dng-title mb-xs\">PE\u00c7AS EM AZULEJARIA<\/h2>\n      \n            <p class=\"dng-subtitle mb-md uppercase\">ARESTA RE-VIVA<\/p>\n      \n            <div class=\"dng-description text-body-1 mb-sm gap-xs\">\n      <p>Desenhado por Barbara Drozdek<br \/>Feito \u00e0 m\u00e3o por Rui &amp; Maria Mascarenhas<\/p><p>\u00a0<\/p><p><strong>Azulejos<\/strong><\/p><p>\u00c9 um projecto onde o artesanato cruza com a tecnologia. Inspirado pelas for\u00e7as que ocorrem na natureza, especificamente a atra\u00e7\u00e3o. Utilizando um desenho param\u00e9trico inspirado nos padr\u00f5es isl\u00e2micos, ger\u00e1mos uma s\u00e9rie de padr\u00f5es tri-hexagonais interconect\u00e1veis que o algoritmo redimensionou atrav\u00e9s de for\u00e7as de pontos de atra\u00e7\u00e3o, que se ajustam \u00e0 geometria dos azulejos e s\u00e3o facilmente adapt\u00e1veis dependendo das necessidades de espa\u00e7o. Os fen\u00f3menos de evolu\u00e7\u00e3o do padr\u00e3o de e para os pontos de atra\u00e7\u00e3o conduzem a op\u00e7\u00f5es vers\u00e1teis no crescimento e contra\u00e7\u00e3o da composi\u00e7\u00e3o global. Para melhorar e acelerar o processo de produ\u00e7\u00e3o, utiliz\u00e1mos a tecnologia de impress\u00e3o 3D para transmitir o padr\u00e3o para a argila.<\/p>        <\/div>\n          \n        <\/div>\n    <\/div>\n      <\/div>\n      <div class=\"dng-media w-full md:w-1\/2 order-1 md:order-1\"><div class=\"dng-wrapper\" data-dng-c-slideshow>\n        <div class=\"swiper w-full\">\n      <div class=\"swiper-wrapper\">\n              <div class=\"swiper-slide aspect-square object-cover w-full h-full\">\n      <img decoding=\"async\"  class=\"w-full h-full object-cover\" src=\"https:\/\/loulecriativo.pt\/wp-content\/uploads\/2025\/11\/AR39B41-e1764075476109.jpg\" alt=\"\" playsinline=\"\"  muted=\"\"  loop=\"\"  data-play-on-slide=\"\" >          <\/div>\n                  <div class=\"swiper-slide aspect-square object-cover w-full h-full\">\n      <img decoding=\"async\"  class=\"w-full h-full object-cover\" src=\"https:\/\/loulecriativo.pt\/wp-content\/uploads\/2025\/11\/ARESTA2-e1764075506558.jpg\" alt=\"\" playsinline=\"\"  muted=\"\"  loop=\"\"  data-play-on-slide=\"\" >          <\/div>\n              <\/div>\n      <div class=\"swiper-pagination\"><\/div>\n    <\/div>\n    <\/div>\n      <\/div>\n    <\/div>\n    \t\t\t\t<\/div>\n\t\t\t\t<\/div>\n\t\t\t\t<div class=\"elementor-element elementor-element-bdc6103 elementor-widget elementor-widget-dng_square_showcase\" data-id=\"bdc6103\" data-element_type=\"widget\" data-widget_type=\"dng_square_showcase.default\">\n\t\t\t\t<div class=\"elementor-widget-container\">\n\t\t\t\t\t<div data-dng-c-square-showcase \n        class=\"dng-c-square-showcase dng-c-square-showcase--clear flex flex-col md:flex-row w-screen \">\n      <div class=\"w-full md:w-1\/2 order-2 md:order-1\"><div class=\"dng-wrapper\">\n        <div class=\"dng-content\">\n      <h2 class=\"dng-title mb-xs\">HEXADROM<\/h2>\n      \n    \n            <div class=\"dng-description text-body-1 mb-sm gap-xs\">\n      <p>Desenhado por Brunno Jahara<\/p><p>Feito \u00e0 m\u00e3o por Rui &amp; Maria Mascarenhas<\/p><p><strong>Espelho com azulejos<\/strong><\/p><p>Uma moldura \u00fanica feita \u00e0 m\u00e3o, com uma novas formas e cores que pode ser especificamente composta dependendo do espa\u00e7o de destino. O desenho baseia-se em dar um valor especial \u00e0s pe\u00e7as tradicionais, transformando a sua utiliza\u00e7\u00e3o, memorizando as suas diferen\u00e7as \u00fanicas no processo artesanal e apoiando a continuidade do atelier familiar do Aresta Viva em Faro.<\/p>        <\/div>\n          \n        <\/div>\n    <\/div>\n      <\/div>\n      <div class=\"dng-media w-full md:w-1\/2 order-1 md:order-2\"><div class=\"dng-wrapper\" data-dng-c-slideshow>\n        <div class=\"swiper w-full\">\n      <div class=\"swiper-wrapper\">\n              <div class=\"swiper-slide aspect-square object-cover w-full h-full\">\n      <img decoding=\"async\"  class=\"w-full h-full object-cover\" src=\"https:\/\/loulecriativo.pt\/wp-content\/uploads\/2025\/11\/HEXADROM_Brunno-Jahara__Rui-and-Maria-Mascarenhas_PassaAoFuturo_Applied-ArtsFromNatureResidency_JennaDuffy_064_LR.jpg\" alt=\"\" playsinline=\"\"  muted=\"\"  loop=\"\"  data-play-on-slide=\"\" >          <\/div>\n                  <div class=\"swiper-slide aspect-square object-cover w-full h-full\">\n      <img decoding=\"async\"  class=\"w-full h-full object-cover\" src=\"https:\/\/loulecriativo.pt\/wp-content\/uploads\/2025\/11\/HEXADROM_Brunno-Jahara__Rui-and-Maria-Mascarenhas_PassaAoFuturo_Applied-ArtsFromNatureResidency_JennaDuffy_060_LR-e1764075683227.jpg\" alt=\"\" playsinline=\"\"  muted=\"\"  loop=\"\"  data-play-on-slide=\"\" >          <\/div>\n              <\/div>\n      <div class=\"swiper-pagination\"><\/div>\n    <\/div>\n    <\/div>\n      <\/div>\n    <\/div>\n    \t\t\t\t<\/div>\n\t\t\t\t<\/div>\n\t\t\t\t<div class=\"elementor-element elementor-element-755ce9c elementor-widget elementor-widget-dng_square_showcase\" data-id=\"755ce9c\" data-element_type=\"widget\" data-widget_type=\"dng_square_showcase.default\">\n\t\t\t\t<div class=\"elementor-widget-container\">\n\t\t\t\t\t<div data-dng-c-square-showcase \n        class=\"dng-c-square-showcase flex flex-col md:flex-row w-screen \">\n      <div class=\"w-full md:w-1\/2 order-2 md:order-2\"><div class=\"dng-wrapper\">\n        <div class=\"dng-content\">\n      <h2 class=\"dng-title mb-xs\">PE\u00c7AS EM COBRE<\/h2>\n      \n            <p class=\"dng-subtitle mb-md uppercase\">ATRAVES<\/p>\n      \n            <div class=\"dng-description text-body-1 mb-sm gap-xs\">\n      <p>Desenhado por Pierre-Emmanuel Vandeputte<br \/>Feito \u00e0 m\u00e3o por Analide do Carmo &amp; soldado por Jos\u00e9 Luis<\/p><p>\u00a0<\/p><p><strong>Ma\u00e7aneta em cobre<\/strong><\/p><p>\u201cAtraves\u201d \u00e9 uma ma\u00e7aneta feita de cobre com propriedades de autolimpeza. Segundo textos antigos, os eg\u00edpcios utilizavam o cobre para limpar feridas j\u00e1 em 2400 a.C.; dois mil\u00e9nios depois o cobre tem um novo interesse cient\u00edfico devido \u00e0s suas propriedades antimicrobianas. A combina\u00e7\u00e3o do artesanato em Loul\u00e9 com quest\u00f5es relevantes d\u00e1 origem a solu\u00e7\u00f5es formais e inspiradas que podem juntar os dois mundos: passado e presente. A ma\u00e7aneta redonda faz lembrar a tradicional Cataplana Algarvia, \u00e9 confort\u00e1vel para se agarrar e permite-nos passar em seguran\u00e7a.<\/p>        <\/div>\n          \n        <\/div>\n    <\/div>\n      <\/div>\n      <div class=\"dng-media w-full md:w-1\/2 order-1 md:order-1\"><div class=\"dng-wrapper\" data-dng-c-slideshow>\n        <div class=\"swiper w-full\">\n      <div class=\"swiper-wrapper\">\n              <div class=\"swiper-slide aspect-square object-cover w-full h-full\">\n      <img decoding=\"async\"  class=\"w-full h-full object-cover\" src=\"https:\/\/loulecriativo.pt\/wp-content\/uploads\/2025\/11\/AT0A221-e1764075771983.jpg\" alt=\"\" playsinline=\"\"  muted=\"\"  loop=\"\"  data-play-on-slide=\"\" >          <\/div>\n                  <div class=\"swiper-slide aspect-square object-cover w-full h-full\">\n      <img decoding=\"async\"  class=\"w-full h-full object-cover\" src=\"https:\/\/loulecriativo.pt\/wp-content\/uploads\/2025\/11\/ATRAVE4-e1764075803856.jpg\" alt=\"\" playsinline=\"\"  muted=\"\"  loop=\"\"  data-play-on-slide=\"\" >          <\/div>\n              <\/div>\n      <div class=\"swiper-pagination\"><\/div>\n    <\/div>\n    <\/div>\n      <\/div>\n    <\/div>\n    \t\t\t\t<\/div>\n\t\t\t\t<\/div>\n\t\t\t\t<div class=\"elementor-element elementor-element-8140d8f elementor-widget elementor-widget-dng_square_showcase\" data-id=\"8140d8f\" data-element_type=\"widget\" data-widget_type=\"dng_square_showcase.default\">\n\t\t\t\t<div class=\"elementor-widget-container\">\n\t\t\t\t\t<div data-dng-c-square-showcase \n        class=\"dng-c-square-showcase dng-c-square-showcase--clear flex flex-col md:flex-row w-screen \">\n      <div class=\"w-full md:w-1\/2 order-2 md:order-1\"><div class=\"dng-wrapper\">\n        <div class=\"dng-content\">\n      <h2 class=\"dng-title mb-xs\">PSYLO<\/h2>\n      \n    \n            <div class=\"dng-description text-body-1 mb-sm gap-xs\">\n      <p>Desenhado por Brunno Jahara<br \/>Feito \u00e0 m\u00e3o por Analide do Carmo<\/p><p>\u00a0<\/p><p><strong>Ganchos roupa e chaveiro em cobre<\/strong><\/p><p>Psylo \u00e9 uma ador\u00e1vel fam\u00edlia de ganchos de cobre feitos \u00e0 m\u00e3o, que se assemelham a cogumelos que crescem fora da parede. Estes ganchos est\u00e3o dispon\u00edveis em diferentes tamanhos que variam de acordo \u00e0 fun\u00e7\u00e3o: para segurar chap\u00e9us, chaves, casacos, acess\u00f3rios e objectos leves. Cada cogumelo \u00e9 martelado \u00e0 m\u00e3o em formas ligeiramente caprichosas.<\/p>        <\/div>\n          \n        <\/div>\n    <\/div>\n      <\/div>\n      <div class=\"dng-media w-full md:w-1\/2 order-1 md:order-2\"><div class=\"dng-wrapper\" data-dng-c-slideshow>\n        <div class=\"swiper w-full\">\n      <div class=\"swiper-wrapper\">\n              <div class=\"swiper-slide aspect-square object-cover w-full h-full\">\n      <img decoding=\"async\"  class=\"w-full h-full object-cover\" src=\"https:\/\/loulecriativo.pt\/wp-content\/uploads\/2025\/11\/PSYLO_Brunno-Jahara_Analide-do-Carmo__PassaAoFuturo_Applied-ArtsFromNatureResidency_JennaDuffy_069_LR-e1764075985554.jpg\" alt=\"\" playsinline=\"\"  muted=\"\"  loop=\"\"  data-play-on-slide=\"\" >          <\/div>\n                  <div class=\"swiper-slide aspect-square object-cover w-full h-full\">\n      <img decoding=\"async\"  class=\"w-full h-full object-cover\" src=\"https:\/\/loulecriativo.pt\/wp-content\/uploads\/2025\/11\/HEXADROM_Brunno-Jahara__Rui-and-Maria-Mascarenhas_PassaAoFuturo_Applied-ArtsFromNatureResidency_JennaDuffy_060_LR-e1764075683227.jpg\" alt=\"\" playsinline=\"\"  muted=\"\"  loop=\"\"  data-play-on-slide=\"\" >          <\/div>\n              <\/div>\n      <div class=\"swiper-pagination\"><\/div>\n    <\/div>\n    <\/div>\n      <\/div>\n    <\/div>\n    \t\t\t\t<\/div>\n\t\t\t\t<\/div>\n\t\t\t\t<\/div>\n\t\t<div class=\"elementor-element elementor-element-96c1b17 e-grid e-con-boxed e-con e-child\" data-id=\"96c1b17\" data-element_type=\"container\" data-settings=\"{&quot;jet_parallax_layout_list&quot;:[]}\">\n\t\t\t\t\t<div class=\"e-con-inner\">\n\t\t<div class=\"elementor-element elementor-element-8cf0a52 e-con-full e-flex e-con e-child\" data-id=\"8cf0a52\" data-element_type=\"container\" data-settings=\"{&quot;jet_parallax_layout_list&quot;:[]}\">\n\t\t\t\t<div class=\"elementor-element elementor-element-4336eeb elementor-widget elementor-widget-heading\" data-id=\"4336eeb\" data-element_type=\"widget\" data-widget_type=\"heading.default\">\n\t\t\t\t<div class=\"elementor-widget-container\">\n\t\t\t\t\t<h2 class=\"elementor-heading-title elementor-size-default\">Artes\u00e3os<\/h2>\t\t\t\t<\/div>\n\t\t\t\t<\/div>\n\t\t\t\t<div class=\"elementor-element elementor-element-80b3609 elementor-widget__width-initial elementor-widget elementor-widget-text-editor\" data-id=\"80b3609\" data-element_type=\"widget\" data-widget_type=\"text-editor.default\">\n\t\t\t\t<div class=\"elementor-widget-container\">\n\t\t\t\t\t\t\t\t\t<p>Azulejaria:<br \/>Rui &amp; Maria Mascarenhas (Aresta Viva)<\/p><p>Cobre:<br \/>Analide do Carmo<br \/>Jos\u00e9 Lu\u00eds<\/p><p>Corti\u00e7a:<br \/>Nuno Farias &amp; Jo\u00e3o Pereira (NF Cork)<\/p><p>Olaria:<br \/>Francisco Eug\u00e9nio<\/p><p>Palma:<br \/>S\u00f3nia Mendez<\/p>\t\t\t\t\t\t\t\t<\/div>\n\t\t\t\t<\/div>\n\t\t\t\t<\/div>\n\t\t<div class=\"elementor-element elementor-element-44ca410 e-con-full e-flex e-con e-child\" data-id=\"44ca410\" data-element_type=\"container\" data-settings=\"{&quot;jet_parallax_layout_list&quot;:[]}\">\n\t\t\t\t<div class=\"elementor-element elementor-element-f7596e7 elementor-widget elementor-widget-heading\" data-id=\"f7596e7\" data-element_type=\"widget\" data-widget_type=\"heading.default\">\n\t\t\t\t<div class=\"elementor-widget-container\">\n\t\t\t\t\t<h2 class=\"elementor-heading-title elementor-size-default\">Designers<\/h2>\t\t\t\t<\/div>\n\t\t\t\t<\/div>\n\t\t\t\t<div class=\"elementor-element elementor-element-3c54291 elementor-widget__width-initial elementor-widget elementor-widget-text-editor\" data-id=\"3c54291\" data-element_type=\"widget\" data-widget_type=\"text-editor.default\">\n\t\t\t\t<div class=\"elementor-widget-container\">\n\t\t\t\t\t\t\t\t\t<p>Barbara Drozdek<br \/>Brunno Jahara<br \/>C\u00e9lia Esteves<br \/>Marre Moerel<br \/>Pierre-Emmanuel Vandeputte<\/p>\t\t\t\t\t\t\t\t<\/div>\n\t\t\t\t<\/div>\n\t\t\t\t<\/div>\n\t\t<div class=\"elementor-element elementor-element-ace669b e-con-full e-flex e-con e-child\" data-id=\"ace669b\" data-element_type=\"container\" data-settings=\"{&quot;jet_parallax_layout_list&quot;:[]}\">\n\t\t\t\t<div class=\"elementor-element elementor-element-398387b elementor-widget elementor-widget-heading\" data-id=\"398387b\" data-element_type=\"widget\" data-widget_type=\"heading.default\">\n\t\t\t\t<div class=\"elementor-widget-container\">\n\t\t\t\t\t<h2 class=\"elementor-heading-title elementor-size-default\">Organiza\u00e7\u00e3o<\/h2>\t\t\t\t<\/div>\n\t\t\t\t<\/div>\n\t\t\t\t<div class=\"elementor-element elementor-element-365b1f4 elementor-widget__width-initial elementor-widget elementor-widget-text-editor\" data-id=\"365b1f4\" data-element_type=\"widget\" data-widget_type=\"text-editor.default\">\n\t\t\t\t<div class=\"elementor-widget-container\">\n\t\t\t\t\t\t\t\t\t<p>Passa ao Futuro<\/p>\t\t\t\t\t\t\t\t<\/div>\n\t\t\t\t<\/div>\n\t\t\t\t<\/div>\n\t\t<div class=\"elementor-element elementor-element-4f7373e e-con-full e-flex e-con e-child\" data-id=\"4f7373e\" data-element_type=\"container\" data-settings=\"{&quot;jet_parallax_layout_list&quot;:[]}\">\n\t\t\t\t<div class=\"elementor-element elementor-element-7fa3ff7 elementor-widget elementor-widget-heading\" data-id=\"7fa3ff7\" data-element_type=\"widget\" data-widget_type=\"heading.default\">\n\t\t\t\t<div class=\"elementor-widget-container\">\n\t\t\t\t\t<h2 class=\"elementor-heading-title elementor-size-default\">Anfitri\u00e3o<\/h2>\t\t\t\t<\/div>\n\t\t\t\t<\/div>\n\t\t\t\t<div class=\"elementor-element elementor-element-74090e8 elementor-widget__width-initial elementor-widget elementor-widget-text-editor\" data-id=\"74090e8\" data-element_type=\"widget\" data-widget_type=\"text-editor.default\">\n\t\t\t\t<div class=\"elementor-widget-container\">\n\t\t\t\t\t\t\t\t\t<p>Loul\u00e9 Criativo<\/p>\t\t\t\t\t\t\t\t<\/div>\n\t\t\t\t<\/div>\n\t\t\t\t<\/div>\n\t\t<div class=\"elementor-element elementor-element-fc379ca e-con-full e-flex e-con e-child\" data-id=\"fc379ca\" data-element_type=\"container\" data-settings=\"{&quot;jet_parallax_layout_list&quot;:[]}\">\n\t\t\t\t<div class=\"elementor-element elementor-element-98a2737 elementor-widget elementor-widget-heading\" data-id=\"98a2737\" data-element_type=\"widget\" data-widget_type=\"heading.default\">\n\t\t\t\t<div class=\"elementor-widget-container\">\n\t\t\t\t\t<h2 class=\"elementor-heading-title elementor-size-default\">Apoio<\/h2>\t\t\t\t<\/div>\n\t\t\t\t<\/div>\n\t\t\t\t<div class=\"elementor-element elementor-element-cb1e075 elementor-widget__width-initial elementor-widget elementor-widget-text-editor\" data-id=\"cb1e075\" data-element_type=\"widget\" data-widget_type=\"text-editor.default\">\n\t\t\t\t<div class=\"elementor-widget-container\">\n\t\t\t\t\t\t\t\t\t<p>Rep\u00fablica Portuguesa &#8211; Cultura \/ Dire\u00e7\u00e3o Geral das Artes<br \/>Munic\u00edpio de Loul\u00e9<\/p>\t\t\t\t\t\t\t\t<\/div>\n\t\t\t\t<\/div>\n\t\t\t\t<\/div>\n\t\t\t\t\t<\/div>\n\t\t\t\t<\/div>\n\t\t\t\t<\/div>\n\t\t","protected":false},"excerpt":{"rendered":"<p>Home Resid\u00eancias Criativas RESID\u00caNCIA CRIATIVA Artes da Natureza Aplicadas Outubro &#8211; Novembro 2021 Resid\u00eancia Artes da Natureza Aplicadas A Resid\u00eancia Artes da Natureza Aplicadas explorou o artesanato tradicional mediterr\u00e2nico algarvio por meio de colabora\u00e7\u00f5es entre designers e artes\u00e3os\/\u00e3s nas categorias da azulejaria, cobre, corti\u00e7a, olaria e palma. O desafio proposto foi criar pe\u00e7as utilit\u00e1rias dentro [&hellip;]<\/p>\n","protected":false},"featured_media":13625,"template":"","meta":{"_acf_changed":false},"class_list":["post-12704","lc_event","type-lc_event","status-publish","has-post-thumbnail","hentry"],"acf":[],"yoast_head":"<!-- This site is optimized with the Yoast SEO Premium plugin v25.9 (Yoast SEO v26.5) - https:\/\/yoast.com\/wordpress\/plugins\/seo\/ -->\n<title>Artes da Natureza Aplicadas - Loul\u00e9 Criativo<\/title>\n<meta name=\"robots\" content=\"index, follow, max-snippet:-1, max-image-preview:large, max-video-preview:-1\" \/>\n<link rel=\"canonical\" href=\"https:\/\/loulecriativo.pt\/pt\/residencias-criativas\/artes-da-natureza-aplicadas\/\" \/>\n<meta property=\"og:locale\" content=\"pt_PT\" \/>\n<meta property=\"og:type\" content=\"article\" \/>\n<meta property=\"og:title\" content=\"Artes da Natureza Aplicadas\" \/>\n<meta property=\"og:description\" content=\"Home Resid\u00eancias Criativas RESID\u00caNCIA CRIATIVA Artes da Natureza Aplicadas Outubro &#8211; Novembro 2021 Resid\u00eancia Artes da Natureza Aplicadas A Resid\u00eancia Artes da Natureza Aplicadas explorou o artesanato tradicional mediterr\u00e2nico algarvio por meio de colabora\u00e7\u00f5es entre designers e artes\u00e3os\/\u00e3s nas categorias da azulejaria, cobre, corti\u00e7a, olaria e palma. O desafio proposto foi criar pe\u00e7as utilit\u00e1rias dentro [&hellip;]\" \/>\n<meta property=\"og:url\" content=\"https:\/\/loulecriativo.pt\/pt\/residencias-criativas\/artes-da-natureza-aplicadas\/\" \/>\n<meta property=\"og:site_name\" content=\"Loul\u00e9 Criativo\" \/>\n<meta property=\"article:modified_time\" content=\"2025-11-28T16:05:01+00:00\" \/>\n<meta property=\"og:image\" content=\"https:\/\/loulecriativo.pt\/wp-content\/uploads\/2025\/11\/AQUI_Pierre-EmmanuelVandeputte_SoniaMendez_JoseLuis_PassaAoFuturo_AppliedArtsFromNatureResidency_JennaDuffy_028_LOW.jpg\" \/>\n\t<meta property=\"og:image:width\" content=\"750\" \/>\n\t<meta property=\"og:image:height\" content=\"495\" \/>\n\t<meta property=\"og:image:type\" content=\"image\/jpeg\" \/>\n<meta name=\"twitter:card\" content=\"summary_large_image\" \/>\n<meta name=\"twitter:label1\" content=\"Est. reading time\" \/>\n\t<meta name=\"twitter:data1\" content=\"16 minutes\" \/>\n<script type=\"application\/ld+json\" class=\"yoast-schema-graph\">{\"@context\":\"https:\/\/schema.org\",\"@graph\":[{\"@type\":\"WebPage\",\"@id\":\"https:\/\/loulecriativo.pt\/pt\/residencias-criativas\/artes-da-natureza-aplicadas\/\",\"url\":\"https:\/\/loulecriativo.pt\/pt\/residencias-criativas\/artes-da-natureza-aplicadas\/\",\"name\":\"Artes da Natureza Aplicadas - Loul\u00e9 Criativo\",\"isPartOf\":{\"@id\":\"https:\/\/loulecriativo.pt\/pt\/#website\"},\"primaryImageOfPage\":{\"@id\":\"https:\/\/loulecriativo.pt\/pt\/residencias-criativas\/artes-da-natureza-aplicadas\/#primaryimage\"},\"image\":{\"@id\":\"https:\/\/loulecriativo.pt\/pt\/residencias-criativas\/artes-da-natureza-aplicadas\/#primaryimage\"},\"thumbnailUrl\":\"https:\/\/loulecriativo.pt\/wp-content\/uploads\/2025\/11\/AQUI_Pierre-EmmanuelVandeputte_SoniaMendez_JoseLuis_PassaAoFuturo_AppliedArtsFromNatureResidency_JennaDuffy_028_LOW.jpg\",\"datePublished\":\"2025-11-25T12:05:56+00:00\",\"dateModified\":\"2025-11-28T16:05:01+00:00\",\"breadcrumb\":{\"@id\":\"https:\/\/loulecriativo.pt\/pt\/residencias-criativas\/artes-da-natureza-aplicadas\/#breadcrumb\"},\"inLanguage\":\"pt\",\"potentialAction\":[{\"@type\":\"ReadAction\",\"target\":[\"https:\/\/loulecriativo.pt\/pt\/residencias-criativas\/artes-da-natureza-aplicadas\/\"]}]},{\"@type\":\"ImageObject\",\"inLanguage\":\"pt\",\"@id\":\"https:\/\/loulecriativo.pt\/pt\/residencias-criativas\/artes-da-natureza-aplicadas\/#primaryimage\",\"url\":\"https:\/\/loulecriativo.pt\/wp-content\/uploads\/2025\/11\/AQUI_Pierre-EmmanuelVandeputte_SoniaMendez_JoseLuis_PassaAoFuturo_AppliedArtsFromNatureResidency_JennaDuffy_028_LOW.jpg\",\"contentUrl\":\"https:\/\/loulecriativo.pt\/wp-content\/uploads\/2025\/11\/AQUI_Pierre-EmmanuelVandeputte_SoniaMendez_JoseLuis_PassaAoFuturo_AppliedArtsFromNatureResidency_JennaDuffy_028_LOW.jpg\",\"width\":750,\"height\":495},{\"@type\":\"BreadcrumbList\",\"@id\":\"https:\/\/loulecriativo.pt\/pt\/residencias-criativas\/artes-da-natureza-aplicadas\/#breadcrumb\",\"itemListElement\":[{\"@type\":\"ListItem\",\"position\":1,\"name\":\"Home\",\"item\":\"https:\/\/loulecriativo.pt\/pt\/\"},{\"@type\":\"ListItem\",\"position\":2,\"name\":\"Artes da Natureza Aplicadas\"}]},{\"@type\":\"WebSite\",\"@id\":\"https:\/\/loulecriativo.pt\/pt\/#website\",\"url\":\"https:\/\/loulecriativo.pt\/pt\/\",\"name\":\"Loul\u00e9 Criativo\",\"description\":\"\",\"potentialAction\":[{\"@type\":\"SearchAction\",\"target\":{\"@type\":\"EntryPoint\",\"urlTemplate\":\"https:\/\/loulecriativo.pt\/pt\/?s={search_term_string}\"},\"query-input\":{\"@type\":\"PropertyValueSpecification\",\"valueRequired\":true,\"valueName\":\"search_term_string\"}}],\"inLanguage\":\"pt\"}]}<\/script>\n<!-- \/ Yoast SEO Premium plugin. -->","yoast_head_json":{"title":"Artes da Natureza Aplicadas - Loul\u00e9 Criativo","robots":{"index":"index","follow":"follow","max-snippet":"max-snippet:-1","max-image-preview":"max-image-preview:large","max-video-preview":"max-video-preview:-1"},"canonical":"https:\/\/loulecriativo.pt\/pt\/residencias-criativas\/artes-da-natureza-aplicadas\/","og_locale":"pt_PT","og_type":"article","og_title":"Artes da Natureza Aplicadas","og_description":"Home Resid\u00eancias Criativas RESID\u00caNCIA CRIATIVA Artes da Natureza Aplicadas Outubro &#8211; Novembro 2021 Resid\u00eancia Artes da Natureza Aplicadas A Resid\u00eancia Artes da Natureza Aplicadas explorou o artesanato tradicional mediterr\u00e2nico algarvio por meio de colabora\u00e7\u00f5es entre designers e artes\u00e3os\/\u00e3s nas categorias da azulejaria, cobre, corti\u00e7a, olaria e palma. O desafio proposto foi criar pe\u00e7as utilit\u00e1rias dentro [&hellip;]","og_url":"https:\/\/loulecriativo.pt\/pt\/residencias-criativas\/artes-da-natureza-aplicadas\/","og_site_name":"Loul\u00e9 Criativo","article_modified_time":"2025-11-28T16:05:01+00:00","og_image":[{"width":750,"height":495,"url":"https:\/\/loulecriativo.pt\/wp-content\/uploads\/2025\/11\/AQUI_Pierre-EmmanuelVandeputte_SoniaMendez_JoseLuis_PassaAoFuturo_AppliedArtsFromNatureResidency_JennaDuffy_028_LOW.jpg","type":"image\/jpeg"}],"twitter_card":"summary_large_image","twitter_misc":{"Est. reading time":"16 minutes"},"schema":{"@context":"https:\/\/schema.org","@graph":[{"@type":"WebPage","@id":"https:\/\/loulecriativo.pt\/pt\/residencias-criativas\/artes-da-natureza-aplicadas\/","url":"https:\/\/loulecriativo.pt\/pt\/residencias-criativas\/artes-da-natureza-aplicadas\/","name":"Artes da Natureza Aplicadas - Loul\u00e9 Criativo","isPartOf":{"@id":"https:\/\/loulecriativo.pt\/pt\/#website"},"primaryImageOfPage":{"@id":"https:\/\/loulecriativo.pt\/pt\/residencias-criativas\/artes-da-natureza-aplicadas\/#primaryimage"},"image":{"@id":"https:\/\/loulecriativo.pt\/pt\/residencias-criativas\/artes-da-natureza-aplicadas\/#primaryimage"},"thumbnailUrl":"https:\/\/loulecriativo.pt\/wp-content\/uploads\/2025\/11\/AQUI_Pierre-EmmanuelVandeputte_SoniaMendez_JoseLuis_PassaAoFuturo_AppliedArtsFromNatureResidency_JennaDuffy_028_LOW.jpg","datePublished":"2025-11-25T12:05:56+00:00","dateModified":"2025-11-28T16:05:01+00:00","breadcrumb":{"@id":"https:\/\/loulecriativo.pt\/pt\/residencias-criativas\/artes-da-natureza-aplicadas\/#breadcrumb"},"inLanguage":"pt","potentialAction":[{"@type":"ReadAction","target":["https:\/\/loulecriativo.pt\/pt\/residencias-criativas\/artes-da-natureza-aplicadas\/"]}]},{"@type":"ImageObject","inLanguage":"pt","@id":"https:\/\/loulecriativo.pt\/pt\/residencias-criativas\/artes-da-natureza-aplicadas\/#primaryimage","url":"https:\/\/loulecriativo.pt\/wp-content\/uploads\/2025\/11\/AQUI_Pierre-EmmanuelVandeputte_SoniaMendez_JoseLuis_PassaAoFuturo_AppliedArtsFromNatureResidency_JennaDuffy_028_LOW.jpg","contentUrl":"https:\/\/loulecriativo.pt\/wp-content\/uploads\/2025\/11\/AQUI_Pierre-EmmanuelVandeputte_SoniaMendez_JoseLuis_PassaAoFuturo_AppliedArtsFromNatureResidency_JennaDuffy_028_LOW.jpg","width":750,"height":495},{"@type":"BreadcrumbList","@id":"https:\/\/loulecriativo.pt\/pt\/residencias-criativas\/artes-da-natureza-aplicadas\/#breadcrumb","itemListElement":[{"@type":"ListItem","position":1,"name":"Home","item":"https:\/\/loulecriativo.pt\/pt\/"},{"@type":"ListItem","position":2,"name":"Artes da Natureza Aplicadas"}]},{"@type":"WebSite","@id":"https:\/\/loulecriativo.pt\/pt\/#website","url":"https:\/\/loulecriativo.pt\/pt\/","name":"Loul\u00e9 Criativo","description":"","potentialAction":[{"@type":"SearchAction","target":{"@type":"EntryPoint","urlTemplate":"https:\/\/loulecriativo.pt\/pt\/?s={search_term_string}"},"query-input":{"@type":"PropertyValueSpecification","valueRequired":true,"valueName":"search_term_string"}}],"inLanguage":"pt"}]}},"_links":{"self":[{"href":"https:\/\/loulecriativo.pt\/pt\/wp-json\/wp\/v2\/lc_event\/12704","targetHints":{"allow":["GET"]}}],"collection":[{"href":"https:\/\/loulecriativo.pt\/pt\/wp-json\/wp\/v2\/lc_event"}],"about":[{"href":"https:\/\/loulecriativo.pt\/pt\/wp-json\/wp\/v2\/types\/lc_event"}],"version-history":[{"count":52,"href":"https:\/\/loulecriativo.pt\/pt\/wp-json\/wp\/v2\/lc_event\/12704\/revisions"}],"predecessor-version":[{"id":13197,"href":"https:\/\/loulecriativo.pt\/pt\/wp-json\/wp\/v2\/lc_event\/12704\/revisions\/13197"}],"wp:featuredmedia":[{"embeddable":true,"href":"https:\/\/loulecriativo.pt\/pt\/wp-json\/wp\/v2\/media\/13625"}],"wp:attachment":[{"href":"https:\/\/loulecriativo.pt\/pt\/wp-json\/wp\/v2\/media?parent=12704"}],"curies":[{"name":"wp","href":"https:\/\/api.w.org\/{rel}","templated":true}]}}