{"id":6899,"date":"2025-09-19T14:14:28","date_gmt":"2025-09-19T14:14:28","guid":{"rendered":"https:\/\/loulecriativo.pt\/?post_type=lc_event&#038;p=6899"},"modified":"2025-12-30T12:48:28","modified_gmt":"2025-12-30T12:48:28","slug":"designers-de-loule","status":"publish","type":"lc_event","link":"https:\/\/loulecriativo.pt\/pt\/residencias-criativas\/designers-de-loule\/","title":{"rendered":"Designers de Loul\u00e9"},"content":{"rendered":"\t\t<div data-elementor-type=\"wp-post\" data-elementor-id=\"6899\" class=\"elementor elementor-6899\" data-elementor-post-type=\"lc_event\">\n\t\t\t\t<div class=\"elementor-element elementor-element-2024bec e-con-full e-flex e-con e-parent\" data-id=\"2024bec\" data-element_type=\"container\" data-settings=\"{&quot;jet_parallax_layout_list&quot;:[]}\">\n\t\t<div class=\"elementor-element elementor-element-096b3d3 e-flex e-con-boxed e-con e-child\" data-id=\"096b3d3\" data-element_type=\"container\" data-settings=\"{&quot;jet_parallax_layout_list&quot;:[]}\">\n\t\t\t\t\t<div class=\"e-con-inner\">\n\t\t\t\t<div class=\"elementor-element elementor-element-f99e82b elementor-widget elementor-widget-dng_breadcrumbs\" data-id=\"f99e82b\" data-element_type=\"widget\" data-widget_type=\"dng_breadcrumbs.default\">\n\t\t\t\t<div class=\"elementor-widget-container\">\n\t\t\t\t\t    <div data-dng-c-breadcrumbs class=\"dng-c-breadcrumbs flex items-center justify-start gap-xxs\">\n      \n        <a\n     class=\"whitespace-nowrap overflow-ellipsis overflow-hidden text-body-2 item !text-inherit text-[var(--dng-text-color), var(--wp--preset--color--brown))]\" \n      href=\"https:\/\/loulecriativo.pt\/pt\/\" \n        >\n    Home\n<\/a>\n        <svg class=\"separator\" width=\"6\" height=\"10\" viewBox=\"0 0 6 10\" fill=\"none\" xmlns=\"http:\/\/www.w3.org\/2000\/svg\">\n          <path d=\"M6.00005 5L1.00005 10L0.300049 9.3L4.60005 5L0.300049 0.7L1.00005 0L6.00005 5Z\" fill=\"var(--dng-text-color, var(--wp--preset--color--brown))\"\/>\n        <\/svg>\n        <a\n     class=\"whitespace-nowrap overflow-ellipsis overflow-hidden text-body-2 item !text-inherit text-[var(--dng-text-color), var(--wp--preset--color--brown))]\" \n      href=\"https:\/\/loulecriativo.pt\/pt\/residencias-criativas\/\" \n        >\n    Resid\u00eancias Criativas\n<\/a>\n        <svg class=\"separator\" width=\"6\" height=\"10\" viewBox=\"0 0 6 10\" fill=\"none\" xmlns=\"http:\/\/www.w3.org\/2000\/svg\">\n          <path d=\"M6.00005 5L1.00005 10L0.300049 9.3L4.60005 5L0.300049 0.7L1.00005 0L6.00005 5Z\" fill=\"var(--dng-text-color, var(--wp--preset--color--brown))\"\/>\n        <\/svg>\n          <div class=\"current-page text-body-2 whitespace-nowrap overflow-ellipsis overflow-hidden\">\n      Designers de Loul\u00e9    <\/div>\n          <\/div>\n    \t\t\t\t<\/div>\n\t\t\t\t<\/div>\n\t\t\t\t\t<\/div>\n\t\t\t\t<\/div>\n\t\t\t\t<div class=\"elementor-element elementor-element-c213c62 elementor-widget elementor-widget-dng_activity_banner\" data-id=\"c213c62\" data-element_type=\"widget\" data-widget_type=\"dng_activity_banner.default\">\n\t\t\t\t<div class=\"elementor-widget-container\">\n\t\t\t\t\t    <div data-dng-c-activity-banner class=\"dng-c-activity-banner\">\n      <div class=\"container\">\n        <div class=\"pre-title\" data-pretitle>\n    RESID\u00caNCIA CRIATIVA        <\/div>\n        <h1 class=\"title\" data-title>\n    Designers de Loul\u00e9        <\/h1>\n        \n            <div class=\"post-title text-body-1\">\n      Setembro 2016        <\/div>\n                \n        <div class=\"thumbnail\" data-thumbnail>\n    <img decoding=\"async\"  class=\"\" src=\"https:\/\/loulecriativo.pt\/wp-content\/uploads\/2025\/09\/IMG_4350-1920x1080.jpg\" alt=\"\">        <\/div>\n      <\/div>\n    <\/div>\n    \t\t\t\t<\/div>\n\t\t\t\t<\/div>\n\t\t\t\t<\/div>\n\t\t<div class=\"elementor-element elementor-element-2bbfccf e-flex e-con-boxed e-con e-parent\" data-id=\"2bbfccf\" data-element_type=\"container\" data-settings=\"{&quot;jet_parallax_layout_list&quot;:[],&quot;background_background&quot;:&quot;classic&quot;}\">\n\t\t\t\t\t<div class=\"e-con-inner\">\n\t\t\t\t<div class=\"elementor-element elementor-element-6ed451a elementor-widget elementor-widget-text-editor\" data-id=\"6ed451a\" data-element_type=\"widget\" data-widget_type=\"text-editor.default\">\n\t\t\t\t<div class=\"elementor-widget-container\">\n\t\t\t\t\t\t\t\t\t<p class=\"MsoNormal\" style=\"text-align: justify;\">Resid\u00eancia criativa \u201cDesigners de Loul\u00e9\u201d promove o di\u00e1logo com os saberes tradicionais<\/p>\t\t\t\t\t\t\t\t<\/div>\n\t\t\t\t<\/div>\n\t\t\t\t<div class=\"elementor-element elementor-element-90e4e7a elementor-widget elementor-widget-text-editor\" data-id=\"90e4e7a\" data-element_type=\"widget\" data-widget_type=\"text-editor.default\">\n\t\t\t\t<div class=\"elementor-widget-container\">\n\t\t\t\t\t\t\t\t\t<p>Tr\u00eas designers nascidos em Loul\u00e9 retornam com um novo olhar sobre as suas origens, promovendo o encontro com artes\u00e3os e o cruzamento entre os universos da tradi\u00e7\u00e3o e da inova\u00e7\u00e3o, para a cria\u00e7\u00e3o de produtos com alma louletana. Este foi o desafio lan\u00e7ado pela Resid\u00eancia \u201cDesigners de Loul\u00e9\u201d que aconteceu de 10 a 24 de setembro no \u00e2mbito da iniciativa \u201cLoul\u00e9 Criativo\u201d.<\/p><p style=\"text-align: justify;\">Na senda do que o munic\u00edpio de Loul\u00e9 tem vindo a fazer em torno da valoriza\u00e7\u00e3o do seu patrim\u00f3nio, artes e of\u00edcios, a resid\u00eancia surge como uma oportunidade para promover o di\u00e1logo entre os saberes tradicionais e um pensamento mais conceptual e contempor\u00e2neo sobre os mesmos. A terra e as suas tradi\u00e7\u00f5es foram o laborat\u00f3rio para a cria\u00e7\u00e3o, reflex\u00e3o e partilha que se proporcionou em estreito envolvimento com a comunidade local.<\/p><p style=\"text-align: justify;\">Os nove produtos resultantes da resid\u00eancia entraram\u00a0 posteriormente em fase de desenvolvimento e tiveram em exposi\u00e7\u00e3o a partir de Dezembro. O objetivo foi que os produtos valorizem e dinamizem a produ\u00e7\u00e3o artesanal do concelho, projetando-a para um novo patamar, onde haja uma maior oportunidade para a sua continuidade.<\/p><p style=\"margin-bottom: 0cm; text-align: justify;\">A resid\u00eancia ir\u00e1 envolveu nove artes\u00e3os das artes do metal, empreita, cestaria, cabedal, madeira, l\u00e3, olaria, uma unidade de produ\u00e7\u00e3o de do\u00e7aria tradicional e tr\u00eas designers de produto naturais de Loul\u00e9, mas que t\u00eam desenvolvido as suas carreiras noutros locais do pa\u00eds e do mundo.\u00a0<\/p>\t\t\t\t\t\t\t\t<\/div>\n\t\t\t\t<\/div>\n\t\t\t\t\t<\/div>\n\t\t\t\t<\/div>\n\t\t<div class=\"elementor-element elementor-element-adc342e e-flex e-con-boxed e-con e-parent\" data-id=\"adc342e\" data-element_type=\"container\" data-settings=\"{&quot;jet_parallax_layout_list&quot;:[],&quot;background_background&quot;:&quot;classic&quot;}\">\n\t\t\t\t\t<div class=\"e-con-inner\">\n\t\t\t\t<div class=\"elementor-element elementor-element-1adeaa8 elementor-widget elementor-widget-dng_slideshow\" data-id=\"1adeaa8\" data-element_type=\"widget\" data-widget_type=\"dng_slideshow.default\">\n\t\t\t\t<div class=\"elementor-widget-container\">\n\t\t\t\t\t<div data-dng-c-slideshow class=\"dng-c-slideshow h-full\">\n      <div class=\"swiper h-full\">\n        <div class=\"swiper-wrapper h-full\">\n            <div class=\"swiper-slide h-full overflow-hidden w-auto aspect-[16\/8]\">\n      <img decoding=\"async\"  class=\"w-full !h-full object-cover object-center\" src=\"https:\/\/loulecriativo.pt\/wp-content\/uploads\/2025\/09\/IMG_3298-scaled.jpg\" alt=\"\">          <\/div>\n                  <div class=\"swiper-slide h-full overflow-hidden w-auto aspect-[16\/8]\">\n      <img decoding=\"async\"  class=\"w-full !h-full object-cover object-center\" src=\"https:\/\/loulecriativo.pt\/wp-content\/uploads\/2025\/09\/IMG_1950-scaled.jpg\" alt=\"\">          <\/div>\n                  <div class=\"swiper-slide h-full overflow-hidden w-auto aspect-[16\/8]\">\n      <img decoding=\"async\"  class=\"w-full !h-full object-cover object-center\" src=\"https:\/\/loulecriativo.pt\/wp-content\/uploads\/2025\/09\/IMG_9808-scaled.jpg\" alt=\"\">          <\/div>\n                  <div class=\"swiper-slide h-full overflow-hidden w-auto aspect-[16\/8]\">\n      <img decoding=\"async\"  class=\"w-full !h-full object-cover object-center\" src=\"https:\/\/loulecriativo.pt\/wp-content\/uploads\/2025\/09\/IMG_2799-scaled.jpg\" alt=\"\">          <\/div>\n                  <div class=\"swiper-slide h-full overflow-hidden w-auto aspect-[16\/8]\">\n      <img decoding=\"async\"  class=\"w-full !h-full object-cover object-center\" src=\"https:\/\/loulecriativo.pt\/wp-content\/uploads\/2025\/09\/IMG_3381-scaled.jpg\" alt=\"\">          <\/div>\n                  <div class=\"swiper-slide h-full overflow-hidden w-auto aspect-[16\/8]\">\n      <img decoding=\"async\"  class=\"w-full !h-full object-cover object-center\" src=\"https:\/\/loulecriativo.pt\/wp-content\/uploads\/2025\/09\/IMG_0218-scaled.jpg\" alt=\"\">          <\/div>\n                  <div class=\"swiper-slide h-full overflow-hidden w-auto aspect-[16\/8]\">\n      <img decoding=\"async\"  class=\"w-full !h-full object-cover object-center\" src=\"https:\/\/loulecriativo.pt\/wp-content\/uploads\/2025\/09\/IMG_1037-scaled.jpg\" alt=\"\">          <\/div>\n                  <div class=\"swiper-slide h-full overflow-hidden w-auto aspect-[16\/8]\">\n      <img decoding=\"async\"  class=\"w-full !h-full object-cover object-center\" src=\"https:\/\/loulecriativo.pt\/wp-content\/uploads\/2025\/09\/IMG_1316-scaled.jpg\" alt=\"\">          <\/div>\n                  <div class=\"swiper-slide h-full overflow-hidden w-auto aspect-[16\/8]\">\n      <img decoding=\"async\"  class=\"w-full !h-full object-cover object-center\" src=\"https:\/\/loulecriativo.pt\/wp-content\/uploads\/2025\/09\/IMG_0795-scaled.jpg\" alt=\"\">          <\/div>\n                  <div class=\"swiper-slide h-full overflow-hidden w-auto aspect-[16\/8]\">\n      <img decoding=\"async\"  class=\"w-full !h-full object-cover object-center\" src=\"https:\/\/loulecriativo.pt\/wp-content\/uploads\/2025\/09\/IMG_2265-scaled.jpg\" alt=\"\">          <\/div>\n                  <div class=\"swiper-slide h-full overflow-hidden w-auto aspect-[16\/8]\">\n      <img decoding=\"async\"  class=\"w-full !h-full object-cover object-center\" src=\"https:\/\/loulecriativo.pt\/wp-content\/uploads\/2025\/09\/IMG_4282-scaled.jpg\" alt=\"\">          <\/div>\n                  <div class=\"swiper-slide h-full overflow-hidden w-auto aspect-[16\/8]\">\n      <img decoding=\"async\"  class=\"w-full !h-full object-cover object-center\" src=\"https:\/\/loulecriativo.pt\/wp-content\/uploads\/2025\/09\/IMG_4309-scaled.jpg\" alt=\"\">          <\/div>\n                  <div class=\"swiper-slide h-full overflow-hidden w-auto aspect-[16\/8]\">\n      <img decoding=\"async\"  class=\"w-full !h-full object-cover object-center\" src=\"https:\/\/loulecriativo.pt\/wp-content\/uploads\/2025\/09\/IMG_4265-scaled.jpg\" alt=\"\">          <\/div>\n                  <div class=\"swiper-slide h-full overflow-hidden w-auto aspect-[16\/8]\">\n      <img decoding=\"async\"  class=\"w-full !h-full object-cover object-center\" src=\"https:\/\/loulecriativo.pt\/wp-content\/uploads\/2025\/09\/IMG_4294-scaled.jpg\" alt=\"\">          <\/div>\n                  <\/div>\n                  <div class=\"swiper-pagination\"><\/div>\n                      <\/div>\n    <\/div>\n    \t\t\t\t<\/div>\n\t\t\t\t<\/div>\n\t\t\t\t<div class=\"elementor-element elementor-element-50fa43c elementor-widget elementor-widget-video\" data-id=\"50fa43c\" data-element_type=\"widget\" data-settings=\"{&quot;youtube_url&quot;:&quot;https:\\\/\\\/youtu.be\\\/pA_ZH3x5TMw?si=x_DQm6y54R4yJOpc&quot;,&quot;video_type&quot;:&quot;youtube&quot;,&quot;controls&quot;:&quot;yes&quot;}\" data-widget_type=\"video.default\">\n\t\t\t\t<div class=\"elementor-widget-container\">\n\t\t\t\t\t\t\t<div class=\"elementor-wrapper elementor-open-inline\">\n\t\t\t<div class=\"elementor-video\"><\/div>\t\t<\/div>\n\t\t\t\t\t\t<\/div>\n\t\t\t\t<\/div>\n\t\t\t\t\t<\/div>\n\t\t\t\t<\/div>\n\t\t<div class=\"elementor-element elementor-element-1527ed3 e-con-full e-flex e-con e-parent\" data-id=\"1527ed3\" data-element_type=\"container\" data-settings=\"{&quot;jet_parallax_layout_list&quot;:[]}\">\n\t\t\t\t<div class=\"elementor-element elementor-element-71f4834 elementor-widget elementor-widget-dng_square_showcase\" data-id=\"71f4834\" data-element_type=\"widget\" data-widget_type=\"dng_square_showcase.default\">\n\t\t\t\t<div class=\"elementor-widget-container\">\n\t\t\t\t\t<div data-dng-c-square-showcase \n        class=\"dng-c-square-showcase dng-c-square-showcase--clear flex flex-col md:flex-row w-screen \">\n      <div class=\"w-full md:w-1\/2 order-2 md:order-1\"><div class=\"dng-wrapper\">\n        <div class=\"dng-content\">\n      <h2 class=\"dng-title mb-xs\">ARTES\u00c3OS<\/h2>\n      \n    \n            <div class=\"dng-description text-body-1 mb-sm gap-xs\">\n      <p>Analide Carmo e Francisco Dias (caldeireiros)<br \/>Cremilde Sousa (artes\u00e3 da empreita)<br \/>F\u00e1brica da Am\u00eandoa (do\u00e7aria regional)<br \/>Fernando Henriques (artes\u00e3o da madeira)<br \/>Fernando Zuninga (artes\u00e3o do cabedal)<br \/>Jos\u00e9 Amendoeira (cesteiro)<br \/>Manoli Ortiz de La Torre (artes\u00e3 da l\u00e3)<br \/>Marco Cristovam (ferreiro)<br \/>Odete Rocha (artes\u00e3 da empreita)<br \/>Pedro Piedade (oleiro)<\/p>        <\/div>\n          \n        <\/div>\n    <\/div>\n      <\/div>\n      <div class=\"dng-media w-full md:w-1\/2 order-1 md:order-2\"><div class=\"dng-wrapper\" data-dng-c-slideshow>\n        <div class=\"swiper w-full\">\n      <div class=\"swiper-wrapper\">\n              <div class=\"swiper-slide aspect-square object-cover w-full h-full\">\n      <img decoding=\"async\"  class=\"w-full h-full object-cover\" src=\"https:\/\/loulecriativo.pt\/wp-content\/uploads\/2025\/09\/IMG_3399-scaled-e1758543064477.jpg\" alt=\"\" playsinline=\"\"  muted=\"\"  loop=\"\"  data-play-on-slide=\"\" >          <\/div>\n                  <div class=\"swiper-slide aspect-square object-cover w-full h-full\">\n      <img decoding=\"async\"  class=\"w-full h-full object-cover\" src=\"https:\/\/loulecriativo.pt\/wp-content\/uploads\/2025\/09\/IMG_3255-scaled-e1758543108509.jpg\" alt=\"\" playsinline=\"\"  muted=\"\"  loop=\"\"  data-play-on-slide=\"\" >          <\/div>\n                  <div class=\"swiper-slide aspect-square object-cover w-full h-full\">\n      <img decoding=\"async\"  class=\"w-full h-full object-cover\" src=\"https:\/\/loulecriativo.pt\/wp-content\/uploads\/2025\/09\/IMG_9938-scaled-e1758542842824.jpg\" alt=\"\" playsinline=\"\"  muted=\"\"  loop=\"\"  data-play-on-slide=\"\" >          <\/div>\n                  <div class=\"swiper-slide aspect-square object-cover w-full h-full\">\n      <img decoding=\"async\"  class=\"w-full h-full object-cover\" src=\"https:\/\/loulecriativo.pt\/wp-content\/uploads\/2025\/09\/IMG_2383-scaled-e1758543146526.jpg\" alt=\"\" playsinline=\"\"  muted=\"\"  loop=\"\"  data-play-on-slide=\"\" >          <\/div>\n                  <div class=\"swiper-slide aspect-square object-cover w-full h-full\">\n      <img decoding=\"async\"  class=\"w-full h-full object-cover\" src=\"https:\/\/loulecriativo.pt\/wp-content\/uploads\/2025\/09\/IMG_1316-1-scaled-e1758543181703.jpg\" alt=\"\" playsinline=\"\"  muted=\"\"  loop=\"\"  data-play-on-slide=\"\" >          <\/div>\n                  <div class=\"swiper-slide aspect-square object-cover w-full h-full\">\n      <img decoding=\"async\"  class=\"w-full h-full object-cover\" src=\"https:\/\/loulecriativo.pt\/wp-content\/uploads\/2025\/09\/IMG_0485-scaled-e1758543364138.jpg\" alt=\"\" playsinline=\"\"  muted=\"\"  loop=\"\"  data-play-on-slide=\"\" >          <\/div>\n                  <div class=\"swiper-slide aspect-square object-cover w-full h-full\">\n      <img decoding=\"async\"  class=\"w-full h-full object-cover\" src=\"https:\/\/loulecriativo.pt\/wp-content\/uploads\/2025\/09\/IMG_0265-scaled-e1758543394171.jpg\" alt=\"\" playsinline=\"\"  muted=\"\"  loop=\"\"  data-play-on-slide=\"\" >          <\/div>\n                  <div class=\"swiper-slide aspect-square object-cover w-full h-full\">\n      <img decoding=\"async\"  class=\"w-full h-full object-cover\" src=\"https:\/\/loulecriativo.pt\/wp-content\/uploads\/2025\/09\/IMG_1036-scaled-e1758543303901.jpg\" alt=\"\" playsinline=\"\"  muted=\"\"  loop=\"\"  data-play-on-slide=\"\" >          <\/div>\n                  <div class=\"swiper-slide aspect-square object-cover w-full h-full\">\n      <img decoding=\"async\"  class=\"w-full h-full object-cover\" src=\"https:\/\/loulecriativo.pt\/wp-content\/uploads\/2025\/09\/IMG_2586-scaled-e1758542897154.jpg\" alt=\"\" playsinline=\"\"  muted=\"\"  loop=\"\"  data-play-on-slide=\"\" >          <\/div>\n                  <div class=\"swiper-slide aspect-square object-cover w-full h-full\">\n      <img decoding=\"async\"  class=\"w-full h-full object-cover\" src=\"https:\/\/loulecriativo.pt\/wp-content\/uploads\/2025\/09\/IMG_1817-scaled-e1758543447474.jpg\" alt=\"\" playsinline=\"\"  muted=\"\"  loop=\"\"  data-play-on-slide=\"\" >          <\/div>\n              <\/div>\n      <div class=\"swiper-pagination\"><\/div>\n    <\/div>\n    <\/div>\n      <\/div>\n    <\/div>\n    \t\t\t\t<\/div>\n\t\t\t\t<\/div>\n\t\t\t\t<div class=\"elementor-element elementor-element-0efb85b elementor-widget elementor-widget-dng_square_showcase\" data-id=\"0efb85b\" data-element_type=\"widget\" data-widget_type=\"dng_square_showcase.default\">\n\t\t\t\t<div class=\"elementor-widget-container\">\n\t\t\t\t\t<div data-dng-c-square-showcase \n        class=\"dng-c-square-showcase flex flex-col md:flex-row w-screen \">\n      <div class=\"w-full md:w-1\/2 order-2 md:order-2\"><div class=\"dng-wrapper\">\n        <div class=\"dng-content\">\n      <h2 class=\"dng-title mb-xs\">EMPREITA \u00c0 HORA<\/h2>\n      \n            <p class=\"dng-subtitle mb-md uppercase\">Pela causa do trabalho manufaturado<\/p>\n      \n            <div class=\"dng-description text-body-1 mb-sm gap-xs\">\n      <p>Porque o design de produtos procura ser consequente do ponto vista econ\u00f3mico e um ve\u00edculo de justi\u00e7a social, cria-se aqui uma linha de pe\u00e7as, onde se colocam em perspetiva as quest\u00f5es de subvaloriza\u00e7\u00e3o do trabalho artesanal. A partir da observa\u00e7\u00e3o da t\u00e9cnica, em que antes de se dar forma aos objetos se constr\u00f3i uma longa tran\u00e7a, medida em bra\u00e7as, trocamos estas bra\u00e7as por horas de trabalho. Os produtos s\u00e3o ent\u00e3o vendidos \u00e0 hora, numa clara chamada de aten\u00e7\u00e3o para a subvaloriza\u00e7\u00e3o desta arte.<\/p><p>Quanto dever\u00e1 custar um produto que tem em si 10 horas de trabalho especializado, carregado de hist\u00f3ria e identidade?\u00a0<\/p>        <\/div>\n          \n        <\/div>\n    <\/div>\n      <\/div>\n      <div class=\"dng-media w-full md:w-1\/2 order-1 md:order-1\"><div class=\"dng-wrapper\" data-dng-c-slideshow>\n        <div class=\"swiper w-full\">\n      <div class=\"swiper-wrapper\">\n              <div class=\"swiper-slide aspect-square object-cover w-full h-full\">\n      <img decoding=\"async\"  class=\"w-full h-full object-cover\" src=\"https:\/\/loulecriativo.pt\/wp-content\/uploads\/2025\/09\/MG_8469-scaled.jpg\" alt=\"\" playsinline=\"\"  muted=\"\"  loop=\"\"  data-play-on-slide=\"\" >          <\/div>\n              <\/div>\n      <div class=\"swiper-pagination\"><\/div>\n    <\/div>\n    <\/div>\n      <\/div>\n    <\/div>\n    \t\t\t\t<\/div>\n\t\t\t\t<\/div>\n\t\t\t\t<div class=\"elementor-element elementor-element-36640a3 elementor-widget elementor-widget-dng_square_showcase\" data-id=\"36640a3\" data-element_type=\"widget\" data-widget_type=\"dng_square_showcase.default\">\n\t\t\t\t<div class=\"elementor-widget-container\">\n\t\t\t\t\t<div data-dng-c-square-showcase \n        class=\"dng-c-square-showcase dng-c-square-showcase--clear flex flex-col md:flex-row w-screen \">\n      <div class=\"w-full md:w-1\/2 order-2 md:order-1\"><div class=\"dng-wrapper\">\n        <div class=\"dng-content\">\n      <h2 class=\"dng-title mb-xs\">TA\u00c7AS DE EMPREITA \u00c0 HORA <\/h2>\n      \n            <p class=\"dng-subtitle mb-md uppercase\">Ta\u00e7a de 2 horas\/ Ta\u00e7a de 5 horas <\/p>\n      \n            <div class=\"dng-description text-body-1 mb-sm gap-xs\">\n      <p>Um simples rolo de empreita de palma, atrav\u00e9s de um processo particular de uni\u00e3o das voltas, permite a cada pessoa dar a forma \u00e0 ta\u00e7a, mais ou menos concava, mais ou menos escult\u00f3rica. Os diferentes di\u00e2metros traduzem-se em horas de trabalho da empreiteira.<br \/><br \/><\/p><p><strong>Materiais: palma <\/strong><br \/><strong>Henrique Ralheta (design) <\/strong><br \/><strong>Odete Dias (empreiteira) <\/strong><br \/><strong>J\u00falia Laur\u00eancia (costureira)<\/strong><\/p>        <\/div>\n          \n        <\/div>\n    <\/div>\n      <\/div>\n      <div class=\"dng-media w-full md:w-1\/2 order-1 md:order-2\"><div class=\"dng-wrapper\" data-dng-c-slideshow>\n        <div class=\"swiper w-full\">\n      <div class=\"swiper-wrapper\">\n              <div class=\"swiper-slide aspect-square object-cover w-full h-full\">\n      <img decoding=\"async\"  class=\"w-full h-full object-cover\" src=\"https:\/\/loulecriativo.pt\/wp-content\/uploads\/2025\/09\/MG_8458-scaled.jpg\" alt=\"\" playsinline=\"\"  muted=\"\"  loop=\"\"  data-play-on-slide=\"\" >          <\/div>\n              <\/div>\n      <div class=\"swiper-pagination\"><\/div>\n    <\/div>\n    <\/div>\n      <\/div>\n    <\/div>\n    \t\t\t\t<\/div>\n\t\t\t\t<\/div>\n\t\t\t\t<div class=\"elementor-element elementor-element-55fafbd elementor-widget elementor-widget-dng_square_showcase\" data-id=\"55fafbd\" data-element_type=\"widget\" data-widget_type=\"dng_square_showcase.default\">\n\t\t\t\t<div class=\"elementor-widget-container\">\n\t\t\t\t\t<div data-dng-c-square-showcase \n        class=\"dng-c-square-showcase flex flex-col md:flex-row w-screen \">\n      <div class=\"w-full md:w-1\/2 order-2 md:order-2\"><div class=\"dng-wrapper\">\n        <div class=\"dng-content\">\n      <h2 class=\"dng-title mb-xs\">CANDEEIROS DE EMPREITA \u00c0 HORA <\/h2>\n      \n            <p class=\"dng-subtitle mb-md uppercase\">Candeeiro de tecto de 1hora, 4 horas e 15 horas<\/p>\n      \n            <div class=\"dng-description text-body-1 mb-sm gap-xs\">\n      <p>Candeeiros constru\u00eddos a partir de rolos de empreita de palma, cuja flexibilidade permite dar a forma que se quiser e controlar o efeito da luz. Os diferentes di\u00e2metros traduzem-se em horas de trabalho da empreiteira.<\/p><p><strong>Materiais: palma <\/strong><br \/><strong>Henrique Ralheta (design) <\/strong><br \/><strong>Odete Dias (empreiteira) e J\u00falia Laur\u00eancia (costureira)<\/strong><\/p>        <\/div>\n          \n        <\/div>\n    <\/div>\n      <\/div>\n      <div class=\"dng-media w-full md:w-1\/2 order-1 md:order-1\"><div class=\"dng-wrapper\" data-dng-c-slideshow>\n        <div class=\"swiper w-full\">\n      <div class=\"swiper-wrapper\">\n              <div class=\"swiper-slide aspect-square object-cover w-full h-full\">\n      <img decoding=\"async\"  class=\"w-full h-full object-cover\" src=\"https:\/\/loulecriativo.pt\/wp-content\/uploads\/2025\/09\/MG_8973-scaled-e1758536026318.jpg\" alt=\"\" playsinline=\"\"  muted=\"\"  loop=\"\"  data-play-on-slide=\"\" >          <\/div>\n                  <div class=\"swiper-slide aspect-square object-cover w-full h-full\">\n      <img decoding=\"async\"  class=\"w-full h-full object-cover\" src=\"https:\/\/loulecriativo.pt\/wp-content\/uploads\/2025\/09\/MG_8924-scaled-e1758535980727.jpg\" alt=\"\" playsinline=\"\"  muted=\"\"  loop=\"\"  data-play-on-slide=\"\" >          <\/div>\n                  <div class=\"swiper-slide aspect-square object-cover w-full h-full\">\n      <img decoding=\"async\"  class=\"w-full h-full object-cover\" src=\"https:\/\/loulecriativo.pt\/wp-content\/uploads\/2025\/09\/MG_8987-scaled-e1758536069188.jpg\" alt=\"\" playsinline=\"\"  muted=\"\"  loop=\"\"  data-play-on-slide=\"\" >          <\/div>\n              <\/div>\n      <div class=\"swiper-pagination\"><\/div>\n    <\/div>\n    <\/div>\n      <\/div>\n    <\/div>\n    \t\t\t\t<\/div>\n\t\t\t\t<\/div>\n\t\t\t\t<div class=\"elementor-element elementor-element-94998ae elementor-widget elementor-widget-dng_square_showcase\" data-id=\"94998ae\" data-element_type=\"widget\" data-widget_type=\"dng_square_showcase.default\">\n\t\t\t\t<div class=\"elementor-widget-container\">\n\t\t\t\t\t<div data-dng-c-square-showcase \n        class=\"dng-c-square-showcase dng-c-square-showcase--clear flex flex-col md:flex-row w-screen \">\n      <div class=\"w-full md:w-1\/2 order-2 md:order-1\"><div class=\"dng-wrapper\">\n        <div class=\"dng-content\">\n      <h2 class=\"dng-title mb-xs\">CANDEEIROS DE EMPREITA \u00c0 HORA<\/h2>\n      \n            <p class=\"dng-subtitle mb-md uppercase\">Candeeiro de mesa de 2 horas e de 4 horas<\/p>\n      \n            <div class=\"dng-description text-body-1 mb-sm gap-xs\">\n      <p>Candeeiros constru\u00eddos a partir de rolos de empreita de palma, cuja flexibilidade permite dar a forma que se quiser e controlar o efeito <br \/>da luz. Os diferentes di\u00e2metros traduzem-se em horas de trabalho da empreiteira.<\/p><p><strong>Materiais: palma <\/strong><br \/><strong>Henrique Ralheta (design) <\/strong><br \/><strong>Odete Dias (empreiteira) e J\u00falia Laur\u00eancia (costureira)<\/strong><\/p>        <\/div>\n          \n        <\/div>\n    <\/div>\n      <\/div>\n      <div class=\"dng-media w-full md:w-1\/2 order-1 md:order-2\"><div class=\"dng-wrapper\" data-dng-c-slideshow>\n        <div class=\"swiper w-full\">\n      <div class=\"swiper-wrapper\">\n              <div class=\"swiper-slide aspect-square object-cover w-full h-full\">\n      <img decoding=\"async\"  class=\"w-full h-full object-cover\" src=\"https:\/\/loulecriativo.pt\/wp-content\/uploads\/2025\/09\/MG_8502-scaled.jpg\" alt=\"\" playsinline=\"\"  muted=\"\"  loop=\"\"  data-play-on-slide=\"\" >          <\/div>\n                  <div class=\"swiper-slide aspect-square object-cover w-full h-full\">\n      <img decoding=\"async\"  class=\"w-full h-full object-cover\" src=\"https:\/\/loulecriativo.pt\/wp-content\/uploads\/2025\/09\/MG_8495-scaled-e1758536221198.jpg\" alt=\"\" playsinline=\"\"  muted=\"\"  loop=\"\"  data-play-on-slide=\"\" >          <\/div>\n              <\/div>\n      <div class=\"swiper-pagination\"><\/div>\n    <\/div>\n    <\/div>\n      <\/div>\n    <\/div>\n    \t\t\t\t<\/div>\n\t\t\t\t<\/div>\n\t\t\t\t<div class=\"elementor-element elementor-element-1c6a1f2 elementor-widget elementor-widget-dng_square_showcase\" data-id=\"1c6a1f2\" data-element_type=\"widget\" data-widget_type=\"dng_square_showcase.default\">\n\t\t\t\t<div class=\"elementor-widget-container\">\n\t\t\t\t\t<div data-dng-c-square-showcase \n        class=\"dng-c-square-showcase flex flex-col md:flex-row w-screen \">\n      <div class=\"w-full md:w-1\/2 order-2 md:order-2\"><div class=\"dng-wrapper\">\n        <div class=\"dng-content\">\n      <h2 class=\"dng-title mb-xs\">BENGALEIROS DE EMPREITA <\/h2>\n      \n    \n            <div class=\"dng-description text-body-1 mb-sm gap-xs\">\n      <p>A tran\u00e7a da empreita de palma \u00e9 enrolada e cosida de forma at\u00edpica sobre um suporte de madeira de oliveira de forma a formar uma espiral s\u00f3lida e consistente.<br \/><br \/><\/p><p><strong>Materiais: palma e madeira de oliveira <\/strong><br \/><strong>Henrique Ralheta (design) <\/strong><br \/><strong>Odete Dias (empreiteira), Fernando Martins (artes\u00e3o da madeira) e J\u00falia Laur\u00eancia (costureira)<\/strong><\/p>        <\/div>\n          \n        <\/div>\n    <\/div>\n      <\/div>\n      <div class=\"dng-media w-full md:w-1\/2 order-1 md:order-1\"><div class=\"dng-wrapper\" data-dng-c-slideshow>\n        <div class=\"swiper w-full\">\n      <div class=\"swiper-wrapper\">\n              <div class=\"swiper-slide aspect-square object-cover w-full h-full\">\n      <img decoding=\"async\"  class=\"w-full h-full object-cover\" src=\"https:\/\/loulecriativo.pt\/wp-content\/uploads\/2025\/09\/MG_9142-scaled-e1758536333724.jpg\" alt=\"\" playsinline=\"\"  muted=\"\"  loop=\"\"  data-play-on-slide=\"\" >          <\/div>\n                  <div class=\"swiper-slide aspect-square object-cover w-full h-full\">\n      <img decoding=\"async\"  class=\"w-full h-full object-cover\" src=\"https:\/\/loulecriativo.pt\/wp-content\/uploads\/2025\/09\/MG_9144-scaled-e1758536296478.jpg\" alt=\"\" playsinline=\"\"  muted=\"\"  loop=\"\"  data-play-on-slide=\"\" >          <\/div>\n              <\/div>\n      <div class=\"swiper-pagination\"><\/div>\n    <\/div>\n    <\/div>\n      <\/div>\n    <\/div>\n    \t\t\t\t<\/div>\n\t\t\t\t<\/div>\n\t\t\t\t<div class=\"elementor-element elementor-element-d2e39a2 elementor-widget elementor-widget-dng_square_showcase\" data-id=\"d2e39a2\" data-element_type=\"widget\" data-widget_type=\"dng_square_showcase.default\">\n\t\t\t\t<div class=\"elementor-widget-container\">\n\t\t\t\t\t<div data-dng-c-square-showcase \n        class=\"dng-c-square-showcase dng-c-square-showcase--clear flex flex-col md:flex-row w-screen \">\n      <div class=\"w-full md:w-1\/2 order-2 md:order-1\"><div class=\"dng-wrapper\">\n        <div class=\"dng-content\">\n      <h2 class=\"dng-title mb-xs\">TA\u00c7AS DE BARRO COM MALHA<\/h2>\n      \n    \n            <div class=\"dng-description text-body-1 mb-sm gap-xs\">\n      <p>Partindo das antigas t\u00e9cnicas em que a malha de palma \u00e9 cosida a um suporte de outro material pr\u00e9 furado e juntando a tradi\u00e7\u00e3o do barro trabalhado das chami\u00adn\u00e9s, criam-se uma s\u00e9rie de ta\u00e7as para diferentes utiliza\u00e7\u00f5es.<br \/><br \/><\/p><p><strong>Materiais: Barro e palma <\/strong><br \/><strong>Henrique Ralheta (design) <\/strong><br \/><strong>Pedro Piedade (oleiro) e Margarida Cortez (Empreiteira) <\/strong><\/p>        <\/div>\n          \n        <\/div>\n    <\/div>\n      <\/div>\n      <div class=\"dng-media w-full md:w-1\/2 order-1 md:order-2\"><div class=\"dng-wrapper\" data-dng-c-slideshow>\n        <div class=\"swiper w-full\">\n      <div class=\"swiper-wrapper\">\n              <div class=\"swiper-slide aspect-square object-cover w-full h-full\">\n      <img decoding=\"async\"  class=\"w-full h-full object-cover\" src=\"https:\/\/loulecriativo.pt\/wp-content\/uploads\/2025\/09\/MG_8607a-scaled-e1758536400131.jpg\" alt=\"\" playsinline=\"\"  muted=\"\"  loop=\"\"  data-play-on-slide=\"\" >          <\/div>\n                  <div class=\"swiper-slide aspect-square object-cover w-full h-full\">\n      <img decoding=\"async\"  class=\"w-full h-full object-cover\" src=\"https:\/\/loulecriativo.pt\/wp-content\/uploads\/2025\/05\/Summer-School-2021-Metal-in-Portugal_Jorge-Graca\u00a9Michelangelo-Foundation_2224373-scaled.jpg\" alt=\"\" playsinline=\"\"  muted=\"\"  loop=\"\"  data-play-on-slide=\"\" >          <\/div>\n              <\/div>\n      <div class=\"swiper-pagination\"><\/div>\n    <\/div>\n    <\/div>\n      <\/div>\n    <\/div>\n    \t\t\t\t<\/div>\n\t\t\t\t<\/div>\n\t\t\t\t<div class=\"elementor-element elementor-element-3f02fe6 elementor-widget elementor-widget-dng_square_showcase\" data-id=\"3f02fe6\" data-element_type=\"widget\" data-widget_type=\"dng_square_showcase.default\">\n\t\t\t\t<div class=\"elementor-widget-container\">\n\t\t\t\t\t<div data-dng-c-square-showcase \n        class=\"dng-c-square-showcase flex flex-col md:flex-row w-screen \">\n      <div class=\"w-full md:w-1\/2 order-2 md:order-2\"><div class=\"dng-wrapper\">\n        <div class=\"dng-content\">\n      <h2 class=\"dng-title mb-xs\">CANDEEIRO DE MALHA E CASQUILHO DE BARRO <\/h2>\n      \n    \n            <div class=\"dng-description text-body-1 mb-sm gap-xs\">\n      <p>A partir de um casquilho de barro, onde os componentes el\u00e9tricos est\u00e3o alojados, \u00e9 tecida a malha de palma, ao sabor da m\u00e3o de cada artes\u00e3 da empreita, marcando desta forma a identidade das pe\u00e7as produzidas.<br \/><br \/><\/p><p><strong>Materiais: Barro e palma Henrique Ralheta (design) <\/strong><br \/><strong>Pedro Piedade (oleiro), <\/strong><br \/><strong>Cremilde de Sousa (empreiteira) e Margarida Cortez (empreiteira) <\/strong><\/p>        <\/div>\n          \n        <\/div>\n    <\/div>\n      <\/div>\n      <div class=\"dng-media w-full md:w-1\/2 order-1 md:order-1\"><div class=\"dng-wrapper\" data-dng-c-slideshow>\n        <div class=\"swiper w-full\">\n      <div class=\"swiper-wrapper\">\n              <div class=\"swiper-slide aspect-square object-cover w-full h-full\">\n      <img decoding=\"async\"  class=\"w-full h-full object-cover\" src=\"https:\/\/loulecriativo.pt\/wp-content\/uploads\/2025\/09\/MG_9060a-scaled-e1758536499531.jpg\" alt=\"\" playsinline=\"\"  muted=\"\"  loop=\"\"  data-play-on-slide=\"\" >          <\/div>\n                  <div class=\"swiper-slide aspect-square object-cover w-full h-full\">\n      <img decoding=\"async\"  class=\"w-full h-full object-cover\" src=\"https:\/\/loulecriativo.pt\/wp-content\/uploads\/2025\/05\/Summer-School-2021-Metal-in-Portugal_Jorge-Graca\u00a9Michelangelo-Foundation_2224376-scaled.jpg\" alt=\"\" playsinline=\"\"  muted=\"\"  loop=\"\"  data-play-on-slide=\"\" >          <\/div>\n              <\/div>\n      <div class=\"swiper-pagination\"><\/div>\n    <\/div>\n    <\/div>\n      <\/div>\n    <\/div>\n    \t\t\t\t<\/div>\n\t\t\t\t<\/div>\n\t\t\t\t<div class=\"elementor-element elementor-element-d0153c2 elementor-widget elementor-widget-dng_square_showcase\" data-id=\"d0153c2\" data-element_type=\"widget\" data-widget_type=\"dng_square_showcase.default\">\n\t\t\t\t<div class=\"elementor-widget-container\">\n\t\t\t\t\t<div data-dng-c-square-showcase \n        class=\"dng-c-square-showcase dng-c-square-showcase--clear flex flex-col md:flex-row w-screen \">\n      <div class=\"w-full md:w-1\/2 order-2 md:order-1\"><div class=\"dng-wrapper\">\n        <div class=\"dng-content\">\n      <h2 class=\"dng-title mb-xs\">CANDEEIRO DE MESA DE MADEIRA E COBRE<\/h2>\n      \n    \n            <div class=\"dng-description text-body-1 mb-sm gap-xs\">\n      <p>Candeeiro constitu\u00eddo por uma camp\u00e2nula de cobre e uma base de madeira de oliveira, compondo uma forma escult\u00f3rica que exalta as qualidades dos materiais. O interior do candeeiro apresenta-se polido, acentuando, atrav\u00e9s do reflexo da luz, o brilho do cobre.<br \/><br \/><\/p><p><strong>Materiais: Cobre e madeira<\/strong><br \/><strong>Vanessa Domingues (design)<\/strong><br \/><strong>Analide Carmo (caldeireiro) e<\/strong><br \/><strong>Fernando Martins (artes\u00e3o da madeira)<\/strong><\/p>        <\/div>\n          \n        <\/div>\n    <\/div>\n      <\/div>\n      <div class=\"dng-media w-full md:w-1\/2 order-1 md:order-2\"><div class=\"dng-wrapper\" data-dng-c-slideshow>\n        <div class=\"swiper w-full\">\n      <div class=\"swiper-wrapper\">\n              <div class=\"swiper-slide aspect-square object-cover w-full h-full\">\n      <img decoding=\"async\"  class=\"w-full h-full object-cover\" src=\"https:\/\/loulecriativo.pt\/wp-content\/uploads\/2025\/09\/MG_8893a-scaled-e1758536654562.jpg\" alt=\"\" playsinline=\"\"  muted=\"\"  loop=\"\"  data-play-on-slide=\"\" >          <\/div>\n                  <div class=\"swiper-slide aspect-square object-cover w-full h-full\">\n      <img decoding=\"async\"  class=\"w-full h-full object-cover\" src=\"https:\/\/loulecriativo.pt\/wp-content\/uploads\/2025\/09\/MG_8795-scaled.jpg\" alt=\"\" playsinline=\"\"  muted=\"\"  loop=\"\"  data-play-on-slide=\"\" >          <\/div>\n              <\/div>\n      <div class=\"swiper-pagination\"><\/div>\n    <\/div>\n    <\/div>\n      <\/div>\n    <\/div>\n    \t\t\t\t<\/div>\n\t\t\t\t<\/div>\n\t\t\t\t<div class=\"elementor-element elementor-element-24e13fd elementor-widget elementor-widget-dng_square_showcase\" data-id=\"24e13fd\" data-element_type=\"widget\" data-widget_type=\"dng_square_showcase.default\">\n\t\t\t\t<div class=\"elementor-widget-container\">\n\t\t\t\t\t<div data-dng-c-square-showcase \n        class=\"dng-c-square-showcase flex flex-col md:flex-row w-screen \">\n      <div class=\"w-full md:w-1\/2 order-2 md:order-2\"><div class=\"dng-wrapper\">\n        <div class=\"dng-content\">\n      <h2 class=\"dng-title mb-xs\">CANDEEIRO DE TECTO EM COBRE<\/h2>\n      \n    \n            <div class=\"dng-description text-body-1 mb-sm gap-xs\">\n      <p>A chapa de cobre apresenta-se aqui na sua forma martelada e polida ajudando a resplandecer a luz. A parte exterior mant\u00e9m os matizados que surgem naturalmente do processo de aquecimento e batimento utilizado na moldagem do cobre. A madeira de oliveira serve de encaixe para o sistema el\u00e9trico.<br \/><br \/><\/p><p><strong>Materiais: Cobre e madeira <\/strong><br \/><strong>Vanessa Domingues (design) <\/strong><br \/><strong>Analide Carmo (caldeireiro) e <\/strong><br \/><strong>Fernando Martins (artes\u00e3o da madeira) <\/strong><\/p>        <\/div>\n          \n        <\/div>\n    <\/div>\n      <\/div>\n      <div class=\"dng-media w-full md:w-1\/2 order-1 md:order-1\"><div class=\"dng-wrapper\" data-dng-c-slideshow>\n        <div class=\"swiper w-full\">\n      <div class=\"swiper-wrapper\">\n              <div class=\"swiper-slide aspect-square object-cover w-full h-full\">\n      <img decoding=\"async\"  class=\"w-full h-full object-cover\" src=\"https:\/\/loulecriativo.pt\/wp-content\/uploads\/2025\/09\/MG_9090a-scaled-e1758536991155.jpg\" alt=\"\" playsinline=\"\"  muted=\"\"  loop=\"\"  data-play-on-slide=\"\" >          <\/div>\n                  <div class=\"swiper-slide aspect-square object-cover w-full h-full\">\n      <img decoding=\"async\"  class=\"w-full h-full object-cover\" src=\"https:\/\/loulecriativo.pt\/wp-content\/uploads\/2025\/09\/MG_9093-scaled-e1758536955850.jpg\" alt=\"\" playsinline=\"\"  muted=\"\"  loop=\"\"  data-play-on-slide=\"\" >          <\/div>\n              <\/div>\n      <div class=\"swiper-pagination\"><\/div>\n    <\/div>\n    <\/div>\n      <\/div>\n    <\/div>\n    \t\t\t\t<\/div>\n\t\t\t\t<\/div>\n\t\t\t\t<div class=\"elementor-element elementor-element-476ba31 elementor-widget elementor-widget-dng_square_showcase\" data-id=\"476ba31\" data-element_type=\"widget\" data-widget_type=\"dng_square_showcase.default\">\n\t\t\t\t<div class=\"elementor-widget-container\">\n\t\t\t\t\t<div data-dng-c-square-showcase \n        class=\"dng-c-square-showcase dng-c-square-showcase--clear flex flex-col md:flex-row w-screen \">\n      <div class=\"w-full md:w-1\/2 order-2 md:order-1\"><div class=\"dng-wrapper\">\n        <div class=\"dng-content\">\n      <h2 class=\"dng-title mb-xs\">CABIDE DE PAREDE <\/h2>\n      \n    \n            <div class=\"dng-description text-body-1 mb-sm gap-xs\">\n      <p>As tran\u00e7as de empreita e os tocos de madeira funcionam como um sistema simples de suporte para livros e revistas.<\/p><p><strong><br \/>Materiais: Palma e madeira <\/strong><br \/><strong>Vanessa Domingues (design) <\/strong><br \/><strong>Odete Dias (empreiteira) <\/strong><br \/><strong>Fernando Martins (artes\u00e3o da madeira) <\/strong><\/p>        <\/div>\n          \n        <\/div>\n    <\/div>\n      <\/div>\n      <div class=\"dng-media w-full md:w-1\/2 order-1 md:order-2\"><div class=\"dng-wrapper\" data-dng-c-slideshow>\n        <div class=\"swiper w-full\">\n      <div class=\"swiper-wrapper\">\n              <div class=\"swiper-slide aspect-square object-cover w-full h-full\">\n      <img decoding=\"async\"  class=\"w-full h-full object-cover\" src=\"https:\/\/loulecriativo.pt\/wp-content\/uploads\/2025\/09\/MG_9131-scaled-e1758537545995.jpg\" alt=\"\" playsinline=\"\"  muted=\"\"  loop=\"\"  data-play-on-slide=\"\" >          <\/div>\n                  <div class=\"swiper-slide aspect-square object-cover w-full h-full\">\n      <img decoding=\"async\"  class=\"w-full h-full object-cover\" src=\"https:\/\/loulecriativo.pt\/wp-content\/uploads\/2025\/09\/MG_9119-scaled-e1758537121687.jpg\" alt=\"\" playsinline=\"\"  muted=\"\"  loop=\"\"  data-play-on-slide=\"\" >          <\/div>\n              <\/div>\n      <div class=\"swiper-pagination\"><\/div>\n    <\/div>\n    <\/div>\n      <\/div>\n    <\/div>\n    \t\t\t\t<\/div>\n\t\t\t\t<\/div>\n\t\t\t\t<div class=\"elementor-element elementor-element-1ffa5d3 elementor-widget elementor-widget-dng_square_showcase\" data-id=\"1ffa5d3\" data-element_type=\"widget\" data-widget_type=\"dng_square_showcase.default\">\n\t\t\t\t<div class=\"elementor-widget-container\">\n\t\t\t\t\t<div data-dng-c-square-showcase \n        class=\"dng-c-square-showcase flex flex-col md:flex-row w-screen \">\n      <div class=\"w-full md:w-1\/2 order-2 md:order-2\"><div class=\"dng-wrapper\">\n        <div class=\"dng-content\">\n      <h2 class=\"dng-title mb-xs\">PRATELEIRA DE MADEIRA<\/h2>\n      \n    \n            <div class=\"dng-description text-body-1 mb-sm gap-xs\">\n      <p>A madeira de oliveira assinala nos an\u00e9is e veios o lento crescimento de uma \u00e1rvore de enorme import\u00e2ncia para a cultura e economia mediterr\u00e2nica. Uma tran\u00e7a de empreita refor\u00e7ada feita com a palma da regi\u00e3o, permite suspender a prateleira na parede.<br \/><br \/><\/p><p><strong>Materiais: madeira e palma <\/strong><br \/><strong>Vanessa Domingues (design) <\/strong><br \/><strong>Fernando Martins (artes\u00e3o da madeira) e Odete Dias (empreita) <\/strong><\/p>        <\/div>\n          \n        <\/div>\n    <\/div>\n      <\/div>\n      <div class=\"dng-media w-full md:w-1\/2 order-1 md:order-1\"><div class=\"dng-wrapper\" data-dng-c-slideshow>\n        <div class=\"swiper w-full\">\n      <div class=\"swiper-wrapper\">\n              <div class=\"swiper-slide aspect-square object-cover w-full h-full\">\n      <img decoding=\"async\"  class=\"w-full h-full object-cover\" src=\"https:\/\/loulecriativo.pt\/wp-content\/uploads\/2025\/09\/MG_9190-scaled-e1758537452541.jpg\" alt=\"\" playsinline=\"\"  muted=\"\"  loop=\"\"  data-play-on-slide=\"\" >          <\/div>\n                  <div class=\"swiper-slide aspect-square object-cover w-full h-full\">\n      <img decoding=\"async\"  class=\"w-full h-full object-cover\" src=\"https:\/\/loulecriativo.pt\/wp-content\/uploads\/2025\/09\/MG_9179-1-scaled.jpg\" alt=\"\" playsinline=\"\"  muted=\"\"  loop=\"\"  data-play-on-slide=\"\" >          <\/div>\n              <\/div>\n      <div class=\"swiper-pagination\"><\/div>\n    <\/div>\n    <\/div>\n      <\/div>\n    <\/div>\n    \t\t\t\t<\/div>\n\t\t\t\t<\/div>\n\t\t\t\t<div class=\"elementor-element elementor-element-f684d44 elementor-widget elementor-widget-dng_square_showcase\" data-id=\"f684d44\" data-element_type=\"widget\" data-widget_type=\"dng_square_showcase.default\">\n\t\t\t\t<div class=\"elementor-widget-container\">\n\t\t\t\t\t<div data-dng-c-square-showcase \n        class=\"dng-c-square-showcase dng-c-square-showcase--clear flex flex-col md:flex-row w-screen \">\n      <div class=\"w-full md:w-1\/2 order-2 md:order-1\"><div class=\"dng-wrapper\">\n        <div class=\"dng-content\">\n      <h2 class=\"dng-title mb-xs\">POTES<\/h2>\n      \n    \n            <div class=\"dng-description text-body-1 mb-sm gap-xs\">\n      <p>Alguns contentores do per\u00edodo isl\u00e2mico que fazem parte do acervo arqueol\u00f3gico do munic\u00edpio de Loul\u00e9, t\u00eam como elemento caracter\u00edstico o facto de as tampas poderem servir v\u00e1rias pe\u00e7as, n\u00e3o formando par. Estes potes inspiram-se nesse car\u00e1ter vers\u00e1til e transportam algumas das suas formas para os nossos tempos. As pegas, tamb\u00e9m elas, configuram diferentes geometrias, tais como os topos das chamin\u00e9s algarvias.<br \/><br \/><\/p><p><strong>Materiais: Barro, cobre e madeira Hugo da Silva (design) <\/strong><br \/><strong>Pedro Piedade (oleiro), <\/strong><br \/><strong>Analide Carmo (caldeireiro) e Fernando Martins (artes\u00e3o da madeira)<\/strong><\/p>        <\/div>\n          \n        <\/div>\n    <\/div>\n      <\/div>\n      <div class=\"dng-media w-full md:w-1\/2 order-1 md:order-2\"><div class=\"dng-wrapper\" data-dng-c-slideshow>\n        <div class=\"swiper w-full\">\n      <div class=\"swiper-wrapper\">\n              <div class=\"swiper-slide aspect-square object-cover w-full h-full\">\n      <img decoding=\"async\"  class=\"w-full h-full object-cover\" src=\"https:\/\/loulecriativo.pt\/wp-content\/uploads\/2025\/09\/MG_8785-scaled-e1758537725406.jpg\" alt=\"\" playsinline=\"\"  muted=\"\"  loop=\"\"  data-play-on-slide=\"\" >          <\/div>\n                  <div class=\"swiper-slide aspect-square object-cover w-full h-full\">\n      <img decoding=\"async\"  class=\"w-full h-full object-cover\" src=\"https:\/\/loulecriativo.pt\/wp-content\/uploads\/2025\/09\/MG_9119-scaled-e1758537121687.jpg\" alt=\"\" playsinline=\"\"  muted=\"\"  loop=\"\"  data-play-on-slide=\"\" >          <\/div>\n              <\/div>\n      <div class=\"swiper-pagination\"><\/div>\n    <\/div>\n    <\/div>\n      <\/div>\n    <\/div>\n    \t\t\t\t<\/div>\n\t\t\t\t<\/div>\n\t\t\t\t<div class=\"elementor-element elementor-element-306f674 elementor-widget elementor-widget-dng_square_showcase\" data-id=\"306f674\" data-element_type=\"widget\" data-widget_type=\"dng_square_showcase.default\">\n\t\t\t\t<div class=\"elementor-widget-container\">\n\t\t\t\t\t<div data-dng-c-square-showcase \n        class=\"dng-c-square-showcase flex flex-col md:flex-row w-screen \">\n      <div class=\"w-full md:w-1\/2 order-2 md:order-2\"><div class=\"dng-wrapper\">\n        <div class=\"dng-content\">\n      <h2 class=\"dng-title mb-xs\">CASTI\u00c7AIS DE COBRE<\/h2>\n      \n    \n            <div class=\"dng-description text-body-1 mb-sm gap-xs\">\n      <p>Loul\u00e9 \u00e9 terra de caldeireiros, mestres na arte de moldar o cobre e o lat\u00e3o. Aqui eram produzidas grande parte das cataplanas que abasteciam o com\u00e9rcio tradicional da regi\u00e3o e pa\u00eds. Estes casti\u00e7ais recuperam a t\u00e9cnica e a forma da cataplana, um utens\u00edlio de cozinha que consiste em duas pe\u00e7as c\u00f4ncavas, hermeticamente fechadas para induzir uma cozedura lenta preservando desse modo os sabores dos ingredientes.<br \/><br \/><\/p><p><strong>Materiais: Cobre <\/strong><br \/><strong>Hugo da Silva (design) <\/strong><br \/><strong>Analide Carmo (caldeireiro) e <\/strong><br \/><strong>Francisco Dias (artes\u00e3o do metal)<\/strong><\/p>        <\/div>\n          \n        <\/div>\n    <\/div>\n      <\/div>\n      <div class=\"dng-media w-full md:w-1\/2 order-1 md:order-1\"><div class=\"dng-wrapper\" data-dng-c-slideshow>\n        <div class=\"swiper w-full\">\n      <div class=\"swiper-wrapper\">\n              <div class=\"swiper-slide aspect-square object-cover w-full h-full\">\n      <img decoding=\"async\"  class=\"w-full h-full object-cover\" src=\"https:\/\/loulecriativo.pt\/wp-content\/uploads\/2025\/09\/MG_8943-scaled-e1758538059600.jpg\" alt=\"\" playsinline=\"\"  muted=\"\"  loop=\"\"  data-play-on-slide=\"\" >          <\/div>\n              <\/div>\n      <div class=\"swiper-pagination\"><\/div>\n    <\/div>\n    <\/div>\n      <\/div>\n    <\/div>\n    \t\t\t\t<\/div>\n\t\t\t\t<\/div>\n\t\t\t\t<div class=\"elementor-element elementor-element-fc4cd0f elementor-widget elementor-widget-dng_square_showcase\" data-id=\"fc4cd0f\" data-element_type=\"widget\" data-widget_type=\"dng_square_showcase.default\">\n\t\t\t\t<div class=\"elementor-widget-container\">\n\t\t\t\t\t<div data-dng-c-square-showcase \n        class=\"dng-c-square-showcase dng-c-square-showcase--clear flex flex-col md:flex-row w-screen \">\n      <div class=\"w-full md:w-1\/2 order-2 md:order-1\"><div class=\"dng-wrapper\">\n        <div class=\"dng-content\">\n      <h2 class=\"dng-title mb-xs\">BOLSOS DE PAREDE<\/h2>\n      \n    \n            <div class=\"dng-description text-body-1 mb-sm gap-xs\">\n      <p>Da empreita, a ancestral arte de entran\u00e7ar a palma (planta aut\u00f3ctone do Algarve) nasce este conjunto de bolsos que se fixam \u00e0 parede atrav\u00e9s de ganchos de cobre inspirados nas asas da cataplana algarvia. A abertura dos bolsos para encaixar os ganchos faz-se interrompendo a costura das tran\u00e7as nessa \u00e1rea.<br \/><br \/><\/p><p><strong>Materiais: Palma e Cobre <\/strong><br \/><strong>Hugo da Silva (design) <\/strong><br \/><strong>Odete Dias (empreiteira) e <\/strong><br \/><strong>Francisco Dias (artes\u00e3o do metal) <\/strong><\/p>        <\/div>\n          \n        <\/div>\n    <\/div>\n      <\/div>\n      <div class=\"dng-media w-full md:w-1\/2 order-1 md:order-2\"><div class=\"dng-wrapper\" data-dng-c-slideshow>\n        <div class=\"swiper w-full\">\n      <div class=\"swiper-wrapper\">\n              <div class=\"swiper-slide aspect-square object-cover w-full h-full\">\n      <img decoding=\"async\"  class=\"w-full h-full object-cover\" src=\"https:\/\/loulecriativo.pt\/wp-content\/uploads\/2025\/09\/MG_9204-scaled-e1758538132263.jpg\" alt=\"\" playsinline=\"\"  muted=\"\"  loop=\"\"  data-play-on-slide=\"\" >          <\/div>\n                  <div class=\"swiper-slide aspect-square object-cover w-full h-full\">\n      <img decoding=\"async\"  class=\"w-full h-full object-cover\" src=\"https:\/\/loulecriativo.pt\/wp-content\/uploads\/2025\/09\/MG_9119-scaled-e1758537121687.jpg\" alt=\"\" playsinline=\"\"  muted=\"\"  loop=\"\"  data-play-on-slide=\"\" >          <\/div>\n              <\/div>\n      <div class=\"swiper-pagination\"><\/div>\n    <\/div>\n    <\/div>\n      <\/div>\n    <\/div>\n    \t\t\t\t<\/div>\n\t\t\t\t<\/div>\n\t\t\t\t<div class=\"elementor-element elementor-element-9c0f710 elementor-widget elementor-widget-dng_square_showcase\" data-id=\"9c0f710\" data-element_type=\"widget\" data-widget_type=\"dng_square_showcase.default\">\n\t\t\t\t<div class=\"elementor-widget-container\">\n\t\t\t\t\t<div data-dng-c-square-showcase \n        class=\"dng-c-square-showcase flex flex-col md:flex-row w-screen \">\n      <div class=\"w-full md:w-1\/2 order-2 md:order-2\"><div class=\"dng-wrapper\">\n        <div class=\"dng-content\">\n      <h2 class=\"dng-title mb-xs\">BOLINHOS MOSAICO<\/h2>\n      \n    \n            <div class=\"dng-description text-body-1 mb-sm gap-xs\">\n      <p>Os designers reinterpretaram o doce fino algar\u00advio, reduzindo-o a uma extrema simplicidade, apresentando-se como um jogo de amostras das cores da regi\u00e3o e suas poss\u00edveis rela\u00e7\u00f5es, numa esp\u00e9cie painel de mosaicos que fala da nossa identidade.<br \/><br \/><\/p><p><strong>Materiais: Massa de am\u00eandoa e pigmentos alimentares Henrique Ralheta, <\/strong><strong>Hugo da Silva e <\/strong><br \/><strong>Vanessa Domingues (design)<\/strong><\/p>        <\/div>\n          \n        <\/div>\n    <\/div>\n      <\/div>\n      <div class=\"dng-media w-full md:w-1\/2 order-1 md:order-1\"><div class=\"dng-wrapper\" data-dng-c-slideshow>\n        <div class=\"swiper w-full\">\n      <div class=\"swiper-wrapper\">\n              <div class=\"swiper-slide aspect-square object-cover w-full h-full\">\n      <img decoding=\"async\"  class=\"w-full h-full object-cover\" src=\"https:\/\/loulecriativo.pt\/wp-content\/uploads\/2025\/09\/MG_8412a-scaled-e1758538223193.jpg\" alt=\"\" playsinline=\"\"  muted=\"\"  loop=\"\"  data-play-on-slide=\"\" >          <\/div>\n              <\/div>\n      <div class=\"swiper-pagination\"><\/div>\n    <\/div>\n    <\/div>\n      <\/div>\n    <\/div>\n    \t\t\t\t<\/div>\n\t\t\t\t<\/div>\n\t\t\t\t<\/div>\n\t\t<div class=\"elementor-element elementor-element-96c1b17 e-grid e-con-boxed e-con e-child\" data-id=\"96c1b17\" data-element_type=\"container\" data-settings=\"{&quot;jet_parallax_layout_list&quot;:[]}\">\n\t\t\t\t\t<div class=\"e-con-inner\">\n\t\t<div class=\"elementor-element elementor-element-8f4a9d6 e-con-full e-flex e-con e-child\" data-id=\"8f4a9d6\" data-element_type=\"container\" data-settings=\"{&quot;jet_parallax_layout_list&quot;:[]}\">\n\t\t\t\t<div class=\"elementor-element elementor-element-b3fe054 elementor-widget elementor-widget-heading\" data-id=\"b3fe054\" data-element_type=\"widget\" data-widget_type=\"heading.default\">\n\t\t\t\t<div class=\"elementor-widget-container\">\n\t\t\t\t\t<h2 class=\"elementor-heading-title elementor-size-default\">Datas<\/h2>\t\t\t\t<\/div>\n\t\t\t\t<\/div>\n\t\t\t\t<div class=\"elementor-element elementor-element-aff1e12 elementor-widget__width-initial elementor-widget elementor-widget-text-editor\" data-id=\"aff1e12\" data-element_type=\"widget\" data-widget_type=\"text-editor.default\">\n\t\t\t\t<div class=\"elementor-widget-container\">\n\t\t\t\t\t\t\t\t\t<p>De 10 a 24 de setembro de 2016 (resid\u00eancia e programa de eventos)<\/p>\t\t\t\t\t\t\t\t<\/div>\n\t\t\t\t<\/div>\n\t\t\t\t<\/div>\n\t\t<div class=\"elementor-element elementor-element-2af8976 e-con-full e-flex e-con e-child\" data-id=\"2af8976\" data-element_type=\"container\" data-settings=\"{&quot;jet_parallax_layout_list&quot;:[]}\">\n\t\t\t\t<div class=\"elementor-element elementor-element-193c6e0 elementor-widget elementor-widget-heading\" data-id=\"193c6e0\" data-element_type=\"widget\" data-widget_type=\"heading.default\">\n\t\t\t\t<div class=\"elementor-widget-container\">\n\t\t\t\t\t<h2 class=\"elementor-heading-title elementor-size-default\">Local<\/h2>\t\t\t\t<\/div>\n\t\t\t\t<\/div>\n\t\t\t\t<div class=\"elementor-element elementor-element-75c6028 elementor-widget__width-initial elementor-widget elementor-widget-text-editor\" data-id=\"75c6028\" data-element_type=\"widget\" data-widget_type=\"text-editor.default\">\n\t\t\t\t<div class=\"elementor-widget-container\">\n\t\t\t\t\t\t\t\t\t<p>Edif\u00edcio do Atl\u00e9tico (rua 5 de outubro n\u00ba 36) e oficinas dos artes\u00e3os<\/p>\t\t\t\t\t\t\t\t<\/div>\n\t\t\t\t<\/div>\n\t\t\t\t<\/div>\n\t\t<div class=\"elementor-element elementor-element-25d6c6e e-con-full e-flex e-con e-child\" data-id=\"25d6c6e\" data-element_type=\"container\" data-settings=\"{&quot;jet_parallax_layout_list&quot;:[]}\">\n\t\t\t\t<div class=\"elementor-element elementor-element-326ad14 elementor-widget elementor-widget-heading\" data-id=\"326ad14\" data-element_type=\"widget\" data-widget_type=\"heading.default\">\n\t\t\t\t<div class=\"elementor-widget-container\">\n\t\t\t\t\t<h2 class=\"elementor-heading-title elementor-size-default\">Participantes<\/h2>\t\t\t\t<\/div>\n\t\t\t\t<\/div>\n\t\t\t\t<div class=\"elementor-element elementor-element-a45ae16 elementor-widget__width-initial elementor-widget elementor-widget-text-editor\" data-id=\"a45ae16\" data-element_type=\"widget\" data-widget_type=\"text-editor.default\">\n\t\t\t\t<div class=\"elementor-widget-container\">\n\t\t\t\t\t\t\t\t\t<p>Analide Carmo e Francisco Dias (caldeireiros)<br \/>Cremilde Sousa (artes\u00e3 da empreita)<br \/>F\u00e1brica da Am\u00eandoa (do\u00e7aria regional)<br \/>Fernando Henriques (artes\u00e3o da madeira)<br \/>Fernando Zuninga (artes\u00e3o do cabedal)<br \/>Henrique Ralheta (designer)<br \/>Hugo Silva (designer)<br \/>Jos\u00e9 Amendoeira (cesteiro)<br \/>Manoli Ortiz de La Torre (artes\u00e3 da l\u00e3)<br \/>Marco Cristovam (ferreiro)<br \/>Odete Rocha (artes\u00e3 da empreita)<br \/>Pedro Piedade (oleiro)<br \/>Vanessa Domingos (designer)<\/p>\t\t\t\t\t\t\t\t<\/div>\n\t\t\t\t<\/div>\n\t\t\t\t<\/div>\n\t\t<div class=\"elementor-element elementor-element-44ca410 e-con-full e-flex e-con e-child\" data-id=\"44ca410\" data-element_type=\"container\" data-settings=\"{&quot;jet_parallax_layout_list&quot;:[]}\">\n\t\t\t\t<div class=\"elementor-element elementor-element-f7596e7 elementor-widget elementor-widget-heading\" data-id=\"f7596e7\" data-element_type=\"widget\" data-widget_type=\"heading.default\">\n\t\t\t\t<div class=\"elementor-widget-container\">\n\t\t\t\t\t<h2 class=\"elementor-heading-title elementor-size-default\">Organiza\u00e7\u00e3o<\/h2>\t\t\t\t<\/div>\n\t\t\t\t<\/div>\n\t\t\t\t<div class=\"elementor-element elementor-element-3c54291 elementor-widget__width-initial elementor-widget elementor-widget-text-editor\" data-id=\"3c54291\" data-element_type=\"widget\" data-widget_type=\"text-editor.default\">\n\t\t\t\t<div class=\"elementor-widget-container\">\n\t\t\t\t\t\t\t\t\t<p>Curadoria: Henrique Ralheta<br \/>Apoio \u00e0 organiza\u00e7\u00e3o: Proactivetur\/Projecto TASA<br \/>Promotor: C\u00e2mara Municipal de Loul\u00e9<\/p>\t\t\t\t\t\t\t\t<\/div>\n\t\t\t\t<\/div>\n\t\t\t\t<\/div>\n\t\t<div class=\"elementor-element elementor-element-ace669b e-con-full e-flex e-con e-child\" data-id=\"ace669b\" data-element_type=\"container\" data-settings=\"{&quot;jet_parallax_layout_list&quot;:[]}\">\n\t\t\t\t<div class=\"elementor-element elementor-element-398387b elementor-widget elementor-widget-heading\" data-id=\"398387b\" data-element_type=\"widget\" data-widget_type=\"heading.default\">\n\t\t\t\t<div class=\"elementor-widget-container\">\n\t\t\t\t\t<h2 class=\"elementor-heading-title elementor-size-default\">Programa<\/h2>\t\t\t\t<\/div>\n\t\t\t\t<\/div>\n\t\t\t\t<div class=\"elementor-element elementor-element-365b1f4 elementor-widget__width-initial elementor-widget elementor-widget-text-editor\" data-id=\"365b1f4\" data-element_type=\"widget\" data-widget_type=\"text-editor.default\">\n\t\t\t\t<div class=\"elementor-widget-container\">\n\t\t\t\t\t\t\t\t\t<p><strong>10 de setembro &#8211; Confer\u00eancia \u201cSobre o futuro das tradi\u00e7\u00f5es artesanais<\/strong>\u201d &#8211; 15.00\/ 18.00, Sala da Assembleia \u2013 Edif\u00edcio Duarte Pacheco<\/p><p><strong>12 de setembro &#8211;\u00a0 Tert\u00falia \u201cComeres da Terra\u201d<\/strong> &#8211; 18.00 \/19.30. Moinho Ti casinha, Queren\u00e7a (Porto Nobre). Com a mestre de gastronomia e tradi\u00e7\u00f5es locais, Jesus Dias.<\/p><p><strong>13 de setembro &#8211; Aula a p\u00e9 \u201cPelo Loul\u00e9 Medieval\u201d<\/strong> &#8211; 18.00\/19.30. Ponto de encontro e conversa final no Claustro do Convento Esp\u00edrito Santo. Com a arque\u00f3loga Isabel Luzia.<\/p><p><strong>14 de setembro \u2013 Aula a p\u00e9 \u201cDeambulando pela Loul\u00e9 moderna\u201d<\/strong> &#8211; 18.00\/19.30. Ponto de encontro e conversa final frente \u00e0 Ermida Nossa Senhora da Concei\u00e7\u00e3o. Com o investigador de hist\u00f3ria local e regional, Jorge Palma<\/p><p><strong>15 de setembro &#8211; Aula a p\u00e9 &#8220;Pelos ecos dos of\u00edcios nas lojas hist\u00f3ricas&#8221;<\/strong> &#8211; 18.00\/19.30. Ponto de encontro e conversa final frente \u00e0 Ermida Nossa Senhora da Concei\u00e7\u00e3o. Com a historiadora Lu\u00edsa Martins e louletanos que amam a sua terra.<\/p><p><strong>16 de Setembro-\u00a0 Tert\u00falia \u201cTransformar a Terra\u201d<\/strong> &#8211; 18.00 \/19.30 &#8211; Claustro do Convento Esp\u00edrito Santo. Com Susana Calado Martins &#8211; Barroca, produtos culturais e tur\u00edsticos<\/p><p><strong>22 de Setembro \u2013 Mostra<\/strong> &#8211; Apresenta\u00e7\u00e3o dos novos produtos do Projecto TASA &amp; Conversa \u201cO lugar do artesanato na atualidade\u201d &#8211; 18.00\/19.30 &#8211; Edif\u00edcio do Atl\u00e9tico (Rua 5 de outubro, n\u00ba 36)<\/p><p><strong>24 de setembro \u2013 Mostra e aula aberta &#8211; Roda de empreita<\/strong> &#8211; 10.00 \u2013 16.00 &#8211; Cerca do Convento<\/p><p><strong>24 de setembro- Apresenta\u00e7\u00e3o de resultados da resid\u00eancia<\/strong> &#8211; 18.00 &#8211; Edif\u00edcio do Atl\u00e9tico (Rua 5 de outubro, n\u00ba 36)<\/p><p><strong>Outubro e Novembro<\/strong> &#8211; Produ\u00e7\u00e3o dos 9 projetos<\/p><p><strong>Dezembro<\/strong> &#8211; Exposi\u00e7\u00e3o dos produtos<\/p>\t\t\t\t\t\t\t\t<\/div>\n\t\t\t\t<\/div>\n\t\t\t\t<\/div>\n\t\t\t\t\t<\/div>\n\t\t\t\t<\/div>\n\t\t\t\t<\/div>\n\t\t","protected":false},"excerpt":{"rendered":"<p>Home Resid\u00eancias Criativas RESID\u00caNCIA CRIATIVA Designers de Loul\u00e9 Setembro 2016 Resid\u00eancia criativa \u201cDesigners de Loul\u00e9\u201d promove o di\u00e1logo com os saberes tradicionais Tr\u00eas designers nascidos em Loul\u00e9 retornam com um novo olhar sobre as suas origens, promovendo o encontro com artes\u00e3os e o cruzamento entre os universos da tradi\u00e7\u00e3o e da inova\u00e7\u00e3o, para a cria\u00e7\u00e3o [&hellip;]<\/p>\n","protected":false},"featured_media":6932,"template":"","meta":{"_acf_changed":false},"class_list":["post-6899","lc_event","type-lc_event","status-publish","has-post-thumbnail","hentry"],"acf":[],"yoast_head":"<!-- This site is optimized with the Yoast SEO Premium plugin v25.9 (Yoast SEO v26.5) - https:\/\/yoast.com\/wordpress\/plugins\/seo\/ -->\n<title>Designers de Loul\u00e9 - Loul\u00e9 Criativo<\/title>\n<meta name=\"robots\" content=\"index, follow, max-snippet:-1, max-image-preview:large, max-video-preview:-1\" \/>\n<link rel=\"canonical\" href=\"https:\/\/loulecriativo.pt\/pt\/residencias-criativas\/designers-de-loule\/\" \/>\n<meta property=\"og:locale\" content=\"pt_PT\" \/>\n<meta property=\"og:type\" content=\"article\" \/>\n<meta property=\"og:title\" content=\"Designers de Loul\u00e9\" \/>\n<meta property=\"og:description\" content=\"Home Resid\u00eancias Criativas RESID\u00caNCIA CRIATIVA Designers de Loul\u00e9 Setembro 2016 Resid\u00eancia criativa \u201cDesigners de Loul\u00e9\u201d promove o di\u00e1logo com os saberes tradicionais Tr\u00eas designers nascidos em Loul\u00e9 retornam com um novo olhar sobre as suas origens, promovendo o encontro com artes\u00e3os e o cruzamento entre os universos da tradi\u00e7\u00e3o e da inova\u00e7\u00e3o, para a cria\u00e7\u00e3o [&hellip;]\" \/>\n<meta property=\"og:url\" content=\"https:\/\/loulecriativo.pt\/pt\/residencias-criativas\/designers-de-loule\/\" \/>\n<meta property=\"og:site_name\" content=\"Loul\u00e9 Criativo\" \/>\n<meta property=\"article:modified_time\" content=\"2025-12-30T12:48:28+00:00\" \/>\n<meta property=\"og:image\" content=\"https:\/\/loulecriativo.pt\/wp-content\/uploads\/2025\/09\/IMG_4350-scaled.jpg\" \/>\n\t<meta property=\"og:image:width\" content=\"2560\" \/>\n\t<meta property=\"og:image:height\" content=\"1707\" \/>\n\t<meta property=\"og:image:type\" content=\"image\/jpeg\" \/>\n<meta name=\"twitter:card\" content=\"summary_large_image\" \/>\n<meta name=\"twitter:label1\" content=\"Est. reading time\" \/>\n\t<meta name=\"twitter:data1\" content=\"20 minutes\" \/>\n<script type=\"application\/ld+json\" class=\"yoast-schema-graph\">{\"@context\":\"https:\/\/schema.org\",\"@graph\":[{\"@type\":\"WebPage\",\"@id\":\"https:\/\/loulecriativo.pt\/pt\/residencias-criativas\/designers-de-loule\/\",\"url\":\"https:\/\/loulecriativo.pt\/pt\/residencias-criativas\/designers-de-loule\/\",\"name\":\"Designers de Loul\u00e9 - Loul\u00e9 Criativo\",\"isPartOf\":{\"@id\":\"https:\/\/loulecriativo.pt\/pt\/#website\"},\"primaryImageOfPage\":{\"@id\":\"https:\/\/loulecriativo.pt\/pt\/residencias-criativas\/designers-de-loule\/#primaryimage\"},\"image\":{\"@id\":\"https:\/\/loulecriativo.pt\/pt\/residencias-criativas\/designers-de-loule\/#primaryimage\"},\"thumbnailUrl\":\"https:\/\/loulecriativo.pt\/wp-content\/uploads\/2025\/09\/IMG_4350-scaled.jpg\",\"datePublished\":\"2025-09-19T14:14:28+00:00\",\"dateModified\":\"2025-12-30T12:48:28+00:00\",\"breadcrumb\":{\"@id\":\"https:\/\/loulecriativo.pt\/pt\/residencias-criativas\/designers-de-loule\/#breadcrumb\"},\"inLanguage\":\"pt\",\"potentialAction\":[{\"@type\":\"ReadAction\",\"target\":[\"https:\/\/loulecriativo.pt\/pt\/residencias-criativas\/designers-de-loule\/\"]}]},{\"@type\":\"ImageObject\",\"inLanguage\":\"pt\",\"@id\":\"https:\/\/loulecriativo.pt\/pt\/residencias-criativas\/designers-de-loule\/#primaryimage\",\"url\":\"https:\/\/loulecriativo.pt\/wp-content\/uploads\/2025\/09\/IMG_4350-scaled.jpg\",\"contentUrl\":\"https:\/\/loulecriativo.pt\/wp-content\/uploads\/2025\/09\/IMG_4350-scaled.jpg\",\"width\":2560,\"height\":1707},{\"@type\":\"BreadcrumbList\",\"@id\":\"https:\/\/loulecriativo.pt\/pt\/residencias-criativas\/designers-de-loule\/#breadcrumb\",\"itemListElement\":[{\"@type\":\"ListItem\",\"position\":1,\"name\":\"Home\",\"item\":\"https:\/\/loulecriativo.pt\/pt\/\"},{\"@type\":\"ListItem\",\"position\":2,\"name\":\"Designers de Loul\u00e9\"}]},{\"@type\":\"WebSite\",\"@id\":\"https:\/\/loulecriativo.pt\/pt\/#website\",\"url\":\"https:\/\/loulecriativo.pt\/pt\/\",\"name\":\"Loul\u00e9 Criativo\",\"description\":\"\",\"potentialAction\":[{\"@type\":\"SearchAction\",\"target\":{\"@type\":\"EntryPoint\",\"urlTemplate\":\"https:\/\/loulecriativo.pt\/pt\/?s={search_term_string}\"},\"query-input\":{\"@type\":\"PropertyValueSpecification\",\"valueRequired\":true,\"valueName\":\"search_term_string\"}}],\"inLanguage\":\"pt\"}]}<\/script>\n<!-- \/ Yoast SEO Premium plugin. -->","yoast_head_json":{"title":"Designers de Loul\u00e9 - Loul\u00e9 Criativo","robots":{"index":"index","follow":"follow","max-snippet":"max-snippet:-1","max-image-preview":"max-image-preview:large","max-video-preview":"max-video-preview:-1"},"canonical":"https:\/\/loulecriativo.pt\/pt\/residencias-criativas\/designers-de-loule\/","og_locale":"pt_PT","og_type":"article","og_title":"Designers de Loul\u00e9","og_description":"Home Resid\u00eancias Criativas RESID\u00caNCIA CRIATIVA Designers de Loul\u00e9 Setembro 2016 Resid\u00eancia criativa \u201cDesigners de Loul\u00e9\u201d promove o di\u00e1logo com os saberes tradicionais Tr\u00eas designers nascidos em Loul\u00e9 retornam com um novo olhar sobre as suas origens, promovendo o encontro com artes\u00e3os e o cruzamento entre os universos da tradi\u00e7\u00e3o e da inova\u00e7\u00e3o, para a cria\u00e7\u00e3o [&hellip;]","og_url":"https:\/\/loulecriativo.pt\/pt\/residencias-criativas\/designers-de-loule\/","og_site_name":"Loul\u00e9 Criativo","article_modified_time":"2025-12-30T12:48:28+00:00","og_image":[{"width":2560,"height":1707,"url":"https:\/\/loulecriativo.pt\/wp-content\/uploads\/2025\/09\/IMG_4350-scaled.jpg","type":"image\/jpeg"}],"twitter_card":"summary_large_image","twitter_misc":{"Est. reading time":"20 minutes"},"schema":{"@context":"https:\/\/schema.org","@graph":[{"@type":"WebPage","@id":"https:\/\/loulecriativo.pt\/pt\/residencias-criativas\/designers-de-loule\/","url":"https:\/\/loulecriativo.pt\/pt\/residencias-criativas\/designers-de-loule\/","name":"Designers de Loul\u00e9 - Loul\u00e9 Criativo","isPartOf":{"@id":"https:\/\/loulecriativo.pt\/pt\/#website"},"primaryImageOfPage":{"@id":"https:\/\/loulecriativo.pt\/pt\/residencias-criativas\/designers-de-loule\/#primaryimage"},"image":{"@id":"https:\/\/loulecriativo.pt\/pt\/residencias-criativas\/designers-de-loule\/#primaryimage"},"thumbnailUrl":"https:\/\/loulecriativo.pt\/wp-content\/uploads\/2025\/09\/IMG_4350-scaled.jpg","datePublished":"2025-09-19T14:14:28+00:00","dateModified":"2025-12-30T12:48:28+00:00","breadcrumb":{"@id":"https:\/\/loulecriativo.pt\/pt\/residencias-criativas\/designers-de-loule\/#breadcrumb"},"inLanguage":"pt","potentialAction":[{"@type":"ReadAction","target":["https:\/\/loulecriativo.pt\/pt\/residencias-criativas\/designers-de-loule\/"]}]},{"@type":"ImageObject","inLanguage":"pt","@id":"https:\/\/loulecriativo.pt\/pt\/residencias-criativas\/designers-de-loule\/#primaryimage","url":"https:\/\/loulecriativo.pt\/wp-content\/uploads\/2025\/09\/IMG_4350-scaled.jpg","contentUrl":"https:\/\/loulecriativo.pt\/wp-content\/uploads\/2025\/09\/IMG_4350-scaled.jpg","width":2560,"height":1707},{"@type":"BreadcrumbList","@id":"https:\/\/loulecriativo.pt\/pt\/residencias-criativas\/designers-de-loule\/#breadcrumb","itemListElement":[{"@type":"ListItem","position":1,"name":"Home","item":"https:\/\/loulecriativo.pt\/pt\/"},{"@type":"ListItem","position":2,"name":"Designers de Loul\u00e9"}]},{"@type":"WebSite","@id":"https:\/\/loulecriativo.pt\/pt\/#website","url":"https:\/\/loulecriativo.pt\/pt\/","name":"Loul\u00e9 Criativo","description":"","potentialAction":[{"@type":"SearchAction","target":{"@type":"EntryPoint","urlTemplate":"https:\/\/loulecriativo.pt\/pt\/?s={search_term_string}"},"query-input":{"@type":"PropertyValueSpecification","valueRequired":true,"valueName":"search_term_string"}}],"inLanguage":"pt"}]}},"_links":{"self":[{"href":"https:\/\/loulecriativo.pt\/pt\/wp-json\/wp\/v2\/lc_event\/6899","targetHints":{"allow":["GET"]}}],"collection":[{"href":"https:\/\/loulecriativo.pt\/pt\/wp-json\/wp\/v2\/lc_event"}],"about":[{"href":"https:\/\/loulecriativo.pt\/pt\/wp-json\/wp\/v2\/types\/lc_event"}],"version-history":[{"count":135,"href":"https:\/\/loulecriativo.pt\/pt\/wp-json\/wp\/v2\/lc_event\/6899\/revisions"}],"predecessor-version":[{"id":13009,"href":"https:\/\/loulecriativo.pt\/pt\/wp-json\/wp\/v2\/lc_event\/6899\/revisions\/13009"}],"wp:featuredmedia":[{"embeddable":true,"href":"https:\/\/loulecriativo.pt\/pt\/wp-json\/wp\/v2\/media\/6932"}],"wp:attachment":[{"href":"https:\/\/loulecriativo.pt\/pt\/wp-json\/wp\/v2\/media?parent=6899"}],"curies":[{"name":"wp","href":"https:\/\/api.w.org\/{rel}","templated":true}]}}