{"id":102,"date":"2025-04-14T09:17:41","date_gmt":"2025-04-14T09:17:41","guid":{"rendered":"https:\/\/loulecriativo.pt\/?page_id=102"},"modified":"2025-12-03T18:01:13","modified_gmt":"2025-12-03T18:01:13","slug":"artes-e-oficios","status":"publish","type":"page","link":"https:\/\/loulecriativo.pt\/pt\/sobre-nos\/artes-e-oficios\/","title":{"rendered":"Artes e Of\u00edcios"},"content":{"rendered":"\t\t<div data-elementor-type=\"wp-page\" data-elementor-id=\"102\" class=\"elementor elementor-102\" data-elementor-post-type=\"page\">\n\t\t\t\t<div class=\"elementor-element elementor-element-e9b2824 e-con-full e-flex e-con e-parent\" data-id=\"e9b2824\" data-element_type=\"container\" data-settings=\"{&quot;jet_parallax_layout_list&quot;:[]}\">\n\t\t\t\t<div class=\"elementor-element elementor-element-386272f elementor-widget elementor-widget-dng_square_space\" data-id=\"386272f\" data-element_type=\"widget\" data-widget_type=\"dng_square_space.default\">\n\t\t\t\t<div class=\"elementor-widget-container\">\n\t\t\t\t\t    <div \n      data-dng-c-square-space\n      class=\"dng-c-square-space bg-theme sm:h-[calc(100svh-var(--dng-header-height))] flex flex-col sm:flex-row \">\n        <div class=\"w-full sm:h-[calc(100svh-var(--dng-header-height))] sm:w-[50vw] p-sm sm:p-[18px_72px_72px] relative bg-theme text-theme-text flex flex-col gap-sm sm:gap-lg content\" data-content>\n          <div data-content-item class=\"content-item\">\n          <div data-dng-c-breadcrumbs class=\"dng-c-breadcrumbs flex items-center justify-start gap-xxs\">\n      \n        <a\n     class=\"whitespace-nowrap overflow-ellipsis overflow-hidden text-body-2 item !text-inherit text-[var(--dng-text-color), var(--wp--preset--color--brown))]\" \n      href=\"https:\/\/loulecriativo.pt\/pt\/\" \n        >\n    Home\n<\/a>\n        <svg class=\"separator\" width=\"6\" height=\"10\" viewBox=\"0 0 6 10\" fill=\"none\" xmlns=\"http:\/\/www.w3.org\/2000\/svg\">\n          <path d=\"M6.00005 5L1.00005 10L0.300049 9.3L4.60005 5L0.300049 0.7L1.00005 0L6.00005 5Z\" fill=\"var(--dng-text-color, var(--wp--preset--color--brown))\"\/>\n        <\/svg>\n        <a\n     class=\"whitespace-nowrap overflow-ellipsis overflow-hidden text-body-2 item !text-inherit text-[var(--dng-text-color), var(--wp--preset--color--brown))]\" \n      href=\"https:\/\/loulecriativo.pt\/pt\/sobre-nos\/\" \n        >\n    Sobre N\u00f3s\n<\/a>\n        <svg class=\"separator\" width=\"6\" height=\"10\" viewBox=\"0 0 6 10\" fill=\"none\" xmlns=\"http:\/\/www.w3.org\/2000\/svg\">\n          <path d=\"M6.00005 5L1.00005 10L0.300049 9.3L4.60005 5L0.300049 0.7L1.00005 0L6.00005 5Z\" fill=\"var(--dng-text-color, var(--wp--preset--color--brown))\"\/>\n        <\/svg>\n          <div class=\"current-page text-body-2 whitespace-nowrap overflow-ellipsis overflow-hidden\">\n      Artes e Of\u00edcios    <\/div>\n          <\/div>\n          <\/div>\n            <h1 class=\"!text-t2 sm:!text-t1 !text-inherit content-item hyphens-auto break-words !whitespace-normal\" data-content-item>Artes e Of\u00edcios de Loul\u00e9<\/h1>\n      <div data-content-item class=\"!text-body-1 !text-inherit sm:mt-auto content-item\">\n    <p>Loul\u00e9, situado no cora\u00e7\u00e3o do Algarve, sempre foi reconhecido como <strong>Terra de Artesanato<\/strong>, designa\u00e7\u00e3o que se consolidou ao longo dos s\u00e9culos gra\u00e7as \u00e0 sua localiza\u00e7\u00e3o central e ao papel que desempenhou como ponto de encontro de pessoas, produtos e culturas. Desde a Idade M\u00e9dia que Loul\u00e9 se distingue pela riqueza e diversidade das suas artes e of\u00edcios, atividades que moldaram profundamente a vida econ\u00f3mica, social e cultural da regi\u00e3o.<\/p>      <\/div>\n    <\/div>\n        <div class=\"w-full md:w-[50vw]\">\n    <img decoding=\"async\"  class=\"object-cover object-center w-full !h-full hidden md:block\" src=\"https:\/\/loulecriativo.pt\/wp-content\/uploads\/2025\/09\/e5886ae9e2e7048f16f9752c0168c7c0-1.jpg\" alt=\"\">    \n    <\/div>\n    \n     \n    \t\t\t\t<\/div>\n\t\t\t\t<\/div>\n\t\t\t\t<\/div>\n\t\t<div class=\"elementor-element elementor-element-1ba6920 e-flex e-con-boxed e-con e-parent\" data-id=\"1ba6920\" data-element_type=\"container\" data-settings=\"{&quot;jet_parallax_layout_list&quot;:[]}\">\n\t\t\t\t\t<div class=\"e-con-inner\">\n\t\t\t\t<div class=\"elementor-element elementor-element-1b83ced elementor-widget__width-initial elementor-widget elementor-widget-heading\" data-id=\"1b83ced\" data-element_type=\"widget\" data-widget_type=\"heading.default\">\n\t\t\t\t<div class=\"elementor-widget-container\">\n\t\t\t\t\t<h2 class=\"elementor-heading-title elementor-size-default\"> Uma Identidade Moldada Pelas M\u00e3os<\/h2>\t\t\t\t<\/div>\n\t\t\t\t<\/div>\n\t\t\t\t<div class=\"elementor-element elementor-element-5b99fdd elementor-widget__width-initial elementor-widget elementor-widget-text-editor\" data-id=\"5b99fdd\" data-element_type=\"widget\" data-widget_type=\"text-editor.default\">\n\t\t\t\t<div class=\"elementor-widget-container\">\n\t\t\t\t\t\t\t\t\t<p>Os registos dos s\u00e9culos XIV e XV j\u00e1 mencionam uma vila ativa, onde conviviam sapateiros, carpinteiros, pedreiros, serralheiros, alfaiates, albardeiros, confeiteiros, curtidores, tingidores, oleiros e tecel\u00f5es. A produ\u00e7\u00e3o de objetos em empreita, capachos e embalagens para frutos secos, a tecelagem do linho, a l\u00e3 usada em roupa e sacaria ou o fabrico de utens\u00edlios agr\u00edcolas eram parte integrante do quotidiano. Apesar das flutua\u00e7\u00f5es econ\u00f3micas e demogr\u00e1ficas dos s\u00e9culos seguintes, <strong>Loul\u00e9 preservou a matriz artesanal que define a sua identidade<\/strong>.<\/p><p>At\u00e9 ao final do s\u00e9culo XX, foi um dos concelhos algarvios com maior diversidade artesanal, alimentada pela heterogeneidade paisag\u00edstica e socioecon\u00f3mica do seu territ\u00f3rio. A vila era centro de atra\u00e7\u00e3o de vendedores e compradores vindos de todo o Algarve, do pa\u00eds e at\u00e9 da Andaluzia, gra\u00e7as \u00e0 abundante oferta de artigos, \u00e0 qualidade da produ\u00e7\u00e3o e aos pre\u00e7os competitivos.<\/p><p>No in\u00edcio do s\u00e9culo XX, Loul\u00e9 acolhia f\u00e1bricas de fia\u00e7\u00e3o, tecidos de juta e linho, curtumes, unidades metal\u00fargicas, cer\u00e2micas, f\u00e1bricas de corti\u00e7a, sab\u00e3o ou pirotecnia, bem como moagens, lagares, produ\u00e7\u00e3o de doces e bebidas espirituosas. As feiras e mercados \u2013 em particular o Mercado Municipal inaugurado em 1908 \u2013 dinamizavam o com\u00e9rcio local e refor\u00e7avam o estatuto da vila como polo econ\u00f3mico regional.<\/p>\t\t\t\t\t\t\t\t<\/div>\n\t\t\t\t<\/div>\n\t\t<div class=\"elementor-element elementor-element-4a4ebd2 e-con-full e-grid e-con e-child\" data-id=\"4a4ebd2\" data-element_type=\"container\" data-settings=\"{&quot;jet_parallax_layout_list&quot;:[]}\">\n\t\t<div class=\"elementor-element elementor-element-c4a7859 e-con-full e-flex e-con e-child\" data-id=\"c4a7859\" data-element_type=\"container\" data-settings=\"{&quot;jet_parallax_layout_list&quot;:[]}\">\n\t\t\t\t<div class=\"elementor-element elementor-element-6eaacaf elementor-widget__width-inherit elementor-widget elementor-widget-image\" data-id=\"6eaacaf\" data-element_type=\"widget\" data-widget_type=\"image.default\">\n\t\t\t\t<div class=\"elementor-widget-container\">\n\t\t\t\t\t\t\t\t\t\t\t\t\t\t\t<img fetchpriority=\"high\" decoding=\"async\" width=\"540\" height=\"540\" src=\"https:\/\/loulecriativo.pt\/wp-content\/uploads\/2025\/09\/Vendedeira-de-empreita-1.3-1-scaled-e1759237112483-540x540.jpg\" class=\"attachment-square size-square wp-image-8460\" alt=\"\" srcset=\"https:\/\/loulecriativo.pt\/wp-content\/uploads\/2025\/09\/Vendedeira-de-empreita-1.3-1-scaled-e1759237112483-540x540.jpg 540w, https:\/\/loulecriativo.pt\/wp-content\/uploads\/2025\/09\/Vendedeira-de-empreita-1.3-1-scaled-e1759237112483-150x150.jpg 150w\" sizes=\"(max-width: 540px) 100vw, 540px\" \/>\t\t\t\t\t\t\t\t\t\t\t\t\t\t\t<\/div>\n\t\t\t\t<\/div>\n\t\t\t\t<\/div>\n\t\t<div class=\"elementor-element elementor-element-309220e e-con-full elementor-hidden-tablet elementor-hidden-mobile e-flex e-con e-child\" data-id=\"309220e\" data-element_type=\"container\" data-settings=\"{&quot;jet_parallax_layout_list&quot;:[]}\">\n\t\t\t\t<div class=\"elementor-element elementor-element-2357d25 elementor-widget__width-inherit elementor-widget elementor-widget-image\" data-id=\"2357d25\" data-element_type=\"widget\" data-widget_type=\"image.default\">\n\t\t\t\t<div class=\"elementor-widget-container\">\n\t\t\t\t\t\t\t\t\t\t\t\t\t\t\t<img decoding=\"async\" width=\"540\" height=\"540\" src=\"https:\/\/loulecriativo.pt\/wp-content\/uploads\/2025\/05\/residencias-criativas-540x540.jpg\" class=\"attachment-square size-square wp-image-1324\" alt=\"\" srcset=\"https:\/\/loulecriativo.pt\/wp-content\/uploads\/2025\/05\/residencias-criativas-540x540.jpg 540w, https:\/\/loulecriativo.pt\/wp-content\/uploads\/2025\/05\/residencias-criativas-150x150.jpg 150w\" sizes=\"(max-width: 540px) 100vw, 540px\" \/>\t\t\t\t\t\t\t\t\t\t\t\t\t\t\t<\/div>\n\t\t\t\t<\/div>\n\t\t\t\t<\/div>\n\t\t<div class=\"elementor-element elementor-element-81dc231 e-con-full elementor-hidden-tablet elementor-hidden-mobile e-flex e-con e-child\" data-id=\"81dc231\" data-element_type=\"container\" data-settings=\"{&quot;jet_parallax_layout_list&quot;:[]}\">\n\t\t\t\t<div class=\"elementor-element elementor-element-f07c9cb elementor-widget__width-inherit elementor-widget elementor-widget-image\" data-id=\"f07c9cb\" data-element_type=\"widget\" data-widget_type=\"image.default\">\n\t\t\t\t<div class=\"elementor-widget-container\">\n\t\t\t\t\t\t\t\t\t\t\t\t\t\t\t<img decoding=\"async\" width=\"540\" height=\"540\" src=\"https:\/\/loulecriativo.pt\/wp-content\/uploads\/2025\/05\/residencias-criativas-540x540.jpg\" class=\"attachment-square size-square wp-image-1324\" alt=\"\" srcset=\"https:\/\/loulecriativo.pt\/wp-content\/uploads\/2025\/05\/residencias-criativas-540x540.jpg 540w, https:\/\/loulecriativo.pt\/wp-content\/uploads\/2025\/05\/residencias-criativas-150x150.jpg 150w\" sizes=\"(max-width: 540px) 100vw, 540px\" \/>\t\t\t\t\t\t\t\t\t\t\t\t\t\t\t<\/div>\n\t\t\t\t<\/div>\n\t\t\t\t<\/div>\n\t\t<div class=\"elementor-element elementor-element-1fe47ae e-con-full e-flex e-con e-child\" data-id=\"1fe47ae\" data-element_type=\"container\" data-settings=\"{&quot;jet_parallax_layout_list&quot;:[]}\">\n\t\t\t\t<div class=\"elementor-element elementor-element-795d925 elementor-widget__width-inherit elementor-widget elementor-widget-image\" data-id=\"795d925\" data-element_type=\"widget\" data-widget_type=\"image.default\">\n\t\t\t\t<div class=\"elementor-widget-container\">\n\t\t\t\t\t\t\t\t\t\t\t\t\t\t\t<img decoding=\"async\" width=\"540\" height=\"540\" src=\"https:\/\/loulecriativo.pt\/wp-content\/uploads\/2025\/12\/Alte-fazendo-empreita-Espolio-polo-museologico-de-Alte-540x540.jpg\" class=\"attachment-square size-square wp-image-14686\" alt=\"\" srcset=\"https:\/\/loulecriativo.pt\/wp-content\/uploads\/2025\/12\/Alte-fazendo-empreita-Espolio-polo-museologico-de-Alte-540x540.jpg 540w, https:\/\/loulecriativo.pt\/wp-content\/uploads\/2025\/12\/Alte-fazendo-empreita-Espolio-polo-museologico-de-Alte-300x300.jpg 300w, https:\/\/loulecriativo.pt\/wp-content\/uploads\/2025\/12\/Alte-fazendo-empreita-Espolio-polo-museologico-de-Alte-150x150.jpg 150w\" sizes=\"(max-width: 540px) 100vw, 540px\" \/>\t\t\t\t\t\t\t\t\t\t\t\t\t\t\t<\/div>\n\t\t\t\t<\/div>\n\t\t\t\t<div class=\"elementor-element elementor-element-33779df elementor-widget elementor-widget-image\" data-id=\"33779df\" data-element_type=\"widget\" data-widget_type=\"image.default\">\n\t\t\t\t<div class=\"elementor-widget-container\">\n\t\t\t\t\t\t\t\t\t\t\t\t\t\t\t<img loading=\"lazy\" decoding=\"async\" width=\"800\" height=\"570\" src=\"https:\/\/loulecriativo.pt\/wp-content\/uploads\/2025\/12\/Cestas-em-Palma-1024x730.jpg\" class=\"attachment-large size-large wp-image-14689\" alt=\"\" srcset=\"https:\/\/loulecriativo.pt\/wp-content\/uploads\/2025\/12\/Cestas-em-Palma-1024x730.jpg 1024w, https:\/\/loulecriativo.pt\/wp-content\/uploads\/2025\/12\/Cestas-em-Palma-300x214.jpg 300w, https:\/\/loulecriativo.pt\/wp-content\/uploads\/2025\/12\/Cestas-em-Palma-768x548.jpg 768w, https:\/\/loulecriativo.pt\/wp-content\/uploads\/2025\/12\/Cestas-em-Palma-1536x1095.jpg 1536w, https:\/\/loulecriativo.pt\/wp-content\/uploads\/2025\/12\/Cestas-em-Palma-2048x1460.jpg 2048w\" sizes=\"(max-width: 800px) 100vw, 800px\" \/>\t\t\t\t\t\t\t\t\t\t\t\t\t\t\t<\/div>\n\t\t\t\t<\/div>\n\t\t\t\t<\/div>\n\t\t<div class=\"elementor-element elementor-element-c07b88e e-con-full elementor-hidden-tablet elementor-hidden-mobile e-flex e-con e-child\" data-id=\"c07b88e\" data-element_type=\"container\" data-settings=\"{&quot;jet_parallax_layout_list&quot;:[]}\">\n\t\t\t\t<\/div>\n\t\t<div class=\"elementor-element elementor-element-a1a4e47 e-con-full e-flex e-con e-child\" data-id=\"a1a4e47\" data-element_type=\"container\" data-settings=\"{&quot;jet_parallax_layout_list&quot;:[]}\">\n\t\t\t\t<div class=\"elementor-element elementor-element-ab8af13 elementor-widget__width-initial elementor-widget elementor-widget-heading\" data-id=\"ab8af13\" data-element_type=\"widget\" data-widget_type=\"heading.default\">\n\t\t\t\t<div class=\"elementor-widget-container\">\n\t\t\t\t\t<h2 class=\"elementor-heading-title elementor-size-default\">Of\u00edcios Emblem\u00e1ticos de Loul\u00e9<\/h2>\t\t\t\t<\/div>\n\t\t\t\t<\/div>\n\t\t\t\t<div class=\"elementor-element elementor-element-e890b7e elementor-widget__width-initial elementor-widget elementor-widget-heading\" data-id=\"e890b7e\" data-element_type=\"widget\" data-widget_type=\"heading.default\">\n\t\t\t\t<div class=\"elementor-widget-container\">\n\t\t\t\t\t<h2 class=\"elementor-heading-title elementor-size-default\">Empreita de Palma: O Entrela\u00e7ar da Mem\u00f3ria<\/h2>\t\t\t\t<\/div>\n\t\t\t\t<\/div>\n\t\t\t\t<div class=\"elementor-element elementor-element-76ed688 elementor-widget elementor-widget-text-editor\" data-id=\"76ed688\" data-element_type=\"widget\" data-widget_type=\"text-editor.default\">\n\t\t\t\t<div class=\"elementor-widget-container\">\n\t\t\t\t\t\t\t\t\t<p>A empreita de palma, um dos s\u00edmbolos maiores da cultura material algarvia, tem em Loul\u00e9 a sua principal refer\u00eancia hist\u00f3rica. A mat\u00e9ria-prima, a <strong>palmeira-an\u00e3 (Chamaerops humilis)<\/strong>, cresce espontaneamente no Barrocal e na Serra, sendo utilizada desde h\u00e1 milhares de anos. Alcofas, esteiras, balaios, capacheiras ou gorpelhas eram essenciais \u00e0 agricultura, pesca e vida dom\u00e9stica.<\/p><p>Trabalhada tradicionalmente por mulheres, sobretudo nos ser\u00f5es dom\u00e9sticos, a empreita constitu\u00eda <strong>uma atividade complementar ao trabalho agr\u00edcola e um importante meio de subsist\u00eancia<\/strong>. A t\u00e9cnica \u2013 totalmente manual \u2013 envolve a apanha, secagem, ripagem, tingimento e entran\u00e7ado da palma, revelando um profundo conhecimento dos ciclos naturais e dos recursos do territ\u00f3rio.<\/p><p>A for\u00e7a simb\u00f3lica desta arte, presente em cole\u00e7\u00f5es e exposi\u00e7\u00f5es desde o in\u00edcio do s\u00e9culo XX, tornou-se parte indissoci\u00e1vel da identidade louletana. Hoje, esse legado encontra continuidade na <strong>Casa da Empreita<\/strong> (2017), espa\u00e7o municipal que recupera o esp\u00edrito das antigas casas de trabalho da palma e onde artes\u00e3s mant\u00eam viva esta t\u00e9cnica ancestral, adaptando-a a novos usos e linguagens est\u00e9ticas.<\/p>\t\t\t\t\t\t\t\t<\/div>\n\t\t\t\t<\/div>\n\t\t\t\t<\/div>\n\t\t\t\t<\/div>\n\t\t\t\t\t<\/div>\n\t\t\t\t<\/div>\n\t\t<div class=\"elementor-element elementor-element-5608a13 e-flex e-con-boxed e-con e-parent\" data-id=\"5608a13\" data-element_type=\"container\" data-settings=\"{&quot;jet_parallax_layout_list&quot;:[]}\">\n\t\t\t\t\t<div class=\"e-con-inner\">\n\t\t<div class=\"elementor-element elementor-element-25e0db4 e-con-full e-flex e-con e-child\" data-id=\"25e0db4\" data-element_type=\"container\" data-settings=\"{&quot;jet_parallax_layout_list&quot;:[]}\">\n\t\t\t\t<div class=\"elementor-element elementor-element-6002cc4 elementor-widget__width-inherit elementor-widget elementor-widget-image\" data-id=\"6002cc4\" data-element_type=\"widget\" data-widget_type=\"image.default\">\n\t\t\t\t<div class=\"elementor-widget-container\">\n\t\t\t\t\t\t\t\t\t\t\t\t\t\t\t<img loading=\"lazy\" decoding=\"async\" width=\"443\" height=\"320\" src=\"https:\/\/loulecriativo.pt\/wp-content\/uploads\/2025\/12\/Alcatruzes-de-barro-a-porta-da-olaria.jpg\" class=\"attachment-fullhd size-fullhd wp-image-14682\" alt=\"\" srcset=\"https:\/\/loulecriativo.pt\/wp-content\/uploads\/2025\/12\/Alcatruzes-de-barro-a-porta-da-olaria.jpg 443w, https:\/\/loulecriativo.pt\/wp-content\/uploads\/2025\/12\/Alcatruzes-de-barro-a-porta-da-olaria-300x217.jpg 300w\" sizes=\"(max-width: 443px) 100vw, 443px\" \/>\t\t\t\t\t\t\t\t\t\t\t\t\t\t\t<\/div>\n\t\t\t\t<\/div>\n\t\t\t\t<\/div>\n\t\t\t\t<div class=\"elementor-element elementor-element-ab3c553 elementor-widget__width-initial elementor-widget elementor-widget-heading\" data-id=\"ab3c553\" data-element_type=\"widget\" data-widget_type=\"heading.default\">\n\t\t\t\t<div class=\"elementor-widget-container\">\n\t\t\t\t\t<h2 class=\"elementor-heading-title elementor-size-default\">Olaria Tradicional Louletana: O Barro que Conta Hist\u00f3rias<\/h2>\t\t\t\t<\/div>\n\t\t\t\t<\/div>\n\t\t\t\t<div class=\"elementor-element elementor-element-ae9d491 elementor-widget__width-initial elementor-widget elementor-widget-text-editor\" data-id=\"ae9d491\" data-element_type=\"widget\" data-widget_type=\"text-editor.default\">\n\t\t\t\t<div class=\"elementor-widget-container\">\n\t\t\t\t\t\t\t\t\t<p>A olaria louletana re\u00fane influ\u00eancias romanas, isl\u00e2micas e crist\u00e3s, beneficiando da qualidade excecional dos barros existentes no concelho. No per\u00edodo isl\u00e2mico, Loul\u00e9 era j\u00e1 um centro oleiro de destaque, e muitas das suas formas \u2013 alguidar, malga, c\u00e2ntaro, p\u00facaro \u2013 perduraram praticamente inalteradas at\u00e9 ao s\u00e9culo XX.<\/p><p>Durante s\u00e9culos, existiram dezenas de olarias na vila, sobretudo nas \u00e1reas perif\u00e9ricas, onde os fornos podiam funcionar sem impactar o centro urbano. A lou\u00e7a de \u00e1gua, reconhecida pela sua <strong>resist\u00eancia e impermeabilidade<\/strong>, era largamente procurada dentro e fora do Algarve. No s\u00e9culo XX, pe\u00e7as como o <strong>alcatruz<\/strong> \u2013 armadilha de pesca para o polvo \u2013 tornaram-se um dos produtos emblem\u00e1ticos da produ\u00e7\u00e3o local.<\/p><p>Com o avan\u00e7o das tecnologias pesqueiras, a industrializa\u00e7\u00e3o e o uso de materiais como o pl\u00e1stico e o alum\u00ednio, muitas olarias encerraram. Contudo, a partir da d\u00e9cada de 2010, a cer\u00e2mica voltou a ganhar vida com o <strong>Loul\u00e9 Criativo<\/strong>, em particular atrav\u00e9s da <strong>Oficina do Barro<\/strong>, instalada na antiga olaria de Jos\u00e9 Jo\u00e3o Velhote. Ali convivem a Olaria Xavier, ceramistas em incuba\u00e7\u00e3o, forma\u00e7\u00f5es e oficinas que mant\u00eam viva e reinventada a tradi\u00e7\u00e3o oleira do concelho.<\/p>\t\t\t\t\t\t\t\t<\/div>\n\t\t\t\t<\/div>\n\t\t<div class=\"elementor-element elementor-element-b94880a e-con-full e-flex e-con e-child\" data-id=\"b94880a\" data-element_type=\"container\" data-settings=\"{&quot;jet_parallax_layout_list&quot;:[]}\">\n\t\t\t\t<div class=\"elementor-element elementor-element-f02852b elementor-widget__width-inherit elementor-widget elementor-widget-image\" data-id=\"f02852b\" data-element_type=\"widget\" data-widget_type=\"image.default\">\n\t\t\t\t<div class=\"elementor-widget-container\">\n\t\t\t\t\t\t\t\t\t\t\t\t\t\t\t<img loading=\"lazy\" decoding=\"async\" width=\"768\" height=\"512\" src=\"https:\/\/loulecriativo.pt\/wp-content\/uploads\/2025\/12\/Olaria-ML.A4415-foto-A-1-768x512.jpg\" class=\"attachment-4-3-thumbnail size-4-3-thumbnail wp-image-14691\" alt=\"\" \/>\t\t\t\t\t\t\t\t\t\t\t\t\t\t\t<\/div>\n\t\t\t\t<\/div>\n\t\t\t\t<div class=\"elementor-element elementor-element-5edb99e elementor-widget__width-initial elementor-widget elementor-widget-heading\" data-id=\"5edb99e\" data-element_type=\"widget\" data-widget_type=\"heading.default\">\n\t\t\t\t<div class=\"elementor-widget-container\">\n\t\t\t\t\t<h2 class=\"elementor-heading-title elementor-size-default\">Caldeiraria: O Som do Martelo que Molda o Cobre<\/h2>\t\t\t\t<\/div>\n\t\t\t\t<\/div>\n\t\t\t\t<div class=\"elementor-element elementor-element-434310b elementor-widget__width-initial elementor-widget elementor-widget-text-editor\" data-id=\"434310b\" data-element_type=\"widget\" data-widget_type=\"text-editor.default\">\n\t\t\t\t<div class=\"elementor-widget-container\">\n\t\t\t\t\t\t\t\t\t<p>\u00a0<\/p><p>A caldeiraria louletana \u00e9 herdeira de uma longa tradi\u00e7\u00e3o metal\u00fargica, cujas ra\u00edzes remontam ao terceiro mil\u00e9nio a.C., como comprovam vest\u00edgios arqueol\u00f3gicos do Ameixial e de outras zonas do concelho. A abund\u00e2ncia de cobre no subsolo e a per\u00edcia manual dos artes\u00e3os fizeram de Loul\u00e9 um centro reputado de produ\u00e7\u00e3o em cobre e lat\u00e3o.<\/p><p>Durante s\u00e9culos, algumas ruas da vila ecoaram o som inconfund\u00edvel do martelar nos metais. Contudo, na segunda metade do s\u00e9culo XX, a atividade entrou em decl\u00ednio, extinguindo-se ap\u00f3s a morte do \u00faltimo caldeireiro tradicional.<\/p><p>O renascimento desta arte ocorre com a <strong>Oficina de Caldeireiros<\/strong> do Loul\u00e9 Criativo, que formou uma nova gera\u00e7\u00e3o de artes\u00e3os e reativou a produ\u00e7\u00e3o manual de pe\u00e7as tradicionais e contempor\u00e2neas. Entre elas destaca-se a <strong>cataplana<\/strong>, s\u00edmbolo maior da gastronomia algarvia e cuja qualidade artesanal louletana continua a ser amplamente reconhecida.<\/p>\t\t\t\t\t\t\t\t<\/div>\n\t\t\t\t<\/div>\n\t\t\t\t<\/div>\n\t\t<div class=\"elementor-element elementor-element-8f779ff e-con-full e-grid e-con e-child\" data-id=\"8f779ff\" data-element_type=\"container\" data-settings=\"{&quot;jet_parallax_layout_list&quot;:[]}\">\n\t\t<div class=\"elementor-element elementor-element-35a8868 e-con-full e-flex e-con e-child\" data-id=\"35a8868\" data-element_type=\"container\" data-settings=\"{&quot;jet_parallax_layout_list&quot;:[]}\">\n\t\t\t\t<div class=\"elementor-element elementor-element-b2a1641 elementor-widget__width-inherit elementor-widget elementor-widget-image\" data-id=\"b2a1641\" data-element_type=\"widget\" data-widget_type=\"image.default\">\n\t\t\t\t<div class=\"elementor-widget-container\">\n\t\t\t\t\t\t\t\t\t\t\t\t\t\t\t<img loading=\"lazy\" decoding=\"async\" width=\"540\" height=\"540\" src=\"https:\/\/loulecriativo.pt\/wp-content\/uploads\/2025\/12\/Caldeiraria-Barracha-540x540.jpg\" class=\"attachment-square size-square wp-image-14693\" alt=\"\" srcset=\"https:\/\/loulecriativo.pt\/wp-content\/uploads\/2025\/12\/Caldeiraria-Barracha-540x540.jpg 540w, https:\/\/loulecriativo.pt\/wp-content\/uploads\/2025\/12\/Caldeiraria-Barracha-150x150.jpg 150w\" sizes=\"(max-width: 540px) 100vw, 540px\" \/>\t\t\t\t\t\t\t\t\t\t\t\t\t\t\t<\/div>\n\t\t\t\t<\/div>\n\t\t\t\t<\/div>\n\t\t<div class=\"elementor-element elementor-element-e46094c e-con-full elementor-hidden-tablet elementor-hidden-mobile e-flex e-con e-child\" data-id=\"e46094c\" data-element_type=\"container\" data-settings=\"{&quot;jet_parallax_layout_list&quot;:[]}\">\n\t\t\t\t<div class=\"elementor-element elementor-element-dc7cff1 elementor-widget__width-inherit elementor-widget elementor-widget-image\" data-id=\"dc7cff1\" data-element_type=\"widget\" data-widget_type=\"image.default\">\n\t\t\t\t<div class=\"elementor-widget-container\">\n\t\t\t\t\t\t\t\t\t\t\t\t\t\t\t<img decoding=\"async\" width=\"540\" height=\"540\" src=\"https:\/\/loulecriativo.pt\/wp-content\/uploads\/2025\/05\/residencias-criativas-540x540.jpg\" class=\"attachment-square size-square wp-image-1324\" alt=\"\" srcset=\"https:\/\/loulecriativo.pt\/wp-content\/uploads\/2025\/05\/residencias-criativas-540x540.jpg 540w, https:\/\/loulecriativo.pt\/wp-content\/uploads\/2025\/05\/residencias-criativas-150x150.jpg 150w\" sizes=\"(max-width: 540px) 100vw, 540px\" \/>\t\t\t\t\t\t\t\t\t\t\t\t\t\t\t<\/div>\n\t\t\t\t<\/div>\n\t\t\t\t<\/div>\n\t\t<div class=\"elementor-element elementor-element-df3b83c e-con-full elementor-hidden-tablet elementor-hidden-mobile e-flex e-con e-child\" data-id=\"df3b83c\" data-element_type=\"container\" data-settings=\"{&quot;jet_parallax_layout_list&quot;:[]}\">\n\t\t\t\t<div class=\"elementor-element elementor-element-2f8cce5 elementor-widget__width-inherit elementor-widget elementor-widget-image\" data-id=\"2f8cce5\" data-element_type=\"widget\" data-widget_type=\"image.default\">\n\t\t\t\t<div class=\"elementor-widget-container\">\n\t\t\t\t\t\t\t\t\t\t\t\t\t\t\t<img decoding=\"async\" width=\"540\" height=\"540\" src=\"https:\/\/loulecriativo.pt\/wp-content\/uploads\/2025\/05\/residencias-criativas-540x540.jpg\" class=\"attachment-square size-square wp-image-1324\" alt=\"\" srcset=\"https:\/\/loulecriativo.pt\/wp-content\/uploads\/2025\/05\/residencias-criativas-540x540.jpg 540w, https:\/\/loulecriativo.pt\/wp-content\/uploads\/2025\/05\/residencias-criativas-150x150.jpg 150w\" sizes=\"(max-width: 540px) 100vw, 540px\" \/>\t\t\t\t\t\t\t\t\t\t\t\t\t\t\t<\/div>\n\t\t\t\t<\/div>\n\t\t\t\t<\/div>\n\t\t<div class=\"elementor-element elementor-element-9bdddad e-con-full e-flex e-con e-child\" data-id=\"9bdddad\" data-element_type=\"container\" data-settings=\"{&quot;jet_parallax_layout_list&quot;:[]}\">\n\t\t\t\t<div class=\"elementor-element elementor-element-7837899 elementor-widget__width-inherit elementor-widget elementor-widget-image\" data-id=\"7837899\" data-element_type=\"widget\" data-widget_type=\"image.default\">\n\t\t\t\t<div class=\"elementor-widget-container\">\n\t\t\t\t\t\t\t\t\t\t\t\t\t\t\t<img loading=\"lazy\" decoding=\"async\" width=\"540\" height=\"540\" src=\"https:\/\/loulecriativo.pt\/wp-content\/uploads\/2025\/09\/Trabalhando-o-esparto-Luis-Guerreiro-1-e1759237158573-540x540.jpg\" class=\"attachment-square size-square wp-image-8455\" alt=\"\" srcset=\"https:\/\/loulecriativo.pt\/wp-content\/uploads\/2025\/09\/Trabalhando-o-esparto-Luis-Guerreiro-1-e1759237158573-540x540.jpg 540w, https:\/\/loulecriativo.pt\/wp-content\/uploads\/2025\/09\/Trabalhando-o-esparto-Luis-Guerreiro-1-e1759237158573-150x150.jpg 150w\" sizes=\"(max-width: 540px) 100vw, 540px\" \/>\t\t\t\t\t\t\t\t\t\t\t\t\t\t\t<\/div>\n\t\t\t\t<\/div>\n\t\t\t\t<\/div>\n\t\t<div class=\"elementor-element elementor-element-8c2d52d e-con-full elementor-hidden-tablet elementor-hidden-mobile e-flex e-con e-child\" data-id=\"8c2d52d\" data-element_type=\"container\" data-settings=\"{&quot;jet_parallax_layout_list&quot;:[]}\">\n\t\t\t\t<\/div>\n\t\t<div class=\"elementor-element elementor-element-ffd5661 e-con-full e-flex e-con e-child\" data-id=\"ffd5661\" data-element_type=\"container\" data-settings=\"{&quot;jet_parallax_layout_list&quot;:[]}\">\n\t\t\t\t<div class=\"elementor-element elementor-element-6920543 elementor-widget__width-initial elementor-widget elementor-widget-heading\" data-id=\"6920543\" data-element_type=\"widget\" data-widget_type=\"heading.default\">\n\t\t\t\t<div class=\"elementor-widget-container\">\n\t\t\t\t\t<h2 class=\"elementor-heading-title elementor-size-default\">Trabalhos em Esparto: A For\u00e7a das Fibras do Barrocal<\/h2>\t\t\t\t<\/div>\n\t\t\t\t<\/div>\n\t\t\t\t<div class=\"elementor-element elementor-element-0fd83d3 elementor-widget elementor-widget-text-editor\" data-id=\"0fd83d3\" data-element_type=\"widget\" data-widget_type=\"text-editor.default\">\n\t\t\t\t<div class=\"elementor-widget-container\">\n\t\t\t\t\t\t\t\t\t<p>Utilizado desde tempos remotos, o esparto foi durante s\u00e9culos uma das mat\u00e9rias-primas mais trabalhadas no concelho, sobretudo na aldeia de Alte. Com esta planta resistente produziam-se alcof\u00f5es, seiras, ceir\u00f5es, cordas e tapetes, destinados sobretudo \u00e0 agricultura e pesca.<\/p><p>Em Alte era comum o <strong>esparto pisado<\/strong>, t\u00e9cnica que envolvia demolhar e bater o esparto com ma\u00e7os de madeira para amaciar as fibras e permitir o fabrico de cordas de diferentes espessuras. Hoje, embora menos praticado, o trabalho em esparto ganha nova vida com a cria\u00e7\u00e3o da <strong>Casa do Esparto<\/strong>, na aldeia das Sarnadas, integrada na Rede de Oficinas do Loul\u00e9 Criativo.<\/p>\t\t\t\t\t\t\t\t<\/div>\n\t\t\t\t<\/div>\n\t\t\t\t<\/div>\n\t\t\t\t<\/div>\n\t\t\t\t\t<\/div>\n\t\t\t\t<\/div>\n\t\t<div class=\"elementor-element elementor-element-4744112 e-flex e-con-boxed e-con e-parent\" data-id=\"4744112\" data-element_type=\"container\" data-settings=\"{&quot;jet_parallax_layout_list&quot;:[]}\">\n\t\t\t\t\t<div class=\"e-con-inner\">\n\t\t<div class=\"elementor-element elementor-element-acd1607 e-con-full e-flex e-con e-child\" data-id=\"acd1607\" data-element_type=\"container\" data-settings=\"{&quot;jet_parallax_layout_list&quot;:[]}\">\n\t\t\t\t<div class=\"elementor-element elementor-element-e9680e0 elementor-widget__width-inherit elementor-widget elementor-widget-image\" data-id=\"e9680e0\" data-element_type=\"widget\" data-widget_type=\"image.default\">\n\t\t\t\t<div class=\"elementor-widget-container\">\n\t\t\t\t\t\t\t\t\t\t\t\t\t\t\t<img loading=\"lazy\" decoding=\"async\" width=\"1920\" height=\"1080\" src=\"https:\/\/loulecriativo.pt\/wp-content\/uploads\/2025\/12\/Trabalhando-o-esparto-1.3-1920x1080.jpg\" class=\"attachment-fullhd size-fullhd wp-image-14695\" alt=\"\" \/>\t\t\t\t\t\t\t\t\t\t\t\t\t\t\t<\/div>\n\t\t\t\t<\/div>\n\t\t\t\t<\/div>\n\t\t\t\t<div class=\"elementor-element elementor-element-f47caf6 elementor-widget__width-initial elementor-widget elementor-widget-heading\" data-id=\"f47caf6\" data-element_type=\"widget\" data-widget_type=\"heading.default\">\n\t\t\t\t<div class=\"elementor-widget-container\">\n\t\t\t\t\t<h1 class=\"elementor-heading-title elementor-size-default\">Loul\u00e9 Criativo: Um Futuro que Honra o Passado<\/h1>\t\t\t\t<\/div>\n\t\t\t\t<\/div>\n\t\t\t\t<div class=\"elementor-element elementor-element-8163e73 elementor-widget__width-initial elementor-widget elementor-widget-text-editor\" data-id=\"8163e73\" data-element_type=\"widget\" data-widget_type=\"text-editor.default\">\n\t\t\t\t<div class=\"elementor-widget-container\">\n\t\t\t\t\t\t\t\t\t<p>O projeto <strong>Loul\u00e9 Criativo<\/strong>, iniciativa da C\u00e2mara Municipal, constitui atualmente o grande motor de revitaliza\u00e7\u00e3o das artes e of\u00edcios tradicionais do concelho. Atrav\u00e9s de oficinas, programas de forma\u00e7\u00e3o, turismo criativo, resid\u00eancias art\u00edsticas e uma incubadora dedicada ao design e \u00e0s artes, promove a continuidade dos saberes ancestrais, articulando-os com a criatividade contempor\u00e2nea.<\/p><p>A rede inclui hoje a <strong>Casa da Empreita<\/strong>, a <strong>Oficina de Caldeireiros<\/strong>, a <strong>Oficina do Barro<\/strong>, a <strong>Oficina do Relojoeiro<\/strong>, a <strong>Oficina de Cordofones<\/strong>, a <strong>Oficina dos T\u00eaxteis<\/strong> e, mais recentemente, a <strong>Casa do Esparto<\/strong>. S\u00e3o espa\u00e7os vivos, onde o visitante contacta diretamente com os artes\u00e3os e onde o patrim\u00f3nio imaterial do concelho \u00e9 preservado, valorizado e transmitido \u00e0s novas gera\u00e7\u00f5es.<\/p><p>Em Loul\u00e9, as artes e of\u00edcios n\u00e3o s\u00e3o apenas vest\u00edgios do passado: s\u00e3o a ess\u00eancia da identidade local, um patrim\u00f3nio vivo que acompanha a evolu\u00e7\u00e3o da comunidade. Da palma ao barro, do cobre ao esparto, cada t\u00e9cnica representa s\u00e9culos de saberes transmitidos entre gera\u00e7\u00f5es, testemunhando a criatividade, resili\u00eancia e engenho das gentes do concelho. Hoje, atrav\u00e9s de iniciativas inovadoras como o Loul\u00e9 Criativo, essa heran\u00e7a continua a inspirar, a criar valor e a projetar Loul\u00e9 como refer\u00eancia na preserva\u00e7\u00e3o e reinven\u00e7\u00e3o das tradi\u00e7\u00f5es artesanais portuguesas.<\/p>\t\t\t\t\t\t\t\t<\/div>\n\t\t\t\t<\/div>\n\t\t<div class=\"elementor-element elementor-element-64a5182 e-con-full e-flex e-con e-child\" data-id=\"64a5182\" data-element_type=\"container\" data-settings=\"{&quot;jet_parallax_layout_list&quot;:[]}\">\n\t\t\t\t<div class=\"elementor-element elementor-element-b6a6b4a elementor-widget__width-inherit elementor-widget elementor-widget-image\" data-id=\"b6a6b4a\" data-element_type=\"widget\" data-widget_type=\"image.default\">\n\t\t\t\t<div class=\"elementor-widget-container\">\n\t\t\t\t\t\t\t\t\t\t\t\t\t\t\t<img loading=\"lazy\" decoding=\"async\" width=\"768\" height=\"533\" src=\"https:\/\/loulecriativo.pt\/wp-content\/uploads\/2025\/12\/Trabalhando-o-esparto-Cedida-por-Filipa-Faisca_WEB-768x533.jpg\" class=\"attachment-medium_large size-medium_large wp-image-14699\" alt=\"\" srcset=\"https:\/\/loulecriativo.pt\/wp-content\/uploads\/2025\/12\/Trabalhando-o-esparto-Cedida-por-Filipa-Faisca_WEB-768x533.jpg 768w, https:\/\/loulecriativo.pt\/wp-content\/uploads\/2025\/12\/Trabalhando-o-esparto-Cedida-por-Filipa-Faisca_WEB-300x208.jpg 300w, https:\/\/loulecriativo.pt\/wp-content\/uploads\/2025\/12\/Trabalhando-o-esparto-Cedida-por-Filipa-Faisca_WEB-1024x710.jpg 1024w, https:\/\/loulecriativo.pt\/wp-content\/uploads\/2025\/12\/Trabalhando-o-esparto-Cedida-por-Filipa-Faisca_WEB-1536x1065.jpg 1536w, https:\/\/loulecriativo.pt\/wp-content\/uploads\/2025\/12\/Trabalhando-o-esparto-Cedida-por-Filipa-Faisca_WEB.jpg 1557w\" sizes=\"(max-width: 768px) 100vw, 768px\" \/>\t\t\t\t\t\t\t\t\t\t\t\t\t\t\t<\/div>\n\t\t\t\t<\/div>\n\t\t\t\t<\/div>\n\t\t\t\t\t<\/div>\n\t\t\t\t<\/div>\n\t\t\t\t<\/div>\n\t\t","protected":false},"excerpt":{"rendered":"<p>Home Sobre N\u00f3s Artes e Of\u00edcios Artes e Of\u00edcios de Loul\u00e9 Loul\u00e9, situado no cora\u00e7\u00e3o do Algarve, sempre foi reconhecido como Terra de Artesanato, designa\u00e7\u00e3o que se consolidou ao longo dos s\u00e9culos gra\u00e7as \u00e0 sua localiza\u00e7\u00e3o central e ao papel que desempenhou como ponto de encontro de pessoas, produtos e culturas. Desde a Idade M\u00e9dia [&hellip;]<\/p>\n","protected":false},"author":2,"featured_media":0,"parent":96,"menu_order":0,"comment_status":"closed","ping_status":"closed","template":"","meta":{"_acf_changed":false,"footnotes":""},"class_list":["post-102","page","type-page","status-publish","hentry"],"acf":[],"yoast_head":"<!-- This site is optimized with the Yoast SEO Premium plugin v25.9 (Yoast SEO v26.5) - https:\/\/yoast.com\/wordpress\/plugins\/seo\/ -->\n<title>Artes e Of\u00edcios | A hist\u00f3ria viva do artesanato em Loul\u00e9<\/title>\n<meta name=\"description\" content=\"Descobre o artesanato de Loul\u00e9 e os of\u00edcios que atravessam gera\u00e7\u00f5es: da cer\u00e2mica \u00e0 madeira, da tecelagem \u00e0 tradi\u00e7\u00e3o oral.\" \/>\n<meta name=\"robots\" content=\"index, follow, max-snippet:-1, max-image-preview:large, max-video-preview:-1\" \/>\n<link rel=\"canonical\" href=\"https:\/\/loulecriativo.pt\/pt\/sobre-nos\/artes-e-oficios\/\" \/>\n<meta property=\"og:locale\" content=\"pt_PT\" \/>\n<meta property=\"og:type\" content=\"article\" \/>\n<meta property=\"og:title\" content=\"Artes e Of\u00edcios\" \/>\n<meta property=\"og:description\" content=\"Descobre o artesanato de Loul\u00e9 e os of\u00edcios que atravessam gera\u00e7\u00f5es: da cer\u00e2mica \u00e0 madeira, da tecelagem \u00e0 tradi\u00e7\u00e3o oral.\" \/>\n<meta property=\"og:url\" content=\"https:\/\/loulecriativo.pt\/pt\/sobre-nos\/artes-e-oficios\/\" \/>\n<meta property=\"og:site_name\" content=\"Loul\u00e9 Criativo\" \/>\n<meta property=\"article:modified_time\" content=\"2025-12-03T18:01:13+00:00\" \/>\n<meta property=\"og:image\" content=\"https:\/\/loulecriativo.pt\/wp-content\/uploads\/2025\/09\/e5886ae9e2e7048f16f9752c0168c7c0-1.jpg\" \/>\n<meta name=\"twitter:card\" content=\"summary_large_image\" \/>\n<meta name=\"twitter:label1\" content=\"Est. reading time\" \/>\n\t<meta name=\"twitter:data1\" content=\"9 minutes\" \/>\n<script type=\"application\/ld+json\" class=\"yoast-schema-graph\">{\"@context\":\"https:\/\/schema.org\",\"@graph\":[{\"@type\":\"WebPage\",\"@id\":\"https:\/\/loulecriativo.pt\/pt\/sobre-nos\/artes-e-oficios\/\",\"url\":\"https:\/\/loulecriativo.pt\/pt\/sobre-nos\/artes-e-oficios\/\",\"name\":\"Artes e Of\u00edcios | A hist\u00f3ria viva do artesanato em Loul\u00e9\",\"isPartOf\":{\"@id\":\"https:\/\/loulecriativo.pt\/pt\/#website\"},\"primaryImageOfPage\":{\"@id\":\"https:\/\/loulecriativo.pt\/pt\/sobre-nos\/artes-e-oficios\/#primaryimage\"},\"image\":{\"@id\":\"https:\/\/loulecriativo.pt\/pt\/sobre-nos\/artes-e-oficios\/#primaryimage\"},\"thumbnailUrl\":\"https:\/\/loulecriativo.pt\/wp-content\/uploads\/2025\/09\/e5886ae9e2e7048f16f9752c0168c7c0-1.jpg\",\"datePublished\":\"2025-04-14T09:17:41+00:00\",\"dateModified\":\"2025-12-03T18:01:13+00:00\",\"description\":\"Descobre o artesanato de Loul\u00e9 e os of\u00edcios que atravessam gera\u00e7\u00f5es: da cer\u00e2mica \u00e0 madeira, da tecelagem \u00e0 tradi\u00e7\u00e3o oral.\",\"breadcrumb\":{\"@id\":\"https:\/\/loulecriativo.pt\/pt\/sobre-nos\/artes-e-oficios\/#breadcrumb\"},\"inLanguage\":\"pt\",\"potentialAction\":[{\"@type\":\"ReadAction\",\"target\":[\"https:\/\/loulecriativo.pt\/pt\/sobre-nos\/artes-e-oficios\/\"]}]},{\"@type\":\"ImageObject\",\"inLanguage\":\"pt\",\"@id\":\"https:\/\/loulecriativo.pt\/pt\/sobre-nos\/artes-e-oficios\/#primaryimage\",\"url\":\"https:\/\/loulecriativo.pt\/wp-content\/uploads\/2025\/09\/e5886ae9e2e7048f16f9752c0168c7c0-1.jpg\",\"contentUrl\":\"https:\/\/loulecriativo.pt\/wp-content\/uploads\/2025\/09\/e5886ae9e2e7048f16f9752c0168c7c0-1.jpg\"},{\"@type\":\"BreadcrumbList\",\"@id\":\"https:\/\/loulecriativo.pt\/pt\/sobre-nos\/artes-e-oficios\/#breadcrumb\",\"itemListElement\":[{\"@type\":\"ListItem\",\"position\":1,\"name\":\"Home\",\"item\":\"https:\/\/loulecriativo.pt\/pt\/\"},{\"@type\":\"ListItem\",\"position\":2,\"name\":\"Sobre N\u00f3s\",\"item\":\"https:\/\/loulecriativo.pt\/pt\/sobre-nos\/\"},{\"@type\":\"ListItem\",\"position\":3,\"name\":\"Artes e Of\u00edcios\"}]},{\"@type\":\"WebSite\",\"@id\":\"https:\/\/loulecriativo.pt\/pt\/#website\",\"url\":\"https:\/\/loulecriativo.pt\/pt\/\",\"name\":\"Loul\u00e9 Criativo\",\"description\":\"\",\"potentialAction\":[{\"@type\":\"SearchAction\",\"target\":{\"@type\":\"EntryPoint\",\"urlTemplate\":\"https:\/\/loulecriativo.pt\/pt\/?s={search_term_string}\"},\"query-input\":{\"@type\":\"PropertyValueSpecification\",\"valueRequired\":true,\"valueName\":\"search_term_string\"}}],\"inLanguage\":\"pt\"}]}<\/script>\n<!-- \/ Yoast SEO Premium plugin. -->","yoast_head_json":{"title":"Artes e Of\u00edcios | A hist\u00f3ria viva do artesanato em Loul\u00e9","description":"Descobre o artesanato de Loul\u00e9 e os of\u00edcios que atravessam gera\u00e7\u00f5es: da cer\u00e2mica \u00e0 madeira, da tecelagem \u00e0 tradi\u00e7\u00e3o oral.","robots":{"index":"index","follow":"follow","max-snippet":"max-snippet:-1","max-image-preview":"max-image-preview:large","max-video-preview":"max-video-preview:-1"},"canonical":"https:\/\/loulecriativo.pt\/pt\/sobre-nos\/artes-e-oficios\/","og_locale":"pt_PT","og_type":"article","og_title":"Artes e Of\u00edcios","og_description":"Descobre o artesanato de Loul\u00e9 e os of\u00edcios que atravessam gera\u00e7\u00f5es: da cer\u00e2mica \u00e0 madeira, da tecelagem \u00e0 tradi\u00e7\u00e3o oral.","og_url":"https:\/\/loulecriativo.pt\/pt\/sobre-nos\/artes-e-oficios\/","og_site_name":"Loul\u00e9 Criativo","article_modified_time":"2025-12-03T18:01:13+00:00","og_image":[{"url":"https:\/\/loulecriativo.pt\/wp-content\/uploads\/2025\/09\/e5886ae9e2e7048f16f9752c0168c7c0-1.jpg","type":"","width":"","height":""}],"twitter_card":"summary_large_image","twitter_misc":{"Est. reading time":"9 minutes"},"schema":{"@context":"https:\/\/schema.org","@graph":[{"@type":"WebPage","@id":"https:\/\/loulecriativo.pt\/pt\/sobre-nos\/artes-e-oficios\/","url":"https:\/\/loulecriativo.pt\/pt\/sobre-nos\/artes-e-oficios\/","name":"Artes e Of\u00edcios | A hist\u00f3ria viva do artesanato em Loul\u00e9","isPartOf":{"@id":"https:\/\/loulecriativo.pt\/pt\/#website"},"primaryImageOfPage":{"@id":"https:\/\/loulecriativo.pt\/pt\/sobre-nos\/artes-e-oficios\/#primaryimage"},"image":{"@id":"https:\/\/loulecriativo.pt\/pt\/sobre-nos\/artes-e-oficios\/#primaryimage"},"thumbnailUrl":"https:\/\/loulecriativo.pt\/wp-content\/uploads\/2025\/09\/e5886ae9e2e7048f16f9752c0168c7c0-1.jpg","datePublished":"2025-04-14T09:17:41+00:00","dateModified":"2025-12-03T18:01:13+00:00","description":"Descobre o artesanato de Loul\u00e9 e os of\u00edcios que atravessam gera\u00e7\u00f5es: da cer\u00e2mica \u00e0 madeira, da tecelagem \u00e0 tradi\u00e7\u00e3o oral.","breadcrumb":{"@id":"https:\/\/loulecriativo.pt\/pt\/sobre-nos\/artes-e-oficios\/#breadcrumb"},"inLanguage":"pt","potentialAction":[{"@type":"ReadAction","target":["https:\/\/loulecriativo.pt\/pt\/sobre-nos\/artes-e-oficios\/"]}]},{"@type":"ImageObject","inLanguage":"pt","@id":"https:\/\/loulecriativo.pt\/pt\/sobre-nos\/artes-e-oficios\/#primaryimage","url":"https:\/\/loulecriativo.pt\/wp-content\/uploads\/2025\/09\/e5886ae9e2e7048f16f9752c0168c7c0-1.jpg","contentUrl":"https:\/\/loulecriativo.pt\/wp-content\/uploads\/2025\/09\/e5886ae9e2e7048f16f9752c0168c7c0-1.jpg"},{"@type":"BreadcrumbList","@id":"https:\/\/loulecriativo.pt\/pt\/sobre-nos\/artes-e-oficios\/#breadcrumb","itemListElement":[{"@type":"ListItem","position":1,"name":"Home","item":"https:\/\/loulecriativo.pt\/pt\/"},{"@type":"ListItem","position":2,"name":"Sobre N\u00f3s","item":"https:\/\/loulecriativo.pt\/pt\/sobre-nos\/"},{"@type":"ListItem","position":3,"name":"Artes e Of\u00edcios"}]},{"@type":"WebSite","@id":"https:\/\/loulecriativo.pt\/pt\/#website","url":"https:\/\/loulecriativo.pt\/pt\/","name":"Loul\u00e9 Criativo","description":"","potentialAction":[{"@type":"SearchAction","target":{"@type":"EntryPoint","urlTemplate":"https:\/\/loulecriativo.pt\/pt\/?s={search_term_string}"},"query-input":{"@type":"PropertyValueSpecification","valueRequired":true,"valueName":"search_term_string"}}],"inLanguage":"pt"}]}},"_links":{"self":[{"href":"https:\/\/loulecriativo.pt\/pt\/wp-json\/wp\/v2\/pages\/102","targetHints":{"allow":["GET"]}}],"collection":[{"href":"https:\/\/loulecriativo.pt\/pt\/wp-json\/wp\/v2\/pages"}],"about":[{"href":"https:\/\/loulecriativo.pt\/pt\/wp-json\/wp\/v2\/types\/page"}],"author":[{"embeddable":true,"href":"https:\/\/loulecriativo.pt\/pt\/wp-json\/wp\/v2\/users\/2"}],"replies":[{"embeddable":true,"href":"https:\/\/loulecriativo.pt\/pt\/wp-json\/wp\/v2\/comments?post=102"}],"version-history":[{"count":44,"href":"https:\/\/loulecriativo.pt\/pt\/wp-json\/wp\/v2\/pages\/102\/revisions"}],"predecessor-version":[{"id":14706,"href":"https:\/\/loulecriativo.pt\/pt\/wp-json\/wp\/v2\/pages\/102\/revisions\/14706"}],"up":[{"embeddable":true,"href":"https:\/\/loulecriativo.pt\/pt\/wp-json\/wp\/v2\/pages\/96"}],"wp:attachment":[{"href":"https:\/\/loulecriativo.pt\/pt\/wp-json\/wp\/v2\/media?parent=102"}],"curies":[{"name":"wp","href":"https:\/\/api.w.org\/{rel}","templated":true}]}}