{"id":1114,"date":"2025-05-13T18:20:31","date_gmt":"2025-05-13T18:20:31","guid":{"rendered":"https:\/\/loulecriativo.pt\/?page_id=1114"},"modified":"2025-12-02T11:01:30","modified_gmt":"2025-12-02T11:01:30","slug":"os-oficios-vao-a-escola","status":"publish","type":"page","link":"https:\/\/loulecriativo.pt\/pt\/os-oficios-vao-a-escola\/","title":{"rendered":"Os Of\u00edcios V\u00e3o \u00e0 Escola"},"content":{"rendered":"\t\t<div data-elementor-type=\"wp-page\" data-elementor-id=\"1114\" class=\"elementor elementor-1114\" data-elementor-post-type=\"page\">\n\t\t\t\t<div class=\"elementor-element elementor-element-b4cd483 e-con-full e-flex e-con e-parent\" data-id=\"b4cd483\" data-element_type=\"container\" data-settings=\"{&quot;jet_parallax_layout_list&quot;:[]}\">\n\t\t\t\t<div class=\"elementor-element elementor-element-26dfab7 elementor-widget elementor-widget-dng_square_space\" data-id=\"26dfab7\" data-element_type=\"widget\" data-widget_type=\"dng_square_space.default\">\n\t\t\t\t<div class=\"elementor-widget-container\">\n\t\t\t\t\t    <div \n      data-dng-c-square-space\n      class=\"dng-c-square-space bg-theme sm:h-[calc(100svh-var(--dng-header-height))] flex flex-col sm:flex-row \">\n        <div class=\"w-full sm:h-[calc(100svh-var(--dng-header-height))] sm:w-[50vw] p-sm sm:p-[18px_72px_72px] relative bg-theme text-theme-text flex flex-col gap-sm sm:gap-lg content\" data-content>\n          <div data-content-item class=\"content-item\">\n          <div data-dng-c-breadcrumbs class=\"dng-c-breadcrumbs flex items-center justify-start gap-xxs\">\n      \n        <a\n     class=\"whitespace-nowrap overflow-ellipsis overflow-hidden text-body-2 item !text-inherit text-[var(--dng-text-color), var(--wp--preset--color--brown))]\" \n      href=\"https:\/\/loulecriativo.pt\/pt\/\" \n        >\n    Home\n<\/a>\n        <svg class=\"separator\" width=\"6\" height=\"10\" viewBox=\"0 0 6 10\" fill=\"none\" xmlns=\"http:\/\/www.w3.org\/2000\/svg\">\n          <path d=\"M6.00005 5L1.00005 10L0.300049 9.3L4.60005 5L0.300049 0.7L1.00005 0L6.00005 5Z\" fill=\"var(--dng-text-color, var(--wp--preset--color--brown))\"\/>\n        <\/svg>\n          <div class=\"current-page text-body-2 whitespace-nowrap overflow-ellipsis overflow-hidden\">\n      Os Of\u00edcios V\u00e3o \u00e0 Escola    <\/div>\n          <\/div>\n          <\/div>\n            <h1 class=\"!text-t2 sm:!text-t1 !text-inherit content-item hyphens-auto break-words !whitespace-normal\" data-content-item>Os Of\u00edcios v\u00e3o \u00e0 Escola<\/h1>\n      <div data-content-item class=\"!text-body-1 !text-inherit sm:mt-auto content-item\">\n    <p>Atendendo \u00e0 import\u00e2ncia de divulgar, dinamizar e promover a passagem de conhecimento na \u00e1rea das artes e of\u00edcios \u00e0s gera\u00e7\u00f5es mais jovens, o Loul\u00e9 Criativo pretende diversificar o seu papel junto das escolas do Concelho, promovendo a\u00e7\u00f5es que permitam o encontro geracional entre os jovens e os artes\u00e3os, a transmiss\u00e3o de conhecimentos ancestrais e o contacto com o saber-fazer manual numa altura em que prevalecem as tecnologias digitais.\u00a0\u00a0<\/p>      <\/div>\n    <\/div>\n        <div class=\"w-full md:w-[50vw]\">\n    <img decoding=\"async\"  class=\"object-cover object-center w-full !h-full hidden md:block\" src=\"https:\/\/loulecriativo.pt\/wp-content\/uploads\/2025\/11\/DSC_0230-scaled.jpg\" alt=\"\">    \n    <\/div>\n    \n     \n    \t\t\t\t<\/div>\n\t\t\t\t<\/div>\n\t\t\t\t<\/div>\n\t\t<div class=\"elementor-element elementor-element-843e4a2 e-flex e-con-boxed e-con e-parent\" data-id=\"843e4a2\" data-element_type=\"container\" data-settings=\"{&quot;jet_parallax_layout_list&quot;:[]}\">\n\t\t\t\t\t<div class=\"e-con-inner\">\n\t\t\t\t<div class=\"elementor-element elementor-element-ef3ca83 e-n-tabs-none elementor-widget elementor-widget-n-tabs\" data-id=\"ef3ca83\" data-element_type=\"widget\" data-widget_type=\"nested-tabs.default\">\n\t\t\t\t<div class=\"elementor-widget-container\">\n\t\t\t\t\t\t\t<div class=\"e-n-tabs\" data-widget-number=\"250858115\" aria-label=\"Tabs. Open items with Enter or Space, close with Escape and navigate using the Arrow keys.\">\n\t\t\t<div class=\"e-n-tabs-heading\" role=\"tablist\">\n\t\t\t\t\t<button id=\"empreita-vai-a-escola\" class=\"e-n-tab-title\" aria-selected=\"true\" data-tab-index=\"1\" role=\"tab\" tabindex=\"0\" aria-controls=\"e-n-tab-content-2508581151\" style=\"--n-tabs-title-order: 1;\">\n\t\t\t\t\t<span class=\"e-n-tab-icon\">\n\t\t\t<svg xmlns=\"http:\/\/www.w3.org\/2000\/svg\" width=\"16\" height=\"16\" viewBox=\"0 0 16 16\" fill=\"none\"><g clip-path=\"url(#clip0_1742_7039)\"><path d=\"M8.0058 0.470245L15.0552 7.52907L8.00581 14.5879M15.0392 7.52907L0.939453 7.52907\" stroke=\"#2F261E\" stroke-width=\"1.4\"><\/path><\/g><defs><clipPath id=\"clip0_1742_7039\"><rect width=\"16\" height=\"16\" fill=\"white\"><\/rect><\/clipPath><\/defs><\/svg>\t\t\t<svg xmlns=\"http:\/\/www.w3.org\/2000\/svg\" width=\"16\" height=\"16\" viewBox=\"0 0 16 16\" fill=\"none\"><g clip-path=\"url(#clip0_1742_7039)\"><path d=\"M8.0058 0.470245L15.0552 7.52907L8.00581 14.5879M15.0392 7.52907L0.939453 7.52907\" stroke=\"#2F261E\" stroke-width=\"1.4\"><\/path><\/g><defs><clipPath id=\"clip0_1742_7039\"><rect width=\"16\" height=\"16\" fill=\"white\"><\/rect><\/clipPath><\/defs><\/svg>\t\t<\/span>\n\t\t\t\t\t<span class=\"e-n-tab-title-text\">\n\t\t\t\tA Empreita vai \u00e0 Escola\t\t\t<\/span>\n\t\t<\/button>\n\t\t\t\t<button id=\"luthier-vai-a-escola\" class=\"e-n-tab-title\" aria-selected=\"false\" data-tab-index=\"2\" role=\"tab\" tabindex=\"-1\" aria-controls=\"e-n-tab-content-2508581152\" style=\"--n-tabs-title-order: 2;\">\n\t\t\t\t\t<span class=\"e-n-tab-icon\">\n\t\t\t<svg xmlns=\"http:\/\/www.w3.org\/2000\/svg\" width=\"16\" height=\"16\" viewBox=\"0 0 16 16\" fill=\"none\"><g clip-path=\"url(#clip0_1742_7039)\"><path d=\"M8.0058 0.470245L15.0552 7.52907L8.00581 14.5879M15.0392 7.52907L0.939453 7.52907\" stroke=\"#2F261E\" stroke-width=\"1.4\"><\/path><\/g><defs><clipPath id=\"clip0_1742_7039\"><rect width=\"16\" height=\"16\" fill=\"white\"><\/rect><\/clipPath><\/defs><\/svg>\t\t\t<svg xmlns=\"http:\/\/www.w3.org\/2000\/svg\" width=\"16\" height=\"16\" viewBox=\"0 0 16 16\" fill=\"none\"><g clip-path=\"url(#clip0_1742_7039)\"><path d=\"M8.0058 0.470245L15.0552 7.52907L8.00581 14.5879M15.0392 7.52907L0.939453 7.52907\" stroke=\"#2F261E\" stroke-width=\"1.4\"><\/path><\/g><defs><clipPath id=\"clip0_1742_7039\"><rect width=\"16\" height=\"16\" fill=\"white\"><\/rect><\/clipPath><\/defs><\/svg>\t\t<\/span>\n\t\t\t\t\t<span class=\"e-n-tab-title-text\">\n\t\t\t\tO Luthier vai \u00e0 Escola\t\t\t<\/span>\n\t\t<\/button>\n\t\t\t\t<button id=\"e-n-tab-title-2508581153\" class=\"e-n-tab-title\" aria-selected=\"false\" data-tab-index=\"3\" role=\"tab\" tabindex=\"-1\" aria-controls=\"e-n-tab-content-2508581153\" style=\"--n-tabs-title-order: 3;\">\n\t\t\t\t\t<span class=\"e-n-tab-icon\">\n\t\t\t<svg xmlns=\"http:\/\/www.w3.org\/2000\/svg\" width=\"16\" height=\"16\" viewBox=\"0 0 16 16\" fill=\"none\"><g clip-path=\"url(#clip0_1742_7039)\"><path d=\"M8.0058 0.470245L15.0552 7.52907L8.00581 14.5879M15.0392 7.52907L0.939453 7.52907\" stroke=\"#2F261E\" stroke-width=\"1.4\"><\/path><\/g><defs><clipPath id=\"clip0_1742_7039\"><rect width=\"16\" height=\"16\" fill=\"white\"><\/rect><\/clipPath><\/defs><\/svg>\t\t\t<svg xmlns=\"http:\/\/www.w3.org\/2000\/svg\" width=\"16\" height=\"16\" viewBox=\"0 0 16 16\" fill=\"none\"><g clip-path=\"url(#clip0_1742_7039)\"><path d=\"M8.0058 0.470245L15.0552 7.52907L8.00581 14.5879M15.0392 7.52907L0.939453 7.52907\" stroke=\"#2F261E\" stroke-width=\"1.4\"><\/path><\/g><defs><clipPath id=\"clip0_1742_7039\"><rect width=\"16\" height=\"16\" fill=\"white\"><\/rect><\/clipPath><\/defs><\/svg>\t\t<\/span>\n\t\t\t\t\t<span class=\"e-n-tab-title-text\">\n\t\t\t\tOs T\u00eaxteis v\u00e3o \u00e0 escola\t\t\t<\/span>\n\t\t<\/button>\n\t\t\t\t\t<\/div>\n\t\t\t<div class=\"e-n-tabs-content\">\n\t\t\t\t<div id=\"e-n-tab-content-2508581151\" role=\"tabpanel\" aria-labelledby=\"empreita-vai-a-escola\" data-tab-index=\"1\" style=\"--n-tabs-title-order: 1;\" class=\"e-active elementor-element elementor-element-bfa08c7 e-con-full e-flex e-con e-child\" data-id=\"bfa08c7\" data-element_type=\"container\" data-settings=\"{&quot;jet_parallax_layout_list&quot;:[]}\">\n\t\t\t\t<div class=\"elementor-element elementor-element-d8cc1b1 dng-c-rich-text-section elementor-widget elementor-widget-text-editor\" data-id=\"d8cc1b1\" data-element_type=\"widget\" data-widget_type=\"text-editor.default\">\n\t\t\t\t<div class=\"elementor-widget-container\">\n\t\t\t\t\t\t\t\t\t<h2>A Empreita vai \u00e0 Escola<\/h2><p>No ano letivo 2018\/19, no \u00e2mbito da Bienal Ib\u00e9rica do Patrim\u00f3nio, a C\u00e2mara Municipal de Loul\u00e9, atrav\u00e9s do Loul\u00e9 Criativo, deu in\u00edcio ao projeto &#8220;A Empreita vai \u00e0 Escola&#8221;, no qual as artes\u00e3s da Casa da Empreita v\u00e3o \u00e0s escolas do Concelho de Loul\u00e9 ensinar as crian\u00e7as do 3\u00ba e 4\u00ba ano do Ensino B\u00e1sico todo o processo da empreita de palma, desde a apanha da mat\u00e9ria-prima, o processo de prepara\u00e7\u00e3o da palma, at\u00e9 \u00e0 elabora\u00e7\u00e3o da tran\u00e7a de 5 ramais.<\/p>\t\t\t\t\t\t\t\t<\/div>\n\t\t\t\t<\/div>\n\t\t\t\t<div class=\"elementor-element elementor-element-a9cad72 elementor-widget elementor-widget-dng_original_slideshow\" data-id=\"a9cad72\" data-element_type=\"widget\" data-widget_type=\"dng_original_slideshow.default\">\n\t\t\t\t<div class=\"elementor-widget-container\">\n\t\t\t\t\t<div data-dng-c-slideshow class=\"dng-c-slideshow h-full\">\n      <div class=\"swiper h-full\">\n        <div class=\"swiper-wrapper h-full\">\n            <div class=\"swiper-slide h-full overflow-hidden w-auto aspect-[16\/8]\">\n      <img decoding=\"async\"  class=\"w-full !h-full object-cover object-center\" src=\"https:\/\/loulecriativo.pt\/wp-content\/uploads\/2025\/11\/DSC_0098-1920x1080.jpg\" alt=\"\">          <\/div>\n                  <div class=\"swiper-slide h-full overflow-hidden w-auto aspect-[16\/8]\">\n      <img decoding=\"async\"  class=\"w-full !h-full object-cover object-center\" src=\"https:\/\/loulecriativo.pt\/wp-content\/uploads\/2025\/05\/palacio-gama-lobo-1920x1080.webp\" alt=\"\">          <\/div>\n                  <\/div>\n                  <div class=\"swiper-pagination\"><\/div>\n                      <\/div>\n    <\/div>\n    \t\t\t\t<\/div>\n\t\t\t\t<\/div>\n\t\t\t\t<div class=\"elementor-element elementor-element-5df9148 dng-c-rich-text-section elementor-widget elementor-widget-text-editor\" data-id=\"5df9148\" data-element_type=\"widget\" data-widget_type=\"text-editor.default\">\n\t\t\t\t<div class=\"elementor-widget-container\">\n\t\t\t\t\t\t\t\t\t<p><strong>P\u00fablico Alvo<\/strong><br \/>Alunos das Escolas do Concelho de Loul\u00e9 (2\u00ba e 3\u00ba ciclo e Ensino Secund\u00e1rio)<\/p><p><strong>Conte\u00fados program\u00e1ticos<\/strong><\/p><ul><li>a profiss\u00e3o de luthier e as suas especificidades (o que \u00e9 um luthier, hist\u00f3ria e percurso profissional, o que faz e como trabalha);<\/li><li>os diferentes processos construtivos e de repara\u00e7\u00e3o dos instrumentos de corda;<br \/>a tecnologia e economia da madeira na constru\u00e7\u00e3o e repara\u00e7\u00e3o dos instrumentos;<\/li><li>a utiliza\u00e7\u00e3o de colas e vernizes naturais, bem como outros elementos que fazem parte do dia-a-dia da atividade;<br \/>a import\u00e2ncia da ac\u00fastica e do desenho t\u00e9cnico.<\/li><li><strong>Nota:<\/strong> A profundidade dos temas e conte\u00fados abordados ser\u00e1 adaptada de acordo com o p\u00fablico alvo de cada sess\u00e3o.<\/li><\/ul><div>\u00a0<\/div><p><strong>Contacte-nos<\/strong><\/p><p>Para mais informa\u00e7\u00f5es e\/ou inscri\u00e7\u00e3o envie-nos um email para loulecriativo@cm-loule.pt com indica\u00e7\u00e3o do nome, email, contacto telef\u00f3nico e breve descri\u00e7\u00e3o da atividade.<\/p>\t\t\t\t\t\t\t\t<\/div>\n\t\t\t\t<\/div>\n\t\t\t\t<\/div>\n\t\t<div id=\"e-n-tab-content-2508581152\" role=\"tabpanel\" aria-labelledby=\"luthier-vai-a-escola\" data-tab-index=\"2\" style=\"--n-tabs-title-order: 2;\" class=\" elementor-element elementor-element-5d73d44 e-con-full e-flex e-con e-child\" data-id=\"5d73d44\" data-element_type=\"container\" data-settings=\"{&quot;jet_parallax_layout_list&quot;:[]}\">\n\t\t\t\t<div class=\"elementor-element elementor-element-b971e33 dng-c-rich-text-section elementor-widget elementor-widget-text-editor\" data-id=\"b971e33\" data-element_type=\"widget\" data-widget_type=\"text-editor.default\">\n\t\t\t\t<div class=\"elementor-widget-container\">\n\t\t\t\t\t\t\t\t\t<h2>O Luthier vai \u00e0 Escola<\/h2><p>Portugal \u00e9 o pa\u00eds do mundo com o maior n\u00famero de cordofones tradicionais (instrumentos musicais de cordas). A riqueza, variedade e particularidade dos processos e t\u00e9cnicas de constru\u00e7\u00e3o por detr\u00e1s de cada um deles \u00e9 um patrim\u00f3nio que \u00e9 importante preservar e divulgar junto das camadas mais jovens da popula\u00e7\u00e3o, at\u00e9 porque muitos deles se encontram \u00e0 beira da extin\u00e7\u00e3o e s\u00e3o poucos os mestres luthiers que se dedicam \u00e0 profiss\u00e3o, mantendo vivo o m\u00e9todo tradicional de constru\u00e7\u00e3o e restauro.<br \/>Atendendo ao facto desta ser uma mat\u00e9ria que faz parte dos planos curriculares da disciplina de Educa\u00e7\u00e3o Musical e possuindo o Loul\u00e9 Criativo uma oficina e uma mestre luthier dedicados \u00e0 atividade de constru\u00e7\u00e3o de instrumentos musicais de cordas na cidade de Loul\u00e9, considera-se importante a cria\u00e7\u00e3o de uma parceria com as Escolas do Concelho de forma a desenvolver a\u00e7\u00f5es relacionadas com esta tem\u00e1tica.<\/p><p>Como resultado os alunos ficar\u00e3o a conhecer e a identificar os diferentes tipos de cordofones existentes, ao mesmo tempo que ser\u00e3o confrontados com o processo de constru\u00e7\u00e3o dos instrumentos, as ferramentas, materiais, t\u00e9cnicas utilizadas e com o percurso de vida do mestre luthier Manuel Amorim.<\/p>\t\t\t\t\t\t\t\t<\/div>\n\t\t\t\t<\/div>\n\t\t\t\t<div class=\"elementor-element elementor-element-3d78e65 elementor-widget elementor-widget-dng_original_slideshow\" data-id=\"3d78e65\" data-element_type=\"widget\" data-widget_type=\"dng_original_slideshow.default\">\n\t\t\t\t<div class=\"elementor-widget-container\">\n\t\t\t\t\t<div data-dng-c-slideshow class=\"dng-c-slideshow h-full\">\n      <div class=\"swiper h-full\">\n        <div class=\"swiper-wrapper h-full\">\n            <div class=\"swiper-slide h-full overflow-hidden w-auto aspect-[16\/8]\">\n      <img decoding=\"async\"  class=\"w-full !h-full object-cover object-center\" src=\"https:\/\/loulecriativo.pt\/wp-content\/uploads\/2025\/11\/DSC_2341-1920x1080.jpg\" alt=\"\">          <\/div>\n                  <div class=\"swiper-slide h-full overflow-hidden w-auto aspect-[16\/8]\">\n      <img decoding=\"async\"  class=\"w-full !h-full object-cover object-center\" src=\"https:\/\/loulecriativo.pt\/wp-content\/uploads\/2025\/05\/palacio-gama-lobo-1920x1080.webp\" alt=\"\">          <\/div>\n                  <\/div>\n                  <div class=\"swiper-pagination\"><\/div>\n                      <\/div>\n    <\/div>\n    \t\t\t\t<\/div>\n\t\t\t\t<\/div>\n\t\t\t\t<div class=\"elementor-element elementor-element-0cfdc06 dng-c-rich-text-section elementor-widget elementor-widget-text-editor\" data-id=\"0cfdc06\" data-element_type=\"widget\" data-widget_type=\"text-editor.default\">\n\t\t\t\t<div class=\"elementor-widget-container\">\n\t\t\t\t\t\t\t\t\t<p><strong>P\u00fablico Alvo<\/strong><br \/>Alunos das Escolas do Concelho de Loul\u00e9 (2\u00ba e 3\u00ba ciclo e Ensino Secund\u00e1rio)<\/p><p><strong>Conte\u00fados program\u00e1ticos<\/strong><\/p><ul><li>a profiss\u00e3o de luthier e as suas especificidades (o que \u00e9 um luthier, hist\u00f3ria e percurso profissional, o que faz e como trabalha);<\/li><li>os diferentes processos construtivos e de repara\u00e7\u00e3o dos instrumentos de corda;<br \/>a tecnologia e economia da madeira na constru\u00e7\u00e3o e repara\u00e7\u00e3o dos instrumentos;<\/li><li>a utiliza\u00e7\u00e3o de colas e vernizes naturais, bem como outros elementos que fazem parte do dia-a-dia da atividade;<br \/>a import\u00e2ncia da ac\u00fastica e do desenho t\u00e9cnico.<\/li><li><strong>Nota:<\/strong> A profundidade dos temas e conte\u00fados abordados ser\u00e1 adaptada de acordo com o p\u00fablico alvo de cada sess\u00e3o.<\/li><\/ul><div>\u00a0<\/div><p><strong>Contacte-nos<\/strong><\/p><p>Para mais informa\u00e7\u00f5es e\/ou inscri\u00e7\u00e3o envie-nos um email para loulecriativo@cm-loule.pt com indica\u00e7\u00e3o do nome, email, contacto telef\u00f3nico e breve descri\u00e7\u00e3o da atividade.<\/p>\t\t\t\t\t\t\t\t<\/div>\n\t\t\t\t<\/div>\n\t\t\t\t<\/div>\n\t\t<div id=\"e-n-tab-content-2508581153\" role=\"tabpanel\" aria-labelledby=\"e-n-tab-title-2508581153\" data-tab-index=\"3\" style=\"--n-tabs-title-order: 3;\" class=\" elementor-element elementor-element-ce849d1 e-con-full e-flex e-con e-child\" data-id=\"ce849d1\" data-element_type=\"container\" data-settings=\"{&quot;jet_parallax_layout_list&quot;:[]}\">\n\t\t\t\t<div class=\"elementor-element elementor-element-b76fbc2 dng-c-rich-text-section elementor-widget elementor-widget-text-editor\" data-id=\"b76fbc2\" data-element_type=\"widget\" data-widget_type=\"text-editor.default\">\n\t\t\t\t<div class=\"elementor-widget-container\">\n\t\t\t\t\t\t\t\t\t<h2>Os T\u00eaxteis v\u00e3o \u00e0 Escola<\/h2><p>\u00a0<\/p><p data-start=\"139\" data-end=\"756\">A iniciativa <strong><em data-start=\"152\" data-end=\"177\">Os T\u00eaxteis v\u00e3o \u00e0 Escola<\/em> <\/strong>nasce do compromisso do Loul\u00e9 Criativo em preservar e revitalizar o saber-fazer t\u00eaxtil que marcou a identidade do concelho. A tecelagem em Loul\u00e9, documentada no estudo \u201cInd\u00fastrias Tradicionais do Concelho de Loul\u00e9. Tecelagem\u201d de Fernanda Matos (1988), recorreu durante d\u00e9cadas ao algod\u00e3o, \u00e0 l\u00e3 e ao linho \u2013 fibras trabalhadas localmente por tecel\u00e3s que transformavam materiais naturais em tecidos r\u00fasticos e artesanais. Entre 1919 e 1936, v\u00e1rias f\u00e1bricas do concelho refor\u00e7aram esta din\u00e2mica, produzindo juta, linho e algod\u00e3o e projetando a tecelagem para al\u00e9m do uso dom\u00e9stico.<\/p><p data-start=\"758\" data-end=\"1086\">A Oficina dos T\u00eaxteis, integrada na rede do Loul\u00e9 Criativo, surge para dar continuidade a esta heran\u00e7a e responder ao desejo de artes\u00e3s e designers de regressar a t\u00e9cnicas tradicionais como a tecelagem. Aqui, transmite-se um patrim\u00f3nio vivo, assegurando que pr\u00e1ticas ancestrais n\u00e3o se perdem e permanecem relevantes no presente.<\/p><p data-start=\"1088\" data-end=\"1565\" data-is-last-node=\"\" data-is-only-node=\"\">Com este esp\u00edrito, <strong><em data-start=\"1107\" data-end=\"1132\">Os T\u00eaxteis v\u00e3o \u00e0 Escola<\/em><\/strong> aproxima a tradi\u00e7\u00e3o das novas gera\u00e7\u00f5es. Atrav\u00e9s de atividades pr\u00e1ticas, os alunos contactam com fibras naturais, reconhecem a import\u00e2ncia da l\u00e3 da ovelha churra algarvia e compreendem o valor da biodiversidade e dos recursos end\u00f3genos. \u00c9 um passo essencial na constru\u00e7\u00e3o de futuros guardi\u00f5es deste patrim\u00f3nio imaterial, lan\u00e7ando sementes para que as t\u00e9cnicas artesanais continuem a inspirar, criar e fazer parte da vida do concelho.<\/p><p>\u00a0<\/p>\t\t\t\t\t\t\t\t<\/div>\n\t\t\t\t<\/div>\n\t\t\t\t<div class=\"elementor-element elementor-element-4cc0f06 elementor-widget elementor-widget-dng_original_slideshow\" data-id=\"4cc0f06\" data-element_type=\"widget\" data-widget_type=\"dng_original_slideshow.default\">\n\t\t\t\t<div class=\"elementor-widget-container\">\n\t\t\t\t\t<div data-dng-c-slideshow class=\"dng-c-slideshow h-full\">\n      <div class=\"swiper h-full\">\n        <div class=\"swiper-wrapper h-full\">\n            <div class=\"swiper-slide h-full overflow-hidden w-auto aspect-[16\/8]\">\n      <img decoding=\"async\"  class=\"w-full !h-full object-cover object-center\" src=\"https:\/\/loulecriativo.pt\/wp-content\/uploads\/2025\/12\/DSC_9954-1920x1080.jpg\" alt=\"\">          <\/div>\n                  <div class=\"swiper-slide h-full overflow-hidden w-auto aspect-[16\/8]\">\n      <img decoding=\"async\"  class=\"w-full !h-full object-cover object-center\" src=\"https:\/\/loulecriativo.pt\/wp-content\/uploads\/2025\/06\/1937c9bfc1196097d12bee5f246d1798b3596d66-1920x1080.webp\" alt=\"\">          <\/div>\n                  <\/div>\n                  <div class=\"swiper-pagination\"><\/div>\n                      <\/div>\n    <\/div>\n    \t\t\t\t<\/div>\n\t\t\t\t<\/div>\n\t\t\t\t<div class=\"elementor-element elementor-element-c5d94c7 dng-c-rich-text-section elementor-widget elementor-widget-text-editor\" data-id=\"c5d94c7\" data-element_type=\"widget\" data-widget_type=\"text-editor.default\">\n\t\t\t\t<div class=\"elementor-widget-container\">\n\t\t\t\t\t\t\t\t\t<h3 data-start=\"85\" data-end=\"144\"><strong data-start=\"89\" data-end=\"144\">Conte\u00fados Program\u00e1ticos<\/strong><\/h3><p data-start=\"146\" data-end=\"179\"><strong data-start=\"146\" data-end=\"177\">1. Fibras t\u00eaxteis e origens<\/strong><\/p><ul data-start=\"180\" data-end=\"260\"><li data-start=\"180\" data-end=\"260\"><p data-start=\"182\" data-end=\"260\">Identifica\u00e7\u00e3o de diferentes t\u00eaxteis e reconhecimento da l\u00e3 como fibra natural.<\/p><\/li><\/ul><p data-start=\"262\" data-end=\"300\"><strong data-start=\"262\" data-end=\"298\">2. Patrim\u00f3nio e viv\u00eancias locais<\/strong><\/p><ul data-start=\"301\" data-end=\"380\"><li data-start=\"301\" data-end=\"380\"><p data-start=\"303\" data-end=\"380\">Partilha de experi\u00eancias familiares relacionadas com a l\u00e3 e tradi\u00e7\u00f5es locais.<\/p><\/li><\/ul><p data-start=\"382\" data-end=\"413\"><strong data-start=\"382\" data-end=\"411\">3. Ovelha Churra Algarvia<\/strong><\/p><ul data-start=\"414\" data-end=\"480\"><li data-start=\"414\" data-end=\"480\"><p data-start=\"416\" data-end=\"480\">Conhecimento da ra\u00e7a, import\u00e2ncia ecol\u00f3gica e valoriza\u00e7\u00e3o da l\u00e3.<\/p><\/li><\/ul><p data-start=\"482\" data-end=\"502\"><strong data-start=\"482\" data-end=\"500\">4. Ciclo da l\u00e3<\/strong><\/p><ul data-start=\"503\" data-end=\"632\"><li data-start=\"503\" data-end=\"589\"><p data-start=\"505\" data-end=\"589\">Compreens\u00e3o das etapas principais: tosquia, lavagem, carda\u00e7\u00e3o, fia\u00e7\u00e3o e tecelagem.<\/p><\/li><li data-start=\"590\" data-end=\"632\"><p data-start=\"592\" data-end=\"632\">Exemplifica\u00e7\u00e3o pr\u00e1tica de algumas fases.<\/p><\/li><\/ul><p data-start=\"634\" data-end=\"662\"><strong data-start=\"634\" data-end=\"660\">5. Atividades pr\u00e1ticas<\/strong><\/p><ul data-start=\"663\" data-end=\"762\"><li data-start=\"663\" data-end=\"762\"><p data-start=\"665\" data-end=\"762\">Exerc\u00edcios com l\u00e3 (carda\u00e7\u00e3o, pequenos teares, experi\u00eancias simples) para consolidar os conte\u00fados.<\/p><\/li><\/ul><hr data-start=\"764\" data-end=\"767\" \/><p data-start=\"891\" data-end=\"1136\">\u00a0<\/p><p><strong>P\u00fablico Alvo<\/strong><br \/>Alunos das Escolas do Concelho de Loul\u00e9 (1\u00ba ciclo do ensino b\u00e1sico)<\/p><p><strong>Contacte-nos<\/strong><\/p><p>Para mais informa\u00e7\u00f5es e\/ou inscri\u00e7\u00e3o envie-nos um email para loulecriativo@cm-loule.pt, com indica\u00e7\u00e3o do nome da escola, ano, n\u00ba\u00a0 de alunos e professo\/a respons\u00e1vel.<\/p>\t\t\t\t\t\t\t\t<\/div>\n\t\t\t\t<\/div>\n\t\t\t\t<\/div>\n\t\t\t\t\t<\/div>\n\t\t<\/div>\n\t\t\t\t\t\t<\/div>\n\t\t\t\t<\/div>\n\t\t\t\t\t<\/div>\n\t\t\t\t<\/div>\n\t\t\t\t<\/div>\n\t\t","protected":false},"excerpt":{"rendered":"<p>Home Os Of\u00edcios V\u00e3o \u00e0 Escola Os Of\u00edcios v\u00e3o \u00e0 Escola Atendendo \u00e0 import\u00e2ncia de divulgar, dinamizar e promover a passagem de conhecimento na \u00e1rea das artes e of\u00edcios \u00e0s gera\u00e7\u00f5es mais jovens, o Loul\u00e9 Criativo pretende diversificar o seu papel junto das escolas do Concelho, promovendo a\u00e7\u00f5es que permitam o encontro geracional entre os [&hellip;]<\/p>\n","protected":false},"author":2,"featured_media":12054,"parent":0,"menu_order":0,"comment_status":"closed","ping_status":"closed","template":"","meta":{"_acf_changed":false,"footnotes":""},"class_list":["post-1114","page","type-page","status-publish","has-post-thumbnail","hentry"],"acf":[],"yoast_head":"<!-- This site is optimized with the Yoast SEO Premium plugin v25.9 (Yoast SEO v26.5) - https:\/\/yoast.com\/wordpress\/plugins\/seo\/ -->\n<title>Of\u00edcios v\u00e3o \u00e0 Escola | Aprende os oficios de Loul\u00e9<\/title>\n<meta name=\"description\" content=\"Os oficios chegam \u00e0s escolas para aproximar os alunos das tradi\u00e7\u00f5es locais com atividades pr\u00e1ticas e criativas em Loul\u00e9.\" \/>\n<meta name=\"robots\" content=\"index, follow, max-snippet:-1, max-image-preview:large, max-video-preview:-1\" \/>\n<link rel=\"canonical\" href=\"https:\/\/loulecriativo.pt\/pt\/os-oficios-vao-a-escola\/\" \/>\n<meta property=\"og:locale\" content=\"pt_PT\" \/>\n<meta property=\"og:type\" content=\"article\" \/>\n<meta property=\"og:title\" content=\"Os Of\u00edcios V\u00e3o \u00e0 Escola\" \/>\n<meta property=\"og:description\" content=\"Os oficios chegam \u00e0s escolas para aproximar os alunos das tradi\u00e7\u00f5es locais com atividades pr\u00e1ticas e criativas em Loul\u00e9.\" \/>\n<meta property=\"og:url\" content=\"https:\/\/loulecriativo.pt\/pt\/os-oficios-vao-a-escola\/\" \/>\n<meta property=\"og:site_name\" content=\"Loul\u00e9 Criativo\" \/>\n<meta property=\"article:modified_time\" content=\"2025-12-02T11:01:30+00:00\" \/>\n<meta property=\"og:image\" content=\"https:\/\/loulecriativo.pt\/wp-content\/uploads\/2025\/11\/DSC_0230-scaled.jpg\" \/>\n\t<meta property=\"og:image:width\" content=\"2560\" \/>\n\t<meta property=\"og:image:height\" content=\"1707\" \/>\n\t<meta property=\"og:image:type\" content=\"image\/jpeg\" \/>\n<meta name=\"twitter:card\" content=\"summary_large_image\" \/>\n<meta name=\"twitter:label1\" content=\"Est. reading time\" \/>\n\t<meta name=\"twitter:data1\" content=\"13 minutes\" \/>\n<script type=\"application\/ld+json\" class=\"yoast-schema-graph\">{\"@context\":\"https:\/\/schema.org\",\"@graph\":[{\"@type\":\"WebPage\",\"@id\":\"https:\/\/loulecriativo.pt\/pt\/os-oficios-vao-a-escola\/\",\"url\":\"https:\/\/loulecriativo.pt\/pt\/os-oficios-vao-a-escola\/\",\"name\":\"Of\u00edcios v\u00e3o \u00e0 Escola | Aprende os oficios de Loul\u00e9\",\"isPartOf\":{\"@id\":\"https:\/\/loulecriativo.pt\/pt\/#website\"},\"primaryImageOfPage\":{\"@id\":\"https:\/\/loulecriativo.pt\/pt\/os-oficios-vao-a-escola\/#primaryimage\"},\"image\":{\"@id\":\"https:\/\/loulecriativo.pt\/pt\/os-oficios-vao-a-escola\/#primaryimage\"},\"thumbnailUrl\":\"https:\/\/loulecriativo.pt\/wp-content\/uploads\/2025\/11\/DSC_0230-scaled.jpg\",\"datePublished\":\"2025-05-13T18:20:31+00:00\",\"dateModified\":\"2025-12-02T11:01:30+00:00\",\"description\":\"Os oficios chegam \u00e0s escolas para aproximar os alunos das tradi\u00e7\u00f5es locais com atividades pr\u00e1ticas e criativas em Loul\u00e9.\",\"breadcrumb\":{\"@id\":\"https:\/\/loulecriativo.pt\/pt\/os-oficios-vao-a-escola\/#breadcrumb\"},\"inLanguage\":\"pt\",\"potentialAction\":[{\"@type\":\"ReadAction\",\"target\":[\"https:\/\/loulecriativo.pt\/pt\/os-oficios-vao-a-escola\/\"]}]},{\"@type\":\"ImageObject\",\"inLanguage\":\"pt\",\"@id\":\"https:\/\/loulecriativo.pt\/pt\/os-oficios-vao-a-escola\/#primaryimage\",\"url\":\"https:\/\/loulecriativo.pt\/wp-content\/uploads\/2025\/11\/DSC_0230-scaled.jpg\",\"contentUrl\":\"https:\/\/loulecriativo.pt\/wp-content\/uploads\/2025\/11\/DSC_0230-scaled.jpg\",\"width\":2560,\"height\":1707},{\"@type\":\"BreadcrumbList\",\"@id\":\"https:\/\/loulecriativo.pt\/pt\/os-oficios-vao-a-escola\/#breadcrumb\",\"itemListElement\":[{\"@type\":\"ListItem\",\"position\":1,\"name\":\"Home\",\"item\":\"https:\/\/loulecriativo.pt\/pt\/\"},{\"@type\":\"ListItem\",\"position\":2,\"name\":\"Os Of\u00edcios V\u00e3o \u00e0 Escola\"}]},{\"@type\":\"WebSite\",\"@id\":\"https:\/\/loulecriativo.pt\/pt\/#website\",\"url\":\"https:\/\/loulecriativo.pt\/pt\/\",\"name\":\"Loul\u00e9 Criativo\",\"description\":\"\",\"potentialAction\":[{\"@type\":\"SearchAction\",\"target\":{\"@type\":\"EntryPoint\",\"urlTemplate\":\"https:\/\/loulecriativo.pt\/pt\/?s={search_term_string}\"},\"query-input\":{\"@type\":\"PropertyValueSpecification\",\"valueRequired\":true,\"valueName\":\"search_term_string\"}}],\"inLanguage\":\"pt\"}]}<\/script>\n<!-- \/ Yoast SEO Premium plugin. -->","yoast_head_json":{"title":"Of\u00edcios v\u00e3o \u00e0 Escola | Aprende os oficios de Loul\u00e9","description":"Os oficios chegam \u00e0s escolas para aproximar os alunos das tradi\u00e7\u00f5es locais com atividades pr\u00e1ticas e criativas em Loul\u00e9.","robots":{"index":"index","follow":"follow","max-snippet":"max-snippet:-1","max-image-preview":"max-image-preview:large","max-video-preview":"max-video-preview:-1"},"canonical":"https:\/\/loulecriativo.pt\/pt\/os-oficios-vao-a-escola\/","og_locale":"pt_PT","og_type":"article","og_title":"Os Of\u00edcios V\u00e3o \u00e0 Escola","og_description":"Os oficios chegam \u00e0s escolas para aproximar os alunos das tradi\u00e7\u00f5es locais com atividades pr\u00e1ticas e criativas em Loul\u00e9.","og_url":"https:\/\/loulecriativo.pt\/pt\/os-oficios-vao-a-escola\/","og_site_name":"Loul\u00e9 Criativo","article_modified_time":"2025-12-02T11:01:30+00:00","og_image":[{"width":2560,"height":1707,"url":"https:\/\/loulecriativo.pt\/wp-content\/uploads\/2025\/11\/DSC_0230-scaled.jpg","type":"image\/jpeg"}],"twitter_card":"summary_large_image","twitter_misc":{"Est. reading time":"13 minutes"},"schema":{"@context":"https:\/\/schema.org","@graph":[{"@type":"WebPage","@id":"https:\/\/loulecriativo.pt\/pt\/os-oficios-vao-a-escola\/","url":"https:\/\/loulecriativo.pt\/pt\/os-oficios-vao-a-escola\/","name":"Of\u00edcios v\u00e3o \u00e0 Escola | Aprende os oficios de Loul\u00e9","isPartOf":{"@id":"https:\/\/loulecriativo.pt\/pt\/#website"},"primaryImageOfPage":{"@id":"https:\/\/loulecriativo.pt\/pt\/os-oficios-vao-a-escola\/#primaryimage"},"image":{"@id":"https:\/\/loulecriativo.pt\/pt\/os-oficios-vao-a-escola\/#primaryimage"},"thumbnailUrl":"https:\/\/loulecriativo.pt\/wp-content\/uploads\/2025\/11\/DSC_0230-scaled.jpg","datePublished":"2025-05-13T18:20:31+00:00","dateModified":"2025-12-02T11:01:30+00:00","description":"Os oficios chegam \u00e0s escolas para aproximar os alunos das tradi\u00e7\u00f5es locais com atividades pr\u00e1ticas e criativas em Loul\u00e9.","breadcrumb":{"@id":"https:\/\/loulecriativo.pt\/pt\/os-oficios-vao-a-escola\/#breadcrumb"},"inLanguage":"pt","potentialAction":[{"@type":"ReadAction","target":["https:\/\/loulecriativo.pt\/pt\/os-oficios-vao-a-escola\/"]}]},{"@type":"ImageObject","inLanguage":"pt","@id":"https:\/\/loulecriativo.pt\/pt\/os-oficios-vao-a-escola\/#primaryimage","url":"https:\/\/loulecriativo.pt\/wp-content\/uploads\/2025\/11\/DSC_0230-scaled.jpg","contentUrl":"https:\/\/loulecriativo.pt\/wp-content\/uploads\/2025\/11\/DSC_0230-scaled.jpg","width":2560,"height":1707},{"@type":"BreadcrumbList","@id":"https:\/\/loulecriativo.pt\/pt\/os-oficios-vao-a-escola\/#breadcrumb","itemListElement":[{"@type":"ListItem","position":1,"name":"Home","item":"https:\/\/loulecriativo.pt\/pt\/"},{"@type":"ListItem","position":2,"name":"Os Of\u00edcios V\u00e3o \u00e0 Escola"}]},{"@type":"WebSite","@id":"https:\/\/loulecriativo.pt\/pt\/#website","url":"https:\/\/loulecriativo.pt\/pt\/","name":"Loul\u00e9 Criativo","description":"","potentialAction":[{"@type":"SearchAction","target":{"@type":"EntryPoint","urlTemplate":"https:\/\/loulecriativo.pt\/pt\/?s={search_term_string}"},"query-input":{"@type":"PropertyValueSpecification","valueRequired":true,"valueName":"search_term_string"}}],"inLanguage":"pt"}]}},"_links":{"self":[{"href":"https:\/\/loulecriativo.pt\/pt\/wp-json\/wp\/v2\/pages\/1114","targetHints":{"allow":["GET"]}}],"collection":[{"href":"https:\/\/loulecriativo.pt\/pt\/wp-json\/wp\/v2\/pages"}],"about":[{"href":"https:\/\/loulecriativo.pt\/pt\/wp-json\/wp\/v2\/types\/page"}],"author":[{"embeddable":true,"href":"https:\/\/loulecriativo.pt\/pt\/wp-json\/wp\/v2\/users\/2"}],"replies":[{"embeddable":true,"href":"https:\/\/loulecriativo.pt\/pt\/wp-json\/wp\/v2\/comments?post=1114"}],"version-history":[{"count":87,"href":"https:\/\/loulecriativo.pt\/pt\/wp-json\/wp\/v2\/pages\/1114\/revisions"}],"predecessor-version":[{"id":13967,"href":"https:\/\/loulecriativo.pt\/pt\/wp-json\/wp\/v2\/pages\/1114\/revisions\/13967"}],"wp:featuredmedia":[{"embeddable":true,"href":"https:\/\/loulecriativo.pt\/pt\/wp-json\/wp\/v2\/media\/12054"}],"wp:attachment":[{"href":"https:\/\/loulecriativo.pt\/pt\/wp-json\/wp\/v2\/media?parent=1114"}],"curies":[{"name":"wp","href":"https:\/\/api.w.org\/{rel}","templated":true}]}}