{"id":14027,"date":"2025-12-02T16:51:46","date_gmt":"2025-12-02T16:51:46","guid":{"rendered":"https:\/\/loulecriativo.pt\/?page_id=14027"},"modified":"2025-12-02T21:47:11","modified_gmt":"2025-12-02T21:47:11","slug":"presepio-em-empreita","status":"publish","type":"page","link":"https:\/\/loulecriativo.pt\/pt\/projects\/presepio-em-empreita\/","title":{"rendered":"Pres\u00e9pio em Empreita"},"content":{"rendered":"\t\t<div data-elementor-type=\"wp-page\" data-elementor-id=\"14027\" class=\"elementor elementor-14027\" data-elementor-post-type=\"page\">\n\t\t\t\t<div class=\"elementor-element elementor-element-ab4aab3 e-con-full e-flex e-con e-parent\" data-id=\"ab4aab3\" data-element_type=\"container\" data-settings=\"{&quot;jet_parallax_layout_list&quot;:[]}\">\n\t\t\t\t<div class=\"elementor-element elementor-element-ed78b83 elementor-widget elementor-widget-dng_square_space\" data-id=\"ed78b83\" data-element_type=\"widget\" data-widget_type=\"dng_square_space.default\">\n\t\t\t\t<div class=\"elementor-widget-container\">\n\t\t\t\t\t    <div \n      data-dng-c-square-space\n      class=\"dng-c-square-space bg-theme sm:h-[calc(100svh-var(--dng-header-height))] flex flex-col sm:flex-row \">\n        <div class=\"w-full sm:h-[calc(100svh-var(--dng-header-height))] sm:w-[50vw] p-sm sm:p-[18px_72px_72px] relative bg-theme text-theme-text flex flex-col gap-sm sm:gap-lg content\" data-content>\n          <div data-content-item class=\"content-item\">\n          <div data-dng-c-breadcrumbs class=\"dng-c-breadcrumbs flex items-center justify-start gap-xxs\">\n      \n        <a\n     class=\"whitespace-nowrap overflow-ellipsis overflow-hidden text-body-2 item !text-inherit text-[var(--dng-text-color), var(--wp--preset--color--brown))]\" \n      href=\"https:\/\/loulecriativo.pt\/pt\/\" \n        >\n    Home\n<\/a>\n        <svg class=\"separator\" width=\"6\" height=\"10\" viewBox=\"0 0 6 10\" fill=\"none\" xmlns=\"http:\/\/www.w3.org\/2000\/svg\">\n          <path d=\"M6.00005 5L1.00005 10L0.300049 9.3L4.60005 5L0.300049 0.7L1.00005 0L6.00005 5Z\" fill=\"var(--dng-text-color, var(--wp--preset--color--brown))\"\/>\n        <\/svg>\n        <a\n     class=\"whitespace-nowrap overflow-ellipsis overflow-hidden text-body-2 item !text-inherit text-[var(--dng-text-color), var(--wp--preset--color--brown))]\" \n      href=\"https:\/\/loulecriativo.pt\/pt\/projects\/\" \n        >\n    Projetos\n<\/a>\n        <svg class=\"separator\" width=\"6\" height=\"10\" viewBox=\"0 0 6 10\" fill=\"none\" xmlns=\"http:\/\/www.w3.org\/2000\/svg\">\n          <path d=\"M6.00005 5L1.00005 10L0.300049 9.3L4.60005 5L0.300049 0.7L1.00005 0L6.00005 5Z\" fill=\"var(--dng-text-color, var(--wp--preset--color--brown))\"\/>\n        <\/svg>\n          <div class=\"current-page text-body-2 whitespace-nowrap overflow-ellipsis overflow-hidden\">\n      Pres\u00e9pio em Empreita    <\/div>\n          <\/div>\n          <\/div>\n            <h1 class=\"!text-t2 sm:!text-t1 !text-inherit content-item hyphens-auto break-words !whitespace-normal\" data-content-item>Pres\u00e9pio em Empreita<\/h1>\n      <div data-content-item class=\"!text-body-1 !text-inherit sm:mt-auto content-item\">\n    <p>Criado em 2019 pela Casa da Empreita, sob orienta\u00e7\u00e3o da mestra artes\u00e3 S\u00f3nia Mendez, o pres\u00e9pio <strong data-start=\"121\" data-end=\"139\">\u201cO Nascimento\u201d<\/strong> re\u00fane 15 artes\u00e3os na execu\u00e7\u00e3o de uma pe\u00e7a inteiramente feita em palma, que integra v\u00e1rias t\u00e9cnicas tradicionais e celebra o saber-fazer artesanal do concelho de Loul\u00e9.<\/p>      <\/div>\n    <\/div>\n        <div class=\"w-full md:w-[50vw]\">\n    <img decoding=\"async\"  class=\"object-cover object-center w-full !h-full hidden md:block\" src=\"https:\/\/loulecriativo.pt\/wp-content\/uploads\/2025\/12\/PresepioEmpreitaPGL.png\" alt=\"\">    \n    <\/div>\n    \n     \n    \t\t\t\t<\/div>\n\t\t\t\t<\/div>\n\t\t\t\t<\/div>\n\t\t<div class=\"elementor-element elementor-element-bf1c5eb e-flex e-con-boxed e-con e-parent\" data-id=\"bf1c5eb\" data-element_type=\"container\" data-settings=\"{&quot;jet_parallax_layout_list&quot;:[],&quot;background_background&quot;:&quot;classic&quot;}\">\n\t\t\t\t\t<div class=\"e-con-inner\">\n\t\t\t\t<div class=\"elementor-element elementor-element-ab79aae elementor-widget elementor-widget-text-editor\" data-id=\"ab79aae\" data-element_type=\"widget\" data-widget_type=\"text-editor.default\">\n\t\t\t\t<div class=\"elementor-widget-container\">\n\t\t\t\t\t\t\t\t\t<p>Pres\u00e9pio em Palma<\/p><p>\u201cO Nascimento\u201d (2019)<\/p>\t\t\t\t\t\t\t\t<\/div>\n\t\t\t\t<\/div>\n\t\t\t\t<div class=\"elementor-element elementor-element-a70e4a8 elementor-widget elementor-widget-text-editor\" data-id=\"a70e4a8\" data-element_type=\"widget\" data-widget_type=\"text-editor.default\">\n\t\t\t\t<div class=\"elementor-widget-container\">\n\t\t\t\t\t\t\t\t\t<p data-start=\"252\" data-end=\"685\">Resultado de um desafio lan\u00e7ado pela C\u00e2mara Municipal de Loul\u00e9 \u00e0 <strong data-start=\"317\" data-end=\"337\">Casa da Empreita<\/strong>, o pres\u00e9pio <strong data-start=\"350\" data-end=\"368\">\u201cO Nascimento\u201d<\/strong> foi criado em 2019 e constitui uma das mais significativas pe\u00e7as coletivas dedicadas \u00e0 preserva\u00e7\u00e3o e valoriza\u00e7\u00e3o das artes tradicionais do concelho. Totalmente elaborado em <strong data-start=\"542\" data-end=\"572\">palma branca e palma verde<\/strong>, este pres\u00e9pio \u00e9 uma celebra\u00e7\u00e3o da identidade artesanal algarvia e das compet\u00eancias transmitidas entre gera\u00e7\u00f5es.<\/p><p data-start=\"687\" data-end=\"1106\">Sob a orienta\u00e7\u00e3o de <strong data-start=\"707\" data-end=\"723\">S\u00f3nia Mendez<\/strong>, um grupo de <strong data-start=\"737\" data-end=\"752\">15 artes\u00e3os<\/strong> dedicou cerca de <strong data-start=\"770\" data-end=\"795\">580 horas de trabalho<\/strong> \u00e0 cria\u00e7\u00e3o de mais de <strong data-start=\"817\" data-end=\"862\">255 metros de empreita, malha e baracinha<\/strong>, integrando praticamente <strong data-start=\"888\" data-end=\"943\">todas as t\u00e9cnicas tradicionais de trabalhar a palma<\/strong>. O resultado \u00e9 uma obra minuciosa, que transforma fibras naturais em personagens e cen\u00e1rios que evocam o imagin\u00e1rio do Natal atrav\u00e9s da delicadeza da arte manual.<\/p><p data-start=\"1108\" data-end=\"1325\">Mais do que um objeto decorativo, este pres\u00e9pio constitui um s\u00edmbolo da vitalidade das artes e of\u00edcios de Loul\u00e9, destacando o papel fundamental da comunidade artesanal na conserva\u00e7\u00e3o do patrim\u00f3nio imaterial da regi\u00e3o.<\/p><p data-start=\"1327\" data-end=\"1366\"><strong data-start=\"1327\" data-end=\"1351\">Conce\u00e7\u00e3o e Montagem:<\/strong><br data-start=\"1351\" data-end=\"1354\" \/>S\u00f3nia Mendez<\/p><p data-start=\"1368\" data-end=\"1662\"><strong data-start=\"1368\" data-end=\"1384\">Colabora\u00e7\u00e3o:<\/strong><br data-start=\"1384\" data-end=\"1387\" \/>Almerinda Miguel \u00b7 Alzira Neves \u00b7 Centro Social e Comunit\u00e1rio de Vale Silves \u00b7<br data-start=\"1465\" data-end=\"1468\" \/>Cremilde Louren\u00e7o \u00b7 Duartina Mendes \u00b7 In\u00e1cia Coelho \u00b7 Isabel Fernandes \u00b7 Jorge Ferreira \u00b7<br data-start=\"1557\" data-end=\"1560\" \/>Lurdes Costa \u00b7 Margarida Cortez \u00b7 Maria Alberto Martins \u00b7 Odete Dias \u00b7<br data-start=\"1630\" data-end=\"1633\" \/>Odete Rocha \u00b7 Valentina Silva<\/p>\t\t\t\t\t\t\t\t<\/div>\n\t\t\t\t<\/div>\n\t\t\t\t\t<\/div>\n\t\t\t\t<\/div>\n\t\t<div class=\"elementor-element elementor-element-840c28e e-flex e-con-boxed e-con e-parent\" data-id=\"840c28e\" data-element_type=\"container\" data-settings=\"{&quot;jet_parallax_layout_list&quot;:[],&quot;background_background&quot;:&quot;classic&quot;}\">\n\t\t\t\t\t<div class=\"e-con-inner\">\n\t\t\t\t<div class=\"elementor-element elementor-element-f33be77 elementor-widget elementor-widget-dng_original_slideshow\" data-id=\"f33be77\" data-element_type=\"widget\" data-widget_type=\"dng_original_slideshow.default\">\n\t\t\t\t<div class=\"elementor-widget-container\">\n\t\t\t\t\t<div data-dng-c-slideshow class=\"dng-c-slideshow h-full\">\n      <div class=\"swiper h-full\">\n        <div class=\"swiper-wrapper h-full\">\n            <div class=\"swiper-slide h-full overflow-hidden w-auto aspect-[16\/8]\">\n      <img decoding=\"async\"  class=\"w-full !h-full object-cover object-center\" src=\"https:\/\/loulecriativo.pt\/wp-content\/uploads\/2025\/12\/image15760658785458.jpg\" alt=\"\">          <\/div>\n                  <\/div>\n                  <div class=\"swiper-pagination\"><\/div>\n                      <\/div>\n    <\/div>\n    \t\t\t\t<\/div>\n\t\t\t\t<\/div>\n\t\t\t\t\t<\/div>\n\t\t\t\t<\/div>\n\t\t\t\t<\/div>\n\t\t","protected":false},"excerpt":{"rendered":"<p>Home Projetos Pres\u00e9pio em Empreita Pres\u00e9pio em Empreita Criado em 2019 pela Casa da Empreita, sob orienta\u00e7\u00e3o da mestra artes\u00e3 S\u00f3nia Mendez, o pres\u00e9pio \u201cO Nascimento\u201d re\u00fane 15 artes\u00e3os na execu\u00e7\u00e3o de uma pe\u00e7a inteiramente feita em palma, que integra v\u00e1rias t\u00e9cnicas tradicionais e celebra o saber-fazer artesanal do concelho de Loul\u00e9. Pres\u00e9pio em Palma [&hellip;]<\/p>\n","protected":false},"author":10,"featured_media":14162,"parent":76,"menu_order":0,"comment_status":"closed","ping_status":"closed","template":"","meta":{"_acf_changed":false,"footnotes":""},"class_list":["post-14027","page","type-page","status-publish","has-post-thumbnail","hentry"],"acf":[],"yoast_head":"<!-- This site is optimized with the Yoast SEO Premium plugin v25.9 (Yoast SEO v26.5) - https:\/\/yoast.com\/wordpress\/plugins\/seo\/ -->\n<title>Infinity | Projeto Sustent\u00e1vel criado em rede em Loul\u00e9<\/title>\n<meta name=\"description\" content=\"Infinity \u00e9 um projeto de projeto sustent\u00e1vel que nasce da colabora\u00e7\u00e3o entre criadores, oficinas e investiga\u00e7\u00e3o em Loul\u00e9.\" \/>\n<meta name=\"robots\" content=\"index, follow, max-snippet:-1, max-image-preview:large, max-video-preview:-1\" \/>\n<link rel=\"canonical\" href=\"https:\/\/loulecriativo.pt\/pt\/projects\/presepio-em-empreita\/\" \/>\n<meta property=\"og:locale\" content=\"pt_PT\" \/>\n<meta property=\"og:type\" content=\"article\" \/>\n<meta property=\"og:title\" content=\"Pres\u00e9pio em Empreita\" \/>\n<meta property=\"og:description\" content=\"Infinity \u00e9 um projeto de projeto sustent\u00e1vel que nasce da colabora\u00e7\u00e3o entre criadores, oficinas e investiga\u00e7\u00e3o em Loul\u00e9.\" \/>\n<meta property=\"og:url\" content=\"https:\/\/loulecriativo.pt\/pt\/projects\/presepio-em-empreita\/\" \/>\n<meta property=\"og:site_name\" content=\"Loul\u00e9 Criativo\" \/>\n<meta property=\"article:modified_time\" content=\"2025-12-02T21:47:11+00:00\" \/>\n<meta property=\"og:image\" content=\"https:\/\/loulecriativo.pt\/wp-content\/uploads\/2025\/12\/PresepioEmpreitaPGL.png\" \/>\n\t<meta property=\"og:image:width\" content=\"592\" \/>\n\t<meta property=\"og:image:height\" content=\"600\" \/>\n\t<meta property=\"og:image:type\" content=\"image\/png\" \/>\n<meta name=\"twitter:card\" content=\"summary_large_image\" \/>\n<meta name=\"twitter:label1\" content=\"Est. reading time\" \/>\n\t<meta name=\"twitter:data1\" content=\"3 minutes\" \/>\n<script type=\"application\/ld+json\" class=\"yoast-schema-graph\">{\"@context\":\"https:\/\/schema.org\",\"@graph\":[{\"@type\":\"WebPage\",\"@id\":\"https:\/\/loulecriativo.pt\/pt\/projects\/presepio-em-empreita\/\",\"url\":\"https:\/\/loulecriativo.pt\/pt\/projects\/presepio-em-empreita\/\",\"name\":\"Infinity | Projeto Sustent\u00e1vel criado em rede em Loul\u00e9\",\"isPartOf\":{\"@id\":\"https:\/\/loulecriativo.pt\/pt\/#website\"},\"primaryImageOfPage\":{\"@id\":\"https:\/\/loulecriativo.pt\/pt\/projects\/presepio-em-empreita\/#primaryimage\"},\"image\":{\"@id\":\"https:\/\/loulecriativo.pt\/pt\/projects\/presepio-em-empreita\/#primaryimage\"},\"thumbnailUrl\":\"https:\/\/loulecriativo.pt\/wp-content\/uploads\/2025\/12\/PresepioEmpreitaPGL.png\",\"datePublished\":\"2025-12-02T16:51:46+00:00\",\"dateModified\":\"2025-12-02T21:47:11+00:00\",\"description\":\"Infinity \u00e9 um projeto de projeto sustent\u00e1vel que nasce da colabora\u00e7\u00e3o entre criadores, oficinas e investiga\u00e7\u00e3o em Loul\u00e9.\",\"breadcrumb\":{\"@id\":\"https:\/\/loulecriativo.pt\/pt\/projects\/presepio-em-empreita\/#breadcrumb\"},\"inLanguage\":\"pt\",\"potentialAction\":[{\"@type\":\"ReadAction\",\"target\":[\"https:\/\/loulecriativo.pt\/pt\/projects\/presepio-em-empreita\/\"]}]},{\"@type\":\"ImageObject\",\"inLanguage\":\"pt\",\"@id\":\"https:\/\/loulecriativo.pt\/pt\/projects\/presepio-em-empreita\/#primaryimage\",\"url\":\"https:\/\/loulecriativo.pt\/wp-content\/uploads\/2025\/12\/PresepioEmpreitaPGL.png\",\"contentUrl\":\"https:\/\/loulecriativo.pt\/wp-content\/uploads\/2025\/12\/PresepioEmpreitaPGL.png\",\"width\":592,\"height\":600},{\"@type\":\"BreadcrumbList\",\"@id\":\"https:\/\/loulecriativo.pt\/pt\/projects\/presepio-em-empreita\/#breadcrumb\",\"itemListElement\":[{\"@type\":\"ListItem\",\"position\":1,\"name\":\"Home\",\"item\":\"https:\/\/loulecriativo.pt\/pt\/\"},{\"@type\":\"ListItem\",\"position\":2,\"name\":\"Projetos\",\"item\":\"https:\/\/loulecriativo.pt\/pt\/projects\/\"},{\"@type\":\"ListItem\",\"position\":3,\"name\":\"Pres\u00e9pio em Empreita\"}]},{\"@type\":\"WebSite\",\"@id\":\"https:\/\/loulecriativo.pt\/pt\/#website\",\"url\":\"https:\/\/loulecriativo.pt\/pt\/\",\"name\":\"Loul\u00e9 Criativo\",\"description\":\"\",\"potentialAction\":[{\"@type\":\"SearchAction\",\"target\":{\"@type\":\"EntryPoint\",\"urlTemplate\":\"https:\/\/loulecriativo.pt\/pt\/?s={search_term_string}\"},\"query-input\":{\"@type\":\"PropertyValueSpecification\",\"valueRequired\":true,\"valueName\":\"search_term_string\"}}],\"inLanguage\":\"pt\"}]}<\/script>\n<!-- \/ Yoast SEO Premium plugin. -->","yoast_head_json":{"title":"Infinity | Projeto Sustent\u00e1vel criado em rede em Loul\u00e9","description":"Infinity \u00e9 um projeto de projeto sustent\u00e1vel que nasce da colabora\u00e7\u00e3o entre criadores, oficinas e investiga\u00e7\u00e3o em Loul\u00e9.","robots":{"index":"index","follow":"follow","max-snippet":"max-snippet:-1","max-image-preview":"max-image-preview:large","max-video-preview":"max-video-preview:-1"},"canonical":"https:\/\/loulecriativo.pt\/pt\/projects\/presepio-em-empreita\/","og_locale":"pt_PT","og_type":"article","og_title":"Pres\u00e9pio em Empreita","og_description":"Infinity \u00e9 um projeto de projeto sustent\u00e1vel que nasce da colabora\u00e7\u00e3o entre criadores, oficinas e investiga\u00e7\u00e3o em Loul\u00e9.","og_url":"https:\/\/loulecriativo.pt\/pt\/projects\/presepio-em-empreita\/","og_site_name":"Loul\u00e9 Criativo","article_modified_time":"2025-12-02T21:47:11+00:00","og_image":[{"width":592,"height":600,"url":"https:\/\/loulecriativo.pt\/wp-content\/uploads\/2025\/12\/PresepioEmpreitaPGL.png","type":"image\/png"}],"twitter_card":"summary_large_image","twitter_misc":{"Est. reading time":"3 minutes"},"schema":{"@context":"https:\/\/schema.org","@graph":[{"@type":"WebPage","@id":"https:\/\/loulecriativo.pt\/pt\/projects\/presepio-em-empreita\/","url":"https:\/\/loulecriativo.pt\/pt\/projects\/presepio-em-empreita\/","name":"Infinity | Projeto Sustent\u00e1vel criado em rede em Loul\u00e9","isPartOf":{"@id":"https:\/\/loulecriativo.pt\/pt\/#website"},"primaryImageOfPage":{"@id":"https:\/\/loulecriativo.pt\/pt\/projects\/presepio-em-empreita\/#primaryimage"},"image":{"@id":"https:\/\/loulecriativo.pt\/pt\/projects\/presepio-em-empreita\/#primaryimage"},"thumbnailUrl":"https:\/\/loulecriativo.pt\/wp-content\/uploads\/2025\/12\/PresepioEmpreitaPGL.png","datePublished":"2025-12-02T16:51:46+00:00","dateModified":"2025-12-02T21:47:11+00:00","description":"Infinity \u00e9 um projeto de projeto sustent\u00e1vel que nasce da colabora\u00e7\u00e3o entre criadores, oficinas e investiga\u00e7\u00e3o em Loul\u00e9.","breadcrumb":{"@id":"https:\/\/loulecriativo.pt\/pt\/projects\/presepio-em-empreita\/#breadcrumb"},"inLanguage":"pt","potentialAction":[{"@type":"ReadAction","target":["https:\/\/loulecriativo.pt\/pt\/projects\/presepio-em-empreita\/"]}]},{"@type":"ImageObject","inLanguage":"pt","@id":"https:\/\/loulecriativo.pt\/pt\/projects\/presepio-em-empreita\/#primaryimage","url":"https:\/\/loulecriativo.pt\/wp-content\/uploads\/2025\/12\/PresepioEmpreitaPGL.png","contentUrl":"https:\/\/loulecriativo.pt\/wp-content\/uploads\/2025\/12\/PresepioEmpreitaPGL.png","width":592,"height":600},{"@type":"BreadcrumbList","@id":"https:\/\/loulecriativo.pt\/pt\/projects\/presepio-em-empreita\/#breadcrumb","itemListElement":[{"@type":"ListItem","position":1,"name":"Home","item":"https:\/\/loulecriativo.pt\/pt\/"},{"@type":"ListItem","position":2,"name":"Projetos","item":"https:\/\/loulecriativo.pt\/pt\/projects\/"},{"@type":"ListItem","position":3,"name":"Pres\u00e9pio em Empreita"}]},{"@type":"WebSite","@id":"https:\/\/loulecriativo.pt\/pt\/#website","url":"https:\/\/loulecriativo.pt\/pt\/","name":"Loul\u00e9 Criativo","description":"","potentialAction":[{"@type":"SearchAction","target":{"@type":"EntryPoint","urlTemplate":"https:\/\/loulecriativo.pt\/pt\/?s={search_term_string}"},"query-input":{"@type":"PropertyValueSpecification","valueRequired":true,"valueName":"search_term_string"}}],"inLanguage":"pt"}]}},"_links":{"self":[{"href":"https:\/\/loulecriativo.pt\/pt\/wp-json\/wp\/v2\/pages\/14027","targetHints":{"allow":["GET"]}}],"collection":[{"href":"https:\/\/loulecriativo.pt\/pt\/wp-json\/wp\/v2\/pages"}],"about":[{"href":"https:\/\/loulecriativo.pt\/pt\/wp-json\/wp\/v2\/types\/page"}],"author":[{"embeddable":true,"href":"https:\/\/loulecriativo.pt\/pt\/wp-json\/wp\/v2\/users\/10"}],"replies":[{"embeddable":true,"href":"https:\/\/loulecriativo.pt\/pt\/wp-json\/wp\/v2\/comments?post=14027"}],"version-history":[{"count":10,"href":"https:\/\/loulecriativo.pt\/pt\/wp-json\/wp\/v2\/pages\/14027\/revisions"}],"predecessor-version":[{"id":14397,"href":"https:\/\/loulecriativo.pt\/pt\/wp-json\/wp\/v2\/pages\/14027\/revisions\/14397"}],"up":[{"embeddable":true,"href":"https:\/\/loulecriativo.pt\/pt\/wp-json\/wp\/v2\/pages\/76"}],"wp:featuredmedia":[{"embeddable":true,"href":"https:\/\/loulecriativo.pt\/pt\/wp-json\/wp\/v2\/media\/14162"}],"wp:attachment":[{"href":"https:\/\/loulecriativo.pt\/pt\/wp-json\/wp\/v2\/media?parent=14027"}],"curies":[{"name":"wp","href":"https:\/\/api.w.org\/{rel}","templated":true}]}}