{"id":1587,"date":"2025-05-31T19:47:08","date_gmt":"2025-05-31T19:47:08","guid":{"rendered":"https:\/\/loulecriativo.pt\/?page_id=1587"},"modified":"2025-12-19T16:56:40","modified_gmt":"2025-12-19T16:56:40","slug":"parcerias-institucionais","status":"publish","type":"page","link":"https:\/\/loulecriativo.pt\/pt\/parcerias-institucionais\/","title":{"rendered":"Parcerias Institucionais"},"content":{"rendered":"\t\t<div data-elementor-type=\"wp-page\" data-elementor-id=\"1587\" class=\"elementor elementor-1587\" data-elementor-post-type=\"page\">\n\t\t\t\t<div class=\"elementor-element elementor-element-d6f07f7 dng-themed-block e-flex e-con-boxed e-con e-parent\" data-id=\"d6f07f7\" data-element_type=\"container\" data-settings=\"{&quot;background_background&quot;:&quot;classic&quot;,&quot;jet_parallax_layout_list&quot;:[]}\">\n\t\t\t\t\t<div class=\"e-con-inner\">\n\t\t\t\t<div class=\"elementor-element elementor-element-6e668be elementor-widget elementor-widget-dng_breadcrumbs\" data-id=\"6e668be\" data-element_type=\"widget\" data-widget_type=\"dng_breadcrumbs.default\">\n\t\t\t\t<div class=\"elementor-widget-container\">\n\t\t\t\t\t    <div data-dng-c-breadcrumbs class=\"dng-c-breadcrumbs flex items-center justify-start gap-xxs\">\n      \n        <a\n     class=\"whitespace-nowrap overflow-ellipsis overflow-hidden text-body-2 item !text-inherit text-[var(--dng-text-color), var(--wp--preset--color--brown))]\" \n      href=\"https:\/\/loulecriativo.pt\/pt\/\" \n        >\n    Home\n<\/a>\n        <svg class=\"separator\" width=\"6\" height=\"10\" viewBox=\"0 0 6 10\" fill=\"none\" xmlns=\"http:\/\/www.w3.org\/2000\/svg\">\n          <path d=\"M6.00005 5L1.00005 10L0.300049 9.3L4.60005 5L0.300049 0.7L1.00005 0L6.00005 5Z\" fill=\"var(--dng-text-color, var(--wp--preset--color--brown))\"\/>\n        <\/svg>\n          <div class=\"current-page text-body-2 whitespace-nowrap overflow-ellipsis overflow-hidden\">\n      Parcerias Institucionais    <\/div>\n          <\/div>\n    \t\t\t\t<\/div>\n\t\t\t\t<\/div>\n\t\t<div class=\"elementor-element elementor-element-e4cd4eb e-con-full e-grid e-con e-child\" data-id=\"e4cd4eb\" data-element_type=\"container\" data-settings=\"{&quot;jet_parallax_layout_list&quot;:[]}\">\n\t\t\t\t<div class=\"elementor-element elementor-element-36fd0b7 elementor-widget__width-initial elementor-widget elementor-widget-heading\" data-id=\"36fd0b7\" data-element_type=\"widget\" data-widget_type=\"heading.default\">\n\t\t\t\t<div class=\"elementor-widget-container\">\n\t\t\t\t\t<h2 class=\"elementor-heading-title elementor-size-default\">Parcerias Institucionais<\/h2>\t\t\t\t<\/div>\n\t\t\t\t<\/div>\n\t\t\t\t<div class=\"elementor-element elementor-element-84f4ad8 elementor-widget__width-initial elementor-widget elementor-widget-text-editor\" data-id=\"84f4ad8\" data-element_type=\"widget\" data-widget_type=\"text-editor.default\">\n\t\t\t\t<div class=\"elementor-widget-container\">\n\t\t\t\t\t\t\t\t\t<p>Com o apoio de entidades p\u00fablicas, privadas, organiza\u00e7\u00f5es culturais e associa\u00e7\u00f5es, estas colabora\u00e7\u00f5es permitem a realiza\u00e7\u00e3o de projetos inovadores, a promo\u00e7\u00e3o de atividades art\u00edsticas e a dinamiza\u00e7\u00e3o do patrim\u00f3nio cultural da regi\u00e3o.<\/p>\t\t\t\t\t\t\t\t<\/div>\n\t\t\t\t<\/div>\n\t\t\t\t<\/div>\n\t\t\t\t\t<\/div>\n\t\t\t\t<\/div>\n\t\t<div class=\"elementor-element elementor-element-6eea56f e-grid e-con-boxed e-con e-parent\" data-id=\"6eea56f\" data-element_type=\"container\" data-settings=\"{&quot;jet_parallax_layout_list&quot;:[],&quot;background_background&quot;:&quot;classic&quot;}\">\n\t\t\t\t\t<div class=\"e-con-inner\">\n\t\t\t\t<div class=\"elementor-element elementor-element-f5903cb elementor-widget elementor-widget-dng_flip_card\" data-id=\"f5903cb\" data-element_type=\"widget\" data-widget_type=\"dng_flip_card.default\">\n\t\t\t\t<div class=\"elementor-widget-container\">\n\t\t\t\t\t    <div data-dng-c-flip-card class=\"dng-c-flip-card dng-c-flip-card--square\">\n      \n      <div class=\"face back\">\n        <div class=\"flex justify-between gap-xs\">\n          <div>\n                  <div class=\"back-subtitle\">\n      <p>UMBIGO<\/p>          <\/div>\n                  <\/div>\n        <a href=\"https:\/\/umbigo.space\/pt\" target=\"_blank\">\n    <svg width=\"32\" height=\"33\" viewBox=\"0 0 32 33\" fill=\"none\" xmlns=\"http:\/\/www.w3.org\/2000\/svg\" class=\"dng-c-arrow-icon arrow arrow--back\">\n      <rect x=\"0.7\" y=\"1.09209\" width=\"30.6\" height=\"30.6\" rx=\"15.3\" style=\"stroke: var(--arrow-color)\" stroke-width=\"1.4\"\/>\n      <path d=\"M16.0058 8.86258L23.0552 15.9214L16.0058 22.9802M23.0392 15.9214L8.93945 15.9214\" style=\"stroke:var(--arrow-color)\" stroke-width=\"1.4\"\/>\n      <\/svg><\/a>\n          <\/div>\n      <div class=\"back-description\">\n    <p>\u00c9 uma plataforma cultural sediada em Lisboa, composta por uma revista publicada tr\u00eas vezes por ano e um espa\u00e7o online com atualiza\u00e7\u00f5es di\u00e1rias, ambos em portugu\u00eas e ingl\u00eas.<\/p>        <\/div>\n        <div class=\"dng-c-socials\">\n        <\/div>\n          <\/div>\n      <div class=\"face front\">\n        <div class=\"thumbnail\">\n    <img decoding=\"async\"  class=\"thumbnail-media\" src=\"https:\/\/loulecriativo.pt\/wp-content\/uploads\/2025\/11\/11-2.png\" alt=\"\">        <\/div>\n        <div class=\"flex justify-between items-start gap-xs\"> \n                <\/div>\n      <\/div>\n    <\/div>\n    \t\t\t\t<\/div>\n\t\t\t\t<\/div>\n\t\t\t\t<div class=\"elementor-element elementor-element-dd813d0 elementor-widget elementor-widget-dng_flip_card\" data-id=\"dd813d0\" data-element_type=\"widget\" data-widget_type=\"dng_flip_card.default\">\n\t\t\t\t<div class=\"elementor-widget-container\">\n\t\t\t\t\t    <div data-dng-c-flip-card class=\"dng-c-flip-card dng-c-flip-card--square dng-c-flip-card--logo\">\n      \n      <div class=\"face back\">\n        <div class=\"flex justify-between gap-xs\">\n          <div>\n                  <div class=\"back-subtitle\">\n      <p>Homo Faber<\/p>          <\/div>\n                  <\/div>\n        <a href=\"https:\/\/www.homofaber.com\/en\" target=\"_blank\">\n    <svg width=\"32\" height=\"33\" viewBox=\"0 0 32 33\" fill=\"none\" xmlns=\"http:\/\/www.w3.org\/2000\/svg\" class=\"dng-c-arrow-icon arrow arrow--back\">\n      <rect x=\"0.7\" y=\"1.09209\" width=\"30.6\" height=\"30.6\" rx=\"15.3\" style=\"stroke: var(--arrow-color)\" stroke-width=\"1.4\"\/>\n      <path d=\"M16.0058 8.86258L23.0552 15.9214L16.0058 22.9802M23.0392 15.9214L8.93945 15.9214\" style=\"stroke:var(--arrow-color)\" stroke-width=\"1.4\"\/>\n      <\/svg><\/a>\n          <\/div>\n      <div class=\"back-description\">\n    <p>A viagem continua, explore o artesanato com o nosso companheiro de viagem, o Guia Homo Faber. Apresentado pela Funda\u00e7\u00e3o Michelangelo<\/p>        <\/div>\n        <div class=\"dng-c-socials\">\n        <\/div>\n          <\/div>\n      <div class=\"face front\">\n        <div class=\"thumbnail\">\n    <img decoding=\"async\"  class=\"thumbnail-media\" src=\"https:\/\/loulecriativo.pt\/wp-content\/uploads\/2025\/11\/23-1.png\" alt=\"\">        <\/div>\n        <div class=\"flex justify-between items-start gap-xs\"> \n                <\/div>\n      <\/div>\n    <\/div>\n    \t\t\t\t<\/div>\n\t\t\t\t<\/div>\n\t\t\t\t<div class=\"elementor-element elementor-element-4d0cd4b elementor-widget elementor-widget-dng_flip_card\" data-id=\"4d0cd4b\" data-element_type=\"widget\" data-widget_type=\"dng_flip_card.default\">\n\t\t\t\t<div class=\"elementor-widget-container\">\n\t\t\t\t\t    <div data-dng-c-flip-card class=\"dng-c-flip-card dng-c-flip-card--square dng-c-flip-card--logo\">\n      \n      <div class=\"face back\">\n        <div class=\"flex justify-between gap-xs\">\n          <div>\n                  <div class=\"back-subtitle\">\n      <p>DGArtes<\/p>          <\/div>\n                  <\/div>\n        <a href=\"https:\/\/www.dgartes.gov.pt\/pt\/node\/5694\" target=\"_blank\">\n    <svg width=\"32\" height=\"33\" viewBox=\"0 0 32 33\" fill=\"none\" xmlns=\"http:\/\/www.w3.org\/2000\/svg\" class=\"dng-c-arrow-icon arrow arrow--back\">\n      <rect x=\"0.7\" y=\"1.09209\" width=\"30.6\" height=\"30.6\" rx=\"15.3\" style=\"stroke: var(--arrow-color)\" stroke-width=\"1.4\"\/>\n      <path d=\"M16.0058 8.86258L23.0552 15.9214L16.0058 22.9802M23.0392 15.9214L8.93945 15.9214\" style=\"stroke:var(--arrow-color)\" stroke-width=\"1.4\"\/>\n      <\/svg><\/a>\n          <\/div>\n      <div class=\"back-description\">\n    <p>A DGARTES deu in\u00edcio ao Programa SABER FAZER com o mapeamento e caracteriza\u00e7\u00e3o das artes tradicionais em territ\u00f3rio nacional.<\/p>        <\/div>\n        <div class=\"dng-c-socials\">\n        <\/div>\n          <\/div>\n      <div class=\"face front\">\n        <div class=\"thumbnail\">\n    <img decoding=\"async\"  class=\"thumbnail-media\" src=\"https:\/\/loulecriativo.pt\/wp-content\/uploads\/2025\/11\/17-2.png\" alt=\"\">        <\/div>\n        <div class=\"flex justify-between items-start gap-xs\"> \n                <\/div>\n      <\/div>\n    <\/div>\n    \t\t\t\t<\/div>\n\t\t\t\t<\/div>\n\t\t\t\t<div class=\"elementor-element elementor-element-49614a6 elementor-widget elementor-widget-dng_flip_card\" data-id=\"49614a6\" data-element_type=\"widget\" data-widget_type=\"dng_flip_card.default\">\n\t\t\t\t<div class=\"elementor-widget-container\">\n\t\t\t\t\t    <div data-dng-c-flip-card class=\"dng-c-flip-card dng-c-flip-card--square dng-c-flip-card--logo\">\n      \n      <div class=\"face back\">\n        <div class=\"flex justify-between gap-xs\">\n          <div>\n                  <div class=\"back-subtitle\">\n      <p>Centro de Arte Moderna - Gulbenkian<\/p>          <\/div>\n                  <\/div>\n        <a href=\"https:\/\/gulbenkian.pt\/cam\/\" target=\"_blank\">\n    <svg width=\"32\" height=\"33\" viewBox=\"0 0 32 33\" fill=\"none\" xmlns=\"http:\/\/www.w3.org\/2000\/svg\" class=\"dng-c-arrow-icon arrow arrow--back\">\n      <rect x=\"0.7\" y=\"1.09209\" width=\"30.6\" height=\"30.6\" rx=\"15.3\" style=\"stroke: var(--arrow-color)\" stroke-width=\"1.4\"\/>\n      <path d=\"M16.0058 8.86258L23.0552 15.9214L16.0058 22.9802M23.0392 15.9214L8.93945 15.9214\" style=\"stroke:var(--arrow-color)\" stroke-width=\"1.4\"\/>\n      <\/svg><\/a>\n          <\/div>\n      <div class=\"back-description\">\n    <p>O CAM \u2013 Centro de Arte Moderna Gulbenkian \u00e9 um centro de arte e cultura com uma cole\u00e7\u00e3o de arte moderna e contempor\u00e2nea que inclui a maior representa\u00e7\u00e3o de artistas portugueses at\u00e9 \u00e0 data.\u00a0<\/p>        <\/div>\n        <div class=\"dng-c-socials\">\n        <\/div>\n          <\/div>\n      <div class=\"face front\">\n        <div class=\"thumbnail\">\n    <img decoding=\"async\"  class=\"thumbnail-media\" src=\"https:\/\/loulecriativo.pt\/wp-content\/uploads\/2025\/11\/1-2.png\" alt=\"\">        <\/div>\n        <div class=\"flex justify-between items-start gap-xs\"> \n                <\/div>\n      <\/div>\n    <\/div>\n    \t\t\t\t<\/div>\n\t\t\t\t<\/div>\n\t\t\t\t<div class=\"elementor-element elementor-element-c04861d elementor-widget elementor-widget-dng_flip_card\" data-id=\"c04861d\" data-element_type=\"widget\" data-widget_type=\"dng_flip_card.default\">\n\t\t\t\t<div class=\"elementor-widget-container\">\n\t\t\t\t\t    <div data-dng-c-flip-card class=\"dng-c-flip-card dng-c-flip-card--square dng-c-flip-card--logo\">\n      \n      <div class=\"face back\">\n        <div class=\"flex justify-between gap-xs\">\n          <div>\n                  <div class=\"back-subtitle\">\n      <p>Passaofuturo<\/p>          <\/div>\n                  <\/div>\n        <a href=\"https:\/\/www.passaaofuturo.com\/\" target=\"_blank\">\n    <svg width=\"32\" height=\"33\" viewBox=\"0 0 32 33\" fill=\"none\" xmlns=\"http:\/\/www.w3.org\/2000\/svg\" class=\"dng-c-arrow-icon arrow arrow--back\">\n      <rect x=\"0.7\" y=\"1.09209\" width=\"30.6\" height=\"30.6\" rx=\"15.3\" style=\"stroke: var(--arrow-color)\" stroke-width=\"1.4\"\/>\n      <path d=\"M16.0058 8.86258L23.0552 15.9214L16.0058 22.9802M23.0392 15.9214L8.93945 15.9214\" style=\"stroke:var(--arrow-color)\" stroke-width=\"1.4\"\/>\n      <\/svg><\/a>\n          <\/div>\n      <div class=\"back-description\">\n    <p>Criamos programas para ter uma influ\u00eancia pr\u00e1tica e sustent\u00e1vel, para facilitar que os artes\u00e3os e a sua sabedoria continuem de uma forma hol\u00edstica e positiva.<\/p>        <\/div>\n        <div class=\"dng-c-socials\">\n        <\/div>\n          <\/div>\n      <div class=\"face front\">\n        <div class=\"thumbnail\">\n    <img decoding=\"async\"  class=\"thumbnail-media\" src=\"https:\/\/loulecriativo.pt\/wp-content\/uploads\/2025\/11\/2-2.png\" alt=\"\">        <\/div>\n        <div class=\"flex justify-between items-start gap-xs\"> \n                <\/div>\n      <\/div>\n    <\/div>\n    \t\t\t\t<\/div>\n\t\t\t\t<\/div>\n\t\t\t\t<div class=\"elementor-element elementor-element-8ef2a1b elementor-widget elementor-widget-dng_flip_card\" data-id=\"8ef2a1b\" data-element_type=\"widget\" data-widget_type=\"dng_flip_card.default\">\n\t\t\t\t<div class=\"elementor-widget-container\">\n\t\t\t\t\t    <div data-dng-c-flip-card class=\"dng-c-flip-card dng-c-flip-card--square dng-c-flip-card--logo\">\n      \n      <div class=\"face back\">\n        <div class=\"flex justify-between gap-xs\">\n          <div>\n                  <div class=\"back-subtitle\">\n      <p>Funda\u00e7\u00e3o Michelangelo<\/p>          <\/div>\n                  <\/div>\n        <a href=\"https:\/\/www.michelangelofoundation.org\/en\" target=\"_blank\">\n    <svg width=\"32\" height=\"33\" viewBox=\"0 0 32 33\" fill=\"none\" xmlns=\"http:\/\/www.w3.org\/2000\/svg\" class=\"dng-c-arrow-icon arrow arrow--back\">\n      <rect x=\"0.7\" y=\"1.09209\" width=\"30.6\" height=\"30.6\" rx=\"15.3\" style=\"stroke: var(--arrow-color)\" stroke-width=\"1.4\"\/>\n      <path d=\"M16.0058 8.86258L23.0552 15.9214L16.0058 22.9802M23.0392 15.9214L8.93945 15.9214\" style=\"stroke:var(--arrow-color)\" stroke-width=\"1.4\"\/>\n      <\/svg><\/a>\n          <\/div>\n      <div class=\"back-description\">\n    <p>A viagem continua, explore o artesanato com o nosso companheiro de viagem, o Guia Homo Faber. Apresentado pela Funda\u00e7\u00e3o Michelangelo<\/p>        <\/div>\n        <div class=\"dng-c-socials\">\n        <\/div>\n          <\/div>\n      <div class=\"face front\">\n        <div class=\"thumbnail\">\n    <img decoding=\"async\"  class=\"thumbnail-media\" src=\"https:\/\/loulecriativo.pt\/wp-content\/uploads\/2025\/11\/6-2.png\" alt=\"\">        <\/div>\n        <div class=\"flex justify-between items-start gap-xs\"> \n                <\/div>\n      <\/div>\n    <\/div>\n    \t\t\t\t<\/div>\n\t\t\t\t<\/div>\n\t\t\t\t<div class=\"elementor-element elementor-element-952a0fc elementor-widget elementor-widget-dng_flip_card\" data-id=\"952a0fc\" data-element_type=\"widget\" data-widget_type=\"dng_flip_card.default\">\n\t\t\t\t<div class=\"elementor-widget-container\">\n\t\t\t\t\t    <div data-dng-c-flip-card class=\"dng-c-flip-card dng-c-flip-card--square dng-c-flip-card--logo\">\n      \n      <div class=\"face back\">\n        <div class=\"flex justify-between gap-xs\">\n          <div>\n                  <div class=\"back-subtitle\">\n      <p>CEARTE<\/p>          <\/div>\n                  <\/div>\n        <a href=\"https:\/\/www.cearte.pt\/\" target=\"_blank\">\n    <svg width=\"32\" height=\"33\" viewBox=\"0 0 32 33\" fill=\"none\" xmlns=\"http:\/\/www.w3.org\/2000\/svg\" class=\"dng-c-arrow-icon arrow arrow--back\">\n      <rect x=\"0.7\" y=\"1.09209\" width=\"30.6\" height=\"30.6\" rx=\"15.3\" style=\"stroke: var(--arrow-color)\" stroke-width=\"1.4\"\/>\n      <path d=\"M16.0058 8.86258L23.0552 15.9214L16.0058 22.9802M23.0392 15.9214L8.93945 15.9214\" style=\"stroke:var(--arrow-color)\" stroke-width=\"1.4\"\/>\n      <\/svg><\/a>\n          <\/div>\n      <div class=\"back-description\">\n    <p>Cursos de aprendizagem, especializa\u00e7\u00e3o tecnol\u00f3gica e educa\u00e7\u00e3o e forma\u00e7\u00e3o de adultos<\/p>        <\/div>\n        <div class=\"dng-c-socials\">\n        <\/div>\n          <\/div>\n      <div class=\"face front\">\n        <div class=\"thumbnail\">\n    <img decoding=\"async\"  class=\"thumbnail-media\" src=\"https:\/\/loulecriativo.pt\/wp-content\/uploads\/2025\/11\/15-2.png\" alt=\"\">        <\/div>\n        <div class=\"flex justify-between items-start gap-xs\"> \n                <\/div>\n      <\/div>\n    <\/div>\n    \t\t\t\t<\/div>\n\t\t\t\t<\/div>\n\t\t\t\t<div class=\"elementor-element elementor-element-c84c11f elementor-widget elementor-widget-dng_flip_card\" data-id=\"c84c11f\" data-element_type=\"widget\" data-widget_type=\"dng_flip_card.default\">\n\t\t\t\t<div class=\"elementor-widget-container\">\n\t\t\t\t\t    <div data-dng-c-flip-card class=\"dng-c-flip-card dng-c-flip-card--square dng-c-flip-card--logo\">\n      \n      <div class=\"face back\">\n        <div class=\"flex justify-between gap-xs\">\n          <div>\n                  <div class=\"back-subtitle\">\n      <p>RARA<\/p>          <\/div>\n                  <\/div>\n        <a href=\"https:\/\/www.rara-azores.com\/\" target=\"_blank\">\n    <svg width=\"32\" height=\"33\" viewBox=\"0 0 32 33\" fill=\"none\" xmlns=\"http:\/\/www.w3.org\/2000\/svg\" class=\"dng-c-arrow-icon arrow arrow--back\">\n      <rect x=\"0.7\" y=\"1.09209\" width=\"30.6\" height=\"30.6\" rx=\"15.3\" style=\"stroke: var(--arrow-color)\" stroke-width=\"1.4\"\/>\n      <path d=\"M16.0058 8.86258L23.0552 15.9214L16.0058 22.9802M23.0392 15.9214L8.93945 15.9214\" style=\"stroke:var(--arrow-color)\" stroke-width=\"1.4\"\/>\n      <\/svg><\/a>\n          <\/div>\n      <div class=\"back-description\">\n    <p>A\u00a0<u>RARA - Resid\u00eancia de Artesanato da Regi\u00e3o dos A\u00e7ores<\/u>\u00a0\u00e9 um projeto de produ\u00e7\u00e3o cont\u00ednua da\u00a0<u>Anda&amp;Fala - Associa\u00e7\u00e3o Cultural<\/u>.<u> <\/u>Engloba duas vertentes complementares: resid\u00eancias art\u00edsticas anuais e comercializa\u00e7\u00e3o dos produtos resultantes desse momento sob uma marca pr\u00f3pria.<\/p>        <\/div>\n        <div class=\"dng-c-socials\">\n        <\/div>\n          <\/div>\n      <div class=\"face front\">\n        <div class=\"thumbnail\">\n    <img decoding=\"async\"  class=\"thumbnail-media\" src=\"https:\/\/loulecriativo.pt\/wp-content\/uploads\/2025\/11\/9-2.png\" alt=\"\">        <\/div>\n        <div class=\"flex justify-between items-start gap-xs\"> \n                <\/div>\n      <\/div>\n    <\/div>\n    \t\t\t\t<\/div>\n\t\t\t\t<\/div>\n\t\t\t\t<div class=\"elementor-element elementor-element-c044740 elementor-widget elementor-widget-dng_flip_card\" data-id=\"c044740\" data-element_type=\"widget\" data-widget_type=\"dng_flip_card.default\">\n\t\t\t\t<div class=\"elementor-widget-container\">\n\t\t\t\t\t    <div data-dng-c-flip-card class=\"dng-c-flip-card dng-c-flip-card--square dng-c-flip-card--logo\">\n      \n      <div class=\"face back\">\n        <div class=\"flex justify-between gap-xs\">\n          <div>\n                  <div class=\"back-subtitle\">\n      <p>AND \u2014 Associa\u00e7\u00e3o Nacional de Designers<\/p>          <\/div>\n                  <\/div>\n        <a href=\"https:\/\/www.and.org.pt\/\" target=\"_blank\">\n    <svg width=\"32\" height=\"33\" viewBox=\"0 0 32 33\" fill=\"none\" xmlns=\"http:\/\/www.w3.org\/2000\/svg\" class=\"dng-c-arrow-icon arrow arrow--back\">\n      <rect x=\"0.7\" y=\"1.09209\" width=\"30.6\" height=\"30.6\" rx=\"15.3\" style=\"stroke: var(--arrow-color)\" stroke-width=\"1.4\"\/>\n      <path d=\"M16.0058 8.86258L23.0552 15.9214L16.0058 22.9802M23.0392 15.9214L8.93945 15.9214\" style=\"stroke:var(--arrow-color)\" stroke-width=\"1.4\"\/>\n      <\/svg><\/a>\n          <\/div>\n      <div class=\"back-description\">\n    <p>Rua Te\u00f3filo Braga \u2013 n\u00ba 10 Faro +351 912 225 970<\/p>        <\/div>\n        <div class=\"dng-c-socials\">\n        <\/div>\n          <\/div>\n      <div class=\"face front\">\n        <div class=\"thumbnail\">\n    <img decoding=\"async\"  class=\"thumbnail-media\" src=\"https:\/\/loulecriativo.pt\/wp-content\/uploads\/2025\/08\/montagem-and.png\" alt=\"\">        <\/div>\n        <div class=\"flex justify-between items-start gap-xs\"> \n                <\/div>\n      <\/div>\n    <\/div>\n    \t\t\t\t<\/div>\n\t\t\t\t<\/div>\n\t\t\t\t<div class=\"elementor-element elementor-element-86fee46 elementor-widget elementor-widget-dng_flip_card\" data-id=\"86fee46\" data-element_type=\"widget\" data-widget_type=\"dng_flip_card.default\">\n\t\t\t\t<div class=\"elementor-widget-container\">\n\t\t\t\t\t    <div data-dng-c-flip-card class=\"dng-c-flip-card dng-c-flip-card--square dng-c-flip-card--logo\">\n      \n      <div class=\"face back\">\n        <div class=\"flex justify-between gap-xs\">\n          <div>\n                  <div class=\"back-subtitle\">\n      <p>MAR Shopping Algarve<\/p>          <\/div>\n                  <\/div>\n        <a href=\"https:\/\/www.marshopping.com\/algarve\/pt\" target=\"_blank\">\n    <svg width=\"32\" height=\"33\" viewBox=\"0 0 32 33\" fill=\"none\" xmlns=\"http:\/\/www.w3.org\/2000\/svg\" class=\"dng-c-arrow-icon arrow arrow--back\">\n      <rect x=\"0.7\" y=\"1.09209\" width=\"30.6\" height=\"30.6\" rx=\"15.3\" style=\"stroke: var(--arrow-color)\" stroke-width=\"1.4\"\/>\n      <path d=\"M16.0058 8.86258L23.0552 15.9214L16.0058 22.9802M23.0392 15.9214L8.93945 15.9214\" style=\"stroke:var(--arrow-color)\" stroke-width=\"1.4\"\/>\n      <\/svg><\/a>\n          <\/div>\n      <div class=\"back-description\">\n    <p>O MAR Shopping Algarve tem espa\u00e7os \u00fanicos e diversos que tornam o centro numa refer\u00eancia a Sul de Portugal.\u00a0<\/p>        <\/div>\n        <div class=\"dng-c-socials\">\n        <\/div>\n          <\/div>\n      <div class=\"face front\">\n        <div class=\"thumbnail\">\n    <img decoding=\"async\"  class=\"thumbnail-media\" src=\"https:\/\/loulecriativo.pt\/wp-content\/uploads\/2025\/11\/5-2.png\" alt=\"\">        <\/div>\n        <div class=\"flex justify-between items-start gap-xs\"> \n                <\/div>\n      <\/div>\n    <\/div>\n    \t\t\t\t<\/div>\n\t\t\t\t<\/div>\n\t\t\t\t<div class=\"elementor-element elementor-element-a520f03 elementor-widget elementor-widget-dng_flip_card\" data-id=\"a520f03\" data-element_type=\"widget\" data-widget_type=\"dng_flip_card.default\">\n\t\t\t\t<div class=\"elementor-widget-container\">\n\t\t\t\t\t    <div data-dng-c-flip-card class=\"dng-c-flip-card dng-c-flip-card--square dng-c-flip-card--logo\">\n      \n      <div class=\"face back\">\n        <div class=\"flex justify-between gap-xs\">\n          <div>\n                  <div class=\"back-subtitle\">\n      <p>Designer Outlet Algarve<\/p>          <\/div>\n                  <\/div>\n        <a href=\"https:\/\/www.designeroutletalgarve.com\/\" target=\"_blank\">\n    <svg width=\"32\" height=\"33\" viewBox=\"0 0 32 33\" fill=\"none\" xmlns=\"http:\/\/www.w3.org\/2000\/svg\" class=\"dng-c-arrow-icon arrow arrow--back\">\n      <rect x=\"0.7\" y=\"1.09209\" width=\"30.6\" height=\"30.6\" rx=\"15.3\" style=\"stroke: var(--arrow-color)\" stroke-width=\"1.4\"\/>\n      <path d=\"M16.0058 8.86258L23.0552 15.9214L16.0058 22.9802M23.0392 15.9214L8.93945 15.9214\" style=\"stroke:var(--arrow-color)\" stroke-width=\"1.4\"\/>\n      <\/svg><\/a>\n          <\/div>\n      <div class=\"back-description\">\n    <p>O Designer Outlet Algarve \u00e9 um shopping outlet \u00fanico no Algarve, integrado no maior complexo comercial.<\/p>        <\/div>\n        <div class=\"dng-c-socials\">\n        <\/div>\n          <\/div>\n      <div class=\"face front\">\n        <div class=\"thumbnail\">\n    <img decoding=\"async\"  class=\"thumbnail-media\" src=\"https:\/\/loulecriativo.pt\/wp-content\/uploads\/2025\/11\/18-2.png\" alt=\"\">        <\/div>\n        <div class=\"flex justify-between items-start gap-xs\"> \n                <\/div>\n      <\/div>\n    <\/div>\n    \t\t\t\t<\/div>\n\t\t\t\t<\/div>\n\t\t\t\t<div class=\"elementor-element elementor-element-2f24ff4 elementor-widget elementor-widget-dng_flip_card\" data-id=\"2f24ff4\" data-element_type=\"widget\" data-widget_type=\"dng_flip_card.default\">\n\t\t\t\t<div class=\"elementor-widget-container\">\n\t\t\t\t\t    <div data-dng-c-flip-card class=\"dng-c-flip-card dng-c-flip-card--square dng-c-flip-card--logo\">\n      \n      <div class=\"face back\">\n        <div class=\"flex justify-between gap-xs\">\n          <div>\n                  <div class=\"back-subtitle\">\n      <p>IKEA<\/p>          <\/div>\n                  <\/div>\n        <a href=\"https:\/\/www.ikea.com\/pt\/\" target=\"_blank\">\n    <svg width=\"32\" height=\"33\" viewBox=\"0 0 32 33\" fill=\"none\" xmlns=\"http:\/\/www.w3.org\/2000\/svg\" class=\"dng-c-arrow-icon arrow arrow--back\">\n      <rect x=\"0.7\" y=\"1.09209\" width=\"30.6\" height=\"30.6\" rx=\"15.3\" style=\"stroke: var(--arrow-color)\" stroke-width=\"1.4\"\/>\n      <path d=\"M16.0058 8.86258L23.0552 15.9214L16.0058 22.9802M23.0392 15.9214L8.93945 15.9214\" style=\"stroke:var(--arrow-color)\" stroke-width=\"1.4\"\/>\n      <\/svg><\/a>\n          <\/div>\n      <div class=\"back-description\">\n    <p>Inspira\u00e7\u00e3o, novidades, campanhas e ideias - tudo o que \u00e9 preciso para fazer de uma casa a nossa casa.<\/p>        <\/div>\n        <div class=\"dng-c-socials\">\n        <\/div>\n          <\/div>\n      <div class=\"face front\">\n        <div class=\"thumbnail\">\n    <img decoding=\"async\"  class=\"thumbnail-media\" src=\"https:\/\/loulecriativo.pt\/wp-content\/uploads\/2025\/11\/3-2.png\" alt=\"\">        <\/div>\n        <div class=\"flex justify-between items-start gap-xs\"> \n                <\/div>\n      <\/div>\n    <\/div>\n    \t\t\t\t<\/div>\n\t\t\t\t<\/div>\n\t\t\t\t<div class=\"elementor-element elementor-element-c47fd0e elementor-widget elementor-widget-dng_flip_card\" data-id=\"c47fd0e\" data-element_type=\"widget\" data-widget_type=\"dng_flip_card.default\">\n\t\t\t\t<div class=\"elementor-widget-container\">\n\t\t\t\t\t    <div data-dng-c-flip-card class=\"dng-c-flip-card dng-c-flip-card--square dng-c-flip-card--logo\">\n      \n      <div class=\"face back\">\n        <div class=\"flex justify-between gap-xs\">\n          <div>\n                  <div class=\"back-subtitle\">\n      <p>ISMAT<\/p>          <\/div>\n                  <\/div>\n        <a href=\"https:\/\/www.ismat.pt\" target=\"_blank\">\n    <svg width=\"32\" height=\"33\" viewBox=\"0 0 32 33\" fill=\"none\" xmlns=\"http:\/\/www.w3.org\/2000\/svg\" class=\"dng-c-arrow-icon arrow arrow--back\">\n      <rect x=\"0.7\" y=\"1.09209\" width=\"30.6\" height=\"30.6\" rx=\"15.3\" style=\"stroke: var(--arrow-color)\" stroke-width=\"1.4\"\/>\n      <path d=\"M16.0058 8.86258L23.0552 15.9214L16.0058 22.9802M23.0392 15.9214L8.93945 15.9214\" style=\"stroke:var(--arrow-color)\" stroke-width=\"1.4\"\/>\n      <\/svg><\/a>\n          <\/div>\n      <div class=\"back-description\">\n    <p>O ISMAT - Instituto Superior Manuel Teixeira Gomes, \u00e9 um estabelecimento de ensino superior, dedicado \u00e0 cria\u00e7\u00e3o, transmiss\u00e3o, critica e difus\u00e3o da ci\u00eancia, cultura, arte e tecnologia.<\/p>        <\/div>\n        <div class=\"dng-c-socials\">\n        <\/div>\n          <\/div>\n      <div class=\"face front\">\n        <div class=\"thumbnail\">\n    <img decoding=\"async\"  class=\"thumbnail-media\" src=\"https:\/\/loulecriativo.pt\/wp-content\/uploads\/2025\/11\/4-2.png\" alt=\"\">        <\/div>\n        <div class=\"flex justify-between items-start gap-xs\"> \n                <\/div>\n      <\/div>\n    <\/div>\n    \t\t\t\t<\/div>\n\t\t\t\t<\/div>\n\t\t\t\t<div class=\"elementor-element elementor-element-f68d473 elementor-widget elementor-widget-dng_flip_card\" data-id=\"f68d473\" data-element_type=\"widget\" data-widget_type=\"dng_flip_card.default\">\n\t\t\t\t<div class=\"elementor-widget-container\">\n\t\t\t\t\t    <div data-dng-c-flip-card class=\"dng-c-flip-card dng-c-flip-card--square dng-c-flip-card--logo\">\n      \n      <div class=\"face back\">\n        <div class=\"flex justify-between gap-xs\">\n          <div>\n                  <div class=\"back-subtitle\">\n      <p>Faculdade das Belas Artes<\/p>          <\/div>\n                  <\/div>\n        <a href=\"https:\/\/www.belasartes.ulisboa.pt\/\" target=\"_blank\">\n    <svg width=\"32\" height=\"33\" viewBox=\"0 0 32 33\" fill=\"none\" xmlns=\"http:\/\/www.w3.org\/2000\/svg\" class=\"dng-c-arrow-icon arrow arrow--back\">\n      <rect x=\"0.7\" y=\"1.09209\" width=\"30.6\" height=\"30.6\" rx=\"15.3\" style=\"stroke: var(--arrow-color)\" stroke-width=\"1.4\"\/>\n      <path d=\"M16.0058 8.86258L23.0552 15.9214L16.0058 22.9802M23.0392 15.9214L8.93945 15.9214\" style=\"stroke:var(--arrow-color)\" stroke-width=\"1.4\"\/>\n      <\/svg><\/a>\n          <\/div>\n      <div class=\"back-description\">\n    <p>A Faculdade de Belas-Artes da Universidade de Lisboa \u00e9 a escola superior de ensino art\u00edstico mais antiga de Portugal.<\/p>        <\/div>\n        <div class=\"dng-c-socials\">\n        <\/div>\n          <\/div>\n      <div class=\"face front\">\n        <div class=\"thumbnail\">\n    <img decoding=\"async\"  class=\"thumbnail-media\" src=\"https:\/\/loulecriativo.pt\/wp-content\/uploads\/2025\/11\/22-2.png\" alt=\"\">        <\/div>\n        <div class=\"flex justify-between items-start gap-xs\"> \n                <\/div>\n      <\/div>\n    <\/div>\n    \t\t\t\t<\/div>\n\t\t\t\t<\/div>\n\t\t\t\t<div class=\"elementor-element elementor-element-a70bfd2 elementor-widget elementor-widget-dng_flip_card\" data-id=\"a70bfd2\" data-element_type=\"widget\" data-widget_type=\"dng_flip_card.default\">\n\t\t\t\t<div class=\"elementor-widget-container\">\n\t\t\t\t\t    <div data-dng-c-flip-card class=\"dng-c-flip-card dng-c-flip-card--square dng-c-flip-card--logo\">\n      \n      <div class=\"face back\">\n        <div class=\"flex justify-between gap-xs\">\n          <div>\n                  <div class=\"back-subtitle\">\n      <p>UAlg<\/p>          <\/div>\n                  <\/div>\n        <a href=\"https:\/\/www.ualg.pt\/\" target=\"_blank\">\n    <svg width=\"32\" height=\"33\" viewBox=\"0 0 32 33\" fill=\"none\" xmlns=\"http:\/\/www.w3.org\/2000\/svg\" class=\"dng-c-arrow-icon arrow arrow--back\">\n      <rect x=\"0.7\" y=\"1.09209\" width=\"30.6\" height=\"30.6\" rx=\"15.3\" style=\"stroke: var(--arrow-color)\" stroke-width=\"1.4\"\/>\n      <path d=\"M16.0058 8.86258L23.0552 15.9214L16.0058 22.9802M23.0392 15.9214L8.93945 15.9214\" style=\"stroke:var(--arrow-color)\" stroke-width=\"1.4\"\/>\n      <\/svg><\/a>\n          <\/div>\n      <div class=\"back-description\">\n    <p>\u00c9 uma institui\u00e7\u00e3o singular, por ser a \u00fanica universidade portuguesa criada por Lei da Assembleia da Rep\u00fablica, tendo merecido aprova\u00e7\u00e3o un\u00e2nime do Parlamento.\u00a0<\/p>        <\/div>\n        <div class=\"dng-c-socials\">\n        <\/div>\n          <\/div>\n      <div class=\"face front\">\n        <div class=\"thumbnail\">\n    <img decoding=\"async\"  class=\"thumbnail-media\" src=\"https:\/\/loulecriativo.pt\/wp-content\/uploads\/2025\/11\/10-2.png\" alt=\"\">        <\/div>\n        <div class=\"flex justify-between items-start gap-xs\"> \n                <\/div>\n      <\/div>\n    <\/div>\n    \t\t\t\t<\/div>\n\t\t\t\t<\/div>\n\t\t\t\t<div class=\"elementor-element elementor-element-a8fda9b elementor-widget elementor-widget-dng_flip_card\" data-id=\"a8fda9b\" data-element_type=\"widget\" data-widget_type=\"dng_flip_card.default\">\n\t\t\t\t<div class=\"elementor-widget-container\">\n\t\t\t\t\t    <div data-dng-c-flip-card class=\"dng-c-flip-card dng-c-flip-card--square dng-c-flip-card--logo\">\n      \n      <div class=\"face back\">\n        <div class=\"flex justify-between gap-xs\">\n          <div>\n                  <div class=\"back-subtitle\">\n      <p>Escola Secund\u00e1ria Laura Ayres<\/p>          <\/div>\n                  <\/div>\n        <a href=\"https:\/\/www.esla.edu.pt\/\" target=\"_blank\">\n    <svg width=\"32\" height=\"33\" viewBox=\"0 0 32 33\" fill=\"none\" xmlns=\"http:\/\/www.w3.org\/2000\/svg\" class=\"dng-c-arrow-icon arrow arrow--back\">\n      <rect x=\"0.7\" y=\"1.09209\" width=\"30.6\" height=\"30.6\" rx=\"15.3\" style=\"stroke: var(--arrow-color)\" stroke-width=\"1.4\"\/>\n      <path d=\"M16.0058 8.86258L23.0552 15.9214L16.0058 22.9802M23.0392 15.9214L8.93945 15.9214\" style=\"stroke:var(--arrow-color)\" stroke-width=\"1.4\"\/>\n      <\/svg><\/a>\n          <\/div>\n      <div class=\"back-description\">\n    <p>O Agrupamento de Escolas Dr\u00aa Laura Ayres esfor\u00e7a-se por atender aos desafios apresentados pela sua popula\u00e7\u00e3o estudantil.\u00a0Procura desenvolver processos eficazes de comunica\u00e7\u00e3o e uma pedagogia baseada em incentivos, al\u00e9m de tomar decis\u00f5es que promovam o \u201cSaber\u201d, o \u201cSaber Fazer\u201d e o \u201cSaber Ser\u201d.<\/p>        <\/div>\n        <div class=\"dng-c-socials\">\n        <\/div>\n          <\/div>\n      <div class=\"face front\">\n        <div class=\"thumbnail\">\n    <img decoding=\"async\"  class=\"thumbnail-media\" src=\"https:\/\/loulecriativo.pt\/wp-content\/uploads\/2025\/11\/19-2.png\" alt=\"\">        <\/div>\n        <div class=\"flex justify-between items-start gap-xs\"> \n                <\/div>\n      <\/div>\n    <\/div>\n    \t\t\t\t<\/div>\n\t\t\t\t<\/div>\n\t\t\t\t<div class=\"elementor-element elementor-element-f272bc1 elementor-widget elementor-widget-dng_flip_card\" data-id=\"f272bc1\" data-element_type=\"widget\" data-widget_type=\"dng_flip_card.default\">\n\t\t\t\t<div class=\"elementor-widget-container\">\n\t\t\t\t\t    <div data-dng-c-flip-card class=\"dng-c-flip-card dng-c-flip-card--square dng-c-flip-card--logo\">\n      \n      <div class=\"face back\">\n        <div class=\"flex justify-between gap-xs\">\n          <div>\n                  <div class=\"back-subtitle\">\n      <p>Agrupamento de Escolas D. Dinis - Quarteira<\/p>          <\/div>\n                  <\/div>\n        <a href=\"https:\/\/aeddinis-quarteira.pt\/index.php\" target=\"_blank\">\n    <svg width=\"32\" height=\"33\" viewBox=\"0 0 32 33\" fill=\"none\" xmlns=\"http:\/\/www.w3.org\/2000\/svg\" class=\"dng-c-arrow-icon arrow arrow--back\">\n      <rect x=\"0.7\" y=\"1.09209\" width=\"30.6\" height=\"30.6\" rx=\"15.3\" style=\"stroke: var(--arrow-color)\" stroke-width=\"1.4\"\/>\n      <path d=\"M16.0058 8.86258L23.0552 15.9214L16.0058 22.9802M23.0392 15.9214L8.93945 15.9214\" style=\"stroke:var(--arrow-color)\" stroke-width=\"1.4\"\/>\n      <\/svg><\/a>\n          <\/div>\n      <div class=\"back-description\">\n    <p>Temos o compromisso de trabalhar em prol da comunidade educativa, em especial dos nossos alunos, oferecendo-lhes oportunidades para aprender a ser, a conviver e a construir um futuro cheio de esperan\u00e7a e sonhos, um des\u00edgnio que s\u00f3 a escola pode proporcionar.\u00a0<\/p>        <\/div>\n        <div class=\"dng-c-socials\">\n        <\/div>\n          <\/div>\n      <div class=\"face front\">\n        <div class=\"thumbnail\">\n    <img decoding=\"async\"  class=\"thumbnail-media\" src=\"https:\/\/loulecriativo.pt\/wp-content\/uploads\/2025\/11\/16-2.png\" alt=\"\">        <\/div>\n        <div class=\"flex justify-between items-start gap-xs\"> \n                <\/div>\n      <\/div>\n    <\/div>\n    \t\t\t\t<\/div>\n\t\t\t\t<\/div>\n\t\t\t\t<div class=\"elementor-element elementor-element-a6c5716 elementor-widget elementor-widget-dng_flip_card\" data-id=\"a6c5716\" data-element_type=\"widget\" data-widget_type=\"dng_flip_card.default\">\n\t\t\t\t<div class=\"elementor-widget-container\">\n\t\t\t\t\t    <div data-dng-c-flip-card class=\"dng-c-flip-card dng-c-flip-card--square dng-c-flip-card--logo\">\n      \n      <div class=\"face back\">\n        <div class=\"flex justify-between gap-xs\">\n          <div>\n                  <div class=\"back-subtitle\">\n      <p>Escola Secund\u00e1ria de Loul\u00e9<\/p>          <\/div>\n                  <\/div>\n        <a href=\"https:\/\/www.es-loule.edu.pt\/portal\/\" target=\"_blank\">\n    <svg width=\"32\" height=\"33\" viewBox=\"0 0 32 33\" fill=\"none\" xmlns=\"http:\/\/www.w3.org\/2000\/svg\" class=\"dng-c-arrow-icon arrow arrow--back\">\n      <rect x=\"0.7\" y=\"1.09209\" width=\"30.6\" height=\"30.6\" rx=\"15.3\" style=\"stroke: var(--arrow-color)\" stroke-width=\"1.4\"\/>\n      <path d=\"M16.0058 8.86258L23.0552 15.9214L16.0058 22.9802M23.0392 15.9214L8.93945 15.9214\" style=\"stroke:var(--arrow-color)\" stroke-width=\"1.4\"\/>\n      <\/svg><\/a>\n          <\/div>\n      <div class=\"back-description\">\n    <p>A Escola Secund\u00e1ria de Loul\u00e9 tem-se distinguido pelo servi\u00e7o educativo que presta. Somos uma refer\u00eancia n\u00e3o s\u00f3 na forma\u00e7\u00e3o dos nossos jovens como na proje\u00e7\u00e3o que alcan\u00e7amos com os projetos em que nos envolvemos e levamos a cabo.<\/p>        <\/div>\n        <div class=\"dng-c-socials\">\n        <\/div>\n          <\/div>\n      <div class=\"face front\">\n        <div class=\"thumbnail\">\n    <img decoding=\"async\"  class=\"thumbnail-media\" src=\"https:\/\/loulecriativo.pt\/wp-content\/uploads\/2025\/11\/20-2.png\" alt=\"\">        <\/div>\n        <div class=\"flex justify-between items-start gap-xs\"> \n                <\/div>\n      <\/div>\n    <\/div>\n    \t\t\t\t<\/div>\n\t\t\t\t<\/div>\n\t\t\t\t<div class=\"elementor-element elementor-element-90979d6 elementor-widget elementor-widget-dng_flip_card\" data-id=\"90979d6\" data-element_type=\"widget\" data-widget_type=\"dng_flip_card.default\">\n\t\t\t\t<div class=\"elementor-widget-container\">\n\t\t\t\t\t    <div data-dng-c-flip-card class=\"dng-c-flip-card dng-c-flip-card--square dng-c-flip-card--logo\">\n      \n      <div class=\"face back\">\n        <div class=\"flex justify-between gap-xs\">\n          <div>\n                  <div class=\"back-subtitle\">\n      <p>Raposo, S\u00e1 Miranda &amp; Associados, Sociedade de Advogados, SP, RL<\/p>          <\/div>\n                  <\/div>\n        <a href=\"https:\/\/pra.pt\/\" target=\"_blank\">\n    <svg width=\"32\" height=\"33\" viewBox=\"0 0 32 33\" fill=\"none\" xmlns=\"http:\/\/www.w3.org\/2000\/svg\" class=\"dng-c-arrow-icon arrow arrow--back\">\n      <rect x=\"0.7\" y=\"1.09209\" width=\"30.6\" height=\"30.6\" rx=\"15.3\" style=\"stroke: var(--arrow-color)\" stroke-width=\"1.4\"\/>\n      <path d=\"M16.0058 8.86258L23.0552 15.9214L16.0058 22.9802M23.0392 15.9214L8.93945 15.9214\" style=\"stroke:var(--arrow-color)\" stroke-width=\"1.4\"\/>\n      <\/svg><\/a>\n          <\/div>\n      <div class=\"back-description\">\n    <p>Rua Rodrigo da Fonseca, n\u00ba 82, 1\u00ba Dt.\u00ba, 1250-193 Lisboa, Portugal +351 213714940<\/p>        <\/div>\n        <div class=\"dng-c-socials\">\n        <\/div>\n          <\/div>\n      <div class=\"face front\">\n        <div class=\"thumbnail\">\n    <img decoding=\"async\"  class=\"thumbnail-media\" src=\"https:\/\/loulecriativo.pt\/wp-content\/uploads\/2025\/08\/montagem-pra.png\" alt=\"\">        <\/div>\n        <div class=\"flex justify-between items-start gap-xs\"> \n                <\/div>\n      <\/div>\n    <\/div>\n    \t\t\t\t<\/div>\n\t\t\t\t<\/div>\n\t\t\t\t<div class=\"elementor-element elementor-element-a098d21 elementor-widget elementor-widget-dng_flip_card\" data-id=\"a098d21\" data-element_type=\"widget\" data-widget_type=\"dng_flip_card.default\">\n\t\t\t\t<div class=\"elementor-widget-container\">\n\t\t\t\t\t    <div data-dng-c-flip-card class=\"dng-c-flip-card dng-c-flip-card--square dng-c-flip-card--logo\">\n      \n      <div class=\"face back\">\n        <div class=\"flex justify-between gap-xs\">\n          <div>\n                  <div class=\"back-subtitle\">\n      <p>\u00a0<\/p><p>ALGARCHURRA<\/p>          <\/div>\n                  <\/div>\n        <a href=\"https:\/\/www.facebook.com\/ALGARCHURRA.AssCriadoresOvinosRacaChurraAlgarvia?locale=pt_PT\" target=\"_blank\">\n    <svg width=\"32\" height=\"33\" viewBox=\"0 0 32 33\" fill=\"none\" xmlns=\"http:\/\/www.w3.org\/2000\/svg\" class=\"dng-c-arrow-icon arrow arrow--back\">\n      <rect x=\"0.7\" y=\"1.09209\" width=\"30.6\" height=\"30.6\" rx=\"15.3\" style=\"stroke: var(--arrow-color)\" stroke-width=\"1.4\"\/>\n      <path d=\"M16.0058 8.86258L23.0552 15.9214L16.0058 22.9802M23.0392 15.9214L8.93945 15.9214\" style=\"stroke:var(--arrow-color)\" stroke-width=\"1.4\"\/>\n      <\/svg><\/a>\n          <\/div>\n      <div class=\"back-description\">\n    <p>Associa\u00e7\u00e3o de Criadores de Ovinos da Ra\u00e7a Churra Algarvia<\/p>        <\/div>\n        <div class=\"dng-c-socials\">\n        <\/div>\n          <\/div>\n      <div class=\"face front\">\n        <div class=\"thumbnail\">\n    <img decoding=\"async\"  class=\"thumbnail-media\" src=\"https:\/\/loulecriativo.pt\/wp-content\/uploads\/2025\/11\/Algarchurra.png\" alt=\"\">        <\/div>\n        <div class=\"flex justify-between items-start gap-xs\"> \n                <\/div>\n      <\/div>\n    <\/div>\n    \t\t\t\t<\/div>\n\t\t\t\t<\/div>\n\t\t\t\t<div class=\"elementor-element elementor-element-38c3c95 elementor-widget elementor-widget-dng_flip_card\" data-id=\"38c3c95\" data-element_type=\"widget\" data-widget_type=\"dng_flip_card.default\">\n\t\t\t\t<div class=\"elementor-widget-container\">\n\t\t\t\t\t    <div data-dng-c-flip-card class=\"dng-c-flip-card dng-c-flip-card--square dng-c-flip-card--logo\">\n      \n      <div class=\"face back\">\n        <div class=\"flex justify-between gap-xs\">\n          <div>\n                  <div class=\"back-subtitle\">\n      <p>Agrupamento de Escola de Almancil<\/p>          <\/div>\n                  <\/div>\n        <a href=\"https:\/\/portal.avalmancil.pt\/\" target=\"_blank\">\n    <svg width=\"32\" height=\"33\" viewBox=\"0 0 32 33\" fill=\"none\" xmlns=\"http:\/\/www.w3.org\/2000\/svg\" class=\"dng-c-arrow-icon arrow arrow--back\">\n      <rect x=\"0.7\" y=\"1.09209\" width=\"30.6\" height=\"30.6\" rx=\"15.3\" style=\"stroke: var(--arrow-color)\" stroke-width=\"1.4\"\/>\n      <path d=\"M16.0058 8.86258L23.0552 15.9214L16.0058 22.9802M23.0392 15.9214L8.93945 15.9214\" style=\"stroke:var(--arrow-color)\" stroke-width=\"1.4\"\/>\n      <\/svg><\/a>\n          <\/div>\n      <div class=\"back-description\">\n    <p>O Agrupamento \u00e9 composto por sete unidades org\u00e2nicas, que v\u00e3o do pr\u00e9-escolar ao 9\u00ba ano de escolaridade.<\/p>        <\/div>\n        <div class=\"dng-c-socials\">\n        <\/div>\n          <\/div>\n      <div class=\"face front\">\n        <div class=\"thumbnail\">\n    <img decoding=\"async\"  class=\"thumbnail-media\" src=\"https:\/\/loulecriativo.pt\/wp-content\/uploads\/2025\/11\/12-2.png\" alt=\"\">        <\/div>\n        <div class=\"flex justify-between items-start gap-xs\"> \n                <\/div>\n      <\/div>\n    <\/div>\n    \t\t\t\t<\/div>\n\t\t\t\t<\/div>\n\t\t\t\t<div class=\"elementor-element elementor-element-4863023 elementor-widget elementor-widget-dng_flip_card\" data-id=\"4863023\" data-element_type=\"widget\" data-widget_type=\"dng_flip_card.default\">\n\t\t\t\t<div class=\"elementor-widget-container\">\n\t\t\t\t\t    <div data-dng-c-flip-card class=\"dng-c-flip-card dng-c-flip-card--square dng-c-flip-card--logo\">\n      \n      <div class=\"face back\">\n        <div class=\"flex justify-between gap-xs\">\n          <div>\n                  <div class=\"back-subtitle\">\n      <p>Existir<\/p>          <\/div>\n                  <\/div>\n        <a href=\"https:\/\/www.existir.org.pt\/\" target=\"_blank\">\n    <svg width=\"32\" height=\"33\" viewBox=\"0 0 32 33\" fill=\"none\" xmlns=\"http:\/\/www.w3.org\/2000\/svg\" class=\"dng-c-arrow-icon arrow arrow--back\">\n      <rect x=\"0.7\" y=\"1.09209\" width=\"30.6\" height=\"30.6\" rx=\"15.3\" style=\"stroke: var(--arrow-color)\" stroke-width=\"1.4\"\/>\n      <path d=\"M16.0058 8.86258L23.0552 15.9214L16.0058 22.9802M23.0392 15.9214L8.93945 15.9214\" style=\"stroke:var(--arrow-color)\" stroke-width=\"1.4\"\/>\n      <\/svg><\/a>\n          <\/div>\n      <div class=\"back-description\">\n    <p>Na Existir, somos uma equipa comprometida com a inclus\u00e3o social e o bem-estar das comunidades.\u00a0<\/p>        <\/div>\n        <div class=\"dng-c-socials\">\n        <\/div>\n          <\/div>\n      <div class=\"face front\">\n        <div class=\"thumbnail\">\n    <img decoding=\"async\"  class=\"thumbnail-media\" src=\"https:\/\/loulecriativo.pt\/wp-content\/uploads\/2025\/11\/21-2.png\" alt=\"\">        <\/div>\n        <div class=\"flex justify-between items-start gap-xs\"> \n                <\/div>\n      <\/div>\n    <\/div>\n    \t\t\t\t<\/div>\n\t\t\t\t<\/div>\n\t\t\t\t<div class=\"elementor-element elementor-element-42997bb elementor-widget elementor-widget-dng_flip_card\" data-id=\"42997bb\" data-element_type=\"widget\" data-widget_type=\"dng_flip_card.default\">\n\t\t\t\t<div class=\"elementor-widget-container\">\n\t\t\t\t\t    <div data-dng-c-flip-card class=\"dng-c-flip-card dng-c-flip-card--square dng-c-flip-card--logo\">\n      \n      <div class=\"face back\">\n        <div class=\"flex justify-between gap-xs\">\n          <div>\n                  <div class=\"back-subtitle\">\n      <p>Asmal<\/p>          <\/div>\n                  <\/div>\n        <a href=\"https:\/\/www.asmal.org.pt\/\" target=\"_blank\">\n    <svg width=\"32\" height=\"33\" viewBox=\"0 0 32 33\" fill=\"none\" xmlns=\"http:\/\/www.w3.org\/2000\/svg\" class=\"dng-c-arrow-icon arrow arrow--back\">\n      <rect x=\"0.7\" y=\"1.09209\" width=\"30.6\" height=\"30.6\" rx=\"15.3\" style=\"stroke: var(--arrow-color)\" stroke-width=\"1.4\"\/>\n      <path d=\"M16.0058 8.86258L23.0552 15.9214L16.0058 22.9802M23.0392 15.9214L8.93945 15.9214\" style=\"stroke:var(--arrow-color)\" stroke-width=\"1.4\"\/>\n      <\/svg><\/a>\n          <\/div>\n      <div class=\"back-description\">\n    <p>Associa\u00e7\u00e3o de Sa\u00fade Mental do Algarve \u00e9 uma Institui\u00e7\u00e3o Particular de Solidariedade Social<\/p>        <\/div>\n        <div class=\"dng-c-socials\">\n        <\/div>\n          <\/div>\n      <div class=\"face front\">\n        <div class=\"thumbnail\">\n    <img decoding=\"async\"  class=\"thumbnail-media\" src=\"https:\/\/loulecriativo.pt\/wp-content\/uploads\/2025\/11\/13-2.png\" alt=\"\">        <\/div>\n        <div class=\"flex justify-between items-start gap-xs\"> \n                <\/div>\n      <\/div>\n    <\/div>\n    \t\t\t\t<\/div>\n\t\t\t\t<\/div>\n\t\t\t\t<div class=\"elementor-element elementor-element-b1acbe0 elementor-widget elementor-widget-dng_flip_card\" data-id=\"b1acbe0\" data-element_type=\"widget\" data-widget_type=\"dng_flip_card.default\">\n\t\t\t\t<div class=\"elementor-widget-container\">\n\t\t\t\t\t    <div data-dng-c-flip-card class=\"dng-c-flip-card dng-c-flip-card--square dng-c-flip-card--logo\">\n      \n      <div class=\"face back\">\n        <div class=\"flex justify-between gap-xs\">\n          <div>\n                  <div class=\"back-subtitle\">\n      <p>Projeto MUDAKI<\/p>          <\/div>\n                  <\/div>\n        <a href=\"https:\/\/www.facebook.com\/projetomudaki\" target=\"_blank\">\n    <svg width=\"32\" height=\"33\" viewBox=\"0 0 32 33\" fill=\"none\" xmlns=\"http:\/\/www.w3.org\/2000\/svg\" class=\"dng-c-arrow-icon arrow arrow--back\">\n      <rect x=\"0.7\" y=\"1.09209\" width=\"30.6\" height=\"30.6\" rx=\"15.3\" style=\"stroke: var(--arrow-color)\" stroke-width=\"1.4\"\/>\n      <path d=\"M16.0058 8.86258L23.0552 15.9214L16.0058 22.9802M23.0392 15.9214L8.93945 15.9214\" style=\"stroke:var(--arrow-color)\" stroke-width=\"1.4\"\/>\n      <\/svg><\/a>\n          <\/div>\n      <div class=\"back-description\">\n    <p>O projeto Mudaki \u00e9 um projeto inserido na 9a gera\u00e7\u00e3o do Programa Escolhas, promovido pelo IPDJ, IP<\/p>        <\/div>\n        <div class=\"dng-c-socials\">\n        <\/div>\n          <\/div>\n      <div class=\"face front\">\n        <div class=\"thumbnail\">\n    <img decoding=\"async\"  class=\"thumbnail-media\" src=\"https:\/\/loulecriativo.pt\/wp-content\/uploads\/2025\/11\/7-2.png\" alt=\"\">        <\/div>\n        <div class=\"flex justify-between items-start gap-xs\"> \n                <\/div>\n      <\/div>\n    <\/div>\n    \t\t\t\t<\/div>\n\t\t\t\t<\/div>\n\t\t\t\t\t<\/div>\n\t\t\t\t<\/div>\n\t\t\t\t<\/div>\n\t\t","protected":false},"excerpt":{"rendered":"<p>Home Parcerias Institucionais Parcerias Institucionais Com o apoio de entidades p\u00fablicas, privadas, organiza\u00e7\u00f5es culturais e associa\u00e7\u00f5es, estas colabora\u00e7\u00f5es permitem a realiza\u00e7\u00e3o de projetos inovadores, a promo\u00e7\u00e3o de atividades art\u00edsticas e a dinamiza\u00e7\u00e3o do patrim\u00f3nio cultural da regi\u00e3o. UMBIGO \u00c9 uma plataforma cultural sediada em Lisboa, composta por uma revista publicada tr\u00eas vezes por ano e [&hellip;]<\/p>\n","protected":false},"author":2,"featured_media":5747,"parent":0,"menu_order":0,"comment_status":"closed","ping_status":"closed","template":"","meta":{"_acf_changed":false,"footnotes":""},"class_list":["post-1587","page","type-page","status-publish","has-post-thumbnail","hentry"],"acf":[],"yoast_head":"<!-- This site is optimized with the Yoast SEO Premium plugin v25.9 (Yoast SEO v26.5) - https:\/\/yoast.com\/wordpress\/plugins\/seo\/ -->\n<title>Parcerias Institucionais - Loul\u00e9 Criativo<\/title>\n<meta name=\"robots\" content=\"index, follow, max-snippet:-1, max-image-preview:large, max-video-preview:-1\" \/>\n<link rel=\"canonical\" href=\"https:\/\/loulecriativo.pt\/pt\/parcerias-institucionais\/\" \/>\n<meta property=\"og:locale\" content=\"pt_PT\" \/>\n<meta property=\"og:type\" content=\"article\" \/>\n<meta property=\"og:title\" content=\"Parcerias Institucionais\" \/>\n<meta property=\"og:description\" content=\"Home Parcerias Institucionais Parcerias Institucionais Com o apoio de entidades p\u00fablicas, privadas, organiza\u00e7\u00f5es culturais e associa\u00e7\u00f5es, estas colabora\u00e7\u00f5es permitem a realiza\u00e7\u00e3o de projetos inovadores, a promo\u00e7\u00e3o de atividades art\u00edsticas e a dinamiza\u00e7\u00e3o do patrim\u00f3nio cultural da regi\u00e3o. UMBIGO \u00c9 uma plataforma cultural sediada em Lisboa, composta por uma revista publicada tr\u00eas vezes por ano e [&hellip;]\" \/>\n<meta property=\"og:url\" content=\"https:\/\/loulecriativo.pt\/pt\/parcerias-institucionais\/\" \/>\n<meta property=\"og:site_name\" content=\"Loul\u00e9 Criativo\" \/>\n<meta property=\"article:modified_time\" content=\"2025-12-19T16:56:40+00:00\" \/>\n<meta name=\"twitter:card\" content=\"summary_large_image\" \/>\n<meta name=\"twitter:label1\" content=\"Est. reading time\" \/>\n\t<meta name=\"twitter:data1\" content=\"9 minutes\" \/>\n<script type=\"application\/ld+json\" class=\"yoast-schema-graph\">{\"@context\":\"https:\/\/schema.org\",\"@graph\":[{\"@type\":\"WebPage\",\"@id\":\"https:\/\/loulecriativo.pt\/pt\/parcerias-institucionais\/\",\"url\":\"https:\/\/loulecriativo.pt\/pt\/parcerias-institucionais\/\",\"name\":\"Parcerias Institucionais - Loul\u00e9 Criativo\",\"isPartOf\":{\"@id\":\"https:\/\/loulecriativo.pt\/pt\/#website\"},\"primaryImageOfPage\":{\"@id\":\"https:\/\/loulecriativo.pt\/pt\/parcerias-institucionais\/#primaryimage\"},\"image\":{\"@id\":\"https:\/\/loulecriativo.pt\/pt\/parcerias-institucionais\/#primaryimage\"},\"thumbnailUrl\":\"https:\/\/loulecriativo.pt\/wp-content\/uploads\/2025\/09\/Logo-Symbol.svg\",\"datePublished\":\"2025-05-31T19:47:08+00:00\",\"dateModified\":\"2025-12-19T16:56:40+00:00\",\"breadcrumb\":{\"@id\":\"https:\/\/loulecriativo.pt\/pt\/parcerias-institucionais\/#breadcrumb\"},\"inLanguage\":\"pt\",\"potentialAction\":[{\"@type\":\"ReadAction\",\"target\":[\"https:\/\/loulecriativo.pt\/pt\/parcerias-institucionais\/\"]}]},{\"@type\":\"ImageObject\",\"inLanguage\":\"pt\",\"@id\":\"https:\/\/loulecriativo.pt\/pt\/parcerias-institucionais\/#primaryimage\",\"url\":\"https:\/\/loulecriativo.pt\/wp-content\/uploads\/2025\/09\/Logo-Symbol.svg\",\"contentUrl\":\"https:\/\/loulecriativo.pt\/wp-content\/uploads\/2025\/09\/Logo-Symbol.svg\",\"width\":80,\"height\":80},{\"@type\":\"BreadcrumbList\",\"@id\":\"https:\/\/loulecriativo.pt\/pt\/parcerias-institucionais\/#breadcrumb\",\"itemListElement\":[{\"@type\":\"ListItem\",\"position\":1,\"name\":\"Home\",\"item\":\"https:\/\/loulecriativo.pt\/pt\/\"},{\"@type\":\"ListItem\",\"position\":2,\"name\":\"Parcerias Institucionais\"}]},{\"@type\":\"WebSite\",\"@id\":\"https:\/\/loulecriativo.pt\/pt\/#website\",\"url\":\"https:\/\/loulecriativo.pt\/pt\/\",\"name\":\"Loul\u00e9 Criativo\",\"description\":\"\",\"potentialAction\":[{\"@type\":\"SearchAction\",\"target\":{\"@type\":\"EntryPoint\",\"urlTemplate\":\"https:\/\/loulecriativo.pt\/pt\/?s={search_term_string}\"},\"query-input\":{\"@type\":\"PropertyValueSpecification\",\"valueRequired\":true,\"valueName\":\"search_term_string\"}}],\"inLanguage\":\"pt\"}]}<\/script>\n<!-- \/ Yoast SEO Premium plugin. -->","yoast_head_json":{"title":"Parcerias Institucionais - Loul\u00e9 Criativo","robots":{"index":"index","follow":"follow","max-snippet":"max-snippet:-1","max-image-preview":"max-image-preview:large","max-video-preview":"max-video-preview:-1"},"canonical":"https:\/\/loulecriativo.pt\/pt\/parcerias-institucionais\/","og_locale":"pt_PT","og_type":"article","og_title":"Parcerias Institucionais","og_description":"Home Parcerias Institucionais Parcerias Institucionais Com o apoio de entidades p\u00fablicas, privadas, organiza\u00e7\u00f5es culturais e associa\u00e7\u00f5es, estas colabora\u00e7\u00f5es permitem a realiza\u00e7\u00e3o de projetos inovadores, a promo\u00e7\u00e3o de atividades art\u00edsticas e a dinamiza\u00e7\u00e3o do patrim\u00f3nio cultural da regi\u00e3o. UMBIGO \u00c9 uma plataforma cultural sediada em Lisboa, composta por uma revista publicada tr\u00eas vezes por ano e [&hellip;]","og_url":"https:\/\/loulecriativo.pt\/pt\/parcerias-institucionais\/","og_site_name":"Loul\u00e9 Criativo","article_modified_time":"2025-12-19T16:56:40+00:00","twitter_card":"summary_large_image","twitter_misc":{"Est. reading time":"9 minutes"},"schema":{"@context":"https:\/\/schema.org","@graph":[{"@type":"WebPage","@id":"https:\/\/loulecriativo.pt\/pt\/parcerias-institucionais\/","url":"https:\/\/loulecriativo.pt\/pt\/parcerias-institucionais\/","name":"Parcerias Institucionais - Loul\u00e9 Criativo","isPartOf":{"@id":"https:\/\/loulecriativo.pt\/pt\/#website"},"primaryImageOfPage":{"@id":"https:\/\/loulecriativo.pt\/pt\/parcerias-institucionais\/#primaryimage"},"image":{"@id":"https:\/\/loulecriativo.pt\/pt\/parcerias-institucionais\/#primaryimage"},"thumbnailUrl":"https:\/\/loulecriativo.pt\/wp-content\/uploads\/2025\/09\/Logo-Symbol.svg","datePublished":"2025-05-31T19:47:08+00:00","dateModified":"2025-12-19T16:56:40+00:00","breadcrumb":{"@id":"https:\/\/loulecriativo.pt\/pt\/parcerias-institucionais\/#breadcrumb"},"inLanguage":"pt","potentialAction":[{"@type":"ReadAction","target":["https:\/\/loulecriativo.pt\/pt\/parcerias-institucionais\/"]}]},{"@type":"ImageObject","inLanguage":"pt","@id":"https:\/\/loulecriativo.pt\/pt\/parcerias-institucionais\/#primaryimage","url":"https:\/\/loulecriativo.pt\/wp-content\/uploads\/2025\/09\/Logo-Symbol.svg","contentUrl":"https:\/\/loulecriativo.pt\/wp-content\/uploads\/2025\/09\/Logo-Symbol.svg","width":80,"height":80},{"@type":"BreadcrumbList","@id":"https:\/\/loulecriativo.pt\/pt\/parcerias-institucionais\/#breadcrumb","itemListElement":[{"@type":"ListItem","position":1,"name":"Home","item":"https:\/\/loulecriativo.pt\/pt\/"},{"@type":"ListItem","position":2,"name":"Parcerias Institucionais"}]},{"@type":"WebSite","@id":"https:\/\/loulecriativo.pt\/pt\/#website","url":"https:\/\/loulecriativo.pt\/pt\/","name":"Loul\u00e9 Criativo","description":"","potentialAction":[{"@type":"SearchAction","target":{"@type":"EntryPoint","urlTemplate":"https:\/\/loulecriativo.pt\/pt\/?s={search_term_string}"},"query-input":{"@type":"PropertyValueSpecification","valueRequired":true,"valueName":"search_term_string"}}],"inLanguage":"pt"}]}},"_links":{"self":[{"href":"https:\/\/loulecriativo.pt\/pt\/wp-json\/wp\/v2\/pages\/1587","targetHints":{"allow":["GET"]}}],"collection":[{"href":"https:\/\/loulecriativo.pt\/pt\/wp-json\/wp\/v2\/pages"}],"about":[{"href":"https:\/\/loulecriativo.pt\/pt\/wp-json\/wp\/v2\/types\/page"}],"author":[{"embeddable":true,"href":"https:\/\/loulecriativo.pt\/pt\/wp-json\/wp\/v2\/users\/2"}],"replies":[{"embeddable":true,"href":"https:\/\/loulecriativo.pt\/pt\/wp-json\/wp\/v2\/comments?post=1587"}],"version-history":[{"count":20,"href":"https:\/\/loulecriativo.pt\/pt\/wp-json\/wp\/v2\/pages\/1587\/revisions"}],"predecessor-version":[{"id":14994,"href":"https:\/\/loulecriativo.pt\/pt\/wp-json\/wp\/v2\/pages\/1587\/revisions\/14994"}],"wp:featuredmedia":[{"embeddable":true,"href":"https:\/\/loulecriativo.pt\/pt\/wp-json\/wp\/v2\/media\/5747"}],"wp:attachment":[{"href":"https:\/\/loulecriativo.pt\/pt\/wp-json\/wp\/v2\/media?parent=1587"}],"curies":[{"name":"wp","href":"https:\/\/api.w.org\/{rel}","templated":true}]}}