{"id":7913,"date":"2025-09-25T13:31:56","date_gmt":"2025-09-25T13:31:56","guid":{"rendered":"https:\/\/loulecriativo.pt\/?page_id=7913"},"modified":"2026-01-05T12:00:44","modified_gmt":"2026-01-05T12:00:44","slug":"artesaos-de-loule","status":"publish","type":"page","link":"https:\/\/loulecriativo.pt\/pt\/projects\/artesaos-de-loule\/","title":{"rendered":"Artes\u00e3os de Loul\u00e9"},"content":{"rendered":"\t\t<div data-elementor-type=\"wp-page\" data-elementor-id=\"7913\" class=\"elementor elementor-7913\" data-elementor-post-type=\"page\">\n\t\t\t\t<div class=\"elementor-element elementor-element-ab4aab3 e-con-full e-flex e-con e-parent\" data-id=\"ab4aab3\" data-element_type=\"container\" data-settings=\"{&quot;jet_parallax_layout_list&quot;:[]}\">\n\t\t\t\t<div class=\"elementor-element elementor-element-ed78b83 elementor-widget elementor-widget-dng_square_space\" data-id=\"ed78b83\" data-element_type=\"widget\" data-widget_type=\"dng_square_space.default\">\n\t\t\t\t<div class=\"elementor-widget-container\">\n\t\t\t\t\t    <div \n      data-dng-c-square-space\n      class=\"dng-c-square-space bg-theme sm:h-[calc(100svh-var(--dng-header-height))] flex flex-col sm:flex-row \">\n        <div class=\"w-full sm:h-[calc(100svh-var(--dng-header-height))] sm:w-[50vw] p-sm sm:p-[18px_72px_72px] relative bg-theme text-theme-text flex flex-col gap-sm sm:gap-lg content\" data-content>\n          <div data-content-item class=\"content-item\">\n          <div data-dng-c-breadcrumbs class=\"dng-c-breadcrumbs flex items-center justify-start gap-xxs\">\n      \n        <a\n     class=\"whitespace-nowrap overflow-ellipsis overflow-hidden text-body-2 item !text-inherit text-[var(--dng-text-color), var(--wp--preset--color--brown))]\" \n      href=\"https:\/\/loulecriativo.pt\/pt\/\" \n        >\n    Home\n<\/a>\n        <svg class=\"separator\" width=\"6\" height=\"10\" viewBox=\"0 0 6 10\" fill=\"none\" xmlns=\"http:\/\/www.w3.org\/2000\/svg\">\n          <path d=\"M6.00005 5L1.00005 10L0.300049 9.3L4.60005 5L0.300049 0.7L1.00005 0L6.00005 5Z\" fill=\"var(--dng-text-color, var(--wp--preset--color--brown))\"\/>\n        <\/svg>\n        <a\n     class=\"whitespace-nowrap overflow-ellipsis overflow-hidden text-body-2 item !text-inherit text-[var(--dng-text-color), var(--wp--preset--color--brown))]\" \n      href=\"https:\/\/loulecriativo.pt\/pt\/projects\/\" \n        >\n    Projetos\n<\/a>\n        <svg class=\"separator\" width=\"6\" height=\"10\" viewBox=\"0 0 6 10\" fill=\"none\" xmlns=\"http:\/\/www.w3.org\/2000\/svg\">\n          <path d=\"M6.00005 5L1.00005 10L0.300049 9.3L4.60005 5L0.300049 0.7L1.00005 0L6.00005 5Z\" fill=\"var(--dng-text-color, var(--wp--preset--color--brown))\"\/>\n        <\/svg>\n          <div class=\"current-page text-body-2 whitespace-nowrap overflow-ellipsis overflow-hidden\">\n      Artes\u00e3os de Loul\u00e9    <\/div>\n          <\/div>\n          <\/div>\n            <h1 class=\"!text-t2 sm:!text-t1 !text-inherit content-item hyphens-auto break-words !whitespace-normal\" data-content-item>Artes\u00e3os de Loul\u00e9<\/h1>\n      <div data-content-item class=\"!text-body-1 !text-inherit sm:mt-auto content-item\">\n    <p>Os residentes da comunidade criativa Design Lab e os artes\u00e3os da rede de oficinas do Loul\u00e9 Criativo foram desafiados com o objetivo de desenvolverem um novo produto dentro do universo de trabalho de cada artes\u00e3o.<\/p>      <\/div>\n    <\/div>\n        <div class=\"w-full md:w-[50vw]\">\n    <img decoding=\"async\"  class=\"object-cover object-center w-full !h-full hidden md:block\" src=\"https:\/\/loulecriativo.pt\/wp-content\/uploads\/2025\/09\/Design-sem-nome-1-e1758797608331.jpg\" alt=\"\">    \n    <\/div>\n    \n     \n    \t\t\t\t<\/div>\n\t\t\t\t<\/div>\n\t\t\t\t<\/div>\n\t\t<div class=\"elementor-element elementor-element-bf1c5eb e-flex e-con-boxed e-con e-parent\" data-id=\"bf1c5eb\" data-element_type=\"container\" data-settings=\"{&quot;jet_parallax_layout_list&quot;:[],&quot;background_background&quot;:&quot;classic&quot;}\">\n\t\t\t\t\t<div class=\"e-con-inner\">\n\t\t\t\t<div class=\"elementor-element elementor-element-ab79aae elementor-widget elementor-widget-text-editor\" data-id=\"ab79aae\" data-element_type=\"widget\" data-widget_type=\"text-editor.default\">\n\t\t\t\t<div class=\"elementor-widget-container\">\n\t\t\t\t\t\t\t\t\t<h1>Duplas colaborativas entre designers e artes\u00e3os<\/h1>\t\t\t\t\t\t\t\t<\/div>\n\t\t\t\t<\/div>\n\t\t\t\t<div class=\"elementor-element elementor-element-a70e4a8 elementor-widget elementor-widget-text-editor\" data-id=\"a70e4a8\" data-element_type=\"widget\" data-widget_type=\"text-editor.default\">\n\t\t\t\t<div class=\"elementor-widget-container\">\n\t\t\t\t\t\t\t\t\t<p>O Design Lab desafiou os residentes da sua comunidade criativa e os artes\u00e3os da rede de oficinas do Loul\u00e9 Criativo a formarem duplas colaborativas, com o objetivo de desenvolverem um novo produto dentro do universo de trabalho de cada artes\u00e3o. A partir daqui gerou-se o di\u00e1logo, discutiram-se ideias e construiu-se uma cumplicidade criativa. Na sequ\u00eancia deste processo de escuta ativa, o designer colocou as suas propostas a discuss\u00e3o, seguindo-se um processo de desenvolvimento conjunto, onde a flexibilidade e disponibilidade m\u00fatua gerou resultados surpreendentes.<\/p><p>Os objetos s\u00e3o agora perten\u00e7a dos artes\u00e3os e ser\u00e3o vendidos nos seus circuitos habituais, sendo que as margens para altera\u00e7\u00f5es aos mesmos foram definidas com o designer. Este feliz encontro de diferentes gera\u00e7\u00f5es e origens foi enriquecedor para todos. Renovam-se os saberes e encontram-se novas possibilidades para a constru\u00e7\u00e3o da contemporaneidade e do futuro das artes tradicionais. \u00c9 esta a a\u00e7\u00e3o do Loul\u00e9 Criativo.<\/p><p>Conhe\u00e7a o nosso <a href=\"https:\/\/loulecriativo.pt\/wp-content\/uploads\/2025\/09\/FolhetoPromocional_ArtesaodeLoule_PT_EN.pdf\" target=\"_blank\" rel=\"noopener\"><span style=\"text-decoration: underline;\"><strong>folheto promocional da exposi\u00e7\u00e3o Artes\u00e3os de Loul\u00e9<\/strong><\/span>.<\/a><\/p>\t\t\t\t\t\t\t\t<\/div>\n\t\t\t\t<\/div>\n\t\t\t\t\t<\/div>\n\t\t\t\t<\/div>\n\t\t<div class=\"elementor-element elementor-element-840c28e e-flex e-con-boxed e-con e-parent\" data-id=\"840c28e\" data-element_type=\"container\" data-settings=\"{&quot;jet_parallax_layout_list&quot;:[],&quot;background_background&quot;:&quot;classic&quot;}\">\n\t\t\t\t\t<div class=\"e-con-inner\">\n\t\t\t\t<div class=\"elementor-element elementor-element-f33be77 elementor-widget elementor-widget-dng_original_slideshow\" data-id=\"f33be77\" data-element_type=\"widget\" data-widget_type=\"dng_original_slideshow.default\">\n\t\t\t\t<div class=\"elementor-widget-container\">\n\t\t\t\t\t<div data-dng-c-slideshow class=\"dng-c-slideshow h-full\">\n      <div class=\"swiper h-full\">\n        <div class=\"swiper-wrapper h-full\">\n            <div class=\"swiper-slide h-full overflow-hidden w-auto aspect-[16\/8]\">\n      <img decoding=\"async\"  class=\"w-full !h-full object-cover object-center\" src=\"https:\/\/loulecriativo.pt\/wp-content\/uploads\/2025\/09\/9o-Algarve-Design-Meeting-CTP\u00ae-Faro-21-05-2019-103-1920x1080.jpg\" alt=\"\">          <\/div>\n                  <\/div>\n                  <div class=\"swiper-pagination\"><\/div>\n                      <\/div>\n    <\/div>\n    \t\t\t\t<\/div>\n\t\t\t\t<\/div>\n\t\t\t\t\t<\/div>\n\t\t\t\t<\/div>\n\t\t<div class=\"elementor-element elementor-element-c341b0f e-con-full e-flex e-con e-parent\" data-id=\"c341b0f\" data-element_type=\"container\" data-settings=\"{&quot;jet_parallax_layout_list&quot;:[],&quot;background_background&quot;:&quot;classic&quot;}\">\n\t\t<div class=\"elementor-element elementor-element-fd58e46 e-con-full e-flex e-con e-child\" data-id=\"fd58e46\" data-element_type=\"container\" data-settings=\"{&quot;jet_parallax_layout_list&quot;:[]}\">\n\t\t\t\t<div class=\"elementor-element elementor-element-d37f11c e-n-tabs-none elementor-widget elementor-widget-n-tabs\" data-id=\"d37f11c\" data-element_type=\"widget\" data-settings=\"{&quot;tabs_justify_horizontal&quot;:&quot;stretch&quot;,&quot;tabs_justify_horizontal_mobile&quot;:&quot;start&quot;,&quot;horizontal_scroll&quot;:&quot;enable&quot;}\" data-widget_type=\"nested-tabs.default\">\n\t\t\t\t<div class=\"elementor-widget-container\">\n\t\t\t\t\t\t\t<div class=\"e-n-tabs\" data-widget-number=\"221770012\" aria-label=\"Tabs. Open items with Enter or Space, close with Escape and navigate using the Arrow keys.\">\n\t\t\t<div class=\"e-n-tabs-heading\" role=\"tablist\">\n\t\t\t\t\t<button id=\"produtos\" class=\"e-n-tab-title\" aria-selected=\"true\" data-tab-index=\"1\" role=\"tab\" tabindex=\"0\" aria-controls=\"e-n-tab-content-2217700121\" style=\"--n-tabs-title-order: 1;\">\n\t\t\t\t\t\t<span class=\"e-n-tab-title-text\">\n\t\t\t\tDuplas Criativas\t\t\t<\/span>\n\t\t<\/button>\n\t\t\t\t<button id=\"economia-circular\" class=\"e-n-tab-title\" aria-selected=\"false\" data-tab-index=\"2\" role=\"tab\" tabindex=\"-1\" aria-controls=\"e-n-tab-content-2217700122\" style=\"--n-tabs-title-order: 2;\">\n\t\t\t\t\t\t<span class=\"e-n-tab-title-text\">\n\t\t\t\tExposi\u00e7\u00f5es\t\t\t<\/span>\n\t\t<\/button>\n\t\t\t\t<button id=\"processo\" class=\"e-n-tab-title\" aria-selected=\"false\" data-tab-index=\"3\" role=\"tab\" tabindex=\"-1\" aria-controls=\"e-n-tab-content-2217700123\" style=\"--n-tabs-title-order: 3;\">\n\t\t\t\t\t\t<span class=\"e-n-tab-title-text\">\n\t\t\t\tProjectos\t\t\t<\/span>\n\t\t<\/button>\n\t\t\t\t\t<\/div>\n\t\t\t<div class=\"e-n-tabs-content\">\n\t\t\t\t<div id=\"e-n-tab-content-2217700121\" role=\"tabpanel\" aria-labelledby=\"produtos\" data-tab-index=\"1\" style=\"--n-tabs-title-order: 1;\" class=\"e-active elementor-element elementor-element-05c2b06 e-con-full e-flex e-con e-child\" data-id=\"05c2b06\" data-element_type=\"container\" data-settings=\"{&quot;jet_parallax_layout_list&quot;:[]}\">\n\t\t<div class=\"elementor-element elementor-element-7f91c77 e-grid e-con-boxed e-con e-child\" data-id=\"7f91c77\" data-element_type=\"container\" data-settings=\"{&quot;jet_parallax_layout_list&quot;:[]}\">\n\t\t\t\t\t<div class=\"e-con-inner\">\n\t\t\t\t<div class=\"elementor-element elementor-element-8ec1cc5 elementor-widget elementor-widget-dng_flip_card\" data-id=\"8ec1cc5\" data-element_type=\"widget\" data-widget_type=\"dng_flip_card.default\">\n\t\t\t\t<div class=\"elementor-widget-container\">\n\t\t\t\t\t    <div data-dng-c-flip-card class=\"dng-c-flip-card\">\n      \n      <div class=\"face back\">\n        <div class=\"flex justify-between gap-xs\">\n          <div>\n              <div class=\"back-title\">\n      DEGRAD\u00ca          <\/div>\n                        <div class=\"back-subtitle\">\n      <p><br \/><strong>Maria Odete Rocha<\/strong>, artes\u00e3 empreita<br \/><strong>Sandra Louro<\/strong>, Designer de Equipamento \u2013 FBAUL<br \/><strong>Catarina Guerreiro<\/strong>, Designer de Comunica\u00e7\u00e3o - FBAUL<\/p>          <\/div>\n                  <\/div>\n          <\/div>\n      <div class=\"back-description\">\n    <p>Com tampa ou sem tampa, esta mala de ombro de formato retangular \u00e9 muito funcional, ser\u00e1 facilmente apreciada pelo<br \/>p\u00fablico, e permite auto-sufici\u00eancia na produ\u00e7\u00e3o. A mancha gradual verde atravessa<br \/>a palma branca em intervalos irregulares, tornando a cria\u00e7\u00e3o de cada pe\u00e7a livre e \u00fanica.<\/p><p>T\u00e9cnicas: empreita de palma, baracinha, estampa e degrad\u00ea de palma tingida.<br \/>Materiais usados: palma, corantes de tingimento para palma.<\/p>        <\/div>\n        <div class=\"dng-c-socials\">\n        <\/div>\n          <\/div>\n      <div class=\"face front\">\n        <div class=\"thumbnail\">\n    <img decoding=\"async\"  class=\"thumbnail-media\" src=\"https:\/\/loulecriativo.pt\/wp-content\/uploads\/2025\/09\/catguerreiro-scaled-e1758720652708.jpg\" alt=\"\">        <\/div>\n        <div class=\"flex justify-between items-start gap-xs\"> \n            <h3 class=\"front-title mb-auto\">\n      DEGRAD\u00ca        <\/h3>\n                    <\/div>\n      <\/div>\n    <\/div>\n    \t\t\t\t<\/div>\n\t\t\t\t<\/div>\n\t\t\t\t<div class=\"elementor-element elementor-element-be20214 elementor-widget elementor-widget-dng_flip_card\" data-id=\"be20214\" data-element_type=\"widget\" data-widget_type=\"dng_flip_card.default\">\n\t\t\t\t<div class=\"elementor-widget-container\">\n\t\t\t\t\t    <div data-dng-c-flip-card class=\"dng-c-flip-card\">\n      \n      <div class=\"face back\">\n        <div class=\"flex justify-between gap-xs\">\n          <div>\n              <div class=\"back-title\">\n      REQUINTE QUOTIDIANO          <\/div>\n                        <div class=\"back-subtitle\">\n      <p><br \/><strong>Maria Valentina Silva<\/strong>, artes\u00e3\u00a0empreita<br \/><strong>Sofia Correia, <\/strong>Arquiteta \u2013 FA.ULisboa<\/p>          <\/div>\n                  <\/div>\n          <\/div>\n      <div class=\"back-description\">\n    <p>Caixas em empreita para guardanapos ou para panos do p\u00f3 luxo de ser o pr\u00f3prio a cuidar da sua casa, como da pr\u00f3pria alma, incita o recurso a materiais naturais e a t\u00e9cnicas artesanais que ressoem com uma busca interior de sustentabilidade. A fina palma \u00e9 real\u00e7ada sem cor, o retangular \u00e9 vers\u00e1til para arrumar, os tecidos s\u00e3o reutilizados e carimbados com um cunho inspirado na artes\u00e3 jovem. Que cada pe\u00e7a comunique 54 anos de empreita mais 30 de limpezas.<\/p><p>Materiais: empreita em palma fina, fita em tecido carimbado, bot\u00e3o e panos reutilizados.<\/p>        <\/div>\n        <div class=\"dng-c-socials\">\n        <\/div>\n          <\/div>\n      <div class=\"face front\">\n        <div class=\"thumbnail\">\n    <img decoding=\"async\"  class=\"thumbnail-media\" src=\"https:\/\/loulecriativo.pt\/wp-content\/uploads\/2025\/09\/ValentinaSofia.jpg\" alt=\"\">        <\/div>\n        <div class=\"flex justify-between items-start gap-xs\"> \n            <h3 class=\"front-title mb-auto\">\n      REQUINTE QUOTIDIANO        <\/h3>\n                    <\/div>\n      <\/div>\n    <\/div>\n    \t\t\t\t<\/div>\n\t\t\t\t<\/div>\n\t\t\t\t<div class=\"elementor-element elementor-element-1c48a70 elementor-widget elementor-widget-dng_flip_card\" data-id=\"1c48a70\" data-element_type=\"widget\" data-widget_type=\"dng_flip_card.default\">\n\t\t\t\t<div class=\"elementor-widget-container\">\n\t\t\t\t\t    <div data-dng-c-flip-card class=\"dng-c-flip-card\">\n      \n      <div class=\"face back\">\n        <div class=\"flex justify-between gap-xs\">\n          <div>\n              <div class=\"back-title\">\n      CAL\u00c7AS \u201cEMPREITADAS\u201d          <\/div>\n                        <div class=\"back-subtitle\">\n      <p><strong><br \/>Maria Cremilde Louren\u00e7o<\/strong>, artes\u00e3 Empreita<br \/><strong>Ver\u00f3nica Guerreiro, <\/strong>Designer de Produto \u2013 FA.ULisboa<\/p>          <\/div>\n                  <\/div>\n          <\/div>\n      <div class=\"back-description\">\n    <p>Era uma vez umas cal\u00e7as de ganga j\u00e1 usadas, cansadas e gastas. Certo dia, encontraram<br \/>umas Palmas a caminho de uma \u201cempreita\u201d, depressa fizeram amizade e juntaram-se no<br \/>mesmo caminho. Quis o destino, que umas m\u00e3os habilidosas as encontrassem juntas, e rapidamente as transformassem numa cole\u00e7\u00e3o de bolsas e bolsinhas, novinhas e viva\u00e7as,<br \/>prontas para uma nova vida.<\/p><p>Materiais: palma, ganga e serapilheira.<\/p>        <\/div>\n        <div class=\"dng-c-socials\">\n        <\/div>\n          <\/div>\n      <div class=\"face front\">\n        <div class=\"thumbnail\">\n    <img decoding=\"async\"  class=\"thumbnail-media\" src=\"https:\/\/loulecriativo.pt\/wp-content\/uploads\/2025\/09\/veronicaguerreiro-scaled.jpg\" alt=\"\">        <\/div>\n        <div class=\"flex justify-between items-start gap-xs\"> \n            <h3 class=\"front-title mb-auto\">\n      CAL\u00c7AS \u201cEMPREITADAS\u201d        <\/h3>\n                    <\/div>\n      <\/div>\n    <\/div>\n    \t\t\t\t<\/div>\n\t\t\t\t<\/div>\n\t\t\t\t<div class=\"elementor-element elementor-element-ca76edf elementor-widget elementor-widget-dng_flip_card\" data-id=\"ca76edf\" data-element_type=\"widget\" data-widget_type=\"dng_flip_card.default\">\n\t\t\t\t<div class=\"elementor-widget-container\">\n\t\t\t\t\t    <div data-dng-c-flip-card class=\"dng-c-flip-card\">\n      \n      <div class=\"face back\">\n        <div class=\"flex justify-between gap-xs\">\n          <div>\n              <div class=\"back-title\">\n      VASOS DE PALMA          <\/div>\n                        <div class=\"back-subtitle\">\n      <p><strong><br \/>Maria Margarida Cortez Ferreira, <\/strong>artes\u00e3\u00a0empreita.<br \/><strong>Jorge dos Santos, <\/strong>artes\u00e3o empreita<br \/><strong>Ana Hermenegildo,\u00a0 <\/strong>Designer Industrial - ESAD.CR Est\u00e1gio Curricular no Loul\u00e9 Design Lab<\/p>          <\/div>\n                  <\/div>\n          <\/div>\n      <div class=\"back-description\">\n    <p>Embora sob a d\u00favida se a palma conseguiria ou n\u00e3o sustentar o peso de um vaso, Margarida e Jorge n\u00e3o hesitaram em deitar as suas m\u00e3os seguras e experientes ao desafio. Curioso neste projeto foi o facto de o material n\u00e3o se deixar moldar facilmente, pelo contr\u00e1rio, foi a palma que nos conduziu at\u00e9 ao<br \/>resultado final. <br \/><br \/>T\u00e9cnicas: baracinha e malha de palma. Materiais: palma e barro vermelho<\/p>        <\/div>\n        <div class=\"dng-c-socials\">\n        <\/div>\n          <\/div>\n      <div class=\"face front\">\n        <div class=\"thumbnail\">\n    <img decoding=\"async\"  class=\"thumbnail-media\" src=\"https:\/\/loulecriativo.pt\/wp-content\/uploads\/2025\/09\/ana-hermenegildo.jpeg\" alt=\"\">        <\/div>\n        <div class=\"flex justify-between items-start gap-xs\"> \n            <h3 class=\"front-title mb-auto\">\n      VASOS DE PALMA        <\/h3>\n                    <\/div>\n      <\/div>\n    <\/div>\n    \t\t\t\t<\/div>\n\t\t\t\t<\/div>\n\t\t\t\t<div class=\"elementor-element elementor-element-8d22f01 elementor-widget elementor-widget-dng_flip_card\" data-id=\"8d22f01\" data-element_type=\"widget\" data-widget_type=\"dng_flip_card.default\">\n\t\t\t\t<div class=\"elementor-widget-container\">\n\t\t\t\t\t    <div data-dng-c-flip-card class=\"dng-c-flip-card\">\n      \n      <div class=\"face back\">\n        <div class=\"flex justify-between gap-xs\">\n          <div>\n              <div class=\"back-title\">\n      IGN\u00c1TIA          <\/div>\n                        <div class=\"back-subtitle\">\n      <p><br \/><strong>In\u00e1cia Coelho, <\/strong>artes\u00e3 empreita<br \/><strong>Sandra Neto, <\/strong>Arquiteta \u2013 FA.ULisboa.<br \/><br \/><\/p>          <\/div>\n                  <\/div>\n          <\/div>\n      <div class=\"back-description\">\n    <p>D. In\u00e1cia \u00e9 mestre na t\u00e9cnica das tran\u00e7as repassadas (sobrepostas e costuradas no rebordo) e faz quest\u00e3o de ser ela a pigmentar as folhas com matizes de cor muito particulares. Surgiu-nos a ideia de entrela\u00e7ar as tran\u00e7as alternadamente, descobrindo outro modo de formar superf\u00edcies de palma, sem recurso \u00e0 costura, e minimizando tempo, material e recursos. Produzimos assim um \u201cpano\u201d de empreita, bicolor, cont\u00ednuo e mold\u00e1vel, apto, por inteiro, a formar uma bolsa \u2013 claramente um dos objetos preferidos da D. In\u00e1cia.<\/p><p>Materiais: palma enxofrada com pigmento.<\/p>        <\/div>\n        <div class=\"dng-c-socials\">\n        <\/div>\n          <\/div>\n      <div class=\"face front\">\n        <div class=\"thumbnail\">\n    <img decoding=\"async\"  class=\"thumbnail-media\" src=\"https:\/\/loulecriativo.pt\/wp-content\/uploads\/2025\/09\/IMG_8669.jpg\" alt=\"\">        <\/div>\n        <div class=\"flex justify-between items-start gap-xs\"> \n            <h3 class=\"front-title mb-auto\">\n      IGN\u00c1TIA        <\/h3>\n                    <\/div>\n      <\/div>\n    <\/div>\n    \t\t\t\t<\/div>\n\t\t\t\t<\/div>\n\t\t\t\t<div class=\"elementor-element elementor-element-8fa9835 elementor-widget elementor-widget-dng_flip_card\" data-id=\"8fa9835\" data-element_type=\"widget\" data-widget_type=\"dng_flip_card.default\">\n\t\t\t\t<div class=\"elementor-widget-container\">\n\t\t\t\t\t    <div data-dng-c-flip-card class=\"dng-c-flip-card\">\n      \n      <div class=\"face back\">\n        <div class=\"flex justify-between gap-xs\">\n          <div>\n              <div class=\"back-title\">\n      A REMANESCENTE COCA          <\/div>\n                        <div class=\"back-subtitle\">\n      <p>\u00a0<\/p><p><strong>Maria Almerinda Miguel<\/strong>, artes\u00e3 empreita<br \/><strong>Paulo Tom\u00e9,<\/strong> Artista<\/p>          <\/div>\n                  <\/div>\n          <\/div>\n      <div class=\"back-description\">\n    <p>O inesperado surgiu em conversa entre os intervenientes deste projeto. Ao sabor do tempo e do vento, falou-se da inf\u00e2ncia e dos intemporais requisitos trazidos pelo cora\u00e7\u00e3o. Com o prop\u00f3sito de preservar velhas tradi\u00e7\u00f5es, o conseguido deu consist\u00eancia real ao pretendido. E da troca de ideias livres e espont\u00e2neas, nasceu a capa de pastor com capuz e o bloco de notas adequado ao pastoreio - sendo este tamb\u00e9m, como muitos, um artista.<\/p><p>Materiais dos blocos: Madeira<br \/>reutilizada, cabedal vegan, papel, ferro.<\/p><p>T\u00e9cnicas do capote: empreita de 13 ramais,simples e ripado.<\/p>        <\/div>\n        <div class=\"dng-c-socials\">\n        <\/div>\n          <\/div>\n      <div class=\"face front\">\n        <div class=\"thumbnail\">\n    <img decoding=\"async\"  class=\"thumbnail-media\" src=\"https:\/\/loulecriativo.pt\/wp-content\/uploads\/2025\/09\/paulo-tome\u2560u-scaled.jpg\" alt=\"\">        <\/div>\n        <div class=\"flex justify-between items-start gap-xs\"> \n            <h3 class=\"front-title mb-auto\">\n      A REMANESCENTE COCA        <\/h3>\n                    <\/div>\n      <\/div>\n    <\/div>\n    \t\t\t\t<\/div>\n\t\t\t\t<\/div>\n\t\t\t\t<div class=\"elementor-element elementor-element-47fe9c1 elementor-widget elementor-widget-dng_flip_card\" data-id=\"47fe9c1\" data-element_type=\"widget\" data-widget_type=\"dng_flip_card.default\">\n\t\t\t\t<div class=\"elementor-widget-container\">\n\t\t\t\t\t    <div data-dng-c-flip-card class=\"dng-c-flip-card\">\n      \n      <div class=\"face back\">\n        <div class=\"flex justify-between gap-xs\">\n          <div>\n              <div class=\"back-title\">\n      CAIXAS          <\/div>\n                        <div class=\"back-subtitle\">\n      <p><strong><br \/>Maria Duartina Mendes<\/strong>, artes\u00e3\u00a0empreita<br \/><strong>Jo\u00e3o Carrilho,<\/strong> Communication Art &amp; Design, Royal College of Art, London.<\/p>          <\/div>\n                  <\/div>\n          <\/div>\n      <div class=\"back-description\">\n    <p>Numa tentativa de repensar a funcionalidade de algumas das pe\u00e7as mais tradicionais na empreita, como a Balsa (um tipo de bolsa usada pelos pastores para levar almo\u00e7o<br \/>e pertences pessoais para o campo), simplificamos estas pe\u00e7as com a introdu\u00e7\u00e3o<br \/>de formas geom\u00e9tricas e a adi\u00e7\u00e3o de pequenos detalhes em cabedal. O resultado s\u00e3o tr\u00eas objetos que chamamos de Caixas e que se adaptam \u00e0 vida moderna na sua multifuncionalidade.<\/p><p>Materiais: empreita (palma), cabedal, cord\u00e3o de couro.<\/p>        <\/div>\n        <div class=\"dng-c-socials\">\n        <\/div>\n          <\/div>\n      <div class=\"face front\">\n        <div class=\"thumbnail\">\n    <img decoding=\"async\"  class=\"thumbnail-media\" src=\"https:\/\/loulecriativo.pt\/wp-content\/uploads\/2025\/09\/Joao_Duartina.jpg\" alt=\"\">        <\/div>\n        <div class=\"flex justify-between items-start gap-xs\"> \n            <h3 class=\"front-title mb-auto\">\n      CAIXAS        <\/h3>\n                    <\/div>\n      <\/div>\n    <\/div>\n    \t\t\t\t<\/div>\n\t\t\t\t<\/div>\n\t\t\t\t<div class=\"elementor-element elementor-element-3a2a1d8 elementor-widget elementor-widget-dng_flip_card\" data-id=\"3a2a1d8\" data-element_type=\"widget\" data-widget_type=\"dng_flip_card.default\">\n\t\t\t\t<div class=\"elementor-widget-container\">\n\t\t\t\t\t    <div data-dng-c-flip-card class=\"dng-c-flip-card\">\n      \n      <div class=\"face back\">\n        <div class=\"flex justify-between gap-xs\">\n          <div>\n              <div class=\"back-title\">\n      OITO          <\/div>\n                        <div class=\"back-subtitle\">\n      <p>\u00a0<\/p><p><strong>Alzira Maria Neves<\/strong>, artes\u00e3 empreita<br \/><strong>Pedro Ramalhete, <\/strong>Doutorado em Design \u2013 Univ. Aveiro.<br \/><br \/><\/p>          <\/div>\n                  <\/div>\n          <\/div>\n      <div class=\"back-description\">\n    <p>Numa primeira fase, e seguindo as linhas orientadores deste desafio, comecei por tentar perceber a t\u00e9cnica da D. Alzira,<br \/>conhecer as suas pe\u00e7as e os artefactos que gosta de construir. A parceria foi progredindo, surgiram diversas ideias, mas opt\u00e1mos pelo conceito mais invulgar. Nasceu assim, das m\u00e3os da Dona Alzira, o \u201coito\u201d, um saco de empreita que permite separar o que transportamos nas duas divis\u00f3rias que cont\u00e9m.<\/p><p>Materiais: empreita e tecido de linho (al\u00e7a).<\/p>        <\/div>\n        <div class=\"dng-c-socials\">\n        <\/div>\n          <\/div>\n      <div class=\"face front\">\n        <div class=\"thumbnail\">\n    <img decoding=\"async\"  class=\"thumbnail-media\" src=\"https:\/\/loulecriativo.pt\/wp-content\/uploads\/2025\/09\/ramalhete2-scaled-e1758720812472.jpg\" alt=\"\">        <\/div>\n        <div class=\"flex justify-between items-start gap-xs\"> \n            <h3 class=\"front-title mb-auto\">\n      OITO        <\/h3>\n                    <\/div>\n      <\/div>\n    <\/div>\n    \t\t\t\t<\/div>\n\t\t\t\t<\/div>\n\t\t\t\t<div class=\"elementor-element elementor-element-d5971cf elementor-widget elementor-widget-dng_flip_card\" data-id=\"d5971cf\" data-element_type=\"widget\" data-widget_type=\"dng_flip_card.default\">\n\t\t\t\t<div class=\"elementor-widget-container\">\n\t\t\t\t\t    <div data-dng-c-flip-card class=\"dng-c-flip-card\">\n      \n      <div class=\"face back\">\n        <div class=\"flex justify-between gap-xs\">\n          <div>\n              <div class=\"back-title\">\n      Uma LEVE viagem          <\/div>\n                        <div class=\"back-subtitle\">\n      <p>\u00a0<\/p><p><strong>Lurdes Costa<\/strong>, artes\u00e3 empreita<\/p><p><strong>Fernando Madeira<\/strong>, designer de Comunica\u00e7\u00e3o \u2013 UAlg<br \/><br \/><\/p>          <\/div>\n                  <\/div>\n          <\/div>\n      <div class=\"back-description\">\n    <p>A sustent\u00e1vel LEVEza do ser, onde os tempos mudam e avan\u00e7am, mas a vontade de viajar persiste. A linha LEVE \u00e9 desenvolvida de uma forma artesanal e aplicada apenas em<br \/>ve\u00edculos ecol\u00f3gicos.<\/p><p><br \/>Materiais: Palma e trapilho com a t\u00e9cnica da baracinha e da malha de empreita.<\/p>        <\/div>\n        <div class=\"dng-c-socials\">\n        <\/div>\n          <\/div>\n      <div class=\"face front\">\n        <div class=\"thumbnail\">\n    <img decoding=\"async\"  class=\"thumbnail-media\" src=\"https:\/\/loulecriativo.pt\/wp-content\/uploads\/2025\/09\/96e5aae8-02f8-4c7c-83a4-9f77597591c0.jpg\" alt=\"\">        <\/div>\n        <div class=\"flex justify-between items-start gap-xs\"> \n            <h3 class=\"front-title mb-auto\">\n      Uma LEVE viagem        <\/h3>\n                    <\/div>\n      <\/div>\n    <\/div>\n    \t\t\t\t<\/div>\n\t\t\t\t<\/div>\n\t\t\t\t<div class=\"elementor-element elementor-element-5a51132 elementor-widget elementor-widget-dng_flip_card\" data-id=\"5a51132\" data-element_type=\"widget\" data-widget_type=\"dng_flip_card.default\">\n\t\t\t\t<div class=\"elementor-widget-container\">\n\t\t\t\t\t    <div data-dng-c-flip-card class=\"dng-c-flip-card\">\n      \n      <div class=\"face back\">\n        <div class=\"flex justify-between gap-xs\">\n          <div>\n              <div class=\"back-title\">\n      KATHAPLANO PUFF          <\/div>\n                        <div class=\"back-subtitle\">\n      <p>\u00a0<\/p><p><strong>Maria Odete Dias, <\/strong>artes\u00e3 de\u00a0empreita.<br \/><strong>Eurico Brito, <\/strong>Artista \/ Artes\u00e3o<\/p>          <\/div>\n                  <\/div>\n          <\/div>\n      <div class=\"back-description\">\n    <p>Este puff foi desenhado a pensar na forma mais f\u00e1cil de aproveitar os desperd\u00edcios resultantes da prepara\u00e7\u00e3o das folhas de palma. \u00c9 um objeto vers\u00e1til, permite ser usado em conjunto ou separado e mimetiza a forma da tradicional cataplana Algarvia.<\/p><p><br \/>T\u00e9cnicas: Empreita de palma entran\u00e7ada, baracinha de palma, malha de palma, marcenaria e t\u00e9cnica de preserva\u00e7\u00e3o em resina.<\/p>        <\/div>\n        <div class=\"dng-c-socials\">\n        <\/div>\n          <\/div>\n      <div class=\"face front\">\n        <div class=\"thumbnail\">\n    <img decoding=\"async\"  class=\"thumbnail-media\" src=\"https:\/\/loulecriativo.pt\/wp-content\/uploads\/2025\/09\/ADM1.jpg\" alt=\"\">        <\/div>\n        <div class=\"flex justify-between items-start gap-xs\"> \n            <h3 class=\"front-title mb-auto\">\n      KATHAPLANO PUFF        <\/h3>\n                    <\/div>\n      <\/div>\n    <\/div>\n    \t\t\t\t<\/div>\n\t\t\t\t<\/div>\n\t\t\t\t<div class=\"elementor-element elementor-element-ac17190 elementor-widget elementor-widget-dng_flip_card\" data-id=\"ac17190\" data-element_type=\"widget\" data-widget_type=\"dng_flip_card.default\">\n\t\t\t\t<div class=\"elementor-widget-container\">\n\t\t\t\t\t    <div data-dng-c-flip-card class=\"dng-c-flip-card\">\n      \n      <div class=\"face back\">\n        <div class=\"flex justify-between gap-xs\">\n          <div>\n              <div class=\"back-title\">\n      ANAISA          <\/div>\n                        <div class=\"back-subtitle\">\n      <p>\u00a0<\/p><p><strong>Ludovina Bota, <\/strong>artes\u00e3 empreita<br \/><strong>S\u00edlvia Rodrigues, <\/strong>Designer de Comunica\u00e7\u00e3o - UAlg<\/p>          <\/div>\n                  <\/div>\n          <\/div>\n      <div class=\"back-description\">\n    <p>Inspirada na rebeldia, juventude e irrever\u00eancia, mas tamb\u00e9m na rara sensibilidade de Anaisa, uma bela e doce menina, esta artes\u00e3 desenvolveu esta linha de colares, brincos, pulseiras, sob o olhar atento e conhecedor de S\u00edlvia Rodrigues.<\/p><p>Materiais: palma, pe\u00e7as met\u00e1licas.<\/p>        <\/div>\n        <div class=\"dng-c-socials\">\n        <\/div>\n          <\/div>\n      <div class=\"face front\">\n        <div class=\"thumbnail\">\n    <img decoding=\"async\"  class=\"thumbnail-media\" src=\"https:\/\/loulecriativo.pt\/wp-content\/uploads\/2025\/09\/silvia_n-scaled.jpg\" alt=\"\">        <\/div>\n        <div class=\"flex justify-between items-start gap-xs\"> \n            <h3 class=\"front-title mb-auto\">\n      ANAISA        <\/h3>\n                    <\/div>\n      <\/div>\n    <\/div>\n    \t\t\t\t<\/div>\n\t\t\t\t<\/div>\n\t\t\t\t<div class=\"elementor-element elementor-element-5315b0e elementor-widget elementor-widget-dng_flip_card\" data-id=\"5315b0e\" data-element_type=\"widget\" data-widget_type=\"dng_flip_card.default\">\n\t\t\t\t<div class=\"elementor-widget-container\">\n\t\t\t\t\t    <div data-dng-c-flip-card class=\"dng-c-flip-card\">\n      \n      <div class=\"face back\">\n        <div class=\"flex justify-between gap-xs\">\n          <div>\n              <div class=\"back-title\">\n      DONA TACHA, SENHOR TRAVESSO          <\/div>\n                        <div class=\"back-subtitle\">\n      <div class=\"vc_row wpb_row vc_row-fluid edgtf-section edgtf-content-aligment-left\"><p>\u00a0<\/p><div class=\"clearfix edgtf-full-section-inner\"><div class=\"wpb_column vc_column_container vc_col-sm-4 vc_col-has-fill\"><div class=\"vc_column-inner vc_custom_1559662319571\"><div class=\"wpb_wrapper\"><div class=\"wpb_text_column wpb_content_element vc_custom_1638467997196\"><div class=\"wpb_wrapper\"><p><strong>Analide Carmo, <\/strong>artes\u00e3o cobre<br \/><strong>Ana Rita Contente, <\/strong>Designer \u2013 FA.ULisboa<\/p><\/div><\/div><\/div><\/div><\/div><\/div><\/div>          <\/div>\n                  <\/div>\n          <\/div>\n      <div class=\"back-description\">\n    <p>Uma chapa de cobre pode transformar-se numa imensid\u00e3o de recipientes, ao gosto e saber do Sr. Analide. Enquanto designer, um processo de concep\u00e7\u00e3o \u00e9 tanto mais rico quanto nos obriga a trabalhar segundo novos paradigmas (e, sem d\u00favida, foi este o caso). Quando ainda se junta o descobrimento m\u00fatuo de uma empatia pessoal, de facto, o desafio est\u00e1 ganho. <br \/><br \/>Material: cobre. T\u00e9cnica: chapa batida. Interior da panela, estanhado.<\/p>        <\/div>\n        <div class=\"dng-c-socials\">\n        <\/div>\n          <\/div>\n      <div class=\"face front\">\n        <div class=\"thumbnail\">\n    <img decoding=\"async\"  class=\"thumbnail-media\" src=\"https:\/\/loulecriativo.pt\/wp-content\/uploads\/2025\/09\/IMG_20190514_151505-scaled.jpg\" alt=\"\">        <\/div>\n        <div class=\"flex justify-between items-start gap-xs\"> \n            <h3 class=\"front-title mb-auto\">\n      DONA TACHA, SENHOR TRAVESSO        <\/h3>\n                    <\/div>\n      <\/div>\n    <\/div>\n    \t\t\t\t<\/div>\n\t\t\t\t<\/div>\n\t\t\t\t<div class=\"elementor-element elementor-element-82dd6ad elementor-widget elementor-widget-dng_flip_card\" data-id=\"82dd6ad\" data-element_type=\"widget\" data-widget_type=\"dng_flip_card.default\">\n\t\t\t\t<div class=\"elementor-widget-container\">\n\t\t\t\t\t    <div data-dng-c-flip-card class=\"dng-c-flip-card\">\n      \n      <div class=\"face back\">\n        <div class=\"flex justify-between gap-xs\">\n          <div>\n              <div class=\"back-title\">\n      REQUINTE QUOTIDIANO          <\/div>\n                        <div class=\"back-subtitle\">\n      <div class=\"vc_row wpb_row vc_row-fluid edgtf-section edgtf-content-aligment-left\"><div class=\"clearfix edgtf-full-section-inner\"><div class=\"wpb_column vc_column_container vc_col-sm-4 vc_col-has-fill\"><div class=\"vc_column-inner vc_custom_1559662319571\"><div class=\"wpb_wrapper\"><div class=\"wpb_text_column wpb_content_element vc_custom_1638467997196\"><div class=\"wpb_wrapper\"><p>\u00a0<\/p><p><strong>J\u00fcrgen Cramer<\/strong>, artes\u00e3o cobre<br \/><strong>Christopher Whitelaw,<\/strong>\u00a0Master of Architecture from Columbia University\u00a0<\/p><\/div><\/div><\/div><\/div><\/div><\/div><\/div>          <\/div>\n                  <\/div>\n          <\/div>\n      <div class=\"back-description\">\n    <p>Prateleira de especiarias em cobre o luxo de ser o pr\u00f3prio a cuidar da sua casa como da pr\u00f3pria alma, incita o recurso a materiais naturais e a t\u00e9cnicas artesanais que ressoem com uma busca interior de sustentabilidade. Esta prateleira \u00e9 um detalhe arquitect\u00f3nico para a cozinha em folha de cobre dobrada e textura da escolha do artes\u00e3o. Foi projetada para minimizar o desperd\u00edcio, optimizar a produ\u00e7\u00e3o e eleger as t\u00e9cnicas preferidas.<\/p><p>Materiais e t\u00e9cnica: 0,8mm cobre, dobrado e levemente polido.<\/p>        <\/div>\n        <div class=\"dng-c-socials\">\n        <\/div>\n          <\/div>\n      <div class=\"face front\">\n        <div class=\"thumbnail\">\n    <img decoding=\"async\"  class=\"thumbnail-media\" src=\"https:\/\/loulecriativo.pt\/wp-content\/uploads\/2025\/09\/JurgenChris.jpg\" alt=\"\">        <\/div>\n        <div class=\"flex justify-between items-start gap-xs\"> \n            <h3 class=\"front-title mb-auto\">\n      REQUINTE QUOTIDIANO        <\/h3>\n                    <\/div>\n      <\/div>\n    <\/div>\n    \t\t\t\t<\/div>\n\t\t\t\t<\/div>\n\t\t\t\t<div class=\"elementor-element elementor-element-5189ef3 elementor-widget elementor-widget-dng_flip_card\" data-id=\"5189ef3\" data-element_type=\"widget\" data-widget_type=\"dng_flip_card.default\">\n\t\t\t\t<div class=\"elementor-widget-container\">\n\t\t\t\t\t    <div data-dng-c-flip-card class=\"dng-c-flip-card\">\n      \n      <div class=\"face back\">\n        <div class=\"flex justify-between gap-xs\">\n          <div>\n              <div class=\"back-title\">\n      COLARES E POMARES          <\/div>\n                        <div class=\"back-subtitle\">\n      <div class=\"vc_row wpb_row vc_row-fluid edgtf-section edgtf-content-aligment-left\"><div class=\"clearfix edgtf-full-section-inner\"><div class=\"wpb_column vc_column_container vc_col-sm-4 vc_col-has-fill\"><div class=\"vc_column-inner vc_custom_1559662319571\"><div class=\"wpb_wrapper\"><div class=\"wpb_text_column wpb_content_element vc_custom_1638467997196\"><div class=\"wpb_wrapper\"><p>\u00a0<\/p><p><strong>David Ganh\u00e3o Cabrita<\/strong><br \/><strong>Andreia Pintassilgo, <\/strong>Designer de Comunica\u00e7\u00e3o \u2013 ESTG Portalegre.\u00a0<\/p><\/div><\/div><\/div><\/div><\/div><\/div><\/div>          <\/div>\n                  <\/div>\n          <\/div>\n      <div class=\"back-description\">\n    <p>O bater do cobre, o recorte e a per\u00edcia de quem manuseia a arte da caldeiraria at\u00e9 ao mais pequeno detalhe. Somos transportados para os tradicionais pomares de sequeiro, amendoeiras, figueiras, alfarrobeiras. Das m\u00e3os h\u00e1beis e esp\u00edrito inventivo do David sa\u00edram am\u00eandoas, figos e folhas, que conjugaram o design e o saber fazer em brincos, pulseiras e colares, que d\u00e3o ares aos pomares.<\/p>        <\/div>\n        <div class=\"dng-c-socials\">\n        <\/div>\n          <\/div>\n      <div class=\"face front\">\n        <div class=\"thumbnail\">\n    <img decoding=\"async\"  class=\"thumbnail-media\" src=\"https:\/\/loulecriativo.pt\/wp-content\/uploads\/2025\/09\/IMG_7348-mont-scaled.jpg\" alt=\"\">        <\/div>\n        <div class=\"flex justify-between items-start gap-xs\"> \n            <h3 class=\"front-title mb-auto\">\n      COLARES E POMARES        <\/h3>\n                    <\/div>\n      <\/div>\n    <\/div>\n    \t\t\t\t<\/div>\n\t\t\t\t<\/div>\n\t\t\t\t<div class=\"elementor-element elementor-element-4f08063 elementor-widget elementor-widget-dng_flip_card\" data-id=\"4f08063\" data-element_type=\"widget\" data-widget_type=\"dng_flip_card.default\">\n\t\t\t\t<div class=\"elementor-widget-container\">\n\t\t\t\t\t    <div data-dng-c-flip-card class=\"dng-c-flip-card\">\n      \n      <div class=\"face back\">\n        <div class=\"flex justify-between gap-xs\">\n          <div>\n              <div class=\"back-title\">\n      ALQUIMIA ORG\u00c2NICA          <\/div>\n                        <div class=\"back-subtitle\">\n      <div class=\"vc_row wpb_row vc_row-fluid edgtf-section edgtf-content-aligment-left\"><div class=\"clearfix edgtf-full-section-inner\"><div class=\"wpb_column vc_column_container vc_col-sm-4 vc_col-has-fill\"><div class=\"vc_column-inner vc_custom_1559662319571\"><div class=\"wpb_wrapper\"><div class=\"wpb_text_column wpb_content_element vc_custom_1638467997196\"><div class=\"wpb_wrapper\"><p>\u00a0<\/p><p><strong>Bernadette Martins, <\/strong>ceramista<br \/><strong>Ortiz Manoli, <\/strong>Artista<\/p><\/div><\/div><\/div><\/div><\/div><\/div><\/div>          <\/div>\n                  <\/div>\n          <\/div>\n      <div class=\"back-description\">\n    <p>Aqui, tudo \u00e9 natural! Atrav\u00e9s de um processo de impress\u00e3o bot\u00e2nica com argila, as folhas e outros elementos naturais, recolhidos nas proximidades, ficam incorporados para sempre nas pe\u00e7as de cer\u00e2mica. As duas artistas conjugaram a larga experi\u00eancia e investiga\u00e7\u00e3o nas \u00e1reas da impress\u00e3o bot\u00e2nica e da cer\u00e2mica. Materiais: folhas e plantas naturais, argila, cer\u00e2mica.<\/p><p>T\u00e9cnica: prepara\u00e7\u00e3o de fixativo natural, aplica\u00e7\u00e3o de plantas, e cozer de novo as pe\u00e7as de cer\u00e2mica, desta vez, ao vapor, envolvidas com um pano.<\/p>        <\/div>\n        <div class=\"dng-c-socials\">\n        <\/div>\n          <\/div>\n      <div class=\"face front\">\n        <div class=\"thumbnail\">\n    <img decoding=\"async\"  class=\"thumbnail-media\" src=\"https:\/\/loulecriativo.pt\/wp-content\/uploads\/2025\/09\/Screenshot-2019-05-15-at-20.45.10.png\" alt=\"\">        <\/div>\n        <div class=\"flex justify-between items-start gap-xs\"> \n            <h3 class=\"front-title mb-auto\">\n      ALQUIMIA ORG\u00c2NICA        <\/h3>\n                    <\/div>\n      <\/div>\n    <\/div>\n    \t\t\t\t<\/div>\n\t\t\t\t<\/div>\n\t\t\t\t<div class=\"elementor-element elementor-element-2601b2b elementor-widget elementor-widget-dng_flip_card\" data-id=\"2601b2b\" data-element_type=\"widget\" data-widget_type=\"dng_flip_card.default\">\n\t\t\t\t<div class=\"elementor-widget-container\">\n\t\t\t\t\t    <div data-dng-c-flip-card class=\"dng-c-flip-card\">\n      \n      <div class=\"face back\">\n        <div class=\"flex justify-between gap-xs\">\n          <div>\n              <div class=\"back-title\">\n      TIGELAS DO ALGARVE          <\/div>\n                        <div class=\"back-subtitle\">\n      <div class=\"vc_row wpb_row vc_row-fluid edgtf-section edgtf-content-aligment-left\"><div class=\"clearfix edgtf-full-section-inner\"><div class=\"wpb_column vc_column_container vc_col-sm-4 vc_col-has-fill\"><div class=\"vc_column-inner vc_custom_1559662319571\"><div class=\"wpb_wrapper\"><div class=\"wpb_text_column wpb_content_element vc_custom_1638467997196\"><div class=\"wpb_wrapper\"><p>\u00a0<\/p><p><strong>Jos\u00e9 Machado Pires, <\/strong>ceramista<\/p><p><strong>Razvan Crestin, <\/strong>Escultor - FBAUL<\/p><\/div><\/div><\/div><\/div><\/div><\/div><\/div>          <\/div>\n                  <\/div>\n          <\/div>\n      <div class=\"back-description\">\n    <p>Desenvolvidas por Jos\u00e9 Machado Pires, as Tigelas do Algarve conjugam o artesanato tradicional e o contempor\u00e2neo. Inspiradas na dualidade litoral\/interior Algarvio, as Tigelas foram criadas a partir de motivos mar\u00edtimos (conchas) e alusivos \u00e0 serra (flor de esteva). Esta dualidade reflete tambem o car\u00e1cter \u00fanico de cada pe\u00e7a e a forma como se podem relacionar num s\u00f3 elemento.<\/p><p>T\u00e9cnica: manufacturadas atrav\u00e9s de um processo de modela\u00e7\u00e3o escult\u00f3rica a partir de uma mistura de barros diversos. Por fim foram submetidas a uma monocozedura num forno el\u00e9ctrico a 1020 graus.<\/p>        <\/div>\n        <div class=\"dng-c-socials\">\n        <\/div>\n          <\/div>\n      <div class=\"face front\">\n        <div class=\"thumbnail\">\n    <img decoding=\"async\"  class=\"thumbnail-media\" src=\"https:\/\/loulecriativo.pt\/wp-content\/uploads\/2025\/09\/jmp_crestinR.jpg\" alt=\"\">        <\/div>\n        <div class=\"flex justify-between items-start gap-xs\"> \n            <h3 class=\"front-title mb-auto\">\n      TIGELAS DO ALGARVE        <\/h3>\n                    <\/div>\n      <\/div>\n    <\/div>\n    \t\t\t\t<\/div>\n\t\t\t\t<\/div>\n\t\t\t\t\t<\/div>\n\t\t\t\t<\/div>\n\t\t\t\t<\/div>\n\t\t<div id=\"e-n-tab-content-2217700122\" role=\"tabpanel\" aria-labelledby=\"economia-circular\" data-tab-index=\"2\" style=\"--n-tabs-title-order: 2;\" class=\" elementor-element elementor-element-66ba7df e-con-full e-flex e-con e-child\" data-id=\"66ba7df\" data-element_type=\"container\" data-settings=\"{&quot;jet_parallax_layout_list&quot;:[]}\">\n\t\t<div class=\"elementor-element elementor-element-2f9da6e e-flex e-con-boxed e-con e-child\" data-id=\"2f9da6e\" data-element_type=\"container\" data-settings=\"{&quot;jet_parallax_layout_list&quot;:[]}\">\n\t\t\t\t\t<div class=\"e-con-inner\">\n\t\t<div class=\"elementor-element elementor-element-64943f2 e-grid e-con-full e-con e-child\" data-id=\"64943f2\" data-element_type=\"container\" data-settings=\"{&quot;jet_parallax_layout_list&quot;:[]}\">\n\t\t\t\t<div class=\"elementor-element elementor-element-a3d9763 elementor-widget__width-initial elementor-widget elementor-widget-text-editor\" data-id=\"a3d9763\" data-element_type=\"widget\" data-widget_type=\"text-editor.default\">\n\t\t\t\t<div class=\"elementor-widget-container\">\n\t\t\t\t\t\t\t\t\t<h5><strong>1\u00aa Apresenta\u00e7\u00e3o<\/strong><\/h5><p><strong>9\u00ba ALGARVE DESIGN<\/strong> <strong>MEETING<\/strong><br \/>21 a 25 Maio, 2019<br \/>F\u00e1brica da Cerveja, Faro, 1\u00baPiso<\/p>\t\t\t\t\t\t\t\t<\/div>\n\t\t\t\t<\/div>\n\t\t\t\t<div class=\"elementor-element elementor-element-5ee93a5 elementor-widget elementor-widget-dng_original_slideshow\" data-id=\"5ee93a5\" data-element_type=\"widget\" data-widget_type=\"dng_original_slideshow.default\">\n\t\t\t\t<div class=\"elementor-widget-container\">\n\t\t\t\t\t<div data-dng-c-slideshow class=\"dng-c-slideshow h-full\">\n      <div class=\"swiper h-full\">\n        <div class=\"swiper-wrapper h-full\">\n            <div class=\"swiper-slide h-full overflow-hidden w-auto aspect-[16\/8]\">\n      <img decoding=\"async\"  class=\"w-full !h-full object-cover object-center\" src=\"https:\/\/loulecriativo.pt\/wp-content\/uploads\/2025\/09\/9o-Algarve-Design-Meeting-CTP\u00ae-Faro-21-05-2019-6-1920x1080.jpg\" alt=\"\">          <\/div>\n                  <div class=\"swiper-slide h-full overflow-hidden w-auto aspect-[16\/8]\">\n      <img decoding=\"async\"  class=\"w-full !h-full object-cover object-center\" src=\"https:\/\/loulecriativo.pt\/wp-content\/uploads\/2025\/09\/9o-Algarve-Design-Meeting-CTP\u00ae-Faro-21-05-2019-79-1920x1080.jpg\" alt=\"\">          <\/div>\n                  <div class=\"swiper-slide h-full overflow-hidden w-auto aspect-[16\/8]\">\n      <img decoding=\"async\"  class=\"w-full !h-full object-cover object-center\" src=\"https:\/\/loulecriativo.pt\/wp-content\/uploads\/2025\/09\/9o-Algarve-Design-Meeting-CTP\u00ae-Faro-21-05-2019-60-1920x1080.jpg\" alt=\"\">          <\/div>\n                  <div class=\"swiper-slide h-full overflow-hidden w-auto aspect-[16\/8]\">\n      <img decoding=\"async\"  class=\"w-full !h-full object-cover object-center\" src=\"https:\/\/loulecriativo.pt\/wp-content\/uploads\/2025\/09\/9o-Algarve-Design-Meeting-CTP\u00ae-Faro-21-05-2019-74-1920x1080.jpg\" alt=\"\">          <\/div>\n                  <div class=\"swiper-slide h-full overflow-hidden w-auto aspect-[16\/8]\">\n      <img decoding=\"async\"  class=\"w-full !h-full object-cover object-center\" src=\"https:\/\/loulecriativo.pt\/wp-content\/uploads\/2025\/09\/9o-Algarve-Design-Meeting-CTP\u00ae-Faro-21-05-2019-47-1920x1080.jpg\" alt=\"\">          <\/div>\n                  <div class=\"swiper-slide h-full overflow-hidden w-auto aspect-[16\/8]\">\n      <img decoding=\"async\"  class=\"w-full !h-full object-cover object-center\" src=\"https:\/\/loulecriativo.pt\/wp-content\/uploads\/2025\/09\/9o-Algarve-Design-Meeting-CTP\u00ae-Faro-21-05-2019-48-1920x1080.jpg\" alt=\"\">          <\/div>\n                  <div class=\"swiper-slide h-full overflow-hidden w-auto aspect-[16\/8]\">\n      <img decoding=\"async\"  class=\"w-full !h-full object-cover object-center\" src=\"https:\/\/loulecriativo.pt\/wp-content\/uploads\/2025\/09\/9o-Algarve-Design-Meeting-CTP\u00ae-Faro-21-05-2019-83-1920x1080.jpg\" alt=\"\">          <\/div>\n                  <\/div>\n                  <div class=\"swiper-pagination\"><\/div>\n                      <\/div>\n    <\/div>\n    \t\t\t\t<\/div>\n\t\t\t\t<\/div>\n\t\t\t\t<div class=\"elementor-element elementor-element-441becb elementor-widget elementor-widget-dng_original_slideshow\" data-id=\"441becb\" data-element_type=\"widget\" data-widget_type=\"dng_original_slideshow.default\">\n\t\t\t\t<div class=\"elementor-widget-container\">\n\t\t\t\t\t<div data-dng-c-slideshow class=\"dng-c-slideshow h-full\">\n      <div class=\"swiper h-full\">\n        <div class=\"swiper-wrapper h-full\">\n            <div class=\"swiper-slide h-full overflow-hidden w-auto aspect-[16\/8]\">\n      <img decoding=\"async\"  class=\"w-full !h-full object-cover object-center\" src=\"https:\/\/loulecriativo.pt\/wp-content\/uploads\/2025\/09\/Loule-Criativo-CTP\u00ae-17-10-2019-1-scaled.jpg\" alt=\"\">          <\/div>\n                  <div class=\"swiper-slide h-full overflow-hidden w-auto aspect-[16\/8]\">\n      <img decoding=\"async\"  class=\"w-full !h-full object-cover object-center\" src=\"https:\/\/loulecriativo.pt\/wp-content\/uploads\/2025\/12\/IMG_1903b-1920x1080.jpg\" alt=\"\">          <\/div>\n                  <div class=\"swiper-slide h-full overflow-hidden w-auto aspect-[16\/8]\">\n      <img decoding=\"async\"  class=\"w-full !h-full object-cover object-center\" src=\"https:\/\/loulecriativo.pt\/wp-content\/uploads\/2025\/12\/IMG_1912-1920x1080.jpg\" alt=\"\">          <\/div>\n                  <\/div>\n                  <div class=\"swiper-pagination\"><\/div>\n                      <\/div>\n    <\/div>\n    \t\t\t\t<\/div>\n\t\t\t\t<\/div>\n\t\t\t\t<div class=\"elementor-element elementor-element-a777612 elementor-widget__width-initial elementor-widget elementor-widget-text-editor\" data-id=\"a777612\" data-element_type=\"widget\" data-widget_type=\"text-editor.default\">\n\t\t\t\t<div class=\"elementor-widget-container\">\n\t\t\t\t\t\t\t\t\t<h5><strong>2\u00aa Apresenta\u00e7\u00e3o<\/strong><\/h5><p><strong>Exposi\u00e7\u00e3o Pal\u00e1cio Gama Lobo<\/strong><br \/>Rua N. Sra. de F\u00e1tima<br \/>8100-557 Loul\u00e9<\/p><p>Setembro, 2019<br \/><br \/><\/p>\t\t\t\t\t\t\t\t<\/div>\n\t\t\t\t<\/div>\n\t\t\t\t<\/div>\n\t\t\t\t\t<\/div>\n\t\t\t\t<\/div>\n\t\t\t\t<\/div>\n\t\t<div id=\"e-n-tab-content-2217700123\" role=\"tabpanel\" aria-labelledby=\"processo\" data-tab-index=\"3\" style=\"--n-tabs-title-order: 3;\" class=\" elementor-element elementor-element-51ebadc e-con-full e-flex e-con e-child\" data-id=\"51ebadc\" data-element_type=\"container\" data-settings=\"{&quot;jet_parallax_layout_list&quot;:[]}\">\n\t\t<div class=\"elementor-element elementor-element-f6c4aa5 e-flex e-con-boxed e-con e-child\" data-id=\"f6c4aa5\" data-element_type=\"container\" data-settings=\"{&quot;jet_parallax_layout_list&quot;:[]}\">\n\t\t\t\t\t<div class=\"e-con-inner\">\n\t\t<div class=\"elementor-element elementor-element-dc3d29c e-grid e-con-full e-con e-child\" data-id=\"dc3d29c\" data-element_type=\"container\" data-settings=\"{&quot;jet_parallax_layout_list&quot;:[]}\">\n\t\t\t\t<div class=\"elementor-element elementor-element-d389458 elementor-widget elementor-widget-dng_flip_card\" data-id=\"d389458\" data-element_type=\"widget\" data-widget_type=\"dng_flip_card.default\">\n\t\t\t\t<div class=\"elementor-widget-container\">\n\t\t\t\t\t    <div data-dng-c-flip-card class=\"dng-c-flip-card\">\n      \n      <div class=\"face back\">\n        <div class=\"flex justify-between gap-xs\">\n          <div>\n              <div class=\"back-title\">\n      ALQUIMIA          <\/div>\n                        <div class=\"back-subtitle\">\n      <p><br \/><br \/><\/p>          <\/div>\n                  <\/div>\n          <\/div>\n      <div class=\"back-description\">\n            <\/div>\n        <div class=\"dng-c-socials\">\n        <\/div>\n          <\/div>\n      <div class=\"face front\">\n        <div class=\"thumbnail\">\n    <img decoding=\"async\"  class=\"thumbnail-media\" src=\"https:\/\/loulecriativo.pt\/wp-content\/uploads\/2025\/12\/alquimia-1-scaled.jpg\" alt=\"\">        <\/div>\n        <div class=\"flex justify-between items-start gap-xs\"> \n            <h3 class=\"front-title mb-auto\">\n      ALQUIMIA        <\/h3>\n                    <\/div>\n      <\/div>\n    <\/div>\n    \t\t\t\t<\/div>\n\t\t\t\t<\/div>\n\t\t\t\t<div class=\"elementor-element elementor-element-53a296b elementor-widget elementor-widget-dng_flip_card\" data-id=\"53a296b\" data-element_type=\"widget\" data-widget_type=\"dng_flip_card.default\">\n\t\t\t\t<div class=\"elementor-widget-container\">\n\t\t\t\t\t    <div data-dng-c-flip-card class=\"dng-c-flip-card\">\n      \n      <div class=\"face back\">\n        <div class=\"flex justify-between gap-xs\">\n          <div>\n              <div class=\"back-title\">\n      ANAISA          <\/div>\n                        <div class=\"back-subtitle\">\n      <p><br \/><br \/><\/p>          <\/div>\n                  <\/div>\n          <\/div>\n      <div class=\"back-description\">\n            <\/div>\n        <div class=\"dng-c-socials\">\n        <\/div>\n          <\/div>\n      <div class=\"face front\">\n        <div class=\"thumbnail\">\n    <img decoding=\"async\"  class=\"thumbnail-media\" src=\"https:\/\/loulecriativo.pt\/wp-content\/uploads\/2025\/12\/Anaisa.jpg\" alt=\"\">        <\/div>\n        <div class=\"flex justify-between items-start gap-xs\"> \n            <h3 class=\"front-title mb-auto\">\n      ANAISA        <\/h3>\n                    <\/div>\n      <\/div>\n    <\/div>\n    \t\t\t\t<\/div>\n\t\t\t\t<\/div>\n\t\t\t\t<div class=\"elementor-element elementor-element-c1ea9c8 elementor-widget elementor-widget-dng_flip_card\" data-id=\"c1ea9c8\" data-element_type=\"widget\" data-widget_type=\"dng_flip_card.default\">\n\t\t\t\t<div class=\"elementor-widget-container\">\n\t\t\t\t\t    <div data-dng-c-flip-card class=\"dng-c-flip-card\">\n      \n      <div class=\"face back\">\n        <div class=\"flex justify-between gap-xs\">\n          <div>\n              <div class=\"back-title\">\n      CAIXAS          <\/div>\n                        <div class=\"back-subtitle\">\n      <p><strong><br \/><br \/><\/strong><\/p>          <\/div>\n                  <\/div>\n          <\/div>\n      <div class=\"back-description\">\n            <\/div>\n        <div class=\"dng-c-socials\">\n        <\/div>\n          <\/div>\n      <div class=\"face front\">\n        <div class=\"thumbnail\">\n    <img decoding=\"async\"  class=\"thumbnail-media\" src=\"https:\/\/loulecriativo.pt\/wp-content\/uploads\/2025\/12\/caixas-scaled.jpg\" alt=\"\">        <\/div>\n        <div class=\"flex justify-between items-start gap-xs\"> \n            <h3 class=\"front-title mb-auto\">\n      CAIXAS        <\/h3>\n                    <\/div>\n      <\/div>\n    <\/div>\n    \t\t\t\t<\/div>\n\t\t\t\t<\/div>\n\t\t\t\t<div class=\"elementor-element elementor-element-670529e elementor-widget elementor-widget-dng_flip_card\" data-id=\"670529e\" data-element_type=\"widget\" data-widget_type=\"dng_flip_card.default\">\n\t\t\t\t<div class=\"elementor-widget-container\">\n\t\t\t\t\t    <div data-dng-c-flip-card class=\"dng-c-flip-card\">\n      \n      <div class=\"face back\">\n        <div class=\"flex justify-between gap-xs\">\n          <div>\n              <div class=\"back-title\">\n      CAL\u00c7AS          <\/div>\n                      <\/div>\n          <\/div>\n      <div class=\"back-description\">\n            <\/div>\n        <div class=\"dng-c-socials\">\n        <\/div>\n          <\/div>\n      <div class=\"face front\">\n        <div class=\"thumbnail\">\n    <img decoding=\"async\"  class=\"thumbnail-media\" src=\"https:\/\/loulecriativo.pt\/wp-content\/uploads\/2025\/12\/Calcas-scaled.jpg\" alt=\"\">        <\/div>\n        <div class=\"flex justify-between items-start gap-xs\"> \n            <h3 class=\"front-title mb-auto\">\n      CAL\u00c7AS        <\/h3>\n                    <\/div>\n      <\/div>\n    <\/div>\n    \t\t\t\t<\/div>\n\t\t\t\t<\/div>\n\t\t\t\t<div class=\"elementor-element elementor-element-64c5a78 elementor-widget elementor-widget-dng_flip_card\" data-id=\"64c5a78\" data-element_type=\"widget\" data-widget_type=\"dng_flip_card.default\">\n\t\t\t\t<div class=\"elementor-widget-container\">\n\t\t\t\t\t    <div data-dng-c-flip-card class=\"dng-c-flip-card\">\n      \n      <div class=\"face back\">\n        <div class=\"flex justify-between gap-xs\">\n          <div>\n              <div class=\"back-title\">\n      A REMANESCENTE COCA          <\/div>\n                        <div class=\"back-subtitle\">\n      <p><br \/><br \/><\/p>          <\/div>\n                  <\/div>\n          <\/div>\n      <div class=\"back-description\">\n            <\/div>\n        <div class=\"dng-c-socials\">\n        <\/div>\n          <\/div>\n      <div class=\"face front\">\n        <div class=\"thumbnail\">\n    <img decoding=\"async\"  class=\"thumbnail-media\" src=\"https:\/\/loulecriativo.pt\/wp-content\/uploads\/2025\/12\/Coca_foto_PauloTome-scaled.jpg\" alt=\"\">        <\/div>\n        <div class=\"flex justify-between items-start gap-xs\"> \n            <h3 class=\"front-title mb-auto\">\n      A REMANESCENTE COCA        <\/h3>\n                    <\/div>\n      <\/div>\n    <\/div>\n    \t\t\t\t<\/div>\n\t\t\t\t<\/div>\n\t\t\t\t<div class=\"elementor-element elementor-element-e44f35c elementor-widget elementor-widget-dng_flip_card\" data-id=\"e44f35c\" data-element_type=\"widget\" data-widget_type=\"dng_flip_card.default\">\n\t\t\t\t<div class=\"elementor-widget-container\">\n\t\t\t\t\t    <div data-dng-c-flip-card class=\"dng-c-flip-card\">\n      \n      <div class=\"face back\">\n        <div class=\"flex justify-between gap-xs\">\n          <div>\n              <div class=\"back-title\">\n      COLARES E POMARES          <\/div>\n                        <div class=\"back-subtitle\">\n      <p>\u00a0<\/p><p>\u00a0<\/p>          <\/div>\n                  <\/div>\n          <\/div>\n      <div class=\"back-description\">\n            <\/div>\n        <div class=\"dng-c-socials\">\n        <\/div>\n          <\/div>\n      <div class=\"face front\">\n        <div class=\"thumbnail\">\n    <img decoding=\"async\"  class=\"thumbnail-media\" src=\"https:\/\/loulecriativo.pt\/wp-content\/uploads\/2025\/12\/Colares_e_Pomares_2_Foto_PauloTome_.jpg\" alt=\"\">        <\/div>\n        <div class=\"flex justify-between items-start gap-xs\"> \n            <h3 class=\"front-title mb-auto\">\n      COLARES E POMARES        <\/h3>\n                    <\/div>\n      <\/div>\n    <\/div>\n    \t\t\t\t<\/div>\n\t\t\t\t<\/div>\n\t\t\t\t<div class=\"elementor-element elementor-element-cc2b429 elementor-widget elementor-widget-dng_flip_card\" data-id=\"cc2b429\" data-element_type=\"widget\" data-widget_type=\"dng_flip_card.default\">\n\t\t\t\t<div class=\"elementor-widget-container\">\n\t\t\t\t\t    <div data-dng-c-flip-card class=\"dng-c-flip-card\">\n      \n      <div class=\"face back\">\n        <div class=\"flex justify-between gap-xs\">\n          <div>\n              <div class=\"back-title\">\n      DEGRAD\u00ca          <\/div>\n                      <\/div>\n          <\/div>\n      <div class=\"back-description\">\n            <\/div>\n        <div class=\"dng-c-socials\">\n        <\/div>\n          <\/div>\n      <div class=\"face front\">\n        <div class=\"thumbnail\">\n    <img decoding=\"async\"  class=\"thumbnail-media\" src=\"https:\/\/loulecriativo.pt\/wp-content\/uploads\/2025\/12\/degrade-2-scaled.jpg\" alt=\"\">        <\/div>\n        <div class=\"flex justify-between items-start gap-xs\"> \n            <h3 class=\"front-title mb-auto\">\n      DEGRAD\u00ca        <\/h3>\n                    <\/div>\n      <\/div>\n    <\/div>\n    \t\t\t\t<\/div>\n\t\t\t\t<\/div>\n\t\t\t\t<div class=\"elementor-element elementor-element-3dccf42 elementor-widget elementor-widget-dng_flip_card\" data-id=\"3dccf42\" data-element_type=\"widget\" data-widget_type=\"dng_flip_card.default\">\n\t\t\t\t<div class=\"elementor-widget-container\">\n\t\t\t\t\t    <div data-dng-c-flip-card class=\"dng-c-flip-card\">\n      \n      <div class=\"face back\">\n        <div class=\"flex justify-between gap-xs\">\n          <div>\n              <div class=\"back-title\">\n      DONA TACHA          <\/div>\n                      <\/div>\n          <\/div>\n      <div class=\"back-description\">\n            <\/div>\n        <div class=\"dng-c-socials\">\n        <\/div>\n          <\/div>\n      <div class=\"face front\">\n        <div class=\"thumbnail\">\n    <img decoding=\"async\"  class=\"thumbnail-media\" src=\"https:\/\/loulecriativo.pt\/wp-content\/uploads\/2025\/12\/Dona-tacha-CTP\u00ae-1.jpg\" alt=\"\">        <\/div>\n        <div class=\"flex justify-between items-start gap-xs\"> \n            <h3 class=\"front-title mb-auto\">\n      DONA TACHA        <\/h3>\n                    <\/div>\n      <\/div>\n    <\/div>\n    \t\t\t\t<\/div>\n\t\t\t\t<\/div>\n\t\t\t\t<div class=\"elementor-element elementor-element-adf144b elementor-widget elementor-widget-dng_flip_card\" data-id=\"adf144b\" data-element_type=\"widget\" data-widget_type=\"dng_flip_card.default\">\n\t\t\t\t<div class=\"elementor-widget-container\">\n\t\t\t\t\t    <div data-dng-c-flip-card class=\"dng-c-flip-card\">\n      \n      <div class=\"face back\">\n        <div class=\"flex justify-between gap-xs\">\n          <div>\n              <div class=\"back-title\">\n      IGNATIA          <\/div>\n                        <div class=\"back-subtitle\">\n      <p>\u00a0<\/p><p>\u00a0<\/p><p>\u00a0<\/p>          <\/div>\n                  <\/div>\n          <\/div>\n      <div class=\"back-description\">\n            <\/div>\n        <div class=\"dng-c-socials\">\n        <\/div>\n          <\/div>\n      <div class=\"face front\">\n        <div class=\"thumbnail\">\n    <img decoding=\"async\"  class=\"thumbnail-media\" src=\"https:\/\/loulecriativo.pt\/wp-content\/uploads\/2025\/12\/Ignatia_foto_AlexandreLourenco_2b-scaled.jpg\" alt=\"\">        <\/div>\n        <div class=\"flex justify-between items-start gap-xs\"> \n            <h3 class=\"front-title mb-auto\">\n      IGNATIA        <\/h3>\n                    <\/div>\n      <\/div>\n    <\/div>\n    \t\t\t\t<\/div>\n\t\t\t\t<\/div>\n\t\t\t\t<div class=\"elementor-element elementor-element-9208a40 elementor-widget elementor-widget-dng_flip_card\" data-id=\"9208a40\" data-element_type=\"widget\" data-widget_type=\"dng_flip_card.default\">\n\t\t\t\t<div class=\"elementor-widget-container\">\n\t\t\t\t\t    <div data-dng-c-flip-card class=\"dng-c-flip-card\">\n      \n      <div class=\"face back\">\n        <div class=\"flex justify-between gap-xs\">\n          <div>\n              <div class=\"back-title\">\n      KATHAPLANO PUFF          <\/div>\n                        <div class=\"back-subtitle\">\n      <p>\u00a0<\/p><p>\u00a0<\/p>          <\/div>\n                  <\/div>\n          <\/div>\n      <div class=\"back-description\">\n            <\/div>\n        <div class=\"dng-c-socials\">\n        <\/div>\n          <\/div>\n      <div class=\"face front\">\n        <div class=\"thumbnail\">\n    <img decoding=\"async\"  class=\"thumbnail-media\" src=\"https:\/\/loulecriativo.pt\/wp-content\/uploads\/2025\/12\/Kathaplano_Puff_foto_PauloTome-scaled.jpg\" alt=\"\">        <\/div>\n        <div class=\"flex justify-between items-start gap-xs\"> \n            <h3 class=\"front-title mb-auto\">\n      KATHAPLANO PUFF        <\/h3>\n                    <\/div>\n      <\/div>\n    <\/div>\n    \t\t\t\t<\/div>\n\t\t\t\t<\/div>\n\t\t\t\t<div class=\"elementor-element elementor-element-60fa64b elementor-widget elementor-widget-dng_flip_card\" data-id=\"60fa64b\" data-element_type=\"widget\" data-widget_type=\"dng_flip_card.default\">\n\t\t\t\t<div class=\"elementor-widget-container\">\n\t\t\t\t\t    <div data-dng-c-flip-card class=\"dng-c-flip-card\">\n      \n      <div class=\"face back\">\n        <div class=\"flex justify-between gap-xs\">\n          <div>\n              <div class=\"back-title\">\n      LEVE VIAGEM          <\/div>\n                        <div class=\"back-subtitle\">\n      <p>\u00a0<\/p><p>\u00a0<\/p>          <\/div>\n                  <\/div>\n          <\/div>\n      <div class=\"back-description\">\n            <\/div>\n        <div class=\"dng-c-socials\">\n        <\/div>\n          <\/div>\n      <div class=\"face front\">\n        <div class=\"thumbnail\">\n    <img decoding=\"async\"  class=\"thumbnail-media\" src=\"https:\/\/loulecriativo.pt\/wp-content\/uploads\/2025\/12\/leve-viagem.jpg\" alt=\"\">        <\/div>\n        <div class=\"flex justify-between items-start gap-xs\"> \n            <h3 class=\"front-title mb-auto\">\n      LEVE VIAGEM        <\/h3>\n                    <\/div>\n      <\/div>\n    <\/div>\n    \t\t\t\t<\/div>\n\t\t\t\t<\/div>\n\t\t\t\t<div class=\"elementor-element elementor-element-893f84f elementor-widget elementor-widget-dng_flip_card\" data-id=\"893f84f\" data-element_type=\"widget\" data-widget_type=\"dng_flip_card.default\">\n\t\t\t\t<div class=\"elementor-widget-container\">\n\t\t\t\t\t    <div data-dng-c-flip-card class=\"dng-c-flip-card\">\n      \n      <div class=\"face back\">\n        <div class=\"flex justify-between gap-xs\">\n          <div>\n              <div class=\"back-title\">\n      OITO          <\/div>\n                      <\/div>\n          <\/div>\n      <div class=\"back-description\">\n            <\/div>\n        <div class=\"dng-c-socials\">\n        <\/div>\n          <\/div>\n      <div class=\"face front\">\n        <div class=\"thumbnail\">\n    <img decoding=\"async\"  class=\"thumbnail-media\" src=\"https:\/\/loulecriativo.pt\/wp-content\/uploads\/2025\/12\/Oito2_foto_PauloTome_-scaled.jpg\" alt=\"\">        <\/div>\n        <div class=\"flex justify-between items-start gap-xs\"> \n            <h3 class=\"front-title mb-auto\">\n      OITO        <\/h3>\n                    <\/div>\n      <\/div>\n    <\/div>\n    \t\t\t\t<\/div>\n\t\t\t\t<\/div>\n\t\t\t\t<div class=\"elementor-element elementor-element-ba7920a elementor-widget elementor-widget-dng_flip_card\" data-id=\"ba7920a\" data-element_type=\"widget\" data-widget_type=\"dng_flip_card.default\">\n\t\t\t\t<div class=\"elementor-widget-container\">\n\t\t\t\t\t    <div data-dng-c-flip-card class=\"dng-c-flip-card\">\n      \n      <div class=\"face back\">\n        <div class=\"flex justify-between gap-xs\">\n          <div>\n              <div class=\"back-title\">\n      REQUINTE QUOTIDIANO          <\/div>\n                      <\/div>\n          <\/div>\n      <div class=\"back-description\">\n            <\/div>\n        <div class=\"dng-c-socials\">\n        <\/div>\n          <\/div>\n      <div class=\"face front\">\n        <div class=\"thumbnail\">\n    <img decoding=\"async\"  class=\"thumbnail-media\" src=\"https:\/\/loulecriativo.pt\/wp-content\/uploads\/2025\/12\/Requinte-foto_AlexandreLourenco_-scaled.jpg\" alt=\"\">        <\/div>\n        <div class=\"flex justify-between items-start gap-xs\"> \n            <h3 class=\"front-title mb-auto\">\n      REQUINTE QUOTIDIANO        <\/h3>\n                    <\/div>\n      <\/div>\n    <\/div>\n    \t\t\t\t<\/div>\n\t\t\t\t<\/div>\n\t\t\t\t<div class=\"elementor-element elementor-element-f2ac678 elementor-widget elementor-widget-dng_flip_card\" data-id=\"f2ac678\" data-element_type=\"widget\" data-widget_type=\"dng_flip_card.default\">\n\t\t\t\t<div class=\"elementor-widget-container\">\n\t\t\t\t\t    <div data-dng-c-flip-card class=\"dng-c-flip-card\">\n      \n      <div class=\"face back\">\n        <div class=\"flex justify-between gap-xs\">\n          <div>\n              <div class=\"back-title\">\n      REQUINTE          <\/div>\n                        <div class=\"back-subtitle\">\n      <div class=\"vc_row wpb_row vc_row-fluid edgtf-section edgtf-content-aligment-left\"><div class=\"clearfix edgtf-full-section-inner\"><div class=\"wpb_column vc_column_container vc_col-sm-4 vc_col-has-fill\"><div class=\"vc_column-inner vc_custom_1559662319571\"><div class=\"wpb_wrapper\"><div class=\"wpb_text_column wpb_content_element vc_custom_1638467997196\"><div class=\"wpb_wrapper\"><p>\u00a0<\/p><\/div><\/div><\/div><\/div><\/div><\/div><\/div>          <\/div>\n                  <\/div>\n          <\/div>\n      <div class=\"back-description\">\n            <\/div>\n        <div class=\"dng-c-socials\">\n        <\/div>\n          <\/div>\n      <div class=\"face front\">\n        <div class=\"thumbnail\">\n    <img decoding=\"async\"  class=\"thumbnail-media\" src=\"https:\/\/loulecriativo.pt\/wp-content\/uploads\/2025\/12\/requinte_foto_PauloTome-scaled.jpg\" alt=\"\">        <\/div>\n        <div class=\"flex justify-between items-start gap-xs\"> \n            <h3 class=\"front-title mb-auto\">\n      REQUINTE        <\/h3>\n                    <\/div>\n      <\/div>\n    <\/div>\n    \t\t\t\t<\/div>\n\t\t\t\t<\/div>\n\t\t\t\t<div class=\"elementor-element elementor-element-e7375d5 elementor-widget elementor-widget-dng_flip_card\" data-id=\"e7375d5\" data-element_type=\"widget\" data-widget_type=\"dng_flip_card.default\">\n\t\t\t\t<div class=\"elementor-widget-container\">\n\t\t\t\t\t    <div data-dng-c-flip-card class=\"dng-c-flip-card\">\n      \n      <div class=\"face back\">\n        <div class=\"flex justify-between gap-xs\">\n          <div>\n              <div class=\"back-title\">\n      SR.TRAVESSO          <\/div>\n                      <\/div>\n          <\/div>\n      <div class=\"back-description\">\n            <\/div>\n        <div class=\"dng-c-socials\">\n        <\/div>\n          <\/div>\n      <div class=\"face front\">\n        <div class=\"thumbnail\">\n    <img decoding=\"async\"  class=\"thumbnail-media\" src=\"https:\/\/loulecriativo.pt\/wp-content\/uploads\/2025\/12\/Sr-TravessoCTP\u00ae--scaled.jpg\" alt=\"\">        <\/div>\n        <div class=\"flex justify-between items-start gap-xs\"> \n            <h3 class=\"front-title mb-auto\">\n      SR.TRAVESSO        <\/h3>\n                    <\/div>\n      <\/div>\n    <\/div>\n    \t\t\t\t<\/div>\n\t\t\t\t<\/div>\n\t\t\t\t<div class=\"elementor-element elementor-element-e50635e elementor-widget elementor-widget-dng_flip_card\" data-id=\"e50635e\" data-element_type=\"widget\" data-widget_type=\"dng_flip_card.default\">\n\t\t\t\t<div class=\"elementor-widget-container\">\n\t\t\t\t\t    <div data-dng-c-flip-card class=\"dng-c-flip-card\">\n      \n      <div class=\"face back\">\n        <div class=\"flex justify-between gap-xs\">\n          <div>\n              <div class=\"back-title\">\n      TIGELAS DO ALGARVE          <\/div>\n                      <\/div>\n          <\/div>\n      <div class=\"back-description\">\n            <\/div>\n        <div class=\"dng-c-socials\">\n        <\/div>\n          <\/div>\n      <div class=\"face front\">\n        <div class=\"thumbnail\">\n    <img decoding=\"async\"  class=\"thumbnail-media\" src=\"https:\/\/loulecriativo.pt\/wp-content\/uploads\/2025\/12\/tigelas-do-algarve-1-scaled.jpg\" alt=\"\">        <\/div>\n        <div class=\"flex justify-between items-start gap-xs\"> \n            <h3 class=\"front-title mb-auto\">\n      TIGELAS DO ALGARVE        <\/h3>\n                    <\/div>\n      <\/div>\n    <\/div>\n    \t\t\t\t<\/div>\n\t\t\t\t<\/div>\n\t\t\t\t<div class=\"elementor-element elementor-element-4095414 elementor-widget elementor-widget-dng_flip_card\" data-id=\"4095414\" data-element_type=\"widget\" data-widget_type=\"dng_flip_card.default\">\n\t\t\t\t<div class=\"elementor-widget-container\">\n\t\t\t\t\t    <div data-dng-c-flip-card class=\"dng-c-flip-card\">\n      \n      <div class=\"face back\">\n        <div class=\"flex justify-between gap-xs\">\n          <div>\n              <div class=\"back-title\">\n      VASOS          <\/div>\n                      <\/div>\n          <\/div>\n      <div class=\"back-description\">\n            <\/div>\n        <div class=\"dng-c-socials\">\n        <\/div>\n          <\/div>\n      <div class=\"face front\">\n        <div class=\"thumbnail\">\n    <img decoding=\"async\"  class=\"thumbnail-media\" src=\"https:\/\/loulecriativo.pt\/wp-content\/uploads\/2025\/12\/vasos-3-scaled.jpg\" alt=\"\">        <\/div>\n        <div class=\"flex justify-between items-start gap-xs\"> \n            <h3 class=\"front-title mb-auto\">\n      VASOS        <\/h3>\n                    <\/div>\n      <\/div>\n    <\/div>\n    \t\t\t\t<\/div>\n\t\t\t\t<\/div>\n\t\t\t\t<\/div>\n\t\t\t\t\t<\/div>\n\t\t\t\t<\/div>\n\t\t\t\t<\/div>\n\t\t\t\t\t<\/div>\n\t\t<\/div>\n\t\t\t\t\t\t<\/div>\n\t\t\t\t<\/div>\n\t\t\t\t<\/div>\n\t\t\t\t<\/div>\n\t\t\t\t<\/div>\n\t\t","protected":false},"excerpt":{"rendered":"<p>Home Projetos Artes\u00e3os de Loul\u00e9 Artes\u00e3os de Loul\u00e9 Os residentes da comunidade criativa Design Lab e os artes\u00e3os da rede de oficinas do Loul\u00e9 Criativo foram desafiados com o objetivo de desenvolverem um novo produto dentro do universo de trabalho de cada artes\u00e3o. Duplas colaborativas entre designers e artes\u00e3os O Design Lab desafiou os residentes [&hellip;]<\/p>\n","protected":false},"author":2,"featured_media":0,"parent":76,"menu_order":0,"comment_status":"closed","ping_status":"closed","template":"","meta":{"_acf_changed":false,"footnotes":""},"class_list":["post-7913","page","type-page","status-publish","hentry"],"acf":[],"yoast_head":"<!-- This site is optimized with the Yoast SEO Premium plugin v25.9 (Yoast SEO v26.5) - https:\/\/yoast.com\/wordpress\/plugins\/seo\/ -->\n<title>Artes\u00e3os de Loul\u00e9 | Projeto Sustent\u00e1vel criado em rede em Loul\u00e9<\/title>\n<meta name=\"robots\" content=\"index, follow, max-snippet:-1, max-image-preview:large, max-video-preview:-1\" \/>\n<link rel=\"canonical\" href=\"https:\/\/loulecriativo.pt\/pt\/projects\/artesaos-de-loule\/\" \/>\n<meta property=\"og:locale\" content=\"pt_PT\" \/>\n<meta property=\"og:type\" content=\"article\" \/>\n<meta property=\"og:title\" content=\"Artes\u00e3os de Loul\u00e9\" \/>\n<meta property=\"og:description\" content=\"Home Projetos Artes\u00e3os de Loul\u00e9 Artes\u00e3os de Loul\u00e9 Os residentes da comunidade criativa Design Lab e os artes\u00e3os da rede de oficinas do Loul\u00e9 Criativo foram desafiados com o objetivo de desenvolverem um novo produto dentro do universo de trabalho de cada artes\u00e3o. Duplas colaborativas entre designers e artes\u00e3os O Design Lab desafiou os residentes [&hellip;]\" \/>\n<meta property=\"og:url\" content=\"https:\/\/loulecriativo.pt\/pt\/projects\/artesaos-de-loule\/\" \/>\n<meta property=\"og:site_name\" content=\"Loul\u00e9 Criativo\" \/>\n<meta property=\"article:modified_time\" content=\"2026-01-05T12:00:44+00:00\" \/>\n<meta property=\"og:image\" content=\"https:\/\/loulecriativo.pt\/wp-content\/uploads\/2025\/09\/Design-sem-nome-1-e1758797608331.jpg\" \/>\n<meta name=\"twitter:card\" content=\"summary_large_image\" \/>\n<meta name=\"twitter:label1\" content=\"Est. reading time\" \/>\n\t<meta name=\"twitter:data1\" content=\"35 minutes\" \/>\n<script type=\"application\/ld+json\" class=\"yoast-schema-graph\">{\"@context\":\"https:\/\/schema.org\",\"@graph\":[{\"@type\":\"WebPage\",\"@id\":\"https:\/\/loulecriativo.pt\/pt\/projects\/artesaos-de-loule\/\",\"url\":\"https:\/\/loulecriativo.pt\/pt\/projects\/artesaos-de-loule\/\",\"name\":\"Artes\u00e3os de Loul\u00e9 | Projeto Sustent\u00e1vel criado em rede em Loul\u00e9\",\"isPartOf\":{\"@id\":\"https:\/\/loulecriativo.pt\/pt\/#website\"},\"primaryImageOfPage\":{\"@id\":\"https:\/\/loulecriativo.pt\/pt\/projects\/artesaos-de-loule\/#primaryimage\"},\"image\":{\"@id\":\"https:\/\/loulecriativo.pt\/pt\/projects\/artesaos-de-loule\/#primaryimage\"},\"thumbnailUrl\":\"https:\/\/loulecriativo.pt\/wp-content\/uploads\/2025\/09\/Design-sem-nome-1-e1758797608331.jpg\",\"datePublished\":\"2025-09-25T13:31:56+00:00\",\"dateModified\":\"2026-01-05T12:00:44+00:00\",\"breadcrumb\":{\"@id\":\"https:\/\/loulecriativo.pt\/pt\/projects\/artesaos-de-loule\/#breadcrumb\"},\"inLanguage\":\"pt\",\"potentialAction\":[{\"@type\":\"ReadAction\",\"target\":[\"https:\/\/loulecriativo.pt\/pt\/projects\/artesaos-de-loule\/\"]}]},{\"@type\":\"ImageObject\",\"inLanguage\":\"pt\",\"@id\":\"https:\/\/loulecriativo.pt\/pt\/projects\/artesaos-de-loule\/#primaryimage\",\"url\":\"https:\/\/loulecriativo.pt\/wp-content\/uploads\/2025\/09\/Design-sem-nome-1-e1758797608331.jpg\",\"contentUrl\":\"https:\/\/loulecriativo.pt\/wp-content\/uploads\/2025\/09\/Design-sem-nome-1-e1758797608331.jpg\"},{\"@type\":\"BreadcrumbList\",\"@id\":\"https:\/\/loulecriativo.pt\/pt\/projects\/artesaos-de-loule\/#breadcrumb\",\"itemListElement\":[{\"@type\":\"ListItem\",\"position\":1,\"name\":\"Home\",\"item\":\"https:\/\/loulecriativo.pt\/pt\/\"},{\"@type\":\"ListItem\",\"position\":2,\"name\":\"Projetos\",\"item\":\"https:\/\/loulecriativo.pt\/pt\/projects\/\"},{\"@type\":\"ListItem\",\"position\":3,\"name\":\"Artes\u00e3os de Loul\u00e9\"}]},{\"@type\":\"WebSite\",\"@id\":\"https:\/\/loulecriativo.pt\/pt\/#website\",\"url\":\"https:\/\/loulecriativo.pt\/pt\/\",\"name\":\"Loul\u00e9 Criativo\",\"description\":\"\",\"potentialAction\":[{\"@type\":\"SearchAction\",\"target\":{\"@type\":\"EntryPoint\",\"urlTemplate\":\"https:\/\/loulecriativo.pt\/pt\/?s={search_term_string}\"},\"query-input\":{\"@type\":\"PropertyValueSpecification\",\"valueRequired\":true,\"valueName\":\"search_term_string\"}}],\"inLanguage\":\"pt\"}]}<\/script>\n<!-- \/ Yoast SEO Premium plugin. -->","yoast_head_json":{"title":"Artes\u00e3os de Loul\u00e9 | Projeto Sustent\u00e1vel criado em rede em Loul\u00e9","robots":{"index":"index","follow":"follow","max-snippet":"max-snippet:-1","max-image-preview":"max-image-preview:large","max-video-preview":"max-video-preview:-1"},"canonical":"https:\/\/loulecriativo.pt\/pt\/projects\/artesaos-de-loule\/","og_locale":"pt_PT","og_type":"article","og_title":"Artes\u00e3os de Loul\u00e9","og_description":"Home Projetos Artes\u00e3os de Loul\u00e9 Artes\u00e3os de Loul\u00e9 Os residentes da comunidade criativa Design Lab e os artes\u00e3os da rede de oficinas do Loul\u00e9 Criativo foram desafiados com o objetivo de desenvolverem um novo produto dentro do universo de trabalho de cada artes\u00e3o. Duplas colaborativas entre designers e artes\u00e3os O Design Lab desafiou os residentes [&hellip;]","og_url":"https:\/\/loulecriativo.pt\/pt\/projects\/artesaos-de-loule\/","og_site_name":"Loul\u00e9 Criativo","article_modified_time":"2026-01-05T12:00:44+00:00","og_image":[{"url":"https:\/\/loulecriativo.pt\/wp-content\/uploads\/2025\/09\/Design-sem-nome-1-e1758797608331.jpg","type":"","width":"","height":""}],"twitter_card":"summary_large_image","twitter_misc":{"Est. reading time":"35 minutes"},"schema":{"@context":"https:\/\/schema.org","@graph":[{"@type":"WebPage","@id":"https:\/\/loulecriativo.pt\/pt\/projects\/artesaos-de-loule\/","url":"https:\/\/loulecriativo.pt\/pt\/projects\/artesaos-de-loule\/","name":"Artes\u00e3os de Loul\u00e9 | Projeto Sustent\u00e1vel criado em rede em Loul\u00e9","isPartOf":{"@id":"https:\/\/loulecriativo.pt\/pt\/#website"},"primaryImageOfPage":{"@id":"https:\/\/loulecriativo.pt\/pt\/projects\/artesaos-de-loule\/#primaryimage"},"image":{"@id":"https:\/\/loulecriativo.pt\/pt\/projects\/artesaos-de-loule\/#primaryimage"},"thumbnailUrl":"https:\/\/loulecriativo.pt\/wp-content\/uploads\/2025\/09\/Design-sem-nome-1-e1758797608331.jpg","datePublished":"2025-09-25T13:31:56+00:00","dateModified":"2026-01-05T12:00:44+00:00","breadcrumb":{"@id":"https:\/\/loulecriativo.pt\/pt\/projects\/artesaos-de-loule\/#breadcrumb"},"inLanguage":"pt","potentialAction":[{"@type":"ReadAction","target":["https:\/\/loulecriativo.pt\/pt\/projects\/artesaos-de-loule\/"]}]},{"@type":"ImageObject","inLanguage":"pt","@id":"https:\/\/loulecriativo.pt\/pt\/projects\/artesaos-de-loule\/#primaryimage","url":"https:\/\/loulecriativo.pt\/wp-content\/uploads\/2025\/09\/Design-sem-nome-1-e1758797608331.jpg","contentUrl":"https:\/\/loulecriativo.pt\/wp-content\/uploads\/2025\/09\/Design-sem-nome-1-e1758797608331.jpg"},{"@type":"BreadcrumbList","@id":"https:\/\/loulecriativo.pt\/pt\/projects\/artesaos-de-loule\/#breadcrumb","itemListElement":[{"@type":"ListItem","position":1,"name":"Home","item":"https:\/\/loulecriativo.pt\/pt\/"},{"@type":"ListItem","position":2,"name":"Projetos","item":"https:\/\/loulecriativo.pt\/pt\/projects\/"},{"@type":"ListItem","position":3,"name":"Artes\u00e3os de Loul\u00e9"}]},{"@type":"WebSite","@id":"https:\/\/loulecriativo.pt\/pt\/#website","url":"https:\/\/loulecriativo.pt\/pt\/","name":"Loul\u00e9 Criativo","description":"","potentialAction":[{"@type":"SearchAction","target":{"@type":"EntryPoint","urlTemplate":"https:\/\/loulecriativo.pt\/pt\/?s={search_term_string}"},"query-input":{"@type":"PropertyValueSpecification","valueRequired":true,"valueName":"search_term_string"}}],"inLanguage":"pt"}]}},"_links":{"self":[{"href":"https:\/\/loulecriativo.pt\/pt\/wp-json\/wp\/v2\/pages\/7913","targetHints":{"allow":["GET"]}}],"collection":[{"href":"https:\/\/loulecriativo.pt\/pt\/wp-json\/wp\/v2\/pages"}],"about":[{"href":"https:\/\/loulecriativo.pt\/pt\/wp-json\/wp\/v2\/types\/page"}],"author":[{"embeddable":true,"href":"https:\/\/loulecriativo.pt\/pt\/wp-json\/wp\/v2\/users\/2"}],"replies":[{"embeddable":true,"href":"https:\/\/loulecriativo.pt\/pt\/wp-json\/wp\/v2\/comments?post=7913"}],"version-history":[{"count":20,"href":"https:\/\/loulecriativo.pt\/pt\/wp-json\/wp\/v2\/pages\/7913\/revisions"}],"predecessor-version":[{"id":15308,"href":"https:\/\/loulecriativo.pt\/pt\/wp-json\/wp\/v2\/pages\/7913\/revisions\/15308"}],"up":[{"embeddable":true,"href":"https:\/\/loulecriativo.pt\/pt\/wp-json\/wp\/v2\/pages\/76"}],"wp:attachment":[{"href":"https:\/\/loulecriativo.pt\/pt\/wp-json\/wp\/v2\/media?parent=7913"}],"curies":[{"name":"wp","href":"https:\/\/api.w.org\/{rel}","templated":true}]}}